{"id":46928,"date":"2025-07-29T08:54:14","date_gmt":"2025-07-29T06:54:14","guid":{"rendered":"https:\/\/www.navarroaubanell.com\/producto\/sillon-coney-pedrali-navarroaubanell\/"},"modified":"2025-07-29T09:05:30","modified_gmt":"2025-07-29T07:05:30","slug":"cadira-de-bracos-coney-pedrali-navarroaubanell","status":"publish","type":"product","link":"https:\/\/www.navarroaubanell.com\/ca\/producte\/cadira-de-bracos-coney-pedrali-navarroaubanell\/","title":{"rendered":"Cadira de bra\u00e7os Coney"},"content":{"rendered":"<h5 data-section-id=\"1fdfksg\" data-start=\"172\" data-end=\"253\">Cadira de bra\u00e7os Coney: disseny urb\u00e0, resistent i amb estil gr\u00e0fic \u00fanic<\/h5>\n<p data-start=\"323\" data-end=\"643\">La cadira de bra\u00e7os Coney \u00e9s l&#8217;opci\u00f3 perfecta per als qui busquen una pe\u00e7a de mobiliari que combini est\u00e8tica, resist\u00e8ncia i funcionalitat. Dissenyat per a destacar en terrasses d&#8217;hotels i restaurants, aix\u00ed com en zones de descans d&#8217;espais urbans, Coney aporta personalitat i confort.<\/p>\n<h6 data-section-id=\"4q2l07\" data-start=\"645\" data-end=\"715\">Estructura d&#8217;acer corbat per a major resist\u00e8ncia i ergonomia<\/h6>\n<p data-start=\"717\" data-end=\"994\">Fabricada en una sola pe\u00e7a, Coney t\u00e9 una estructura de tub d&#8217;acer corbat que garanteix una gran solidesa sense renunciar a la lleugeresa. El seu disseny ergon\u00f2mic proporciona una experi\u00e8ncia c\u00f2moda i duradora, ideal per al seu \u00fas en hostaleria i contract.<\/p>\n<h6 data-section-id=\"1ld2muu\" data-start=\"996\" data-end=\"1051\">Disseny gr\u00e0fic distintiu en respatller i seient<\/h6>\n<p data-start=\"1053\" data-end=\"1343\">El respatller de xapa perfilada reprodueix un elegant joc de llistons verticals, que contrasten visualment amb els llistons horitzontals del seient. Aquesta combinaci\u00f3 genera un impacte gr\u00e0fic modern i atemporal.<\/p>\n<h6 data-section-id=\"mvnow\" data-start=\"1345\" data-end=\"1406\">Disponible en m\u00faltiples colors i amb opci\u00f3 de coix\u00ed<\/h6>\n<p data-start=\"1408\" data-end=\"1744\">La cadira de bra\u00e7os es presenta en una \u00e0mplia gamma de colors, el que facilita la seva adaptaci\u00f3 a qualsevol concepte decoratiu. A m\u00e9s, compta amb l&#8217;opci\u00f3 d&#8217;incorporar un coix\u00ed per a augmentar el nivell de confort. \u00c9s apilable i est\u00e0 equipada amb tacs que prolonguen la seva vida \u00fatil.<\/p>\n","protected":false},"excerpt":{"rendered":"<p>Cadira de bra\u00e7os Coney: disseny urb\u00e0, resistent i amb estil gr\u00e0fic \u00fanic La cadira de bra\u00e7os Coney \u00e9s l&#8217;opci\u00f3 perfecta per als qui busquen una pe\u00e7a de mobiliari que combini est\u00e8tica, resist\u00e8ncia i funcionalitat. Dissenyat per a destacar en terrasses d&#8217;hotels i restaurants, aix\u00ed com en zones de descans d&#8217;espais urbans, Coney aporta personalitat i&hellip;<\/p>\n","protected":false},"featured_media":46914,"template":"","meta":{"_acf_changed":false},"product_brand":[],"product_cat":[573,563],"product_tag":[1403,587,749,640,729],"class_list":{"0":"post-46928","1":"product","2":"type-product","3":"status-publish","4":"has-post-thumbnail","6":"product_cat-cadires-de-bracos-exterior","7":"product_cat-exterior-ca","8":"product_tag-acero-ca","9":"product_tag-apilable-ca","10":"product_tag-cadira-de-barcos","11":"product_tag-exterior-ca","12":"product_tag-pedrali-ca","13":"description-off","15":"first","16":"instock","17":"shipping-taxable","18":"product-type-simple"},"acf":[],"yoast_head":"<!-- This site is optimized with the Yoast SEO plugin v27.0 - https:\/\/yoast.com\/product\/yoast-seo-wordpress\/ -->\n<title>Cadira de bra\u00e7os Coney - Navarro Aubanell<\/title>\n<meta name=\"description\" content=\"Cadira de bra\u00e7os Coney: disseny gr\u00e0fic, estructura d&#039;acer resistent, apilable, disponible en diversos colors i perfecta per a terrasses i espais urbans.\" \/>\n<meta name=\"robots\" content=\"index, follow, max-snippet:-1, max-image-preview:large, max-video-preview:-1\" \/>\n<link rel=\"canonical\" href=\"https:\/\/www.navarroaubanell.com\/ca\/producte\/cadira-de-bracos-coney-pedrali-navarroaubanell\/\" \/>\n<meta property=\"og:locale\" content=\"ca_ES\" \/>\n<meta property=\"og:type\" content=\"article\" \/>\n<meta property=\"og:title\" content=\"Cadira de bra\u00e7os Coney - Navarro Aubanell\" \/>\n<meta property=\"og:description\" content=\"Cadira de bra\u00e7os Coney: disseny gr\u00e0fic, estructura d&#039;acer resistent, apilable, disponible en diversos colors i perfecta per a terrasses i espais urbans.\" \/>\n<meta property=\"og:url\" content=\"https:\/\/www.navarroaubanell.com\/ca\/producte\/cadira-de-bracos-coney-pedrali-navarroaubanell\/\" \/>\n<meta property=\"og:site_name\" content=\"Navarro Aubanell\" \/>\n<meta property=\"article:modified_time\" content=\"2025-07-29T07:05:30+00:00\" \/>\n<meta property=\"og:image\" content=\"https:\/\/www.navarroaubanell.com\/wp-content\/uploads\/2025\/07\/Coney-3645_VE700E2_low-Photoroom.png\" \/>\n\t<meta property=\"og:image:width\" content=\"800\" \/>\n\t<meta property=\"og:image:height\" content=\"650\" \/>\n\t<meta property=\"og:image:type\" content=\"image\/png\" \/>\n<meta name=\"twitter:label1\" content=\"Est. reading time\" \/>\n\t<meta name=\"twitter:data1\" content=\"2 minutes\" \/>\n<script type=\"application\/ld+json\" class=\"yoast-schema-graph\">{\"@context\":\"https:\/\/schema.org\",\"@graph\":[{\"@type\":\"WebPage\",\"@id\":\"https:\/\/www.navarroaubanell.com\/ca\/producte\/cadira-de-bracos-coney-pedrali-navarroaubanell\/\",\"url\":\"https:\/\/www.navarroaubanell.com\/ca\/producte\/cadira-de-bracos-coney-pedrali-navarroaubanell\/\",\"name\":\"Cadira de bra\u00e7os Coney - Navarro Aubanell\",\"isPartOf\":{\"@id\":\"https:\/\/www.navarroaubanell.com\/ca\/#website\"},\"primaryImageOfPage\":{\"@id\":\"https:\/\/www.navarroaubanell.com\/ca\/producte\/cadira-de-bracos-coney-pedrali-navarroaubanell\/#primaryimage\"},\"image\":{\"@id\":\"https:\/\/www.navarroaubanell.com\/ca\/producte\/cadira-de-bracos-coney-pedrali-navarroaubanell\/#primaryimage\"},\"thumbnailUrl\":\"https:\/\/www.navarroaubanell.com\/wp-content\/uploads\/2025\/07\/Coney-3645_VE700E2_low-Photoroom.png\",\"datePublished\":\"2025-07-29T06:54:14+00:00\",\"dateModified\":\"2025-07-29T07:05:30+00:00\",\"description\":\"Cadira de bra\u00e7os Coney: disseny gr\u00e0fic, estructura d'acer resistent, apilable, disponible en diversos colors i perfecta per a terrasses i espais urbans.\",\"breadcrumb\":{\"@id\":\"https:\/\/www.navarroaubanell.com\/ca\/producte\/cadira-de-bracos-coney-pedrali-navarroaubanell\/#breadcrumb\"},\"inLanguage\":\"ca\",\"potentialAction\":[{\"@type\":\"ReadAction\",\"target\":[\"https:\/\/www.navarroaubanell.com\/ca\/producte\/cadira-de-bracos-coney-pedrali-navarroaubanell\/\"]}]},{\"@type\":\"ImageObject\",\"inLanguage\":\"ca\",\"@id\":\"https:\/\/www.navarroaubanell.com\/ca\/producte\/cadira-de-bracos-coney-pedrali-navarroaubanell\/#primaryimage\",\"url\":\"https:\/\/www.navarroaubanell.com\/wp-content\/uploads\/2025\/07\/Coney-3645_VE700E2_low-Photoroom.png\",\"contentUrl\":\"https:\/\/www.navarroaubanell.com\/wp-content\/uploads\/2025\/07\/Coney-3645_VE700E2_low-Photoroom.png\",\"width\":800,\"height\":650,\"caption\":\"Sill\u00f3n Coney\"},{\"@type\":\"BreadcrumbList\",\"@id\":\"https:\/\/www.navarroaubanell.com\/ca\/producte\/cadira-de-bracos-coney-pedrali-navarroaubanell\/#breadcrumb\",\"itemListElement\":[{\"@type\":\"ListItem\",\"position\":1,\"name\":\"Portada\",\"item\":\"https:\/\/www.navarroaubanell.com\/ca\/\"},{\"@type\":\"ListItem\",\"position\":2,\"name\":\"Productes\",\"item\":\"https:\/\/www.navarroaubanell.com\/productos\/\"},{\"@type\":\"ListItem\",\"position\":3,\"name\":\"Cadira de bra\u00e7os Coney\"}]},{\"@type\":\"WebSite\",\"@id\":\"https:\/\/www.navarroaubanell.com\/ca\/#website\",\"url\":\"https:\/\/www.navarroaubanell.com\/ca\/\",\"name\":\"Navarro Aubanell\",\"description\":\"Mobiliario para hoteler\u00eda, colectividades y oficinas\",\"publisher\":{\"@id\":\"https:\/\/www.navarroaubanell.com\/ca\/#organization\"},\"potentialAction\":[{\"@type\":\"SearchAction\",\"target\":{\"@type\":\"EntryPoint\",\"urlTemplate\":\"https:\/\/www.navarroaubanell.com\/ca\/?s={search_term_string}\"},\"query-input\":{\"@type\":\"PropertyValueSpecification\",\"valueRequired\":true,\"valueName\":\"search_term_string\"}}],\"inLanguage\":\"ca\"},{\"@type\":\"Organization\",\"@id\":\"https:\/\/www.navarroaubanell.com\/ca\/#organization\",\"name\":\"COMERCIAL NAVARRO AUBANELL, S.A\",\"url\":\"https:\/\/www.navarroaubanell.com\/ca\/\",\"logo\":{\"@type\":\"ImageObject\",\"inLanguage\":\"ca\",\"@id\":\"https:\/\/www.navarroaubanell.com\/ca\/#\/schema\/logo\/image\/\",\"url\":\"https:\/\/www.navarroaubanell.com\/wp-content\/uploads\/2017\/07\/logo-navarro-aubuanell.png\",\"contentUrl\":\"https:\/\/www.navarroaubanell.com\/wp-content\/uploads\/2017\/07\/logo-navarro-aubuanell.png\",\"width\":6304,\"height\":1154,\"caption\":\"COMERCIAL NAVARRO AUBANELL, S.A\"},\"image\":{\"@id\":\"https:\/\/www.navarroaubanell.com\/ca\/#\/schema\/logo\/image\/\"}}]}<\/script>\n<!-- \/ Yoast SEO plugin. -->","yoast_head_json":{"title":"Cadira de bra\u00e7os Coney - Navarro Aubanell","description":"Cadira de bra\u00e7os Coney: disseny gr\u00e0fic, estructura d'acer resistent, apilable, disponible en diversos colors i perfecta per a terrasses i espais urbans.","robots":{"index":"index","follow":"follow","max-snippet":"max-snippet:-1","max-image-preview":"max-image-preview:large","max-video-preview":"max-video-preview:-1"},"canonical":"https:\/\/www.navarroaubanell.com\/ca\/producte\/cadira-de-bracos-coney-pedrali-navarroaubanell\/","og_locale":"ca_ES","og_type":"article","og_title":"Cadira de bra\u00e7os Coney - Navarro Aubanell","og_description":"Cadira de bra\u00e7os Coney: disseny gr\u00e0fic, estructura d'acer resistent, apilable, disponible en diversos colors i perfecta per a terrasses i espais urbans.","og_url":"https:\/\/www.navarroaubanell.com\/ca\/producte\/cadira-de-bracos-coney-pedrali-navarroaubanell\/","og_site_name":"Navarro Aubanell","article_modified_time":"2025-07-29T07:05:30+00:00","og_image":[{"width":800,"height":650,"url":"https:\/\/www.navarroaubanell.com\/wp-content\/uploads\/2025\/07\/Coney-3645_VE700E2_low-Photoroom.png","type":"image\/png"}],"twitter_misc":{"Est. reading time":"2 minutes"},"schema":{"@context":"https:\/\/schema.org","@graph":[{"@type":"WebPage","@id":"https:\/\/www.navarroaubanell.com\/ca\/producte\/cadira-de-bracos-coney-pedrali-navarroaubanell\/","url":"https:\/\/www.navarroaubanell.com\/ca\/producte\/cadira-de-bracos-coney-pedrali-navarroaubanell\/","name":"Cadira de bra\u00e7os Coney - Navarro Aubanell","isPartOf":{"@id":"https:\/\/www.navarroaubanell.com\/ca\/#website"},"primaryImageOfPage":{"@id":"https:\/\/www.navarroaubanell.com\/ca\/producte\/cadira-de-bracos-coney-pedrali-navarroaubanell\/#primaryimage"},"image":{"@id":"https:\/\/www.navarroaubanell.com\/ca\/producte\/cadira-de-bracos-coney-pedrali-navarroaubanell\/#primaryimage"},"thumbnailUrl":"https:\/\/www.navarroaubanell.com\/wp-content\/uploads\/2025\/07\/Coney-3645_VE700E2_low-Photoroom.png","datePublished":"2025-07-29T06:54:14+00:00","dateModified":"2025-07-29T07:05:30+00:00","description":"Cadira de bra\u00e7os Coney: disseny gr\u00e0fic, estructura d'acer resistent, apilable, disponible en diversos colors i perfecta per a terrasses i espais urbans.","breadcrumb":{"@id":"https:\/\/www.navarroaubanell.com\/ca\/producte\/cadira-de-bracos-coney-pedrali-navarroaubanell\/#breadcrumb"},"inLanguage":"ca","potentialAction":[{"@type":"ReadAction","target":["https:\/\/www.navarroaubanell.com\/ca\/producte\/cadira-de-bracos-coney-pedrali-navarroaubanell\/"]}]},{"@type":"ImageObject","inLanguage":"ca","@id":"https:\/\/www.navarroaubanell.com\/ca\/producte\/cadira-de-bracos-coney-pedrali-navarroaubanell\/#primaryimage","url":"https:\/\/www.navarroaubanell.com\/wp-content\/uploads\/2025\/07\/Coney-3645_VE700E2_low-Photoroom.png","contentUrl":"https:\/\/www.navarroaubanell.com\/wp-content\/uploads\/2025\/07\/Coney-3645_VE700E2_low-Photoroom.png","width":800,"height":650,"caption":"Sill\u00f3n Coney"},{"@type":"BreadcrumbList","@id":"https:\/\/www.navarroaubanell.com\/ca\/producte\/cadira-de-bracos-coney-pedrali-navarroaubanell\/#breadcrumb","itemListElement":[{"@type":"ListItem","position":1,"name":"Portada","item":"https:\/\/www.navarroaubanell.com\/ca\/"},{"@type":"ListItem","position":2,"name":"Productes","item":"https:\/\/www.navarroaubanell.com\/productos\/"},{"@type":"ListItem","position":3,"name":"Cadira de bra\u00e7os Coney"}]},{"@type":"WebSite","@id":"https:\/\/www.navarroaubanell.com\/ca\/#website","url":"https:\/\/www.navarroaubanell.com\/ca\/","name":"Navarro Aubanell","description":"Mobiliario para hoteler\u00eda, colectividades y oficinas","publisher":{"@id":"https:\/\/www.navarroaubanell.com\/ca\/#organization"},"potentialAction":[{"@type":"SearchAction","target":{"@type":"EntryPoint","urlTemplate":"https:\/\/www.navarroaubanell.com\/ca\/?s={search_term_string}"},"query-input":{"@type":"PropertyValueSpecification","valueRequired":true,"valueName":"search_term_string"}}],"inLanguage":"ca"},{"@type":"Organization","@id":"https:\/\/www.navarroaubanell.com\/ca\/#organization","name":"COMERCIAL NAVARRO AUBANELL, S.A","url":"https:\/\/www.navarroaubanell.com\/ca\/","logo":{"@type":"ImageObject","inLanguage":"ca","@id":"https:\/\/www.navarroaubanell.com\/ca\/#\/schema\/logo\/image\/","url":"https:\/\/www.navarroaubanell.com\/wp-content\/uploads\/2017\/07\/logo-navarro-aubuanell.png","contentUrl":"https:\/\/www.navarroaubanell.com\/wp-content\/uploads\/2017\/07\/logo-navarro-aubuanell.png","width":6304,"height":1154,"caption":"COMERCIAL NAVARRO AUBANELL, S.A"},"image":{"@id":"https:\/\/www.navarroaubanell.com\/ca\/#\/schema\/logo\/image\/"}}]}},"_links":{"self":[{"href":"https:\/\/www.navarroaubanell.com\/ca\/wp-json\/wp\/v2\/product\/46928","targetHints":{"allow":["GET"]}}],"collection":[{"href":"https:\/\/www.navarroaubanell.com\/ca\/wp-json\/wp\/v2\/product"}],"about":[{"href":"https:\/\/www.navarroaubanell.com\/ca\/wp-json\/wp\/v2\/types\/product"}],"wp:featuredmedia":[{"embeddable":true,"href":"https:\/\/www.navarroaubanell.com\/ca\/wp-json\/wp\/v2\/media\/46914"}],"wp:attachment":[{"href":"https:\/\/www.navarroaubanell.com\/ca\/wp-json\/wp\/v2\/media?parent=46928"}],"wp:term":[{"taxonomy":"product_brand","embeddable":true,"href":"https:\/\/www.navarroaubanell.com\/ca\/wp-json\/wp\/v2\/product_brand?post=46928"},{"taxonomy":"product_cat","embeddable":true,"href":"https:\/\/www.navarroaubanell.com\/ca\/wp-json\/wp\/v2\/product_cat?post=46928"},{"taxonomy":"product_tag","embeddable":true,"href":"https:\/\/www.navarroaubanell.com\/ca\/wp-json\/wp\/v2\/product_tag?post=46928"}],"curies":[{"name":"wp","href":"https:\/\/api.w.org\/{rel}","templated":true}]}}