{"id":46353,"date":"2025-07-02T11:14:22","date_gmt":"2025-07-02T09:14:22","guid":{"rendered":"https:\/\/www.navarroaubanell.com\/producto\/sillon-bruna-balliu-navarroaubanell\/"},"modified":"2025-07-02T12:09:50","modified_gmt":"2025-07-02T10:09:50","slug":"cadira-de-bracos-bruna-balliu-navarroaubanell","status":"publish","type":"product","link":"https:\/\/www.navarroaubanell.com\/ca\/producte\/cadira-de-bracos-bruna-balliu-navarroaubanell\/","title":{"rendered":"Cadira de bra\u00e7os Bruna"},"content":{"rendered":"<h5 data-start=\"125\" data-end=\"211\">Cadira de bra\u00e7os Bruna: disseny modern, confort i resist\u00e8ncia per a exteriors<\/h5>\n<p data-start=\"263\" data-end=\"546\">La cadira de bra\u00e7os Bruna mant\u00e9 l&#8217;ess\u00e8ncia del seu disseny original, incorporant una major comoditat gr\u00e0cies al reu respatller i bra\u00e7os integrats en una \u00fanica pe\u00e7a corba. El seu entramat de triangles no nom\u00e9s aporta personalitat, sin\u00f3 que tamb\u00e9 afina el seu estil modern i actual.<\/p>\n<h6 data-start=\"548\" data-end=\"597\">Materials resistents per a \u00fas en exteriors.<\/h6>\n<p data-start=\"599\" data-end=\"876\">Fabricada en resina de polipropil\u00e8 refor\u00e7at amb fibra de vidre, Bruna destaca per la seva excel\u00b7lent resist\u00e8ncia, durabilitat i lleugeresa. \u00c9s perfecta per a terrasses, jardins, espais d&#8217;hostaleria o qualsevol ambient exterior, incl\u00fas en condicions exigents.<\/p>\n<h6 data-start=\"878\" data-end=\"927\">Comoditat i funcionalitat en un \u00fanic producte<\/h6>\n<p data-start=\"929\" data-end=\"1178\">Gr\u00e0cies al seu disseny envolupant, Bruna proporciona un confort superior. A m\u00e9s, \u00e9s apilable, el que facilita el seu emmagatzematge i optimitza l&#8217;espai, un avantatge clau en entorns professionals com restaurants i hotels.<\/p>\n<h6 data-start=\"1180\" data-end=\"1207\">Versatilitat amb estil<\/h6>\n<p data-start=\"1209\" data-end=\"1424\">Elegant, resistent i f\u00e0cil de mantenir, la cadira de bra\u00e7os Bruna \u00e9s l&#8217;opci\u00f3 ideal per a qui busca un seient c\u00f2mode amb disseny actual, pensat per a durar i adaptar-se a diferents ambients exteriors.<\/p>\n<p data-start=\"1209\" data-end=\"1424\"><a href=\"https:\/\/www.balliuexport.com\/wp-content\/uploads\/2024\/12\/Bruna-silla-con-brazos.pdf\">Fitxa t\u00e8cnica<\/a><\/p>\n","protected":false},"excerpt":{"rendered":"<p>Cadira de bra\u00e7os Bruna: disseny modern, confort i resist\u00e8ncia per a exteriors La cadira de bra\u00e7os Bruna mant\u00e9 l&#8217;ess\u00e8ncia del seu disseny original, incorporant una major comoditat gr\u00e0cies al reu respatller i bra\u00e7os integrats en una \u00fanica pe\u00e7a corba. El seu entramat de triangles no nom\u00e9s aporta personalitat, sin\u00f3 que tamb\u00e9 afina el seu estil&hellip;<\/p>\n","protected":false},"featured_media":46349,"template":"","meta":{"_acf_changed":false},"product_brand":[],"product_cat":[573,563],"product_tag":[587,749,640,949],"class_list":{"0":"post-46353","1":"product","2":"type-product","3":"status-publish","4":"has-post-thumbnail","6":"product_cat-cadires-de-bracos-exterior","7":"product_cat-exterior-ca","8":"product_tag-apilable-ca","9":"product_tag-cadira-de-barcos","10":"product_tag-exterior-ca","11":"product_tag-polipropileno-ca","12":"description-off","14":"first","15":"instock","16":"shipping-taxable","17":"product-type-simple"},"acf":[],"yoast_head":"<!-- This site is optimized with the Yoast SEO plugin v27.0 - https:\/\/yoast.com\/product\/yoast-seo-wordpress\/ -->\n<title>Cadira de bra\u00e7os Bruna - Navarro Aubanell<\/title>\n<meta name=\"description\" content=\"Cadira de bra\u00e7os Bruna, resistent i apilable. Disseny modern, c\u00f2mode i durador, ideal per a exteriors d&#039;hostaleria i terrasses.\" \/>\n<meta name=\"robots\" content=\"index, follow, max-snippet:-1, max-image-preview:large, max-video-preview:-1\" \/>\n<link rel=\"canonical\" href=\"https:\/\/www.navarroaubanell.com\/ca\/producte\/cadira-de-bracos-bruna-balliu-navarroaubanell\/\" \/>\n<meta property=\"og:locale\" content=\"ca_ES\" \/>\n<meta property=\"og:type\" content=\"article\" \/>\n<meta property=\"og:title\" content=\"Cadira de bra\u00e7os Bruna - Navarro Aubanell\" \/>\n<meta property=\"og:description\" content=\"Cadira de bra\u00e7os Bruna, resistent i apilable. Disseny modern, c\u00f2mode i durador, ideal per a exteriors d&#039;hostaleria i terrasses.\" \/>\n<meta property=\"og:url\" content=\"https:\/\/www.navarroaubanell.com\/ca\/producte\/cadira-de-bracos-bruna-balliu-navarroaubanell\/\" \/>\n<meta property=\"og:site_name\" content=\"Navarro Aubanell\" \/>\n<meta property=\"article:modified_time\" content=\"2025-07-02T10:09:50+00:00\" \/>\n<meta property=\"og:image\" content=\"https:\/\/www.navarroaubanell.com\/wp-content\/uploads\/2025\/07\/BRUNAA-Photoroom-1.png\" \/>\n\t<meta property=\"og:image:width\" content=\"1600\" \/>\n\t<meta property=\"og:image:height\" content=\"1300\" \/>\n\t<meta property=\"og:image:type\" content=\"image\/png\" \/>\n<meta name=\"twitter:label1\" content=\"Est. reading time\" \/>\n\t<meta name=\"twitter:data1\" content=\"2 minutes\" \/>\n<script type=\"application\/ld+json\" class=\"yoast-schema-graph\">{\"@context\":\"https:\/\/schema.org\",\"@graph\":[{\"@type\":\"WebPage\",\"@id\":\"https:\/\/www.navarroaubanell.com\/ca\/producte\/cadira-de-bracos-bruna-balliu-navarroaubanell\/\",\"url\":\"https:\/\/www.navarroaubanell.com\/ca\/producte\/cadira-de-bracos-bruna-balliu-navarroaubanell\/\",\"name\":\"Cadira de bra\u00e7os Bruna - Navarro Aubanell\",\"isPartOf\":{\"@id\":\"https:\/\/www.navarroaubanell.com\/ca\/#website\"},\"primaryImageOfPage\":{\"@id\":\"https:\/\/www.navarroaubanell.com\/ca\/producte\/cadira-de-bracos-bruna-balliu-navarroaubanell\/#primaryimage\"},\"image\":{\"@id\":\"https:\/\/www.navarroaubanell.com\/ca\/producte\/cadira-de-bracos-bruna-balliu-navarroaubanell\/#primaryimage\"},\"thumbnailUrl\":\"https:\/\/www.navarroaubanell.com\/wp-content\/uploads\/2025\/07\/BRUNAA-Photoroom-1.png\",\"datePublished\":\"2025-07-02T09:14:22+00:00\",\"dateModified\":\"2025-07-02T10:09:50+00:00\",\"description\":\"Cadira de bra\u00e7os Bruna, resistent i apilable. Disseny modern, c\u00f2mode i durador, ideal per a exteriors d'hostaleria i terrasses.\",\"breadcrumb\":{\"@id\":\"https:\/\/www.navarroaubanell.com\/ca\/producte\/cadira-de-bracos-bruna-balliu-navarroaubanell\/#breadcrumb\"},\"inLanguage\":\"ca\",\"potentialAction\":[{\"@type\":\"ReadAction\",\"target\":[\"https:\/\/www.navarroaubanell.com\/ca\/producte\/cadira-de-bracos-bruna-balliu-navarroaubanell\/\"]}]},{\"@type\":\"ImageObject\",\"inLanguage\":\"ca\",\"@id\":\"https:\/\/www.navarroaubanell.com\/ca\/producte\/cadira-de-bracos-bruna-balliu-navarroaubanell\/#primaryimage\",\"url\":\"https:\/\/www.navarroaubanell.com\/wp-content\/uploads\/2025\/07\/BRUNAA-Photoroom-1.png\",\"contentUrl\":\"https:\/\/www.navarroaubanell.com\/wp-content\/uploads\/2025\/07\/BRUNAA-Photoroom-1.png\",\"width\":1600,\"height\":1300,\"caption\":\"Sill\u00f3n Bruna\"},{\"@type\":\"BreadcrumbList\",\"@id\":\"https:\/\/www.navarroaubanell.com\/ca\/producte\/cadira-de-bracos-bruna-balliu-navarroaubanell\/#breadcrumb\",\"itemListElement\":[{\"@type\":\"ListItem\",\"position\":1,\"name\":\"Portada\",\"item\":\"https:\/\/www.navarroaubanell.com\/ca\/\"},{\"@type\":\"ListItem\",\"position\":2,\"name\":\"Productes\",\"item\":\"https:\/\/www.navarroaubanell.com\/productos\/\"},{\"@type\":\"ListItem\",\"position\":3,\"name\":\"Cadira de bra\u00e7os Bruna\"}]},{\"@type\":\"WebSite\",\"@id\":\"https:\/\/www.navarroaubanell.com\/ca\/#website\",\"url\":\"https:\/\/www.navarroaubanell.com\/ca\/\",\"name\":\"Navarro Aubanell\",\"description\":\"Mobiliario para hoteler\u00eda, colectividades y oficinas\",\"publisher\":{\"@id\":\"https:\/\/www.navarroaubanell.com\/ca\/#organization\"},\"potentialAction\":[{\"@type\":\"SearchAction\",\"target\":{\"@type\":\"EntryPoint\",\"urlTemplate\":\"https:\/\/www.navarroaubanell.com\/ca\/?s={search_term_string}\"},\"query-input\":{\"@type\":\"PropertyValueSpecification\",\"valueRequired\":true,\"valueName\":\"search_term_string\"}}],\"inLanguage\":\"ca\"},{\"@type\":\"Organization\",\"@id\":\"https:\/\/www.navarroaubanell.com\/ca\/#organization\",\"name\":\"COMERCIAL NAVARRO AUBANELL, S.A\",\"url\":\"https:\/\/www.navarroaubanell.com\/ca\/\",\"logo\":{\"@type\":\"ImageObject\",\"inLanguage\":\"ca\",\"@id\":\"https:\/\/www.navarroaubanell.com\/ca\/#\/schema\/logo\/image\/\",\"url\":\"https:\/\/www.navarroaubanell.com\/wp-content\/uploads\/2017\/07\/logo-navarro-aubuanell.png\",\"contentUrl\":\"https:\/\/www.navarroaubanell.com\/wp-content\/uploads\/2017\/07\/logo-navarro-aubuanell.png\",\"width\":6304,\"height\":1154,\"caption\":\"COMERCIAL NAVARRO AUBANELL, S.A\"},\"image\":{\"@id\":\"https:\/\/www.navarroaubanell.com\/ca\/#\/schema\/logo\/image\/\"}}]}<\/script>\n<!-- \/ Yoast SEO plugin. -->","yoast_head_json":{"title":"Cadira de bra\u00e7os Bruna - Navarro Aubanell","description":"Cadira de bra\u00e7os Bruna, resistent i apilable. Disseny modern, c\u00f2mode i durador, ideal per a exteriors d'hostaleria i terrasses.","robots":{"index":"index","follow":"follow","max-snippet":"max-snippet:-1","max-image-preview":"max-image-preview:large","max-video-preview":"max-video-preview:-1"},"canonical":"https:\/\/www.navarroaubanell.com\/ca\/producte\/cadira-de-bracos-bruna-balliu-navarroaubanell\/","og_locale":"ca_ES","og_type":"article","og_title":"Cadira de bra\u00e7os Bruna - Navarro Aubanell","og_description":"Cadira de bra\u00e7os Bruna, resistent i apilable. Disseny modern, c\u00f2mode i durador, ideal per a exteriors d'hostaleria i terrasses.","og_url":"https:\/\/www.navarroaubanell.com\/ca\/producte\/cadira-de-bracos-bruna-balliu-navarroaubanell\/","og_site_name":"Navarro Aubanell","article_modified_time":"2025-07-02T10:09:50+00:00","og_image":[{"width":1600,"height":1300,"url":"https:\/\/www.navarroaubanell.com\/wp-content\/uploads\/2025\/07\/BRUNAA-Photoroom-1.png","type":"image\/png"}],"twitter_misc":{"Est. reading time":"2 minutes"},"schema":{"@context":"https:\/\/schema.org","@graph":[{"@type":"WebPage","@id":"https:\/\/www.navarroaubanell.com\/ca\/producte\/cadira-de-bracos-bruna-balliu-navarroaubanell\/","url":"https:\/\/www.navarroaubanell.com\/ca\/producte\/cadira-de-bracos-bruna-balliu-navarroaubanell\/","name":"Cadira de bra\u00e7os Bruna - Navarro Aubanell","isPartOf":{"@id":"https:\/\/www.navarroaubanell.com\/ca\/#website"},"primaryImageOfPage":{"@id":"https:\/\/www.navarroaubanell.com\/ca\/producte\/cadira-de-bracos-bruna-balliu-navarroaubanell\/#primaryimage"},"image":{"@id":"https:\/\/www.navarroaubanell.com\/ca\/producte\/cadira-de-bracos-bruna-balliu-navarroaubanell\/#primaryimage"},"thumbnailUrl":"https:\/\/www.navarroaubanell.com\/wp-content\/uploads\/2025\/07\/BRUNAA-Photoroom-1.png","datePublished":"2025-07-02T09:14:22+00:00","dateModified":"2025-07-02T10:09:50+00:00","description":"Cadira de bra\u00e7os Bruna, resistent i apilable. Disseny modern, c\u00f2mode i durador, ideal per a exteriors d'hostaleria i terrasses.","breadcrumb":{"@id":"https:\/\/www.navarroaubanell.com\/ca\/producte\/cadira-de-bracos-bruna-balliu-navarroaubanell\/#breadcrumb"},"inLanguage":"ca","potentialAction":[{"@type":"ReadAction","target":["https:\/\/www.navarroaubanell.com\/ca\/producte\/cadira-de-bracos-bruna-balliu-navarroaubanell\/"]}]},{"@type":"ImageObject","inLanguage":"ca","@id":"https:\/\/www.navarroaubanell.com\/ca\/producte\/cadira-de-bracos-bruna-balliu-navarroaubanell\/#primaryimage","url":"https:\/\/www.navarroaubanell.com\/wp-content\/uploads\/2025\/07\/BRUNAA-Photoroom-1.png","contentUrl":"https:\/\/www.navarroaubanell.com\/wp-content\/uploads\/2025\/07\/BRUNAA-Photoroom-1.png","width":1600,"height":1300,"caption":"Sill\u00f3n Bruna"},{"@type":"BreadcrumbList","@id":"https:\/\/www.navarroaubanell.com\/ca\/producte\/cadira-de-bracos-bruna-balliu-navarroaubanell\/#breadcrumb","itemListElement":[{"@type":"ListItem","position":1,"name":"Portada","item":"https:\/\/www.navarroaubanell.com\/ca\/"},{"@type":"ListItem","position":2,"name":"Productes","item":"https:\/\/www.navarroaubanell.com\/productos\/"},{"@type":"ListItem","position":3,"name":"Cadira de bra\u00e7os Bruna"}]},{"@type":"WebSite","@id":"https:\/\/www.navarroaubanell.com\/ca\/#website","url":"https:\/\/www.navarroaubanell.com\/ca\/","name":"Navarro Aubanell","description":"Mobiliario para hoteler\u00eda, colectividades y oficinas","publisher":{"@id":"https:\/\/www.navarroaubanell.com\/ca\/#organization"},"potentialAction":[{"@type":"SearchAction","target":{"@type":"EntryPoint","urlTemplate":"https:\/\/www.navarroaubanell.com\/ca\/?s={search_term_string}"},"query-input":{"@type":"PropertyValueSpecification","valueRequired":true,"valueName":"search_term_string"}}],"inLanguage":"ca"},{"@type":"Organization","@id":"https:\/\/www.navarroaubanell.com\/ca\/#organization","name":"COMERCIAL NAVARRO AUBANELL, S.A","url":"https:\/\/www.navarroaubanell.com\/ca\/","logo":{"@type":"ImageObject","inLanguage":"ca","@id":"https:\/\/www.navarroaubanell.com\/ca\/#\/schema\/logo\/image\/","url":"https:\/\/www.navarroaubanell.com\/wp-content\/uploads\/2017\/07\/logo-navarro-aubuanell.png","contentUrl":"https:\/\/www.navarroaubanell.com\/wp-content\/uploads\/2017\/07\/logo-navarro-aubuanell.png","width":6304,"height":1154,"caption":"COMERCIAL NAVARRO AUBANELL, S.A"},"image":{"@id":"https:\/\/www.navarroaubanell.com\/ca\/#\/schema\/logo\/image\/"}}]}},"_links":{"self":[{"href":"https:\/\/www.navarroaubanell.com\/ca\/wp-json\/wp\/v2\/product\/46353","targetHints":{"allow":["GET"]}}],"collection":[{"href":"https:\/\/www.navarroaubanell.com\/ca\/wp-json\/wp\/v2\/product"}],"about":[{"href":"https:\/\/www.navarroaubanell.com\/ca\/wp-json\/wp\/v2\/types\/product"}],"wp:featuredmedia":[{"embeddable":true,"href":"https:\/\/www.navarroaubanell.com\/ca\/wp-json\/wp\/v2\/media\/46349"}],"wp:attachment":[{"href":"https:\/\/www.navarroaubanell.com\/ca\/wp-json\/wp\/v2\/media?parent=46353"}],"wp:term":[{"taxonomy":"product_brand","embeddable":true,"href":"https:\/\/www.navarroaubanell.com\/ca\/wp-json\/wp\/v2\/product_brand?post=46353"},{"taxonomy":"product_cat","embeddable":true,"href":"https:\/\/www.navarroaubanell.com\/ca\/wp-json\/wp\/v2\/product_cat?post=46353"},{"taxonomy":"product_tag","embeddable":true,"href":"https:\/\/www.navarroaubanell.com\/ca\/wp-json\/wp\/v2\/product_tag?post=46353"}],"curies":[{"name":"wp","href":"https:\/\/api.w.org\/{rel}","templated":true}]}}