{"id":46332,"date":"2025-07-01T12:15:14","date_gmt":"2025-07-01T10:15:14","guid":{"rendered":"https:\/\/www.navarroaubanell.com\/producto\/sillon-bimba-balliu-navarroaubanell\/"},"modified":"2025-07-02T10:27:38","modified_gmt":"2025-07-02T08:27:38","slug":"cadira-de-bracos-bimba-balliu-navarroaubanell","status":"publish","type":"product","link":"https:\/\/www.navarroaubanell.com\/ca\/producte\/cadira-de-bracos-bimba-balliu-navarroaubanell\/","title":{"rendered":"Cadira de bra\u00e7os Bimba"},"content":{"rendered":"<h5 data-start=\"170\" data-end=\"219\">Cadira de bra\u00e7os Bimba: Cl\u00e0ssica, resistent i funcional<\/h5>\n<p data-start=\"271\" data-end=\"500\">La cadira de bra\u00e7os Bimba destaca pel seu estil cl\u00e0ssic i la seva gran funcionalitat.\u00a0 El seu disseny vers\u00e0til s&#8217;adapta perfectament a les terrasses, jardins, cafeteries i hotels que busquen un mobiliari resistent, c\u00f2mode i visualment atractiu.<\/p>\n<h6 data-start=\"502\" data-end=\"539\">Materials d&#8217;alta resist\u00e8ncia<\/h6>\n<p data-start=\"540\" data-end=\"757\">Fabricat en resina de polipropil\u00e8 refor\u00e7at amb fibra de vidre, la cadira de bra\u00e7os Bimba est\u00e0 preparada per a resistir l&#8217;\u00fas intensiu i les inclem\u00e8ncies del temps, sense perdre la seva est\u00e8tica ni la seca integritat estructural.<\/p>\n<h6 data-start=\"759\" data-end=\"785\">Ergonomia i confort<\/h6>\n<p data-start=\"786\" data-end=\"975\">El seu disseny ergon\u00f2mic amb reposabra\u00e7os amplis proporciona un extra de comoditat a l&#8217;usuari, convertint-lo en una opci\u00f3 ideal per a espais on es busca relax sense renunciar a l&#8217;estil.<\/p>\n<h6 data-start=\"977\" data-end=\"1013\">Apilable i f\u00e0cil d&#8217;emmagatzemar<\/h6>\n<p data-start=\"1014\" data-end=\"1182\">Gr\u00e0cies al seu disseny apilable, bimba permet optimitzar l&#8217;espai i agilitzar el proc\u00e9s d&#8217;emmagatzematge, un avantatge clau per a negocis amb una alta rotaci\u00f3 de clients.<\/p>\n<h6 data-start=\"1184\" data-end=\"1221\">Lleugera, estable i pr\u00e0ctica<\/h6>\n<p data-start=\"1222\" data-end=\"1432\">Tot i que \u00e9s una cadira lleugera, Bimba ofereix una gran estabilitat i durabilitat. La seva facilitat per a transportar-la la converteix en una opci\u00f3 pr\u00e0ctica i eficient per al dia a dia en espais d&#8217;hostaleria.<\/p>\n<p data-start=\"1222\" data-end=\"1432\"><a href=\"https:\/\/www.balliuexport.com\/wp-content\/uploads\/2025\/01\/Bimba-silla.pdf\">Fitxa t\u00e8cnica<\/a><\/p>\n","protected":false},"excerpt":{"rendered":"<p>Cadira de bra\u00e7os Bimba: Cl\u00e0ssica, resistent i funcional La cadira de bra\u00e7os Bimba destaca pel seu estil cl\u00e0ssic i la seva gran funcionalitat.\u00a0 El seu disseny vers\u00e0til s&#8217;adapta perfectament a les terrasses, jardins, cafeteries i hotels que busquen un mobiliari resistent, c\u00f2mode i visualment atractiu. Materials d&#8217;alta resist\u00e8ncia Fabricat en resina de polipropil\u00e8 refor\u00e7at amb&hellip;<\/p>\n","protected":false},"featured_media":46325,"template":"","meta":{"_acf_changed":false},"product_brand":[],"product_cat":[573,563],"product_tag":[587,593,749,640,949],"class_list":{"0":"post-46332","1":"product","2":"type-product","3":"status-publish","4":"has-post-thumbnail","6":"product_cat-cadires-de-bracos-exterior","7":"product_cat-exterior-ca","8":"product_tag-apilable-ca","9":"product_tag-balliu-ca","10":"product_tag-cadira-de-barcos","11":"product_tag-exterior-ca","12":"product_tag-polipropileno-ca","13":"description-off","15":"first","16":"instock","17":"shipping-taxable","18":"product-type-simple"},"acf":[],"yoast_head":"<!-- This site is optimized with the Yoast SEO plugin v27.0 - https:\/\/yoast.com\/product\/yoast-seo-wordpress\/ -->\n<title>Cadira de bra\u00e7os Bimba - Navarro Aubanell<\/title>\n<meta name=\"description\" content=\"Cadira de bra\u00e7os Bimba: disseny cl\u00e0ssic, resistent i apilable. Ideal per a exteriors en terrasses, jardins i hostaleria. Lleugera, c\u00f2mode i duradora.\" \/>\n<meta name=\"robots\" content=\"index, follow, max-snippet:-1, max-image-preview:large, max-video-preview:-1\" \/>\n<link rel=\"canonical\" href=\"https:\/\/www.navarroaubanell.com\/ca\/producte\/cadira-de-bracos-bimba-balliu-navarroaubanell\/\" \/>\n<meta property=\"og:locale\" content=\"ca_ES\" \/>\n<meta property=\"og:type\" content=\"article\" \/>\n<meta property=\"og:title\" content=\"Cadira de bra\u00e7os Bimba - Navarro Aubanell\" \/>\n<meta property=\"og:description\" content=\"Cadira de bra\u00e7os Bimba: disseny cl\u00e0ssic, resistent i apilable. Ideal per a exteriors en terrasses, jardins i hostaleria. Lleugera, c\u00f2mode i duradora.\" \/>\n<meta property=\"og:url\" content=\"https:\/\/www.navarroaubanell.com\/ca\/producte\/cadira-de-bracos-bimba-balliu-navarroaubanell\/\" \/>\n<meta property=\"og:site_name\" content=\"Navarro Aubanell\" \/>\n<meta property=\"article:modified_time\" content=\"2025-07-02T08:27:38+00:00\" \/>\n<meta property=\"og:image\" content=\"https:\/\/www.navarroaubanell.com\/wp-content\/uploads\/2025\/07\/Sillon-bimba.png\" \/>\n\t<meta property=\"og:image:width\" content=\"800\" \/>\n\t<meta property=\"og:image:height\" content=\"650\" \/>\n\t<meta property=\"og:image:type\" content=\"image\/png\" \/>\n<meta name=\"twitter:label1\" content=\"Est. reading time\" \/>\n\t<meta name=\"twitter:data1\" content=\"2 minutes\" \/>\n<script type=\"application\/ld+json\" class=\"yoast-schema-graph\">{\"@context\":\"https:\/\/schema.org\",\"@graph\":[{\"@type\":\"WebPage\",\"@id\":\"https:\/\/www.navarroaubanell.com\/ca\/producte\/cadira-de-bracos-bimba-balliu-navarroaubanell\/\",\"url\":\"https:\/\/www.navarroaubanell.com\/ca\/producte\/cadira-de-bracos-bimba-balliu-navarroaubanell\/\",\"name\":\"Cadira de bra\u00e7os Bimba - Navarro Aubanell\",\"isPartOf\":{\"@id\":\"https:\/\/www.navarroaubanell.com\/ca\/#website\"},\"primaryImageOfPage\":{\"@id\":\"https:\/\/www.navarroaubanell.com\/ca\/producte\/cadira-de-bracos-bimba-balliu-navarroaubanell\/#primaryimage\"},\"image\":{\"@id\":\"https:\/\/www.navarroaubanell.com\/ca\/producte\/cadira-de-bracos-bimba-balliu-navarroaubanell\/#primaryimage\"},\"thumbnailUrl\":\"https:\/\/www.navarroaubanell.com\/wp-content\/uploads\/2025\/07\/Sillon-bimba.png\",\"datePublished\":\"2025-07-01T10:15:14+00:00\",\"dateModified\":\"2025-07-02T08:27:38+00:00\",\"description\":\"Cadira de bra\u00e7os Bimba: disseny cl\u00e0ssic, resistent i apilable. Ideal per a exteriors en terrasses, jardins i hostaleria. Lleugera, c\u00f2mode i duradora.\",\"breadcrumb\":{\"@id\":\"https:\/\/www.navarroaubanell.com\/ca\/producte\/cadira-de-bracos-bimba-balliu-navarroaubanell\/#breadcrumb\"},\"inLanguage\":\"ca\",\"potentialAction\":[{\"@type\":\"ReadAction\",\"target\":[\"https:\/\/www.navarroaubanell.com\/ca\/producte\/cadira-de-bracos-bimba-balliu-navarroaubanell\/\"]}]},{\"@type\":\"ImageObject\",\"inLanguage\":\"ca\",\"@id\":\"https:\/\/www.navarroaubanell.com\/ca\/producte\/cadira-de-bracos-bimba-balliu-navarroaubanell\/#primaryimage\",\"url\":\"https:\/\/www.navarroaubanell.com\/wp-content\/uploads\/2025\/07\/Sillon-bimba.png\",\"contentUrl\":\"https:\/\/www.navarroaubanell.com\/wp-content\/uploads\/2025\/07\/Sillon-bimba.png\",\"width\":800,\"height\":650,\"caption\":\"Sill\u00f3n bimba\"},{\"@type\":\"BreadcrumbList\",\"@id\":\"https:\/\/www.navarroaubanell.com\/ca\/producte\/cadira-de-bracos-bimba-balliu-navarroaubanell\/#breadcrumb\",\"itemListElement\":[{\"@type\":\"ListItem\",\"position\":1,\"name\":\"Portada\",\"item\":\"https:\/\/www.navarroaubanell.com\/ca\/\"},{\"@type\":\"ListItem\",\"position\":2,\"name\":\"Productes\",\"item\":\"https:\/\/www.navarroaubanell.com\/productos\/\"},{\"@type\":\"ListItem\",\"position\":3,\"name\":\"Cadira de bra\u00e7os Bimba\"}]},{\"@type\":\"WebSite\",\"@id\":\"https:\/\/www.navarroaubanell.com\/ca\/#website\",\"url\":\"https:\/\/www.navarroaubanell.com\/ca\/\",\"name\":\"Navarro Aubanell\",\"description\":\"Mobiliario para hoteler\u00eda, colectividades y oficinas\",\"publisher\":{\"@id\":\"https:\/\/www.navarroaubanell.com\/ca\/#organization\"},\"potentialAction\":[{\"@type\":\"SearchAction\",\"target\":{\"@type\":\"EntryPoint\",\"urlTemplate\":\"https:\/\/www.navarroaubanell.com\/ca\/?s={search_term_string}\"},\"query-input\":{\"@type\":\"PropertyValueSpecification\",\"valueRequired\":true,\"valueName\":\"search_term_string\"}}],\"inLanguage\":\"ca\"},{\"@type\":\"Organization\",\"@id\":\"https:\/\/www.navarroaubanell.com\/ca\/#organization\",\"name\":\"COMERCIAL NAVARRO AUBANELL, S.A\",\"url\":\"https:\/\/www.navarroaubanell.com\/ca\/\",\"logo\":{\"@type\":\"ImageObject\",\"inLanguage\":\"ca\",\"@id\":\"https:\/\/www.navarroaubanell.com\/ca\/#\/schema\/logo\/image\/\",\"url\":\"https:\/\/www.navarroaubanell.com\/wp-content\/uploads\/2017\/07\/logo-navarro-aubuanell.png\",\"contentUrl\":\"https:\/\/www.navarroaubanell.com\/wp-content\/uploads\/2017\/07\/logo-navarro-aubuanell.png\",\"width\":6304,\"height\":1154,\"caption\":\"COMERCIAL NAVARRO AUBANELL, S.A\"},\"image\":{\"@id\":\"https:\/\/www.navarroaubanell.com\/ca\/#\/schema\/logo\/image\/\"}}]}<\/script>\n<!-- \/ Yoast SEO plugin. -->","yoast_head_json":{"title":"Cadira de bra\u00e7os Bimba - Navarro Aubanell","description":"Cadira de bra\u00e7os Bimba: disseny cl\u00e0ssic, resistent i apilable. Ideal per a exteriors en terrasses, jardins i hostaleria. Lleugera, c\u00f2mode i duradora.","robots":{"index":"index","follow":"follow","max-snippet":"max-snippet:-1","max-image-preview":"max-image-preview:large","max-video-preview":"max-video-preview:-1"},"canonical":"https:\/\/www.navarroaubanell.com\/ca\/producte\/cadira-de-bracos-bimba-balliu-navarroaubanell\/","og_locale":"ca_ES","og_type":"article","og_title":"Cadira de bra\u00e7os Bimba - Navarro Aubanell","og_description":"Cadira de bra\u00e7os Bimba: disseny cl\u00e0ssic, resistent i apilable. Ideal per a exteriors en terrasses, jardins i hostaleria. Lleugera, c\u00f2mode i duradora.","og_url":"https:\/\/www.navarroaubanell.com\/ca\/producte\/cadira-de-bracos-bimba-balliu-navarroaubanell\/","og_site_name":"Navarro Aubanell","article_modified_time":"2025-07-02T08:27:38+00:00","og_image":[{"width":800,"height":650,"url":"https:\/\/www.navarroaubanell.com\/wp-content\/uploads\/2025\/07\/Sillon-bimba.png","type":"image\/png"}],"twitter_misc":{"Est. reading time":"2 minutes"},"schema":{"@context":"https:\/\/schema.org","@graph":[{"@type":"WebPage","@id":"https:\/\/www.navarroaubanell.com\/ca\/producte\/cadira-de-bracos-bimba-balliu-navarroaubanell\/","url":"https:\/\/www.navarroaubanell.com\/ca\/producte\/cadira-de-bracos-bimba-balliu-navarroaubanell\/","name":"Cadira de bra\u00e7os Bimba - Navarro Aubanell","isPartOf":{"@id":"https:\/\/www.navarroaubanell.com\/ca\/#website"},"primaryImageOfPage":{"@id":"https:\/\/www.navarroaubanell.com\/ca\/producte\/cadira-de-bracos-bimba-balliu-navarroaubanell\/#primaryimage"},"image":{"@id":"https:\/\/www.navarroaubanell.com\/ca\/producte\/cadira-de-bracos-bimba-balliu-navarroaubanell\/#primaryimage"},"thumbnailUrl":"https:\/\/www.navarroaubanell.com\/wp-content\/uploads\/2025\/07\/Sillon-bimba.png","datePublished":"2025-07-01T10:15:14+00:00","dateModified":"2025-07-02T08:27:38+00:00","description":"Cadira de bra\u00e7os Bimba: disseny cl\u00e0ssic, resistent i apilable. Ideal per a exteriors en terrasses, jardins i hostaleria. Lleugera, c\u00f2mode i duradora.","breadcrumb":{"@id":"https:\/\/www.navarroaubanell.com\/ca\/producte\/cadira-de-bracos-bimba-balliu-navarroaubanell\/#breadcrumb"},"inLanguage":"ca","potentialAction":[{"@type":"ReadAction","target":["https:\/\/www.navarroaubanell.com\/ca\/producte\/cadira-de-bracos-bimba-balliu-navarroaubanell\/"]}]},{"@type":"ImageObject","inLanguage":"ca","@id":"https:\/\/www.navarroaubanell.com\/ca\/producte\/cadira-de-bracos-bimba-balliu-navarroaubanell\/#primaryimage","url":"https:\/\/www.navarroaubanell.com\/wp-content\/uploads\/2025\/07\/Sillon-bimba.png","contentUrl":"https:\/\/www.navarroaubanell.com\/wp-content\/uploads\/2025\/07\/Sillon-bimba.png","width":800,"height":650,"caption":"Sill\u00f3n bimba"},{"@type":"BreadcrumbList","@id":"https:\/\/www.navarroaubanell.com\/ca\/producte\/cadira-de-bracos-bimba-balliu-navarroaubanell\/#breadcrumb","itemListElement":[{"@type":"ListItem","position":1,"name":"Portada","item":"https:\/\/www.navarroaubanell.com\/ca\/"},{"@type":"ListItem","position":2,"name":"Productes","item":"https:\/\/www.navarroaubanell.com\/productos\/"},{"@type":"ListItem","position":3,"name":"Cadira de bra\u00e7os Bimba"}]},{"@type":"WebSite","@id":"https:\/\/www.navarroaubanell.com\/ca\/#website","url":"https:\/\/www.navarroaubanell.com\/ca\/","name":"Navarro Aubanell","description":"Mobiliario para hoteler\u00eda, colectividades y oficinas","publisher":{"@id":"https:\/\/www.navarroaubanell.com\/ca\/#organization"},"potentialAction":[{"@type":"SearchAction","target":{"@type":"EntryPoint","urlTemplate":"https:\/\/www.navarroaubanell.com\/ca\/?s={search_term_string}"},"query-input":{"@type":"PropertyValueSpecification","valueRequired":true,"valueName":"search_term_string"}}],"inLanguage":"ca"},{"@type":"Organization","@id":"https:\/\/www.navarroaubanell.com\/ca\/#organization","name":"COMERCIAL NAVARRO AUBANELL, S.A","url":"https:\/\/www.navarroaubanell.com\/ca\/","logo":{"@type":"ImageObject","inLanguage":"ca","@id":"https:\/\/www.navarroaubanell.com\/ca\/#\/schema\/logo\/image\/","url":"https:\/\/www.navarroaubanell.com\/wp-content\/uploads\/2017\/07\/logo-navarro-aubuanell.png","contentUrl":"https:\/\/www.navarroaubanell.com\/wp-content\/uploads\/2017\/07\/logo-navarro-aubuanell.png","width":6304,"height":1154,"caption":"COMERCIAL NAVARRO AUBANELL, S.A"},"image":{"@id":"https:\/\/www.navarroaubanell.com\/ca\/#\/schema\/logo\/image\/"}}]}},"_links":{"self":[{"href":"https:\/\/www.navarroaubanell.com\/ca\/wp-json\/wp\/v2\/product\/46332","targetHints":{"allow":["GET"]}}],"collection":[{"href":"https:\/\/www.navarroaubanell.com\/ca\/wp-json\/wp\/v2\/product"}],"about":[{"href":"https:\/\/www.navarroaubanell.com\/ca\/wp-json\/wp\/v2\/types\/product"}],"wp:featuredmedia":[{"embeddable":true,"href":"https:\/\/www.navarroaubanell.com\/ca\/wp-json\/wp\/v2\/media\/46325"}],"wp:attachment":[{"href":"https:\/\/www.navarroaubanell.com\/ca\/wp-json\/wp\/v2\/media?parent=46332"}],"wp:term":[{"taxonomy":"product_brand","embeddable":true,"href":"https:\/\/www.navarroaubanell.com\/ca\/wp-json\/wp\/v2\/product_brand?post=46332"},{"taxonomy":"product_cat","embeddable":true,"href":"https:\/\/www.navarroaubanell.com\/ca\/wp-json\/wp\/v2\/product_cat?post=46332"},{"taxonomy":"product_tag","embeddable":true,"href":"https:\/\/www.navarroaubanell.com\/ca\/wp-json\/wp\/v2\/product_tag?post=46332"}],"curies":[{"name":"wp","href":"https:\/\/api.w.org\/{rel}","templated":true}]}}