{"id":46050,"date":"2025-04-22T16:37:25","date_gmt":"2025-04-22T14:37:25","guid":{"rendered":"https:\/\/www.navarroaubanell.com\/producto\/silla-avico-navarroaubanell\/"},"modified":"2025-04-22T16:58:07","modified_gmt":"2025-04-22T14:58:07","slug":"cadira-avico-navarroaubanell","status":"publish","type":"product","link":"https:\/\/www.navarroaubanell.com\/ca\/producte\/cadira-avico-navarroaubanell\/","title":{"rendered":"Cadira Avico"},"content":{"rendered":"<h5 data-start=\"109\" data-end=\"149\">Cadira Avico: Un cl\u00e0ssic renovat<\/h5>\n<p data-start=\"151\" data-end=\"519\">La cadira Avico \u00e9s una pe\u00e7a que rendeix homenatge al disseny parisenc de l&#8217;\u00e8poca, per\u00f2 amb un gir modern. La seva est\u00e8tica nost\u00e0lgica i refinada converteix qualsevol espai en un entorn c\u00e0lid i ple de personalitat. Perfecta per a cafeteries, restaurants o espais sofisticats, Avico aconsegueix un equilibri entre eleg\u00e0ncia atemporal i funcionalitat contempor\u00e0nia.<\/p>\n<h6 data-start=\"526\" data-end=\"576\">Disseny que inspiram estructura que perdura<\/h6>\n<p data-start=\"578\" data-end=\"917\">L&#8217;estructura d&#8217;alumini pintat en color noguera clar no nom\u00e9s aporta fermesa i resist\u00e8ncia, sin\u00f3 que tamb\u00e9 afegeix un aire natural i sofisticat, integrant-se amb facilitat a qualsevol ambient decoratiu. Aquesta combinaci\u00f3 la converteix en una cadira resistent a les condicions clim\u00e0tiques sense sacrificar l&#8217;estil.<\/p>\n<h6 data-start=\"924\" data-end=\"967\">Opcions de respatller:<\/h6>\n<p class=\"\" data-start=\"969\" data-end=\"1061\">El respatller de la cadira Avico est\u00e0 disponible en dues versions:<\/p>\n<ul data-start=\"1063\" data-end=\"1240\">\n<li class=\"\" data-start=\"1063\" data-end=\"1149\">\n<p class=\"\" data-start=\"1065\" data-end=\"1149\">Textilene Soho en colors marr\u00f3 o negre, que ofereix una aparen\u00e7a cl\u00e0ssica i s\u00f2bria.<\/p>\n<\/li>\n<li class=\"\" data-start=\"1063\" data-end=\"1149\">\n<p class=\"\" data-start=\"1065\" data-end=\"1149\">Reixeta en medul\u00b7la sint\u00e8tica en color atlas, que aporta textura i un toc artesanal.<\/p>\n<\/li>\n<\/ul>\n<h6 data-start=\"1247\" data-end=\"1284\">Confort, estil i practicitat<\/h6>\n<p data-start=\"1286\" data-end=\"1599\">El seient est\u00e0 entapissat en m\u00faltiples acabats per a integrar-se amb facilitat a diferents entorns decoratius. Per a exterior, pot escollir-se en textilene a joc amb el respatller. A m\u00e9s, la cadira \u00e9s apilable, el que la converteix en una opci\u00f3 funcional per a espais amb un alt tr\u00e0nsit de clients, facilitant l&#8217;emmagatzematge i l&#8217;organitzaci\u00f3.<\/p>\n","protected":false},"excerpt":{"rendered":"<p>Cadira Avico: Un cl\u00e0ssic renovat La cadira Avico \u00e9s una pe\u00e7a que rendeix homenatge al disseny parisenc de l&#8217;\u00e8poca, per\u00f2 amb un gir modern. La seva est\u00e8tica nost\u00e0lgica i refinada converteix qualsevol espai en un entorn c\u00e0lid i ple de personalitat. Perfecta per a cafeteries, restaurants o espais sofisticats, Avico aconsegueix un equilibri entre eleg\u00e0ncia&hellip;<\/p>\n","protected":false},"featured_media":46026,"template":"","meta":{"_acf_changed":false},"product_brand":[],"product_cat":[533,572,563,525],"product_tag":[992,863,1687,664],"class_list":{"0":"post-46050","1":"product","2":"type-product","3":"status-publish","4":"has-post-thumbnail","6":"product_cat-cadires","7":"product_cat-cadires-exterior","8":"product_cat-exterior-ca","9":"product_cat-interior","10":"product_tag-aluminio-ca","11":"product_tag-cadira","12":"product_tag-exterior-apilable-ca","13":"product_tag-interior-ca","14":"description-off","16":"first","17":"instock","18":"shipping-taxable","19":"product-type-simple"},"acf":[],"yoast_head":"<!-- This site is optimized with the Yoast SEO plugin v27.0 - https:\/\/yoast.com\/product\/yoast-seo-wordpress\/ -->\n<title>Cadira Avico - Navarro Aubanell<\/title>\n<meta name=\"description\" content=\"Cadira Avico, estill parisenc amb estructura d&#039;alumini, respatller en textilene o medul\u00b7la sint\u00e8tica. Elegant, resistent i apilable per a hostaleria.\" \/>\n<meta name=\"robots\" content=\"index, follow, max-snippet:-1, max-image-preview:large, max-video-preview:-1\" \/>\n<link rel=\"canonical\" href=\"https:\/\/www.navarroaubanell.com\/ca\/producte\/cadira-avico-navarroaubanell\/\" \/>\n<meta property=\"og:locale\" content=\"ca_ES\" \/>\n<meta property=\"og:type\" content=\"article\" \/>\n<meta property=\"og:title\" content=\"Cadira Avico - Navarro Aubanell\" \/>\n<meta property=\"og:description\" content=\"Cadira Avico, estill parisenc amb estructura d&#039;alumini, respatller en textilene o medul\u00b7la sint\u00e8tica. Elegant, resistent i apilable per a hostaleria.\" \/>\n<meta property=\"og:url\" content=\"https:\/\/www.navarroaubanell.com\/ca\/producte\/cadira-avico-navarroaubanell\/\" \/>\n<meta property=\"og:site_name\" content=\"Navarro Aubanell\" \/>\n<meta property=\"article:modified_time\" content=\"2025-04-22T14:58:07+00:00\" \/>\n<meta property=\"og:image\" content=\"https:\/\/www.navarroaubanell.com\/wp-content\/uploads\/2025\/04\/11-fotor-enhance-2025042283424.jpg\" \/>\n\t<meta property=\"og:image:width\" content=\"1600\" \/>\n\t<meta property=\"og:image:height\" content=\"1296\" \/>\n\t<meta property=\"og:image:type\" content=\"image\/jpeg\" \/>\n<meta name=\"twitter:label1\" content=\"Est. reading time\" \/>\n\t<meta name=\"twitter:data1\" content=\"2 minutes\" \/>\n<script type=\"application\/ld+json\" class=\"yoast-schema-graph\">{\"@context\":\"https:\/\/schema.org\",\"@graph\":[{\"@type\":\"WebPage\",\"@id\":\"https:\/\/www.navarroaubanell.com\/ca\/producte\/cadira-avico-navarroaubanell\/\",\"url\":\"https:\/\/www.navarroaubanell.com\/ca\/producte\/cadira-avico-navarroaubanell\/\",\"name\":\"Cadira Avico - Navarro Aubanell\",\"isPartOf\":{\"@id\":\"https:\/\/www.navarroaubanell.com\/ca\/#website\"},\"primaryImageOfPage\":{\"@id\":\"https:\/\/www.navarroaubanell.com\/ca\/producte\/cadira-avico-navarroaubanell\/#primaryimage\"},\"image\":{\"@id\":\"https:\/\/www.navarroaubanell.com\/ca\/producte\/cadira-avico-navarroaubanell\/#primaryimage\"},\"thumbnailUrl\":\"https:\/\/www.navarroaubanell.com\/wp-content\/uploads\/2025\/04\/11-fotor-enhance-2025042283424.jpg\",\"datePublished\":\"2025-04-22T14:37:25+00:00\",\"dateModified\":\"2025-04-22T14:58:07+00:00\",\"description\":\"Cadira Avico, estill parisenc amb estructura d'alumini, respatller en textilene o medul\u00b7la sint\u00e8tica. Elegant, resistent i apilable per a hostaleria.\",\"breadcrumb\":{\"@id\":\"https:\/\/www.navarroaubanell.com\/ca\/producte\/cadira-avico-navarroaubanell\/#breadcrumb\"},\"inLanguage\":\"ca\",\"potentialAction\":[{\"@type\":\"ReadAction\",\"target\":[\"https:\/\/www.navarroaubanell.com\/ca\/producte\/cadira-avico-navarroaubanell\/\"]}]},{\"@type\":\"ImageObject\",\"inLanguage\":\"ca\",\"@id\":\"https:\/\/www.navarroaubanell.com\/ca\/producte\/cadira-avico-navarroaubanell\/#primaryimage\",\"url\":\"https:\/\/www.navarroaubanell.com\/wp-content\/uploads\/2025\/04\/11-fotor-enhance-2025042283424.jpg\",\"contentUrl\":\"https:\/\/www.navarroaubanell.com\/wp-content\/uploads\/2025\/04\/11-fotor-enhance-2025042283424.jpg\",\"width\":1600,\"height\":1296,\"caption\":\"Silla Avico\"},{\"@type\":\"BreadcrumbList\",\"@id\":\"https:\/\/www.navarroaubanell.com\/ca\/producte\/cadira-avico-navarroaubanell\/#breadcrumb\",\"itemListElement\":[{\"@type\":\"ListItem\",\"position\":1,\"name\":\"Portada\",\"item\":\"https:\/\/www.navarroaubanell.com\/ca\/\"},{\"@type\":\"ListItem\",\"position\":2,\"name\":\"Productes\",\"item\":\"https:\/\/www.navarroaubanell.com\/productos\/\"},{\"@type\":\"ListItem\",\"position\":3,\"name\":\"Cadira Avico\"}]},{\"@type\":\"WebSite\",\"@id\":\"https:\/\/www.navarroaubanell.com\/ca\/#website\",\"url\":\"https:\/\/www.navarroaubanell.com\/ca\/\",\"name\":\"Navarro Aubanell\",\"description\":\"Mobiliario para hoteler\u00eda, colectividades y oficinas\",\"publisher\":{\"@id\":\"https:\/\/www.navarroaubanell.com\/ca\/#organization\"},\"potentialAction\":[{\"@type\":\"SearchAction\",\"target\":{\"@type\":\"EntryPoint\",\"urlTemplate\":\"https:\/\/www.navarroaubanell.com\/ca\/?s={search_term_string}\"},\"query-input\":{\"@type\":\"PropertyValueSpecification\",\"valueRequired\":true,\"valueName\":\"search_term_string\"}}],\"inLanguage\":\"ca\"},{\"@type\":\"Organization\",\"@id\":\"https:\/\/www.navarroaubanell.com\/ca\/#organization\",\"name\":\"COMERCIAL NAVARRO AUBANELL, S.A\",\"url\":\"https:\/\/www.navarroaubanell.com\/ca\/\",\"logo\":{\"@type\":\"ImageObject\",\"inLanguage\":\"ca\",\"@id\":\"https:\/\/www.navarroaubanell.com\/ca\/#\/schema\/logo\/image\/\",\"url\":\"https:\/\/www.navarroaubanell.com\/wp-content\/uploads\/2017\/07\/logo-navarro-aubuanell.png\",\"contentUrl\":\"https:\/\/www.navarroaubanell.com\/wp-content\/uploads\/2017\/07\/logo-navarro-aubuanell.png\",\"width\":6304,\"height\":1154,\"caption\":\"COMERCIAL NAVARRO AUBANELL, S.A\"},\"image\":{\"@id\":\"https:\/\/www.navarroaubanell.com\/ca\/#\/schema\/logo\/image\/\"}}]}<\/script>\n<!-- \/ Yoast SEO plugin. -->","yoast_head_json":{"title":"Cadira Avico - Navarro Aubanell","description":"Cadira Avico, estill parisenc amb estructura d'alumini, respatller en textilene o medul\u00b7la sint\u00e8tica. Elegant, resistent i apilable per a hostaleria.","robots":{"index":"index","follow":"follow","max-snippet":"max-snippet:-1","max-image-preview":"max-image-preview:large","max-video-preview":"max-video-preview:-1"},"canonical":"https:\/\/www.navarroaubanell.com\/ca\/producte\/cadira-avico-navarroaubanell\/","og_locale":"ca_ES","og_type":"article","og_title":"Cadira Avico - Navarro Aubanell","og_description":"Cadira Avico, estill parisenc amb estructura d'alumini, respatller en textilene o medul\u00b7la sint\u00e8tica. Elegant, resistent i apilable per a hostaleria.","og_url":"https:\/\/www.navarroaubanell.com\/ca\/producte\/cadira-avico-navarroaubanell\/","og_site_name":"Navarro Aubanell","article_modified_time":"2025-04-22T14:58:07+00:00","og_image":[{"width":1600,"height":1296,"url":"https:\/\/www.navarroaubanell.com\/wp-content\/uploads\/2025\/04\/11-fotor-enhance-2025042283424.jpg","type":"image\/jpeg"}],"twitter_misc":{"Est. reading time":"2 minutes"},"schema":{"@context":"https:\/\/schema.org","@graph":[{"@type":"WebPage","@id":"https:\/\/www.navarroaubanell.com\/ca\/producte\/cadira-avico-navarroaubanell\/","url":"https:\/\/www.navarroaubanell.com\/ca\/producte\/cadira-avico-navarroaubanell\/","name":"Cadira Avico - Navarro Aubanell","isPartOf":{"@id":"https:\/\/www.navarroaubanell.com\/ca\/#website"},"primaryImageOfPage":{"@id":"https:\/\/www.navarroaubanell.com\/ca\/producte\/cadira-avico-navarroaubanell\/#primaryimage"},"image":{"@id":"https:\/\/www.navarroaubanell.com\/ca\/producte\/cadira-avico-navarroaubanell\/#primaryimage"},"thumbnailUrl":"https:\/\/www.navarroaubanell.com\/wp-content\/uploads\/2025\/04\/11-fotor-enhance-2025042283424.jpg","datePublished":"2025-04-22T14:37:25+00:00","dateModified":"2025-04-22T14:58:07+00:00","description":"Cadira Avico, estill parisenc amb estructura d'alumini, respatller en textilene o medul\u00b7la sint\u00e8tica. Elegant, resistent i apilable per a hostaleria.","breadcrumb":{"@id":"https:\/\/www.navarroaubanell.com\/ca\/producte\/cadira-avico-navarroaubanell\/#breadcrumb"},"inLanguage":"ca","potentialAction":[{"@type":"ReadAction","target":["https:\/\/www.navarroaubanell.com\/ca\/producte\/cadira-avico-navarroaubanell\/"]}]},{"@type":"ImageObject","inLanguage":"ca","@id":"https:\/\/www.navarroaubanell.com\/ca\/producte\/cadira-avico-navarroaubanell\/#primaryimage","url":"https:\/\/www.navarroaubanell.com\/wp-content\/uploads\/2025\/04\/11-fotor-enhance-2025042283424.jpg","contentUrl":"https:\/\/www.navarroaubanell.com\/wp-content\/uploads\/2025\/04\/11-fotor-enhance-2025042283424.jpg","width":1600,"height":1296,"caption":"Silla Avico"},{"@type":"BreadcrumbList","@id":"https:\/\/www.navarroaubanell.com\/ca\/producte\/cadira-avico-navarroaubanell\/#breadcrumb","itemListElement":[{"@type":"ListItem","position":1,"name":"Portada","item":"https:\/\/www.navarroaubanell.com\/ca\/"},{"@type":"ListItem","position":2,"name":"Productes","item":"https:\/\/www.navarroaubanell.com\/productos\/"},{"@type":"ListItem","position":3,"name":"Cadira Avico"}]},{"@type":"WebSite","@id":"https:\/\/www.navarroaubanell.com\/ca\/#website","url":"https:\/\/www.navarroaubanell.com\/ca\/","name":"Navarro Aubanell","description":"Mobiliario para hoteler\u00eda, colectividades y oficinas","publisher":{"@id":"https:\/\/www.navarroaubanell.com\/ca\/#organization"},"potentialAction":[{"@type":"SearchAction","target":{"@type":"EntryPoint","urlTemplate":"https:\/\/www.navarroaubanell.com\/ca\/?s={search_term_string}"},"query-input":{"@type":"PropertyValueSpecification","valueRequired":true,"valueName":"search_term_string"}}],"inLanguage":"ca"},{"@type":"Organization","@id":"https:\/\/www.navarroaubanell.com\/ca\/#organization","name":"COMERCIAL NAVARRO AUBANELL, S.A","url":"https:\/\/www.navarroaubanell.com\/ca\/","logo":{"@type":"ImageObject","inLanguage":"ca","@id":"https:\/\/www.navarroaubanell.com\/ca\/#\/schema\/logo\/image\/","url":"https:\/\/www.navarroaubanell.com\/wp-content\/uploads\/2017\/07\/logo-navarro-aubuanell.png","contentUrl":"https:\/\/www.navarroaubanell.com\/wp-content\/uploads\/2017\/07\/logo-navarro-aubuanell.png","width":6304,"height":1154,"caption":"COMERCIAL NAVARRO AUBANELL, S.A"},"image":{"@id":"https:\/\/www.navarroaubanell.com\/ca\/#\/schema\/logo\/image\/"}}]}},"_links":{"self":[{"href":"https:\/\/www.navarroaubanell.com\/ca\/wp-json\/wp\/v2\/product\/46050","targetHints":{"allow":["GET"]}}],"collection":[{"href":"https:\/\/www.navarroaubanell.com\/ca\/wp-json\/wp\/v2\/product"}],"about":[{"href":"https:\/\/www.navarroaubanell.com\/ca\/wp-json\/wp\/v2\/types\/product"}],"wp:featuredmedia":[{"embeddable":true,"href":"https:\/\/www.navarroaubanell.com\/ca\/wp-json\/wp\/v2\/media\/46026"}],"wp:attachment":[{"href":"https:\/\/www.navarroaubanell.com\/ca\/wp-json\/wp\/v2\/media?parent=46050"}],"wp:term":[{"taxonomy":"product_brand","embeddable":true,"href":"https:\/\/www.navarroaubanell.com\/ca\/wp-json\/wp\/v2\/product_brand?post=46050"},{"taxonomy":"product_cat","embeddable":true,"href":"https:\/\/www.navarroaubanell.com\/ca\/wp-json\/wp\/v2\/product_cat?post=46050"},{"taxonomy":"product_tag","embeddable":true,"href":"https:\/\/www.navarroaubanell.com\/ca\/wp-json\/wp\/v2\/product_tag?post=46050"}],"curies":[{"name":"wp","href":"https:\/\/api.w.org\/{rel}","templated":true}]}}