{"id":45082,"date":"2025-02-25T10:50:56","date_gmt":"2025-02-25T09:50:56","guid":{"rendered":"https:\/\/www.navarroaubanell.com\/producto\/mesa-auxiliar-amivera-espattio-navarroaubanell\/"},"modified":"2025-02-25T10:56:57","modified_gmt":"2025-02-25T09:56:57","slug":"taula-auxiliar-amivera-espattio-navarroaubanell","status":"publish","type":"product","link":"https:\/\/www.navarroaubanell.com\/ca\/producte\/taula-auxiliar-amivera-espattio-navarroaubanell\/","title":{"rendered":"Taula auxiliar Amivera"},"content":{"rendered":"<div class=\"flex max-w-full flex-col flex-grow\">\n<div class=\"min-h-8 text-message relative flex w-full flex-col items-end gap-2 whitespace-normal break-words text-start [.text-message+&amp;]:mt-5\" dir=\"auto\" data-message-author-role=\"assistant\" data-message-id=\"f1be1956-216b-4470-82d6-f67533cea3c7\" data-message-model-slug=\"gpt-4o\">\n<div class=\"flex w-full flex-col gap-1 empty:hidden first:pt-[3px]\">\n<div class=\"markdown prose w-full break-words dark:prose-invert light\">\n<h5 data-start=\"0\" data-end=\"75\">Taula auxiliar Amivera: Modernitat i Funcionalitat<\/h5>\n<div class=\"traductor-textarea form-group\">\n<div class=\"textarea-desti col-xs-12 col-sm-6\">\n<div class=\"form-control second-textarea\">L&#8217;est\u00e8tica moderna de la taula auxiliar Amivera la converteix en el complement perfecte per a interiors que busquen reflectir sofisticaci\u00f3 i harmonia. Des de salons contemporanis i habitacions d&#8217;hotel fins a despatxos i zones de recepci\u00f3, Amivera aporta frescor i senzillesa a qualsevol espai.<\/div>\n<\/div>\n<\/div>\n<h6 data-start=\"495\" data-end=\"531\">Estructura resistent i duradora<\/h6>\n<div class=\"traductor-textarea form-group\">\n<div class=\"textarea-desti col-xs-12 col-sm-6\">\n<div class=\"form-control second-textarea\">Els tres models de Amivera compten amb una estructura d&#8217;acer que inclou travessers interns per a garantir estabilitat i robustesa, mentre que les seves potes arrodonides, fabricades en tub d&#8217;acer de \u00d8 25 mm, ofereixen un suport ferm. A m\u00e9s, l&#8217;acabat en pintura epoxi assegura un color uniforme i durador, disponible en una \u00e0mplia gamma de colors esPattio que s&#8217;integraran f\u00e0cilment amb la decoraci\u00f3 del teu espai.<\/div>\n<\/div>\n<\/div>\n<h6 data-start=\"924\" data-end=\"948\">Varietat d&#8217;acabats<\/h6>\n<div class=\"traductor-textarea form-group\">\n<div class=\"textarea-desti col-xs-12 col-sm-6\">\n<div class=\"form-control second-textarea\">La taula auxiliar Amivera ofereix diferents opcions de taulers:<\/div>\n<\/div>\n<\/div>\n<ul data-start=\"1063\" data-end=\"1481\">\n<li data-start=\"1063\" data-end=\"1182\"><strong>Tauler de fusta simple:<\/strong> Fabricat en fibra DM de 16 mm, disponible en roure europeu natural o lacat monocolor.<\/li>\n<li data-start=\"1063\" data-end=\"1182\"><strong>Tauler de fusta doble:<\/strong> Amb base lacada de 7 mm i opci\u00f3 superior en roure europeu (16 mm) o lacat (12 mm).<\/li>\n<li data-start=\"1063\" data-end=\"1182\"><strong>Tauler de marbre natural:<\/strong> De 20 mm, disponible en Blanc Venato o Negre Marquina.<\/li>\n<li data-start=\"1063\" data-end=\"1182\"><strong>Tapa\u00a0Dekton:<\/strong> Superf\u00edcie de Pedra T\u00e8cnica\u00a0Ultracompacta\u00a0de 4 mm sobre base bisellada de part\u00edcules lacada de 16 mm.<\/li>\n<\/ul>\n<\/div>\n<\/div>\n<\/div>\n<\/div>\n","protected":false},"excerpt":{"rendered":"<p>Taula auxiliar Amivera: Modernitat i Funcionalitat L&#8217;est\u00e8tica moderna de la taula auxiliar Amivera la converteix en el complement perfecte per a interiors que busquen reflectir sofisticaci\u00f3 i harmonia. Des de salons contemporanis i habitacions d&#8217;hotel fins a despatxos i zones de recepci\u00f3, Amivera aporta frescor i senzillesa a qualsevol espai. Estructura resistent i duradora Els&hellip;<\/p>\n","protected":false},"featured_media":45062,"template":"","meta":{"_acf_changed":false},"product_brand":[],"product_cat":[1186,525],"product_tag":[1403,945,664,1675,1651,696],"class_list":{"0":"post-45082","1":"product","2":"type-product","3":"status-publish","4":"has-post-thumbnail","6":"product_cat-conjunts-interiors","7":"product_cat-interior","8":"product_tag-acero-ca","9":"product_tag-madera-ca","10":"product_tag-interior-ca","11":"product_tag-marmol-ca","12":"product_tag-mesa-de-centro-ca","13":"product_tag-taula-auxiliar","14":"description-off","16":"first","17":"instock","18":"shipping-taxable","19":"product-type-simple"},"acf":[],"yoast_head":"<!-- This site is optimized with the Yoast SEO plugin v27.0 - https:\/\/yoast.com\/product\/yoast-seo-wordpress\/ -->\n<title>Taula auxiliar Amivera - Navarro Aubanell<\/title>\n<meta name=\"description\" content=\"Taula auxiliar Amivera: disseny vers\u00e0til i elegant amb acabats d&#039;alta qualitat en fusta, marbre o Dekton per a qualsevol espai.\" \/>\n<meta name=\"robots\" content=\"index, follow, max-snippet:-1, max-image-preview:large, max-video-preview:-1\" \/>\n<link rel=\"canonical\" href=\"https:\/\/www.navarroaubanell.com\/ca\/producte\/taula-auxiliar-amivera-espattio-navarroaubanell\/\" \/>\n<meta property=\"og:locale\" content=\"ca_ES\" \/>\n<meta property=\"og:type\" content=\"article\" \/>\n<meta property=\"og:title\" content=\"Taula auxiliar Amivera - Navarro Aubanell\" \/>\n<meta property=\"og:description\" content=\"Taula auxiliar Amivera: disseny vers\u00e0til i elegant amb acabats d&#039;alta qualitat en fusta, marbre o Dekton per a qualsevol espai.\" \/>\n<meta property=\"og:url\" content=\"https:\/\/www.navarroaubanell.com\/ca\/producte\/taula-auxiliar-amivera-espattio-navarroaubanell\/\" \/>\n<meta property=\"og:site_name\" content=\"Navarro Aubanell\" \/>\n<meta property=\"article:modified_time\" content=\"2025-02-25T09:56:57+00:00\" \/>\n<meta property=\"og:image\" content=\"https:\/\/www.navarroaubanell.com\/wp-content\/uploads\/2025\/02\/AMIVERA_T60x60_MARBLE-Photoroom.png\" \/>\n\t<meta property=\"og:image:width\" content=\"800\" \/>\n\t<meta property=\"og:image:height\" content=\"650\" \/>\n\t<meta property=\"og:image:type\" content=\"image\/png\" \/>\n<meta name=\"twitter:label1\" content=\"Est. reading time\" \/>\n\t<meta name=\"twitter:data1\" content=\"2 minutes\" \/>\n<script type=\"application\/ld+json\" class=\"yoast-schema-graph\">{\"@context\":\"https:\/\/schema.org\",\"@graph\":[{\"@type\":\"WebPage\",\"@id\":\"https:\/\/www.navarroaubanell.com\/ca\/producte\/taula-auxiliar-amivera-espattio-navarroaubanell\/\",\"url\":\"https:\/\/www.navarroaubanell.com\/ca\/producte\/taula-auxiliar-amivera-espattio-navarroaubanell\/\",\"name\":\"Taula auxiliar Amivera - Navarro Aubanell\",\"isPartOf\":{\"@id\":\"https:\/\/www.navarroaubanell.com\/ca\/#website\"},\"primaryImageOfPage\":{\"@id\":\"https:\/\/www.navarroaubanell.com\/ca\/producte\/taula-auxiliar-amivera-espattio-navarroaubanell\/#primaryimage\"},\"image\":{\"@id\":\"https:\/\/www.navarroaubanell.com\/ca\/producte\/taula-auxiliar-amivera-espattio-navarroaubanell\/#primaryimage\"},\"thumbnailUrl\":\"https:\/\/www.navarroaubanell.com\/wp-content\/uploads\/2025\/02\/AMIVERA_T60x60_MARBLE-Photoroom.png\",\"datePublished\":\"2025-02-25T09:50:56+00:00\",\"dateModified\":\"2025-02-25T09:56:57+00:00\",\"description\":\"Taula auxiliar Amivera: disseny vers\u00e0til i elegant amb acabats d'alta qualitat en fusta, marbre o Dekton per a qualsevol espai.\",\"breadcrumb\":{\"@id\":\"https:\/\/www.navarroaubanell.com\/ca\/producte\/taula-auxiliar-amivera-espattio-navarroaubanell\/#breadcrumb\"},\"inLanguage\":\"ca\",\"potentialAction\":[{\"@type\":\"ReadAction\",\"target\":[\"https:\/\/www.navarroaubanell.com\/ca\/producte\/taula-auxiliar-amivera-espattio-navarroaubanell\/\"]}]},{\"@type\":\"ImageObject\",\"inLanguage\":\"ca\",\"@id\":\"https:\/\/www.navarroaubanell.com\/ca\/producte\/taula-auxiliar-amivera-espattio-navarroaubanell\/#primaryimage\",\"url\":\"https:\/\/www.navarroaubanell.com\/wp-content\/uploads\/2025\/02\/AMIVERA_T60x60_MARBLE-Photoroom.png\",\"contentUrl\":\"https:\/\/www.navarroaubanell.com\/wp-content\/uploads\/2025\/02\/AMIVERA_T60x60_MARBLE-Photoroom.png\",\"width\":800,\"height\":650,\"caption\":\"Mesa auxiliar amivera\"},{\"@type\":\"BreadcrumbList\",\"@id\":\"https:\/\/www.navarroaubanell.com\/ca\/producte\/taula-auxiliar-amivera-espattio-navarroaubanell\/#breadcrumb\",\"itemListElement\":[{\"@type\":\"ListItem\",\"position\":1,\"name\":\"Portada\",\"item\":\"https:\/\/www.navarroaubanell.com\/ca\/\"},{\"@type\":\"ListItem\",\"position\":2,\"name\":\"Productes\",\"item\":\"https:\/\/www.navarroaubanell.com\/productos\/\"},{\"@type\":\"ListItem\",\"position\":3,\"name\":\"Taula auxiliar Amivera\"}]},{\"@type\":\"WebSite\",\"@id\":\"https:\/\/www.navarroaubanell.com\/ca\/#website\",\"url\":\"https:\/\/www.navarroaubanell.com\/ca\/\",\"name\":\"Navarro Aubanell\",\"description\":\"Mobiliario para hoteler\u00eda, colectividades y oficinas\",\"publisher\":{\"@id\":\"https:\/\/www.navarroaubanell.com\/ca\/#organization\"},\"potentialAction\":[{\"@type\":\"SearchAction\",\"target\":{\"@type\":\"EntryPoint\",\"urlTemplate\":\"https:\/\/www.navarroaubanell.com\/ca\/?s={search_term_string}\"},\"query-input\":{\"@type\":\"PropertyValueSpecification\",\"valueRequired\":true,\"valueName\":\"search_term_string\"}}],\"inLanguage\":\"ca\"},{\"@type\":\"Organization\",\"@id\":\"https:\/\/www.navarroaubanell.com\/ca\/#organization\",\"name\":\"COMERCIAL NAVARRO AUBANELL, S.A\",\"url\":\"https:\/\/www.navarroaubanell.com\/ca\/\",\"logo\":{\"@type\":\"ImageObject\",\"inLanguage\":\"ca\",\"@id\":\"https:\/\/www.navarroaubanell.com\/ca\/#\/schema\/logo\/image\/\",\"url\":\"https:\/\/www.navarroaubanell.com\/wp-content\/uploads\/2017\/07\/logo-navarro-aubuanell.png\",\"contentUrl\":\"https:\/\/www.navarroaubanell.com\/wp-content\/uploads\/2017\/07\/logo-navarro-aubuanell.png\",\"width\":6304,\"height\":1154,\"caption\":\"COMERCIAL NAVARRO AUBANELL, S.A\"},\"image\":{\"@id\":\"https:\/\/www.navarroaubanell.com\/ca\/#\/schema\/logo\/image\/\"}}]}<\/script>\n<!-- \/ Yoast SEO plugin. -->","yoast_head_json":{"title":"Taula auxiliar Amivera - Navarro Aubanell","description":"Taula auxiliar Amivera: disseny vers\u00e0til i elegant amb acabats d'alta qualitat en fusta, marbre o Dekton per a qualsevol espai.","robots":{"index":"index","follow":"follow","max-snippet":"max-snippet:-1","max-image-preview":"max-image-preview:large","max-video-preview":"max-video-preview:-1"},"canonical":"https:\/\/www.navarroaubanell.com\/ca\/producte\/taula-auxiliar-amivera-espattio-navarroaubanell\/","og_locale":"ca_ES","og_type":"article","og_title":"Taula auxiliar Amivera - Navarro Aubanell","og_description":"Taula auxiliar Amivera: disseny vers\u00e0til i elegant amb acabats d'alta qualitat en fusta, marbre o Dekton per a qualsevol espai.","og_url":"https:\/\/www.navarroaubanell.com\/ca\/producte\/taula-auxiliar-amivera-espattio-navarroaubanell\/","og_site_name":"Navarro Aubanell","article_modified_time":"2025-02-25T09:56:57+00:00","og_image":[{"width":800,"height":650,"url":"https:\/\/www.navarroaubanell.com\/wp-content\/uploads\/2025\/02\/AMIVERA_T60x60_MARBLE-Photoroom.png","type":"image\/png"}],"twitter_misc":{"Est. reading time":"2 minutes"},"schema":{"@context":"https:\/\/schema.org","@graph":[{"@type":"WebPage","@id":"https:\/\/www.navarroaubanell.com\/ca\/producte\/taula-auxiliar-amivera-espattio-navarroaubanell\/","url":"https:\/\/www.navarroaubanell.com\/ca\/producte\/taula-auxiliar-amivera-espattio-navarroaubanell\/","name":"Taula auxiliar Amivera - Navarro Aubanell","isPartOf":{"@id":"https:\/\/www.navarroaubanell.com\/ca\/#website"},"primaryImageOfPage":{"@id":"https:\/\/www.navarroaubanell.com\/ca\/producte\/taula-auxiliar-amivera-espattio-navarroaubanell\/#primaryimage"},"image":{"@id":"https:\/\/www.navarroaubanell.com\/ca\/producte\/taula-auxiliar-amivera-espattio-navarroaubanell\/#primaryimage"},"thumbnailUrl":"https:\/\/www.navarroaubanell.com\/wp-content\/uploads\/2025\/02\/AMIVERA_T60x60_MARBLE-Photoroom.png","datePublished":"2025-02-25T09:50:56+00:00","dateModified":"2025-02-25T09:56:57+00:00","description":"Taula auxiliar Amivera: disseny vers\u00e0til i elegant amb acabats d'alta qualitat en fusta, marbre o Dekton per a qualsevol espai.","breadcrumb":{"@id":"https:\/\/www.navarroaubanell.com\/ca\/producte\/taula-auxiliar-amivera-espattio-navarroaubanell\/#breadcrumb"},"inLanguage":"ca","potentialAction":[{"@type":"ReadAction","target":["https:\/\/www.navarroaubanell.com\/ca\/producte\/taula-auxiliar-amivera-espattio-navarroaubanell\/"]}]},{"@type":"ImageObject","inLanguage":"ca","@id":"https:\/\/www.navarroaubanell.com\/ca\/producte\/taula-auxiliar-amivera-espattio-navarroaubanell\/#primaryimage","url":"https:\/\/www.navarroaubanell.com\/wp-content\/uploads\/2025\/02\/AMIVERA_T60x60_MARBLE-Photoroom.png","contentUrl":"https:\/\/www.navarroaubanell.com\/wp-content\/uploads\/2025\/02\/AMIVERA_T60x60_MARBLE-Photoroom.png","width":800,"height":650,"caption":"Mesa auxiliar amivera"},{"@type":"BreadcrumbList","@id":"https:\/\/www.navarroaubanell.com\/ca\/producte\/taula-auxiliar-amivera-espattio-navarroaubanell\/#breadcrumb","itemListElement":[{"@type":"ListItem","position":1,"name":"Portada","item":"https:\/\/www.navarroaubanell.com\/ca\/"},{"@type":"ListItem","position":2,"name":"Productes","item":"https:\/\/www.navarroaubanell.com\/productos\/"},{"@type":"ListItem","position":3,"name":"Taula auxiliar Amivera"}]},{"@type":"WebSite","@id":"https:\/\/www.navarroaubanell.com\/ca\/#website","url":"https:\/\/www.navarroaubanell.com\/ca\/","name":"Navarro Aubanell","description":"Mobiliario para hoteler\u00eda, colectividades y oficinas","publisher":{"@id":"https:\/\/www.navarroaubanell.com\/ca\/#organization"},"potentialAction":[{"@type":"SearchAction","target":{"@type":"EntryPoint","urlTemplate":"https:\/\/www.navarroaubanell.com\/ca\/?s={search_term_string}"},"query-input":{"@type":"PropertyValueSpecification","valueRequired":true,"valueName":"search_term_string"}}],"inLanguage":"ca"},{"@type":"Organization","@id":"https:\/\/www.navarroaubanell.com\/ca\/#organization","name":"COMERCIAL NAVARRO AUBANELL, S.A","url":"https:\/\/www.navarroaubanell.com\/ca\/","logo":{"@type":"ImageObject","inLanguage":"ca","@id":"https:\/\/www.navarroaubanell.com\/ca\/#\/schema\/logo\/image\/","url":"https:\/\/www.navarroaubanell.com\/wp-content\/uploads\/2017\/07\/logo-navarro-aubuanell.png","contentUrl":"https:\/\/www.navarroaubanell.com\/wp-content\/uploads\/2017\/07\/logo-navarro-aubuanell.png","width":6304,"height":1154,"caption":"COMERCIAL NAVARRO AUBANELL, S.A"},"image":{"@id":"https:\/\/www.navarroaubanell.com\/ca\/#\/schema\/logo\/image\/"}}]}},"_links":{"self":[{"href":"https:\/\/www.navarroaubanell.com\/ca\/wp-json\/wp\/v2\/product\/45082","targetHints":{"allow":["GET"]}}],"collection":[{"href":"https:\/\/www.navarroaubanell.com\/ca\/wp-json\/wp\/v2\/product"}],"about":[{"href":"https:\/\/www.navarroaubanell.com\/ca\/wp-json\/wp\/v2\/types\/product"}],"wp:featuredmedia":[{"embeddable":true,"href":"https:\/\/www.navarroaubanell.com\/ca\/wp-json\/wp\/v2\/media\/45062"}],"wp:attachment":[{"href":"https:\/\/www.navarroaubanell.com\/ca\/wp-json\/wp\/v2\/media?parent=45082"}],"wp:term":[{"taxonomy":"product_brand","embeddable":true,"href":"https:\/\/www.navarroaubanell.com\/ca\/wp-json\/wp\/v2\/product_brand?post=45082"},{"taxonomy":"product_cat","embeddable":true,"href":"https:\/\/www.navarroaubanell.com\/ca\/wp-json\/wp\/v2\/product_cat?post=45082"},{"taxonomy":"product_tag","embeddable":true,"href":"https:\/\/www.navarroaubanell.com\/ca\/wp-json\/wp\/v2\/product_tag?post=45082"}],"curies":[{"name":"wp","href":"https:\/\/api.w.org\/{rel}","templated":true}]}}