{"id":44778,"date":"2025-02-13T16:49:58","date_gmt":"2025-02-13T15:49:58","guid":{"rendered":"https:\/\/www.navarroaubanell.com\/producto\/mesa-auxiliar-solapa-stua-navarroaubanell\/"},"modified":"2025-02-13T17:33:20","modified_gmt":"2025-02-13T16:33:20","slug":"taula-auxiliar-solapa-stua-navarroaubanell","status":"publish","type":"product","link":"https:\/\/www.navarroaubanell.com\/ca\/producte\/taula-auxiliar-solapa-stua-navarroaubanell\/","title":{"rendered":"Taula auxiliar Solapa"},"content":{"rendered":"<h5 data-start=\"0\" data-end=\"72\">Taula auxiliar Solapa de Stua: Eleg\u00e0ncia cl\u00e0ssica amb un toc de modernitat<\/h5>\n<h6 data-start=\"74\" data-end=\"574\">Disseny Cl\u00e0ssic i Vers\u00e0til<\/h6>\n<div class=\"traductor-textarea form-group\">\n<div class=\"textarea-desti col-xs-12 col-sm-6\">\n<div class=\"form-control second-textarea\">La taula auxiliar Solapa \u00e9s una fam\u00edlia de taules de centre que combina la silueta de formes cl\u00e0ssiques amb proporcions innovadores i elegants. El nom &#8220;Solapa&#8221; reflecteix la seva versatilitat, ja que aquestes taules poden solapar-se entre si gr\u00e0cies a la varietat de grand\u00e0ries disponibles.\u00a0Solapa \u00e9s elegant, pr\u00e0ctica i vers\u00e0til, ja que permet crear composicions \u00faniques segons les necessitats. ideal per a diversos ambients i usos.<\/div>\n<\/div>\n<\/div>\n<h6 data-start=\"576\" data-end=\"979\">Estructura Resistent i Adaptable<\/h6>\n<div class=\"traductor-textarea form-group\">\n<div class=\"textarea-desti col-xs-12 col-sm-6\">\n<div class=\"form-control second-textarea\">L&#8217;estructura de Solapa est\u00e0 formada per quatre potes de polipropil\u00e8 refor\u00e7at amb fibra de vidre en blanc o negre. A m\u00e9s, les potes estan disponibles en dues al\u00e7ades diferents, permetent combinar diferents taules de la fam\u00edlia Solapa per a crear ambients din\u00e0mics i adaptables a qualsevol espai, des d&#8217;hotels fins a entorns comercials.<\/div>\n<\/div>\n<\/div>\n<h6 data-start=\"981\" data-end=\"1448\">Superf\u00edcies d&#8217;alta Qualitat<\/h6>\n<div class=\"traductor-textarea form-group\">\n<div class=\"textarea-desti col-xs-12 col-sm-6\">\n<div class=\"form-control second-textarea\">Solapa est\u00e1 disponible en sobres de MDF de 20 mm de gruix que poden estar acabats en xapa de roure natural, noguera natural o laminatge blanc lacat, protegits per una capa acr\u00edlica per a major durabilitat. Tamb\u00e9 est\u00e0 disponible l&#8217;innovador material Fenix de 10 mm, nanotecnol\u00f2gico, amb un acabat mat, anti petjades, resistent a esgarrapades i capa\u00e7 de reparar microesgarrapades t\u00e8rmicament.<\/div>\n<\/div>\n<\/div>\n","protected":false},"excerpt":{"rendered":"<p>Taula auxiliar Solapa de Stua: Eleg\u00e0ncia cl\u00e0ssica amb un toc de modernitat Disseny Cl\u00e0ssic i Vers\u00e0til La taula auxiliar Solapa \u00e9s una fam\u00edlia de taules de centre que combina la silueta de formes cl\u00e0ssiques amb proporcions innovadores i elegants. El nom &#8220;Solapa&#8221; reflecteix la seva versatilitat, ja que aquestes taules poden solapar-se entre si gr\u00e0cies&hellip;<\/p>\n","protected":false},"featured_media":44746,"template":"","meta":{"_acf_changed":false},"product_brand":[],"product_cat":[525,530],"product_tag":[618,945,664,949,764,696],"class_list":{"0":"post-44778","1":"product","2":"type-product","3":"status-publish","4":"has-post-thumbnail","6":"product_cat-interior","7":"product_cat-taules-auxiliars","8":"product_tag-contract-ca","9":"product_tag-madera-ca","10":"product_tag-interior-ca","11":"product_tag-polipropileno-ca","12":"product_tag-stua-ca","13":"product_tag-taula-auxiliar","14":"description-off","16":"first","17":"instock","18":"shipping-taxable","19":"product-type-simple"},"acf":[],"yoast_head":"<!-- This site is optimized with the Yoast SEO plugin v27.0 - https:\/\/yoast.com\/product\/yoast-seo-wordpress\/ -->\n<title>Taula auxiliar Solapa - Navarro Aubanell<\/title>\n<meta name=\"description\" content=\"Taula auxiliar Solapa de Stua: estructura en polipropil\u00e8 refor\u00e7at amb fibra de vidre, sobres en MDF o Fenix, vers\u00e0til i disponible en diverses altures.\" \/>\n<meta name=\"robots\" content=\"index, follow, max-snippet:-1, max-image-preview:large, max-video-preview:-1\" \/>\n<link rel=\"canonical\" href=\"https:\/\/www.navarroaubanell.com\/ca\/producte\/taula-auxiliar-solapa-stua-navarroaubanell\/\" \/>\n<meta property=\"og:locale\" content=\"ca_ES\" \/>\n<meta property=\"og:type\" content=\"article\" \/>\n<meta property=\"og:title\" content=\"Taula auxiliar Solapa - Navarro Aubanell\" \/>\n<meta property=\"og:description\" content=\"Taula auxiliar Solapa de Stua: estructura en polipropil\u00e8 refor\u00e7at amb fibra de vidre, sobres en MDF o Fenix, vers\u00e0til i disponible en diverses altures.\" \/>\n<meta property=\"og:url\" content=\"https:\/\/www.navarroaubanell.com\/ca\/producte\/taula-auxiliar-solapa-stua-navarroaubanell\/\" \/>\n<meta property=\"og:site_name\" content=\"Navarro Aubanell\" \/>\n<meta property=\"article:modified_time\" content=\"2025-02-13T16:33:20+00:00\" \/>\n<meta property=\"og:image\" content=\"https:\/\/www.navarroaubanell.com\/wp-content\/uploads\/2025\/02\/jjj-Photoroom.png\" \/>\n\t<meta property=\"og:image:width\" content=\"800\" \/>\n\t<meta property=\"og:image:height\" content=\"650\" \/>\n\t<meta property=\"og:image:type\" content=\"image\/png\" \/>\n<meta name=\"twitter:label1\" content=\"Est. reading time\" \/>\n\t<meta name=\"twitter:data1\" content=\"2 minutes\" \/>\n<script type=\"application\/ld+json\" class=\"yoast-schema-graph\">{\"@context\":\"https:\/\/schema.org\",\"@graph\":[{\"@type\":\"WebPage\",\"@id\":\"https:\/\/www.navarroaubanell.com\/ca\/producte\/taula-auxiliar-solapa-stua-navarroaubanell\/\",\"url\":\"https:\/\/www.navarroaubanell.com\/ca\/producte\/taula-auxiliar-solapa-stua-navarroaubanell\/\",\"name\":\"Taula auxiliar Solapa - Navarro Aubanell\",\"isPartOf\":{\"@id\":\"https:\/\/www.navarroaubanell.com\/ca\/#website\"},\"primaryImageOfPage\":{\"@id\":\"https:\/\/www.navarroaubanell.com\/ca\/producte\/taula-auxiliar-solapa-stua-navarroaubanell\/#primaryimage\"},\"image\":{\"@id\":\"https:\/\/www.navarroaubanell.com\/ca\/producte\/taula-auxiliar-solapa-stua-navarroaubanell\/#primaryimage\"},\"thumbnailUrl\":\"https:\/\/www.navarroaubanell.com\/wp-content\/uploads\/2025\/02\/jjj-Photoroom.png\",\"datePublished\":\"2025-02-13T15:49:58+00:00\",\"dateModified\":\"2025-02-13T16:33:20+00:00\",\"description\":\"Taula auxiliar Solapa de Stua: estructura en polipropil\u00e8 refor\u00e7at amb fibra de vidre, sobres en MDF o Fenix, vers\u00e0til i disponible en diverses altures.\",\"breadcrumb\":{\"@id\":\"https:\/\/www.navarroaubanell.com\/ca\/producte\/taula-auxiliar-solapa-stua-navarroaubanell\/#breadcrumb\"},\"inLanguage\":\"ca\",\"potentialAction\":[{\"@type\":\"ReadAction\",\"target\":[\"https:\/\/www.navarroaubanell.com\/ca\/producte\/taula-auxiliar-solapa-stua-navarroaubanell\/\"]}]},{\"@type\":\"ImageObject\",\"inLanguage\":\"ca\",\"@id\":\"https:\/\/www.navarroaubanell.com\/ca\/producte\/taula-auxiliar-solapa-stua-navarroaubanell\/#primaryimage\",\"url\":\"https:\/\/www.navarroaubanell.com\/wp-content\/uploads\/2025\/02\/jjj-Photoroom.png\",\"contentUrl\":\"https:\/\/www.navarroaubanell.com\/wp-content\/uploads\/2025\/02\/jjj-Photoroom.png\",\"width\":800,\"height\":650,\"caption\":\"Mesa auxiliar Solapa\"},{\"@type\":\"BreadcrumbList\",\"@id\":\"https:\/\/www.navarroaubanell.com\/ca\/producte\/taula-auxiliar-solapa-stua-navarroaubanell\/#breadcrumb\",\"itemListElement\":[{\"@type\":\"ListItem\",\"position\":1,\"name\":\"Portada\",\"item\":\"https:\/\/www.navarroaubanell.com\/ca\/\"},{\"@type\":\"ListItem\",\"position\":2,\"name\":\"Productes\",\"item\":\"https:\/\/www.navarroaubanell.com\/productos\/\"},{\"@type\":\"ListItem\",\"position\":3,\"name\":\"Taula auxiliar Solapa\"}]},{\"@type\":\"WebSite\",\"@id\":\"https:\/\/www.navarroaubanell.com\/ca\/#website\",\"url\":\"https:\/\/www.navarroaubanell.com\/ca\/\",\"name\":\"Navarro Aubanell\",\"description\":\"Mobiliario para hoteler\u00eda, colectividades y oficinas\",\"publisher\":{\"@id\":\"https:\/\/www.navarroaubanell.com\/ca\/#organization\"},\"potentialAction\":[{\"@type\":\"SearchAction\",\"target\":{\"@type\":\"EntryPoint\",\"urlTemplate\":\"https:\/\/www.navarroaubanell.com\/ca\/?s={search_term_string}\"},\"query-input\":{\"@type\":\"PropertyValueSpecification\",\"valueRequired\":true,\"valueName\":\"search_term_string\"}}],\"inLanguage\":\"ca\"},{\"@type\":\"Organization\",\"@id\":\"https:\/\/www.navarroaubanell.com\/ca\/#organization\",\"name\":\"COMERCIAL NAVARRO AUBANELL, S.A\",\"url\":\"https:\/\/www.navarroaubanell.com\/ca\/\",\"logo\":{\"@type\":\"ImageObject\",\"inLanguage\":\"ca\",\"@id\":\"https:\/\/www.navarroaubanell.com\/ca\/#\/schema\/logo\/image\/\",\"url\":\"https:\/\/www.navarroaubanell.com\/wp-content\/uploads\/2017\/07\/logo-navarro-aubuanell.png\",\"contentUrl\":\"https:\/\/www.navarroaubanell.com\/wp-content\/uploads\/2017\/07\/logo-navarro-aubuanell.png\",\"width\":6304,\"height\":1154,\"caption\":\"COMERCIAL NAVARRO AUBANELL, S.A\"},\"image\":{\"@id\":\"https:\/\/www.navarroaubanell.com\/ca\/#\/schema\/logo\/image\/\"}}]}<\/script>\n<!-- \/ Yoast SEO plugin. -->","yoast_head_json":{"title":"Taula auxiliar Solapa - Navarro Aubanell","description":"Taula auxiliar Solapa de Stua: estructura en polipropil\u00e8 refor\u00e7at amb fibra de vidre, sobres en MDF o Fenix, vers\u00e0til i disponible en diverses altures.","robots":{"index":"index","follow":"follow","max-snippet":"max-snippet:-1","max-image-preview":"max-image-preview:large","max-video-preview":"max-video-preview:-1"},"canonical":"https:\/\/www.navarroaubanell.com\/ca\/producte\/taula-auxiliar-solapa-stua-navarroaubanell\/","og_locale":"ca_ES","og_type":"article","og_title":"Taula auxiliar Solapa - Navarro Aubanell","og_description":"Taula auxiliar Solapa de Stua: estructura en polipropil\u00e8 refor\u00e7at amb fibra de vidre, sobres en MDF o Fenix, vers\u00e0til i disponible en diverses altures.","og_url":"https:\/\/www.navarroaubanell.com\/ca\/producte\/taula-auxiliar-solapa-stua-navarroaubanell\/","og_site_name":"Navarro Aubanell","article_modified_time":"2025-02-13T16:33:20+00:00","og_image":[{"width":800,"height":650,"url":"https:\/\/www.navarroaubanell.com\/wp-content\/uploads\/2025\/02\/jjj-Photoroom.png","type":"image\/png"}],"twitter_misc":{"Est. reading time":"2 minutes"},"schema":{"@context":"https:\/\/schema.org","@graph":[{"@type":"WebPage","@id":"https:\/\/www.navarroaubanell.com\/ca\/producte\/taula-auxiliar-solapa-stua-navarroaubanell\/","url":"https:\/\/www.navarroaubanell.com\/ca\/producte\/taula-auxiliar-solapa-stua-navarroaubanell\/","name":"Taula auxiliar Solapa - Navarro Aubanell","isPartOf":{"@id":"https:\/\/www.navarroaubanell.com\/ca\/#website"},"primaryImageOfPage":{"@id":"https:\/\/www.navarroaubanell.com\/ca\/producte\/taula-auxiliar-solapa-stua-navarroaubanell\/#primaryimage"},"image":{"@id":"https:\/\/www.navarroaubanell.com\/ca\/producte\/taula-auxiliar-solapa-stua-navarroaubanell\/#primaryimage"},"thumbnailUrl":"https:\/\/www.navarroaubanell.com\/wp-content\/uploads\/2025\/02\/jjj-Photoroom.png","datePublished":"2025-02-13T15:49:58+00:00","dateModified":"2025-02-13T16:33:20+00:00","description":"Taula auxiliar Solapa de Stua: estructura en polipropil\u00e8 refor\u00e7at amb fibra de vidre, sobres en MDF o Fenix, vers\u00e0til i disponible en diverses altures.","breadcrumb":{"@id":"https:\/\/www.navarroaubanell.com\/ca\/producte\/taula-auxiliar-solapa-stua-navarroaubanell\/#breadcrumb"},"inLanguage":"ca","potentialAction":[{"@type":"ReadAction","target":["https:\/\/www.navarroaubanell.com\/ca\/producte\/taula-auxiliar-solapa-stua-navarroaubanell\/"]}]},{"@type":"ImageObject","inLanguage":"ca","@id":"https:\/\/www.navarroaubanell.com\/ca\/producte\/taula-auxiliar-solapa-stua-navarroaubanell\/#primaryimage","url":"https:\/\/www.navarroaubanell.com\/wp-content\/uploads\/2025\/02\/jjj-Photoroom.png","contentUrl":"https:\/\/www.navarroaubanell.com\/wp-content\/uploads\/2025\/02\/jjj-Photoroom.png","width":800,"height":650,"caption":"Mesa auxiliar Solapa"},{"@type":"BreadcrumbList","@id":"https:\/\/www.navarroaubanell.com\/ca\/producte\/taula-auxiliar-solapa-stua-navarroaubanell\/#breadcrumb","itemListElement":[{"@type":"ListItem","position":1,"name":"Portada","item":"https:\/\/www.navarroaubanell.com\/ca\/"},{"@type":"ListItem","position":2,"name":"Productes","item":"https:\/\/www.navarroaubanell.com\/productos\/"},{"@type":"ListItem","position":3,"name":"Taula auxiliar Solapa"}]},{"@type":"WebSite","@id":"https:\/\/www.navarroaubanell.com\/ca\/#website","url":"https:\/\/www.navarroaubanell.com\/ca\/","name":"Navarro Aubanell","description":"Mobiliario para hoteler\u00eda, colectividades y oficinas","publisher":{"@id":"https:\/\/www.navarroaubanell.com\/ca\/#organization"},"potentialAction":[{"@type":"SearchAction","target":{"@type":"EntryPoint","urlTemplate":"https:\/\/www.navarroaubanell.com\/ca\/?s={search_term_string}"},"query-input":{"@type":"PropertyValueSpecification","valueRequired":true,"valueName":"search_term_string"}}],"inLanguage":"ca"},{"@type":"Organization","@id":"https:\/\/www.navarroaubanell.com\/ca\/#organization","name":"COMERCIAL NAVARRO AUBANELL, S.A","url":"https:\/\/www.navarroaubanell.com\/ca\/","logo":{"@type":"ImageObject","inLanguage":"ca","@id":"https:\/\/www.navarroaubanell.com\/ca\/#\/schema\/logo\/image\/","url":"https:\/\/www.navarroaubanell.com\/wp-content\/uploads\/2017\/07\/logo-navarro-aubuanell.png","contentUrl":"https:\/\/www.navarroaubanell.com\/wp-content\/uploads\/2017\/07\/logo-navarro-aubuanell.png","width":6304,"height":1154,"caption":"COMERCIAL NAVARRO AUBANELL, S.A"},"image":{"@id":"https:\/\/www.navarroaubanell.com\/ca\/#\/schema\/logo\/image\/"}}]}},"_links":{"self":[{"href":"https:\/\/www.navarroaubanell.com\/ca\/wp-json\/wp\/v2\/product\/44778","targetHints":{"allow":["GET"]}}],"collection":[{"href":"https:\/\/www.navarroaubanell.com\/ca\/wp-json\/wp\/v2\/product"}],"about":[{"href":"https:\/\/www.navarroaubanell.com\/ca\/wp-json\/wp\/v2\/types\/product"}],"wp:featuredmedia":[{"embeddable":true,"href":"https:\/\/www.navarroaubanell.com\/ca\/wp-json\/wp\/v2\/media\/44746"}],"wp:attachment":[{"href":"https:\/\/www.navarroaubanell.com\/ca\/wp-json\/wp\/v2\/media?parent=44778"}],"wp:term":[{"taxonomy":"product_brand","embeddable":true,"href":"https:\/\/www.navarroaubanell.com\/ca\/wp-json\/wp\/v2\/product_brand?post=44778"},{"taxonomy":"product_cat","embeddable":true,"href":"https:\/\/www.navarroaubanell.com\/ca\/wp-json\/wp\/v2\/product_cat?post=44778"},{"taxonomy":"product_tag","embeddable":true,"href":"https:\/\/www.navarroaubanell.com\/ca\/wp-json\/wp\/v2\/product_tag?post=44778"}],"curies":[{"name":"wp","href":"https:\/\/api.w.org\/{rel}","templated":true}]}}