{"id":44612,"date":"2025-02-12T09:03:50","date_gmt":"2025-02-12T08:03:50","guid":{"rendered":"https:\/\/www.navarroaubanell.com\/producto\/conjunto-relax\/"},"modified":"2025-02-12T09:10:04","modified_gmt":"2025-02-12T08:10:04","slug":"conjunt-relax-navarroaubanell","status":"publish","type":"product","link":"https:\/\/www.navarroaubanell.com\/ca\/producte\/conjunt-relax-navarroaubanell\/","title":{"rendered":"Conjunt Relax"},"content":{"rendered":"<h5 data-start=\"0\" data-end=\"42\">Conjunt Relax: Estil i Funcionalitat<\/h5>\n<div class=\"traductor-textarea form-group\">\n<div class=\"textarea-desti col-xs-12 col-sm-6\">\n<div class=\"form-control second-textarea\">El Conjunt Relax \u00e9s l&#8217;opci\u00f3 ideal per a aquells que busquen una perfecta fusi\u00f3 entre estil modern i funcionalitat pr\u00e0ctica. Aquest conjunt, amb un disseny contemporani, s&#8217;integra de manera harmoniosa en qualsevol ambient exterior.<\/div>\n<\/div>\n<\/div>\n<h6 data-start=\"358\" data-end=\"386\">Personalitzaci\u00f3 Flexible<\/h6>\n<div class=\"traductor-textarea form-group\">\n<div class=\"textarea-desti col-xs-12 col-sm-6\">\n<div class=\"form-control second-textarea\">Cada pe\u00e7a est\u00e0 disponible de manera individual, permetent que s&#8217;adapti a les necessitats espec\u00edfiques del teu espai. Des de butaques, chaiselongues i raconeres fins a c\u00f2modes puffs, perqu\u00e8 puguis crear el teu propi oasi de relaxaci\u00f3. A m\u00e9s, pots incloure taules auxiliars que complementen a la perfecci\u00f3 el disseny, agregant un toc funcional.<\/div>\n<\/div>\n<\/div>\n<h6 data-start=\"782\" data-end=\"812\">Comoditat i Sostenibilitat<\/h6>\n<div class=\"traductor-textarea form-group\">\n<div class=\"textarea-desti col-xs-12 col-sm-6\">\n<div class=\"form-control second-textarea\">El Conjunt Relax no sols destaca per la seva est\u00e8tica, sin\u00f3 tamb\u00e9 pel seu comprom\u00eds amb el confort i la sostenibilitat. L&#8217;interior de cada seient est\u00e0 farcit amb poliuret\u00e0 picat reciclat, oferint una experi\u00e8ncia de descans \u00f2ptima. A m\u00e9s, la base de l&#8217;entapissat est\u00e0 feta de 100% <em>solution dyed acrylic<\/em> impermeable, un material resistent que mant\u00e9 el seu color vibrant i protegeix contra el desgast diari.<\/div>\n<\/div>\n<\/div>\n<h6 data-start=\"1269\" data-end=\"1298\">Disseny i Qualitat Duradora<\/h6>\n<div class=\"traductor-textarea form-group\">\n<div class=\"textarea-desti col-xs-12 col-sm-6\">\n<div class=\"form-control second-textarea\">Els seients del Conjunt Relax s\u00f3n amplis, amb l\u00ednies suaus i una estructura embuatada que convida a la relaxaci\u00f3. El seu disseny ergon\u00f2mic \u00e9s perfecte per a gaudir moments de desconnexi\u00f3 en jardins, terrasses o \u00e0rees comunes a l&#8217;aire lliure.<\/div>\n<\/div>\n<\/div>\n<p>&nbsp;<\/p>\n","protected":false},"excerpt":{"rendered":"<p>Conjunt Relax: Estil i Funcionalitat El Conjunt Relax \u00e9s l&#8217;opci\u00f3 ideal per a aquells que busquen una perfecta fusi\u00f3 entre estil modern i funcionalitat pr\u00e0ctica. Aquest conjunt, amb un disseny contemporani, s&#8217;integra de manera harmoniosa en qualsevol ambient exterior. Personalitzaci\u00f3 Flexible Cada pe\u00e7a est\u00e0 disponible de manera individual, permetent que s&#8217;adapti a les necessitats espec\u00edfiques&hellip;<\/p>\n","protected":false},"featured_media":44592,"template":"","meta":{"_acf_changed":false},"product_brand":[],"product_cat":[564,565,563],"product_tag":[605,816,617,640,1638,1646,1665],"class_list":{"0":"post-44612","1":"product","2":"type-product","3":"status-publish","4":"has-post-thumbnail","6":"product_cat-chill-out-ca","7":"product_cat-conjunts-exterior","8":"product_cat-exterior-ca","9":"product_tag-butaca-ca","10":"product_tag-chill-out-ca","11":"product_tag-conjunt","12":"product_tag-exterior-ca","13":"product_tag-f-70-ca","14":"product_tag-puff-ca","15":"product_tag-rinconera-chaiselongue-ca","16":"description-off","18":"first","19":"instock","20":"shipping-taxable","21":"product-type-simple"},"acf":[],"yoast_head":"<!-- This site is optimized with the Yoast SEO plugin v27.0 - https:\/\/yoast.com\/product\/yoast-seo-wordpress\/ -->\n<title>Conjunt Relax - Navarro Aubanell<\/title>\n<meta name=\"description\" content=\"Conjunt Relax: dissenyo modular i resistent, entapissat impermeable, ideal per a exteriors. Comoditat, sostenibilitat i estil modern en cada pe\u00e7a.\" \/>\n<meta name=\"robots\" content=\"index, follow, max-snippet:-1, max-image-preview:large, max-video-preview:-1\" \/>\n<link rel=\"canonical\" href=\"https:\/\/www.navarroaubanell.com\/ca\/producte\/conjunt-relax-navarroaubanell\/\" \/>\n<meta property=\"og:locale\" content=\"ca_ES\" \/>\n<meta property=\"og:type\" content=\"article\" \/>\n<meta property=\"og:title\" content=\"Conjunt Relax - Navarro Aubanell\" \/>\n<meta property=\"og:description\" content=\"Conjunt Relax: dissenyo modular i resistent, entapissat impermeable, ideal per a exteriors. Comoditat, sostenibilitat i estil modern en cada pe\u00e7a.\" \/>\n<meta property=\"og:url\" content=\"https:\/\/www.navarroaubanell.com\/ca\/producte\/conjunt-relax-navarroaubanell\/\" \/>\n<meta property=\"og:site_name\" content=\"Navarro Aubanell\" \/>\n<meta property=\"article:modified_time\" content=\"2025-02-12T08:10:04+00:00\" \/>\n<meta property=\"og:image\" content=\"https:\/\/www.navarroaubanell.com\/wp-content\/uploads\/2025\/02\/Conjunto-Relax-1.png\" \/>\n\t<meta property=\"og:image:width\" content=\"800\" \/>\n\t<meta property=\"og:image:height\" content=\"650\" \/>\n\t<meta property=\"og:image:type\" content=\"image\/png\" \/>\n<meta name=\"twitter:label1\" content=\"Est. reading time\" \/>\n\t<meta name=\"twitter:data1\" content=\"2 minutes\" \/>\n<script type=\"application\/ld+json\" class=\"yoast-schema-graph\">{\"@context\":\"https:\/\/schema.org\",\"@graph\":[{\"@type\":\"WebPage\",\"@id\":\"https:\/\/www.navarroaubanell.com\/ca\/producte\/conjunt-relax-navarroaubanell\/\",\"url\":\"https:\/\/www.navarroaubanell.com\/ca\/producte\/conjunt-relax-navarroaubanell\/\",\"name\":\"Conjunt Relax - Navarro Aubanell\",\"isPartOf\":{\"@id\":\"https:\/\/www.navarroaubanell.com\/ca\/#website\"},\"primaryImageOfPage\":{\"@id\":\"https:\/\/www.navarroaubanell.com\/ca\/producte\/conjunt-relax-navarroaubanell\/#primaryimage\"},\"image\":{\"@id\":\"https:\/\/www.navarroaubanell.com\/ca\/producte\/conjunt-relax-navarroaubanell\/#primaryimage\"},\"thumbnailUrl\":\"https:\/\/www.navarroaubanell.com\/wp-content\/uploads\/2025\/02\/Conjunto-Relax-1.png\",\"datePublished\":\"2025-02-12T08:03:50+00:00\",\"dateModified\":\"2025-02-12T08:10:04+00:00\",\"description\":\"Conjunt Relax: dissenyo modular i resistent, entapissat impermeable, ideal per a exteriors. Comoditat, sostenibilitat i estil modern en cada pe\u00e7a.\",\"breadcrumb\":{\"@id\":\"https:\/\/www.navarroaubanell.com\/ca\/producte\/conjunt-relax-navarroaubanell\/#breadcrumb\"},\"inLanguage\":\"ca\",\"potentialAction\":[{\"@type\":\"ReadAction\",\"target\":[\"https:\/\/www.navarroaubanell.com\/ca\/producte\/conjunt-relax-navarroaubanell\/\"]}]},{\"@type\":\"ImageObject\",\"inLanguage\":\"ca\",\"@id\":\"https:\/\/www.navarroaubanell.com\/ca\/producte\/conjunt-relax-navarroaubanell\/#primaryimage\",\"url\":\"https:\/\/www.navarroaubanell.com\/wp-content\/uploads\/2025\/02\/Conjunto-Relax-1.png\",\"contentUrl\":\"https:\/\/www.navarroaubanell.com\/wp-content\/uploads\/2025\/02\/Conjunto-Relax-1.png\",\"width\":800,\"height\":650,\"caption\":\"Conjunto Relax\"},{\"@type\":\"BreadcrumbList\",\"@id\":\"https:\/\/www.navarroaubanell.com\/ca\/producte\/conjunt-relax-navarroaubanell\/#breadcrumb\",\"itemListElement\":[{\"@type\":\"ListItem\",\"position\":1,\"name\":\"Portada\",\"item\":\"https:\/\/www.navarroaubanell.com\/ca\/\"},{\"@type\":\"ListItem\",\"position\":2,\"name\":\"Productes\",\"item\":\"https:\/\/www.navarroaubanell.com\/productos\/\"},{\"@type\":\"ListItem\",\"position\":3,\"name\":\"Conjunt Relax\"}]},{\"@type\":\"WebSite\",\"@id\":\"https:\/\/www.navarroaubanell.com\/ca\/#website\",\"url\":\"https:\/\/www.navarroaubanell.com\/ca\/\",\"name\":\"Navarro Aubanell\",\"description\":\"Mobiliario para hoteler\u00eda, colectividades y oficinas\",\"publisher\":{\"@id\":\"https:\/\/www.navarroaubanell.com\/ca\/#organization\"},\"potentialAction\":[{\"@type\":\"SearchAction\",\"target\":{\"@type\":\"EntryPoint\",\"urlTemplate\":\"https:\/\/www.navarroaubanell.com\/ca\/?s={search_term_string}\"},\"query-input\":{\"@type\":\"PropertyValueSpecification\",\"valueRequired\":true,\"valueName\":\"search_term_string\"}}],\"inLanguage\":\"ca\"},{\"@type\":\"Organization\",\"@id\":\"https:\/\/www.navarroaubanell.com\/ca\/#organization\",\"name\":\"COMERCIAL NAVARRO AUBANELL, S.A\",\"url\":\"https:\/\/www.navarroaubanell.com\/ca\/\",\"logo\":{\"@type\":\"ImageObject\",\"inLanguage\":\"ca\",\"@id\":\"https:\/\/www.navarroaubanell.com\/ca\/#\/schema\/logo\/image\/\",\"url\":\"https:\/\/www.navarroaubanell.com\/wp-content\/uploads\/2017\/07\/logo-navarro-aubuanell.png\",\"contentUrl\":\"https:\/\/www.navarroaubanell.com\/wp-content\/uploads\/2017\/07\/logo-navarro-aubuanell.png\",\"width\":6304,\"height\":1154,\"caption\":\"COMERCIAL NAVARRO AUBANELL, S.A\"},\"image\":{\"@id\":\"https:\/\/www.navarroaubanell.com\/ca\/#\/schema\/logo\/image\/\"}}]}<\/script>\n<!-- \/ Yoast SEO plugin. -->","yoast_head_json":{"title":"Conjunt Relax - Navarro Aubanell","description":"Conjunt Relax: dissenyo modular i resistent, entapissat impermeable, ideal per a exteriors. Comoditat, sostenibilitat i estil modern en cada pe\u00e7a.","robots":{"index":"index","follow":"follow","max-snippet":"max-snippet:-1","max-image-preview":"max-image-preview:large","max-video-preview":"max-video-preview:-1"},"canonical":"https:\/\/www.navarroaubanell.com\/ca\/producte\/conjunt-relax-navarroaubanell\/","og_locale":"ca_ES","og_type":"article","og_title":"Conjunt Relax - Navarro Aubanell","og_description":"Conjunt Relax: dissenyo modular i resistent, entapissat impermeable, ideal per a exteriors. Comoditat, sostenibilitat i estil modern en cada pe\u00e7a.","og_url":"https:\/\/www.navarroaubanell.com\/ca\/producte\/conjunt-relax-navarroaubanell\/","og_site_name":"Navarro Aubanell","article_modified_time":"2025-02-12T08:10:04+00:00","og_image":[{"width":800,"height":650,"url":"https:\/\/www.navarroaubanell.com\/wp-content\/uploads\/2025\/02\/Conjunto-Relax-1.png","type":"image\/png"}],"twitter_misc":{"Est. reading time":"2 minutes"},"schema":{"@context":"https:\/\/schema.org","@graph":[{"@type":"WebPage","@id":"https:\/\/www.navarroaubanell.com\/ca\/producte\/conjunt-relax-navarroaubanell\/","url":"https:\/\/www.navarroaubanell.com\/ca\/producte\/conjunt-relax-navarroaubanell\/","name":"Conjunt Relax - Navarro Aubanell","isPartOf":{"@id":"https:\/\/www.navarroaubanell.com\/ca\/#website"},"primaryImageOfPage":{"@id":"https:\/\/www.navarroaubanell.com\/ca\/producte\/conjunt-relax-navarroaubanell\/#primaryimage"},"image":{"@id":"https:\/\/www.navarroaubanell.com\/ca\/producte\/conjunt-relax-navarroaubanell\/#primaryimage"},"thumbnailUrl":"https:\/\/www.navarroaubanell.com\/wp-content\/uploads\/2025\/02\/Conjunto-Relax-1.png","datePublished":"2025-02-12T08:03:50+00:00","dateModified":"2025-02-12T08:10:04+00:00","description":"Conjunt Relax: dissenyo modular i resistent, entapissat impermeable, ideal per a exteriors. Comoditat, sostenibilitat i estil modern en cada pe\u00e7a.","breadcrumb":{"@id":"https:\/\/www.navarroaubanell.com\/ca\/producte\/conjunt-relax-navarroaubanell\/#breadcrumb"},"inLanguage":"ca","potentialAction":[{"@type":"ReadAction","target":["https:\/\/www.navarroaubanell.com\/ca\/producte\/conjunt-relax-navarroaubanell\/"]}]},{"@type":"ImageObject","inLanguage":"ca","@id":"https:\/\/www.navarroaubanell.com\/ca\/producte\/conjunt-relax-navarroaubanell\/#primaryimage","url":"https:\/\/www.navarroaubanell.com\/wp-content\/uploads\/2025\/02\/Conjunto-Relax-1.png","contentUrl":"https:\/\/www.navarroaubanell.com\/wp-content\/uploads\/2025\/02\/Conjunto-Relax-1.png","width":800,"height":650,"caption":"Conjunto Relax"},{"@type":"BreadcrumbList","@id":"https:\/\/www.navarroaubanell.com\/ca\/producte\/conjunt-relax-navarroaubanell\/#breadcrumb","itemListElement":[{"@type":"ListItem","position":1,"name":"Portada","item":"https:\/\/www.navarroaubanell.com\/ca\/"},{"@type":"ListItem","position":2,"name":"Productes","item":"https:\/\/www.navarroaubanell.com\/productos\/"},{"@type":"ListItem","position":3,"name":"Conjunt Relax"}]},{"@type":"WebSite","@id":"https:\/\/www.navarroaubanell.com\/ca\/#website","url":"https:\/\/www.navarroaubanell.com\/ca\/","name":"Navarro Aubanell","description":"Mobiliario para hoteler\u00eda, colectividades y oficinas","publisher":{"@id":"https:\/\/www.navarroaubanell.com\/ca\/#organization"},"potentialAction":[{"@type":"SearchAction","target":{"@type":"EntryPoint","urlTemplate":"https:\/\/www.navarroaubanell.com\/ca\/?s={search_term_string}"},"query-input":{"@type":"PropertyValueSpecification","valueRequired":true,"valueName":"search_term_string"}}],"inLanguage":"ca"},{"@type":"Organization","@id":"https:\/\/www.navarroaubanell.com\/ca\/#organization","name":"COMERCIAL NAVARRO AUBANELL, S.A","url":"https:\/\/www.navarroaubanell.com\/ca\/","logo":{"@type":"ImageObject","inLanguage":"ca","@id":"https:\/\/www.navarroaubanell.com\/ca\/#\/schema\/logo\/image\/","url":"https:\/\/www.navarroaubanell.com\/wp-content\/uploads\/2017\/07\/logo-navarro-aubuanell.png","contentUrl":"https:\/\/www.navarroaubanell.com\/wp-content\/uploads\/2017\/07\/logo-navarro-aubuanell.png","width":6304,"height":1154,"caption":"COMERCIAL NAVARRO AUBANELL, S.A"},"image":{"@id":"https:\/\/www.navarroaubanell.com\/ca\/#\/schema\/logo\/image\/"}}]}},"_links":{"self":[{"href":"https:\/\/www.navarroaubanell.com\/ca\/wp-json\/wp\/v2\/product\/44612","targetHints":{"allow":["GET"]}}],"collection":[{"href":"https:\/\/www.navarroaubanell.com\/ca\/wp-json\/wp\/v2\/product"}],"about":[{"href":"https:\/\/www.navarroaubanell.com\/ca\/wp-json\/wp\/v2\/types\/product"}],"wp:featuredmedia":[{"embeddable":true,"href":"https:\/\/www.navarroaubanell.com\/ca\/wp-json\/wp\/v2\/media\/44592"}],"wp:attachment":[{"href":"https:\/\/www.navarroaubanell.com\/ca\/wp-json\/wp\/v2\/media?parent=44612"}],"wp:term":[{"taxonomy":"product_brand","embeddable":true,"href":"https:\/\/www.navarroaubanell.com\/ca\/wp-json\/wp\/v2\/product_brand?post=44612"},{"taxonomy":"product_cat","embeddable":true,"href":"https:\/\/www.navarroaubanell.com\/ca\/wp-json\/wp\/v2\/product_cat?post=44612"},{"taxonomy":"product_tag","embeddable":true,"href":"https:\/\/www.navarroaubanell.com\/ca\/wp-json\/wp\/v2\/product_tag?post=44612"}],"curies":[{"name":"wp","href":"https:\/\/api.w.org\/{rel}","templated":true}]}}