{"id":43683,"date":"2025-01-22T11:00:46","date_gmt":"2025-01-22T10:00:46","guid":{"rendered":"https:\/\/www.navarroaubanell.com\/producto\/conjunto-tarec-navarroaubanell\/"},"modified":"2025-01-22T11:38:44","modified_gmt":"2025-01-22T10:38:44","slug":"conjunt-tarec-navarroaubanell","status":"publish","type":"product","link":"https:\/\/www.navarroaubanell.com\/ca\/producte\/conjunt-tarec-navarroaubanell\/","title":{"rendered":"Conjunt Tarec"},"content":{"rendered":"<h5>Conjunt Tarec: L&#8217;equilibri perfecte entre estil i funcionalitat<\/h5>\n<div class=\"traductor-textarea form-group\">\n<div class=\"textarea-desti col-xs-12 col-sm-6\">\n<div class=\"form-control second-textarea\">El conjunt Tarec \u00e9s l&#8217;elecci\u00f3 ideal per als qui busquen una combinaci\u00f3 harm\u00f2nica entre disseny modern i practicitat. La seva est\u00e8tica elegant i contempor\u00e0nia permet que s&#8217;integri tant en espais exteriors com interiors.<\/div>\n<\/div>\n<\/div>\n<h6>M\u00faltiples configuracions per a personalitzar el teu espai<\/h6>\n<div class=\"traductor-textarea form-group\">\n<div class=\"textarea-desti col-xs-12 col-sm-6\">\n<div class=\"form-control second-textarea\">Cada pe\u00e7a est\u00e0 disponible de manera individual, la qual cosa permet personalitzar-ho segons les necessitats de l&#8217;espai. Les opcions inclouen un sof\u00e0 de dues o tres places, butaques, una taula central i una taula auxiliar, oferint infinites possibilitats de combinaci\u00f3.<\/div>\n<\/div>\n<\/div>\n<h6>Materials resistents i disseny pensar per a exterior<\/h6>\n<div class=\"traductor-textarea form-group\">\n<div class=\"textarea-desti col-xs-12 col-sm-6\">\n<div class=\"form-control second-textarea\">L&#8217;estructura d&#8217;alumini est\u00e0 recoberta amb pintura blanca especial per a exteriors, assegurant resist\u00e8ncia sense perdre el seu estil. El respatller est\u00e0 confeccionat amb corda de silicona s\u00f2lida el\u00e0stica, resistent als agents corrosius i repel\u00b7lent a l&#8217;aigua, a m\u00e9s de ser 100% reciclable.<\/div>\n<\/div>\n<\/div>\n<h6>Acabats sofisticats i personalitzaci\u00f3<\/h6>\n<div class=\"traductor-textarea form-group\">\n<div class=\"textarea-desti col-xs-12 col-sm-6\">\n<div class=\"form-control second-textarea\">El sobre de vidre de les\u00a0 taules afegeix un toc sofisticat, mentre que els detalls en fusta dels bra\u00e7os dels seients aporten un toc natural. Els coixins estan entapissats amb teles n\u00e0utiques, assegurant durabilitat a l&#8217;exterior, i disponibles en una varietat de colors i teixits que s&#8217;adapten a diferents estils decoratius.<\/div>\n<\/div>\n<\/div>\n<h6>Mesures<\/h6>\n<p><strong>Butaca<\/strong>: 72x77x87cm<br \/>\n<strong>Sof\u00e0 2 places:<\/strong> 133x77x87cm<br \/>\n<strong>Sof\u00e0 3 places:<\/strong> 193x77x87cm<br \/>\n<strong>Taula de centre:<\/strong> 100x40x63cm<br \/>\n<strong>Taula auxiliar:<\/strong> 50x42x50cm<\/p>\n","protected":false},"excerpt":{"rendered":"<p>Conjunt Tarec: L&#8217;equilibri perfecte entre estil i funcionalitat El conjunt Tarec \u00e9s l&#8217;elecci\u00f3 ideal per als qui busquen una combinaci\u00f3 harm\u00f2nica entre disseny modern i practicitat. La seva est\u00e8tica elegant i contempor\u00e0nia permet que s&#8217;integri tant en espais exteriors com interiors. M\u00faltiples configuracions per a personalitzar el teu espai Cada pe\u00e7a est\u00e0 disponible de manera&hellip;<\/p>\n","protected":false},"featured_media":43673,"template":"","meta":{"_acf_changed":false},"product_brand":[],"product_cat":[565,563],"product_tag":[992,749,617,640,1638,1644,1642,754,696],"class_list":{"0":"post-43683","1":"product","2":"type-product","3":"status-publish","4":"has-post-thumbnail","6":"product_cat-conjunts-exterior","7":"product_cat-exterior-ca","8":"product_tag-aluminio-ca","9":"product_tag-cadira-de-barcos","10":"product_tag-conjunt","11":"product_tag-exterior-ca","12":"product_tag-f-70-ca","13":"product_tag-mesa-central-ca","14":"product_tag-nautico-ca","15":"product_tag-sofa-ca","16":"product_tag-taula-auxiliar","17":"description-off","19":"first","20":"instock","21":"shipping-taxable","22":"product-type-simple"},"acf":[],"yoast_head":"<!-- This site is optimized with the Yoast SEO plugin v27.0 - https:\/\/yoast.com\/product\/yoast-seo-wordpress\/ -->\n<title>Conjunt Tarec - Navarro Aubanell<\/title>\n<meta name=\"description\" content=\"Conjunt Tarec: disseny modern, versatilitat i resist\u00e8ncia per a espais exteriors i interiors, amb opcions personalitzables en seients i acabats.\" \/>\n<meta name=\"robots\" content=\"index, follow, max-snippet:-1, max-image-preview:large, max-video-preview:-1\" \/>\n<link rel=\"canonical\" href=\"https:\/\/www.navarroaubanell.com\/ca\/producte\/conjunt-tarec-navarroaubanell\/\" \/>\n<meta property=\"og:locale\" content=\"ca_ES\" \/>\n<meta property=\"og:type\" content=\"article\" \/>\n<meta property=\"og:title\" content=\"Conjunt Tarec - Navarro Aubanell\" \/>\n<meta property=\"og:description\" content=\"Conjunt Tarec: disseny modern, versatilitat i resist\u00e8ncia per a espais exteriors i interiors, amb opcions personalitzables en seients i acabats.\" \/>\n<meta property=\"og:url\" content=\"https:\/\/www.navarroaubanell.com\/ca\/producte\/conjunt-tarec-navarroaubanell\/\" \/>\n<meta property=\"og:site_name\" content=\"Navarro Aubanell\" \/>\n<meta property=\"article:modified_time\" content=\"2025-01-22T10:38:44+00:00\" \/>\n<meta property=\"og:image\" content=\"https:\/\/www.navarroaubanell.com\/wp-content\/uploads\/2025\/01\/tarec-Photoroom.png\" \/>\n\t<meta property=\"og:image:width\" content=\"800\" \/>\n\t<meta property=\"og:image:height\" content=\"650\" \/>\n\t<meta property=\"og:image:type\" content=\"image\/png\" \/>\n<meta name=\"twitter:label1\" content=\"Est. reading time\" \/>\n\t<meta name=\"twitter:data1\" content=\"2 minutes\" \/>\n<script type=\"application\/ld+json\" class=\"yoast-schema-graph\">{\"@context\":\"https:\/\/schema.org\",\"@graph\":[{\"@type\":\"WebPage\",\"@id\":\"https:\/\/www.navarroaubanell.com\/ca\/producte\/conjunt-tarec-navarroaubanell\/\",\"url\":\"https:\/\/www.navarroaubanell.com\/ca\/producte\/conjunt-tarec-navarroaubanell\/\",\"name\":\"Conjunt Tarec - Navarro Aubanell\",\"isPartOf\":{\"@id\":\"https:\/\/www.navarroaubanell.com\/ca\/#website\"},\"primaryImageOfPage\":{\"@id\":\"https:\/\/www.navarroaubanell.com\/ca\/producte\/conjunt-tarec-navarroaubanell\/#primaryimage\"},\"image\":{\"@id\":\"https:\/\/www.navarroaubanell.com\/ca\/producte\/conjunt-tarec-navarroaubanell\/#primaryimage\"},\"thumbnailUrl\":\"https:\/\/www.navarroaubanell.com\/wp-content\/uploads\/2025\/01\/tarec-Photoroom.png\",\"datePublished\":\"2025-01-22T10:00:46+00:00\",\"dateModified\":\"2025-01-22T10:38:44+00:00\",\"description\":\"Conjunt Tarec: disseny modern, versatilitat i resist\u00e8ncia per a espais exteriors i interiors, amb opcions personalitzables en seients i acabats.\",\"breadcrumb\":{\"@id\":\"https:\/\/www.navarroaubanell.com\/ca\/producte\/conjunt-tarec-navarroaubanell\/#breadcrumb\"},\"inLanguage\":\"ca\",\"potentialAction\":[{\"@type\":\"ReadAction\",\"target\":[\"https:\/\/www.navarroaubanell.com\/ca\/producte\/conjunt-tarec-navarroaubanell\/\"]}]},{\"@type\":\"ImageObject\",\"inLanguage\":\"ca\",\"@id\":\"https:\/\/www.navarroaubanell.com\/ca\/producte\/conjunt-tarec-navarroaubanell\/#primaryimage\",\"url\":\"https:\/\/www.navarroaubanell.com\/wp-content\/uploads\/2025\/01\/tarec-Photoroom.png\",\"contentUrl\":\"https:\/\/www.navarroaubanell.com\/wp-content\/uploads\/2025\/01\/tarec-Photoroom.png\",\"width\":800,\"height\":650,\"caption\":\"Conjunt Tarec\"},{\"@type\":\"BreadcrumbList\",\"@id\":\"https:\/\/www.navarroaubanell.com\/ca\/producte\/conjunt-tarec-navarroaubanell\/#breadcrumb\",\"itemListElement\":[{\"@type\":\"ListItem\",\"position\":1,\"name\":\"Portada\",\"item\":\"https:\/\/www.navarroaubanell.com\/ca\/\"},{\"@type\":\"ListItem\",\"position\":2,\"name\":\"Productes\",\"item\":\"https:\/\/www.navarroaubanell.com\/productos\/\"},{\"@type\":\"ListItem\",\"position\":3,\"name\":\"Conjunt Tarec\"}]},{\"@type\":\"WebSite\",\"@id\":\"https:\/\/www.navarroaubanell.com\/ca\/#website\",\"url\":\"https:\/\/www.navarroaubanell.com\/ca\/\",\"name\":\"Navarro Aubanell\",\"description\":\"Mobiliario para hoteler\u00eda, colectividades y oficinas\",\"publisher\":{\"@id\":\"https:\/\/www.navarroaubanell.com\/ca\/#organization\"},\"potentialAction\":[{\"@type\":\"SearchAction\",\"target\":{\"@type\":\"EntryPoint\",\"urlTemplate\":\"https:\/\/www.navarroaubanell.com\/ca\/?s={search_term_string}\"},\"query-input\":{\"@type\":\"PropertyValueSpecification\",\"valueRequired\":true,\"valueName\":\"search_term_string\"}}],\"inLanguage\":\"ca\"},{\"@type\":\"Organization\",\"@id\":\"https:\/\/www.navarroaubanell.com\/ca\/#organization\",\"name\":\"COMERCIAL NAVARRO AUBANELL, S.A\",\"url\":\"https:\/\/www.navarroaubanell.com\/ca\/\",\"logo\":{\"@type\":\"ImageObject\",\"inLanguage\":\"ca\",\"@id\":\"https:\/\/www.navarroaubanell.com\/ca\/#\/schema\/logo\/image\/\",\"url\":\"https:\/\/www.navarroaubanell.com\/wp-content\/uploads\/2017\/07\/logo-navarro-aubuanell.png\",\"contentUrl\":\"https:\/\/www.navarroaubanell.com\/wp-content\/uploads\/2017\/07\/logo-navarro-aubuanell.png\",\"width\":6304,\"height\":1154,\"caption\":\"COMERCIAL NAVARRO AUBANELL, S.A\"},\"image\":{\"@id\":\"https:\/\/www.navarroaubanell.com\/ca\/#\/schema\/logo\/image\/\"}}]}<\/script>\n<!-- \/ Yoast SEO plugin. -->","yoast_head_json":{"title":"Conjunt Tarec - Navarro Aubanell","description":"Conjunt Tarec: disseny modern, versatilitat i resist\u00e8ncia per a espais exteriors i interiors, amb opcions personalitzables en seients i acabats.","robots":{"index":"index","follow":"follow","max-snippet":"max-snippet:-1","max-image-preview":"max-image-preview:large","max-video-preview":"max-video-preview:-1"},"canonical":"https:\/\/www.navarroaubanell.com\/ca\/producte\/conjunt-tarec-navarroaubanell\/","og_locale":"ca_ES","og_type":"article","og_title":"Conjunt Tarec - Navarro Aubanell","og_description":"Conjunt Tarec: disseny modern, versatilitat i resist\u00e8ncia per a espais exteriors i interiors, amb opcions personalitzables en seients i acabats.","og_url":"https:\/\/www.navarroaubanell.com\/ca\/producte\/conjunt-tarec-navarroaubanell\/","og_site_name":"Navarro Aubanell","article_modified_time":"2025-01-22T10:38:44+00:00","og_image":[{"width":800,"height":650,"url":"https:\/\/www.navarroaubanell.com\/wp-content\/uploads\/2025\/01\/tarec-Photoroom.png","type":"image\/png"}],"twitter_misc":{"Est. reading time":"2 minutes"},"schema":{"@context":"https:\/\/schema.org","@graph":[{"@type":"WebPage","@id":"https:\/\/www.navarroaubanell.com\/ca\/producte\/conjunt-tarec-navarroaubanell\/","url":"https:\/\/www.navarroaubanell.com\/ca\/producte\/conjunt-tarec-navarroaubanell\/","name":"Conjunt Tarec - Navarro Aubanell","isPartOf":{"@id":"https:\/\/www.navarroaubanell.com\/ca\/#website"},"primaryImageOfPage":{"@id":"https:\/\/www.navarroaubanell.com\/ca\/producte\/conjunt-tarec-navarroaubanell\/#primaryimage"},"image":{"@id":"https:\/\/www.navarroaubanell.com\/ca\/producte\/conjunt-tarec-navarroaubanell\/#primaryimage"},"thumbnailUrl":"https:\/\/www.navarroaubanell.com\/wp-content\/uploads\/2025\/01\/tarec-Photoroom.png","datePublished":"2025-01-22T10:00:46+00:00","dateModified":"2025-01-22T10:38:44+00:00","description":"Conjunt Tarec: disseny modern, versatilitat i resist\u00e8ncia per a espais exteriors i interiors, amb opcions personalitzables en seients i acabats.","breadcrumb":{"@id":"https:\/\/www.navarroaubanell.com\/ca\/producte\/conjunt-tarec-navarroaubanell\/#breadcrumb"},"inLanguage":"ca","potentialAction":[{"@type":"ReadAction","target":["https:\/\/www.navarroaubanell.com\/ca\/producte\/conjunt-tarec-navarroaubanell\/"]}]},{"@type":"ImageObject","inLanguage":"ca","@id":"https:\/\/www.navarroaubanell.com\/ca\/producte\/conjunt-tarec-navarroaubanell\/#primaryimage","url":"https:\/\/www.navarroaubanell.com\/wp-content\/uploads\/2025\/01\/tarec-Photoroom.png","contentUrl":"https:\/\/www.navarroaubanell.com\/wp-content\/uploads\/2025\/01\/tarec-Photoroom.png","width":800,"height":650,"caption":"Conjunt Tarec"},{"@type":"BreadcrumbList","@id":"https:\/\/www.navarroaubanell.com\/ca\/producte\/conjunt-tarec-navarroaubanell\/#breadcrumb","itemListElement":[{"@type":"ListItem","position":1,"name":"Portada","item":"https:\/\/www.navarroaubanell.com\/ca\/"},{"@type":"ListItem","position":2,"name":"Productes","item":"https:\/\/www.navarroaubanell.com\/productos\/"},{"@type":"ListItem","position":3,"name":"Conjunt Tarec"}]},{"@type":"WebSite","@id":"https:\/\/www.navarroaubanell.com\/ca\/#website","url":"https:\/\/www.navarroaubanell.com\/ca\/","name":"Navarro Aubanell","description":"Mobiliario para hoteler\u00eda, colectividades y oficinas","publisher":{"@id":"https:\/\/www.navarroaubanell.com\/ca\/#organization"},"potentialAction":[{"@type":"SearchAction","target":{"@type":"EntryPoint","urlTemplate":"https:\/\/www.navarroaubanell.com\/ca\/?s={search_term_string}"},"query-input":{"@type":"PropertyValueSpecification","valueRequired":true,"valueName":"search_term_string"}}],"inLanguage":"ca"},{"@type":"Organization","@id":"https:\/\/www.navarroaubanell.com\/ca\/#organization","name":"COMERCIAL NAVARRO AUBANELL, S.A","url":"https:\/\/www.navarroaubanell.com\/ca\/","logo":{"@type":"ImageObject","inLanguage":"ca","@id":"https:\/\/www.navarroaubanell.com\/ca\/#\/schema\/logo\/image\/","url":"https:\/\/www.navarroaubanell.com\/wp-content\/uploads\/2017\/07\/logo-navarro-aubuanell.png","contentUrl":"https:\/\/www.navarroaubanell.com\/wp-content\/uploads\/2017\/07\/logo-navarro-aubuanell.png","width":6304,"height":1154,"caption":"COMERCIAL NAVARRO AUBANELL, S.A"},"image":{"@id":"https:\/\/www.navarroaubanell.com\/ca\/#\/schema\/logo\/image\/"}}]}},"_links":{"self":[{"href":"https:\/\/www.navarroaubanell.com\/ca\/wp-json\/wp\/v2\/product\/43683","targetHints":{"allow":["GET"]}}],"collection":[{"href":"https:\/\/www.navarroaubanell.com\/ca\/wp-json\/wp\/v2\/product"}],"about":[{"href":"https:\/\/www.navarroaubanell.com\/ca\/wp-json\/wp\/v2\/types\/product"}],"wp:featuredmedia":[{"embeddable":true,"href":"https:\/\/www.navarroaubanell.com\/ca\/wp-json\/wp\/v2\/media\/43673"}],"wp:attachment":[{"href":"https:\/\/www.navarroaubanell.com\/ca\/wp-json\/wp\/v2\/media?parent=43683"}],"wp:term":[{"taxonomy":"product_brand","embeddable":true,"href":"https:\/\/www.navarroaubanell.com\/ca\/wp-json\/wp\/v2\/product_brand?post=43683"},{"taxonomy":"product_cat","embeddable":true,"href":"https:\/\/www.navarroaubanell.com\/ca\/wp-json\/wp\/v2\/product_cat?post=43683"},{"taxonomy":"product_tag","embeddable":true,"href":"https:\/\/www.navarroaubanell.com\/ca\/wp-json\/wp\/v2\/product_tag?post=43683"}],"curies":[{"name":"wp","href":"https:\/\/api.w.org\/{rel}","templated":true}]}}