{"id":43315,"date":"2024-12-20T11:30:54","date_gmt":"2024-12-20T10:30:54","guid":{"rendered":"https:\/\/www.navarroaubanell.com\/producto\/sillon-gliss-navarroaubanell\/"},"modified":"2024-12-20T12:04:47","modified_gmt":"2024-12-20T11:04:47","slug":"cadira-de-bracos-gliss-navarroaubanell","status":"publish","type":"product","link":"https:\/\/www.navarroaubanell.com\/ca\/producte\/cadira-de-bracos-gliss-navarroaubanell\/","title":{"rendered":"Cadira de bra\u00e7os Gliss"},"content":{"rendered":"<div class=\"flex-shrink-0 flex flex-col relative items-end\">\n<div>\n<div class=\"pt-0\">\n<div class=\"gizmo-bot-avatar flex h-8 w-8 items-center justify-center overflow-hidden rounded-full\">\n<h5 class=\"relative p-1 rounded-sm flex items-center justify-center bg-token-main-surface-primary text-token-text-primary h-8 w-8\">Cadira de bra\u00e7os Gliss: Eleg\u00e0ncia i Funcionalitat<\/h5>\n<\/div>\n<\/div>\n<\/div>\n<\/div>\n<div class=\"group\/conversation-turn relative flex w-full min-w-0 flex-col agent-turn\">\n<div class=\"flex-col gap-1 md:gap-3\">\n<div class=\"flex max-w-full flex-col flex-grow\">\n<div class=\"min-h-8 text-message flex w-full flex-col items-end gap-2 whitespace-normal break-words text-start [.text-message+&amp;]:mt-5\" dir=\"auto\" data-message-author-role=\"assistant\" data-message-id=\"86d1f291-cfb8-49c4-80ea-a1ad8a69f1c1\" data-message-model-slug=\"gpt-4o\">\n<div class=\"flex w-full flex-col gap-1 empty:hidden first:pt-[3px]\">\n<div class=\"markdown prose w-full break-words dark:prose-invert light\">\n<div class=\"traductor-textarea form-group\">\n<div class=\"textarea-desti col-xs-12 col-sm-6\">\n<div class=\"form-control second-textarea\">La cadira de bra\u00e7os Gliss fa homenatge al disseny ic\u00f2nic dels anys cinquanta. Amb el seu distintiu forat al respatller, Gliss facilita la seva mobilitat. Els reposabra\u00e7os corbats afegeixen un toc d&#8217;estil mentre garanteixen una forma ergon\u00f2mica, ideal per a qualsevol espai interior que busqui equilibri entre est\u00e8tica i funcionalitat.<\/div>\n<\/div>\n<\/div>\n<h6>Estructura Personalitzable<\/h6>\n<ol>\n<li><strong>Estructura de feixe mass\u00eds<\/strong>\n<div class=\"traductor-textarea form-group\">\n<div class=\"textarea-desti col-xs-12 col-sm-6\">\n<div class=\"form-control second-textarea\">Disponible en color natural, envernissat noguera o negre, aquesta opci\u00f3 ofereix una sensaci\u00f3 c\u00e0lida i acollidora. A m\u00e9s, la fusta \u00e9s FSC, garantint una gesti\u00f3 sostenible dels recursos forestals.<\/div>\n<\/div>\n<\/div>\n<\/li>\n<li><strong>Estructura d&#8217;acer \u00f810mm en forma pat\u00ed<\/strong>\n<div class=\"traductor-textarea form-group\">\n<div class=\"textarea-desti col-xs-12 col-sm-6\">\n<div class=\"form-control second-textarea\">Moderna i innovadora, est\u00e0 disponible en una \u00e0mplia varietat de colors, oferint flexibilitat decorativa. Ideal per a aquells que busquen una est\u00e8tica m\u00e9s contempor\u00e0nia sense sacrificar resist\u00e8ncia i estabilitat.<\/div>\n<\/div>\n<\/div>\n<\/li>\n<\/ol>\n<h6>Carcassa Resistent i Vers\u00e0til<\/h6>\n<ol>\n<li><strong>Tecnopol\u00edmer<\/strong>\n<div class=\"traductor-textarea form-group\">\n<div class=\"textarea-desti col-xs-12 col-sm-6\">\n<div class=\"form-control second-textarea\">\u00c9s una opci\u00f3 duradora i resistent. Est\u00e0 protegida amb tractaments anti-UV i antiest\u00e0tics, assegurant un \u00f2ptim \u00fas i manteniment. Disponible en colors blanc i sorra.<\/div>\n<\/div>\n<\/div>\n<\/li>\n<li><strong>Policarbonat<\/strong>\n<div class=\"traductor-textarea form-group\">\n<div class=\"textarea-desti col-xs-12 col-sm-6\">\n<div class=\"form-control second-textarea\">Lleugera per\u00f2 robusta, la carcassa de policarbonat est\u00e0 disponible en cinc colors vibrants, permetent a Gliss destacar en qualsevol ambient.<\/div>\n<\/div>\n<\/div>\n<\/li>\n<\/ol>\n<h6>Detalls que Importen<\/h6>\n<div class=\"traductor-textarea form-group\">\n<div class=\"textarea-desti col-xs-12 col-sm-6\">\n<div class=\"form-control second-textarea\">La cadira de bra\u00e7os Gliss inclou uns tacs protectors que protegeixen el terra de possibles danys i prolonguen la vida \u00fatil del producte.<\/div>\n<\/div>\n<\/div>\n<\/div>\n<\/div>\n<\/div>\n<\/div>\n<\/div>\n<\/div>\n","protected":false},"excerpt":{"rendered":"<p>Cadira de bra\u00e7os Gliss: Eleg\u00e0ncia i Funcionalitat La cadira de bra\u00e7os Gliss fa homenatge al disseny ic\u00f2nic dels anys cinquanta. Amb el seu distintiu forat al respatller, Gliss facilita la seva mobilitat. Els reposabra\u00e7os corbats afegeixen un toc d&#8217;estil mentre garanteixen una forma ergon\u00f2mica, ideal per a qualsevol espai interior que busqui equilibri entre est\u00e8tica&hellip;<\/p>\n","protected":false},"featured_media":43277,"template":"","meta":{"_acf_changed":false},"product_brand":[],"product_cat":[534,525],"product_tag":[1403,749,945,664,1180],"class_list":{"0":"post-43315","1":"product","2":"type-product","3":"status-publish","4":"has-post-thumbnail","6":"product_cat-cadires-de-bracos","7":"product_cat-interior","8":"product_tag-acero-ca","9":"product_tag-cadira-de-barcos","10":"product_tag-madera-ca","11":"product_tag-interior-ca","12":"product_tag-sostenible","13":"description-off","15":"first","16":"instock","17":"shipping-taxable","18":"product-type-simple"},"acf":[],"yoast_head":"<!-- This site is optimized with the Yoast SEO plugin v27.0 - https:\/\/yoast.com\/product\/yoast-seo-wordpress\/ -->\n<title>Cadira de bra\u00e7os Gliss - Navarro Aubanell<\/title>\n<meta name=\"description\" content=\"Cadira de bra\u00e7os Gliss: egon\u00f2mica i envolupant. Disponible en diferents estructures i carcasses resistents per a interiors moderns i funcionals.\" \/>\n<meta name=\"robots\" content=\"index, follow, max-snippet:-1, max-image-preview:large, max-video-preview:-1\" \/>\n<link rel=\"canonical\" href=\"https:\/\/www.navarroaubanell.com\/ca\/producte\/cadira-de-bracos-gliss-navarroaubanell\/\" \/>\n<meta property=\"og:locale\" content=\"ca_ES\" \/>\n<meta property=\"og:type\" content=\"article\" \/>\n<meta property=\"og:title\" content=\"Cadira de bra\u00e7os Gliss - Navarro Aubanell\" \/>\n<meta property=\"og:description\" content=\"Cadira de bra\u00e7os Gliss: egon\u00f2mica i envolupant. Disponible en diferents estructures i carcasses resistents per a interiors moderns i funcionals.\" \/>\n<meta property=\"og:url\" content=\"https:\/\/www.navarroaubanell.com\/ca\/producte\/cadira-de-bracos-gliss-navarroaubanell\/\" \/>\n<meta property=\"og:site_name\" content=\"Navarro Aubanell\" \/>\n<meta property=\"article:modified_time\" content=\"2024-12-20T11:04:47+00:00\" \/>\n<meta property=\"og:image\" content=\"https:\/\/www.navarroaubanell.com\/wp-content\/uploads\/2024\/12\/gliss-905-still-01-Photoroom.png\" \/>\n\t<meta property=\"og:image:width\" content=\"800\" \/>\n\t<meta property=\"og:image:height\" content=\"650\" \/>\n\t<meta property=\"og:image:type\" content=\"image\/png\" \/>\n<meta name=\"twitter:label1\" content=\"Est. reading time\" \/>\n\t<meta name=\"twitter:data1\" content=\"2 minutes\" \/>\n<script type=\"application\/ld+json\" class=\"yoast-schema-graph\">{\"@context\":\"https:\/\/schema.org\",\"@graph\":[{\"@type\":\"WebPage\",\"@id\":\"https:\/\/www.navarroaubanell.com\/ca\/producte\/cadira-de-bracos-gliss-navarroaubanell\/\",\"url\":\"https:\/\/www.navarroaubanell.com\/ca\/producte\/cadira-de-bracos-gliss-navarroaubanell\/\",\"name\":\"Cadira de bra\u00e7os Gliss - Navarro Aubanell\",\"isPartOf\":{\"@id\":\"https:\/\/www.navarroaubanell.com\/ca\/#website\"},\"primaryImageOfPage\":{\"@id\":\"https:\/\/www.navarroaubanell.com\/ca\/producte\/cadira-de-bracos-gliss-navarroaubanell\/#primaryimage\"},\"image\":{\"@id\":\"https:\/\/www.navarroaubanell.com\/ca\/producte\/cadira-de-bracos-gliss-navarroaubanell\/#primaryimage\"},\"thumbnailUrl\":\"https:\/\/www.navarroaubanell.com\/wp-content\/uploads\/2024\/12\/gliss-905-still-01-Photoroom.png\",\"datePublished\":\"2024-12-20T10:30:54+00:00\",\"dateModified\":\"2024-12-20T11:04:47+00:00\",\"description\":\"Cadira de bra\u00e7os Gliss: egon\u00f2mica i envolupant. Disponible en diferents estructures i carcasses resistents per a interiors moderns i funcionals.\",\"breadcrumb\":{\"@id\":\"https:\/\/www.navarroaubanell.com\/ca\/producte\/cadira-de-bracos-gliss-navarroaubanell\/#breadcrumb\"},\"inLanguage\":\"ca\",\"potentialAction\":[{\"@type\":\"ReadAction\",\"target\":[\"https:\/\/www.navarroaubanell.com\/ca\/producte\/cadira-de-bracos-gliss-navarroaubanell\/\"]}]},{\"@type\":\"ImageObject\",\"inLanguage\":\"ca\",\"@id\":\"https:\/\/www.navarroaubanell.com\/ca\/producte\/cadira-de-bracos-gliss-navarroaubanell\/#primaryimage\",\"url\":\"https:\/\/www.navarroaubanell.com\/wp-content\/uploads\/2024\/12\/gliss-905-still-01-Photoroom.png\",\"contentUrl\":\"https:\/\/www.navarroaubanell.com\/wp-content\/uploads\/2024\/12\/gliss-905-still-01-Photoroom.png\",\"width\":800,\"height\":650,\"caption\":\"Cadira de bra\u00e7os Gliss\"},{\"@type\":\"BreadcrumbList\",\"@id\":\"https:\/\/www.navarroaubanell.com\/ca\/producte\/cadira-de-bracos-gliss-navarroaubanell\/#breadcrumb\",\"itemListElement\":[{\"@type\":\"ListItem\",\"position\":1,\"name\":\"Portada\",\"item\":\"https:\/\/www.navarroaubanell.com\/ca\/\"},{\"@type\":\"ListItem\",\"position\":2,\"name\":\"Productes\",\"item\":\"https:\/\/www.navarroaubanell.com\/productos\/\"},{\"@type\":\"ListItem\",\"position\":3,\"name\":\"Cadira de bra\u00e7os Gliss\"}]},{\"@type\":\"WebSite\",\"@id\":\"https:\/\/www.navarroaubanell.com\/ca\/#website\",\"url\":\"https:\/\/www.navarroaubanell.com\/ca\/\",\"name\":\"Navarro Aubanell\",\"description\":\"Mobiliario para hoteler\u00eda, colectividades y oficinas\",\"publisher\":{\"@id\":\"https:\/\/www.navarroaubanell.com\/ca\/#organization\"},\"potentialAction\":[{\"@type\":\"SearchAction\",\"target\":{\"@type\":\"EntryPoint\",\"urlTemplate\":\"https:\/\/www.navarroaubanell.com\/ca\/?s={search_term_string}\"},\"query-input\":{\"@type\":\"PropertyValueSpecification\",\"valueRequired\":true,\"valueName\":\"search_term_string\"}}],\"inLanguage\":\"ca\"},{\"@type\":\"Organization\",\"@id\":\"https:\/\/www.navarroaubanell.com\/ca\/#organization\",\"name\":\"COMERCIAL NAVARRO AUBANELL, S.A\",\"url\":\"https:\/\/www.navarroaubanell.com\/ca\/\",\"logo\":{\"@type\":\"ImageObject\",\"inLanguage\":\"ca\",\"@id\":\"https:\/\/www.navarroaubanell.com\/ca\/#\/schema\/logo\/image\/\",\"url\":\"https:\/\/www.navarroaubanell.com\/wp-content\/uploads\/2017\/07\/logo-navarro-aubuanell.png\",\"contentUrl\":\"https:\/\/www.navarroaubanell.com\/wp-content\/uploads\/2017\/07\/logo-navarro-aubuanell.png\",\"width\":6304,\"height\":1154,\"caption\":\"COMERCIAL NAVARRO AUBANELL, S.A\"},\"image\":{\"@id\":\"https:\/\/www.navarroaubanell.com\/ca\/#\/schema\/logo\/image\/\"}}]}<\/script>\n<!-- \/ Yoast SEO plugin. -->","yoast_head_json":{"title":"Cadira de bra\u00e7os Gliss - Navarro Aubanell","description":"Cadira de bra\u00e7os Gliss: egon\u00f2mica i envolupant. Disponible en diferents estructures i carcasses resistents per a interiors moderns i funcionals.","robots":{"index":"index","follow":"follow","max-snippet":"max-snippet:-1","max-image-preview":"max-image-preview:large","max-video-preview":"max-video-preview:-1"},"canonical":"https:\/\/www.navarroaubanell.com\/ca\/producte\/cadira-de-bracos-gliss-navarroaubanell\/","og_locale":"ca_ES","og_type":"article","og_title":"Cadira de bra\u00e7os Gliss - Navarro Aubanell","og_description":"Cadira de bra\u00e7os Gliss: egon\u00f2mica i envolupant. Disponible en diferents estructures i carcasses resistents per a interiors moderns i funcionals.","og_url":"https:\/\/www.navarroaubanell.com\/ca\/producte\/cadira-de-bracos-gliss-navarroaubanell\/","og_site_name":"Navarro Aubanell","article_modified_time":"2024-12-20T11:04:47+00:00","og_image":[{"width":800,"height":650,"url":"https:\/\/www.navarroaubanell.com\/wp-content\/uploads\/2024\/12\/gliss-905-still-01-Photoroom.png","type":"image\/png"}],"twitter_misc":{"Est. reading time":"2 minutes"},"schema":{"@context":"https:\/\/schema.org","@graph":[{"@type":"WebPage","@id":"https:\/\/www.navarroaubanell.com\/ca\/producte\/cadira-de-bracos-gliss-navarroaubanell\/","url":"https:\/\/www.navarroaubanell.com\/ca\/producte\/cadira-de-bracos-gliss-navarroaubanell\/","name":"Cadira de bra\u00e7os Gliss - Navarro Aubanell","isPartOf":{"@id":"https:\/\/www.navarroaubanell.com\/ca\/#website"},"primaryImageOfPage":{"@id":"https:\/\/www.navarroaubanell.com\/ca\/producte\/cadira-de-bracos-gliss-navarroaubanell\/#primaryimage"},"image":{"@id":"https:\/\/www.navarroaubanell.com\/ca\/producte\/cadira-de-bracos-gliss-navarroaubanell\/#primaryimage"},"thumbnailUrl":"https:\/\/www.navarroaubanell.com\/wp-content\/uploads\/2024\/12\/gliss-905-still-01-Photoroom.png","datePublished":"2024-12-20T10:30:54+00:00","dateModified":"2024-12-20T11:04:47+00:00","description":"Cadira de bra\u00e7os Gliss: egon\u00f2mica i envolupant. Disponible en diferents estructures i carcasses resistents per a interiors moderns i funcionals.","breadcrumb":{"@id":"https:\/\/www.navarroaubanell.com\/ca\/producte\/cadira-de-bracos-gliss-navarroaubanell\/#breadcrumb"},"inLanguage":"ca","potentialAction":[{"@type":"ReadAction","target":["https:\/\/www.navarroaubanell.com\/ca\/producte\/cadira-de-bracos-gliss-navarroaubanell\/"]}]},{"@type":"ImageObject","inLanguage":"ca","@id":"https:\/\/www.navarroaubanell.com\/ca\/producte\/cadira-de-bracos-gliss-navarroaubanell\/#primaryimage","url":"https:\/\/www.navarroaubanell.com\/wp-content\/uploads\/2024\/12\/gliss-905-still-01-Photoroom.png","contentUrl":"https:\/\/www.navarroaubanell.com\/wp-content\/uploads\/2024\/12\/gliss-905-still-01-Photoroom.png","width":800,"height":650,"caption":"Cadira de bra\u00e7os Gliss"},{"@type":"BreadcrumbList","@id":"https:\/\/www.navarroaubanell.com\/ca\/producte\/cadira-de-bracos-gliss-navarroaubanell\/#breadcrumb","itemListElement":[{"@type":"ListItem","position":1,"name":"Portada","item":"https:\/\/www.navarroaubanell.com\/ca\/"},{"@type":"ListItem","position":2,"name":"Productes","item":"https:\/\/www.navarroaubanell.com\/productos\/"},{"@type":"ListItem","position":3,"name":"Cadira de bra\u00e7os Gliss"}]},{"@type":"WebSite","@id":"https:\/\/www.navarroaubanell.com\/ca\/#website","url":"https:\/\/www.navarroaubanell.com\/ca\/","name":"Navarro Aubanell","description":"Mobiliario para hoteler\u00eda, colectividades y oficinas","publisher":{"@id":"https:\/\/www.navarroaubanell.com\/ca\/#organization"},"potentialAction":[{"@type":"SearchAction","target":{"@type":"EntryPoint","urlTemplate":"https:\/\/www.navarroaubanell.com\/ca\/?s={search_term_string}"},"query-input":{"@type":"PropertyValueSpecification","valueRequired":true,"valueName":"search_term_string"}}],"inLanguage":"ca"},{"@type":"Organization","@id":"https:\/\/www.navarroaubanell.com\/ca\/#organization","name":"COMERCIAL NAVARRO AUBANELL, S.A","url":"https:\/\/www.navarroaubanell.com\/ca\/","logo":{"@type":"ImageObject","inLanguage":"ca","@id":"https:\/\/www.navarroaubanell.com\/ca\/#\/schema\/logo\/image\/","url":"https:\/\/www.navarroaubanell.com\/wp-content\/uploads\/2017\/07\/logo-navarro-aubuanell.png","contentUrl":"https:\/\/www.navarroaubanell.com\/wp-content\/uploads\/2017\/07\/logo-navarro-aubuanell.png","width":6304,"height":1154,"caption":"COMERCIAL NAVARRO AUBANELL, S.A"},"image":{"@id":"https:\/\/www.navarroaubanell.com\/ca\/#\/schema\/logo\/image\/"}}]}},"_links":{"self":[{"href":"https:\/\/www.navarroaubanell.com\/ca\/wp-json\/wp\/v2\/product\/43315","targetHints":{"allow":["GET"]}}],"collection":[{"href":"https:\/\/www.navarroaubanell.com\/ca\/wp-json\/wp\/v2\/product"}],"about":[{"href":"https:\/\/www.navarroaubanell.com\/ca\/wp-json\/wp\/v2\/types\/product"}],"wp:featuredmedia":[{"embeddable":true,"href":"https:\/\/www.navarroaubanell.com\/ca\/wp-json\/wp\/v2\/media\/43277"}],"wp:attachment":[{"href":"https:\/\/www.navarroaubanell.com\/ca\/wp-json\/wp\/v2\/media?parent=43315"}],"wp:term":[{"taxonomy":"product_brand","embeddable":true,"href":"https:\/\/www.navarroaubanell.com\/ca\/wp-json\/wp\/v2\/product_brand?post=43315"},{"taxonomy":"product_cat","embeddable":true,"href":"https:\/\/www.navarroaubanell.com\/ca\/wp-json\/wp\/v2\/product_cat?post=43315"},{"taxonomy":"product_tag","embeddable":true,"href":"https:\/\/www.navarroaubanell.com\/ca\/wp-json\/wp\/v2\/product_tag?post=43315"}],"curies":[{"name":"wp","href":"https:\/\/api.w.org\/{rel}","templated":true}]}}