{"id":41786,"date":"2024-11-12T17:28:31","date_gmt":"2024-11-12T16:28:31","guid":{"rendered":"https:\/\/www.navarroaubanell.com\/producto\/sillon-a54-063-navarroaubanell\/"},"modified":"2024-11-12T17:41:42","modified_gmt":"2024-11-12T16:41:42","slug":"cadira-de-bracos-a54-063-navarroaubanell-2","status":"publish","type":"product","link":"https:\/\/www.navarroaubanell.com\/ca\/producte\/cadira-de-bracos-a54-063-navarroaubanell-2\/","title":{"rendered":"Cadira de bra\u00e7os A54-063"},"content":{"rendered":"<h5>Cadira de bra\u00e7os A54-063: Eleg\u00e0ncia i Confort<\/h5>\n<div class=\"traductor-textarea form-group\">\n<div class=\"textarea-desti col-xs-12 col-sm-6\">\n<div class=\"form-control second-textarea\">La cadira de bra\u00e7os A54-063 destaca pel seu disseny modern i elegant, caracteritzat per l\u00ednies suaus que transmeten calidesa i comoditat. El seu suport corbat est\u00e0 dissenyat per a brindar un respatller ergon\u00f2mic, adaptant-se a la forma de l&#8217;esquena. Els bra\u00e7os, integrats de manera fluida al suport, aporten tant estil com funcionalitat.<\/div>\n<\/div>\n<\/div>\n<h6>Opcinos d&#8217;Estructura<\/h6>\n<ul>\n<li>\n<div class=\"traductor-textarea form-group\">\n<div class=\"textarea-desti col-xs-12 col-sm-6\">\n<div class=\"form-control second-textarea\"><strong>Estructura de Fusta de Faig:<\/strong>\u00a0resist\u00e8ncia i durabilitat. Aquesta estructura ofereix potes en format quadrangular o arrodonit i la possibilitat de triar entre diversos tons de vern\u00eds. Els tacs inclosos asseguren estabilitat.<\/div>\n<\/div>\n<\/div>\n<div class=\"traductor-checkbox form-group\">\n<div class=\"row\">\n<div class=\"col-sm-offset-2 col-sm-5\"><\/div>\n<\/div>\n<\/div>\n<\/li>\n<li>\n<div class=\"traductor-textarea form-group\">\n<div class=\"textarea-desti col-xs-12 col-sm-6\">\n<div class=\"form-control second-textarea\"><strong>Estructura Met\u00e0l\u00b7lica:<\/strong> Ideal per a un estil m\u00e9s contemporani i lleuger, disponible en colors grafit, negre, blanc o daurat. Aquesta estructura combina resist\u00e8ncia i modernitat, tamb\u00e9 equipada amb tacs per a major estabilitat.<\/div>\n<\/div>\n<\/div>\n<div class=\"traductor-checkbox form-group\"><\/div>\n<\/li>\n<\/ul>\n<h6>Sistema d&#8217;Amortiment<\/h6>\n<div class=\"traductor-textarea form-group\">\n<div class=\"textarea-desti col-xs-12 col-sm-6\">\n<div class=\"form-control second-textarea\">La cadira de bra\u00e7os A54-063 incorpora un sistema d&#8217;amortiment amb cingles entrecreuades, augmentant la resist\u00e8ncia de l&#8217;estructura i millorant significativament la comoditat, pensat per a un \u00fas prolongat i confortable.<\/div>\n<\/div>\n<\/div>\n<h6>Entapissats d&#8217;Alta Qualitat<\/h6>\n<div class=\"traductor-textarea form-group\">\n<div class=\"textarea-desti col-xs-12 col-sm-6\">\n<div class=\"form-control second-textarea\">Aquest model pot personalitzar-se amb una \u00e0mplia gamma d&#8217;entapissats d&#8217;alta qualitat, de marques com Froca\u00ae i Spradling\u00ae, reconegudes en el sector Contract. Aquestes teles asseguren una est\u00e8tica impecable i resist\u00e8ncia en diversos entorns, garantint que la cadira de bra\u00e7os es mantingui en perfectes condicions al llarg del temps.<\/div>\n<\/div>\n<\/div>\n","protected":false},"excerpt":{"rendered":"<p>Cadira de bra\u00e7os A54-063: Eleg\u00e0ncia i Confort La cadira de bra\u00e7os A54-063 destaca pel seu disseny modern i elegant, caracteritzat per l\u00ednies suaus que transmeten calidesa i comoditat. El seu suport corbat est\u00e0 dissenyat per a brindar un respatller ergon\u00f2mic, adaptant-se a la forma de l&#8217;esquena. Els bra\u00e7os, integrats de manera fluida al suport, aporten&hellip;<\/p>\n","protected":false},"featured_media":41859,"template":"","meta":{"_acf_changed":false},"product_brand":[],"product_cat":[534,525],"product_tag":[749,1580,618,945,664,698],"class_list":{"0":"post-41786","1":"product","2":"type-product","3":"status-publish","4":"has-post-thumbnail","6":"product_cat-cadires-de-bracos","7":"product_cat-interior","8":"product_tag-cadira-de-barcos","9":"product_tag-cinchas-ca","10":"product_tag-contract-ca","11":"product_tag-madera-ca","12":"product_tag-interior-ca","13":"product_tag-metallic","14":"description-off","16":"first","17":"instock","18":"shipping-taxable","19":"product-type-simple"},"acf":[],"yoast_head":"<!-- This site is optimized with the Yoast SEO plugin v27.0 - https:\/\/yoast.com\/product\/yoast-seo-wordpress\/ -->\n<title>Cadira de bra\u00e7os A54-063 - Navarro Aubanell<\/title>\n<meta name=\"description\" content=\"Cadira de bra\u00e7os A54-063: disseny ergon\u00f2mic, estructura en fusta o metall, sistema d&#039;amortiment i tapisseries duradores, ideal per a espais contract.\" \/>\n<meta name=\"robots\" content=\"index, follow, max-snippet:-1, max-image-preview:large, max-video-preview:-1\" \/>\n<link rel=\"canonical\" href=\"https:\/\/www.navarroaubanell.com\/ca\/producte\/cadira-de-bracos-a54-063-navarroaubanell-2\/\" \/>\n<meta property=\"og:locale\" content=\"ca_ES\" \/>\n<meta property=\"og:type\" content=\"article\" \/>\n<meta property=\"og:title\" content=\"Cadira de bra\u00e7os A54-063 - Navarro Aubanell\" \/>\n<meta property=\"og:description\" content=\"Cadira de bra\u00e7os A54-063: disseny ergon\u00f2mic, estructura en fusta o metall, sistema d&#039;amortiment i tapisseries duradores, ideal per a espais contract.\" \/>\n<meta property=\"og:url\" content=\"https:\/\/www.navarroaubanell.com\/ca\/producte\/cadira-de-bracos-a54-063-navarroaubanell-2\/\" \/>\n<meta property=\"og:site_name\" content=\"Navarro Aubanell\" \/>\n<meta property=\"article:modified_time\" content=\"2024-11-12T16:41:42+00:00\" \/>\n<meta property=\"og:image\" content=\"https:\/\/www.navarroaubanell.com\/wp-content\/uploads\/2024\/11\/jj.png\" \/>\n\t<meta property=\"og:image:width\" content=\"1280\" \/>\n\t<meta property=\"og:image:height\" content=\"1040\" \/>\n\t<meta property=\"og:image:type\" content=\"image\/png\" \/>\n<meta name=\"twitter:label1\" content=\"Est. reading time\" \/>\n\t<meta name=\"twitter:data1\" content=\"2 minutes\" \/>\n<script type=\"application\/ld+json\" class=\"yoast-schema-graph\">{\"@context\":\"https:\/\/schema.org\",\"@graph\":[{\"@type\":\"WebPage\",\"@id\":\"https:\/\/www.navarroaubanell.com\/ca\/producte\/cadira-de-bracos-a54-063-navarroaubanell-2\/\",\"url\":\"https:\/\/www.navarroaubanell.com\/ca\/producte\/cadira-de-bracos-a54-063-navarroaubanell-2\/\",\"name\":\"Cadira de bra\u00e7os A54-063 - Navarro Aubanell\",\"isPartOf\":{\"@id\":\"https:\/\/www.navarroaubanell.com\/ca\/#website\"},\"primaryImageOfPage\":{\"@id\":\"https:\/\/www.navarroaubanell.com\/ca\/producte\/cadira-de-bracos-a54-063-navarroaubanell-2\/#primaryimage\"},\"image\":{\"@id\":\"https:\/\/www.navarroaubanell.com\/ca\/producte\/cadira-de-bracos-a54-063-navarroaubanell-2\/#primaryimage\"},\"thumbnailUrl\":\"https:\/\/www.navarroaubanell.com\/wp-content\/uploads\/2024\/11\/jj.png\",\"datePublished\":\"2024-11-12T16:28:31+00:00\",\"dateModified\":\"2024-11-12T16:41:42+00:00\",\"description\":\"Cadira de bra\u00e7os A54-063: disseny ergon\u00f2mic, estructura en fusta o metall, sistema d'amortiment i tapisseries duradores, ideal per a espais contract.\",\"breadcrumb\":{\"@id\":\"https:\/\/www.navarroaubanell.com\/ca\/producte\/cadira-de-bracos-a54-063-navarroaubanell-2\/#breadcrumb\"},\"inLanguage\":\"ca\",\"potentialAction\":[{\"@type\":\"ReadAction\",\"target\":[\"https:\/\/www.navarroaubanell.com\/ca\/producte\/cadira-de-bracos-a54-063-navarroaubanell-2\/\"]}]},{\"@type\":\"ImageObject\",\"inLanguage\":\"ca\",\"@id\":\"https:\/\/www.navarroaubanell.com\/ca\/producte\/cadira-de-bracos-a54-063-navarroaubanell-2\/#primaryimage\",\"url\":\"https:\/\/www.navarroaubanell.com\/wp-content\/uploads\/2024\/11\/jj.png\",\"contentUrl\":\"https:\/\/www.navarroaubanell.com\/wp-content\/uploads\/2024\/11\/jj.png\",\"width\":1280,\"height\":1040,\"caption\":\"Sill\u00f3n A54-063\"},{\"@type\":\"BreadcrumbList\",\"@id\":\"https:\/\/www.navarroaubanell.com\/ca\/producte\/cadira-de-bracos-a54-063-navarroaubanell-2\/#breadcrumb\",\"itemListElement\":[{\"@type\":\"ListItem\",\"position\":1,\"name\":\"Portada\",\"item\":\"https:\/\/www.navarroaubanell.com\/ca\/\"},{\"@type\":\"ListItem\",\"position\":2,\"name\":\"Productes\",\"item\":\"https:\/\/www.navarroaubanell.com\/productos\/\"},{\"@type\":\"ListItem\",\"position\":3,\"name\":\"Cadira de bra\u00e7os A54-063\"}]},{\"@type\":\"WebSite\",\"@id\":\"https:\/\/www.navarroaubanell.com\/ca\/#website\",\"url\":\"https:\/\/www.navarroaubanell.com\/ca\/\",\"name\":\"Navarro Aubanell\",\"description\":\"Mobiliario para hoteler\u00eda, colectividades y oficinas\",\"publisher\":{\"@id\":\"https:\/\/www.navarroaubanell.com\/ca\/#organization\"},\"potentialAction\":[{\"@type\":\"SearchAction\",\"target\":{\"@type\":\"EntryPoint\",\"urlTemplate\":\"https:\/\/www.navarroaubanell.com\/ca\/?s={search_term_string}\"},\"query-input\":{\"@type\":\"PropertyValueSpecification\",\"valueRequired\":true,\"valueName\":\"search_term_string\"}}],\"inLanguage\":\"ca\"},{\"@type\":\"Organization\",\"@id\":\"https:\/\/www.navarroaubanell.com\/ca\/#organization\",\"name\":\"COMERCIAL NAVARRO AUBANELL, S.A\",\"url\":\"https:\/\/www.navarroaubanell.com\/ca\/\",\"logo\":{\"@type\":\"ImageObject\",\"inLanguage\":\"ca\",\"@id\":\"https:\/\/www.navarroaubanell.com\/ca\/#\/schema\/logo\/image\/\",\"url\":\"https:\/\/www.navarroaubanell.com\/wp-content\/uploads\/2017\/07\/logo-navarro-aubuanell.png\",\"contentUrl\":\"https:\/\/www.navarroaubanell.com\/wp-content\/uploads\/2017\/07\/logo-navarro-aubuanell.png\",\"width\":6304,\"height\":1154,\"caption\":\"COMERCIAL NAVARRO AUBANELL, S.A\"},\"image\":{\"@id\":\"https:\/\/www.navarroaubanell.com\/ca\/#\/schema\/logo\/image\/\"}}]}<\/script>\n<!-- \/ Yoast SEO plugin. -->","yoast_head_json":{"title":"Cadira de bra\u00e7os A54-063 - Navarro Aubanell","description":"Cadira de bra\u00e7os A54-063: disseny ergon\u00f2mic, estructura en fusta o metall, sistema d'amortiment i tapisseries duradores, ideal per a espais contract.","robots":{"index":"index","follow":"follow","max-snippet":"max-snippet:-1","max-image-preview":"max-image-preview:large","max-video-preview":"max-video-preview:-1"},"canonical":"https:\/\/www.navarroaubanell.com\/ca\/producte\/cadira-de-bracos-a54-063-navarroaubanell-2\/","og_locale":"ca_ES","og_type":"article","og_title":"Cadira de bra\u00e7os A54-063 - Navarro Aubanell","og_description":"Cadira de bra\u00e7os A54-063: disseny ergon\u00f2mic, estructura en fusta o metall, sistema d'amortiment i tapisseries duradores, ideal per a espais contract.","og_url":"https:\/\/www.navarroaubanell.com\/ca\/producte\/cadira-de-bracos-a54-063-navarroaubanell-2\/","og_site_name":"Navarro Aubanell","article_modified_time":"2024-11-12T16:41:42+00:00","og_image":[{"width":1280,"height":1040,"url":"https:\/\/www.navarroaubanell.com\/wp-content\/uploads\/2024\/11\/jj.png","type":"image\/png"}],"twitter_misc":{"Est. reading time":"2 minutes"},"schema":{"@context":"https:\/\/schema.org","@graph":[{"@type":"WebPage","@id":"https:\/\/www.navarroaubanell.com\/ca\/producte\/cadira-de-bracos-a54-063-navarroaubanell-2\/","url":"https:\/\/www.navarroaubanell.com\/ca\/producte\/cadira-de-bracos-a54-063-navarroaubanell-2\/","name":"Cadira de bra\u00e7os A54-063 - Navarro Aubanell","isPartOf":{"@id":"https:\/\/www.navarroaubanell.com\/ca\/#website"},"primaryImageOfPage":{"@id":"https:\/\/www.navarroaubanell.com\/ca\/producte\/cadira-de-bracos-a54-063-navarroaubanell-2\/#primaryimage"},"image":{"@id":"https:\/\/www.navarroaubanell.com\/ca\/producte\/cadira-de-bracos-a54-063-navarroaubanell-2\/#primaryimage"},"thumbnailUrl":"https:\/\/www.navarroaubanell.com\/wp-content\/uploads\/2024\/11\/jj.png","datePublished":"2024-11-12T16:28:31+00:00","dateModified":"2024-11-12T16:41:42+00:00","description":"Cadira de bra\u00e7os A54-063: disseny ergon\u00f2mic, estructura en fusta o metall, sistema d'amortiment i tapisseries duradores, ideal per a espais contract.","breadcrumb":{"@id":"https:\/\/www.navarroaubanell.com\/ca\/producte\/cadira-de-bracos-a54-063-navarroaubanell-2\/#breadcrumb"},"inLanguage":"ca","potentialAction":[{"@type":"ReadAction","target":["https:\/\/www.navarroaubanell.com\/ca\/producte\/cadira-de-bracos-a54-063-navarroaubanell-2\/"]}]},{"@type":"ImageObject","inLanguage":"ca","@id":"https:\/\/www.navarroaubanell.com\/ca\/producte\/cadira-de-bracos-a54-063-navarroaubanell-2\/#primaryimage","url":"https:\/\/www.navarroaubanell.com\/wp-content\/uploads\/2024\/11\/jj.png","contentUrl":"https:\/\/www.navarroaubanell.com\/wp-content\/uploads\/2024\/11\/jj.png","width":1280,"height":1040,"caption":"Sill\u00f3n A54-063"},{"@type":"BreadcrumbList","@id":"https:\/\/www.navarroaubanell.com\/ca\/producte\/cadira-de-bracos-a54-063-navarroaubanell-2\/#breadcrumb","itemListElement":[{"@type":"ListItem","position":1,"name":"Portada","item":"https:\/\/www.navarroaubanell.com\/ca\/"},{"@type":"ListItem","position":2,"name":"Productes","item":"https:\/\/www.navarroaubanell.com\/productos\/"},{"@type":"ListItem","position":3,"name":"Cadira de bra\u00e7os A54-063"}]},{"@type":"WebSite","@id":"https:\/\/www.navarroaubanell.com\/ca\/#website","url":"https:\/\/www.navarroaubanell.com\/ca\/","name":"Navarro Aubanell","description":"Mobiliario para hoteler\u00eda, colectividades y oficinas","publisher":{"@id":"https:\/\/www.navarroaubanell.com\/ca\/#organization"},"potentialAction":[{"@type":"SearchAction","target":{"@type":"EntryPoint","urlTemplate":"https:\/\/www.navarroaubanell.com\/ca\/?s={search_term_string}"},"query-input":{"@type":"PropertyValueSpecification","valueRequired":true,"valueName":"search_term_string"}}],"inLanguage":"ca"},{"@type":"Organization","@id":"https:\/\/www.navarroaubanell.com\/ca\/#organization","name":"COMERCIAL NAVARRO AUBANELL, S.A","url":"https:\/\/www.navarroaubanell.com\/ca\/","logo":{"@type":"ImageObject","inLanguage":"ca","@id":"https:\/\/www.navarroaubanell.com\/ca\/#\/schema\/logo\/image\/","url":"https:\/\/www.navarroaubanell.com\/wp-content\/uploads\/2017\/07\/logo-navarro-aubuanell.png","contentUrl":"https:\/\/www.navarroaubanell.com\/wp-content\/uploads\/2017\/07\/logo-navarro-aubuanell.png","width":6304,"height":1154,"caption":"COMERCIAL NAVARRO AUBANELL, S.A"},"image":{"@id":"https:\/\/www.navarroaubanell.com\/ca\/#\/schema\/logo\/image\/"}}]}},"_links":{"self":[{"href":"https:\/\/www.navarroaubanell.com\/ca\/wp-json\/wp\/v2\/product\/41786","targetHints":{"allow":["GET"]}}],"collection":[{"href":"https:\/\/www.navarroaubanell.com\/ca\/wp-json\/wp\/v2\/product"}],"about":[{"href":"https:\/\/www.navarroaubanell.com\/ca\/wp-json\/wp\/v2\/types\/product"}],"wp:featuredmedia":[{"embeddable":true,"href":"https:\/\/www.navarroaubanell.com\/ca\/wp-json\/wp\/v2\/media\/41859"}],"wp:attachment":[{"href":"https:\/\/www.navarroaubanell.com\/ca\/wp-json\/wp\/v2\/media?parent=41786"}],"wp:term":[{"taxonomy":"product_brand","embeddable":true,"href":"https:\/\/www.navarroaubanell.com\/ca\/wp-json\/wp\/v2\/product_brand?post=41786"},{"taxonomy":"product_cat","embeddable":true,"href":"https:\/\/www.navarroaubanell.com\/ca\/wp-json\/wp\/v2\/product_cat?post=41786"},{"taxonomy":"product_tag","embeddable":true,"href":"https:\/\/www.navarroaubanell.com\/ca\/wp-json\/wp\/v2\/product_tag?post=41786"}],"curies":[{"name":"wp","href":"https:\/\/api.w.org\/{rel}","templated":true}]}}