{"id":41456,"date":"2024-11-06T11:30:44","date_gmt":"2024-11-06T10:30:44","guid":{"rendered":"https:\/\/www.navarroaubanell.com\/producto\/butaca-a54-060-navarroaubanell\/"},"modified":"2024-11-06T11:54:52","modified_gmt":"2024-11-06T10:54:52","slug":"butaca-a54-060-navarroaubanell","status":"publish","type":"product","link":"https:\/\/www.navarroaubanell.com\/ca\/producte\/butaca-a54-060-navarroaubanell\/","title":{"rendered":"Butaca A54-060"},"content":{"rendered":"<div class=\"flex-shrink-0 flex flex-col relative items-end\">\n<div>\n<div class=\"pt-0\">\n<div class=\"gizmo-bot-avatar flex h-8 w-8 items-center justify-center overflow-hidden rounded-full\">\n<h5 class=\"relative p-1 rounded-sm flex items-center justify-center bg-token-main-surface-primary text-token-text-primary h-8 w-8\">Butaca A54-060: Suavitat, Eleg\u00e0ncia i Confort<\/h5>\n<\/div>\n<\/div>\n<\/div>\n<\/div>\n<div class=\"group\/conversation-turn relative flex w-full min-w-0 flex-col agent-turn\">\n<div class=\"flex-col gap-1 md:gap-3\">\n<div class=\"flex max-w-full flex-col flex-grow\">\n<div class=\"min-h-8 text-message flex w-full flex-col items-end gap-2 whitespace-normal break-words [.text-message+&amp;]:mt-5\" dir=\"auto\" data-message-author-role=\"assistant\" data-message-id=\"aa7f47d1-d6d0-48ad-8daa-81c1946de0de\" data-message-model-slug=\"gpt-4o\">\n<div class=\"flex w-full flex-col gap-1 empty:hidden first:pt-[3px]\">\n<div class=\"markdown prose w-full break-words dark:prose-invert light\">\n<div class=\"traductor-textarea form-group\">\n<div class=\"textarea-desti col-xs-12 col-sm-6\">\n<div class=\"form-control second-textarea\">La Butaca A54-060 \u00e9s la combinaci\u00f3 perfecta de suavitat i eleg\u00e0ncia. La seva forma envolupant crea una atmosfera de serenitat i calma, convidant a qui s&#8217;asseu a gaudir d&#8217;un moment de relax acollidor. No sols destaca pel seu atractiu visual, sin\u00f3 tamb\u00e9 per la sensaci\u00f3 de protecci\u00f3 i confort que ofereix, embolicant a l&#8217;usuari en una abra\u00e7ada ergon\u00f2mica.<\/div>\n<\/div>\n<\/div>\n<h6>Versatilitat en acabats i colors<\/h6>\n<div class=\"traductor-textarea form-group\">\n<div class=\"textarea-desti col-xs-12 col-sm-6\">\n<div class=\"form-control second-textarea\">Aquest model pot personalitzar-se en una varietat d&#8217;acabats i colors, a m\u00e9s de la possibilitat d&#8217;utilitzar tela client, la qual cosa permet adaptar la butaca a diferents estils decoratius, des d&#8217;ambients cl\u00e0ssics fins a moderns. Cada opci\u00f3 de tapisseria est\u00e0 dissenyada espec\u00edficament per a entorns contract, garantint tant la durabilitat com la resist\u00e8ncia que aquests espais requereixen.<\/div>\n<\/div>\n<\/div>\n<h6>Innovaci\u00f3 funcional i est\u00e8tica<\/h6>\n<div class=\"traductor-textarea form-group\">\n<div class=\"textarea-desti col-xs-12 col-sm-6\">\n<div class=\"form-control second-textarea\">El disseny caracter\u00edstic de la Butaca A54-060, amb un suport que es fusiona harmoniosament amb els bra\u00e7os, no sols resulta est\u00e8ticament innovador, sin\u00f3 que tamb\u00e9 assegura un confort ergon\u00f2mic ideal per a llargues sessions d&#8217;\u00fas. A m\u00e9s, la incorporaci\u00f3 de tacs integrats protegeix tant la butaca com el terra, assegurant la seva durabilitat al llarg del temps.<\/div>\n<\/div>\n<\/div>\n<div class=\"traductor-checkbox form-group\">\n<div class=\"row\">\n<div class=\"col-sm-offset-2 col-sm-5\"><\/div>\n<\/div>\n<\/div>\n<div class=\"traductor-textarea form-group\">\n<div class=\"textarea-desti col-xs-12 col-sm-6\">\n<div class=\"form-control second-textarea\">Aquesta butaca \u00e9s l&#8217;elecci\u00f3 perfecta per als qui busquen funcionalitat sense renunciar a la bellesa en els seus espais.<\/div>\n<\/div>\n<\/div>\n<\/div>\n<\/div>\n<\/div>\n<\/div>\n<\/div>\n<\/div>\n","protected":false},"excerpt":{"rendered":"<p>Butaca A54-060: Suavitat, Eleg\u00e0ncia i Confort La Butaca A54-060 \u00e9s la combinaci\u00f3 perfecta de suavitat i eleg\u00e0ncia. La seva forma envolupant crea una atmosfera de serenitat i calma, convidant a qui s&#8217;asseu a gaudir d&#8217;un moment de relax acollidor. No sols destaca pel seu atractiu visual, sin\u00f3 tamb\u00e9 per la sensaci\u00f3 de protecci\u00f3 i confort&hellip;<\/p>\n","protected":false},"featured_media":41448,"template":"","meta":{"_acf_changed":false},"product_brand":[],"product_cat":[528,525],"product_tag":[605,618,664],"class_list":{"0":"post-41456","1":"product","2":"type-product","3":"status-publish","4":"has-post-thumbnail","6":"product_cat-butaques","7":"product_cat-interior","8":"product_tag-butaca-ca","9":"product_tag-contract-ca","10":"product_tag-interior-ca","11":"description-off","13":"first","14":"instock","15":"shipping-taxable","16":"product-type-simple"},"acf":[],"yoast_head":"<!-- This site is optimized with the Yoast SEO plugin v27.0 - https:\/\/yoast.com\/product\/yoast-seo-wordpress\/ -->\n<title>La Butaca A54-060 - Navarro Aubanell<\/title>\n<meta name=\"description\" content=\"Butaca A54-060: fusi\u00f3 entre la innovaci\u00f3 i la funcionalitat. Estructura acollidora i diversos acabats d&#039;entapissat. Inclou tacs protectors.\" \/>\n<meta name=\"robots\" content=\"index, follow, max-snippet:-1, max-image-preview:large, max-video-preview:-1\" \/>\n<link rel=\"canonical\" href=\"https:\/\/www.navarroaubanell.com\/ca\/producte\/butaca-a54-060-navarroaubanell\/\" \/>\n<meta property=\"og:locale\" content=\"ca_ES\" \/>\n<meta property=\"og:type\" content=\"article\" \/>\n<meta property=\"og:title\" content=\"La Butaca A54-060 - Navarro Aubanell\" \/>\n<meta property=\"og:description\" content=\"Butaca A54-060: fusi\u00f3 entre la innovaci\u00f3 i la funcionalitat. Estructura acollidora i diversos acabats d&#039;entapissat. Inclou tacs protectors.\" \/>\n<meta property=\"og:url\" content=\"https:\/\/www.navarroaubanell.com\/ca\/producte\/butaca-a54-060-navarroaubanell\/\" \/>\n<meta property=\"og:site_name\" content=\"Navarro Aubanell\" \/>\n<meta property=\"article:modified_time\" content=\"2024-11-06T10:54:52+00:00\" \/>\n<meta property=\"og:image\" content=\"https:\/\/www.navarroaubanell.com\/wp-content\/uploads\/2024\/11\/fff-Photoroom-1.jpg\" \/>\n\t<meta property=\"og:image:width\" content=\"1280\" \/>\n\t<meta property=\"og:image:height\" content=\"1040\" \/>\n\t<meta property=\"og:image:type\" content=\"image\/jpeg\" \/>\n<meta name=\"twitter:label1\" content=\"Est. reading time\" \/>\n\t<meta name=\"twitter:data1\" content=\"2 minutes\" \/>\n<script type=\"application\/ld+json\" class=\"yoast-schema-graph\">{\"@context\":\"https:\/\/schema.org\",\"@graph\":[{\"@type\":\"WebPage\",\"@id\":\"https:\/\/www.navarroaubanell.com\/ca\/producte\/butaca-a54-060-navarroaubanell\/\",\"url\":\"https:\/\/www.navarroaubanell.com\/ca\/producte\/butaca-a54-060-navarroaubanell\/\",\"name\":\"La Butaca A54-060 - Navarro Aubanell\",\"isPartOf\":{\"@id\":\"https:\/\/www.navarroaubanell.com\/ca\/#website\"},\"primaryImageOfPage\":{\"@id\":\"https:\/\/www.navarroaubanell.com\/ca\/producte\/butaca-a54-060-navarroaubanell\/#primaryimage\"},\"image\":{\"@id\":\"https:\/\/www.navarroaubanell.com\/ca\/producte\/butaca-a54-060-navarroaubanell\/#primaryimage\"},\"thumbnailUrl\":\"https:\/\/www.navarroaubanell.com\/wp-content\/uploads\/2024\/11\/fff-Photoroom-1.jpg\",\"datePublished\":\"2024-11-06T10:30:44+00:00\",\"dateModified\":\"2024-11-06T10:54:52+00:00\",\"description\":\"Butaca A54-060: fusi\u00f3 entre la innovaci\u00f3 i la funcionalitat. Estructura acollidora i diversos acabats d'entapissat. Inclou tacs protectors.\",\"breadcrumb\":{\"@id\":\"https:\/\/www.navarroaubanell.com\/ca\/producte\/butaca-a54-060-navarroaubanell\/#breadcrumb\"},\"inLanguage\":\"ca\",\"potentialAction\":[{\"@type\":\"ReadAction\",\"target\":[\"https:\/\/www.navarroaubanell.com\/ca\/producte\/butaca-a54-060-navarroaubanell\/\"]}]},{\"@type\":\"ImageObject\",\"inLanguage\":\"ca\",\"@id\":\"https:\/\/www.navarroaubanell.com\/ca\/producte\/butaca-a54-060-navarroaubanell\/#primaryimage\",\"url\":\"https:\/\/www.navarroaubanell.com\/wp-content\/uploads\/2024\/11\/fff-Photoroom-1.jpg\",\"contentUrl\":\"https:\/\/www.navarroaubanell.com\/wp-content\/uploads\/2024\/11\/fff-Photoroom-1.jpg\",\"width\":1280,\"height\":1040,\"caption\":\"Butaca A54-060\"},{\"@type\":\"BreadcrumbList\",\"@id\":\"https:\/\/www.navarroaubanell.com\/ca\/producte\/butaca-a54-060-navarroaubanell\/#breadcrumb\",\"itemListElement\":[{\"@type\":\"ListItem\",\"position\":1,\"name\":\"Portada\",\"item\":\"https:\/\/www.navarroaubanell.com\/ca\/\"},{\"@type\":\"ListItem\",\"position\":2,\"name\":\"Productes\",\"item\":\"https:\/\/www.navarroaubanell.com\/productos\/\"},{\"@type\":\"ListItem\",\"position\":3,\"name\":\"Butaca A54-060\"}]},{\"@type\":\"WebSite\",\"@id\":\"https:\/\/www.navarroaubanell.com\/ca\/#website\",\"url\":\"https:\/\/www.navarroaubanell.com\/ca\/\",\"name\":\"Navarro Aubanell\",\"description\":\"Mobiliario para hoteler\u00eda, colectividades y oficinas\",\"publisher\":{\"@id\":\"https:\/\/www.navarroaubanell.com\/ca\/#organization\"},\"potentialAction\":[{\"@type\":\"SearchAction\",\"target\":{\"@type\":\"EntryPoint\",\"urlTemplate\":\"https:\/\/www.navarroaubanell.com\/ca\/?s={search_term_string}\"},\"query-input\":{\"@type\":\"PropertyValueSpecification\",\"valueRequired\":true,\"valueName\":\"search_term_string\"}}],\"inLanguage\":\"ca\"},{\"@type\":\"Organization\",\"@id\":\"https:\/\/www.navarroaubanell.com\/ca\/#organization\",\"name\":\"COMERCIAL NAVARRO AUBANELL, S.A\",\"url\":\"https:\/\/www.navarroaubanell.com\/ca\/\",\"logo\":{\"@type\":\"ImageObject\",\"inLanguage\":\"ca\",\"@id\":\"https:\/\/www.navarroaubanell.com\/ca\/#\/schema\/logo\/image\/\",\"url\":\"https:\/\/www.navarroaubanell.com\/wp-content\/uploads\/2017\/07\/logo-navarro-aubuanell.png\",\"contentUrl\":\"https:\/\/www.navarroaubanell.com\/wp-content\/uploads\/2017\/07\/logo-navarro-aubuanell.png\",\"width\":6304,\"height\":1154,\"caption\":\"COMERCIAL NAVARRO AUBANELL, S.A\"},\"image\":{\"@id\":\"https:\/\/www.navarroaubanell.com\/ca\/#\/schema\/logo\/image\/\"}}]}<\/script>\n<!-- \/ Yoast SEO plugin. -->","yoast_head_json":{"title":"La Butaca A54-060 - Navarro Aubanell","description":"Butaca A54-060: fusi\u00f3 entre la innovaci\u00f3 i la funcionalitat. Estructura acollidora i diversos acabats d'entapissat. Inclou tacs protectors.","robots":{"index":"index","follow":"follow","max-snippet":"max-snippet:-1","max-image-preview":"max-image-preview:large","max-video-preview":"max-video-preview:-1"},"canonical":"https:\/\/www.navarroaubanell.com\/ca\/producte\/butaca-a54-060-navarroaubanell\/","og_locale":"ca_ES","og_type":"article","og_title":"La Butaca A54-060 - Navarro Aubanell","og_description":"Butaca A54-060: fusi\u00f3 entre la innovaci\u00f3 i la funcionalitat. Estructura acollidora i diversos acabats d'entapissat. Inclou tacs protectors.","og_url":"https:\/\/www.navarroaubanell.com\/ca\/producte\/butaca-a54-060-navarroaubanell\/","og_site_name":"Navarro Aubanell","article_modified_time":"2024-11-06T10:54:52+00:00","og_image":[{"width":1280,"height":1040,"url":"https:\/\/www.navarroaubanell.com\/wp-content\/uploads\/2024\/11\/fff-Photoroom-1.jpg","type":"image\/jpeg"}],"twitter_misc":{"Est. reading time":"2 minutes"},"schema":{"@context":"https:\/\/schema.org","@graph":[{"@type":"WebPage","@id":"https:\/\/www.navarroaubanell.com\/ca\/producte\/butaca-a54-060-navarroaubanell\/","url":"https:\/\/www.navarroaubanell.com\/ca\/producte\/butaca-a54-060-navarroaubanell\/","name":"La Butaca A54-060 - Navarro Aubanell","isPartOf":{"@id":"https:\/\/www.navarroaubanell.com\/ca\/#website"},"primaryImageOfPage":{"@id":"https:\/\/www.navarroaubanell.com\/ca\/producte\/butaca-a54-060-navarroaubanell\/#primaryimage"},"image":{"@id":"https:\/\/www.navarroaubanell.com\/ca\/producte\/butaca-a54-060-navarroaubanell\/#primaryimage"},"thumbnailUrl":"https:\/\/www.navarroaubanell.com\/wp-content\/uploads\/2024\/11\/fff-Photoroom-1.jpg","datePublished":"2024-11-06T10:30:44+00:00","dateModified":"2024-11-06T10:54:52+00:00","description":"Butaca A54-060: fusi\u00f3 entre la innovaci\u00f3 i la funcionalitat. Estructura acollidora i diversos acabats d'entapissat. Inclou tacs protectors.","breadcrumb":{"@id":"https:\/\/www.navarroaubanell.com\/ca\/producte\/butaca-a54-060-navarroaubanell\/#breadcrumb"},"inLanguage":"ca","potentialAction":[{"@type":"ReadAction","target":["https:\/\/www.navarroaubanell.com\/ca\/producte\/butaca-a54-060-navarroaubanell\/"]}]},{"@type":"ImageObject","inLanguage":"ca","@id":"https:\/\/www.navarroaubanell.com\/ca\/producte\/butaca-a54-060-navarroaubanell\/#primaryimage","url":"https:\/\/www.navarroaubanell.com\/wp-content\/uploads\/2024\/11\/fff-Photoroom-1.jpg","contentUrl":"https:\/\/www.navarroaubanell.com\/wp-content\/uploads\/2024\/11\/fff-Photoroom-1.jpg","width":1280,"height":1040,"caption":"Butaca A54-060"},{"@type":"BreadcrumbList","@id":"https:\/\/www.navarroaubanell.com\/ca\/producte\/butaca-a54-060-navarroaubanell\/#breadcrumb","itemListElement":[{"@type":"ListItem","position":1,"name":"Portada","item":"https:\/\/www.navarroaubanell.com\/ca\/"},{"@type":"ListItem","position":2,"name":"Productes","item":"https:\/\/www.navarroaubanell.com\/productos\/"},{"@type":"ListItem","position":3,"name":"Butaca A54-060"}]},{"@type":"WebSite","@id":"https:\/\/www.navarroaubanell.com\/ca\/#website","url":"https:\/\/www.navarroaubanell.com\/ca\/","name":"Navarro Aubanell","description":"Mobiliario para hoteler\u00eda, colectividades y oficinas","publisher":{"@id":"https:\/\/www.navarroaubanell.com\/ca\/#organization"},"potentialAction":[{"@type":"SearchAction","target":{"@type":"EntryPoint","urlTemplate":"https:\/\/www.navarroaubanell.com\/ca\/?s={search_term_string}"},"query-input":{"@type":"PropertyValueSpecification","valueRequired":true,"valueName":"search_term_string"}}],"inLanguage":"ca"},{"@type":"Organization","@id":"https:\/\/www.navarroaubanell.com\/ca\/#organization","name":"COMERCIAL NAVARRO AUBANELL, S.A","url":"https:\/\/www.navarroaubanell.com\/ca\/","logo":{"@type":"ImageObject","inLanguage":"ca","@id":"https:\/\/www.navarroaubanell.com\/ca\/#\/schema\/logo\/image\/","url":"https:\/\/www.navarroaubanell.com\/wp-content\/uploads\/2017\/07\/logo-navarro-aubuanell.png","contentUrl":"https:\/\/www.navarroaubanell.com\/wp-content\/uploads\/2017\/07\/logo-navarro-aubuanell.png","width":6304,"height":1154,"caption":"COMERCIAL NAVARRO AUBANELL, S.A"},"image":{"@id":"https:\/\/www.navarroaubanell.com\/ca\/#\/schema\/logo\/image\/"}}]}},"_links":{"self":[{"href":"https:\/\/www.navarroaubanell.com\/ca\/wp-json\/wp\/v2\/product\/41456","targetHints":{"allow":["GET"]}}],"collection":[{"href":"https:\/\/www.navarroaubanell.com\/ca\/wp-json\/wp\/v2\/product"}],"about":[{"href":"https:\/\/www.navarroaubanell.com\/ca\/wp-json\/wp\/v2\/types\/product"}],"wp:featuredmedia":[{"embeddable":true,"href":"https:\/\/www.navarroaubanell.com\/ca\/wp-json\/wp\/v2\/media\/41448"}],"wp:attachment":[{"href":"https:\/\/www.navarroaubanell.com\/ca\/wp-json\/wp\/v2\/media?parent=41456"}],"wp:term":[{"taxonomy":"product_brand","embeddable":true,"href":"https:\/\/www.navarroaubanell.com\/ca\/wp-json\/wp\/v2\/product_brand?post=41456"},{"taxonomy":"product_cat","embeddable":true,"href":"https:\/\/www.navarroaubanell.com\/ca\/wp-json\/wp\/v2\/product_cat?post=41456"},{"taxonomy":"product_tag","embeddable":true,"href":"https:\/\/www.navarroaubanell.com\/ca\/wp-json\/wp\/v2\/product_tag?post=41456"}],"curies":[{"name":"wp","href":"https:\/\/api.w.org\/{rel}","templated":true}]}}