{"id":41009,"date":"2024-10-28T10:08:22","date_gmt":"2024-10-28T09:08:22","guid":{"rendered":"https:\/\/www.navarroaubanell.com\/producto\/sillon-mentha\/"},"modified":"2024-10-28T10:26:31","modified_gmt":"2024-10-28T09:26:31","slug":"cadira-de-bracos-mentha-nardi-navarroaubanell","status":"publish","type":"product","link":"https:\/\/www.navarroaubanell.com\/ca\/producte\/cadira-de-bracos-mentha-nardi-navarroaubanell\/","title":{"rendered":"Cadira de bra\u00e7os Mentha"},"content":{"rendered":"<div class=\"flex-shrink-0 flex flex-col relative items-end\">\n<div class=\"pt-0\">\n<div class=\"gizmo-bot-avatar flex h-8 w-8 items-center justify-center overflow-hidden rounded-full\">\n<h5 class=\"relative p-1 rounded-sm flex items-center justify-center bg-token-main-surface-primary text-token-text-primary h-8 w-8\"><strong>Cadira de bra\u00e7os Mentha: Eleg\u00e0ncia i Naturalesa Eco-Friendly<\/strong><\/h5>\n<div>\n<div class=\"flex max-w-full flex-col flex-grow\">\n<div class=\"min-h-8 text-message flex w-full flex-col items-end gap-2 whitespace-normal break-words [.text-message+&amp;]:mt-5\" dir=\"auto\" data-message-author-role=\"assistant\" data-message-id=\"d6f24cd3-7c45-447c-8deb-cdfe11ae40f0\" data-message-model-slug=\"gpt-4o\">\n<div class=\"flex w-full flex-col gap-1 empty:hidden first:pt-[3px]\">\n<div class=\"markdown prose w-full break-words dark:prose-invert light\">\n<div class=\"traductor-textarea form-group\">\n<div class=\"textarea-desti col-xs-12 col-sm-6\">\n<div class=\"form-control second-textarea\">La cadira de bra\u00e7os Mentha reflecteix la frescor, el confort i la serenitat que proporciona la naturalesa en qualsevol espai. El seu disseny avantguardista i sofisticat s&#8217;inspira en les formes harmonioses, fluides i atractives de l&#8217;entorn natural, les quals han estat magistralment sintetitzades en una silueta \u00fanica i f\u00e0cilment distingible: la fulla, un s\u00edmbol d&#8217;equilibri i eleg\u00e0ncia.<\/div>\n<\/div>\n<\/div>\n<\/div>\n<\/div>\n<\/div>\n<\/div>\n<\/div>\n<\/div>\n<\/div>\n<\/div>\n<div class=\"group\/conversation-turn relative flex w-full min-w-0 flex-col agent-turn\">\n<div class=\"flex-col gap-1 md:gap-3\">\n<div class=\"flex max-w-full flex-col flex-grow\">\n<div class=\"min-h-8 text-message flex w-full flex-col items-end gap-2 whitespace-normal break-words [.text-message+&amp;]:mt-5\" dir=\"auto\" data-message-author-role=\"assistant\" data-message-id=\"288968d9-0f4c-4327-9d45-a4fe226413a4\" data-message-model-slug=\"gpt-4o\">\n<div class=\"flex w-full flex-col gap-1 empty:hidden first:pt-[3px]\">\n<div class=\"markdown prose w-full break-words dark:prose-invert light\">\n<h6><strong>Estructura i Materials Sostenibles<\/strong><\/h6>\n<div class=\"traductor-textarea form-group\">\n<div class=\"textarea-desti col-xs-12 col-sm-6\">\n<div class=\"form-control second-textarea\">Mentha est\u00e0 dissenyada per a ser tant robusta com ecol\u00f2gica. La seva estructura est\u00e0 fabricada en acer tubular, recobert amb pintura en pols de poli\u00e8ster en cinc opcions de color. La carcassa est\u00e0 elaborada en tecnopol\u00edmer regenerat, un pl\u00e0stic reciclat certificat, la qual cosa refor\u00e7a el comprom\u00eds de Mentha amb la sostenibilitat i el respecte cap al medi ambient, sense sacrificar comoditat ni durabilitat. Est\u00e0 disponible en dos acabats de carcassa: tecnopol\u00edmer reciclat o entapissat en tela.<\/div>\n<\/div>\n<\/div>\n<h6><strong>Funcionalitat i Practicitat<\/strong><\/h6>\n<div class=\"traductor-textarea form-group\">\n<div class=\"textarea-desti col-xs-12 col-sm-6\">\n<div class=\"form-control second-textarea\">Gr\u00e0cies al seu disseny atemporal, la cadira de bra\u00e7os Mentha s&#8217;integra amb facilitat en qualsevol ambient, ja sigui interior o exterior. Des d&#8217;oficines fins a cafeteries, restaurants o hotels, el seu estil fresc i natural combina amb diferents entorns. A m\u00e9s, Mentha \u00e9s apilable, la qual cosa optimitza l&#8217;espai i facilita un emmagatzematge r\u00e0pid i eficient.<\/div>\n<\/div>\n<\/div>\n<\/div>\n<\/div>\n<\/div>\n<\/div>\n<\/div>\n<\/div>\n","protected":false},"excerpt":{"rendered":"<p>Cadira de bra\u00e7os Mentha: Eleg\u00e0ncia i Naturalesa Eco-Friendly La cadira de bra\u00e7os Mentha reflecteix la frescor, el confort i la serenitat que proporciona la naturalesa en qualsevol espai. El seu disseny avantguardista i sofisticat s&#8217;inspira en les formes harmonioses, fluides i atractives de l&#8217;entorn natural, les quals han estat magistralment sintetitzades en una silueta \u00fanica&hellip;<\/p>\n","protected":false},"featured_media":44337,"template":"","meta":{"_acf_changed":false},"product_brand":[],"product_cat":[534,573,563,525,1519],"product_tag":[587,749,640,664,1540,1491,1180],"class_list":{"0":"post-41009","1":"product","2":"type-product","3":"status-publish","4":"has-post-thumbnail","6":"product_cat-cadires-de-bracos","7":"product_cat-cadires-de-bracos-exterior","8":"product_cat-exterior-ca","9":"product_cat-interior","10":"product_cat-reciclat","11":"product_tag-apilable-ca","12":"product_tag-cadira-de-barcos","13":"product_tag-exterior-ca","14":"product_tag-interior-ca","15":"product_tag-mentha-ca","16":"product_tag-regenerado-ca","17":"product_tag-sostenible","18":"description-off","20":"first","21":"instock","22":"shipping-taxable","23":"product-type-simple"},"acf":[],"yoast_head":"<!-- This site is optimized with the Yoast SEO plugin v27.0 - https:\/\/yoast.com\/product\/yoast-seo-wordpress\/ -->\n<title>Cadira de bra\u00e7os Mentha, Nardi- Navarro Aubanell<\/title>\n<meta name=\"description\" content=\"Cadira de bra\u00e7os Mentha: materials regenerats. Resistent, sostenible i vers\u00e0til. Estructura d&#039;acer tubular i carcassa de tecnopol\u00edmer o tela. Apilable.\" \/>\n<meta name=\"robots\" content=\"index, follow, max-snippet:-1, max-image-preview:large, max-video-preview:-1\" \/>\n<link rel=\"canonical\" href=\"https:\/\/www.navarroaubanell.com\/ca\/producte\/cadira-de-bracos-mentha-nardi-navarroaubanell\/\" \/>\n<meta property=\"og:locale\" content=\"ca_ES\" \/>\n<meta property=\"og:type\" content=\"article\" \/>\n<meta property=\"og:title\" content=\"Cadira de bra\u00e7os Mentha, Nardi- Navarro Aubanell\" \/>\n<meta property=\"og:description\" content=\"Cadira de bra\u00e7os Mentha: materials regenerats. Resistent, sostenible i vers\u00e0til. Estructura d&#039;acer tubular i carcassa de tecnopol\u00edmer o tela. Apilable.\" \/>\n<meta property=\"og:url\" content=\"https:\/\/www.navarroaubanell.com\/ca\/producte\/cadira-de-bracos-mentha-nardi-navarroaubanell\/\" \/>\n<meta property=\"og:site_name\" content=\"Navarro Aubanell\" \/>\n<meta property=\"article:modified_time\" content=\"2024-10-28T09:26:31+00:00\" \/>\n<meta property=\"og:image\" content=\"https:\/\/www.navarroaubanell.com\/wp-content\/uploads\/2024\/10\/Sillon-Mentha.jpg\" \/>\n\t<meta property=\"og:image:width\" content=\"800\" \/>\n\t<meta property=\"og:image:height\" content=\"650\" \/>\n\t<meta property=\"og:image:type\" content=\"image\/jpeg\" \/>\n<meta name=\"twitter:label1\" content=\"Est. reading time\" \/>\n\t<meta name=\"twitter:data1\" content=\"2 minutes\" \/>\n<script type=\"application\/ld+json\" class=\"yoast-schema-graph\">{\"@context\":\"https:\/\/schema.org\",\"@graph\":[{\"@type\":\"WebPage\",\"@id\":\"https:\/\/www.navarroaubanell.com\/ca\/producte\/cadira-de-bracos-mentha-nardi-navarroaubanell\/\",\"url\":\"https:\/\/www.navarroaubanell.com\/ca\/producte\/cadira-de-bracos-mentha-nardi-navarroaubanell\/\",\"name\":\"Cadira de bra\u00e7os Mentha, Nardi- Navarro Aubanell\",\"isPartOf\":{\"@id\":\"https:\/\/www.navarroaubanell.com\/ca\/#website\"},\"primaryImageOfPage\":{\"@id\":\"https:\/\/www.navarroaubanell.com\/ca\/producte\/cadira-de-bracos-mentha-nardi-navarroaubanell\/#primaryimage\"},\"image\":{\"@id\":\"https:\/\/www.navarroaubanell.com\/ca\/producte\/cadira-de-bracos-mentha-nardi-navarroaubanell\/#primaryimage\"},\"thumbnailUrl\":\"https:\/\/www.navarroaubanell.com\/wp-content\/uploads\/2024\/10\/Sillon-Mentha.jpg\",\"datePublished\":\"2024-10-28T09:08:22+00:00\",\"dateModified\":\"2024-10-28T09:26:31+00:00\",\"description\":\"Cadira de bra\u00e7os Mentha: materials regenerats. Resistent, sostenible i vers\u00e0til. Estructura d'acer tubular i carcassa de tecnopol\u00edmer o tela. Apilable.\",\"breadcrumb\":{\"@id\":\"https:\/\/www.navarroaubanell.com\/ca\/producte\/cadira-de-bracos-mentha-nardi-navarroaubanell\/#breadcrumb\"},\"inLanguage\":\"ca\",\"potentialAction\":[{\"@type\":\"ReadAction\",\"target\":[\"https:\/\/www.navarroaubanell.com\/ca\/producte\/cadira-de-bracos-mentha-nardi-navarroaubanell\/\"]}]},{\"@type\":\"ImageObject\",\"inLanguage\":\"ca\",\"@id\":\"https:\/\/www.navarroaubanell.com\/ca\/producte\/cadira-de-bracos-mentha-nardi-navarroaubanell\/#primaryimage\",\"url\":\"https:\/\/www.navarroaubanell.com\/wp-content\/uploads\/2024\/10\/Sillon-Mentha.jpg\",\"contentUrl\":\"https:\/\/www.navarroaubanell.com\/wp-content\/uploads\/2024\/10\/Sillon-Mentha.jpg\",\"width\":800,\"height\":650,\"caption\":\"Created with GIMP\"},{\"@type\":\"BreadcrumbList\",\"@id\":\"https:\/\/www.navarroaubanell.com\/ca\/producte\/cadira-de-bracos-mentha-nardi-navarroaubanell\/#breadcrumb\",\"itemListElement\":[{\"@type\":\"ListItem\",\"position\":1,\"name\":\"Portada\",\"item\":\"https:\/\/www.navarroaubanell.com\/ca\/\"},{\"@type\":\"ListItem\",\"position\":2,\"name\":\"Productes\",\"item\":\"https:\/\/www.navarroaubanell.com\/productos\/\"},{\"@type\":\"ListItem\",\"position\":3,\"name\":\"Cadira de bra\u00e7os Mentha\"}]},{\"@type\":\"WebSite\",\"@id\":\"https:\/\/www.navarroaubanell.com\/ca\/#website\",\"url\":\"https:\/\/www.navarroaubanell.com\/ca\/\",\"name\":\"Navarro Aubanell\",\"description\":\"Mobiliario para hoteler\u00eda, colectividades y oficinas\",\"publisher\":{\"@id\":\"https:\/\/www.navarroaubanell.com\/ca\/#organization\"},\"potentialAction\":[{\"@type\":\"SearchAction\",\"target\":{\"@type\":\"EntryPoint\",\"urlTemplate\":\"https:\/\/www.navarroaubanell.com\/ca\/?s={search_term_string}\"},\"query-input\":{\"@type\":\"PropertyValueSpecification\",\"valueRequired\":true,\"valueName\":\"search_term_string\"}}],\"inLanguage\":\"ca\"},{\"@type\":\"Organization\",\"@id\":\"https:\/\/www.navarroaubanell.com\/ca\/#organization\",\"name\":\"COMERCIAL NAVARRO AUBANELL, S.A\",\"url\":\"https:\/\/www.navarroaubanell.com\/ca\/\",\"logo\":{\"@type\":\"ImageObject\",\"inLanguage\":\"ca\",\"@id\":\"https:\/\/www.navarroaubanell.com\/ca\/#\/schema\/logo\/image\/\",\"url\":\"https:\/\/www.navarroaubanell.com\/wp-content\/uploads\/2017\/07\/logo-navarro-aubuanell.png\",\"contentUrl\":\"https:\/\/www.navarroaubanell.com\/wp-content\/uploads\/2017\/07\/logo-navarro-aubuanell.png\",\"width\":6304,\"height\":1154,\"caption\":\"COMERCIAL NAVARRO AUBANELL, S.A\"},\"image\":{\"@id\":\"https:\/\/www.navarroaubanell.com\/ca\/#\/schema\/logo\/image\/\"}}]}<\/script>\n<!-- \/ Yoast SEO plugin. -->","yoast_head_json":{"title":"Cadira de bra\u00e7os Mentha, Nardi- Navarro Aubanell","description":"Cadira de bra\u00e7os Mentha: materials regenerats. Resistent, sostenible i vers\u00e0til. Estructura d'acer tubular i carcassa de tecnopol\u00edmer o tela. Apilable.","robots":{"index":"index","follow":"follow","max-snippet":"max-snippet:-1","max-image-preview":"max-image-preview:large","max-video-preview":"max-video-preview:-1"},"canonical":"https:\/\/www.navarroaubanell.com\/ca\/producte\/cadira-de-bracos-mentha-nardi-navarroaubanell\/","og_locale":"ca_ES","og_type":"article","og_title":"Cadira de bra\u00e7os Mentha, Nardi- Navarro Aubanell","og_description":"Cadira de bra\u00e7os Mentha: materials regenerats. Resistent, sostenible i vers\u00e0til. Estructura d'acer tubular i carcassa de tecnopol\u00edmer o tela. Apilable.","og_url":"https:\/\/www.navarroaubanell.com\/ca\/producte\/cadira-de-bracos-mentha-nardi-navarroaubanell\/","og_site_name":"Navarro Aubanell","article_modified_time":"2024-10-28T09:26:31+00:00","og_image":[{"width":800,"height":650,"url":"https:\/\/www.navarroaubanell.com\/wp-content\/uploads\/2024\/10\/Sillon-Mentha.jpg","type":"image\/jpeg"}],"twitter_misc":{"Est. reading time":"2 minutes"},"schema":{"@context":"https:\/\/schema.org","@graph":[{"@type":"WebPage","@id":"https:\/\/www.navarroaubanell.com\/ca\/producte\/cadira-de-bracos-mentha-nardi-navarroaubanell\/","url":"https:\/\/www.navarroaubanell.com\/ca\/producte\/cadira-de-bracos-mentha-nardi-navarroaubanell\/","name":"Cadira de bra\u00e7os Mentha, Nardi- Navarro Aubanell","isPartOf":{"@id":"https:\/\/www.navarroaubanell.com\/ca\/#website"},"primaryImageOfPage":{"@id":"https:\/\/www.navarroaubanell.com\/ca\/producte\/cadira-de-bracos-mentha-nardi-navarroaubanell\/#primaryimage"},"image":{"@id":"https:\/\/www.navarroaubanell.com\/ca\/producte\/cadira-de-bracos-mentha-nardi-navarroaubanell\/#primaryimage"},"thumbnailUrl":"https:\/\/www.navarroaubanell.com\/wp-content\/uploads\/2024\/10\/Sillon-Mentha.jpg","datePublished":"2024-10-28T09:08:22+00:00","dateModified":"2024-10-28T09:26:31+00:00","description":"Cadira de bra\u00e7os Mentha: materials regenerats. Resistent, sostenible i vers\u00e0til. Estructura d'acer tubular i carcassa de tecnopol\u00edmer o tela. Apilable.","breadcrumb":{"@id":"https:\/\/www.navarroaubanell.com\/ca\/producte\/cadira-de-bracos-mentha-nardi-navarroaubanell\/#breadcrumb"},"inLanguage":"ca","potentialAction":[{"@type":"ReadAction","target":["https:\/\/www.navarroaubanell.com\/ca\/producte\/cadira-de-bracos-mentha-nardi-navarroaubanell\/"]}]},{"@type":"ImageObject","inLanguage":"ca","@id":"https:\/\/www.navarroaubanell.com\/ca\/producte\/cadira-de-bracos-mentha-nardi-navarroaubanell\/#primaryimage","url":"https:\/\/www.navarroaubanell.com\/wp-content\/uploads\/2024\/10\/Sillon-Mentha.jpg","contentUrl":"https:\/\/www.navarroaubanell.com\/wp-content\/uploads\/2024\/10\/Sillon-Mentha.jpg","width":800,"height":650,"caption":"Created with GIMP"},{"@type":"BreadcrumbList","@id":"https:\/\/www.navarroaubanell.com\/ca\/producte\/cadira-de-bracos-mentha-nardi-navarroaubanell\/#breadcrumb","itemListElement":[{"@type":"ListItem","position":1,"name":"Portada","item":"https:\/\/www.navarroaubanell.com\/ca\/"},{"@type":"ListItem","position":2,"name":"Productes","item":"https:\/\/www.navarroaubanell.com\/productos\/"},{"@type":"ListItem","position":3,"name":"Cadira de bra\u00e7os Mentha"}]},{"@type":"WebSite","@id":"https:\/\/www.navarroaubanell.com\/ca\/#website","url":"https:\/\/www.navarroaubanell.com\/ca\/","name":"Navarro Aubanell","description":"Mobiliario para hoteler\u00eda, colectividades y oficinas","publisher":{"@id":"https:\/\/www.navarroaubanell.com\/ca\/#organization"},"potentialAction":[{"@type":"SearchAction","target":{"@type":"EntryPoint","urlTemplate":"https:\/\/www.navarroaubanell.com\/ca\/?s={search_term_string}"},"query-input":{"@type":"PropertyValueSpecification","valueRequired":true,"valueName":"search_term_string"}}],"inLanguage":"ca"},{"@type":"Organization","@id":"https:\/\/www.navarroaubanell.com\/ca\/#organization","name":"COMERCIAL NAVARRO AUBANELL, S.A","url":"https:\/\/www.navarroaubanell.com\/ca\/","logo":{"@type":"ImageObject","inLanguage":"ca","@id":"https:\/\/www.navarroaubanell.com\/ca\/#\/schema\/logo\/image\/","url":"https:\/\/www.navarroaubanell.com\/wp-content\/uploads\/2017\/07\/logo-navarro-aubuanell.png","contentUrl":"https:\/\/www.navarroaubanell.com\/wp-content\/uploads\/2017\/07\/logo-navarro-aubuanell.png","width":6304,"height":1154,"caption":"COMERCIAL NAVARRO AUBANELL, S.A"},"image":{"@id":"https:\/\/www.navarroaubanell.com\/ca\/#\/schema\/logo\/image\/"}}]}},"_links":{"self":[{"href":"https:\/\/www.navarroaubanell.com\/ca\/wp-json\/wp\/v2\/product\/41009","targetHints":{"allow":["GET"]}}],"collection":[{"href":"https:\/\/www.navarroaubanell.com\/ca\/wp-json\/wp\/v2\/product"}],"about":[{"href":"https:\/\/www.navarroaubanell.com\/ca\/wp-json\/wp\/v2\/types\/product"}],"wp:featuredmedia":[{"embeddable":true,"href":"https:\/\/www.navarroaubanell.com\/ca\/wp-json\/wp\/v2\/media\/44337"}],"wp:attachment":[{"href":"https:\/\/www.navarroaubanell.com\/ca\/wp-json\/wp\/v2\/media?parent=41009"}],"wp:term":[{"taxonomy":"product_brand","embeddable":true,"href":"https:\/\/www.navarroaubanell.com\/ca\/wp-json\/wp\/v2\/product_brand?post=41009"},{"taxonomy":"product_cat","embeddable":true,"href":"https:\/\/www.navarroaubanell.com\/ca\/wp-json\/wp\/v2\/product_cat?post=41009"},{"taxonomy":"product_tag","embeddable":true,"href":"https:\/\/www.navarroaubanell.com\/ca\/wp-json\/wp\/v2\/product_tag?post=41009"}],"curies":[{"name":"wp","href":"https:\/\/api.w.org\/{rel}","templated":true}]}}