{"id":40840,"date":"2024-10-24T10:16:08","date_gmt":"2024-10-24T08:16:08","guid":{"rendered":"https:\/\/www.navarroaubanell.com\/producto\/mesa-cube-cuadrada-nardi-navarroaubanell\/"},"modified":"2024-10-24T10:22:41","modified_gmt":"2024-10-24T08:22:41","slug":"taula-cube-quadrada-nardi-navarroaubanell","status":"publish","type":"product","link":"https:\/\/www.navarroaubanell.com\/ca\/producte\/taula-cube-quadrada-nardi-navarroaubanell\/","title":{"rendered":"Taula Cube Quadrada"},"content":{"rendered":"<h6>Taula Cube Quadrada: Eleg\u00e0ncia i Funcionalitat<\/h6>\n<div class=\"traductor-textarea form-group\">\n<div class=\"textarea-desti col-xs-12 col-sm-6\">\n<div class=\"form-control second-textarea\">La taula Cube Quadrada destaca per la seva resist\u00e8ncia i l\u00ednies essencials, perfecta per a espais professionals que requereixen durabilitat i estil. El seu tauler DurelTOP incorpora un sistema innovador de fabricaci\u00f3 que assegura els m\u00e9s alts nivells de practicitat, robustesa i eleg\u00e0ncia. La taula Cube \u00e9s ideal per a exteriors on l&#8217;exposici\u00f3 solar no sigui excessiva.<\/div>\n<\/div>\n<\/div>\n<h6>Mesures i Adaptabilitat<\/h6>\n<p>Cube\u00a0est\u00e0 disponible en dues versions: 70\u00d770 cm i 80\u00d780 cm, oferint flexibilitat per a acomodar-se a les necessitats de cada espai. La seva estructura d&#8217;alumini pintat en efecte mat aporta un toc modern i sofisticat.<\/p>\n<p>A m\u00e9s, compta amb un accessori opcional que permet convertir la taula\u00a0Cube\u00a0en una taula alta, afegint encara m\u00e9s versatilitat.<\/p>\n<h6>Sostenibilitat i tecnologia avan\u00e7ada<\/h6>\n<div class=\"traductor-textarea form-group\">\n<div class=\"textarea-desti col-xs-12 col-sm-6\">\n<div class=\"form-control second-textarea\">Compromesa amb la sostenibilitat, la taula Cube Quadrada est\u00e0 fabricada amb resines reciclables i compta amb un tractament anti-UV, assegurant que els colors del tauler es mantinguin ferms i uniformes al llarg del temps. Disponible en quatre colors, Cube garanteix durabilitat i est\u00e8tica.<\/div>\n<\/div>\n<\/div>\n<h6>Funcionalitat apilable<\/h6>\n<div class=\"traductor-textarea form-group\">\n<div class=\"textarea-desti col-xs-12 col-sm-6\">\n<div class=\"form-control second-textarea\">A m\u00e9s de la seva resist\u00e8ncia,\u00a0Cube\u00a0\u00e9s apilable, la qual cosa maximitza la seva practicitat i facilita l&#8217;emmagatzematge, convertint-la en l&#8217;opci\u00f3 ideal per a hostaleria, oficines o qualsevol espai que requereixi versatilitat i optimitzaci\u00f3 de l&#8217;espai.<\/div>\n<\/div>\n<\/div>\n<div class=\"traductor-checkbox form-group\">\n<div class=\"row\">\n<div class=\"col-sm-offset-2 col-sm-5\"><\/div>\n<\/div>\n<\/div>\n","protected":false},"excerpt":{"rendered":"<p>Taula Cube Quadrada: Eleg\u00e0ncia i Funcionalitat La taula Cube Quadrada destaca per la seva resist\u00e8ncia i l\u00ednies essencials, perfecta per a espais professionals que requereixen durabilitat i estil. El seu tauler DurelTOP incorpora un sistema innovador de fabricaci\u00f3 que assegura els m\u00e9s alts nivells de practicitat, robustesa i eleg\u00e0ncia. La taula Cube \u00e9s ideal per&hellip;<\/p>\n","protected":false},"featured_media":44367,"template":"","meta":{"_acf_changed":false},"product_brand":[],"product_cat":[563,529,567],"product_tag":[1263,587,1526,1527,640,664,824,695],"class_list":{"0":"post-40840","1":"product","2":"type-product","3":"status-publish","4":"has-post-thumbnail","6":"product_cat-exterior-ca","7":"product_cat-taules","8":"product_cat-taules-exterior","9":"product_tag-anti-rayos-uv-ca","10":"product_tag-apilable-ca","11":"product_tag-cube-ca","12":"product_tag-dureltop-ca","13":"product_tag-exterior-ca","14":"product_tag-interior-ca","15":"product_tag-quadrada","16":"product_tag-taula","17":"description-off","19":"first","20":"instock","21":"shipping-taxable","22":"product-type-simple"},"acf":[],"yoast_head":"<!-- This site is optimized with the Yoast SEO plugin v27.0 - https:\/\/yoast.com\/product\/yoast-seo-wordpress\/ -->\n<title>Taula Cube Quadrada, Nardi- Navarro Aubanell<\/title>\n<meta name=\"description\" content=\"Taula Cube Quadrada: resistent, apilable i sostenible, amb tauler DurelTOP i estructura d&#039;alumini, ideal per a interiors i exteriors. Dues mesures.\" \/>\n<meta name=\"robots\" content=\"index, follow, max-snippet:-1, max-image-preview:large, max-video-preview:-1\" \/>\n<link rel=\"canonical\" href=\"https:\/\/www.navarroaubanell.com\/ca\/producte\/taula-cube-quadrada-nardi-navarroaubanell\/\" \/>\n<meta property=\"og:locale\" content=\"ca_ES\" \/>\n<meta property=\"og:type\" content=\"article\" \/>\n<meta property=\"og:title\" content=\"Taula Cube Quadrada, Nardi- Navarro Aubanell\" \/>\n<meta property=\"og:description\" content=\"Taula Cube Quadrada: resistent, apilable i sostenible, amb tauler DurelTOP i estructura d&#039;alumini, ideal per a interiors i exteriors. Dues mesures.\" \/>\n<meta property=\"og:url\" content=\"https:\/\/www.navarroaubanell.com\/ca\/producte\/taula-cube-quadrada-nardi-navarroaubanell\/\" \/>\n<meta property=\"og:site_name\" content=\"Navarro Aubanell\" \/>\n<meta property=\"article:modified_time\" content=\"2024-10-24T08:22:41+00:00\" \/>\n<meta property=\"og:image\" content=\"https:\/\/www.navarroaubanell.com\/wp-content\/uploads\/2024\/10\/img_9747-Photoroom.png\" \/>\n\t<meta property=\"og:image:width\" content=\"800\" \/>\n\t<meta property=\"og:image:height\" content=\"650\" \/>\n\t<meta property=\"og:image:type\" content=\"image\/png\" \/>\n<meta name=\"twitter:label1\" content=\"Est. reading time\" \/>\n\t<meta name=\"twitter:data1\" content=\"2 minutes\" \/>\n<script type=\"application\/ld+json\" class=\"yoast-schema-graph\">{\"@context\":\"https:\/\/schema.org\",\"@graph\":[{\"@type\":\"WebPage\",\"@id\":\"https:\/\/www.navarroaubanell.com\/ca\/producte\/taula-cube-quadrada-nardi-navarroaubanell\/\",\"url\":\"https:\/\/www.navarroaubanell.com\/ca\/producte\/taula-cube-quadrada-nardi-navarroaubanell\/\",\"name\":\"Taula Cube Quadrada, Nardi- Navarro Aubanell\",\"isPartOf\":{\"@id\":\"https:\/\/www.navarroaubanell.com\/ca\/#website\"},\"primaryImageOfPage\":{\"@id\":\"https:\/\/www.navarroaubanell.com\/ca\/producte\/taula-cube-quadrada-nardi-navarroaubanell\/#primaryimage\"},\"image\":{\"@id\":\"https:\/\/www.navarroaubanell.com\/ca\/producte\/taula-cube-quadrada-nardi-navarroaubanell\/#primaryimage\"},\"thumbnailUrl\":\"https:\/\/www.navarroaubanell.com\/wp-content\/uploads\/2024\/10\/img_9747-Photoroom.png\",\"datePublished\":\"2024-10-24T08:16:08+00:00\",\"dateModified\":\"2024-10-24T08:22:41+00:00\",\"description\":\"Taula Cube Quadrada: resistent, apilable i sostenible, amb tauler DurelTOP i estructura d'alumini, ideal per a interiors i exteriors. Dues mesures.\",\"breadcrumb\":{\"@id\":\"https:\/\/www.navarroaubanell.com\/ca\/producte\/taula-cube-quadrada-nardi-navarroaubanell\/#breadcrumb\"},\"inLanguage\":\"ca\",\"potentialAction\":[{\"@type\":\"ReadAction\",\"target\":[\"https:\/\/www.navarroaubanell.com\/ca\/producte\/taula-cube-quadrada-nardi-navarroaubanell\/\"]}]},{\"@type\":\"ImageObject\",\"inLanguage\":\"ca\",\"@id\":\"https:\/\/www.navarroaubanell.com\/ca\/producte\/taula-cube-quadrada-nardi-navarroaubanell\/#primaryimage\",\"url\":\"https:\/\/www.navarroaubanell.com\/wp-content\/uploads\/2024\/10\/img_9747-Photoroom.png\",\"contentUrl\":\"https:\/\/www.navarroaubanell.com\/wp-content\/uploads\/2024\/10\/img_9747-Photoroom.png\",\"width\":800,\"height\":650,\"caption\":\"Mesa cube\"},{\"@type\":\"BreadcrumbList\",\"@id\":\"https:\/\/www.navarroaubanell.com\/ca\/producte\/taula-cube-quadrada-nardi-navarroaubanell\/#breadcrumb\",\"itemListElement\":[{\"@type\":\"ListItem\",\"position\":1,\"name\":\"Portada\",\"item\":\"https:\/\/www.navarroaubanell.com\/ca\/\"},{\"@type\":\"ListItem\",\"position\":2,\"name\":\"Productes\",\"item\":\"https:\/\/www.navarroaubanell.com\/productos\/\"},{\"@type\":\"ListItem\",\"position\":3,\"name\":\"Taula Cube Quadrada\"}]},{\"@type\":\"WebSite\",\"@id\":\"https:\/\/www.navarroaubanell.com\/ca\/#website\",\"url\":\"https:\/\/www.navarroaubanell.com\/ca\/\",\"name\":\"Navarro Aubanell\",\"description\":\"Mobiliario para hoteler\u00eda, colectividades y oficinas\",\"publisher\":{\"@id\":\"https:\/\/www.navarroaubanell.com\/ca\/#organization\"},\"potentialAction\":[{\"@type\":\"SearchAction\",\"target\":{\"@type\":\"EntryPoint\",\"urlTemplate\":\"https:\/\/www.navarroaubanell.com\/ca\/?s={search_term_string}\"},\"query-input\":{\"@type\":\"PropertyValueSpecification\",\"valueRequired\":true,\"valueName\":\"search_term_string\"}}],\"inLanguage\":\"ca\"},{\"@type\":\"Organization\",\"@id\":\"https:\/\/www.navarroaubanell.com\/ca\/#organization\",\"name\":\"COMERCIAL NAVARRO AUBANELL, S.A\",\"url\":\"https:\/\/www.navarroaubanell.com\/ca\/\",\"logo\":{\"@type\":\"ImageObject\",\"inLanguage\":\"ca\",\"@id\":\"https:\/\/www.navarroaubanell.com\/ca\/#\/schema\/logo\/image\/\",\"url\":\"https:\/\/www.navarroaubanell.com\/wp-content\/uploads\/2017\/07\/logo-navarro-aubuanell.png\",\"contentUrl\":\"https:\/\/www.navarroaubanell.com\/wp-content\/uploads\/2017\/07\/logo-navarro-aubuanell.png\",\"width\":6304,\"height\":1154,\"caption\":\"COMERCIAL NAVARRO AUBANELL, S.A\"},\"image\":{\"@id\":\"https:\/\/www.navarroaubanell.com\/ca\/#\/schema\/logo\/image\/\"}}]}<\/script>\n<!-- \/ Yoast SEO plugin. -->","yoast_head_json":{"title":"Taula Cube Quadrada, Nardi- Navarro Aubanell","description":"Taula Cube Quadrada: resistent, apilable i sostenible, amb tauler DurelTOP i estructura d'alumini, ideal per a interiors i exteriors. Dues mesures.","robots":{"index":"index","follow":"follow","max-snippet":"max-snippet:-1","max-image-preview":"max-image-preview:large","max-video-preview":"max-video-preview:-1"},"canonical":"https:\/\/www.navarroaubanell.com\/ca\/producte\/taula-cube-quadrada-nardi-navarroaubanell\/","og_locale":"ca_ES","og_type":"article","og_title":"Taula Cube Quadrada, Nardi- Navarro Aubanell","og_description":"Taula Cube Quadrada: resistent, apilable i sostenible, amb tauler DurelTOP i estructura d'alumini, ideal per a interiors i exteriors. Dues mesures.","og_url":"https:\/\/www.navarroaubanell.com\/ca\/producte\/taula-cube-quadrada-nardi-navarroaubanell\/","og_site_name":"Navarro Aubanell","article_modified_time":"2024-10-24T08:22:41+00:00","og_image":[{"width":800,"height":650,"url":"https:\/\/www.navarroaubanell.com\/wp-content\/uploads\/2024\/10\/img_9747-Photoroom.png","type":"image\/png"}],"twitter_misc":{"Est. reading time":"2 minutes"},"schema":{"@context":"https:\/\/schema.org","@graph":[{"@type":"WebPage","@id":"https:\/\/www.navarroaubanell.com\/ca\/producte\/taula-cube-quadrada-nardi-navarroaubanell\/","url":"https:\/\/www.navarroaubanell.com\/ca\/producte\/taula-cube-quadrada-nardi-navarroaubanell\/","name":"Taula Cube Quadrada, Nardi- Navarro Aubanell","isPartOf":{"@id":"https:\/\/www.navarroaubanell.com\/ca\/#website"},"primaryImageOfPage":{"@id":"https:\/\/www.navarroaubanell.com\/ca\/producte\/taula-cube-quadrada-nardi-navarroaubanell\/#primaryimage"},"image":{"@id":"https:\/\/www.navarroaubanell.com\/ca\/producte\/taula-cube-quadrada-nardi-navarroaubanell\/#primaryimage"},"thumbnailUrl":"https:\/\/www.navarroaubanell.com\/wp-content\/uploads\/2024\/10\/img_9747-Photoroom.png","datePublished":"2024-10-24T08:16:08+00:00","dateModified":"2024-10-24T08:22:41+00:00","description":"Taula Cube Quadrada: resistent, apilable i sostenible, amb tauler DurelTOP i estructura d'alumini, ideal per a interiors i exteriors. Dues mesures.","breadcrumb":{"@id":"https:\/\/www.navarroaubanell.com\/ca\/producte\/taula-cube-quadrada-nardi-navarroaubanell\/#breadcrumb"},"inLanguage":"ca","potentialAction":[{"@type":"ReadAction","target":["https:\/\/www.navarroaubanell.com\/ca\/producte\/taula-cube-quadrada-nardi-navarroaubanell\/"]}]},{"@type":"ImageObject","inLanguage":"ca","@id":"https:\/\/www.navarroaubanell.com\/ca\/producte\/taula-cube-quadrada-nardi-navarroaubanell\/#primaryimage","url":"https:\/\/www.navarroaubanell.com\/wp-content\/uploads\/2024\/10\/img_9747-Photoroom.png","contentUrl":"https:\/\/www.navarroaubanell.com\/wp-content\/uploads\/2024\/10\/img_9747-Photoroom.png","width":800,"height":650,"caption":"Mesa cube"},{"@type":"BreadcrumbList","@id":"https:\/\/www.navarroaubanell.com\/ca\/producte\/taula-cube-quadrada-nardi-navarroaubanell\/#breadcrumb","itemListElement":[{"@type":"ListItem","position":1,"name":"Portada","item":"https:\/\/www.navarroaubanell.com\/ca\/"},{"@type":"ListItem","position":2,"name":"Productes","item":"https:\/\/www.navarroaubanell.com\/productos\/"},{"@type":"ListItem","position":3,"name":"Taula Cube Quadrada"}]},{"@type":"WebSite","@id":"https:\/\/www.navarroaubanell.com\/ca\/#website","url":"https:\/\/www.navarroaubanell.com\/ca\/","name":"Navarro Aubanell","description":"Mobiliario para hoteler\u00eda, colectividades y oficinas","publisher":{"@id":"https:\/\/www.navarroaubanell.com\/ca\/#organization"},"potentialAction":[{"@type":"SearchAction","target":{"@type":"EntryPoint","urlTemplate":"https:\/\/www.navarroaubanell.com\/ca\/?s={search_term_string}"},"query-input":{"@type":"PropertyValueSpecification","valueRequired":true,"valueName":"search_term_string"}}],"inLanguage":"ca"},{"@type":"Organization","@id":"https:\/\/www.navarroaubanell.com\/ca\/#organization","name":"COMERCIAL NAVARRO AUBANELL, S.A","url":"https:\/\/www.navarroaubanell.com\/ca\/","logo":{"@type":"ImageObject","inLanguage":"ca","@id":"https:\/\/www.navarroaubanell.com\/ca\/#\/schema\/logo\/image\/","url":"https:\/\/www.navarroaubanell.com\/wp-content\/uploads\/2017\/07\/logo-navarro-aubuanell.png","contentUrl":"https:\/\/www.navarroaubanell.com\/wp-content\/uploads\/2017\/07\/logo-navarro-aubuanell.png","width":6304,"height":1154,"caption":"COMERCIAL NAVARRO AUBANELL, S.A"},"image":{"@id":"https:\/\/www.navarroaubanell.com\/ca\/#\/schema\/logo\/image\/"}}]}},"_links":{"self":[{"href":"https:\/\/www.navarroaubanell.com\/ca\/wp-json\/wp\/v2\/product\/40840","targetHints":{"allow":["GET"]}}],"collection":[{"href":"https:\/\/www.navarroaubanell.com\/ca\/wp-json\/wp\/v2\/product"}],"about":[{"href":"https:\/\/www.navarroaubanell.com\/ca\/wp-json\/wp\/v2\/types\/product"}],"wp:featuredmedia":[{"embeddable":true,"href":"https:\/\/www.navarroaubanell.com\/ca\/wp-json\/wp\/v2\/media\/44367"}],"wp:attachment":[{"href":"https:\/\/www.navarroaubanell.com\/ca\/wp-json\/wp\/v2\/media?parent=40840"}],"wp:term":[{"taxonomy":"product_brand","embeddable":true,"href":"https:\/\/www.navarroaubanell.com\/ca\/wp-json\/wp\/v2\/product_brand?post=40840"},{"taxonomy":"product_cat","embeddable":true,"href":"https:\/\/www.navarroaubanell.com\/ca\/wp-json\/wp\/v2\/product_cat?post=40840"},{"taxonomy":"product_tag","embeddable":true,"href":"https:\/\/www.navarroaubanell.com\/ca\/wp-json\/wp\/v2\/product_tag?post=40840"}],"curies":[{"name":"wp","href":"https:\/\/api.w.org\/{rel}","templated":true}]}}