{"id":40507,"date":"2024-10-21T13:01:35","date_gmt":"2024-10-21T14:01:30","guid":{"rendered":"https:\/\/www.navarroaubanell.com\/?post_type=product&#038;p=40507"},"modified":"2024-10-21T17:03:12","modified_gmt":"2024-10-21T15:03:12","slug":"cadira-de-bracos-doga-nardi-navarroaubanell","status":"publish","type":"product","link":"https:\/\/www.navarroaubanell.com\/ca\/producte\/cadira-de-bracos-doga-nardi-navarroaubanell\/","title":{"rendered":"Cadira de bra\u00e7os Doga"},"content":{"rendered":"<h5>Cadira de bra\u00e7os Doga: Lleugeresa i Comoditat per a Exteriors<\/h5>\n<h6>Dise\u00f1o Ergon\u00f3mico y Moderno<\/h6>\n<div class=\"traductor-textarea form-group\">\n<div class=\"textarea-desti col-xs-12 col-sm-6\">\n<div class=\"form-control second-textarea\">La cadira de bra\u00e7os Doga, de la <a href=\"https:\/\/www.navarroaubanell.com\/ca\/producte\/familia-doga-nardi-navarroaubanell\/\">fam\u00edlia Doga<\/a>, \u00e9s la mescla perfecta entre frescor, lleugeresa i ergonomia. Inspirat en les l\u00e0mines reinterpretades en clau contempor\u00e0nia, aquesta cadira ofereix una est\u00e8tica moderna i atractiva, sense deixar de ser funcional. \u00c9s f\u00e0cil de manejar, netejar i completament reciclable, la qual cosa ho converteix en una excel\u00b7lent opci\u00f3 per a espais exteriors.<\/div>\n<\/div>\n<\/div>\n<h6>Materials Resistents per a Exteriors<\/h6>\n<div class=\"traductor-textarea form-group\">\n<div class=\"textarea-desti col-xs-12 col-sm-6\">\n<div class=\"form-control second-textarea\">Fabricat en monobloc de polipropil\u00e8 refor\u00e7at amb fibra de vidre i resines reciclables, Doga \u00e9s ideal per a suportar condicions clim\u00e0tiques adverses. Gr\u00e0cies al seu tractament anti-UV, pot estar exposat al sol sense sofrir desgast o descoloraci\u00f3. El tintat en massa assegura colors mat uniformes i duradors, disponibles en una \u00e0mplia gamma de tons que s&#8217;adapten a qualsevol entorn decoratiu.<\/div>\n<\/div>\n<\/div>\n<h6>Funcionalitat i Apilailitat<\/h6>\n<div class=\"traductor-textarea form-group\">\n<div class=\"textarea-desti col-xs-12 col-sm-6\">\n<div class=\"form-control second-textarea\">Pensat per a l&#8217;\u00fas intensiu en hostaleria, la cadira de bra\u00e7os Doga \u00e9s apilable, la qual cosa facilita l&#8217;emmagatzematge en espais amb alta aflu\u00e8ncia de clients. A m\u00e9s, els seus tacs antilliscants no sols protegeixen el s\u00f2l, sin\u00f3 que tamb\u00e9 milloren l&#8217;estabilitat i fixaci\u00f3 de Doga, oferint major seguretat i durabilitat.<\/div>\n<\/div>\n<\/div>\n<h6>Confort Extra<\/h6>\n<div class=\"traductor-textarea form-group\">\n<div class=\"textarea-desti col-xs-12 col-sm-6\">\n<div class=\"form-control second-textarea\">Per a un plus de comoditat, Doga disposa d&#8217;un coix\u00ed opcional, disponible sota comanda, que complementa el seu disseny ergon\u00f2mic i funcional.<\/div>\n<\/div>\n<\/div>\n","protected":false},"excerpt":{"rendered":"<p>Cadira de bra\u00e7os Doga: Lleugeresa i Comoditat per a Exteriors Dise\u00f1o Ergon\u00f3mico y Moderno La cadira de bra\u00e7os Doga, de la fam\u00edlia Doga, \u00e9s la mescla perfecta entre frescor, lleugeresa i ergonomia. Inspirat en les l\u00e0mines reinterpretades en clau contempor\u00e0nia, aquesta cadira ofereix una est\u00e8tica moderna i atractiva, sense deixar de ser funcional. \u00c9s f\u00e0cil&hellip;<\/p>\n","protected":false},"featured_media":44428,"template":"","meta":{"_acf_changed":false},"product_brand":[],"product_cat":[573,563],"product_tag":[1263,587,863,1496,640,949],"class_list":{"0":"post-40507","1":"product","2":"type-product","3":"status-publish","4":"has-post-thumbnail","6":"product_cat-cadires-de-bracos-exterior","7":"product_cat-exterior-ca","8":"product_tag-anti-rayos-uv-ca","9":"product_tag-apilable-ca","10":"product_tag-cadira","11":"product_tag-doga-ca","12":"product_tag-exterior-ca","13":"product_tag-polipropileno-ca","14":"description-off","16":"first","17":"instock","18":"shipping-taxable","19":"product-type-simple"},"acf":[],"yoast_head":"<!-- This site is optimized with the Yoast SEO plugin v27.0 - https:\/\/yoast.com\/product\/yoast-seo-wordpress\/ -->\n<title>Cadira de bra\u00e7os Doga, Nardi- Navarro Aubanell<\/title>\n<meta name=\"description\" content=\"Cadira de bra\u00e7os Doga: disseny contemporani, apilable, resistent a exteriors, disponible en 8 colors mat, ideal per a hostaleria i terrasses.\" \/>\n<meta name=\"robots\" content=\"index, follow, max-snippet:-1, max-image-preview:large, max-video-preview:-1\" \/>\n<link rel=\"canonical\" href=\"https:\/\/www.navarroaubanell.com\/ca\/producte\/cadira-de-bracos-doga-nardi-navarroaubanell\/\" \/>\n<meta property=\"og:locale\" content=\"ca_ES\" \/>\n<meta property=\"og:type\" content=\"article\" \/>\n<meta property=\"og:title\" content=\"Cadira de bra\u00e7os Doga, Nardi- Navarro Aubanell\" \/>\n<meta property=\"og:description\" content=\"Cadira de bra\u00e7os Doga: disseny contemporani, apilable, resistent a exteriors, disponible en 8 colors mat, ideal per a hostaleria i terrasses.\" \/>\n<meta property=\"og:url\" content=\"https:\/\/www.navarroaubanell.com\/ca\/producte\/cadira-de-bracos-doga-nardi-navarroaubanell\/\" \/>\n<meta property=\"og:site_name\" content=\"Navarro Aubanell\" \/>\n<meta property=\"article:modified_time\" content=\"2024-10-21T15:03:12+00:00\" \/>\n<meta property=\"og:image\" content=\"https:\/\/www.navarroaubanell.com\/wp-content\/uploads\/2024\/10\/img_6454-Photoroom.png\" \/>\n\t<meta property=\"og:image:width\" content=\"800\" \/>\n\t<meta property=\"og:image:height\" content=\"650\" \/>\n\t<meta property=\"og:image:type\" content=\"image\/png\" \/>\n<meta name=\"twitter:label1\" content=\"Est. reading time\" \/>\n\t<meta name=\"twitter:data1\" content=\"2 minutes\" \/>\n<script type=\"application\/ld+json\" class=\"yoast-schema-graph\">{\"@context\":\"https:\/\/schema.org\",\"@graph\":[{\"@type\":\"WebPage\",\"@id\":\"https:\/\/www.navarroaubanell.com\/ca\/producte\/cadira-de-bracos-doga-nardi-navarroaubanell\/\",\"url\":\"https:\/\/www.navarroaubanell.com\/ca\/producte\/cadira-de-bracos-doga-nardi-navarroaubanell\/\",\"name\":\"Cadira de bra\u00e7os Doga, Nardi- Navarro Aubanell\",\"isPartOf\":{\"@id\":\"https:\/\/www.navarroaubanell.com\/ca\/#website\"},\"primaryImageOfPage\":{\"@id\":\"https:\/\/www.navarroaubanell.com\/ca\/producte\/cadira-de-bracos-doga-nardi-navarroaubanell\/#primaryimage\"},\"image\":{\"@id\":\"https:\/\/www.navarroaubanell.com\/ca\/producte\/cadira-de-bracos-doga-nardi-navarroaubanell\/#primaryimage\"},\"thumbnailUrl\":\"https:\/\/www.navarroaubanell.com\/wp-content\/uploads\/2024\/10\/img_6454-Photoroom.png\",\"datePublished\":\"2024-10-21T14:01:30+00:00\",\"dateModified\":\"2024-10-21T15:03:12+00:00\",\"description\":\"Cadira de bra\u00e7os Doga: disseny contemporani, apilable, resistent a exteriors, disponible en 8 colors mat, ideal per a hostaleria i terrasses.\",\"breadcrumb\":{\"@id\":\"https:\/\/www.navarroaubanell.com\/ca\/producte\/cadira-de-bracos-doga-nardi-navarroaubanell\/#breadcrumb\"},\"inLanguage\":\"ca\",\"potentialAction\":[{\"@type\":\"ReadAction\",\"target\":[\"https:\/\/www.navarroaubanell.com\/ca\/producte\/cadira-de-bracos-doga-nardi-navarroaubanell\/\"]}]},{\"@type\":\"ImageObject\",\"inLanguage\":\"ca\",\"@id\":\"https:\/\/www.navarroaubanell.com\/ca\/producte\/cadira-de-bracos-doga-nardi-navarroaubanell\/#primaryimage\",\"url\":\"https:\/\/www.navarroaubanell.com\/wp-content\/uploads\/2024\/10\/img_6454-Photoroom.png\",\"contentUrl\":\"https:\/\/www.navarroaubanell.com\/wp-content\/uploads\/2024\/10\/img_6454-Photoroom.png\",\"width\":800,\"height\":650,\"caption\":\"Sill\u00f3n Doga\"},{\"@type\":\"BreadcrumbList\",\"@id\":\"https:\/\/www.navarroaubanell.com\/ca\/producte\/cadira-de-bracos-doga-nardi-navarroaubanell\/#breadcrumb\",\"itemListElement\":[{\"@type\":\"ListItem\",\"position\":1,\"name\":\"Portada\",\"item\":\"https:\/\/www.navarroaubanell.com\/ca\/\"},{\"@type\":\"ListItem\",\"position\":2,\"name\":\"Productes\",\"item\":\"https:\/\/www.navarroaubanell.com\/productos\/\"},{\"@type\":\"ListItem\",\"position\":3,\"name\":\"Cadira de bra\u00e7os Doga\"}]},{\"@type\":\"WebSite\",\"@id\":\"https:\/\/www.navarroaubanell.com\/ca\/#website\",\"url\":\"https:\/\/www.navarroaubanell.com\/ca\/\",\"name\":\"Navarro Aubanell\",\"description\":\"Mobiliario para hoteler\u00eda, colectividades y oficinas\",\"publisher\":{\"@id\":\"https:\/\/www.navarroaubanell.com\/ca\/#organization\"},\"potentialAction\":[{\"@type\":\"SearchAction\",\"target\":{\"@type\":\"EntryPoint\",\"urlTemplate\":\"https:\/\/www.navarroaubanell.com\/ca\/?s={search_term_string}\"},\"query-input\":{\"@type\":\"PropertyValueSpecification\",\"valueRequired\":true,\"valueName\":\"search_term_string\"}}],\"inLanguage\":\"ca\"},{\"@type\":\"Organization\",\"@id\":\"https:\/\/www.navarroaubanell.com\/ca\/#organization\",\"name\":\"COMERCIAL NAVARRO AUBANELL, S.A\",\"url\":\"https:\/\/www.navarroaubanell.com\/ca\/\",\"logo\":{\"@type\":\"ImageObject\",\"inLanguage\":\"ca\",\"@id\":\"https:\/\/www.navarroaubanell.com\/ca\/#\/schema\/logo\/image\/\",\"url\":\"https:\/\/www.navarroaubanell.com\/wp-content\/uploads\/2017\/07\/logo-navarro-aubuanell.png\",\"contentUrl\":\"https:\/\/www.navarroaubanell.com\/wp-content\/uploads\/2017\/07\/logo-navarro-aubuanell.png\",\"width\":6304,\"height\":1154,\"caption\":\"COMERCIAL NAVARRO AUBANELL, S.A\"},\"image\":{\"@id\":\"https:\/\/www.navarroaubanell.com\/ca\/#\/schema\/logo\/image\/\"}}]}<\/script>\n<!-- \/ Yoast SEO plugin. -->","yoast_head_json":{"title":"Cadira de bra\u00e7os Doga, Nardi- Navarro Aubanell","description":"Cadira de bra\u00e7os Doga: disseny contemporani, apilable, resistent a exteriors, disponible en 8 colors mat, ideal per a hostaleria i terrasses.","robots":{"index":"index","follow":"follow","max-snippet":"max-snippet:-1","max-image-preview":"max-image-preview:large","max-video-preview":"max-video-preview:-1"},"canonical":"https:\/\/www.navarroaubanell.com\/ca\/producte\/cadira-de-bracos-doga-nardi-navarroaubanell\/","og_locale":"ca_ES","og_type":"article","og_title":"Cadira de bra\u00e7os Doga, Nardi- Navarro Aubanell","og_description":"Cadira de bra\u00e7os Doga: disseny contemporani, apilable, resistent a exteriors, disponible en 8 colors mat, ideal per a hostaleria i terrasses.","og_url":"https:\/\/www.navarroaubanell.com\/ca\/producte\/cadira-de-bracos-doga-nardi-navarroaubanell\/","og_site_name":"Navarro Aubanell","article_modified_time":"2024-10-21T15:03:12+00:00","og_image":[{"width":800,"height":650,"url":"https:\/\/www.navarroaubanell.com\/wp-content\/uploads\/2024\/10\/img_6454-Photoroom.png","type":"image\/png"}],"twitter_misc":{"Est. reading time":"2 minutes"},"schema":{"@context":"https:\/\/schema.org","@graph":[{"@type":"WebPage","@id":"https:\/\/www.navarroaubanell.com\/ca\/producte\/cadira-de-bracos-doga-nardi-navarroaubanell\/","url":"https:\/\/www.navarroaubanell.com\/ca\/producte\/cadira-de-bracos-doga-nardi-navarroaubanell\/","name":"Cadira de bra\u00e7os Doga, Nardi- Navarro Aubanell","isPartOf":{"@id":"https:\/\/www.navarroaubanell.com\/ca\/#website"},"primaryImageOfPage":{"@id":"https:\/\/www.navarroaubanell.com\/ca\/producte\/cadira-de-bracos-doga-nardi-navarroaubanell\/#primaryimage"},"image":{"@id":"https:\/\/www.navarroaubanell.com\/ca\/producte\/cadira-de-bracos-doga-nardi-navarroaubanell\/#primaryimage"},"thumbnailUrl":"https:\/\/www.navarroaubanell.com\/wp-content\/uploads\/2024\/10\/img_6454-Photoroom.png","datePublished":"2024-10-21T14:01:30+00:00","dateModified":"2024-10-21T15:03:12+00:00","description":"Cadira de bra\u00e7os Doga: disseny contemporani, apilable, resistent a exteriors, disponible en 8 colors mat, ideal per a hostaleria i terrasses.","breadcrumb":{"@id":"https:\/\/www.navarroaubanell.com\/ca\/producte\/cadira-de-bracos-doga-nardi-navarroaubanell\/#breadcrumb"},"inLanguage":"ca","potentialAction":[{"@type":"ReadAction","target":["https:\/\/www.navarroaubanell.com\/ca\/producte\/cadira-de-bracos-doga-nardi-navarroaubanell\/"]}]},{"@type":"ImageObject","inLanguage":"ca","@id":"https:\/\/www.navarroaubanell.com\/ca\/producte\/cadira-de-bracos-doga-nardi-navarroaubanell\/#primaryimage","url":"https:\/\/www.navarroaubanell.com\/wp-content\/uploads\/2024\/10\/img_6454-Photoroom.png","contentUrl":"https:\/\/www.navarroaubanell.com\/wp-content\/uploads\/2024\/10\/img_6454-Photoroom.png","width":800,"height":650,"caption":"Sill\u00f3n Doga"},{"@type":"BreadcrumbList","@id":"https:\/\/www.navarroaubanell.com\/ca\/producte\/cadira-de-bracos-doga-nardi-navarroaubanell\/#breadcrumb","itemListElement":[{"@type":"ListItem","position":1,"name":"Portada","item":"https:\/\/www.navarroaubanell.com\/ca\/"},{"@type":"ListItem","position":2,"name":"Productes","item":"https:\/\/www.navarroaubanell.com\/productos\/"},{"@type":"ListItem","position":3,"name":"Cadira de bra\u00e7os Doga"}]},{"@type":"WebSite","@id":"https:\/\/www.navarroaubanell.com\/ca\/#website","url":"https:\/\/www.navarroaubanell.com\/ca\/","name":"Navarro Aubanell","description":"Mobiliario para hoteler\u00eda, colectividades y oficinas","publisher":{"@id":"https:\/\/www.navarroaubanell.com\/ca\/#organization"},"potentialAction":[{"@type":"SearchAction","target":{"@type":"EntryPoint","urlTemplate":"https:\/\/www.navarroaubanell.com\/ca\/?s={search_term_string}"},"query-input":{"@type":"PropertyValueSpecification","valueRequired":true,"valueName":"search_term_string"}}],"inLanguage":"ca"},{"@type":"Organization","@id":"https:\/\/www.navarroaubanell.com\/ca\/#organization","name":"COMERCIAL NAVARRO AUBANELL, S.A","url":"https:\/\/www.navarroaubanell.com\/ca\/","logo":{"@type":"ImageObject","inLanguage":"ca","@id":"https:\/\/www.navarroaubanell.com\/ca\/#\/schema\/logo\/image\/","url":"https:\/\/www.navarroaubanell.com\/wp-content\/uploads\/2017\/07\/logo-navarro-aubuanell.png","contentUrl":"https:\/\/www.navarroaubanell.com\/wp-content\/uploads\/2017\/07\/logo-navarro-aubuanell.png","width":6304,"height":1154,"caption":"COMERCIAL NAVARRO AUBANELL, S.A"},"image":{"@id":"https:\/\/www.navarroaubanell.com\/ca\/#\/schema\/logo\/image\/"}}]}},"_links":{"self":[{"href":"https:\/\/www.navarroaubanell.com\/ca\/wp-json\/wp\/v2\/product\/40507","targetHints":{"allow":["GET"]}}],"collection":[{"href":"https:\/\/www.navarroaubanell.com\/ca\/wp-json\/wp\/v2\/product"}],"about":[{"href":"https:\/\/www.navarroaubanell.com\/ca\/wp-json\/wp\/v2\/types\/product"}],"wp:featuredmedia":[{"embeddable":true,"href":"https:\/\/www.navarroaubanell.com\/ca\/wp-json\/wp\/v2\/media\/44428"}],"wp:attachment":[{"href":"https:\/\/www.navarroaubanell.com\/ca\/wp-json\/wp\/v2\/media?parent=40507"}],"wp:term":[{"taxonomy":"product_brand","embeddable":true,"href":"https:\/\/www.navarroaubanell.com\/ca\/wp-json\/wp\/v2\/product_brand?post=40507"},{"taxonomy":"product_cat","embeddable":true,"href":"https:\/\/www.navarroaubanell.com\/ca\/wp-json\/wp\/v2\/product_cat?post=40507"},{"taxonomy":"product_tag","embeddable":true,"href":"https:\/\/www.navarroaubanell.com\/ca\/wp-json\/wp\/v2\/product_tag?post=40507"}],"curies":[{"name":"wp","href":"https:\/\/api.w.org\/{rel}","templated":true}]}}