{"id":40280,"date":"2024-10-18T08:58:42","date_gmt":"2024-10-18T13:26:14","guid":{"rendered":"https:\/\/www.navarroaubanell.com\/?post_type=product&#038;p=40280"},"modified":"2024-10-18T15:29:04","modified_gmt":"2024-10-18T13:29:04","slug":"butaca-maximo-nardi-navarroaubanell","status":"publish","type":"product","link":"https:\/\/www.navarroaubanell.com\/ca\/producte\/butaca-maximo-nardi-navarroaubanell\/","title":{"rendered":"Butaca M\u00e1ximo"},"content":{"rendered":"<div class=\"flex-shrink-0 flex flex-col relative items-end\">\n<div>\n<div class=\"pt-0\">\n<div class=\"gizmo-bot-avatar flex h-8 w-8 items-center justify-center overflow-hidden rounded-full\">\n<h5 class=\"relative p-1 rounded-sm flex items-center justify-center bg-token-main-surface-primary text-token-text-primary h-8 w-8\">Butaca M\u00e1ximo: Versatilitat i Sostenibilitat per al teu Espai<\/h5>\n<\/div>\n<\/div>\n<\/div>\n<\/div>\n<div class=\"group\/conversation-turn relative flex w-full min-w-0 flex-col agent-turn\">\n<div class=\"flex-col gap-1 md:gap-3\">\n<div class=\"flex max-w-full flex-col flex-grow\">\n<div class=\"min-h-8 text-message flex w-full flex-col items-end gap-2 whitespace-normal break-words [.text-message+&amp;]:mt-5\" dir=\"auto\" data-message-author-role=\"assistant\" data-message-id=\"6a772770-c43b-41b9-8f55-cdc6434c7750\" data-message-model-slug=\"gpt-4o\">\n<div class=\"flex w-full flex-col gap-1 empty:hidden first:pt-[3px]\">\n<div class=\"markdown prose w-full break-words dark:prose-invert light\">\n<div class=\"traductor-textarea form-group\">\n<div class=\"textarea-desti col-xs-12 col-sm-6\">\n<div class=\"form-control second-textarea\">La butaca M\u00e1ximo \u00e9s part d&#8217;un sistema modular de seients que es pot configurar segons les necessitats del teu espai. Ja sigui que busquis una pe\u00e7a individual o vulguis integrar-la en un <a href=\"https:\/\/www.navarroaubanell.com\/ca\/producte\/sofa-maximo-nardi-navarroaubanell\/\">sof\u00e0<\/a> m\u00e9s ampli, la seva versatilitat la converteix en una opci\u00f3 ideal.<\/div>\n<\/div>\n<\/div>\n<h6>Materials regenerats i resistents<\/h6>\n<div class=\"traductor-textarea form-group\">\n<div class=\"textarea-desti col-xs-12 col-sm-6\">\n<div class=\"form-control second-textarea\">L&#8217;estructura \u00e9s de polipropil\u00e8 refor\u00e7at amb fibra de vidre regenerat, la qual cosa garanteix durabilitat i sostenibilitat. Gr\u00e0cies al seu tractament anti-UV, resisteix perfectament l&#8217;exposici\u00f3 al sol sense deteriorar-se. El tenyit en massa assegura uns colors uniformes, mantenint el seu aspecte impecable.<\/div>\n<\/div>\n<\/div>\n<h6>Muntatge sense complicacions i m\u00e0xima estabiltiat<\/h6>\n<div class=\"traductor-textarea form-group\">\n<div class=\"textarea-desti col-xs-12 col-sm-6\">\n<div class=\"form-control second-textarea\">El suport i els reposabra\u00e7os s\u00f3n totalment acoblables i desmuntables, la qual cosa ofereix una gran flexibilitat a l&#8217;hora de crear diferents configuracions. A m\u00e9s, compta amb taps antilliscants que milloren la fixaci\u00f3 al terra.<\/div>\n<\/div>\n<\/div>\n<h6>Coixins sostenibles i funcionals<\/h6>\n<div class=\"traductor-textarea form-group\">\n<div class=\"textarea-desti col-xs-12 col-sm-6\">\n<div class=\"form-control second-textarea\">Els coixins de la butaca M\u00e1ximo estan fabricats amb escuma de poliuret\u00e0 i recoberts de buata de fibra de poli\u00e8ster, s\u00f3n hidrorrepelentes i resistents a taques. Les fundes, compostes en la seva majoria per fibra acr\u00edlica reciclada, no sols s\u00f3n sostenibles, sin\u00f3 tamb\u00e9 suaus al tacte, amb un tractament antitaques que facilita la seva neteja.<\/div>\n<\/div>\n<\/div>\n<\/div>\n<\/div>\n<\/div>\n<\/div>\n<\/div>\n<\/div>\n<div><\/div>\n<div><a href=\"https:\/\/www.nardioutdoor.com\/media\/download\/scheda-maximopoltrona-25.pdf\">Fitxa t\u00e8cnica<\/a><\/div>\n","protected":false},"excerpt":{"rendered":"<p>Butaca M\u00e1ximo: Versatilitat i Sostenibilitat per al teu Espai La butaca M\u00e1ximo \u00e9s part d&#8217;un sistema modular de seients que es pot configurar segons les necessitats del teu espai. Ja sigui que busquis una pe\u00e7a individual o vulguis integrar-la en un sof\u00e0 m\u00e9s ampli, la seva versatilitat la converteix en una opci\u00f3 ideal. Materials regenerats&hellip;<\/p>\n","protected":false},"featured_media":44413,"template":"","meta":{"_acf_changed":false},"product_brand":[],"product_cat":[937,563,1229,1519],"product_tag":[1263,1447,605,640,1490,848,1491,1180],"class_list":{"0":"post-40280","1":"product","2":"type-product","3":"status-publish","4":"has-post-thumbnail","6":"product_cat-butaques-ca-2","7":"product_cat-exterior-ca","8":"product_cat-novetats","9":"product_cat-reciclat","10":"product_tag-anti-rayos-uv-ca","11":"product_tag-antimanchas-ca","12":"product_tag-butaca-ca","13":"product_tag-exterior-ca","14":"product_tag-maximo-ca","15":"product_tag-modular-ca","16":"product_tag-regenerado-ca","17":"product_tag-sostenible","18":"description-off","20":"first","21":"instock","22":"shipping-taxable","23":"product-type-simple"},"acf":[],"yoast_head":"<!-- This site is optimized with the Yoast SEO plugin v27.0 - https:\/\/yoast.com\/product\/yoast-seo-wordpress\/ -->\n<title>Butaca M\u00e1ximo, Nardi- Navarro Aubanell<\/title>\n<meta name=\"description\" content=\"Butaca M\u00e1ximo: vers\u00e0til, sostenible i apta per a exteriors. Estructura de resina regenerada, f\u00e0cil muntatge i coixins hidrorrepelentes i antitaques.\" \/>\n<meta name=\"robots\" content=\"index, follow, max-snippet:-1, max-image-preview:large, max-video-preview:-1\" \/>\n<link rel=\"canonical\" href=\"https:\/\/www.navarroaubanell.com\/ca\/producte\/butaca-maximo-nardi-navarroaubanell\/\" \/>\n<meta property=\"og:locale\" content=\"ca_ES\" \/>\n<meta property=\"og:type\" content=\"article\" \/>\n<meta property=\"og:title\" content=\"Butaca M\u00e1ximo, Nardi- Navarro Aubanell\" \/>\n<meta property=\"og:description\" content=\"Butaca M\u00e1ximo: vers\u00e0til, sostenible i apta per a exteriors. Estructura de resina regenerada, f\u00e0cil muntatge i coixins hidrorrepelentes i antitaques.\" \/>\n<meta property=\"og:url\" content=\"https:\/\/www.navarroaubanell.com\/ca\/producte\/butaca-maximo-nardi-navarroaubanell\/\" \/>\n<meta property=\"og:site_name\" content=\"Navarro Aubanell\" \/>\n<meta property=\"article:modified_time\" content=\"2024-10-18T13:29:04+00:00\" \/>\n<meta property=\"og:image\" content=\"https:\/\/www.navarroaubanell.com\/wp-content\/uploads\/2024\/10\/maximopoltrona-basaltocannella-Photoroom.png\" \/>\n\t<meta property=\"og:image:width\" content=\"800\" \/>\n\t<meta property=\"og:image:height\" content=\"650\" \/>\n\t<meta property=\"og:image:type\" content=\"image\/png\" \/>\n<meta name=\"twitter:label1\" content=\"Est. reading time\" \/>\n\t<meta name=\"twitter:data1\" content=\"2 minutes\" \/>\n<script type=\"application\/ld+json\" class=\"yoast-schema-graph\">{\"@context\":\"https:\/\/schema.org\",\"@graph\":[{\"@type\":\"WebPage\",\"@id\":\"https:\/\/www.navarroaubanell.com\/ca\/producte\/butaca-maximo-nardi-navarroaubanell\/\",\"url\":\"https:\/\/www.navarroaubanell.com\/ca\/producte\/butaca-maximo-nardi-navarroaubanell\/\",\"name\":\"Butaca M\u00e1ximo, Nardi- Navarro Aubanell\",\"isPartOf\":{\"@id\":\"https:\/\/www.navarroaubanell.com\/ca\/#website\"},\"primaryImageOfPage\":{\"@id\":\"https:\/\/www.navarroaubanell.com\/ca\/producte\/butaca-maximo-nardi-navarroaubanell\/#primaryimage\"},\"image\":{\"@id\":\"https:\/\/www.navarroaubanell.com\/ca\/producte\/butaca-maximo-nardi-navarroaubanell\/#primaryimage\"},\"thumbnailUrl\":\"https:\/\/www.navarroaubanell.com\/wp-content\/uploads\/2024\/10\/maximopoltrona-basaltocannella-Photoroom.png\",\"datePublished\":\"2024-10-18T13:26:14+00:00\",\"dateModified\":\"2024-10-18T13:29:04+00:00\",\"description\":\"Butaca M\u00e1ximo: vers\u00e0til, sostenible i apta per a exteriors. Estructura de resina regenerada, f\u00e0cil muntatge i coixins hidrorrepelentes i antitaques.\",\"breadcrumb\":{\"@id\":\"https:\/\/www.navarroaubanell.com\/ca\/producte\/butaca-maximo-nardi-navarroaubanell\/#breadcrumb\"},\"inLanguage\":\"ca\",\"potentialAction\":[{\"@type\":\"ReadAction\",\"target\":[\"https:\/\/www.navarroaubanell.com\/ca\/producte\/butaca-maximo-nardi-navarroaubanell\/\"]}]},{\"@type\":\"ImageObject\",\"inLanguage\":\"ca\",\"@id\":\"https:\/\/www.navarroaubanell.com\/ca\/producte\/butaca-maximo-nardi-navarroaubanell\/#primaryimage\",\"url\":\"https:\/\/www.navarroaubanell.com\/wp-content\/uploads\/2024\/10\/maximopoltrona-basaltocannella-Photoroom.png\",\"contentUrl\":\"https:\/\/www.navarroaubanell.com\/wp-content\/uploads\/2024\/10\/maximopoltrona-basaltocannella-Photoroom.png\",\"width\":800,\"height\":650,\"caption\":\"Butaca M\u00e1ximo\"},{\"@type\":\"BreadcrumbList\",\"@id\":\"https:\/\/www.navarroaubanell.com\/ca\/producte\/butaca-maximo-nardi-navarroaubanell\/#breadcrumb\",\"itemListElement\":[{\"@type\":\"ListItem\",\"position\":1,\"name\":\"Portada\",\"item\":\"https:\/\/www.navarroaubanell.com\/ca\/\"},{\"@type\":\"ListItem\",\"position\":2,\"name\":\"Productes\",\"item\":\"https:\/\/www.navarroaubanell.com\/productos\/\"},{\"@type\":\"ListItem\",\"position\":3,\"name\":\"Butaca M\u00e1ximo\"}]},{\"@type\":\"WebSite\",\"@id\":\"https:\/\/www.navarroaubanell.com\/ca\/#website\",\"url\":\"https:\/\/www.navarroaubanell.com\/ca\/\",\"name\":\"Navarro Aubanell\",\"description\":\"Mobiliario para hoteler\u00eda, colectividades y oficinas\",\"publisher\":{\"@id\":\"https:\/\/www.navarroaubanell.com\/ca\/#organization\"},\"potentialAction\":[{\"@type\":\"SearchAction\",\"target\":{\"@type\":\"EntryPoint\",\"urlTemplate\":\"https:\/\/www.navarroaubanell.com\/ca\/?s={search_term_string}\"},\"query-input\":{\"@type\":\"PropertyValueSpecification\",\"valueRequired\":true,\"valueName\":\"search_term_string\"}}],\"inLanguage\":\"ca\"},{\"@type\":\"Organization\",\"@id\":\"https:\/\/www.navarroaubanell.com\/ca\/#organization\",\"name\":\"COMERCIAL NAVARRO AUBANELL, S.A\",\"url\":\"https:\/\/www.navarroaubanell.com\/ca\/\",\"logo\":{\"@type\":\"ImageObject\",\"inLanguage\":\"ca\",\"@id\":\"https:\/\/www.navarroaubanell.com\/ca\/#\/schema\/logo\/image\/\",\"url\":\"https:\/\/www.navarroaubanell.com\/wp-content\/uploads\/2017\/07\/logo-navarro-aubuanell.png\",\"contentUrl\":\"https:\/\/www.navarroaubanell.com\/wp-content\/uploads\/2017\/07\/logo-navarro-aubuanell.png\",\"width\":6304,\"height\":1154,\"caption\":\"COMERCIAL NAVARRO AUBANELL, S.A\"},\"image\":{\"@id\":\"https:\/\/www.navarroaubanell.com\/ca\/#\/schema\/logo\/image\/\"}}]}<\/script>\n<!-- \/ Yoast SEO plugin. -->","yoast_head_json":{"title":"Butaca M\u00e1ximo, Nardi- Navarro Aubanell","description":"Butaca M\u00e1ximo: vers\u00e0til, sostenible i apta per a exteriors. Estructura de resina regenerada, f\u00e0cil muntatge i coixins hidrorrepelentes i antitaques.","robots":{"index":"index","follow":"follow","max-snippet":"max-snippet:-1","max-image-preview":"max-image-preview:large","max-video-preview":"max-video-preview:-1"},"canonical":"https:\/\/www.navarroaubanell.com\/ca\/producte\/butaca-maximo-nardi-navarroaubanell\/","og_locale":"ca_ES","og_type":"article","og_title":"Butaca M\u00e1ximo, Nardi- Navarro Aubanell","og_description":"Butaca M\u00e1ximo: vers\u00e0til, sostenible i apta per a exteriors. Estructura de resina regenerada, f\u00e0cil muntatge i coixins hidrorrepelentes i antitaques.","og_url":"https:\/\/www.navarroaubanell.com\/ca\/producte\/butaca-maximo-nardi-navarroaubanell\/","og_site_name":"Navarro Aubanell","article_modified_time":"2024-10-18T13:29:04+00:00","og_image":[{"width":800,"height":650,"url":"https:\/\/www.navarroaubanell.com\/wp-content\/uploads\/2024\/10\/maximopoltrona-basaltocannella-Photoroom.png","type":"image\/png"}],"twitter_misc":{"Est. reading time":"2 minutes"},"schema":{"@context":"https:\/\/schema.org","@graph":[{"@type":"WebPage","@id":"https:\/\/www.navarroaubanell.com\/ca\/producte\/butaca-maximo-nardi-navarroaubanell\/","url":"https:\/\/www.navarroaubanell.com\/ca\/producte\/butaca-maximo-nardi-navarroaubanell\/","name":"Butaca M\u00e1ximo, Nardi- Navarro Aubanell","isPartOf":{"@id":"https:\/\/www.navarroaubanell.com\/ca\/#website"},"primaryImageOfPage":{"@id":"https:\/\/www.navarroaubanell.com\/ca\/producte\/butaca-maximo-nardi-navarroaubanell\/#primaryimage"},"image":{"@id":"https:\/\/www.navarroaubanell.com\/ca\/producte\/butaca-maximo-nardi-navarroaubanell\/#primaryimage"},"thumbnailUrl":"https:\/\/www.navarroaubanell.com\/wp-content\/uploads\/2024\/10\/maximopoltrona-basaltocannella-Photoroom.png","datePublished":"2024-10-18T13:26:14+00:00","dateModified":"2024-10-18T13:29:04+00:00","description":"Butaca M\u00e1ximo: vers\u00e0til, sostenible i apta per a exteriors. Estructura de resina regenerada, f\u00e0cil muntatge i coixins hidrorrepelentes i antitaques.","breadcrumb":{"@id":"https:\/\/www.navarroaubanell.com\/ca\/producte\/butaca-maximo-nardi-navarroaubanell\/#breadcrumb"},"inLanguage":"ca","potentialAction":[{"@type":"ReadAction","target":["https:\/\/www.navarroaubanell.com\/ca\/producte\/butaca-maximo-nardi-navarroaubanell\/"]}]},{"@type":"ImageObject","inLanguage":"ca","@id":"https:\/\/www.navarroaubanell.com\/ca\/producte\/butaca-maximo-nardi-navarroaubanell\/#primaryimage","url":"https:\/\/www.navarroaubanell.com\/wp-content\/uploads\/2024\/10\/maximopoltrona-basaltocannella-Photoroom.png","contentUrl":"https:\/\/www.navarroaubanell.com\/wp-content\/uploads\/2024\/10\/maximopoltrona-basaltocannella-Photoroom.png","width":800,"height":650,"caption":"Butaca M\u00e1ximo"},{"@type":"BreadcrumbList","@id":"https:\/\/www.navarroaubanell.com\/ca\/producte\/butaca-maximo-nardi-navarroaubanell\/#breadcrumb","itemListElement":[{"@type":"ListItem","position":1,"name":"Portada","item":"https:\/\/www.navarroaubanell.com\/ca\/"},{"@type":"ListItem","position":2,"name":"Productes","item":"https:\/\/www.navarroaubanell.com\/productos\/"},{"@type":"ListItem","position":3,"name":"Butaca M\u00e1ximo"}]},{"@type":"WebSite","@id":"https:\/\/www.navarroaubanell.com\/ca\/#website","url":"https:\/\/www.navarroaubanell.com\/ca\/","name":"Navarro Aubanell","description":"Mobiliario para hoteler\u00eda, colectividades y oficinas","publisher":{"@id":"https:\/\/www.navarroaubanell.com\/ca\/#organization"},"potentialAction":[{"@type":"SearchAction","target":{"@type":"EntryPoint","urlTemplate":"https:\/\/www.navarroaubanell.com\/ca\/?s={search_term_string}"},"query-input":{"@type":"PropertyValueSpecification","valueRequired":true,"valueName":"search_term_string"}}],"inLanguage":"ca"},{"@type":"Organization","@id":"https:\/\/www.navarroaubanell.com\/ca\/#organization","name":"COMERCIAL NAVARRO AUBANELL, S.A","url":"https:\/\/www.navarroaubanell.com\/ca\/","logo":{"@type":"ImageObject","inLanguage":"ca","@id":"https:\/\/www.navarroaubanell.com\/ca\/#\/schema\/logo\/image\/","url":"https:\/\/www.navarroaubanell.com\/wp-content\/uploads\/2017\/07\/logo-navarro-aubuanell.png","contentUrl":"https:\/\/www.navarroaubanell.com\/wp-content\/uploads\/2017\/07\/logo-navarro-aubuanell.png","width":6304,"height":1154,"caption":"COMERCIAL NAVARRO AUBANELL, S.A"},"image":{"@id":"https:\/\/www.navarroaubanell.com\/ca\/#\/schema\/logo\/image\/"}}]}},"_links":{"self":[{"href":"https:\/\/www.navarroaubanell.com\/ca\/wp-json\/wp\/v2\/product\/40280","targetHints":{"allow":["GET"]}}],"collection":[{"href":"https:\/\/www.navarroaubanell.com\/ca\/wp-json\/wp\/v2\/product"}],"about":[{"href":"https:\/\/www.navarroaubanell.com\/ca\/wp-json\/wp\/v2\/types\/product"}],"wp:featuredmedia":[{"embeddable":true,"href":"https:\/\/www.navarroaubanell.com\/ca\/wp-json\/wp\/v2\/media\/44413"}],"wp:attachment":[{"href":"https:\/\/www.navarroaubanell.com\/ca\/wp-json\/wp\/v2\/media?parent=40280"}],"wp:term":[{"taxonomy":"product_brand","embeddable":true,"href":"https:\/\/www.navarroaubanell.com\/ca\/wp-json\/wp\/v2\/product_brand?post=40280"},{"taxonomy":"product_cat","embeddable":true,"href":"https:\/\/www.navarroaubanell.com\/ca\/wp-json\/wp\/v2\/product_cat?post=40280"},{"taxonomy":"product_tag","embeddable":true,"href":"https:\/\/www.navarroaubanell.com\/ca\/wp-json\/wp\/v2\/product_tag?post=40280"}],"curies":[{"name":"wp","href":"https:\/\/api.w.org\/{rel}","templated":true}]}}