{"id":39979,"date":"2024-10-16T11:57:14","date_gmt":"2024-10-16T09:57:14","guid":{"rendered":"https:\/\/www.navarroaubanell.com\/producto\/butaca-folio-nardi-navarroaubanell\/"},"modified":"2024-10-16T12:15:10","modified_gmt":"2024-10-16T10:15:10","slug":"butaca-folio-nardi-navarroaubanell","status":"publish","type":"product","link":"https:\/\/www.navarroaubanell.com\/ca\/producte\/butaca-folio-nardi-navarroaubanell\/","title":{"rendered":"Butaca Folio"},"content":{"rendered":"<div class=\"flex-shrink-0 flex flex-col relative items-end\">\n<div>\n<div class=\"pt-0\">\n<div class=\"gizmo-bot-avatar flex h-8 w-8 items-center justify-center overflow-hidden rounded-full\">\n<h5 class=\"relative p-1 rounded-sm flex items-center justify-center bg-token-main-surface-primary text-token-text-primary h-8 w-8\">Relaxa&#8217;t amb Estil en la butaca Folio<\/h5>\n<\/div>\n<\/div>\n<\/div>\n<\/div>\n<div class=\"group\/conversation-turn relative flex w-full min-w-0 flex-col agent-turn\">\n<div class=\"flex-col gap-1 md:gap-3\">\n<div class=\"flex max-w-full flex-col flex-grow\">\n<div class=\"min-h-8 text-message flex w-full flex-col items-end gap-2 whitespace-normal break-words [.text-message+&amp;]:mt-5\" dir=\"auto\" data-message-author-role=\"assistant\" data-message-id=\"e8d9a897-c949-4346-8194-fd2cc555849b\" data-message-model-slug=\"gpt-4o\">\n<div class=\"flex w-full flex-col gap-1 empty:hidden first:pt-[3px]\">\n<div class=\"markdown prose w-full break-words dark:prose-invert light\">\n<h6>Comoditat i disseny acollidor<\/h6>\n<div class=\"traductor-textarea form-group\">\n<div class=\"textarea-desti col-xs-12 col-sm-6\">\n<div class=\"form-control second-textarea\">La butaca Folio \u00e9s perfecta per gaudir de l&#8217;aire lliure en total relaxaci\u00f3. El seu disseny compta amb un respatller acollidor que s&#8217;uneix sense interrupcions a un ampli i c\u00f2mode seient rebaixat, creant una sensaci\u00f3 d&#8217;abra\u00e7ada estructural \u00fanica. A m\u00e9s, el respatller \u00e9s inclinable en dues posicions, permetent ajustar el nivell de confort a la teva prefer\u00e8ncia.<\/div>\n<\/div>\n<\/div>\n<h6>Materials resistents i sostenibles<\/h6>\n<div class=\"traductor-textarea form-group\">\n<div class=\"textarea-desti col-xs-12 col-sm-6\">\n<div class=\"form-control second-textarea\">L&#8217;estructura est\u00e0 fabricada en polipropil\u00e8 refor\u00e7at amb fibra de vidre i resines reciclables, prometent una butaca duradora i ecol\u00f2gica. El seu tractament anti-UV la fa ideal per a l&#8217;exterior, assegurant que conservi el seu aspecte i color, fins i tot en els diferents entorns climatol\u00f2gics. Folio est\u00e0 pintada mitjan\u00e7ant el m\u00e8tode de tenyit en massa, per la qual cosa ofereix un acabat mat en cinc colors uniformes.<\/div>\n<\/div>\n<\/div>\n<h6>Dues versions, dues experi\u00e8ncies<\/h6>\n<div class=\"traductor-textarea form-group\">\n<div class=\"textarea-desti col-xs-12 col-sm-6\">\n<div class=\"form-control second-textarea\">La butaca Folio est\u00e0 disponible en dues versions:<\/div>\n<\/div>\n<\/div>\n<ul>\n<li>\n<div class=\"traductor-textarea form-group\">\n<div class=\"textarea-desti col-xs-12 col-sm-6\">\n<div class=\"form-control second-textarea\"><a href=\"https:\/\/www.nardioutdoor.com\/media\/download\/img_9497.pdf\">Versi\u00f3 amb 4 potes<\/a> i taps antilliscants. Aquesta vers\u00f3n \u00e9s apilable, la qual cosa li afegeix un extra quant a practicitat en l&#8217;emmagatzematge<\/div>\n<\/div>\n<\/div>\n<div class=\"traductor-checkbox form-group\"><\/div>\n<\/li>\n<li>\n<div class=\"traductor-textarea form-group\">\n<div class=\"textarea-desti col-xs-12 col-sm-6\">\n<div class=\"form-control second-textarea\"><a href=\"https:\/\/www.nardioutdoor.com\/media\/download\/img_8353.pdf\">Folio Rocking<\/a>, que cont\u00e9 unes sabates balanc\u00ed i afegeix un toc relaxant amb el seu suau moviment.<\/div>\n<\/div>\n<\/div>\n<div class=\"traductor-checkbox form-group\"><\/div>\n<\/li>\n<\/ul>\n<p>Folio dispone de unos cojines adicionales que maximizan la comodidad y garantizan una experiencia de relax \u00fanica.<\/p>\n<\/div>\n<\/div>\n<\/div>\n<\/div>\n<\/div>\n<\/div>\n","protected":false},"excerpt":{"rendered":"<p>Relaxa&#8217;t amb Estil en la butaca Folio Comoditat i disseny acollidor La butaca Folio \u00e9s perfecta per gaudir de l&#8217;aire lliure en total relaxaci\u00f3. El seu disseny compta amb un respatller acollidor que s&#8217;uneix sense interrupcions a un ampli i c\u00f2mode seient rebaixat, creant una sensaci\u00f3 d&#8217;abra\u00e7ada estructural \u00fanica. A m\u00e9s, el respatller \u00e9s inclinable&hellip;<\/p>\n","protected":false},"featured_media":44411,"template":"","meta":{"_acf_changed":false},"product_brand":[],"product_cat":[937,563],"product_tag":[1263,587,605,640,960,664,1479,951],"class_list":{"0":"post-39979","1":"product","2":"type-product","3":"status-publish","4":"has-post-thumbnail","6":"product_cat-butaques-ca-2","7":"product_cat-exterior-ca","8":"product_tag-anti-rayos-uv-ca","9":"product_tag-apilable-ca","10":"product_tag-butaca-ca","11":"product_tag-exterior-ca","12":"product_tag-folio-ca","13":"product_tag-interior-ca","14":"product_tag-mecedora-ca","15":"product_tag-nardi-ca","16":"description-off","18":"first","19":"instock","20":"shipping-taxable","21":"product-type-simple"},"acf":[],"yoast_head":"<!-- This site is optimized with the Yoast SEO plugin v27.0 - https:\/\/yoast.com\/product\/yoast-seo-wordpress\/ -->\n<title>Butaca Folio, Nardi- Navarro Aubanell<\/title>\n<meta name=\"description\" content=\"Butaca Folio: comodidad reclinable para exteriores, en dos versiones. Materiales duraderos, anti-UV, en colores mate y reciclables.\" \/>\n<meta name=\"robots\" content=\"index, follow, max-snippet:-1, max-image-preview:large, max-video-preview:-1\" \/>\n<link rel=\"canonical\" href=\"https:\/\/www.navarroaubanell.com\/ca\/producte\/butaca-folio-nardi-navarroaubanell\/\" \/>\n<meta property=\"og:locale\" content=\"ca_ES\" \/>\n<meta property=\"og:type\" content=\"article\" \/>\n<meta property=\"og:title\" content=\"Butaca Folio, Nardi- Navarro Aubanell\" \/>\n<meta property=\"og:description\" content=\"Butaca Folio: comodidad reclinable para exteriores, en dos versiones. Materiales duraderos, anti-UV, en colores mate y reciclables.\" \/>\n<meta property=\"og:url\" content=\"https:\/\/www.navarroaubanell.com\/ca\/producte\/butaca-folio-nardi-navarroaubanell\/\" \/>\n<meta property=\"og:site_name\" content=\"Navarro Aubanell\" \/>\n<meta property=\"article:modified_time\" content=\"2024-10-16T10:15:10+00:00\" \/>\n<meta property=\"og:image\" content=\"https:\/\/www.navarroaubanell.com\/wp-content\/uploads\/2024\/10\/Folio-1-Photoroom.png\" \/>\n\t<meta property=\"og:image:width\" content=\"800\" \/>\n\t<meta property=\"og:image:height\" content=\"650\" \/>\n\t<meta property=\"og:image:type\" content=\"image\/png\" \/>\n<meta name=\"twitter:label1\" content=\"Est. reading time\" \/>\n\t<meta name=\"twitter:data1\" content=\"2 minutes\" \/>\n<script type=\"application\/ld+json\" class=\"yoast-schema-graph\">{\"@context\":\"https:\/\/schema.org\",\"@graph\":[{\"@type\":\"WebPage\",\"@id\":\"https:\/\/www.navarroaubanell.com\/ca\/producte\/butaca-folio-nardi-navarroaubanell\/\",\"url\":\"https:\/\/www.navarroaubanell.com\/ca\/producte\/butaca-folio-nardi-navarroaubanell\/\",\"name\":\"Butaca Folio, Nardi- Navarro Aubanell\",\"isPartOf\":{\"@id\":\"https:\/\/www.navarroaubanell.com\/ca\/#website\"},\"primaryImageOfPage\":{\"@id\":\"https:\/\/www.navarroaubanell.com\/ca\/producte\/butaca-folio-nardi-navarroaubanell\/#primaryimage\"},\"image\":{\"@id\":\"https:\/\/www.navarroaubanell.com\/ca\/producte\/butaca-folio-nardi-navarroaubanell\/#primaryimage\"},\"thumbnailUrl\":\"https:\/\/www.navarroaubanell.com\/wp-content\/uploads\/2024\/10\/Folio-1-Photoroom.png\",\"datePublished\":\"2024-10-16T09:57:14+00:00\",\"dateModified\":\"2024-10-16T10:15:10+00:00\",\"description\":\"Butaca Folio: comodidad reclinable para exteriores, en dos versiones. Materiales duraderos, anti-UV, en colores mate y reciclables.\",\"breadcrumb\":{\"@id\":\"https:\/\/www.navarroaubanell.com\/ca\/producte\/butaca-folio-nardi-navarroaubanell\/#breadcrumb\"},\"inLanguage\":\"ca\",\"potentialAction\":[{\"@type\":\"ReadAction\",\"target\":[\"https:\/\/www.navarroaubanell.com\/ca\/producte\/butaca-folio-nardi-navarroaubanell\/\"]}]},{\"@type\":\"ImageObject\",\"inLanguage\":\"ca\",\"@id\":\"https:\/\/www.navarroaubanell.com\/ca\/producte\/butaca-folio-nardi-navarroaubanell\/#primaryimage\",\"url\":\"https:\/\/www.navarroaubanell.com\/wp-content\/uploads\/2024\/10\/Folio-1-Photoroom.png\",\"contentUrl\":\"https:\/\/www.navarroaubanell.com\/wp-content\/uploads\/2024\/10\/Folio-1-Photoroom.png\",\"width\":800,\"height\":650,\"caption\":\"Butaca Folio\"},{\"@type\":\"BreadcrumbList\",\"@id\":\"https:\/\/www.navarroaubanell.com\/ca\/producte\/butaca-folio-nardi-navarroaubanell\/#breadcrumb\",\"itemListElement\":[{\"@type\":\"ListItem\",\"position\":1,\"name\":\"Portada\",\"item\":\"https:\/\/www.navarroaubanell.com\/ca\/\"},{\"@type\":\"ListItem\",\"position\":2,\"name\":\"Productes\",\"item\":\"https:\/\/www.navarroaubanell.com\/productos\/\"},{\"@type\":\"ListItem\",\"position\":3,\"name\":\"Butaca Folio\"}]},{\"@type\":\"WebSite\",\"@id\":\"https:\/\/www.navarroaubanell.com\/ca\/#website\",\"url\":\"https:\/\/www.navarroaubanell.com\/ca\/\",\"name\":\"Navarro Aubanell\",\"description\":\"Mobiliario para hoteler\u00eda, colectividades y oficinas\",\"publisher\":{\"@id\":\"https:\/\/www.navarroaubanell.com\/ca\/#organization\"},\"potentialAction\":[{\"@type\":\"SearchAction\",\"target\":{\"@type\":\"EntryPoint\",\"urlTemplate\":\"https:\/\/www.navarroaubanell.com\/ca\/?s={search_term_string}\"},\"query-input\":{\"@type\":\"PropertyValueSpecification\",\"valueRequired\":true,\"valueName\":\"search_term_string\"}}],\"inLanguage\":\"ca\"},{\"@type\":\"Organization\",\"@id\":\"https:\/\/www.navarroaubanell.com\/ca\/#organization\",\"name\":\"COMERCIAL NAVARRO AUBANELL, S.A\",\"url\":\"https:\/\/www.navarroaubanell.com\/ca\/\",\"logo\":{\"@type\":\"ImageObject\",\"inLanguage\":\"ca\",\"@id\":\"https:\/\/www.navarroaubanell.com\/ca\/#\/schema\/logo\/image\/\",\"url\":\"https:\/\/www.navarroaubanell.com\/wp-content\/uploads\/2017\/07\/logo-navarro-aubuanell.png\",\"contentUrl\":\"https:\/\/www.navarroaubanell.com\/wp-content\/uploads\/2017\/07\/logo-navarro-aubuanell.png\",\"width\":6304,\"height\":1154,\"caption\":\"COMERCIAL NAVARRO AUBANELL, S.A\"},\"image\":{\"@id\":\"https:\/\/www.navarroaubanell.com\/ca\/#\/schema\/logo\/image\/\"}}]}<\/script>\n<!-- \/ Yoast SEO plugin. -->","yoast_head_json":{"title":"Butaca Folio, Nardi- Navarro Aubanell","description":"Butaca Folio: comodidad reclinable para exteriores, en dos versiones. Materiales duraderos, anti-UV, en colores mate y reciclables.","robots":{"index":"index","follow":"follow","max-snippet":"max-snippet:-1","max-image-preview":"max-image-preview:large","max-video-preview":"max-video-preview:-1"},"canonical":"https:\/\/www.navarroaubanell.com\/ca\/producte\/butaca-folio-nardi-navarroaubanell\/","og_locale":"ca_ES","og_type":"article","og_title":"Butaca Folio, Nardi- Navarro Aubanell","og_description":"Butaca Folio: comodidad reclinable para exteriores, en dos versiones. Materiales duraderos, anti-UV, en colores mate y reciclables.","og_url":"https:\/\/www.navarroaubanell.com\/ca\/producte\/butaca-folio-nardi-navarroaubanell\/","og_site_name":"Navarro Aubanell","article_modified_time":"2024-10-16T10:15:10+00:00","og_image":[{"width":800,"height":650,"url":"https:\/\/www.navarroaubanell.com\/wp-content\/uploads\/2024\/10\/Folio-1-Photoroom.png","type":"image\/png"}],"twitter_misc":{"Est. reading time":"2 minutes"},"schema":{"@context":"https:\/\/schema.org","@graph":[{"@type":"WebPage","@id":"https:\/\/www.navarroaubanell.com\/ca\/producte\/butaca-folio-nardi-navarroaubanell\/","url":"https:\/\/www.navarroaubanell.com\/ca\/producte\/butaca-folio-nardi-navarroaubanell\/","name":"Butaca Folio, Nardi- Navarro Aubanell","isPartOf":{"@id":"https:\/\/www.navarroaubanell.com\/ca\/#website"},"primaryImageOfPage":{"@id":"https:\/\/www.navarroaubanell.com\/ca\/producte\/butaca-folio-nardi-navarroaubanell\/#primaryimage"},"image":{"@id":"https:\/\/www.navarroaubanell.com\/ca\/producte\/butaca-folio-nardi-navarroaubanell\/#primaryimage"},"thumbnailUrl":"https:\/\/www.navarroaubanell.com\/wp-content\/uploads\/2024\/10\/Folio-1-Photoroom.png","datePublished":"2024-10-16T09:57:14+00:00","dateModified":"2024-10-16T10:15:10+00:00","description":"Butaca Folio: comodidad reclinable para exteriores, en dos versiones. Materiales duraderos, anti-UV, en colores mate y reciclables.","breadcrumb":{"@id":"https:\/\/www.navarroaubanell.com\/ca\/producte\/butaca-folio-nardi-navarroaubanell\/#breadcrumb"},"inLanguage":"ca","potentialAction":[{"@type":"ReadAction","target":["https:\/\/www.navarroaubanell.com\/ca\/producte\/butaca-folio-nardi-navarroaubanell\/"]}]},{"@type":"ImageObject","inLanguage":"ca","@id":"https:\/\/www.navarroaubanell.com\/ca\/producte\/butaca-folio-nardi-navarroaubanell\/#primaryimage","url":"https:\/\/www.navarroaubanell.com\/wp-content\/uploads\/2024\/10\/Folio-1-Photoroom.png","contentUrl":"https:\/\/www.navarroaubanell.com\/wp-content\/uploads\/2024\/10\/Folio-1-Photoroom.png","width":800,"height":650,"caption":"Butaca Folio"},{"@type":"BreadcrumbList","@id":"https:\/\/www.navarroaubanell.com\/ca\/producte\/butaca-folio-nardi-navarroaubanell\/#breadcrumb","itemListElement":[{"@type":"ListItem","position":1,"name":"Portada","item":"https:\/\/www.navarroaubanell.com\/ca\/"},{"@type":"ListItem","position":2,"name":"Productes","item":"https:\/\/www.navarroaubanell.com\/productos\/"},{"@type":"ListItem","position":3,"name":"Butaca Folio"}]},{"@type":"WebSite","@id":"https:\/\/www.navarroaubanell.com\/ca\/#website","url":"https:\/\/www.navarroaubanell.com\/ca\/","name":"Navarro Aubanell","description":"Mobiliario para hoteler\u00eda, colectividades y oficinas","publisher":{"@id":"https:\/\/www.navarroaubanell.com\/ca\/#organization"},"potentialAction":[{"@type":"SearchAction","target":{"@type":"EntryPoint","urlTemplate":"https:\/\/www.navarroaubanell.com\/ca\/?s={search_term_string}"},"query-input":{"@type":"PropertyValueSpecification","valueRequired":true,"valueName":"search_term_string"}}],"inLanguage":"ca"},{"@type":"Organization","@id":"https:\/\/www.navarroaubanell.com\/ca\/#organization","name":"COMERCIAL NAVARRO AUBANELL, S.A","url":"https:\/\/www.navarroaubanell.com\/ca\/","logo":{"@type":"ImageObject","inLanguage":"ca","@id":"https:\/\/www.navarroaubanell.com\/ca\/#\/schema\/logo\/image\/","url":"https:\/\/www.navarroaubanell.com\/wp-content\/uploads\/2017\/07\/logo-navarro-aubuanell.png","contentUrl":"https:\/\/www.navarroaubanell.com\/wp-content\/uploads\/2017\/07\/logo-navarro-aubuanell.png","width":6304,"height":1154,"caption":"COMERCIAL NAVARRO AUBANELL, S.A"},"image":{"@id":"https:\/\/www.navarroaubanell.com\/ca\/#\/schema\/logo\/image\/"}}]}},"_links":{"self":[{"href":"https:\/\/www.navarroaubanell.com\/ca\/wp-json\/wp\/v2\/product\/39979","targetHints":{"allow":["GET"]}}],"collection":[{"href":"https:\/\/www.navarroaubanell.com\/ca\/wp-json\/wp\/v2\/product"}],"about":[{"href":"https:\/\/www.navarroaubanell.com\/ca\/wp-json\/wp\/v2\/types\/product"}],"wp:featuredmedia":[{"embeddable":true,"href":"https:\/\/www.navarroaubanell.com\/ca\/wp-json\/wp\/v2\/media\/44411"}],"wp:attachment":[{"href":"https:\/\/www.navarroaubanell.com\/ca\/wp-json\/wp\/v2\/media?parent=39979"}],"wp:term":[{"taxonomy":"product_brand","embeddable":true,"href":"https:\/\/www.navarroaubanell.com\/ca\/wp-json\/wp\/v2\/product_brand?post=39979"},{"taxonomy":"product_cat","embeddable":true,"href":"https:\/\/www.navarroaubanell.com\/ca\/wp-json\/wp\/v2\/product_cat?post=39979"},{"taxonomy":"product_tag","embeddable":true,"href":"https:\/\/www.navarroaubanell.com\/ca\/wp-json\/wp\/v2\/product_tag?post=39979"}],"curies":[{"name":"wp","href":"https:\/\/api.w.org\/{rel}","templated":true}]}}