{"id":39603,"date":"2024-10-11T08:38:35","date_gmt":"2024-10-11T06:38:35","guid":{"rendered":"https:\/\/www.navarroaubanell.com\/producto\/chill-out-komodo-nardi-navarroaubanell\/"},"modified":"2024-10-11T08:56:26","modified_gmt":"2024-10-11T06:56:26","slug":"chill-out-komodo-nardi-navarroaubanell","status":"publish","type":"product","link":"https:\/\/www.navarroaubanell.com\/ca\/producte\/chill-out-komodo-nardi-navarroaubanell\/","title":{"rendered":"Chill Out Komodo"},"content":{"rendered":"<h5>Fes la Zona Chill Out amb Komodo<\/h5>\n<div class=\"traductor-textarea form-group\">\n<div class=\"textarea-desti col-xs-12 col-sm-6\">\n<div class=\"form-control second-textarea\">Amb els productes Komodo, crear un espai chill out personalitzat i confortable \u00e9s m\u00e9s f\u00e0cil que mai. La seva versatilitat et permet configurar la teva balinesa exactament com la prefereixis. Ja sigui que optis per combinar <a href=\"https:\/\/www.navarroaubanell.com\/ca\/producte\/butaques-komodo-nardi-navarroaubanell\/\">butaques amb pufs<\/a>, o prefereixis un disseny m\u00e9s minimalista, Komodo t&#8217;ofereix m\u00faltiples opcions per a dissenyar l&#8217;ambient ideal.<\/div>\n<\/div>\n<\/div>\n<h6>Alta resist\u00e8ncia i Durabilitat<\/h6>\n<div class=\"traductor-textarea form-group\">\n<div class=\"textarea-desti col-xs-12 col-sm-6\">\n<div class=\"form-control second-textarea\">L&#8217;estructura de polipropil\u00e8 refor\u00e7at amb fibra de vidre de les butaques i pufs Komodo est\u00e0 protegida per una f\u00f3rmula anti raigs UV, la qual cosa garanteix que aquests mobles mantinguin el seu aspecte impecable en exteriors. A m\u00e9s, la seva fabricaci\u00f3 amb resina reciclable converteix a Komodo en una opci\u00f3 sostenible i respectuosa amb el medi ambient..<\/div>\n<\/div>\n<\/div>\n<h6>Accesorios de Sombra: Toldo Parasol Accessoris d&#8217;Ombra: para-sol<\/h6>\n<div class=\"traductor-textarea form-group\">\n<div class=\"textarea-desti col-xs-12 col-sm-6\">\n<div class=\"form-control second-textarea\">El tendal de Komodo complementa el teu espai chill out, proporcionant l&#8217;ombra perfecta. Fabricat 100% en fibra acr\u00edlica, aquest tendal ofereix resist\u00e8ncia a la llum del sol i est\u00e0 refor\u00e7at amb tractaments hidr\u00f2fugs, antitaques i antimoho. A m\u00e9s, la seva estructura tamb\u00e9 est\u00e0 feta de polipropil\u00e8 refor\u00e7at amb fibra de vidre, assegurant una llarga vida \u00fatil i un acabat d&#8217;aspecte uniforme.<\/div>\n<\/div>\n<\/div>\n<div class=\"traductor-checkbox form-group\">\n<div class=\"row\">\n<div class=\"col-sm-offset-2 col-sm-5\"><\/div>\n<\/div>\n<\/div>\n<div class=\"traductor-textarea form-group\">\n<div class=\"textarea-desti col-xs-12 col-sm-6\">\n<div class=\"form-control second-textarea\">Komodo combina estil, confort i durabilitat per a crear un espai exterior que convida a la relaxaci\u00f3 i al plaer.<\/div>\n<\/div>\n<\/div>\n","protected":false},"excerpt":{"rendered":"<p>Fes la Zona Chill Out amb Komodo Amb els productes Komodo, crear un espai chill out personalitzat i confortable \u00e9s m\u00e9s f\u00e0cil que mai. La seva versatilitat et permet configurar la teva balinesa exactament com la prefereixis. Ja sigui que optis per combinar butaques amb pufs, o prefereixis un disseny m\u00e9s minimalista, Komodo t&#8217;ofereix m\u00faltiples&hellip;<\/p>\n","protected":false},"featured_media":39591,"template":"","meta":{"_acf_changed":false},"product_brand":[],"product_cat":[564,563],"product_tag":[1459,605,816,640,1457,1196,754],"class_list":{"0":"post-39603","1":"product","2":"type-product","3":"status-publish","4":"has-post-thumbnail","6":"product_cat-chill-out-ca","7":"product_cat-exterior-ca","8":"product_tag-balinesa-ca","9":"product_tag-butaca-ca","10":"product_tag-chill-out-ca","11":"product_tag-exterior-ca","12":"product_tag-komodo-ca","13":"product_tag-puf-ca","14":"product_tag-sofa-ca","15":"description-off","17":"first","18":"instock","19":"shipping-taxable","20":"product-type-simple"},"acf":[],"yoast_head":"<!-- This site is optimized with the Yoast SEO plugin v27.0 - https:\/\/yoast.com\/product\/yoast-seo-wordpress\/ -->\n<title>Chill Out Komodo - Navarro Aubanell<\/title>\n<meta name=\"description\" content=\"Crea un espacio chill out personalizado con Komodo, muebles vers\u00e1tiles, resistentes y sostenibles, perfectos para exteriores.\" \/>\n<meta name=\"robots\" content=\"index, follow, max-snippet:-1, max-image-preview:large, max-video-preview:-1\" \/>\n<link rel=\"canonical\" href=\"https:\/\/www.navarroaubanell.com\/ca\/producte\/chill-out-komodo-nardi-navarroaubanell\/\" \/>\n<meta property=\"og:locale\" content=\"ca_ES\" \/>\n<meta property=\"og:type\" content=\"article\" \/>\n<meta property=\"og:title\" content=\"Chill Out Komodo - Navarro Aubanell\" \/>\n<meta property=\"og:description\" content=\"Crea un espacio chill out personalizado con Komodo, muebles vers\u00e1tiles, resistentes y sostenibles, perfectos para exteriores.\" \/>\n<meta property=\"og:url\" content=\"https:\/\/www.navarroaubanell.com\/ca\/producte\/chill-out-komodo-nardi-navarroaubanell\/\" \/>\n<meta property=\"og:site_name\" content=\"Navarro Aubanell\" \/>\n<meta property=\"article:modified_time\" content=\"2024-10-11T06:56:26+00:00\" \/>\n<meta property=\"og:image\" content=\"https:\/\/www.navarroaubanell.com\/wp-content\/uploads\/2024\/10\/J-removebg-preview.png\" \/>\n\t<meta property=\"og:image:width\" content=\"998\" \/>\n\t<meta property=\"og:image:height\" content=\"811\" \/>\n\t<meta property=\"og:image:type\" content=\"image\/png\" \/>\n<meta name=\"twitter:label1\" content=\"Est. reading time\" \/>\n\t<meta name=\"twitter:data1\" content=\"2 minutes\" \/>\n<script type=\"application\/ld+json\" class=\"yoast-schema-graph\">{\"@context\":\"https:\/\/schema.org\",\"@graph\":[{\"@type\":\"WebPage\",\"@id\":\"https:\/\/www.navarroaubanell.com\/ca\/producte\/chill-out-komodo-nardi-navarroaubanell\/\",\"url\":\"https:\/\/www.navarroaubanell.com\/ca\/producte\/chill-out-komodo-nardi-navarroaubanell\/\",\"name\":\"Chill Out Komodo - Navarro Aubanell\",\"isPartOf\":{\"@id\":\"https:\/\/www.navarroaubanell.com\/ca\/#website\"},\"primaryImageOfPage\":{\"@id\":\"https:\/\/www.navarroaubanell.com\/ca\/producte\/chill-out-komodo-nardi-navarroaubanell\/#primaryimage\"},\"image\":{\"@id\":\"https:\/\/www.navarroaubanell.com\/ca\/producte\/chill-out-komodo-nardi-navarroaubanell\/#primaryimage\"},\"thumbnailUrl\":\"https:\/\/www.navarroaubanell.com\/wp-content\/uploads\/2024\/10\/J-removebg-preview.png\",\"datePublished\":\"2024-10-11T06:38:35+00:00\",\"dateModified\":\"2024-10-11T06:56:26+00:00\",\"description\":\"Crea un espacio chill out personalizado con Komodo, muebles vers\u00e1tiles, resistentes y sostenibles, perfectos para exteriores.\",\"breadcrumb\":{\"@id\":\"https:\/\/www.navarroaubanell.com\/ca\/producte\/chill-out-komodo-nardi-navarroaubanell\/#breadcrumb\"},\"inLanguage\":\"ca\",\"potentialAction\":[{\"@type\":\"ReadAction\",\"target\":[\"https:\/\/www.navarroaubanell.com\/ca\/producte\/chill-out-komodo-nardi-navarroaubanell\/\"]}]},{\"@type\":\"ImageObject\",\"inLanguage\":\"ca\",\"@id\":\"https:\/\/www.navarroaubanell.com\/ca\/producte\/chill-out-komodo-nardi-navarroaubanell\/#primaryimage\",\"url\":\"https:\/\/www.navarroaubanell.com\/wp-content\/uploads\/2024\/10\/J-removebg-preview.png\",\"contentUrl\":\"https:\/\/www.navarroaubanell.com\/wp-content\/uploads\/2024\/10\/J-removebg-preview.png\",\"width\":998,\"height\":811,\"caption\":\"Chill Out Komodo\"},{\"@type\":\"BreadcrumbList\",\"@id\":\"https:\/\/www.navarroaubanell.com\/ca\/producte\/chill-out-komodo-nardi-navarroaubanell\/#breadcrumb\",\"itemListElement\":[{\"@type\":\"ListItem\",\"position\":1,\"name\":\"Portada\",\"item\":\"https:\/\/www.navarroaubanell.com\/ca\/\"},{\"@type\":\"ListItem\",\"position\":2,\"name\":\"Productes\",\"item\":\"https:\/\/www.navarroaubanell.com\/productos\/\"},{\"@type\":\"ListItem\",\"position\":3,\"name\":\"Chill Out Komodo\"}]},{\"@type\":\"WebSite\",\"@id\":\"https:\/\/www.navarroaubanell.com\/ca\/#website\",\"url\":\"https:\/\/www.navarroaubanell.com\/ca\/\",\"name\":\"Navarro Aubanell\",\"description\":\"Mobiliario para hoteler\u00eda, colectividades y oficinas\",\"publisher\":{\"@id\":\"https:\/\/www.navarroaubanell.com\/ca\/#organization\"},\"potentialAction\":[{\"@type\":\"SearchAction\",\"target\":{\"@type\":\"EntryPoint\",\"urlTemplate\":\"https:\/\/www.navarroaubanell.com\/ca\/?s={search_term_string}\"},\"query-input\":{\"@type\":\"PropertyValueSpecification\",\"valueRequired\":true,\"valueName\":\"search_term_string\"}}],\"inLanguage\":\"ca\"},{\"@type\":\"Organization\",\"@id\":\"https:\/\/www.navarroaubanell.com\/ca\/#organization\",\"name\":\"COMERCIAL NAVARRO AUBANELL, S.A\",\"url\":\"https:\/\/www.navarroaubanell.com\/ca\/\",\"logo\":{\"@type\":\"ImageObject\",\"inLanguage\":\"ca\",\"@id\":\"https:\/\/www.navarroaubanell.com\/ca\/#\/schema\/logo\/image\/\",\"url\":\"https:\/\/www.navarroaubanell.com\/wp-content\/uploads\/2017\/07\/logo-navarro-aubuanell.png\",\"contentUrl\":\"https:\/\/www.navarroaubanell.com\/wp-content\/uploads\/2017\/07\/logo-navarro-aubuanell.png\",\"width\":6304,\"height\":1154,\"caption\":\"COMERCIAL NAVARRO AUBANELL, S.A\"},\"image\":{\"@id\":\"https:\/\/www.navarroaubanell.com\/ca\/#\/schema\/logo\/image\/\"}}]}<\/script>\n<!-- \/ Yoast SEO plugin. -->","yoast_head_json":{"title":"Chill Out Komodo - Navarro Aubanell","description":"Crea un espacio chill out personalizado con Komodo, muebles vers\u00e1tiles, resistentes y sostenibles, perfectos para exteriores.","robots":{"index":"index","follow":"follow","max-snippet":"max-snippet:-1","max-image-preview":"max-image-preview:large","max-video-preview":"max-video-preview:-1"},"canonical":"https:\/\/www.navarroaubanell.com\/ca\/producte\/chill-out-komodo-nardi-navarroaubanell\/","og_locale":"ca_ES","og_type":"article","og_title":"Chill Out Komodo - Navarro Aubanell","og_description":"Crea un espacio chill out personalizado con Komodo, muebles vers\u00e1tiles, resistentes y sostenibles, perfectos para exteriores.","og_url":"https:\/\/www.navarroaubanell.com\/ca\/producte\/chill-out-komodo-nardi-navarroaubanell\/","og_site_name":"Navarro Aubanell","article_modified_time":"2024-10-11T06:56:26+00:00","og_image":[{"width":998,"height":811,"url":"https:\/\/www.navarroaubanell.com\/wp-content\/uploads\/2024\/10\/J-removebg-preview.png","type":"image\/png"}],"twitter_misc":{"Est. reading time":"2 minutes"},"schema":{"@context":"https:\/\/schema.org","@graph":[{"@type":"WebPage","@id":"https:\/\/www.navarroaubanell.com\/ca\/producte\/chill-out-komodo-nardi-navarroaubanell\/","url":"https:\/\/www.navarroaubanell.com\/ca\/producte\/chill-out-komodo-nardi-navarroaubanell\/","name":"Chill Out Komodo - Navarro Aubanell","isPartOf":{"@id":"https:\/\/www.navarroaubanell.com\/ca\/#website"},"primaryImageOfPage":{"@id":"https:\/\/www.navarroaubanell.com\/ca\/producte\/chill-out-komodo-nardi-navarroaubanell\/#primaryimage"},"image":{"@id":"https:\/\/www.navarroaubanell.com\/ca\/producte\/chill-out-komodo-nardi-navarroaubanell\/#primaryimage"},"thumbnailUrl":"https:\/\/www.navarroaubanell.com\/wp-content\/uploads\/2024\/10\/J-removebg-preview.png","datePublished":"2024-10-11T06:38:35+00:00","dateModified":"2024-10-11T06:56:26+00:00","description":"Crea un espacio chill out personalizado con Komodo, muebles vers\u00e1tiles, resistentes y sostenibles, perfectos para exteriores.","breadcrumb":{"@id":"https:\/\/www.navarroaubanell.com\/ca\/producte\/chill-out-komodo-nardi-navarroaubanell\/#breadcrumb"},"inLanguage":"ca","potentialAction":[{"@type":"ReadAction","target":["https:\/\/www.navarroaubanell.com\/ca\/producte\/chill-out-komodo-nardi-navarroaubanell\/"]}]},{"@type":"ImageObject","inLanguage":"ca","@id":"https:\/\/www.navarroaubanell.com\/ca\/producte\/chill-out-komodo-nardi-navarroaubanell\/#primaryimage","url":"https:\/\/www.navarroaubanell.com\/wp-content\/uploads\/2024\/10\/J-removebg-preview.png","contentUrl":"https:\/\/www.navarroaubanell.com\/wp-content\/uploads\/2024\/10\/J-removebg-preview.png","width":998,"height":811,"caption":"Chill Out Komodo"},{"@type":"BreadcrumbList","@id":"https:\/\/www.navarroaubanell.com\/ca\/producte\/chill-out-komodo-nardi-navarroaubanell\/#breadcrumb","itemListElement":[{"@type":"ListItem","position":1,"name":"Portada","item":"https:\/\/www.navarroaubanell.com\/ca\/"},{"@type":"ListItem","position":2,"name":"Productes","item":"https:\/\/www.navarroaubanell.com\/productos\/"},{"@type":"ListItem","position":3,"name":"Chill Out Komodo"}]},{"@type":"WebSite","@id":"https:\/\/www.navarroaubanell.com\/ca\/#website","url":"https:\/\/www.navarroaubanell.com\/ca\/","name":"Navarro Aubanell","description":"Mobiliario para hoteler\u00eda, colectividades y oficinas","publisher":{"@id":"https:\/\/www.navarroaubanell.com\/ca\/#organization"},"potentialAction":[{"@type":"SearchAction","target":{"@type":"EntryPoint","urlTemplate":"https:\/\/www.navarroaubanell.com\/ca\/?s={search_term_string}"},"query-input":{"@type":"PropertyValueSpecification","valueRequired":true,"valueName":"search_term_string"}}],"inLanguage":"ca"},{"@type":"Organization","@id":"https:\/\/www.navarroaubanell.com\/ca\/#organization","name":"COMERCIAL NAVARRO AUBANELL, S.A","url":"https:\/\/www.navarroaubanell.com\/ca\/","logo":{"@type":"ImageObject","inLanguage":"ca","@id":"https:\/\/www.navarroaubanell.com\/ca\/#\/schema\/logo\/image\/","url":"https:\/\/www.navarroaubanell.com\/wp-content\/uploads\/2017\/07\/logo-navarro-aubuanell.png","contentUrl":"https:\/\/www.navarroaubanell.com\/wp-content\/uploads\/2017\/07\/logo-navarro-aubuanell.png","width":6304,"height":1154,"caption":"COMERCIAL NAVARRO AUBANELL, S.A"},"image":{"@id":"https:\/\/www.navarroaubanell.com\/ca\/#\/schema\/logo\/image\/"}}]}},"_links":{"self":[{"href":"https:\/\/www.navarroaubanell.com\/ca\/wp-json\/wp\/v2\/product\/39603","targetHints":{"allow":["GET"]}}],"collection":[{"href":"https:\/\/www.navarroaubanell.com\/ca\/wp-json\/wp\/v2\/product"}],"about":[{"href":"https:\/\/www.navarroaubanell.com\/ca\/wp-json\/wp\/v2\/types\/product"}],"wp:featuredmedia":[{"embeddable":true,"href":"https:\/\/www.navarroaubanell.com\/ca\/wp-json\/wp\/v2\/media\/39591"}],"wp:attachment":[{"href":"https:\/\/www.navarroaubanell.com\/ca\/wp-json\/wp\/v2\/media?parent=39603"}],"wp:term":[{"taxonomy":"product_brand","embeddable":true,"href":"https:\/\/www.navarroaubanell.com\/ca\/wp-json\/wp\/v2\/product_brand?post=39603"},{"taxonomy":"product_cat","embeddable":true,"href":"https:\/\/www.navarroaubanell.com\/ca\/wp-json\/wp\/v2\/product_cat?post=39603"},{"taxonomy":"product_tag","embeddable":true,"href":"https:\/\/www.navarroaubanell.com\/ca\/wp-json\/wp\/v2\/product_tag?post=39603"}],"curies":[{"name":"wp","href":"https:\/\/api.w.org\/{rel}","templated":true}]}}