{"id":39362,"date":"2024-10-08T10:04:37","date_gmt":"2024-10-08T08:04:37","guid":{"rendered":"https:\/\/www.navarroaubanell.com\/producto\/banco-a16-021-navarroaubanell\/"},"modified":"2024-10-08T10:16:45","modified_gmt":"2024-10-08T08:16:45","slug":"banc-a16-021-navarroaubanell","status":"publish","type":"product","link":"https:\/\/www.navarroaubanell.com\/ca\/producte\/banc-a16-021-navarroaubanell\/","title":{"rendered":"Banc A16-021"},"content":{"rendered":"<h5>La Combinaci\u00f3 Perfecta de Disseny i Confort<\/h5>\n<div class=\"traductor-textarea form-group\">\n<div class=\"textarea-desti col-xs-12 col-sm-6\">\n<div class=\"form-control second-textarea\">El Banc A16-021 \u00e9s l&#8217;elecci\u00f3 ideal per als qui busquen un mobiliari exclusiu i de qualitat. Aquest banc alt, amb estructura de fusta refor\u00e7ada, est\u00e0 dissenyat per a oferir resist\u00e8ncia, comoditat i estil. Les seves mesures es fabriquen sota comanda, la qual cosa permet adaptar-ho a les necessitats espec\u00edfiques de cada espai.<\/div>\n<\/div>\n<\/div>\n<h6>Acabats Vers\u00e0tils<\/h6>\n<div class=\"traductor-textarea form-group\">\n<div class=\"textarea-desti col-xs-12 col-sm-6\">\n<div class=\"form-control second-textarea\">A16-021 est\u00e0 disponible en una varietat d&#8217;acabats que inclouen pell sint\u00e8tica, microfibres o tela client. Les teles compten amb una formulaci\u00f3 especial antitaques i retardant de foc, assegurant aix\u00ed durabilitat i seguretat en qualsevol entorn.<\/div>\n<\/div>\n<\/div>\n<h6>Opcions Personalitzables per a un Disseny \u00danic<\/h6>\n<div class=\"traductor-textarea form-group\">\n<div class=\"textarea-desti col-xs-12 col-sm-6\">\n<div class=\"form-control second-textarea\">Les potes poden ser met\u00e0l\u00b7liques o de fusta, o es pot afeginr un s\u00f2col que refor\u00e7a la seva pres\u00e8ncia en qualsevol ambient. A m\u00e9s, el seu reposapeus d&#8217;acer cromat ofereix un toc de sofisticaci\u00f3, alhora que millora la funcionalitat del moble.<\/div>\n<div>\n<div class=\"traductor-textarea form-group\">\n<div class=\"textarea-desti col-xs-12 col-sm-6\">\n<div class=\"form-control second-textarea\">A m\u00e9s, ofereix l&#8217;opci\u00f3 d&#8217;afegir un port USB, perfecte per a ambients contemporanis i professionals.<\/div>\n<\/div>\n<\/div>\n<\/div>\n<\/div>\n<\/div>\n<h6>Fabricaci\u00f3 Artesanal en Espanya<\/h6>\n<div class=\"traductor-textarea form-group\">\n<div class=\"textarea-desti col-xs-12 col-sm-6\">\n<div class=\"form-control second-textarea\">El Banc A16-021 \u00e9s un producte artesanal i completament fabricat a Espanya, la qual cosa garanteix un control de qualitat exhaustiu i l&#8217;\u00fas de materials de primera categoria.<\/div>\n<\/div>\n<\/div>\n<h6>Banc Alt per a Taules Alte<\/h6>\n<div class=\"traductor-textarea form-group\">\n<div class=\"textarea-desti col-xs-12 col-sm-6\">\n<div class=\"form-control second-textarea\">Perfecte per a taules altes en bars o restaurants, el Banc A16-021 \u00e9s la pe\u00e7a clau per a qualsevol espai que busqui una est\u00e8tica moderna i sofisticada.<\/div>\n<\/div>\n<\/div>\n","protected":false},"excerpt":{"rendered":"<p>La Combinaci\u00f3 Perfecta de Disseny i Confort El Banc A16-021 \u00e9s l&#8217;elecci\u00f3 ideal per als qui busquen un mobiliari exclusiu i de qualitat. Aquest banc alt, amb estructura de fusta refor\u00e7ada, est\u00e0 dissenyat per a oferir resist\u00e8ncia, comoditat i estil. Les seves mesures es fabriquen sota comanda, la qual cosa permet adaptar-ho a les necessitats&hellip;<\/p>\n","protected":false},"featured_media":39360,"template":"","meta":{"_acf_changed":false},"product_brand":[],"product_cat":[1442,525],"product_tag":[1447,1439,664],"class_list":{"0":"post-39362","1":"product","2":"type-product","3":"status-publish","4":"has-post-thumbnail","6":"product_cat-bancs-interior","7":"product_cat-interior","8":"product_tag-antimanchas-ca","9":"product_tag-banco-ca","10":"product_tag-interior-ca","11":"description-off","13":"first","14":"instock","15":"shipping-taxable","16":"product-type-simple"},"acf":[],"yoast_head":"<!-- This site is optimized with the Yoast SEO plugin v27.0 - https:\/\/yoast.com\/product\/yoast-seo-wordpress\/ -->\n<title>Banc A16-021 - Navarro Aubanell<\/title>\n<meta name=\"description\" content=\"Banc alt A16-021: banc fet a mida de fabricaci\u00f3 espanyola. T\u00e9 versatilitat en els acabats, teles antitaques i potes met\u00e0l\u00b7liques o de fusta.\" \/>\n<meta name=\"robots\" content=\"index, follow, max-snippet:-1, max-image-preview:large, max-video-preview:-1\" \/>\n<link rel=\"canonical\" href=\"https:\/\/www.navarroaubanell.com\/ca\/producte\/banc-a16-021-navarroaubanell\/\" \/>\n<meta property=\"og:locale\" content=\"ca_ES\" \/>\n<meta property=\"og:type\" content=\"article\" \/>\n<meta property=\"og:title\" content=\"Banc A16-021 - Navarro Aubanell\" \/>\n<meta property=\"og:description\" content=\"Banc alt A16-021: banc fet a mida de fabricaci\u00f3 espanyola. T\u00e9 versatilitat en els acabats, teles antitaques i potes met\u00e0l\u00b7liques o de fusta.\" \/>\n<meta property=\"og:url\" content=\"https:\/\/www.navarroaubanell.com\/ca\/producte\/banc-a16-021-navarroaubanell\/\" \/>\n<meta property=\"og:site_name\" content=\"Navarro Aubanell\" \/>\n<meta property=\"article:modified_time\" content=\"2024-10-08T08:16:45+00:00\" \/>\n<meta property=\"og:image\" content=\"https:\/\/www.navarroaubanell.com\/wp-content\/uploads\/2024\/10\/banco-tech-alto-hosteleria-sofa.jpg\" \/>\n\t<meta property=\"og:image:width\" content=\"800\" \/>\n\t<meta property=\"og:image:height\" content=\"650\" \/>\n\t<meta property=\"og:image:type\" content=\"image\/jpeg\" \/>\n<meta name=\"twitter:label1\" content=\"Est. reading time\" \/>\n\t<meta name=\"twitter:data1\" content=\"2 minutes\" \/>\n<script type=\"application\/ld+json\" class=\"yoast-schema-graph\">{\"@context\":\"https:\/\/schema.org\",\"@graph\":[{\"@type\":\"WebPage\",\"@id\":\"https:\/\/www.navarroaubanell.com\/ca\/producte\/banc-a16-021-navarroaubanell\/\",\"url\":\"https:\/\/www.navarroaubanell.com\/ca\/producte\/banc-a16-021-navarroaubanell\/\",\"name\":\"Banc A16-021 - Navarro Aubanell\",\"isPartOf\":{\"@id\":\"https:\/\/www.navarroaubanell.com\/ca\/#website\"},\"primaryImageOfPage\":{\"@id\":\"https:\/\/www.navarroaubanell.com\/ca\/producte\/banc-a16-021-navarroaubanell\/#primaryimage\"},\"image\":{\"@id\":\"https:\/\/www.navarroaubanell.com\/ca\/producte\/banc-a16-021-navarroaubanell\/#primaryimage\"},\"thumbnailUrl\":\"https:\/\/www.navarroaubanell.com\/wp-content\/uploads\/2024\/10\/banco-tech-alto-hosteleria-sofa.jpg\",\"datePublished\":\"2024-10-08T08:04:37+00:00\",\"dateModified\":\"2024-10-08T08:16:45+00:00\",\"description\":\"Banc alt A16-021: banc fet a mida de fabricaci\u00f3 espanyola. T\u00e9 versatilitat en els acabats, teles antitaques i potes met\u00e0l\u00b7liques o de fusta.\",\"breadcrumb\":{\"@id\":\"https:\/\/www.navarroaubanell.com\/ca\/producte\/banc-a16-021-navarroaubanell\/#breadcrumb\"},\"inLanguage\":\"ca\",\"potentialAction\":[{\"@type\":\"ReadAction\",\"target\":[\"https:\/\/www.navarroaubanell.com\/ca\/producte\/banc-a16-021-navarroaubanell\/\"]}]},{\"@type\":\"ImageObject\",\"inLanguage\":\"ca\",\"@id\":\"https:\/\/www.navarroaubanell.com\/ca\/producte\/banc-a16-021-navarroaubanell\/#primaryimage\",\"url\":\"https:\/\/www.navarroaubanell.com\/wp-content\/uploads\/2024\/10\/banco-tech-alto-hosteleria-sofa.jpg\",\"contentUrl\":\"https:\/\/www.navarroaubanell.com\/wp-content\/uploads\/2024\/10\/banco-tech-alto-hosteleria-sofa.jpg\",\"width\":800,\"height\":650,\"caption\":\"Banc A16-021\"},{\"@type\":\"BreadcrumbList\",\"@id\":\"https:\/\/www.navarroaubanell.com\/ca\/producte\/banc-a16-021-navarroaubanell\/#breadcrumb\",\"itemListElement\":[{\"@type\":\"ListItem\",\"position\":1,\"name\":\"Portada\",\"item\":\"https:\/\/www.navarroaubanell.com\/ca\/\"},{\"@type\":\"ListItem\",\"position\":2,\"name\":\"Productes\",\"item\":\"https:\/\/www.navarroaubanell.com\/productos\/\"},{\"@type\":\"ListItem\",\"position\":3,\"name\":\"Banc A16-021\"}]},{\"@type\":\"WebSite\",\"@id\":\"https:\/\/www.navarroaubanell.com\/ca\/#website\",\"url\":\"https:\/\/www.navarroaubanell.com\/ca\/\",\"name\":\"Navarro Aubanell\",\"description\":\"Mobiliario para hoteler\u00eda, colectividades y oficinas\",\"publisher\":{\"@id\":\"https:\/\/www.navarroaubanell.com\/ca\/#organization\"},\"potentialAction\":[{\"@type\":\"SearchAction\",\"target\":{\"@type\":\"EntryPoint\",\"urlTemplate\":\"https:\/\/www.navarroaubanell.com\/ca\/?s={search_term_string}\"},\"query-input\":{\"@type\":\"PropertyValueSpecification\",\"valueRequired\":true,\"valueName\":\"search_term_string\"}}],\"inLanguage\":\"ca\"},{\"@type\":\"Organization\",\"@id\":\"https:\/\/www.navarroaubanell.com\/ca\/#organization\",\"name\":\"COMERCIAL NAVARRO AUBANELL, S.A\",\"url\":\"https:\/\/www.navarroaubanell.com\/ca\/\",\"logo\":{\"@type\":\"ImageObject\",\"inLanguage\":\"ca\",\"@id\":\"https:\/\/www.navarroaubanell.com\/ca\/#\/schema\/logo\/image\/\",\"url\":\"https:\/\/www.navarroaubanell.com\/wp-content\/uploads\/2017\/07\/logo-navarro-aubuanell.png\",\"contentUrl\":\"https:\/\/www.navarroaubanell.com\/wp-content\/uploads\/2017\/07\/logo-navarro-aubuanell.png\",\"width\":6304,\"height\":1154,\"caption\":\"COMERCIAL NAVARRO AUBANELL, S.A\"},\"image\":{\"@id\":\"https:\/\/www.navarroaubanell.com\/ca\/#\/schema\/logo\/image\/\"}}]}<\/script>\n<!-- \/ Yoast SEO plugin. -->","yoast_head_json":{"title":"Banc A16-021 - Navarro Aubanell","description":"Banc alt A16-021: banc fet a mida de fabricaci\u00f3 espanyola. T\u00e9 versatilitat en els acabats, teles antitaques i potes met\u00e0l\u00b7liques o de fusta.","robots":{"index":"index","follow":"follow","max-snippet":"max-snippet:-1","max-image-preview":"max-image-preview:large","max-video-preview":"max-video-preview:-1"},"canonical":"https:\/\/www.navarroaubanell.com\/ca\/producte\/banc-a16-021-navarroaubanell\/","og_locale":"ca_ES","og_type":"article","og_title":"Banc A16-021 - Navarro Aubanell","og_description":"Banc alt A16-021: banc fet a mida de fabricaci\u00f3 espanyola. T\u00e9 versatilitat en els acabats, teles antitaques i potes met\u00e0l\u00b7liques o de fusta.","og_url":"https:\/\/www.navarroaubanell.com\/ca\/producte\/banc-a16-021-navarroaubanell\/","og_site_name":"Navarro Aubanell","article_modified_time":"2024-10-08T08:16:45+00:00","og_image":[{"width":800,"height":650,"url":"https:\/\/www.navarroaubanell.com\/wp-content\/uploads\/2024\/10\/banco-tech-alto-hosteleria-sofa.jpg","type":"image\/jpeg"}],"twitter_misc":{"Est. reading time":"2 minutes"},"schema":{"@context":"https:\/\/schema.org","@graph":[{"@type":"WebPage","@id":"https:\/\/www.navarroaubanell.com\/ca\/producte\/banc-a16-021-navarroaubanell\/","url":"https:\/\/www.navarroaubanell.com\/ca\/producte\/banc-a16-021-navarroaubanell\/","name":"Banc A16-021 - Navarro Aubanell","isPartOf":{"@id":"https:\/\/www.navarroaubanell.com\/ca\/#website"},"primaryImageOfPage":{"@id":"https:\/\/www.navarroaubanell.com\/ca\/producte\/banc-a16-021-navarroaubanell\/#primaryimage"},"image":{"@id":"https:\/\/www.navarroaubanell.com\/ca\/producte\/banc-a16-021-navarroaubanell\/#primaryimage"},"thumbnailUrl":"https:\/\/www.navarroaubanell.com\/wp-content\/uploads\/2024\/10\/banco-tech-alto-hosteleria-sofa.jpg","datePublished":"2024-10-08T08:04:37+00:00","dateModified":"2024-10-08T08:16:45+00:00","description":"Banc alt A16-021: banc fet a mida de fabricaci\u00f3 espanyola. T\u00e9 versatilitat en els acabats, teles antitaques i potes met\u00e0l\u00b7liques o de fusta.","breadcrumb":{"@id":"https:\/\/www.navarroaubanell.com\/ca\/producte\/banc-a16-021-navarroaubanell\/#breadcrumb"},"inLanguage":"ca","potentialAction":[{"@type":"ReadAction","target":["https:\/\/www.navarroaubanell.com\/ca\/producte\/banc-a16-021-navarroaubanell\/"]}]},{"@type":"ImageObject","inLanguage":"ca","@id":"https:\/\/www.navarroaubanell.com\/ca\/producte\/banc-a16-021-navarroaubanell\/#primaryimage","url":"https:\/\/www.navarroaubanell.com\/wp-content\/uploads\/2024\/10\/banco-tech-alto-hosteleria-sofa.jpg","contentUrl":"https:\/\/www.navarroaubanell.com\/wp-content\/uploads\/2024\/10\/banco-tech-alto-hosteleria-sofa.jpg","width":800,"height":650,"caption":"Banc A16-021"},{"@type":"BreadcrumbList","@id":"https:\/\/www.navarroaubanell.com\/ca\/producte\/banc-a16-021-navarroaubanell\/#breadcrumb","itemListElement":[{"@type":"ListItem","position":1,"name":"Portada","item":"https:\/\/www.navarroaubanell.com\/ca\/"},{"@type":"ListItem","position":2,"name":"Productes","item":"https:\/\/www.navarroaubanell.com\/productos\/"},{"@type":"ListItem","position":3,"name":"Banc A16-021"}]},{"@type":"WebSite","@id":"https:\/\/www.navarroaubanell.com\/ca\/#website","url":"https:\/\/www.navarroaubanell.com\/ca\/","name":"Navarro Aubanell","description":"Mobiliario para hoteler\u00eda, colectividades y oficinas","publisher":{"@id":"https:\/\/www.navarroaubanell.com\/ca\/#organization"},"potentialAction":[{"@type":"SearchAction","target":{"@type":"EntryPoint","urlTemplate":"https:\/\/www.navarroaubanell.com\/ca\/?s={search_term_string}"},"query-input":{"@type":"PropertyValueSpecification","valueRequired":true,"valueName":"search_term_string"}}],"inLanguage":"ca"},{"@type":"Organization","@id":"https:\/\/www.navarroaubanell.com\/ca\/#organization","name":"COMERCIAL NAVARRO AUBANELL, S.A","url":"https:\/\/www.navarroaubanell.com\/ca\/","logo":{"@type":"ImageObject","inLanguage":"ca","@id":"https:\/\/www.navarroaubanell.com\/ca\/#\/schema\/logo\/image\/","url":"https:\/\/www.navarroaubanell.com\/wp-content\/uploads\/2017\/07\/logo-navarro-aubuanell.png","contentUrl":"https:\/\/www.navarroaubanell.com\/wp-content\/uploads\/2017\/07\/logo-navarro-aubuanell.png","width":6304,"height":1154,"caption":"COMERCIAL NAVARRO AUBANELL, S.A"},"image":{"@id":"https:\/\/www.navarroaubanell.com\/ca\/#\/schema\/logo\/image\/"}}]}},"_links":{"self":[{"href":"https:\/\/www.navarroaubanell.com\/ca\/wp-json\/wp\/v2\/product\/39362","targetHints":{"allow":["GET"]}}],"collection":[{"href":"https:\/\/www.navarroaubanell.com\/ca\/wp-json\/wp\/v2\/product"}],"about":[{"href":"https:\/\/www.navarroaubanell.com\/ca\/wp-json\/wp\/v2\/types\/product"}],"wp:featuredmedia":[{"embeddable":true,"href":"https:\/\/www.navarroaubanell.com\/ca\/wp-json\/wp\/v2\/media\/39360"}],"wp:attachment":[{"href":"https:\/\/www.navarroaubanell.com\/ca\/wp-json\/wp\/v2\/media?parent=39362"}],"wp:term":[{"taxonomy":"product_brand","embeddable":true,"href":"https:\/\/www.navarroaubanell.com\/ca\/wp-json\/wp\/v2\/product_brand?post=39362"},{"taxonomy":"product_cat","embeddable":true,"href":"https:\/\/www.navarroaubanell.com\/ca\/wp-json\/wp\/v2\/product_cat?post=39362"},{"taxonomy":"product_tag","embeddable":true,"href":"https:\/\/www.navarroaubanell.com\/ca\/wp-json\/wp\/v2\/product_tag?post=39362"}],"curies":[{"name":"wp","href":"https:\/\/api.w.org\/{rel}","templated":true}]}}