{"id":39261,"date":"2024-10-03T16:10:03","date_gmt":"2024-10-03T14:10:03","guid":{"rendered":"https:\/\/www.navarroaubanell.com\/producto\/butaca-darwin-anaric-navarroaubanell\/"},"modified":"2024-10-03T16:15:15","modified_gmt":"2024-10-03T14:15:15","slug":"butaca-darwin-anaric-navarroaubanell","status":"publish","type":"product","link":"https:\/\/www.navarroaubanell.com\/ca\/producte\/butaca-darwin-anaric-navarroaubanell\/","title":{"rendered":"Butaca Darwin"},"content":{"rendered":"<div class=\"flex-shrink-0 flex flex-col relative items-end\">\n<div>\n<div class=\"pt-0\">\n<div class=\"gizmo-bot-avatar flex h-8 w-8 items-center justify-center overflow-hidden rounded-full\">\n<h5 class=\"relative p-1 rounded-sm flex items-center justify-center bg-token-main-surface-primary text-token-text-primary h-8 w-8\">Butaca Darwin: Eleg\u00e0ncia i Confort en Perfecte Equilibri<\/h5>\n<\/div>\n<\/div>\n<\/div>\n<\/div>\n<div class=\"group\/conversation-turn relative flex w-full min-w-0 flex-col agent-turn\">\n<div class=\"flex-col gap-1 md:gap-3\">\n<div class=\"flex max-w-full flex-col flex-grow\">\n<div class=\"min-h-8 text-message flex w-full flex-col items-end gap-2 whitespace-normal break-words [.text-message+&amp;]:mt-5\" dir=\"auto\" data-message-author-role=\"assistant\" data-message-id=\"157cff0b-50c7-4633-9ea0-1a3ab8eadb4a\">\n<div class=\"flex w-full flex-col gap-1 empty:hidden first:pt-[3px]\">\n<div class=\"markdown prose w-full break-words dark:prose-invert light\">\n<div class=\"traductor-textarea form-group\">\n<div class=\"textarea-desti col-xs-12 col-sm-6\">\n<div class=\"form-control second-textarea\">La Butaca Darwin \u00e9s l&#8217;elecci\u00f3 ideal per als qui busquen un disseny contemporani que combini simplicitat i eleg\u00e0ncia. Amb una est\u00e8tica moderna i minimalista, aquesta butaca es destaca pel seu disseny net, amb l\u00ednies suaus i arrodonides que aporten una sensaci\u00f3 de comoditat i tranquil\u00b7litat a qualsevol ambient.<\/div>\n<\/div>\n<\/div>\n<h6>Estructura<\/h6>\n<div class=\"traductor-textarea form-group\">\n<div class=\"textarea-desti col-xs-12 col-sm-6\">\n<div class=\"form-control second-textarea\">La seva estructura, fabricada amb fusta de freixe d&#8217;alta resist\u00e8ncia, garanteix durabilitat i qualitat superior. Per als qui prefereixen un toc m\u00e9s industrial o contemporani, Darwin tamb\u00e9 ofereix una base en ferro amb acabat epoxi o acer inoxidable, disponible en diferents tons i acabats, la qual cosa permet adaptar-la a qualsevol estil decoratiu.<\/div>\n<\/div>\n<\/div>\n<h6>Personalitzaci\u00f3 i Versatilitat<\/h6>\n<div class=\"traductor-textarea form-group\">\n<div class=\"textarea-desti col-xs-12 col-sm-6\">\n<div class=\"form-control second-textarea\">La Butaca Darwin est\u00e0 dissenyada per a integrar-se en qualsevol espai gr\u00e0cies a les seves opcions de personalitzaci\u00f3. Est\u00e0 disponible en diferents colors de tela, pell o pell sint\u00e8tica, la qual cosa permet ajustar-la a l&#8217;estil de qualsevol habitaci\u00f3. A m\u00e9s, ofereix diverses configuracions en grand\u00e0ria, des d&#8217;una butaca de tres places, dues places i mitja, fins a una butaca de dues places, adaptant-se a les necessitats i prefer\u00e8ncies de cada usuari.<\/div>\n<\/div>\n<\/div>\n<h6>Comoditat Completa<\/h6>\n<div class=\"traductor-textarea form-group\">\n<div class=\"textarea-desti col-xs-12 col-sm-6\">\n<div class=\"form-control second-textarea\">La Butaca Darwin ve amb coixins inclosos. A m\u00e9s, Darwin t\u00e9 tamb\u00e9 un <a href=\"https:\/\/www.navarroaubanell.com\/ca\/producte\/sofa-darwin-anaric-navarroaubanell\/\">sof\u00e0<\/a>, un puff i una taula auxiliar a joc per a completar el conjunt de la teva sala.<\/div>\n<\/div>\n<\/div>\n<\/div>\n<\/div>\n<\/div>\n<\/div>\n<\/div>\n<\/div>\n","protected":false},"excerpt":{"rendered":"<p>Butaca Darwin: Eleg\u00e0ncia i Confort en Perfecte Equilibri La Butaca Darwin \u00e9s l&#8217;elecci\u00f3 ideal per als qui busquen un disseny contemporani que combini simplicitat i eleg\u00e0ncia. Amb una est\u00e8tica moderna i minimalista, aquesta butaca es destaca pel seu disseny net, amb l\u00ednies suaus i arrodonides que aporten una sensaci\u00f3 de comoditat i tranquil\u00b7litat a qualsevol&hellip;<\/p>\n","protected":false},"featured_media":39255,"template":"","meta":{"_acf_changed":false},"product_brand":[],"product_cat":[528,525],"product_tag":[932,605,1434,664],"class_list":{"0":"post-39261","1":"product","2":"type-product","3":"status-publish","4":"has-post-thumbnail","6":"product_cat-butaques","7":"product_cat-interior","8":"product_tag-anaric-ca","9":"product_tag-butaca-ca","10":"product_tag-darwin-ca","11":"product_tag-interior-ca","12":"description-off","14":"first","15":"instock","16":"shipping-taxable","17":"product-type-simple"},"acf":[],"yoast_head":"<!-- This site is optimized with the Yoast SEO plugin v27.0 - https:\/\/yoast.com\/product\/yoast-seo-wordpress\/ -->\n<title>Butaca Darwin, Anaric- Navarro Aubanell<\/title>\n<meta name=\"description\" content=\"Butaca Darwin: disseny contemporani amb simplicitat i eleg\u00e0ncia. Diferents mesures, amb coix\u00ed decoratiu incl\u00f2s. Ideal per a qualsevol entorn interior.\" \/>\n<meta name=\"robots\" content=\"index, follow, max-snippet:-1, max-image-preview:large, max-video-preview:-1\" \/>\n<link rel=\"canonical\" href=\"https:\/\/www.navarroaubanell.com\/ca\/producte\/butaca-darwin-anaric-navarroaubanell\/\" \/>\n<meta property=\"og:locale\" content=\"ca_ES\" \/>\n<meta property=\"og:type\" content=\"article\" \/>\n<meta property=\"og:title\" content=\"Butaca Darwin, Anaric- Navarro Aubanell\" \/>\n<meta property=\"og:description\" content=\"Butaca Darwin: disseny contemporani amb simplicitat i eleg\u00e0ncia. Diferents mesures, amb coix\u00ed decoratiu incl\u00f2s. Ideal per a qualsevol entorn interior.\" \/>\n<meta property=\"og:url\" content=\"https:\/\/www.navarroaubanell.com\/ca\/producte\/butaca-darwin-anaric-navarroaubanell\/\" \/>\n<meta property=\"og:site_name\" content=\"Navarro Aubanell\" \/>\n<meta property=\"article:modified_time\" content=\"2024-10-03T14:15:15+00:00\" \/>\n<meta property=\"og:image\" content=\"https:\/\/www.navarroaubanell.com\/wp-content\/uploads\/2024\/10\/justwood-DARWIN-02-05-Photoroom.png\" \/>\n\t<meta property=\"og:image:width\" content=\"800\" \/>\n\t<meta property=\"og:image:height\" content=\"650\" \/>\n\t<meta property=\"og:image:type\" content=\"image\/png\" \/>\n<meta name=\"twitter:label1\" content=\"Est. reading time\" \/>\n\t<meta name=\"twitter:data1\" content=\"2 minutes\" \/>\n<script type=\"application\/ld+json\" class=\"yoast-schema-graph\">{\"@context\":\"https:\/\/schema.org\",\"@graph\":[{\"@type\":\"WebPage\",\"@id\":\"https:\/\/www.navarroaubanell.com\/ca\/producte\/butaca-darwin-anaric-navarroaubanell\/\",\"url\":\"https:\/\/www.navarroaubanell.com\/ca\/producte\/butaca-darwin-anaric-navarroaubanell\/\",\"name\":\"Butaca Darwin, Anaric- Navarro Aubanell\",\"isPartOf\":{\"@id\":\"https:\/\/www.navarroaubanell.com\/ca\/#website\"},\"primaryImageOfPage\":{\"@id\":\"https:\/\/www.navarroaubanell.com\/ca\/producte\/butaca-darwin-anaric-navarroaubanell\/#primaryimage\"},\"image\":{\"@id\":\"https:\/\/www.navarroaubanell.com\/ca\/producte\/butaca-darwin-anaric-navarroaubanell\/#primaryimage\"},\"thumbnailUrl\":\"https:\/\/www.navarroaubanell.com\/wp-content\/uploads\/2024\/10\/justwood-DARWIN-02-05-Photoroom.png\",\"datePublished\":\"2024-10-03T14:10:03+00:00\",\"dateModified\":\"2024-10-03T14:15:15+00:00\",\"description\":\"Butaca Darwin: disseny contemporani amb simplicitat i eleg\u00e0ncia. Diferents mesures, amb coix\u00ed decoratiu incl\u00f2s. Ideal per a qualsevol entorn interior.\",\"breadcrumb\":{\"@id\":\"https:\/\/www.navarroaubanell.com\/ca\/producte\/butaca-darwin-anaric-navarroaubanell\/#breadcrumb\"},\"inLanguage\":\"ca\",\"potentialAction\":[{\"@type\":\"ReadAction\",\"target\":[\"https:\/\/www.navarroaubanell.com\/ca\/producte\/butaca-darwin-anaric-navarroaubanell\/\"]}]},{\"@type\":\"ImageObject\",\"inLanguage\":\"ca\",\"@id\":\"https:\/\/www.navarroaubanell.com\/ca\/producte\/butaca-darwin-anaric-navarroaubanell\/#primaryimage\",\"url\":\"https:\/\/www.navarroaubanell.com\/wp-content\/uploads\/2024\/10\/justwood-DARWIN-02-05-Photoroom.png\",\"contentUrl\":\"https:\/\/www.navarroaubanell.com\/wp-content\/uploads\/2024\/10\/justwood-DARWIN-02-05-Photoroom.png\",\"width\":800,\"height\":650,\"caption\":\"Butaca Darwin\"},{\"@type\":\"BreadcrumbList\",\"@id\":\"https:\/\/www.navarroaubanell.com\/ca\/producte\/butaca-darwin-anaric-navarroaubanell\/#breadcrumb\",\"itemListElement\":[{\"@type\":\"ListItem\",\"position\":1,\"name\":\"Portada\",\"item\":\"https:\/\/www.navarroaubanell.com\/ca\/\"},{\"@type\":\"ListItem\",\"position\":2,\"name\":\"Productes\",\"item\":\"https:\/\/www.navarroaubanell.com\/productos\/\"},{\"@type\":\"ListItem\",\"position\":3,\"name\":\"Butaca Darwin\"}]},{\"@type\":\"WebSite\",\"@id\":\"https:\/\/www.navarroaubanell.com\/ca\/#website\",\"url\":\"https:\/\/www.navarroaubanell.com\/ca\/\",\"name\":\"Navarro Aubanell\",\"description\":\"Mobiliario para hoteler\u00eda, colectividades y oficinas\",\"publisher\":{\"@id\":\"https:\/\/www.navarroaubanell.com\/ca\/#organization\"},\"potentialAction\":[{\"@type\":\"SearchAction\",\"target\":{\"@type\":\"EntryPoint\",\"urlTemplate\":\"https:\/\/www.navarroaubanell.com\/ca\/?s={search_term_string}\"},\"query-input\":{\"@type\":\"PropertyValueSpecification\",\"valueRequired\":true,\"valueName\":\"search_term_string\"}}],\"inLanguage\":\"ca\"},{\"@type\":\"Organization\",\"@id\":\"https:\/\/www.navarroaubanell.com\/ca\/#organization\",\"name\":\"COMERCIAL NAVARRO AUBANELL, S.A\",\"url\":\"https:\/\/www.navarroaubanell.com\/ca\/\",\"logo\":{\"@type\":\"ImageObject\",\"inLanguage\":\"ca\",\"@id\":\"https:\/\/www.navarroaubanell.com\/ca\/#\/schema\/logo\/image\/\",\"url\":\"https:\/\/www.navarroaubanell.com\/wp-content\/uploads\/2017\/07\/logo-navarro-aubuanell.png\",\"contentUrl\":\"https:\/\/www.navarroaubanell.com\/wp-content\/uploads\/2017\/07\/logo-navarro-aubuanell.png\",\"width\":6304,\"height\":1154,\"caption\":\"COMERCIAL NAVARRO AUBANELL, S.A\"},\"image\":{\"@id\":\"https:\/\/www.navarroaubanell.com\/ca\/#\/schema\/logo\/image\/\"}}]}<\/script>\n<!-- \/ Yoast SEO plugin. -->","yoast_head_json":{"title":"Butaca Darwin, Anaric- Navarro Aubanell","description":"Butaca Darwin: disseny contemporani amb simplicitat i eleg\u00e0ncia. Diferents mesures, amb coix\u00ed decoratiu incl\u00f2s. Ideal per a qualsevol entorn interior.","robots":{"index":"index","follow":"follow","max-snippet":"max-snippet:-1","max-image-preview":"max-image-preview:large","max-video-preview":"max-video-preview:-1"},"canonical":"https:\/\/www.navarroaubanell.com\/ca\/producte\/butaca-darwin-anaric-navarroaubanell\/","og_locale":"ca_ES","og_type":"article","og_title":"Butaca Darwin, Anaric- Navarro Aubanell","og_description":"Butaca Darwin: disseny contemporani amb simplicitat i eleg\u00e0ncia. Diferents mesures, amb coix\u00ed decoratiu incl\u00f2s. Ideal per a qualsevol entorn interior.","og_url":"https:\/\/www.navarroaubanell.com\/ca\/producte\/butaca-darwin-anaric-navarroaubanell\/","og_site_name":"Navarro Aubanell","article_modified_time":"2024-10-03T14:15:15+00:00","og_image":[{"width":800,"height":650,"url":"https:\/\/www.navarroaubanell.com\/wp-content\/uploads\/2024\/10\/justwood-DARWIN-02-05-Photoroom.png","type":"image\/png"}],"twitter_misc":{"Est. reading time":"2 minutes"},"schema":{"@context":"https:\/\/schema.org","@graph":[{"@type":"WebPage","@id":"https:\/\/www.navarroaubanell.com\/ca\/producte\/butaca-darwin-anaric-navarroaubanell\/","url":"https:\/\/www.navarroaubanell.com\/ca\/producte\/butaca-darwin-anaric-navarroaubanell\/","name":"Butaca Darwin, Anaric- Navarro Aubanell","isPartOf":{"@id":"https:\/\/www.navarroaubanell.com\/ca\/#website"},"primaryImageOfPage":{"@id":"https:\/\/www.navarroaubanell.com\/ca\/producte\/butaca-darwin-anaric-navarroaubanell\/#primaryimage"},"image":{"@id":"https:\/\/www.navarroaubanell.com\/ca\/producte\/butaca-darwin-anaric-navarroaubanell\/#primaryimage"},"thumbnailUrl":"https:\/\/www.navarroaubanell.com\/wp-content\/uploads\/2024\/10\/justwood-DARWIN-02-05-Photoroom.png","datePublished":"2024-10-03T14:10:03+00:00","dateModified":"2024-10-03T14:15:15+00:00","description":"Butaca Darwin: disseny contemporani amb simplicitat i eleg\u00e0ncia. Diferents mesures, amb coix\u00ed decoratiu incl\u00f2s. Ideal per a qualsevol entorn interior.","breadcrumb":{"@id":"https:\/\/www.navarroaubanell.com\/ca\/producte\/butaca-darwin-anaric-navarroaubanell\/#breadcrumb"},"inLanguage":"ca","potentialAction":[{"@type":"ReadAction","target":["https:\/\/www.navarroaubanell.com\/ca\/producte\/butaca-darwin-anaric-navarroaubanell\/"]}]},{"@type":"ImageObject","inLanguage":"ca","@id":"https:\/\/www.navarroaubanell.com\/ca\/producte\/butaca-darwin-anaric-navarroaubanell\/#primaryimage","url":"https:\/\/www.navarroaubanell.com\/wp-content\/uploads\/2024\/10\/justwood-DARWIN-02-05-Photoroom.png","contentUrl":"https:\/\/www.navarroaubanell.com\/wp-content\/uploads\/2024\/10\/justwood-DARWIN-02-05-Photoroom.png","width":800,"height":650,"caption":"Butaca Darwin"},{"@type":"BreadcrumbList","@id":"https:\/\/www.navarroaubanell.com\/ca\/producte\/butaca-darwin-anaric-navarroaubanell\/#breadcrumb","itemListElement":[{"@type":"ListItem","position":1,"name":"Portada","item":"https:\/\/www.navarroaubanell.com\/ca\/"},{"@type":"ListItem","position":2,"name":"Productes","item":"https:\/\/www.navarroaubanell.com\/productos\/"},{"@type":"ListItem","position":3,"name":"Butaca Darwin"}]},{"@type":"WebSite","@id":"https:\/\/www.navarroaubanell.com\/ca\/#website","url":"https:\/\/www.navarroaubanell.com\/ca\/","name":"Navarro Aubanell","description":"Mobiliario para hoteler\u00eda, colectividades y oficinas","publisher":{"@id":"https:\/\/www.navarroaubanell.com\/ca\/#organization"},"potentialAction":[{"@type":"SearchAction","target":{"@type":"EntryPoint","urlTemplate":"https:\/\/www.navarroaubanell.com\/ca\/?s={search_term_string}"},"query-input":{"@type":"PropertyValueSpecification","valueRequired":true,"valueName":"search_term_string"}}],"inLanguage":"ca"},{"@type":"Organization","@id":"https:\/\/www.navarroaubanell.com\/ca\/#organization","name":"COMERCIAL NAVARRO AUBANELL, S.A","url":"https:\/\/www.navarroaubanell.com\/ca\/","logo":{"@type":"ImageObject","inLanguage":"ca","@id":"https:\/\/www.navarroaubanell.com\/ca\/#\/schema\/logo\/image\/","url":"https:\/\/www.navarroaubanell.com\/wp-content\/uploads\/2017\/07\/logo-navarro-aubuanell.png","contentUrl":"https:\/\/www.navarroaubanell.com\/wp-content\/uploads\/2017\/07\/logo-navarro-aubuanell.png","width":6304,"height":1154,"caption":"COMERCIAL NAVARRO AUBANELL, S.A"},"image":{"@id":"https:\/\/www.navarroaubanell.com\/ca\/#\/schema\/logo\/image\/"}}]}},"_links":{"self":[{"href":"https:\/\/www.navarroaubanell.com\/ca\/wp-json\/wp\/v2\/product\/39261","targetHints":{"allow":["GET"]}}],"collection":[{"href":"https:\/\/www.navarroaubanell.com\/ca\/wp-json\/wp\/v2\/product"}],"about":[{"href":"https:\/\/www.navarroaubanell.com\/ca\/wp-json\/wp\/v2\/types\/product"}],"wp:featuredmedia":[{"embeddable":true,"href":"https:\/\/www.navarroaubanell.com\/ca\/wp-json\/wp\/v2\/media\/39255"}],"wp:attachment":[{"href":"https:\/\/www.navarroaubanell.com\/ca\/wp-json\/wp\/v2\/media?parent=39261"}],"wp:term":[{"taxonomy":"product_brand","embeddable":true,"href":"https:\/\/www.navarroaubanell.com\/ca\/wp-json\/wp\/v2\/product_brand?post=39261"},{"taxonomy":"product_cat","embeddable":true,"href":"https:\/\/www.navarroaubanell.com\/ca\/wp-json\/wp\/v2\/product_cat?post=39261"},{"taxonomy":"product_tag","embeddable":true,"href":"https:\/\/www.navarroaubanell.com\/ca\/wp-json\/wp\/v2\/product_tag?post=39261"}],"curies":[{"name":"wp","href":"https:\/\/api.w.org\/{rel}","templated":true}]}}