{"id":39250,"date":"2024-10-03T15:49:03","date_gmt":"2024-10-03T13:49:03","guid":{"rendered":"https:\/\/www.navarroaubanell.com\/producto\/sofa-darwin-anaric-navarroaubanell\/"},"modified":"2024-10-03T16:17:53","modified_gmt":"2024-10-03T14:17:53","slug":"sofa-darwin-anaric-navarroaubanell","status":"publish","type":"product","link":"https:\/\/www.navarroaubanell.com\/ca\/producte\/sofa-darwin-anaric-navarroaubanell\/","title":{"rendered":"Sof\u00e0 Darwin"},"content":{"rendered":"<h5>Sof\u00e0 Darwin: Eleg\u00e0ncia en Perfecte Equilibri<\/h5>\n<div class=\"traductor-textarea form-group\">\n<div class=\"textarea-desti col-xs-12 col-sm-6\">\n<div class=\"form-control second-textarea\">El Sof\u00e0 Darwin \u00e9s l&#8217;opci\u00f3 ideal per als qui busquen un disseny contemporani que combini simplicitat i eleg\u00e0ncia. Amb una est\u00e8tica moderna i minimalista, aquest sof\u00e0 destaca pel seu disseny net, amb l\u00ednies suaus i arrodonides que aporten una sensaci\u00f3 de comoditat i tranquil\u00b7litat a qualsevol ambient.<\/div>\n<\/div>\n<\/div>\n<h6>Estructura<\/h6>\n<div class=\"traductor-textarea form-group\">\n<div class=\"textarea-desti col-xs-12 col-sm-6\">\n<div class=\"form-control second-textarea\">La seva estructura, fabricada amb fusta de freixe d&#8217;alta resist\u00e8ncia, garanteix durabilitat i qualitat superior. Per als qui prefereixen un estil m\u00e9s industrial o contemporani, tamb\u00e9 ofereix la base en ferro amb acabat epoxi o acer inoxidable, disponible en diversos tons i acabats.<\/div>\n<\/div>\n<\/div>\n<h6>Personalitzaci\u00f3 i Versatilitat<\/h6>\n<div class=\"traductor-textarea form-group\">\n<div class=\"textarea-desti col-xs-12 col-sm-6\">\n<div class=\"form-control second-textarea\">El Sof\u00e0 Darwin est\u00e0 dissenyat per a adaptar-se a qualsevol tipus de decoraci\u00f3 gr\u00e0cies a la seva varietat d&#8217;opcions de personalitzaci\u00f3. Est\u00e0 disponible en diferents colors de tela, pell o pell sint\u00e8tica, la qual cosa permet ajustar-la a l\u2019estil de qualsevol espai. Aquest sof\u00e0 ofereix diferents composicions i grand\u00e0ries, incloent-hi opcions de dues places, tres places o la possibilitat d&#8217;agregar una chaiselongue per a major comoditat.<\/div>\n<\/div>\n<\/div>\n<h6>Comoditat Completa<\/h6>\n<div class=\"traductor-textarea form-group\">\n<div class=\"textarea-desti col-xs-12 col-sm-6\">\n<div class=\"form-control second-textarea\">El Sof\u00e0 Darwin ve amb coixins inclosos, assegurant el m\u00e0xim confort per a cada versi\u00f3 del sof\u00e0. A m\u00e9s, per a completar el teu espai, la col\u00b7lecci\u00f3 Darwin tamb\u00e9 t\u00e9 una <a href=\"https:\/\/www.navarroaubanell.com\/ca\/producte\/butaca-darwin-anaric-navarroaubanell\/\">butaca<\/a>, un puf i una taula auxiliar a joc, permetent crear un conjunt harmoni\u00f3s i sofisticat.<\/div>\n<\/div>\n<\/div>\n","protected":false},"excerpt":{"rendered":"<p>Sof\u00e0 Darwin: Eleg\u00e0ncia en Perfecte Equilibri El Sof\u00e0 Darwin \u00e9s l&#8217;opci\u00f3 ideal per als qui busquen un disseny contemporani que combini simplicitat i eleg\u00e0ncia. Amb una est\u00e8tica moderna i minimalista, aquest sof\u00e0 destaca pel seu disseny net, amb l\u00ednies suaus i arrodonides que aporten una sensaci\u00f3 de comoditat i tranquil\u00b7litat a qualsevol ambient. Estructura La&hellip;<\/p>\n","protected":false},"featured_media":39236,"template":"","meta":{"_acf_changed":false},"product_brand":[],"product_cat":[525,536],"product_tag":[932,1434,664,754],"class_list":{"0":"post-39250","1":"product","2":"type-product","3":"status-publish","4":"has-post-thumbnail","6":"product_cat-interior","7":"product_cat-sofas-ca","8":"product_tag-anaric-ca","9":"product_tag-darwin-ca","10":"product_tag-interior-ca","11":"product_tag-sofa-ca","12":"description-off","14":"first","15":"instock","16":"shipping-taxable","17":"product-type-simple"},"acf":[],"yoast_head":"<!-- This site is optimized with the Yoast SEO plugin v27.0 - https:\/\/yoast.com\/product\/yoast-seo-wordpress\/ -->\n<title>Sof\u00e0 Darwin, Anaric- Navarro Aubanell<\/title>\n<meta name=\"description\" content=\"Sof\u00e0 Darwin: disseny modern i minimalista, disponible en diversos colors i tamanys. Eleg\u00e0ncia i confort per a qualevol espai interior.\" \/>\n<meta name=\"robots\" content=\"index, follow, max-snippet:-1, max-image-preview:large, max-video-preview:-1\" \/>\n<link rel=\"canonical\" href=\"https:\/\/www.navarroaubanell.com\/ca\/producte\/sofa-darwin-anaric-navarroaubanell\/\" \/>\n<meta property=\"og:locale\" content=\"ca_ES\" \/>\n<meta property=\"og:type\" content=\"article\" \/>\n<meta property=\"og:title\" content=\"Sof\u00e0 Darwin, Anaric- Navarro Aubanell\" \/>\n<meta property=\"og:description\" content=\"Sof\u00e0 Darwin: disseny modern i minimalista, disponible en diversos colors i tamanys. Eleg\u00e0ncia i confort per a qualevol espai interior.\" \/>\n<meta property=\"og:url\" content=\"https:\/\/www.navarroaubanell.com\/ca\/producte\/sofa-darwin-anaric-navarroaubanell\/\" \/>\n<meta property=\"og:site_name\" content=\"Navarro Aubanell\" \/>\n<meta property=\"article:modified_time\" content=\"2024-10-03T14:17:53+00:00\" \/>\n<meta property=\"og:image\" content=\"https:\/\/www.navarroaubanell.com\/wp-content\/uploads\/2024\/10\/Sofa-Darwin.jpg\" \/>\n\t<meta property=\"og:image:width\" content=\"800\" \/>\n\t<meta property=\"og:image:height\" content=\"650\" \/>\n\t<meta property=\"og:image:type\" content=\"image\/jpeg\" \/>\n<meta name=\"twitter:label1\" content=\"Est. reading time\" \/>\n\t<meta name=\"twitter:data1\" content=\"2 minutes\" \/>\n<script type=\"application\/ld+json\" class=\"yoast-schema-graph\">{\"@context\":\"https:\/\/schema.org\",\"@graph\":[{\"@type\":\"WebPage\",\"@id\":\"https:\/\/www.navarroaubanell.com\/ca\/producte\/sofa-darwin-anaric-navarroaubanell\/\",\"url\":\"https:\/\/www.navarroaubanell.com\/ca\/producte\/sofa-darwin-anaric-navarroaubanell\/\",\"name\":\"Sof\u00e0 Darwin, Anaric- Navarro Aubanell\",\"isPartOf\":{\"@id\":\"https:\/\/www.navarroaubanell.com\/ca\/#website\"},\"primaryImageOfPage\":{\"@id\":\"https:\/\/www.navarroaubanell.com\/ca\/producte\/sofa-darwin-anaric-navarroaubanell\/#primaryimage\"},\"image\":{\"@id\":\"https:\/\/www.navarroaubanell.com\/ca\/producte\/sofa-darwin-anaric-navarroaubanell\/#primaryimage\"},\"thumbnailUrl\":\"https:\/\/www.navarroaubanell.com\/wp-content\/uploads\/2024\/10\/Sofa-Darwin.jpg\",\"datePublished\":\"2024-10-03T13:49:03+00:00\",\"dateModified\":\"2024-10-03T14:17:53+00:00\",\"description\":\"Sof\u00e0 Darwin: disseny modern i minimalista, disponible en diversos colors i tamanys. Eleg\u00e0ncia i confort per a qualevol espai interior.\",\"breadcrumb\":{\"@id\":\"https:\/\/www.navarroaubanell.com\/ca\/producte\/sofa-darwin-anaric-navarroaubanell\/#breadcrumb\"},\"inLanguage\":\"ca\",\"potentialAction\":[{\"@type\":\"ReadAction\",\"target\":[\"https:\/\/www.navarroaubanell.com\/ca\/producte\/sofa-darwin-anaric-navarroaubanell\/\"]}]},{\"@type\":\"ImageObject\",\"inLanguage\":\"ca\",\"@id\":\"https:\/\/www.navarroaubanell.com\/ca\/producte\/sofa-darwin-anaric-navarroaubanell\/#primaryimage\",\"url\":\"https:\/\/www.navarroaubanell.com\/wp-content\/uploads\/2024\/10\/Sofa-Darwin.jpg\",\"contentUrl\":\"https:\/\/www.navarroaubanell.com\/wp-content\/uploads\/2024\/10\/Sofa-Darwin.jpg\",\"width\":800,\"height\":650,\"caption\":\"Sof\u00e0 Darwin\"},{\"@type\":\"BreadcrumbList\",\"@id\":\"https:\/\/www.navarroaubanell.com\/ca\/producte\/sofa-darwin-anaric-navarroaubanell\/#breadcrumb\",\"itemListElement\":[{\"@type\":\"ListItem\",\"position\":1,\"name\":\"Portada\",\"item\":\"https:\/\/www.navarroaubanell.com\/ca\/\"},{\"@type\":\"ListItem\",\"position\":2,\"name\":\"Productes\",\"item\":\"https:\/\/www.navarroaubanell.com\/productos\/\"},{\"@type\":\"ListItem\",\"position\":3,\"name\":\"Sof\u00e0 Darwin\"}]},{\"@type\":\"WebSite\",\"@id\":\"https:\/\/www.navarroaubanell.com\/ca\/#website\",\"url\":\"https:\/\/www.navarroaubanell.com\/ca\/\",\"name\":\"Navarro Aubanell\",\"description\":\"Mobiliario para hoteler\u00eda, colectividades y oficinas\",\"publisher\":{\"@id\":\"https:\/\/www.navarroaubanell.com\/ca\/#organization\"},\"potentialAction\":[{\"@type\":\"SearchAction\",\"target\":{\"@type\":\"EntryPoint\",\"urlTemplate\":\"https:\/\/www.navarroaubanell.com\/ca\/?s={search_term_string}\"},\"query-input\":{\"@type\":\"PropertyValueSpecification\",\"valueRequired\":true,\"valueName\":\"search_term_string\"}}],\"inLanguage\":\"ca\"},{\"@type\":\"Organization\",\"@id\":\"https:\/\/www.navarroaubanell.com\/ca\/#organization\",\"name\":\"COMERCIAL NAVARRO AUBANELL, S.A\",\"url\":\"https:\/\/www.navarroaubanell.com\/ca\/\",\"logo\":{\"@type\":\"ImageObject\",\"inLanguage\":\"ca\",\"@id\":\"https:\/\/www.navarroaubanell.com\/ca\/#\/schema\/logo\/image\/\",\"url\":\"https:\/\/www.navarroaubanell.com\/wp-content\/uploads\/2017\/07\/logo-navarro-aubuanell.png\",\"contentUrl\":\"https:\/\/www.navarroaubanell.com\/wp-content\/uploads\/2017\/07\/logo-navarro-aubuanell.png\",\"width\":6304,\"height\":1154,\"caption\":\"COMERCIAL NAVARRO AUBANELL, S.A\"},\"image\":{\"@id\":\"https:\/\/www.navarroaubanell.com\/ca\/#\/schema\/logo\/image\/\"}}]}<\/script>\n<!-- \/ Yoast SEO plugin. -->","yoast_head_json":{"title":"Sof\u00e0 Darwin, Anaric- Navarro Aubanell","description":"Sof\u00e0 Darwin: disseny modern i minimalista, disponible en diversos colors i tamanys. Eleg\u00e0ncia i confort per a qualevol espai interior.","robots":{"index":"index","follow":"follow","max-snippet":"max-snippet:-1","max-image-preview":"max-image-preview:large","max-video-preview":"max-video-preview:-1"},"canonical":"https:\/\/www.navarroaubanell.com\/ca\/producte\/sofa-darwin-anaric-navarroaubanell\/","og_locale":"ca_ES","og_type":"article","og_title":"Sof\u00e0 Darwin, Anaric- Navarro Aubanell","og_description":"Sof\u00e0 Darwin: disseny modern i minimalista, disponible en diversos colors i tamanys. Eleg\u00e0ncia i confort per a qualevol espai interior.","og_url":"https:\/\/www.navarroaubanell.com\/ca\/producte\/sofa-darwin-anaric-navarroaubanell\/","og_site_name":"Navarro Aubanell","article_modified_time":"2024-10-03T14:17:53+00:00","og_image":[{"width":800,"height":650,"url":"https:\/\/www.navarroaubanell.com\/wp-content\/uploads\/2024\/10\/Sofa-Darwin.jpg","type":"image\/jpeg"}],"twitter_misc":{"Est. reading time":"2 minutes"},"schema":{"@context":"https:\/\/schema.org","@graph":[{"@type":"WebPage","@id":"https:\/\/www.navarroaubanell.com\/ca\/producte\/sofa-darwin-anaric-navarroaubanell\/","url":"https:\/\/www.navarroaubanell.com\/ca\/producte\/sofa-darwin-anaric-navarroaubanell\/","name":"Sof\u00e0 Darwin, Anaric- Navarro Aubanell","isPartOf":{"@id":"https:\/\/www.navarroaubanell.com\/ca\/#website"},"primaryImageOfPage":{"@id":"https:\/\/www.navarroaubanell.com\/ca\/producte\/sofa-darwin-anaric-navarroaubanell\/#primaryimage"},"image":{"@id":"https:\/\/www.navarroaubanell.com\/ca\/producte\/sofa-darwin-anaric-navarroaubanell\/#primaryimage"},"thumbnailUrl":"https:\/\/www.navarroaubanell.com\/wp-content\/uploads\/2024\/10\/Sofa-Darwin.jpg","datePublished":"2024-10-03T13:49:03+00:00","dateModified":"2024-10-03T14:17:53+00:00","description":"Sof\u00e0 Darwin: disseny modern i minimalista, disponible en diversos colors i tamanys. Eleg\u00e0ncia i confort per a qualevol espai interior.","breadcrumb":{"@id":"https:\/\/www.navarroaubanell.com\/ca\/producte\/sofa-darwin-anaric-navarroaubanell\/#breadcrumb"},"inLanguage":"ca","potentialAction":[{"@type":"ReadAction","target":["https:\/\/www.navarroaubanell.com\/ca\/producte\/sofa-darwin-anaric-navarroaubanell\/"]}]},{"@type":"ImageObject","inLanguage":"ca","@id":"https:\/\/www.navarroaubanell.com\/ca\/producte\/sofa-darwin-anaric-navarroaubanell\/#primaryimage","url":"https:\/\/www.navarroaubanell.com\/wp-content\/uploads\/2024\/10\/Sofa-Darwin.jpg","contentUrl":"https:\/\/www.navarroaubanell.com\/wp-content\/uploads\/2024\/10\/Sofa-Darwin.jpg","width":800,"height":650,"caption":"Sof\u00e0 Darwin"},{"@type":"BreadcrumbList","@id":"https:\/\/www.navarroaubanell.com\/ca\/producte\/sofa-darwin-anaric-navarroaubanell\/#breadcrumb","itemListElement":[{"@type":"ListItem","position":1,"name":"Portada","item":"https:\/\/www.navarroaubanell.com\/ca\/"},{"@type":"ListItem","position":2,"name":"Productes","item":"https:\/\/www.navarroaubanell.com\/productos\/"},{"@type":"ListItem","position":3,"name":"Sof\u00e0 Darwin"}]},{"@type":"WebSite","@id":"https:\/\/www.navarroaubanell.com\/ca\/#website","url":"https:\/\/www.navarroaubanell.com\/ca\/","name":"Navarro Aubanell","description":"Mobiliario para hoteler\u00eda, colectividades y oficinas","publisher":{"@id":"https:\/\/www.navarroaubanell.com\/ca\/#organization"},"potentialAction":[{"@type":"SearchAction","target":{"@type":"EntryPoint","urlTemplate":"https:\/\/www.navarroaubanell.com\/ca\/?s={search_term_string}"},"query-input":{"@type":"PropertyValueSpecification","valueRequired":true,"valueName":"search_term_string"}}],"inLanguage":"ca"},{"@type":"Organization","@id":"https:\/\/www.navarroaubanell.com\/ca\/#organization","name":"COMERCIAL NAVARRO AUBANELL, S.A","url":"https:\/\/www.navarroaubanell.com\/ca\/","logo":{"@type":"ImageObject","inLanguage":"ca","@id":"https:\/\/www.navarroaubanell.com\/ca\/#\/schema\/logo\/image\/","url":"https:\/\/www.navarroaubanell.com\/wp-content\/uploads\/2017\/07\/logo-navarro-aubuanell.png","contentUrl":"https:\/\/www.navarroaubanell.com\/wp-content\/uploads\/2017\/07\/logo-navarro-aubuanell.png","width":6304,"height":1154,"caption":"COMERCIAL NAVARRO AUBANELL, S.A"},"image":{"@id":"https:\/\/www.navarroaubanell.com\/ca\/#\/schema\/logo\/image\/"}}]}},"_links":{"self":[{"href":"https:\/\/www.navarroaubanell.com\/ca\/wp-json\/wp\/v2\/product\/39250","targetHints":{"allow":["GET"]}}],"collection":[{"href":"https:\/\/www.navarroaubanell.com\/ca\/wp-json\/wp\/v2\/product"}],"about":[{"href":"https:\/\/www.navarroaubanell.com\/ca\/wp-json\/wp\/v2\/types\/product"}],"wp:featuredmedia":[{"embeddable":true,"href":"https:\/\/www.navarroaubanell.com\/ca\/wp-json\/wp\/v2\/media\/39236"}],"wp:attachment":[{"href":"https:\/\/www.navarroaubanell.com\/ca\/wp-json\/wp\/v2\/media?parent=39250"}],"wp:term":[{"taxonomy":"product_brand","embeddable":true,"href":"https:\/\/www.navarroaubanell.com\/ca\/wp-json\/wp\/v2\/product_brand?post=39250"},{"taxonomy":"product_cat","embeddable":true,"href":"https:\/\/www.navarroaubanell.com\/ca\/wp-json\/wp\/v2\/product_cat?post=39250"},{"taxonomy":"product_tag","embeddable":true,"href":"https:\/\/www.navarroaubanell.com\/ca\/wp-json\/wp\/v2\/product_tag?post=39250"}],"curies":[{"name":"wp","href":"https:\/\/api.w.org\/{rel}","templated":true}]}}