{"id":39123,"date":"2024-09-30T11:52:30","date_gmt":"2024-09-30T09:52:30","guid":{"rendered":"https:\/\/www.navarroaubanell.com\/producto\/mesa-loso-navarroaubanell\/"},"modified":"2024-09-30T12:14:21","modified_gmt":"2024-09-30T10:14:21","slug":"taula-loso-navarroaubanell","status":"publish","type":"product","link":"https:\/\/www.navarroaubanell.com\/ca\/producte\/taula-loso-navarroaubanell\/","title":{"rendered":"Taula Loso"},"content":{"rendered":"<div class=\"flex-shrink-0 flex flex-col relative items-end\">\n<div>\n<div class=\"pt-0\">\n<div class=\"gizmo-bot-avatar flex h-8 w-8 items-center justify-center overflow-hidden rounded-full\">\n<h5 class=\"relative p-1 rounded-sm flex items-center justify-center bg-token-main-surface-primary text-token-text-primary h-8 w-8\">Taula Loso: Simplicitat i Versatilitat<\/h5>\n<\/div>\n<\/div>\n<\/div>\n<\/div>\n<div class=\"group\/conversation-turn relative flex w-full min-w-0 flex-col agent-turn\">\n<div class=\"flex-col gap-1 md:gap-3\">\n<div class=\"flex max-w-full flex-col flex-grow\">\n<div class=\"min-h-8 text-message flex w-full flex-col items-end gap-2 whitespace-normal break-words [.text-message+&amp;]:mt-5\" dir=\"auto\" data-message-author-role=\"assistant\" data-message-id=\"ec3d44bf-3cda-48ef-b38d-385746645500\">\n<div class=\"flex w-full flex-col gap-1 empty:hidden first:pt-[3px]\">\n<div class=\"markdown prose w-full break-words dark:prose-invert light\">\n<div class=\"traductor-textarea form-group\">\n<div class=\"textarea-desti col-xs-12 col-sm-6\">\n<div class=\"form-control second-textarea\">En la seva simplicitat resideix el seu veritable poder. La taula Loso \u00e9s moderna, forta, resistent i adaptable, perfecta per a qualsevol espai. El seu disseny est\u00e8tic i durador la converteix en l&#8217;elecci\u00f3 ideal tant per a interiors com exteriors.<\/div>\n<\/div>\n<\/div>\n<div class=\"traductor-textarea form-group\">\n<div class=\"textarea-desti col-xs-12 col-sm-6\">\n<div><\/div>\n<div class=\"form-control second-textarea\">L&#8217;estructura est\u00e0 disponible en tres elegants colors: negre, gris o grafit, la qual cosa facilita la seva integraci\u00f3 en qualsevol estil decoratiu.<\/div>\n<\/div>\n<\/div>\n<h6>Models Disponibles:<\/h6>\n<ul>\n<li><strong>Taula Alta (4 peus):<\/strong>\n<ul>\n<li><strong>Material:<\/strong> Peu d&#8217;alumini, apta per a exteriors<\/li>\n<li><strong>Taulers:<\/strong> Rodons de \u00d860 i \u00d870 cm o quadrats de 60&#215;60 cm.<\/li>\n<li><strong>Acabats:<\/strong> Inox repulsat, Werzalit, Compact o Melamina.<\/li>\n<li><strong>Opcions addicionals: <\/strong>Sistema abatible i contrapesos per a major estabilitat.\n<div class=\"traductor-checkbox form-group\">\n<div class=\"row\">\n<div class=\"col-sm-offset-2 col-sm-5\"><\/div>\n<\/div>\n<\/div>\n<\/li>\n<\/ul>\n<\/li>\n<li><strong>Taula Alta (3 peus):<\/strong>\n<ul>\n<li><strong>Material<\/strong>: Peu en fosa de ferro<\/li>\n<li><strong>Taulers:<\/strong> Rodons de \u00d860 i \u00d870 cm o quadrats de 60&#215;60 cm i 70&#215;70 cm.<\/li>\n<li><strong>Acabats:<\/strong> Werzalit, Compact o Melamina<\/li>\n<\/ul>\n<\/li>\n<li><strong>Taula Est\u00e0ndard (4 peus):<\/strong>\n<ul>\n<li><strong>Taulers:<\/strong> Rodons de \u00d860, \u00d870, \u00d880, \u00d890, \u00d8105 cm o quadrats de 60&#215;60 cm, 70&#215;70 cm, 80&#215;80 cm, 90&#215;90 cm.<\/li>\n<li><strong>Acabats:<\/strong> Werzalit, Compact o Melamina.<\/li>\n<li><strong>Extres:<\/strong> Sistema abatible per optimitzar l&#8217;espai<\/li>\n<\/ul>\n<\/li>\n<li><strong>Taula Est\u00e0ndard (3 peus)<\/strong>\n<ul>\n<li><strong>Material<\/strong>: Peu d&#8217;alumini, apta per a exteriors<\/li>\n<li><strong>Taulers<\/strong>: Rodons de \u00d860, \u00d870<\/li>\n<li><strong>Acabats:<\/strong> Werzalit o Compact.<\/li>\n<\/ul>\n<\/li>\n<li><strong>Mesa Rectangular:<\/strong>\n<ul>\n<li><strong>Exteriors:<\/strong> Peu d&#8217;alumini. Tauler de 100&#215;60 cm, 100&#215;70 cm o 120&#215;80 cm.<\/li>\n<li><strong>Interiors:<\/strong> Peu en fosa de ferro. Taulers de 100&#215;60 cm, 110&#215;70 cm o 120&#215;80 cm.<\/li>\n<li><strong>Opcions addicionals: <\/strong>Sistema abatible i contrapesos per a major estabilitat<\/li>\n<\/ul>\n<\/li>\n<\/ul>\n<\/div>\n<\/div>\n<\/div>\n<\/div>\n<\/div>\n<\/div>\n","protected":false},"excerpt":{"rendered":"<p>Taula Loso: Simplicitat i Versatilitat En la seva simplicitat resideix el seu veritable poder. La taula Loso \u00e9s moderna, forta, resistent i adaptable, perfecta per a qualsevol espai. El seu disseny est\u00e8tic i durador la converteix en l&#8217;elecci\u00f3 ideal tant per a interiors com exteriors. L&#8217;estructura est\u00e0 disponible en tres elegants colors: negre, gris o&hellip;<\/p>\n","protected":false},"featured_media":39095,"template":"","meta":{"_acf_changed":false},"product_brand":[],"product_cat":[563,525,529,567],"product_tag":[795,992,640,1365,664,1420,695],"class_list":{"0":"post-39123","1":"product","2":"type-product","3":"status-publish","4":"has-post-thumbnail","6":"product_cat-exterior-ca","7":"product_cat-interior","8":"product_cat-taules","9":"product_cat-taules-exterior","10":"product_tag-abatible-ca","11":"product_tag-aluminio-ca","12":"product_tag-exterior-ca","13":"product_tag-hierro-ca","14":"product_tag-interior-ca","15":"product_tag-loso-ca","16":"product_tag-taula","17":"description-off","19":"first","20":"instock","21":"shipping-taxable","22":"product-type-simple"},"acf":[],"yoast_head":"<!-- This site is optimized with the Yoast SEO plugin v27.0 - https:\/\/yoast.com\/product\/yoast-seo-wordpress\/ -->\n<title>Taula Loso - Navarro Aubanell<\/title>\n<meta name=\"description\" content=\"Taula Loso: moderna, resistent i vers\u00e0til. Disponible en diverses grand\u00e0ries i acabats, perfecta per a interiors i exteriors. Ideal per a hostaleria.\" \/>\n<meta name=\"robots\" content=\"index, follow, max-snippet:-1, max-image-preview:large, max-video-preview:-1\" \/>\n<link rel=\"canonical\" href=\"https:\/\/www.navarroaubanell.com\/ca\/producte\/taula-loso-navarroaubanell\/\" \/>\n<meta property=\"og:locale\" content=\"ca_ES\" \/>\n<meta property=\"og:type\" content=\"article\" \/>\n<meta property=\"og:title\" content=\"Taula Loso - Navarro Aubanell\" \/>\n<meta property=\"og:description\" content=\"Taula Loso: moderna, resistent i vers\u00e0til. Disponible en diverses grand\u00e0ries i acabats, perfecta per a interiors i exteriors. Ideal per a hostaleria.\" \/>\n<meta property=\"og:url\" content=\"https:\/\/www.navarroaubanell.com\/ca\/producte\/taula-loso-navarroaubanell\/\" \/>\n<meta property=\"og:site_name\" content=\"Navarro Aubanell\" \/>\n<meta property=\"article:modified_time\" content=\"2024-09-30T10:14:21+00:00\" \/>\n<meta property=\"og:image\" content=\"https:\/\/www.navarroaubanell.com\/wp-content\/uploads\/2024\/09\/MELAMINA.jpg\" \/>\n\t<meta property=\"og:image:width\" content=\"800\" \/>\n\t<meta property=\"og:image:height\" content=\"650\" \/>\n\t<meta property=\"og:image:type\" content=\"image\/jpeg\" \/>\n<meta name=\"twitter:label1\" content=\"Est. reading time\" \/>\n\t<meta name=\"twitter:data1\" content=\"2 minutes\" \/>\n<script type=\"application\/ld+json\" class=\"yoast-schema-graph\">{\"@context\":\"https:\/\/schema.org\",\"@graph\":[{\"@type\":\"WebPage\",\"@id\":\"https:\/\/www.navarroaubanell.com\/ca\/producte\/taula-loso-navarroaubanell\/\",\"url\":\"https:\/\/www.navarroaubanell.com\/ca\/producte\/taula-loso-navarroaubanell\/\",\"name\":\"Taula Loso - Navarro Aubanell\",\"isPartOf\":{\"@id\":\"https:\/\/www.navarroaubanell.com\/ca\/#website\"},\"primaryImageOfPage\":{\"@id\":\"https:\/\/www.navarroaubanell.com\/ca\/producte\/taula-loso-navarroaubanell\/#primaryimage\"},\"image\":{\"@id\":\"https:\/\/www.navarroaubanell.com\/ca\/producte\/taula-loso-navarroaubanell\/#primaryimage\"},\"thumbnailUrl\":\"https:\/\/www.navarroaubanell.com\/wp-content\/uploads\/2024\/09\/MELAMINA.jpg\",\"datePublished\":\"2024-09-30T09:52:30+00:00\",\"dateModified\":\"2024-09-30T10:14:21+00:00\",\"description\":\"Taula Loso: moderna, resistent i vers\u00e0til. Disponible en diverses grand\u00e0ries i acabats, perfecta per a interiors i exteriors. Ideal per a hostaleria.\",\"breadcrumb\":{\"@id\":\"https:\/\/www.navarroaubanell.com\/ca\/producte\/taula-loso-navarroaubanell\/#breadcrumb\"},\"inLanguage\":\"ca\",\"potentialAction\":[{\"@type\":\"ReadAction\",\"target\":[\"https:\/\/www.navarroaubanell.com\/ca\/producte\/taula-loso-navarroaubanell\/\"]}]},{\"@type\":\"ImageObject\",\"inLanguage\":\"ca\",\"@id\":\"https:\/\/www.navarroaubanell.com\/ca\/producte\/taula-loso-navarroaubanell\/#primaryimage\",\"url\":\"https:\/\/www.navarroaubanell.com\/wp-content\/uploads\/2024\/09\/MELAMINA.jpg\",\"contentUrl\":\"https:\/\/www.navarroaubanell.com\/wp-content\/uploads\/2024\/09\/MELAMINA.jpg\",\"width\":800,\"height\":650,\"caption\":\"Taula Loso con sobre de melamina\"},{\"@type\":\"BreadcrumbList\",\"@id\":\"https:\/\/www.navarroaubanell.com\/ca\/producte\/taula-loso-navarroaubanell\/#breadcrumb\",\"itemListElement\":[{\"@type\":\"ListItem\",\"position\":1,\"name\":\"Portada\",\"item\":\"https:\/\/www.navarroaubanell.com\/ca\/\"},{\"@type\":\"ListItem\",\"position\":2,\"name\":\"Productes\",\"item\":\"https:\/\/www.navarroaubanell.com\/productos\/\"},{\"@type\":\"ListItem\",\"position\":3,\"name\":\"Taula Loso\"}]},{\"@type\":\"WebSite\",\"@id\":\"https:\/\/www.navarroaubanell.com\/ca\/#website\",\"url\":\"https:\/\/www.navarroaubanell.com\/ca\/\",\"name\":\"Navarro Aubanell\",\"description\":\"Mobiliario para hoteler\u00eda, colectividades y oficinas\",\"publisher\":{\"@id\":\"https:\/\/www.navarroaubanell.com\/ca\/#organization\"},\"potentialAction\":[{\"@type\":\"SearchAction\",\"target\":{\"@type\":\"EntryPoint\",\"urlTemplate\":\"https:\/\/www.navarroaubanell.com\/ca\/?s={search_term_string}\"},\"query-input\":{\"@type\":\"PropertyValueSpecification\",\"valueRequired\":true,\"valueName\":\"search_term_string\"}}],\"inLanguage\":\"ca\"},{\"@type\":\"Organization\",\"@id\":\"https:\/\/www.navarroaubanell.com\/ca\/#organization\",\"name\":\"COMERCIAL NAVARRO AUBANELL, S.A\",\"url\":\"https:\/\/www.navarroaubanell.com\/ca\/\",\"logo\":{\"@type\":\"ImageObject\",\"inLanguage\":\"ca\",\"@id\":\"https:\/\/www.navarroaubanell.com\/ca\/#\/schema\/logo\/image\/\",\"url\":\"https:\/\/www.navarroaubanell.com\/wp-content\/uploads\/2017\/07\/logo-navarro-aubuanell.png\",\"contentUrl\":\"https:\/\/www.navarroaubanell.com\/wp-content\/uploads\/2017\/07\/logo-navarro-aubuanell.png\",\"width\":6304,\"height\":1154,\"caption\":\"COMERCIAL NAVARRO AUBANELL, S.A\"},\"image\":{\"@id\":\"https:\/\/www.navarroaubanell.com\/ca\/#\/schema\/logo\/image\/\"}}]}<\/script>\n<!-- \/ Yoast SEO plugin. -->","yoast_head_json":{"title":"Taula Loso - Navarro Aubanell","description":"Taula Loso: moderna, resistent i vers\u00e0til. Disponible en diverses grand\u00e0ries i acabats, perfecta per a interiors i exteriors. Ideal per a hostaleria.","robots":{"index":"index","follow":"follow","max-snippet":"max-snippet:-1","max-image-preview":"max-image-preview:large","max-video-preview":"max-video-preview:-1"},"canonical":"https:\/\/www.navarroaubanell.com\/ca\/producte\/taula-loso-navarroaubanell\/","og_locale":"ca_ES","og_type":"article","og_title":"Taula Loso - Navarro Aubanell","og_description":"Taula Loso: moderna, resistent i vers\u00e0til. Disponible en diverses grand\u00e0ries i acabats, perfecta per a interiors i exteriors. Ideal per a hostaleria.","og_url":"https:\/\/www.navarroaubanell.com\/ca\/producte\/taula-loso-navarroaubanell\/","og_site_name":"Navarro Aubanell","article_modified_time":"2024-09-30T10:14:21+00:00","og_image":[{"width":800,"height":650,"url":"https:\/\/www.navarroaubanell.com\/wp-content\/uploads\/2024\/09\/MELAMINA.jpg","type":"image\/jpeg"}],"twitter_misc":{"Est. reading time":"2 minutes"},"schema":{"@context":"https:\/\/schema.org","@graph":[{"@type":"WebPage","@id":"https:\/\/www.navarroaubanell.com\/ca\/producte\/taula-loso-navarroaubanell\/","url":"https:\/\/www.navarroaubanell.com\/ca\/producte\/taula-loso-navarroaubanell\/","name":"Taula Loso - Navarro Aubanell","isPartOf":{"@id":"https:\/\/www.navarroaubanell.com\/ca\/#website"},"primaryImageOfPage":{"@id":"https:\/\/www.navarroaubanell.com\/ca\/producte\/taula-loso-navarroaubanell\/#primaryimage"},"image":{"@id":"https:\/\/www.navarroaubanell.com\/ca\/producte\/taula-loso-navarroaubanell\/#primaryimage"},"thumbnailUrl":"https:\/\/www.navarroaubanell.com\/wp-content\/uploads\/2024\/09\/MELAMINA.jpg","datePublished":"2024-09-30T09:52:30+00:00","dateModified":"2024-09-30T10:14:21+00:00","description":"Taula Loso: moderna, resistent i vers\u00e0til. Disponible en diverses grand\u00e0ries i acabats, perfecta per a interiors i exteriors. Ideal per a hostaleria.","breadcrumb":{"@id":"https:\/\/www.navarroaubanell.com\/ca\/producte\/taula-loso-navarroaubanell\/#breadcrumb"},"inLanguage":"ca","potentialAction":[{"@type":"ReadAction","target":["https:\/\/www.navarroaubanell.com\/ca\/producte\/taula-loso-navarroaubanell\/"]}]},{"@type":"ImageObject","inLanguage":"ca","@id":"https:\/\/www.navarroaubanell.com\/ca\/producte\/taula-loso-navarroaubanell\/#primaryimage","url":"https:\/\/www.navarroaubanell.com\/wp-content\/uploads\/2024\/09\/MELAMINA.jpg","contentUrl":"https:\/\/www.navarroaubanell.com\/wp-content\/uploads\/2024\/09\/MELAMINA.jpg","width":800,"height":650,"caption":"Taula Loso con sobre de melamina"},{"@type":"BreadcrumbList","@id":"https:\/\/www.navarroaubanell.com\/ca\/producte\/taula-loso-navarroaubanell\/#breadcrumb","itemListElement":[{"@type":"ListItem","position":1,"name":"Portada","item":"https:\/\/www.navarroaubanell.com\/ca\/"},{"@type":"ListItem","position":2,"name":"Productes","item":"https:\/\/www.navarroaubanell.com\/productos\/"},{"@type":"ListItem","position":3,"name":"Taula Loso"}]},{"@type":"WebSite","@id":"https:\/\/www.navarroaubanell.com\/ca\/#website","url":"https:\/\/www.navarroaubanell.com\/ca\/","name":"Navarro Aubanell","description":"Mobiliario para hoteler\u00eda, colectividades y oficinas","publisher":{"@id":"https:\/\/www.navarroaubanell.com\/ca\/#organization"},"potentialAction":[{"@type":"SearchAction","target":{"@type":"EntryPoint","urlTemplate":"https:\/\/www.navarroaubanell.com\/ca\/?s={search_term_string}"},"query-input":{"@type":"PropertyValueSpecification","valueRequired":true,"valueName":"search_term_string"}}],"inLanguage":"ca"},{"@type":"Organization","@id":"https:\/\/www.navarroaubanell.com\/ca\/#organization","name":"COMERCIAL NAVARRO AUBANELL, S.A","url":"https:\/\/www.navarroaubanell.com\/ca\/","logo":{"@type":"ImageObject","inLanguage":"ca","@id":"https:\/\/www.navarroaubanell.com\/ca\/#\/schema\/logo\/image\/","url":"https:\/\/www.navarroaubanell.com\/wp-content\/uploads\/2017\/07\/logo-navarro-aubuanell.png","contentUrl":"https:\/\/www.navarroaubanell.com\/wp-content\/uploads\/2017\/07\/logo-navarro-aubuanell.png","width":6304,"height":1154,"caption":"COMERCIAL NAVARRO AUBANELL, S.A"},"image":{"@id":"https:\/\/www.navarroaubanell.com\/ca\/#\/schema\/logo\/image\/"}}]}},"_links":{"self":[{"href":"https:\/\/www.navarroaubanell.com\/ca\/wp-json\/wp\/v2\/product\/39123","targetHints":{"allow":["GET"]}}],"collection":[{"href":"https:\/\/www.navarroaubanell.com\/ca\/wp-json\/wp\/v2\/product"}],"about":[{"href":"https:\/\/www.navarroaubanell.com\/ca\/wp-json\/wp\/v2\/types\/product"}],"wp:featuredmedia":[{"embeddable":true,"href":"https:\/\/www.navarroaubanell.com\/ca\/wp-json\/wp\/v2\/media\/39095"}],"wp:attachment":[{"href":"https:\/\/www.navarroaubanell.com\/ca\/wp-json\/wp\/v2\/media?parent=39123"}],"wp:term":[{"taxonomy":"product_brand","embeddable":true,"href":"https:\/\/www.navarroaubanell.com\/ca\/wp-json\/wp\/v2\/product_brand?post=39123"},{"taxonomy":"product_cat","embeddable":true,"href":"https:\/\/www.navarroaubanell.com\/ca\/wp-json\/wp\/v2\/product_cat?post=39123"},{"taxonomy":"product_tag","embeddable":true,"href":"https:\/\/www.navarroaubanell.com\/ca\/wp-json\/wp\/v2\/product_tag?post=39123"}],"curies":[{"name":"wp","href":"https:\/\/api.w.org\/{rel}","templated":true}]}}