{"id":39049,"date":"2024-09-27T16:14:53","date_gmt":"2024-09-27T14:14:53","guid":{"rendered":"https:\/\/www.navarroaubanell.com\/producto\/taburete-antemo-navarroaubanell\/"},"modified":"2024-09-27T16:20:40","modified_gmt":"2024-09-27T14:20:40","slug":"tamboret-antemo-navarroaubanell","status":"publish","type":"product","link":"https:\/\/www.navarroaubanell.com\/ca\/producte\/tamboret-antemo-navarroaubanell\/","title":{"rendered":"Tamboret Antemo"},"content":{"rendered":"<div class=\"flex-shrink-0 flex flex-col relative items-end\">\n<div class=\"pt-0\">\n<div class=\"gizmo-bot-avatar flex h-8 w-8 items-center justify-center overflow-hidden rounded-full\">\n<h5 class=\"relative p-1 rounded-sm flex items-center justify-center bg-token-main-surface-primary text-token-text-primary h-8 w-8\"><strong>Tamboret Antemo: Robustessa i Estil R\u00fastic<\/strong><\/h5>\n<div>\n<div class=\"traductor-textarea form-group\">\n<div class=\"textarea-desti col-xs-12 col-sm-6\">\n<div class=\"form-control second-textarea\">El tamboret Antemo \u00e9s una pe\u00e7a cl\u00e0ssica i robusta, dissenyada per a aportar un toc r\u00fastic i atemporal a qualsevol espai interior. Fabricat en fusta d&#8217;Haya i pintat en un elegant color deco Noguera. Aquest tamboret \u00e9s perfecte per als qui busquen afegir calidesa i connexi\u00f3 amb la naturalesa en la seva decoraci\u00f3.<\/div>\n<\/div>\n<\/div>\n<\/div>\n<\/div>\n<\/div>\n<\/div>\n<div class=\"group\/conversation-turn relative flex w-full min-w-0 flex-col agent-turn\">\n<div class=\"flex-col gap-1 md:gap-3\">\n<div class=\"flex max-w-full flex-col flex-grow\">\n<div class=\"min-h-8 text-message flex w-full flex-col items-end gap-2 whitespace-normal break-words [.text-message+&amp;]:mt-5\" dir=\"auto\" data-message-author-role=\"assistant\" data-message-id=\"413999bd-f71e-4224-9c67-bc65100c650e\">\n<div class=\"flex w-full flex-col gap-1 empty:hidden first:pt-[3px]\">\n<div class=\"markdown prose w-full break-words dark:prose-invert light\">\n<h6>Disseny que equilibra rectitud i flu\u00efdessa<\/h6>\n<div class=\"traductor-textarea form-group\">\n<div class=\"textarea-desti col-xs-12 col-sm-6\">\n<div class=\"form-control second-textarea\">El disseny del tamboret Antemo combina potes que s&#8217;uneixen amb l\u00ednies corbes amb un suport que destaca per les seves l\u00ednies rectes, la qual cosa li atorga flu\u00efdesa i suavitat visual. Aquesta harmonia entre el cl\u00e0ssic i el r\u00fastic ho converteix en una pe\u00e7a vers\u00e0til que encaixa tant en ambients r\u00fastics com en interiors moderns.<\/div>\n<\/div>\n<\/div>\n<h6>Ideal per a ambients acollidors<\/h6>\n<div class=\"traductor-textarea form-group\">\n<div class=\"textarea-desti col-xs-12 col-sm-6\">\n<div class=\"form-control second-textarea\">Gr\u00e0cies a la seva construcci\u00f3 s\u00f2lida i el seu acabat en tons c\u00e0lids, Antemo \u00e9s ideal per a crear un ambient c\u00e0lid i acollidor en interiors. \u00c9s la pe\u00e7a perfecta per als qui desitgen introduir elements naturals en el seu entorn, creant una sensaci\u00f3 de serenitat i confort.<\/div>\n<\/div>\n<\/div>\n<h6>Cadira a conjunt<\/h6>\n<div class=\"traductor-textarea form-group\">\n<div class=\"textarea-desti col-xs-12 col-sm-6\">\n<div class=\"form-control second-textarea\">El tamboret Antemo ve acompanyat d&#8217;una <a href=\"https:\/\/www.navarroaubanell.com\/ca\/producte\/cadira-antemo-navarroaubanell\/\">cadira a conjunt<\/a>, dissenyada amb els mateixos materials i acabats en fusta de Faig color noguera, permetent crear un conjunt elegant i coherent en qualsevol espai interior.<\/div>\n<\/div>\n<\/div>\n<\/div>\n<\/div>\n<\/div>\n<\/div>\n<\/div>\n<\/div>\n","protected":false},"excerpt":{"rendered":"<p>Tamboret Antemo: Robustessa i Estil R\u00fastic El tamboret Antemo \u00e9s una pe\u00e7a cl\u00e0ssica i robusta, dissenyada per a aportar un toc r\u00fastic i atemporal a qualsevol espai interior. Fabricat en fusta d&#8217;Haya i pintat en un elegant color deco Noguera. Aquest tamboret \u00e9s perfecte per als qui busquen afegir calidesa i connexi\u00f3 amb la naturalesa&hellip;<\/p>\n","protected":false},"featured_media":44499,"template":"","meta":{"_acf_changed":false},"product_brand":[],"product_cat":[525,538],"product_tag":[1414,945,664,769],"class_list":{"0":"post-39049","1":"product","2":"type-product","3":"status-publish","4":"has-post-thumbnail","6":"product_cat-interior","7":"product_cat-tamborets","8":"product_tag-antemo-ca","9":"product_tag-madera-ca","10":"product_tag-interior-ca","11":"product_tag-tamboret","12":"description-off","14":"first","15":"instock","16":"shipping-taxable","17":"product-type-simple"},"acf":[],"yoast_head":"<!-- This site is optimized with the Yoast SEO plugin v27.0 - https:\/\/yoast.com\/product\/yoast-seo-wordpress\/ -->\n<title>Tamboret Antemo - Navarro Aubanell<\/title>\n<meta name=\"description\" content=\"Tamboret Antemo: disseny r\u00fastic i robust en fusta de Faig color noguera. Complementat amb una cadira a conjunt per a interiors acollidors.\" \/>\n<meta name=\"robots\" content=\"index, follow, max-snippet:-1, max-image-preview:large, max-video-preview:-1\" \/>\n<link rel=\"canonical\" href=\"https:\/\/www.navarroaubanell.com\/ca\/producte\/tamboret-antemo-navarroaubanell\/\" \/>\n<meta property=\"og:locale\" content=\"ca_ES\" \/>\n<meta property=\"og:type\" content=\"article\" \/>\n<meta property=\"og:title\" content=\"Tamboret Antemo - Navarro Aubanell\" \/>\n<meta property=\"og:description\" content=\"Tamboret Antemo: disseny r\u00fastic i robust en fusta de Faig color noguera. Complementat amb una cadira a conjunt per a interiors acollidors.\" \/>\n<meta property=\"og:url\" content=\"https:\/\/www.navarroaubanell.com\/ca\/producte\/tamboret-antemo-navarroaubanell\/\" \/>\n<meta property=\"og:site_name\" content=\"Navarro Aubanell\" \/>\n<meta property=\"article:modified_time\" content=\"2024-09-27T14:20:40+00:00\" \/>\n<meta property=\"og:image\" content=\"https:\/\/www.navarroaubanell.com\/wp-content\/uploads\/2024\/09\/taburete-Photoroom.png\" \/>\n\t<meta property=\"og:image:width\" content=\"800\" \/>\n\t<meta property=\"og:image:height\" content=\"650\" \/>\n\t<meta property=\"og:image:type\" content=\"image\/png\" \/>\n<meta name=\"twitter:label1\" content=\"Est. reading time\" \/>\n\t<meta name=\"twitter:data1\" content=\"2 minutes\" \/>\n<script type=\"application\/ld+json\" class=\"yoast-schema-graph\">{\"@context\":\"https:\/\/schema.org\",\"@graph\":[{\"@type\":\"WebPage\",\"@id\":\"https:\/\/www.navarroaubanell.com\/ca\/producte\/tamboret-antemo-navarroaubanell\/\",\"url\":\"https:\/\/www.navarroaubanell.com\/ca\/producte\/tamboret-antemo-navarroaubanell\/\",\"name\":\"Tamboret Antemo - Navarro Aubanell\",\"isPartOf\":{\"@id\":\"https:\/\/www.navarroaubanell.com\/ca\/#website\"},\"primaryImageOfPage\":{\"@id\":\"https:\/\/www.navarroaubanell.com\/ca\/producte\/tamboret-antemo-navarroaubanell\/#primaryimage\"},\"image\":{\"@id\":\"https:\/\/www.navarroaubanell.com\/ca\/producte\/tamboret-antemo-navarroaubanell\/#primaryimage\"},\"thumbnailUrl\":\"https:\/\/www.navarroaubanell.com\/wp-content\/uploads\/2024\/09\/taburete-Photoroom.png\",\"datePublished\":\"2024-09-27T14:14:53+00:00\",\"dateModified\":\"2024-09-27T14:20:40+00:00\",\"description\":\"Tamboret Antemo: disseny r\u00fastic i robust en fusta de Faig color noguera. Complementat amb una cadira a conjunt per a interiors acollidors.\",\"breadcrumb\":{\"@id\":\"https:\/\/www.navarroaubanell.com\/ca\/producte\/tamboret-antemo-navarroaubanell\/#breadcrumb\"},\"inLanguage\":\"ca\",\"potentialAction\":[{\"@type\":\"ReadAction\",\"target\":[\"https:\/\/www.navarroaubanell.com\/ca\/producte\/tamboret-antemo-navarroaubanell\/\"]}]},{\"@type\":\"ImageObject\",\"inLanguage\":\"ca\",\"@id\":\"https:\/\/www.navarroaubanell.com\/ca\/producte\/tamboret-antemo-navarroaubanell\/#primaryimage\",\"url\":\"https:\/\/www.navarroaubanell.com\/wp-content\/uploads\/2024\/09\/taburete-Photoroom.png\",\"contentUrl\":\"https:\/\/www.navarroaubanell.com\/wp-content\/uploads\/2024\/09\/taburete-Photoroom.png\",\"width\":800,\"height\":650,\"caption\":\"Taburete Antemo\"},{\"@type\":\"BreadcrumbList\",\"@id\":\"https:\/\/www.navarroaubanell.com\/ca\/producte\/tamboret-antemo-navarroaubanell\/#breadcrumb\",\"itemListElement\":[{\"@type\":\"ListItem\",\"position\":1,\"name\":\"Portada\",\"item\":\"https:\/\/www.navarroaubanell.com\/ca\/\"},{\"@type\":\"ListItem\",\"position\":2,\"name\":\"Productes\",\"item\":\"https:\/\/www.navarroaubanell.com\/productos\/\"},{\"@type\":\"ListItem\",\"position\":3,\"name\":\"Tamboret Antemo\"}]},{\"@type\":\"WebSite\",\"@id\":\"https:\/\/www.navarroaubanell.com\/ca\/#website\",\"url\":\"https:\/\/www.navarroaubanell.com\/ca\/\",\"name\":\"Navarro Aubanell\",\"description\":\"Mobiliario para hoteler\u00eda, colectividades y oficinas\",\"publisher\":{\"@id\":\"https:\/\/www.navarroaubanell.com\/ca\/#organization\"},\"potentialAction\":[{\"@type\":\"SearchAction\",\"target\":{\"@type\":\"EntryPoint\",\"urlTemplate\":\"https:\/\/www.navarroaubanell.com\/ca\/?s={search_term_string}\"},\"query-input\":{\"@type\":\"PropertyValueSpecification\",\"valueRequired\":true,\"valueName\":\"search_term_string\"}}],\"inLanguage\":\"ca\"},{\"@type\":\"Organization\",\"@id\":\"https:\/\/www.navarroaubanell.com\/ca\/#organization\",\"name\":\"COMERCIAL NAVARRO AUBANELL, S.A\",\"url\":\"https:\/\/www.navarroaubanell.com\/ca\/\",\"logo\":{\"@type\":\"ImageObject\",\"inLanguage\":\"ca\",\"@id\":\"https:\/\/www.navarroaubanell.com\/ca\/#\/schema\/logo\/image\/\",\"url\":\"https:\/\/www.navarroaubanell.com\/wp-content\/uploads\/2017\/07\/logo-navarro-aubuanell.png\",\"contentUrl\":\"https:\/\/www.navarroaubanell.com\/wp-content\/uploads\/2017\/07\/logo-navarro-aubuanell.png\",\"width\":6304,\"height\":1154,\"caption\":\"COMERCIAL NAVARRO AUBANELL, S.A\"},\"image\":{\"@id\":\"https:\/\/www.navarroaubanell.com\/ca\/#\/schema\/logo\/image\/\"}}]}<\/script>\n<!-- \/ Yoast SEO plugin. -->","yoast_head_json":{"title":"Tamboret Antemo - Navarro Aubanell","description":"Tamboret Antemo: disseny r\u00fastic i robust en fusta de Faig color noguera. Complementat amb una cadira a conjunt per a interiors acollidors.","robots":{"index":"index","follow":"follow","max-snippet":"max-snippet:-1","max-image-preview":"max-image-preview:large","max-video-preview":"max-video-preview:-1"},"canonical":"https:\/\/www.navarroaubanell.com\/ca\/producte\/tamboret-antemo-navarroaubanell\/","og_locale":"ca_ES","og_type":"article","og_title":"Tamboret Antemo - Navarro Aubanell","og_description":"Tamboret Antemo: disseny r\u00fastic i robust en fusta de Faig color noguera. Complementat amb una cadira a conjunt per a interiors acollidors.","og_url":"https:\/\/www.navarroaubanell.com\/ca\/producte\/tamboret-antemo-navarroaubanell\/","og_site_name":"Navarro Aubanell","article_modified_time":"2024-09-27T14:20:40+00:00","og_image":[{"width":800,"height":650,"url":"https:\/\/www.navarroaubanell.com\/wp-content\/uploads\/2024\/09\/taburete-Photoroom.png","type":"image\/png"}],"twitter_misc":{"Est. reading time":"2 minutes"},"schema":{"@context":"https:\/\/schema.org","@graph":[{"@type":"WebPage","@id":"https:\/\/www.navarroaubanell.com\/ca\/producte\/tamboret-antemo-navarroaubanell\/","url":"https:\/\/www.navarroaubanell.com\/ca\/producte\/tamboret-antemo-navarroaubanell\/","name":"Tamboret Antemo - Navarro Aubanell","isPartOf":{"@id":"https:\/\/www.navarroaubanell.com\/ca\/#website"},"primaryImageOfPage":{"@id":"https:\/\/www.navarroaubanell.com\/ca\/producte\/tamboret-antemo-navarroaubanell\/#primaryimage"},"image":{"@id":"https:\/\/www.navarroaubanell.com\/ca\/producte\/tamboret-antemo-navarroaubanell\/#primaryimage"},"thumbnailUrl":"https:\/\/www.navarroaubanell.com\/wp-content\/uploads\/2024\/09\/taburete-Photoroom.png","datePublished":"2024-09-27T14:14:53+00:00","dateModified":"2024-09-27T14:20:40+00:00","description":"Tamboret Antemo: disseny r\u00fastic i robust en fusta de Faig color noguera. Complementat amb una cadira a conjunt per a interiors acollidors.","breadcrumb":{"@id":"https:\/\/www.navarroaubanell.com\/ca\/producte\/tamboret-antemo-navarroaubanell\/#breadcrumb"},"inLanguage":"ca","potentialAction":[{"@type":"ReadAction","target":["https:\/\/www.navarroaubanell.com\/ca\/producte\/tamboret-antemo-navarroaubanell\/"]}]},{"@type":"ImageObject","inLanguage":"ca","@id":"https:\/\/www.navarroaubanell.com\/ca\/producte\/tamboret-antemo-navarroaubanell\/#primaryimage","url":"https:\/\/www.navarroaubanell.com\/wp-content\/uploads\/2024\/09\/taburete-Photoroom.png","contentUrl":"https:\/\/www.navarroaubanell.com\/wp-content\/uploads\/2024\/09\/taburete-Photoroom.png","width":800,"height":650,"caption":"Taburete Antemo"},{"@type":"BreadcrumbList","@id":"https:\/\/www.navarroaubanell.com\/ca\/producte\/tamboret-antemo-navarroaubanell\/#breadcrumb","itemListElement":[{"@type":"ListItem","position":1,"name":"Portada","item":"https:\/\/www.navarroaubanell.com\/ca\/"},{"@type":"ListItem","position":2,"name":"Productes","item":"https:\/\/www.navarroaubanell.com\/productos\/"},{"@type":"ListItem","position":3,"name":"Tamboret Antemo"}]},{"@type":"WebSite","@id":"https:\/\/www.navarroaubanell.com\/ca\/#website","url":"https:\/\/www.navarroaubanell.com\/ca\/","name":"Navarro Aubanell","description":"Mobiliario para hoteler\u00eda, colectividades y oficinas","publisher":{"@id":"https:\/\/www.navarroaubanell.com\/ca\/#organization"},"potentialAction":[{"@type":"SearchAction","target":{"@type":"EntryPoint","urlTemplate":"https:\/\/www.navarroaubanell.com\/ca\/?s={search_term_string}"},"query-input":{"@type":"PropertyValueSpecification","valueRequired":true,"valueName":"search_term_string"}}],"inLanguage":"ca"},{"@type":"Organization","@id":"https:\/\/www.navarroaubanell.com\/ca\/#organization","name":"COMERCIAL NAVARRO AUBANELL, S.A","url":"https:\/\/www.navarroaubanell.com\/ca\/","logo":{"@type":"ImageObject","inLanguage":"ca","@id":"https:\/\/www.navarroaubanell.com\/ca\/#\/schema\/logo\/image\/","url":"https:\/\/www.navarroaubanell.com\/wp-content\/uploads\/2017\/07\/logo-navarro-aubuanell.png","contentUrl":"https:\/\/www.navarroaubanell.com\/wp-content\/uploads\/2017\/07\/logo-navarro-aubuanell.png","width":6304,"height":1154,"caption":"COMERCIAL NAVARRO AUBANELL, S.A"},"image":{"@id":"https:\/\/www.navarroaubanell.com\/ca\/#\/schema\/logo\/image\/"}}]}},"_links":{"self":[{"href":"https:\/\/www.navarroaubanell.com\/ca\/wp-json\/wp\/v2\/product\/39049","targetHints":{"allow":["GET"]}}],"collection":[{"href":"https:\/\/www.navarroaubanell.com\/ca\/wp-json\/wp\/v2\/product"}],"about":[{"href":"https:\/\/www.navarroaubanell.com\/ca\/wp-json\/wp\/v2\/types\/product"}],"wp:featuredmedia":[{"embeddable":true,"href":"https:\/\/www.navarroaubanell.com\/ca\/wp-json\/wp\/v2\/media\/44499"}],"wp:attachment":[{"href":"https:\/\/www.navarroaubanell.com\/ca\/wp-json\/wp\/v2\/media?parent=39049"}],"wp:term":[{"taxonomy":"product_brand","embeddable":true,"href":"https:\/\/www.navarroaubanell.com\/ca\/wp-json\/wp\/v2\/product_brand?post=39049"},{"taxonomy":"product_cat","embeddable":true,"href":"https:\/\/www.navarroaubanell.com\/ca\/wp-json\/wp\/v2\/product_cat?post=39049"},{"taxonomy":"product_tag","embeddable":true,"href":"https:\/\/www.navarroaubanell.com\/ca\/wp-json\/wp\/v2\/product_tag?post=39049"}],"curies":[{"name":"wp","href":"https:\/\/api.w.org\/{rel}","templated":true}]}}