{"id":38455,"date":"2024-09-20T12:26:20","date_gmt":"2024-09-20T10:26:20","guid":{"rendered":"https:\/\/www.navarroaubanell.com\/producto\/sillon-genova-navarroaubanell\/"},"modified":"2024-09-20T12:33:28","modified_gmt":"2024-09-20T10:33:28","slug":"cadira-de-bracos-genova-navarroaubanell","status":"publish","type":"product","link":"https:\/\/www.navarroaubanell.com\/ca\/producte\/cadira-de-bracos-genova-navarroaubanell\/","title":{"rendered":"Cadira de bra\u00e7os G\u00e9nova"},"content":{"rendered":"<h5>Cadira de bra\u00e7os G\u00e9nova: Simplicitat i Eleg\u00e0ncia per a Exteriors<\/h5>\n<div class=\"traductor-textarea form-group\">\n<div class=\"textarea-desti col-xs-12 col-sm-6\">\n<div class=\"form-control second-textarea\">La cadira de bra\u00e7os G\u00e9nova \u00e9s l&#8217;elecci\u00f3 perfecta per als qui busquen un disseny simple i elegant, especialment pensat per a \u00fas exterior. La seva estructura d&#8217;alumini pintat en color deco bamb\u00fa aporta un toc modern i sofisticat, mentre que la seva est\u00e8tica minimalista s&#8217;adapta a qualsevol entorn, ja sigui una terrassa, un jard\u00ed o un espai comercial a l&#8217;aire lliure.<\/div>\n<\/div>\n<\/div>\n<h6>Colors Neutres i Funcionalitat<\/h6>\n<div class=\"traductor-textarea form-group\">\n<div class=\"textarea-desti col-xs-12 col-sm-6\">\n<div class=\"form-control second-textarea\">La cadira de bra\u00e7os es caracteritza per els colors neutres, amb opcions de seient i respatller en textilene latte o negre. Aquesta combinaci\u00f3 permet que G\u00e9nova s&#8217;integri perfectament en diferents estils de decoraci\u00f3, des del m\u00e9s contemporani fins al m\u00e9s cl\u00e0ssic.<\/div>\n<\/div>\n<\/div>\n<h6>Adaptabilitat i Comoditat<\/h6>\n<div class=\"traductor-textarea form-group\">\n<div class=\"textarea-desti col-xs-12 col-sm-6\">\n<div class=\"form-control second-textarea\">Dissenyat per a ajustar-se a les diferents necessitats de l&#8217;usuari, la cadira de bra\u00e7os G\u00e9nova ofereix una resposta efica\u00e7 en qualsevol ambient. A m\u00e9s, \u00e9s apilable, la qual cosa facilita el seu emmagatzematge en locals d&#8217;hostaleria. Amb G\u00e9nova, gaudir de la comoditat i l&#8217;eleg\u00e0ncia mai ha estat tan f\u00e0cil. La seva construcci\u00f3 robusta i el seu disseny resistent garanteixen un rendiment durador, convertint-la en una opci\u00f3 ideal per als qui busquen qualitat i estil en el seu mobiliari. Perfecte per a crear espais acollidors i funcionals.<\/div>\n<\/div>\n<\/div>\n<div class=\"traductor-checkbox form-group\">\n<div class=\"row\">\n<div class=\"col-sm-offset-2 col-sm-5\"><\/div>\n<\/div>\n<\/div>\n","protected":false},"excerpt":{"rendered":"<p>Cadira de bra\u00e7os G\u00e9nova: Simplicitat i Eleg\u00e0ncia per a Exteriors La cadira de bra\u00e7os G\u00e9nova \u00e9s l&#8217;elecci\u00f3 perfecta per als qui busquen un disseny simple i elegant, especialment pensat per a \u00fas exterior. La seva estructura d&#8217;alumini pintat en color deco bamb\u00fa aporta un toc modern i sofisticat, mentre que la seva est\u00e8tica minimalista s&#8217;adapta&hellip;<\/p>\n","protected":false},"featured_media":38447,"template":"","meta":{"_acf_changed":false},"product_brand":[],"product_cat":[573,563],"product_tag":[992,587,749,640,1369,1346],"class_list":{"0":"post-38455","1":"product","2":"type-product","3":"status-publish","4":"has-post-thumbnail","6":"product_cat-cadires-de-bracos-exterior","7":"product_cat-exterior-ca","8":"product_tag-aluminio-ca","9":"product_tag-apilable-ca","10":"product_tag-cadira-de-barcos","11":"product_tag-exterior-ca","12":"product_tag-genova-ca","13":"product_tag-textilene-ca","14":"description-off","16":"first","17":"instock","18":"shipping-taxable","19":"product-type-simple"},"acf":[],"yoast_head":"<!-- This site is optimized with the Yoast SEO plugin v27.0 - https:\/\/yoast.com\/product\/yoast-seo-wordpress\/ -->\n<title>Cadira de bra\u00e7os G\u00e9nova - Navarro Aubanell<\/title>\n<meta name=\"description\" content=\"Cadira de bra\u00e7os G\u00e9nova: elegant i apilable, estructura d&#039;alumini en deco bamb\u00fa, amb seient i respatller en textilene latte o negre. Ideal per a exteriors.\" \/>\n<meta name=\"robots\" content=\"index, follow, max-snippet:-1, max-image-preview:large, max-video-preview:-1\" \/>\n<link rel=\"canonical\" href=\"https:\/\/www.navarroaubanell.com\/ca\/producte\/cadira-de-bracos-genova-navarroaubanell\/\" \/>\n<meta property=\"og:locale\" content=\"ca_ES\" \/>\n<meta property=\"og:type\" content=\"article\" \/>\n<meta property=\"og:title\" content=\"Cadira de bra\u00e7os G\u00e9nova - Navarro Aubanell\" \/>\n<meta property=\"og:description\" content=\"Cadira de bra\u00e7os G\u00e9nova: elegant i apilable, estructura d&#039;alumini en deco bamb\u00fa, amb seient i respatller en textilene latte o negre. Ideal per a exteriors.\" \/>\n<meta property=\"og:url\" content=\"https:\/\/www.navarroaubanell.com\/ca\/producte\/cadira-de-bracos-genova-navarroaubanell\/\" \/>\n<meta property=\"og:site_name\" content=\"Navarro Aubanell\" \/>\n<meta property=\"article:modified_time\" content=\"2024-09-20T10:33:28+00:00\" \/>\n<meta property=\"og:image\" content=\"https:\/\/www.navarroaubanell.com\/wp-content\/uploads\/2024\/09\/1-8.jpg\" \/>\n\t<meta property=\"og:image:width\" content=\"800\" \/>\n\t<meta property=\"og:image:height\" content=\"650\" \/>\n\t<meta property=\"og:image:type\" content=\"image\/jpeg\" \/>\n<meta name=\"twitter:label1\" content=\"Est. reading time\" \/>\n\t<meta name=\"twitter:data1\" content=\"2 minutes\" \/>\n<script type=\"application\/ld+json\" class=\"yoast-schema-graph\">{\"@context\":\"https:\/\/schema.org\",\"@graph\":[{\"@type\":\"WebPage\",\"@id\":\"https:\/\/www.navarroaubanell.com\/ca\/producte\/cadira-de-bracos-genova-navarroaubanell\/\",\"url\":\"https:\/\/www.navarroaubanell.com\/ca\/producte\/cadira-de-bracos-genova-navarroaubanell\/\",\"name\":\"Cadira de bra\u00e7os G\u00e9nova - Navarro Aubanell\",\"isPartOf\":{\"@id\":\"https:\/\/www.navarroaubanell.com\/ca\/#website\"},\"primaryImageOfPage\":{\"@id\":\"https:\/\/www.navarroaubanell.com\/ca\/producte\/cadira-de-bracos-genova-navarroaubanell\/#primaryimage\"},\"image\":{\"@id\":\"https:\/\/www.navarroaubanell.com\/ca\/producte\/cadira-de-bracos-genova-navarroaubanell\/#primaryimage\"},\"thumbnailUrl\":\"https:\/\/www.navarroaubanell.com\/wp-content\/uploads\/2024\/09\/1-8.jpg\",\"datePublished\":\"2024-09-20T10:26:20+00:00\",\"dateModified\":\"2024-09-20T10:33:28+00:00\",\"description\":\"Cadira de bra\u00e7os G\u00e9nova: elegant i apilable, estructura d'alumini en deco bamb\u00fa, amb seient i respatller en textilene latte o negre. Ideal per a exteriors.\",\"breadcrumb\":{\"@id\":\"https:\/\/www.navarroaubanell.com\/ca\/producte\/cadira-de-bracos-genova-navarroaubanell\/#breadcrumb\"},\"inLanguage\":\"ca\",\"potentialAction\":[{\"@type\":\"ReadAction\",\"target\":[\"https:\/\/www.navarroaubanell.com\/ca\/producte\/cadira-de-bracos-genova-navarroaubanell\/\"]}]},{\"@type\":\"ImageObject\",\"inLanguage\":\"ca\",\"@id\":\"https:\/\/www.navarroaubanell.com\/ca\/producte\/cadira-de-bracos-genova-navarroaubanell\/#primaryimage\",\"url\":\"https:\/\/www.navarroaubanell.com\/wp-content\/uploads\/2024\/09\/1-8.jpg\",\"contentUrl\":\"https:\/\/www.navarroaubanell.com\/wp-content\/uploads\/2024\/09\/1-8.jpg\",\"width\":800,\"height\":650,\"caption\":\"Cadira de bra\u00e7os G\u00e9nova con textilene Latte\"},{\"@type\":\"BreadcrumbList\",\"@id\":\"https:\/\/www.navarroaubanell.com\/ca\/producte\/cadira-de-bracos-genova-navarroaubanell\/#breadcrumb\",\"itemListElement\":[{\"@type\":\"ListItem\",\"position\":1,\"name\":\"Portada\",\"item\":\"https:\/\/www.navarroaubanell.com\/ca\/\"},{\"@type\":\"ListItem\",\"position\":2,\"name\":\"Productes\",\"item\":\"https:\/\/www.navarroaubanell.com\/productos\/\"},{\"@type\":\"ListItem\",\"position\":3,\"name\":\"Cadira de bra\u00e7os G\u00e9nova\"}]},{\"@type\":\"WebSite\",\"@id\":\"https:\/\/www.navarroaubanell.com\/ca\/#website\",\"url\":\"https:\/\/www.navarroaubanell.com\/ca\/\",\"name\":\"Navarro Aubanell\",\"description\":\"Mobiliario para hoteler\u00eda, colectividades y oficinas\",\"publisher\":{\"@id\":\"https:\/\/www.navarroaubanell.com\/ca\/#organization\"},\"potentialAction\":[{\"@type\":\"SearchAction\",\"target\":{\"@type\":\"EntryPoint\",\"urlTemplate\":\"https:\/\/www.navarroaubanell.com\/ca\/?s={search_term_string}\"},\"query-input\":{\"@type\":\"PropertyValueSpecification\",\"valueRequired\":true,\"valueName\":\"search_term_string\"}}],\"inLanguage\":\"ca\"},{\"@type\":\"Organization\",\"@id\":\"https:\/\/www.navarroaubanell.com\/ca\/#organization\",\"name\":\"COMERCIAL NAVARRO AUBANELL, S.A\",\"url\":\"https:\/\/www.navarroaubanell.com\/ca\/\",\"logo\":{\"@type\":\"ImageObject\",\"inLanguage\":\"ca\",\"@id\":\"https:\/\/www.navarroaubanell.com\/ca\/#\/schema\/logo\/image\/\",\"url\":\"https:\/\/www.navarroaubanell.com\/wp-content\/uploads\/2017\/07\/logo-navarro-aubuanell.png\",\"contentUrl\":\"https:\/\/www.navarroaubanell.com\/wp-content\/uploads\/2017\/07\/logo-navarro-aubuanell.png\",\"width\":6304,\"height\":1154,\"caption\":\"COMERCIAL NAVARRO AUBANELL, S.A\"},\"image\":{\"@id\":\"https:\/\/www.navarroaubanell.com\/ca\/#\/schema\/logo\/image\/\"}}]}<\/script>\n<!-- \/ Yoast SEO plugin. -->","yoast_head_json":{"title":"Cadira de bra\u00e7os G\u00e9nova - Navarro Aubanell","description":"Cadira de bra\u00e7os G\u00e9nova: elegant i apilable, estructura d'alumini en deco bamb\u00fa, amb seient i respatller en textilene latte o negre. Ideal per a exteriors.","robots":{"index":"index","follow":"follow","max-snippet":"max-snippet:-1","max-image-preview":"max-image-preview:large","max-video-preview":"max-video-preview:-1"},"canonical":"https:\/\/www.navarroaubanell.com\/ca\/producte\/cadira-de-bracos-genova-navarroaubanell\/","og_locale":"ca_ES","og_type":"article","og_title":"Cadira de bra\u00e7os G\u00e9nova - Navarro Aubanell","og_description":"Cadira de bra\u00e7os G\u00e9nova: elegant i apilable, estructura d'alumini en deco bamb\u00fa, amb seient i respatller en textilene latte o negre. Ideal per a exteriors.","og_url":"https:\/\/www.navarroaubanell.com\/ca\/producte\/cadira-de-bracos-genova-navarroaubanell\/","og_site_name":"Navarro Aubanell","article_modified_time":"2024-09-20T10:33:28+00:00","og_image":[{"width":800,"height":650,"url":"https:\/\/www.navarroaubanell.com\/wp-content\/uploads\/2024\/09\/1-8.jpg","type":"image\/jpeg"}],"twitter_misc":{"Est. reading time":"2 minutes"},"schema":{"@context":"https:\/\/schema.org","@graph":[{"@type":"WebPage","@id":"https:\/\/www.navarroaubanell.com\/ca\/producte\/cadira-de-bracos-genova-navarroaubanell\/","url":"https:\/\/www.navarroaubanell.com\/ca\/producte\/cadira-de-bracos-genova-navarroaubanell\/","name":"Cadira de bra\u00e7os G\u00e9nova - Navarro Aubanell","isPartOf":{"@id":"https:\/\/www.navarroaubanell.com\/ca\/#website"},"primaryImageOfPage":{"@id":"https:\/\/www.navarroaubanell.com\/ca\/producte\/cadira-de-bracos-genova-navarroaubanell\/#primaryimage"},"image":{"@id":"https:\/\/www.navarroaubanell.com\/ca\/producte\/cadira-de-bracos-genova-navarroaubanell\/#primaryimage"},"thumbnailUrl":"https:\/\/www.navarroaubanell.com\/wp-content\/uploads\/2024\/09\/1-8.jpg","datePublished":"2024-09-20T10:26:20+00:00","dateModified":"2024-09-20T10:33:28+00:00","description":"Cadira de bra\u00e7os G\u00e9nova: elegant i apilable, estructura d'alumini en deco bamb\u00fa, amb seient i respatller en textilene latte o negre. Ideal per a exteriors.","breadcrumb":{"@id":"https:\/\/www.navarroaubanell.com\/ca\/producte\/cadira-de-bracos-genova-navarroaubanell\/#breadcrumb"},"inLanguage":"ca","potentialAction":[{"@type":"ReadAction","target":["https:\/\/www.navarroaubanell.com\/ca\/producte\/cadira-de-bracos-genova-navarroaubanell\/"]}]},{"@type":"ImageObject","inLanguage":"ca","@id":"https:\/\/www.navarroaubanell.com\/ca\/producte\/cadira-de-bracos-genova-navarroaubanell\/#primaryimage","url":"https:\/\/www.navarroaubanell.com\/wp-content\/uploads\/2024\/09\/1-8.jpg","contentUrl":"https:\/\/www.navarroaubanell.com\/wp-content\/uploads\/2024\/09\/1-8.jpg","width":800,"height":650,"caption":"Cadira de bra\u00e7os G\u00e9nova con textilene Latte"},{"@type":"BreadcrumbList","@id":"https:\/\/www.navarroaubanell.com\/ca\/producte\/cadira-de-bracos-genova-navarroaubanell\/#breadcrumb","itemListElement":[{"@type":"ListItem","position":1,"name":"Portada","item":"https:\/\/www.navarroaubanell.com\/ca\/"},{"@type":"ListItem","position":2,"name":"Productes","item":"https:\/\/www.navarroaubanell.com\/productos\/"},{"@type":"ListItem","position":3,"name":"Cadira de bra\u00e7os G\u00e9nova"}]},{"@type":"WebSite","@id":"https:\/\/www.navarroaubanell.com\/ca\/#website","url":"https:\/\/www.navarroaubanell.com\/ca\/","name":"Navarro Aubanell","description":"Mobiliario para hoteler\u00eda, colectividades y oficinas","publisher":{"@id":"https:\/\/www.navarroaubanell.com\/ca\/#organization"},"potentialAction":[{"@type":"SearchAction","target":{"@type":"EntryPoint","urlTemplate":"https:\/\/www.navarroaubanell.com\/ca\/?s={search_term_string}"},"query-input":{"@type":"PropertyValueSpecification","valueRequired":true,"valueName":"search_term_string"}}],"inLanguage":"ca"},{"@type":"Organization","@id":"https:\/\/www.navarroaubanell.com\/ca\/#organization","name":"COMERCIAL NAVARRO AUBANELL, S.A","url":"https:\/\/www.navarroaubanell.com\/ca\/","logo":{"@type":"ImageObject","inLanguage":"ca","@id":"https:\/\/www.navarroaubanell.com\/ca\/#\/schema\/logo\/image\/","url":"https:\/\/www.navarroaubanell.com\/wp-content\/uploads\/2017\/07\/logo-navarro-aubuanell.png","contentUrl":"https:\/\/www.navarroaubanell.com\/wp-content\/uploads\/2017\/07\/logo-navarro-aubuanell.png","width":6304,"height":1154,"caption":"COMERCIAL NAVARRO AUBANELL, S.A"},"image":{"@id":"https:\/\/www.navarroaubanell.com\/ca\/#\/schema\/logo\/image\/"}}]}},"_links":{"self":[{"href":"https:\/\/www.navarroaubanell.com\/ca\/wp-json\/wp\/v2\/product\/38455","targetHints":{"allow":["GET"]}}],"collection":[{"href":"https:\/\/www.navarroaubanell.com\/ca\/wp-json\/wp\/v2\/product"}],"about":[{"href":"https:\/\/www.navarroaubanell.com\/ca\/wp-json\/wp\/v2\/types\/product"}],"wp:featuredmedia":[{"embeddable":true,"href":"https:\/\/www.navarroaubanell.com\/ca\/wp-json\/wp\/v2\/media\/38447"}],"wp:attachment":[{"href":"https:\/\/www.navarroaubanell.com\/ca\/wp-json\/wp\/v2\/media?parent=38455"}],"wp:term":[{"taxonomy":"product_brand","embeddable":true,"href":"https:\/\/www.navarroaubanell.com\/ca\/wp-json\/wp\/v2\/product_brand?post=38455"},{"taxonomy":"product_cat","embeddable":true,"href":"https:\/\/www.navarroaubanell.com\/ca\/wp-json\/wp\/v2\/product_cat?post=38455"},{"taxonomy":"product_tag","embeddable":true,"href":"https:\/\/www.navarroaubanell.com\/ca\/wp-json\/wp\/v2\/product_tag?post=38455"}],"curies":[{"name":"wp","href":"https:\/\/api.w.org\/{rel}","templated":true}]}}