{"id":38342,"date":"2024-09-19T17:17:42","date_gmt":"2024-09-19T15:17:42","guid":{"rendered":"https:\/\/www.navarroaubanell.com\/producto\/sillon-monaco-navarroaubanell\/"},"modified":"2024-09-19T17:25:59","modified_gmt":"2024-09-19T15:25:59","slug":"cadira-de-bracos-monaco-navarroaubanell","status":"publish","type":"product","link":"https:\/\/www.navarroaubanell.com\/ca\/producte\/cadira-de-bracos-monaco-navarroaubanell\/","title":{"rendered":"Cadira de bra\u00e7os M\u00f3naco"},"content":{"rendered":"<h5>Cadira de bra\u00e7os M\u00f3naco: Estil Parisenc per a Exteriors i Interiors<\/h5>\n<p>La cadira de bra\u00e7os M\u00f3naco, part de l&#8217;elegant <a href=\"https:\/\/www.navarroaubanell.com\/ca\/producte\/familia-monaco-navarroaubanell\/\">fam\u00edlia M\u00f3naco<\/a>, captura l&#8217;ess\u00e8ncia de l&#8217;estil parisenc amb el seu disseny de medul\u00b7la bicolor. Ideal per a terrasses, restaurants, hotels i altres ambients exteriors, tamb\u00e9 \u00e9s perfecte per a interiors que busquin evocar l&#8217;atmosfera boh\u00e8mia i extravagant dels carrers de Par\u00eds.<\/p>\n<h6>Materials Duradors i Elegants<\/h6>\n<div class=\"traductor-textarea form-group\">\n<div class=\"textarea-desti col-xs-12 col-sm-6\">\n<div class=\"form-control second-textarea\">L&#8217;estructura est\u00e0 feta d&#8217;alumini pintat en colors deco bamb\u00fa o deco noguera, dos tons neutres que ofereixen un toc natural i s&#8217;adapten a qualsevol estil de decoraci\u00f3. El seient i el respatller estan fabricats en corda trenada, disponible en:<\/div>\n<\/div>\n<\/div>\n<ul>\n<li style=\"list-style-type: none;\">\n<ul>\n<li>Blau-blanc<\/li>\n<li>Gris-blanc<\/li>\n<li>Negre-crema<\/li>\n<li>Verd-crema<\/li>\n<li>Vermell-crema<\/li>\n<li>Volc\u00e0<\/li>\n<\/ul>\n<\/li>\n<\/ul>\n<div class=\"traductor-textarea form-group\">\n<div class=\"textarea-desti col-xs-12 col-sm-6\">\n<div class=\"form-control second-textarea\">Aquestes opcions permeten una gran versatilitat en el disseny i asseguren que M\u00f3naco s&#8217;integri harmoniosament en diversos espais.<\/div>\n<\/div>\n<\/div>\n<h6>Funcionalitat per a Hostaleria<\/h6>\n<p>M\u00f3naco no sols \u00e9s una pe\u00e7a de disseny, sin\u00f3 tamb\u00e9 de gran funcionalitat. En ser apilable, ofereix un emmagatzematge r\u00e0pid i senzill, la qual cosa la converteix en l&#8217;opci\u00f3 ideal per a locals amb alta rotaci\u00f3 de clients. Optimitza l&#8217;espai sense sacrificar estil, convertint-la una elecci\u00f3 perfecta per a qualsevol entorn d&#8217;hostaleria.<\/p>\n<p>La seva combinaci\u00f3 d&#8217;eleg\u00e0ncia i practicitat converteix a la cadira de bra\u00e7os M\u00f3naco en una pe\u00e7a clau per als qui busquen afegir un toc de sofisticaci\u00f3 parisenca en exteriors i interiors.<\/p>\n","protected":false},"excerpt":{"rendered":"<p>Cadira de bra\u00e7os M\u00f3naco: Estil Parisenc per a Exteriors i Interiors La cadira de bra\u00e7os M\u00f3naco, part de l&#8217;elegant fam\u00edlia M\u00f3naco, captura l&#8217;ess\u00e8ncia de l&#8217;estil parisenc amb el seu disseny de medul\u00b7la bicolor. Ideal per a terrasses, restaurants, hotels i altres ambients exteriors, tamb\u00e9 \u00e9s perfecte per a interiors que busquin evocar l&#8217;atmosfera boh\u00e8mia i&hellip;<\/p>\n","protected":false},"featured_media":38326,"template":"","meta":{"_acf_changed":false},"product_brand":[],"product_cat":[573,563],"product_tag":[1548,587,749,640,664,1362,1344],"class_list":{"0":"post-38342","1":"product","2":"type-product","3":"status-publish","4":"has-post-thumbnail","6":"product_cat-cadires-de-bracos-exterior","7":"product_cat-exterior-ca","8":"product_tag-alumino-ca","9":"product_tag-apilable-ca","10":"product_tag-cadira-de-barcos","11":"product_tag-exterior-ca","12":"product_tag-interior-ca","13":"product_tag-monaco-ca","14":"product_tag-trenzado-ca","15":"description-off","17":"first","18":"instock","19":"shipping-taxable","20":"product-type-simple"},"acf":[],"yoast_head":"<!-- This site is optimized with the Yoast SEO plugin v27.0 - https:\/\/yoast.com\/product\/yoast-seo-wordpress\/ -->\n<title>Cadira de bra\u00e7os M\u00f3naco - Navarro Aubanell<\/title>\n<meta name=\"description\" content=\"Cadira de bra\u00e7os M\u00f3naco: estil parisenc. Estructura d&#039;alumini, corda trenada en diversos colors, apilable, ideal per a exteriors i interiors bohemis.\" \/>\n<meta name=\"robots\" content=\"index, follow, max-snippet:-1, max-image-preview:large, max-video-preview:-1\" \/>\n<link rel=\"canonical\" href=\"https:\/\/www.navarroaubanell.com\/ca\/producte\/cadira-de-bracos-monaco-navarroaubanell\/\" \/>\n<meta property=\"og:locale\" content=\"ca_ES\" \/>\n<meta property=\"og:type\" content=\"article\" \/>\n<meta property=\"og:title\" content=\"Cadira de bra\u00e7os M\u00f3naco - Navarro Aubanell\" \/>\n<meta property=\"og:description\" content=\"Cadira de bra\u00e7os M\u00f3naco: estil parisenc. Estructura d&#039;alumini, corda trenada en diversos colors, apilable, ideal per a exteriors i interiors bohemis.\" \/>\n<meta property=\"og:url\" content=\"https:\/\/www.navarroaubanell.com\/ca\/producte\/cadira-de-bracos-monaco-navarroaubanell\/\" \/>\n<meta property=\"og:site_name\" content=\"Navarro Aubanell\" \/>\n<meta property=\"article:modified_time\" content=\"2024-09-19T15:25:59+00:00\" \/>\n<meta property=\"og:image\" content=\"https:\/\/www.navarroaubanell.com\/wp-content\/uploads\/2024\/09\/5-2.jpg\" \/>\n\t<meta property=\"og:image:width\" content=\"800\" \/>\n\t<meta property=\"og:image:height\" content=\"650\" \/>\n\t<meta property=\"og:image:type\" content=\"image\/jpeg\" \/>\n<meta name=\"twitter:label1\" content=\"Est. reading time\" \/>\n\t<meta name=\"twitter:data1\" content=\"2 minutes\" \/>\n<script type=\"application\/ld+json\" class=\"yoast-schema-graph\">{\"@context\":\"https:\/\/schema.org\",\"@graph\":[{\"@type\":\"WebPage\",\"@id\":\"https:\/\/www.navarroaubanell.com\/ca\/producte\/cadira-de-bracos-monaco-navarroaubanell\/\",\"url\":\"https:\/\/www.navarroaubanell.com\/ca\/producte\/cadira-de-bracos-monaco-navarroaubanell\/\",\"name\":\"Cadira de bra\u00e7os M\u00f3naco - Navarro Aubanell\",\"isPartOf\":{\"@id\":\"https:\/\/www.navarroaubanell.com\/ca\/#website\"},\"primaryImageOfPage\":{\"@id\":\"https:\/\/www.navarroaubanell.com\/ca\/producte\/cadira-de-bracos-monaco-navarroaubanell\/#primaryimage\"},\"image\":{\"@id\":\"https:\/\/www.navarroaubanell.com\/ca\/producte\/cadira-de-bracos-monaco-navarroaubanell\/#primaryimage\"},\"thumbnailUrl\":\"https:\/\/www.navarroaubanell.com\/wp-content\/uploads\/2024\/09\/5-2.jpg\",\"datePublished\":\"2024-09-19T15:17:42+00:00\",\"dateModified\":\"2024-09-19T15:25:59+00:00\",\"description\":\"Cadira de bra\u00e7os M\u00f3naco: estil parisenc. Estructura d'alumini, corda trenada en diversos colors, apilable, ideal per a exteriors i interiors bohemis.\",\"breadcrumb\":{\"@id\":\"https:\/\/www.navarroaubanell.com\/ca\/producte\/cadira-de-bracos-monaco-navarroaubanell\/#breadcrumb\"},\"inLanguage\":\"ca\",\"potentialAction\":[{\"@type\":\"ReadAction\",\"target\":[\"https:\/\/www.navarroaubanell.com\/ca\/producte\/cadira-de-bracos-monaco-navarroaubanell\/\"]}]},{\"@type\":\"ImageObject\",\"inLanguage\":\"ca\",\"@id\":\"https:\/\/www.navarroaubanell.com\/ca\/producte\/cadira-de-bracos-monaco-navarroaubanell\/#primaryimage\",\"url\":\"https:\/\/www.navarroaubanell.com\/wp-content\/uploads\/2024\/09\/5-2.jpg\",\"contentUrl\":\"https:\/\/www.navarroaubanell.com\/wp-content\/uploads\/2024\/09\/5-2.jpg\",\"width\":800,\"height\":650,\"caption\":\"Cadira de bra\u00e7os M\u00f3naco con trenzado gris-blanco\"},{\"@type\":\"BreadcrumbList\",\"@id\":\"https:\/\/www.navarroaubanell.com\/ca\/producte\/cadira-de-bracos-monaco-navarroaubanell\/#breadcrumb\",\"itemListElement\":[{\"@type\":\"ListItem\",\"position\":1,\"name\":\"Portada\",\"item\":\"https:\/\/www.navarroaubanell.com\/ca\/\"},{\"@type\":\"ListItem\",\"position\":2,\"name\":\"Productes\",\"item\":\"https:\/\/www.navarroaubanell.com\/productos\/\"},{\"@type\":\"ListItem\",\"position\":3,\"name\":\"Cadira de bra\u00e7os M\u00f3naco\"}]},{\"@type\":\"WebSite\",\"@id\":\"https:\/\/www.navarroaubanell.com\/ca\/#website\",\"url\":\"https:\/\/www.navarroaubanell.com\/ca\/\",\"name\":\"Navarro Aubanell\",\"description\":\"Mobiliario para hoteler\u00eda, colectividades y oficinas\",\"publisher\":{\"@id\":\"https:\/\/www.navarroaubanell.com\/ca\/#organization\"},\"potentialAction\":[{\"@type\":\"SearchAction\",\"target\":{\"@type\":\"EntryPoint\",\"urlTemplate\":\"https:\/\/www.navarroaubanell.com\/ca\/?s={search_term_string}\"},\"query-input\":{\"@type\":\"PropertyValueSpecification\",\"valueRequired\":true,\"valueName\":\"search_term_string\"}}],\"inLanguage\":\"ca\"},{\"@type\":\"Organization\",\"@id\":\"https:\/\/www.navarroaubanell.com\/ca\/#organization\",\"name\":\"COMERCIAL NAVARRO AUBANELL, S.A\",\"url\":\"https:\/\/www.navarroaubanell.com\/ca\/\",\"logo\":{\"@type\":\"ImageObject\",\"inLanguage\":\"ca\",\"@id\":\"https:\/\/www.navarroaubanell.com\/ca\/#\/schema\/logo\/image\/\",\"url\":\"https:\/\/www.navarroaubanell.com\/wp-content\/uploads\/2017\/07\/logo-navarro-aubuanell.png\",\"contentUrl\":\"https:\/\/www.navarroaubanell.com\/wp-content\/uploads\/2017\/07\/logo-navarro-aubuanell.png\",\"width\":6304,\"height\":1154,\"caption\":\"COMERCIAL NAVARRO AUBANELL, S.A\"},\"image\":{\"@id\":\"https:\/\/www.navarroaubanell.com\/ca\/#\/schema\/logo\/image\/\"}}]}<\/script>\n<!-- \/ Yoast SEO plugin. -->","yoast_head_json":{"title":"Cadira de bra\u00e7os M\u00f3naco - Navarro Aubanell","description":"Cadira de bra\u00e7os M\u00f3naco: estil parisenc. Estructura d'alumini, corda trenada en diversos colors, apilable, ideal per a exteriors i interiors bohemis.","robots":{"index":"index","follow":"follow","max-snippet":"max-snippet:-1","max-image-preview":"max-image-preview:large","max-video-preview":"max-video-preview:-1"},"canonical":"https:\/\/www.navarroaubanell.com\/ca\/producte\/cadira-de-bracos-monaco-navarroaubanell\/","og_locale":"ca_ES","og_type":"article","og_title":"Cadira de bra\u00e7os M\u00f3naco - Navarro Aubanell","og_description":"Cadira de bra\u00e7os M\u00f3naco: estil parisenc. Estructura d'alumini, corda trenada en diversos colors, apilable, ideal per a exteriors i interiors bohemis.","og_url":"https:\/\/www.navarroaubanell.com\/ca\/producte\/cadira-de-bracos-monaco-navarroaubanell\/","og_site_name":"Navarro Aubanell","article_modified_time":"2024-09-19T15:25:59+00:00","og_image":[{"width":800,"height":650,"url":"https:\/\/www.navarroaubanell.com\/wp-content\/uploads\/2024\/09\/5-2.jpg","type":"image\/jpeg"}],"twitter_misc":{"Est. reading time":"2 minutes"},"schema":{"@context":"https:\/\/schema.org","@graph":[{"@type":"WebPage","@id":"https:\/\/www.navarroaubanell.com\/ca\/producte\/cadira-de-bracos-monaco-navarroaubanell\/","url":"https:\/\/www.navarroaubanell.com\/ca\/producte\/cadira-de-bracos-monaco-navarroaubanell\/","name":"Cadira de bra\u00e7os M\u00f3naco - Navarro Aubanell","isPartOf":{"@id":"https:\/\/www.navarroaubanell.com\/ca\/#website"},"primaryImageOfPage":{"@id":"https:\/\/www.navarroaubanell.com\/ca\/producte\/cadira-de-bracos-monaco-navarroaubanell\/#primaryimage"},"image":{"@id":"https:\/\/www.navarroaubanell.com\/ca\/producte\/cadira-de-bracos-monaco-navarroaubanell\/#primaryimage"},"thumbnailUrl":"https:\/\/www.navarroaubanell.com\/wp-content\/uploads\/2024\/09\/5-2.jpg","datePublished":"2024-09-19T15:17:42+00:00","dateModified":"2024-09-19T15:25:59+00:00","description":"Cadira de bra\u00e7os M\u00f3naco: estil parisenc. Estructura d'alumini, corda trenada en diversos colors, apilable, ideal per a exteriors i interiors bohemis.","breadcrumb":{"@id":"https:\/\/www.navarroaubanell.com\/ca\/producte\/cadira-de-bracos-monaco-navarroaubanell\/#breadcrumb"},"inLanguage":"ca","potentialAction":[{"@type":"ReadAction","target":["https:\/\/www.navarroaubanell.com\/ca\/producte\/cadira-de-bracos-monaco-navarroaubanell\/"]}]},{"@type":"ImageObject","inLanguage":"ca","@id":"https:\/\/www.navarroaubanell.com\/ca\/producte\/cadira-de-bracos-monaco-navarroaubanell\/#primaryimage","url":"https:\/\/www.navarroaubanell.com\/wp-content\/uploads\/2024\/09\/5-2.jpg","contentUrl":"https:\/\/www.navarroaubanell.com\/wp-content\/uploads\/2024\/09\/5-2.jpg","width":800,"height":650,"caption":"Cadira de bra\u00e7os M\u00f3naco con trenzado gris-blanco"},{"@type":"BreadcrumbList","@id":"https:\/\/www.navarroaubanell.com\/ca\/producte\/cadira-de-bracos-monaco-navarroaubanell\/#breadcrumb","itemListElement":[{"@type":"ListItem","position":1,"name":"Portada","item":"https:\/\/www.navarroaubanell.com\/ca\/"},{"@type":"ListItem","position":2,"name":"Productes","item":"https:\/\/www.navarroaubanell.com\/productos\/"},{"@type":"ListItem","position":3,"name":"Cadira de bra\u00e7os M\u00f3naco"}]},{"@type":"WebSite","@id":"https:\/\/www.navarroaubanell.com\/ca\/#website","url":"https:\/\/www.navarroaubanell.com\/ca\/","name":"Navarro Aubanell","description":"Mobiliario para hoteler\u00eda, colectividades y oficinas","publisher":{"@id":"https:\/\/www.navarroaubanell.com\/ca\/#organization"},"potentialAction":[{"@type":"SearchAction","target":{"@type":"EntryPoint","urlTemplate":"https:\/\/www.navarroaubanell.com\/ca\/?s={search_term_string}"},"query-input":{"@type":"PropertyValueSpecification","valueRequired":true,"valueName":"search_term_string"}}],"inLanguage":"ca"},{"@type":"Organization","@id":"https:\/\/www.navarroaubanell.com\/ca\/#organization","name":"COMERCIAL NAVARRO AUBANELL, S.A","url":"https:\/\/www.navarroaubanell.com\/ca\/","logo":{"@type":"ImageObject","inLanguage":"ca","@id":"https:\/\/www.navarroaubanell.com\/ca\/#\/schema\/logo\/image\/","url":"https:\/\/www.navarroaubanell.com\/wp-content\/uploads\/2017\/07\/logo-navarro-aubuanell.png","contentUrl":"https:\/\/www.navarroaubanell.com\/wp-content\/uploads\/2017\/07\/logo-navarro-aubuanell.png","width":6304,"height":1154,"caption":"COMERCIAL NAVARRO AUBANELL, S.A"},"image":{"@id":"https:\/\/www.navarroaubanell.com\/ca\/#\/schema\/logo\/image\/"}}]}},"_links":{"self":[{"href":"https:\/\/www.navarroaubanell.com\/ca\/wp-json\/wp\/v2\/product\/38342","targetHints":{"allow":["GET"]}}],"collection":[{"href":"https:\/\/www.navarroaubanell.com\/ca\/wp-json\/wp\/v2\/product"}],"about":[{"href":"https:\/\/www.navarroaubanell.com\/ca\/wp-json\/wp\/v2\/types\/product"}],"wp:featuredmedia":[{"embeddable":true,"href":"https:\/\/www.navarroaubanell.com\/ca\/wp-json\/wp\/v2\/media\/38326"}],"wp:attachment":[{"href":"https:\/\/www.navarroaubanell.com\/ca\/wp-json\/wp\/v2\/media?parent=38342"}],"wp:term":[{"taxonomy":"product_brand","embeddable":true,"href":"https:\/\/www.navarroaubanell.com\/ca\/wp-json\/wp\/v2\/product_brand?post=38342"},{"taxonomy":"product_cat","embeddable":true,"href":"https:\/\/www.navarroaubanell.com\/ca\/wp-json\/wp\/v2\/product_cat?post=38342"},{"taxonomy":"product_tag","embeddable":true,"href":"https:\/\/www.navarroaubanell.com\/ca\/wp-json\/wp\/v2\/product_tag?post=38342"}],"curies":[{"name":"wp","href":"https:\/\/api.w.org\/{rel}","templated":true}]}}