{"id":37860,"date":"2024-09-16T12:50:17","date_gmt":"2024-09-16T10:50:17","guid":{"rendered":"https:\/\/www.navarroaubanell.com\/producto\/sillon-ottawa-navarroaubanell\/"},"modified":"2024-09-16T15:23:41","modified_gmt":"2024-09-16T13:23:41","slug":"cadira-de-bracos-ottawa-navarroaubanell","status":"publish","type":"product","link":"https:\/\/www.navarroaubanell.com\/ca\/producte\/cadira-de-bracos-ottawa-navarroaubanell\/","title":{"rendered":"Cadira de bra\u00e7os Ottawa"},"content":{"rendered":"<h5>Ottawa: Eleg\u00e0ncia i Versatilitat amb on Toc Oriental<\/h5>\n<p>La cadira de bra\u00e7os <strong>Ottawa<\/strong> \u00e9s l&#8217;elecci\u00f3 ideal per als qui busquen un mobiliari que no sols ofereixi eleg\u00e0ncia i confort, sin\u00f3 tamb\u00e9 durabilitat i un estil distintiu. La seva estructura d&#8217;alumini pintat est\u00e0 disponible en tres colors sofisticats: <strong>deco roure natural, negre i deco stone<\/strong>. Cadascun d&#8217;aquests tons aporta una est\u00e8tica \u00fanica, adaptant-se amb facilitat a diversos estils decoratius i entorns, des d&#8217;elegants terrasses fins a moderns interiors.<\/p>\n<h6>Varietat d&#8217;Acabats per a Cada Necessitat<\/h6>\n<p><strong>Ottawa<\/strong> t\u00e9 una varitat d&#8217;acabats disponibles pel seient i el respatller<\/p>\n<ul>\n<li><b>Corda <\/b>en tons crema o gris.<\/li>\n<li><b>Trenat <\/b>en atlas, marr\u00f3 o stone.<\/li>\n<li><strong>Textilene<\/strong> en latte o negre.<\/li>\n<\/ul>\n<h6>Funcionalitat i Estalvi d&#8217;Espai<\/h6>\n<div class=\"traductor-textarea form-group\">\n<div class=\"textarea-desti col-xs-12 col-sm-6\">\n<div class=\"form-control second-textarea\">La cadira de bra\u00e7os Ottawa \u00e9s apilable, una caracter\u00edstica que facilita el seu emmagatzematge i optimitza l&#8217;\u00fas de l&#8217;espai. Aquesta funcionalitat \u00e9s essencial per a establiments d&#8217;hostaleria que tenen una alta circulaci\u00f3 de clients i necessiten maximitzar l&#8217;efici\u00e8ncia en l&#8217;\u00fas de l&#8217;espai.<\/div>\n<\/div>\n<\/div>\n<div class=\"traductor-checkbox form-group\">\n<div class=\"row\">\n<div><\/div>\n<h6 class=\"col-sm-offset-2 col-sm-5\">Eleg\u00e0ncia i Practicitat en Perfecta Harmonia<\/h6>\n<div>\n<div class=\"traductor-textarea form-group\">\n<div class=\"textarea-desti col-xs-12 col-sm-6\">\n<div class=\"form-control second-textarea\">Ottawa \u00e9s ideal per a qualsevol entorn, des de terrasses i jardins fins a \u00e0rees d&#8217;interior, aquesta cadira de bra\u00e7os \u00e9s l&#8217;elecci\u00f3 perfecta per als qui desitgen un mobiliari que compleixi amb totes les expectatives en termes de disseny i rendiment.<\/div>\n<\/div>\n<\/div>\n<div class=\"traductor-checkbox form-group\">\n<div class=\"row\">\n<div class=\"col-sm-offset-2 col-sm-5\"><\/div>\n<\/div>\n<\/div>\n<\/div>\n<\/div>\n<\/div>\n","protected":false},"excerpt":{"rendered":"<p>Ottawa: Eleg\u00e0ncia i Versatilitat amb on Toc Oriental La cadira de bra\u00e7os Ottawa \u00e9s l&#8217;elecci\u00f3 ideal per als qui busquen un mobiliari que no sols ofereixi eleg\u00e0ncia i confort, sin\u00f3 tamb\u00e9 durabilitat i un estil distintiu. La seva estructura d&#8217;alumini pintat est\u00e0 disponible en tres colors sofisticats: deco roure natural, negre i deco stone. Cadascun&hellip;<\/p>\n","protected":false},"featured_media":37832,"template":"","meta":{"_acf_changed":false},"product_brand":[],"product_cat":[573,563],"product_tag":[749,640,664,1314],"class_list":{"0":"post-37860","1":"product","2":"type-product","3":"status-publish","4":"has-post-thumbnail","6":"product_cat-cadires-de-bracos-exterior","7":"product_cat-exterior-ca","8":"product_tag-cadira-de-barcos","9":"product_tag-exterior-ca","10":"product_tag-interior-ca","11":"product_tag-ottawa-ca","12":"description-off","14":"first","15":"instock","16":"shipping-taxable","17":"product-type-simple"},"acf":[],"yoast_head":"<!-- This site is optimized with the Yoast SEO plugin v27.0 - https:\/\/yoast.com\/product\/yoast-seo-wordpress\/ -->\n<title>Cadira de bra\u00e7os Ottawa- Navarro Aubanell<\/title>\n<meta name=\"description\" content=\"Cadira de bra\u00e7os Ottawa: elegante, apilable i vers\u00e0til. Ofereix acabats en corda, trenat i textilene, ideal per a exteriors i interiors.\" \/>\n<meta name=\"robots\" content=\"index, follow, max-snippet:-1, max-image-preview:large, max-video-preview:-1\" \/>\n<link rel=\"canonical\" href=\"https:\/\/www.navarroaubanell.com\/ca\/producte\/cadira-de-bracos-ottawa-navarroaubanell\/\" \/>\n<meta property=\"og:locale\" content=\"ca_ES\" \/>\n<meta property=\"og:type\" content=\"article\" \/>\n<meta property=\"og:title\" content=\"Cadira de bra\u00e7os Ottawa- Navarro Aubanell\" \/>\n<meta property=\"og:description\" content=\"Cadira de bra\u00e7os Ottawa: elegante, apilable i vers\u00e0til. Ofereix acabats en corda, trenat i textilene, ideal per a exteriors i interiors.\" \/>\n<meta property=\"og:url\" content=\"https:\/\/www.navarroaubanell.com\/ca\/producte\/cadira-de-bracos-ottawa-navarroaubanell\/\" \/>\n<meta property=\"og:site_name\" content=\"Navarro Aubanell\" \/>\n<meta property=\"article:modified_time\" content=\"2024-09-16T13:23:41+00:00\" \/>\n<meta property=\"og:image\" content=\"https:\/\/www.navarroaubanell.com\/wp-content\/uploads\/2024\/09\/OSAKA_ROBLENATURAL_TEXTILENE_LATTE_ce-e1726492999910.png\" \/>\n\t<meta property=\"og:image:width\" content=\"800\" \/>\n\t<meta property=\"og:image:height\" content=\"650\" \/>\n\t<meta property=\"og:image:type\" content=\"image\/png\" \/>\n<meta name=\"twitter:label1\" content=\"Est. reading time\" \/>\n\t<meta name=\"twitter:data1\" content=\"2 minutes\" \/>\n<script type=\"application\/ld+json\" class=\"yoast-schema-graph\">{\"@context\":\"https:\/\/schema.org\",\"@graph\":[{\"@type\":\"WebPage\",\"@id\":\"https:\/\/www.navarroaubanell.com\/ca\/producte\/cadira-de-bracos-ottawa-navarroaubanell\/\",\"url\":\"https:\/\/www.navarroaubanell.com\/ca\/producte\/cadira-de-bracos-ottawa-navarroaubanell\/\",\"name\":\"Cadira de bra\u00e7os Ottawa- Navarro Aubanell\",\"isPartOf\":{\"@id\":\"https:\/\/www.navarroaubanell.com\/ca\/#website\"},\"primaryImageOfPage\":{\"@id\":\"https:\/\/www.navarroaubanell.com\/ca\/producte\/cadira-de-bracos-ottawa-navarroaubanell\/#primaryimage\"},\"image\":{\"@id\":\"https:\/\/www.navarroaubanell.com\/ca\/producte\/cadira-de-bracos-ottawa-navarroaubanell\/#primaryimage\"},\"thumbnailUrl\":\"https:\/\/www.navarroaubanell.com\/wp-content\/uploads\/2024\/09\/OSAKA_ROBLENATURAL_TEXTILENE_LATTE_ce-e1726492999910.png\",\"datePublished\":\"2024-09-16T10:50:17+00:00\",\"dateModified\":\"2024-09-16T13:23:41+00:00\",\"description\":\"Cadira de bra\u00e7os Ottawa: elegante, apilable i vers\u00e0til. Ofereix acabats en corda, trenat i textilene, ideal per a exteriors i interiors.\",\"breadcrumb\":{\"@id\":\"https:\/\/www.navarroaubanell.com\/ca\/producte\/cadira-de-bracos-ottawa-navarroaubanell\/#breadcrumb\"},\"inLanguage\":\"ca\",\"potentialAction\":[{\"@type\":\"ReadAction\",\"target\":[\"https:\/\/www.navarroaubanell.com\/ca\/producte\/cadira-de-bracos-ottawa-navarroaubanell\/\"]}]},{\"@type\":\"ImageObject\",\"inLanguage\":\"ca\",\"@id\":\"https:\/\/www.navarroaubanell.com\/ca\/producte\/cadira-de-bracos-ottawa-navarroaubanell\/#primaryimage\",\"url\":\"https:\/\/www.navarroaubanell.com\/wp-content\/uploads\/2024\/09\/OSAKA_ROBLENATURAL_TEXTILENE_LATTE_ce-e1726492999910.png\",\"contentUrl\":\"https:\/\/www.navarroaubanell.com\/wp-content\/uploads\/2024\/09\/OSAKA_ROBLENATURAL_TEXTILENE_LATTE_ce-e1726492999910.png\",\"width\":800,\"height\":650,\"caption\":\"Cadira de bra\u00e7os Ottawa con estructura roble natural y asiento y respaldo textilene latte\"},{\"@type\":\"BreadcrumbList\",\"@id\":\"https:\/\/www.navarroaubanell.com\/ca\/producte\/cadira-de-bracos-ottawa-navarroaubanell\/#breadcrumb\",\"itemListElement\":[{\"@type\":\"ListItem\",\"position\":1,\"name\":\"Portada\",\"item\":\"https:\/\/www.navarroaubanell.com\/ca\/\"},{\"@type\":\"ListItem\",\"position\":2,\"name\":\"Productes\",\"item\":\"https:\/\/www.navarroaubanell.com\/productos\/\"},{\"@type\":\"ListItem\",\"position\":3,\"name\":\"Cadira de bra\u00e7os Ottawa\"}]},{\"@type\":\"WebSite\",\"@id\":\"https:\/\/www.navarroaubanell.com\/ca\/#website\",\"url\":\"https:\/\/www.navarroaubanell.com\/ca\/\",\"name\":\"Navarro Aubanell\",\"description\":\"Mobiliario para hoteler\u00eda, colectividades y oficinas\",\"publisher\":{\"@id\":\"https:\/\/www.navarroaubanell.com\/ca\/#organization\"},\"potentialAction\":[{\"@type\":\"SearchAction\",\"target\":{\"@type\":\"EntryPoint\",\"urlTemplate\":\"https:\/\/www.navarroaubanell.com\/ca\/?s={search_term_string}\"},\"query-input\":{\"@type\":\"PropertyValueSpecification\",\"valueRequired\":true,\"valueName\":\"search_term_string\"}}],\"inLanguage\":\"ca\"},{\"@type\":\"Organization\",\"@id\":\"https:\/\/www.navarroaubanell.com\/ca\/#organization\",\"name\":\"COMERCIAL NAVARRO AUBANELL, S.A\",\"url\":\"https:\/\/www.navarroaubanell.com\/ca\/\",\"logo\":{\"@type\":\"ImageObject\",\"inLanguage\":\"ca\",\"@id\":\"https:\/\/www.navarroaubanell.com\/ca\/#\/schema\/logo\/image\/\",\"url\":\"https:\/\/www.navarroaubanell.com\/wp-content\/uploads\/2017\/07\/logo-navarro-aubuanell.png\",\"contentUrl\":\"https:\/\/www.navarroaubanell.com\/wp-content\/uploads\/2017\/07\/logo-navarro-aubuanell.png\",\"width\":6304,\"height\":1154,\"caption\":\"COMERCIAL NAVARRO AUBANELL, S.A\"},\"image\":{\"@id\":\"https:\/\/www.navarroaubanell.com\/ca\/#\/schema\/logo\/image\/\"}}]}<\/script>\n<!-- \/ Yoast SEO plugin. -->","yoast_head_json":{"title":"Cadira de bra\u00e7os Ottawa- Navarro Aubanell","description":"Cadira de bra\u00e7os Ottawa: elegante, apilable i vers\u00e0til. Ofereix acabats en corda, trenat i textilene, ideal per a exteriors i interiors.","robots":{"index":"index","follow":"follow","max-snippet":"max-snippet:-1","max-image-preview":"max-image-preview:large","max-video-preview":"max-video-preview:-1"},"canonical":"https:\/\/www.navarroaubanell.com\/ca\/producte\/cadira-de-bracos-ottawa-navarroaubanell\/","og_locale":"ca_ES","og_type":"article","og_title":"Cadira de bra\u00e7os Ottawa- Navarro Aubanell","og_description":"Cadira de bra\u00e7os Ottawa: elegante, apilable i vers\u00e0til. Ofereix acabats en corda, trenat i textilene, ideal per a exteriors i interiors.","og_url":"https:\/\/www.navarroaubanell.com\/ca\/producte\/cadira-de-bracos-ottawa-navarroaubanell\/","og_site_name":"Navarro Aubanell","article_modified_time":"2024-09-16T13:23:41+00:00","og_image":[{"width":800,"height":650,"url":"https:\/\/www.navarroaubanell.com\/wp-content\/uploads\/2024\/09\/OSAKA_ROBLENATURAL_TEXTILENE_LATTE_ce-e1726492999910.png","type":"image\/png"}],"twitter_misc":{"Est. reading time":"2 minutes"},"schema":{"@context":"https:\/\/schema.org","@graph":[{"@type":"WebPage","@id":"https:\/\/www.navarroaubanell.com\/ca\/producte\/cadira-de-bracos-ottawa-navarroaubanell\/","url":"https:\/\/www.navarroaubanell.com\/ca\/producte\/cadira-de-bracos-ottawa-navarroaubanell\/","name":"Cadira de bra\u00e7os Ottawa- Navarro Aubanell","isPartOf":{"@id":"https:\/\/www.navarroaubanell.com\/ca\/#website"},"primaryImageOfPage":{"@id":"https:\/\/www.navarroaubanell.com\/ca\/producte\/cadira-de-bracos-ottawa-navarroaubanell\/#primaryimage"},"image":{"@id":"https:\/\/www.navarroaubanell.com\/ca\/producte\/cadira-de-bracos-ottawa-navarroaubanell\/#primaryimage"},"thumbnailUrl":"https:\/\/www.navarroaubanell.com\/wp-content\/uploads\/2024\/09\/OSAKA_ROBLENATURAL_TEXTILENE_LATTE_ce-e1726492999910.png","datePublished":"2024-09-16T10:50:17+00:00","dateModified":"2024-09-16T13:23:41+00:00","description":"Cadira de bra\u00e7os Ottawa: elegante, apilable i vers\u00e0til. Ofereix acabats en corda, trenat i textilene, ideal per a exteriors i interiors.","breadcrumb":{"@id":"https:\/\/www.navarroaubanell.com\/ca\/producte\/cadira-de-bracos-ottawa-navarroaubanell\/#breadcrumb"},"inLanguage":"ca","potentialAction":[{"@type":"ReadAction","target":["https:\/\/www.navarroaubanell.com\/ca\/producte\/cadira-de-bracos-ottawa-navarroaubanell\/"]}]},{"@type":"ImageObject","inLanguage":"ca","@id":"https:\/\/www.navarroaubanell.com\/ca\/producte\/cadira-de-bracos-ottawa-navarroaubanell\/#primaryimage","url":"https:\/\/www.navarroaubanell.com\/wp-content\/uploads\/2024\/09\/OSAKA_ROBLENATURAL_TEXTILENE_LATTE_ce-e1726492999910.png","contentUrl":"https:\/\/www.navarroaubanell.com\/wp-content\/uploads\/2024\/09\/OSAKA_ROBLENATURAL_TEXTILENE_LATTE_ce-e1726492999910.png","width":800,"height":650,"caption":"Cadira de bra\u00e7os Ottawa con estructura roble natural y asiento y respaldo textilene latte"},{"@type":"BreadcrumbList","@id":"https:\/\/www.navarroaubanell.com\/ca\/producte\/cadira-de-bracos-ottawa-navarroaubanell\/#breadcrumb","itemListElement":[{"@type":"ListItem","position":1,"name":"Portada","item":"https:\/\/www.navarroaubanell.com\/ca\/"},{"@type":"ListItem","position":2,"name":"Productes","item":"https:\/\/www.navarroaubanell.com\/productos\/"},{"@type":"ListItem","position":3,"name":"Cadira de bra\u00e7os Ottawa"}]},{"@type":"WebSite","@id":"https:\/\/www.navarroaubanell.com\/ca\/#website","url":"https:\/\/www.navarroaubanell.com\/ca\/","name":"Navarro Aubanell","description":"Mobiliario para hoteler\u00eda, colectividades y oficinas","publisher":{"@id":"https:\/\/www.navarroaubanell.com\/ca\/#organization"},"potentialAction":[{"@type":"SearchAction","target":{"@type":"EntryPoint","urlTemplate":"https:\/\/www.navarroaubanell.com\/ca\/?s={search_term_string}"},"query-input":{"@type":"PropertyValueSpecification","valueRequired":true,"valueName":"search_term_string"}}],"inLanguage":"ca"},{"@type":"Organization","@id":"https:\/\/www.navarroaubanell.com\/ca\/#organization","name":"COMERCIAL NAVARRO AUBANELL, S.A","url":"https:\/\/www.navarroaubanell.com\/ca\/","logo":{"@type":"ImageObject","inLanguage":"ca","@id":"https:\/\/www.navarroaubanell.com\/ca\/#\/schema\/logo\/image\/","url":"https:\/\/www.navarroaubanell.com\/wp-content\/uploads\/2017\/07\/logo-navarro-aubuanell.png","contentUrl":"https:\/\/www.navarroaubanell.com\/wp-content\/uploads\/2017\/07\/logo-navarro-aubuanell.png","width":6304,"height":1154,"caption":"COMERCIAL NAVARRO AUBANELL, S.A"},"image":{"@id":"https:\/\/www.navarroaubanell.com\/ca\/#\/schema\/logo\/image\/"}}]}},"_links":{"self":[{"href":"https:\/\/www.navarroaubanell.com\/ca\/wp-json\/wp\/v2\/product\/37860","targetHints":{"allow":["GET"]}}],"collection":[{"href":"https:\/\/www.navarroaubanell.com\/ca\/wp-json\/wp\/v2\/product"}],"about":[{"href":"https:\/\/www.navarroaubanell.com\/ca\/wp-json\/wp\/v2\/types\/product"}],"wp:featuredmedia":[{"embeddable":true,"href":"https:\/\/www.navarroaubanell.com\/ca\/wp-json\/wp\/v2\/media\/37832"}],"wp:attachment":[{"href":"https:\/\/www.navarroaubanell.com\/ca\/wp-json\/wp\/v2\/media?parent=37860"}],"wp:term":[{"taxonomy":"product_brand","embeddable":true,"href":"https:\/\/www.navarroaubanell.com\/ca\/wp-json\/wp\/v2\/product_brand?post=37860"},{"taxonomy":"product_cat","embeddable":true,"href":"https:\/\/www.navarroaubanell.com\/ca\/wp-json\/wp\/v2\/product_cat?post=37860"},{"taxonomy":"product_tag","embeddable":true,"href":"https:\/\/www.navarroaubanell.com\/ca\/wp-json\/wp\/v2\/product_tag?post=37860"}],"curies":[{"name":"wp","href":"https:\/\/api.w.org\/{rel}","templated":true}]}}