{"id":37755,"date":"2024-09-12T10:29:07","date_gmt":"2024-09-12T08:29:07","guid":{"rendered":"https:\/\/www.navarroaubanell.com\/producto\/igloo-barra-modular-pedrali-navarroaubanell\/"},"modified":"2024-09-12T11:01:55","modified_gmt":"2024-09-12T09:01:55","slug":"igloo-barra-modular-pedrali-navarroaubanell","status":"publish","type":"product","link":"https:\/\/www.navarroaubanell.com\/ca\/producte\/igloo-barra-modular-pedrali-navarroaubanell\/","title":{"rendered":"Igloo"},"content":{"rendered":"<h6><strong>gloo: La Barra Modular que Revoluciona el Servei de Begudes<\/strong><\/h6>\n<div>La col\u00b7lecci\u00f3 <strong>Igloo<\/strong> transforma la tradicional c\u00fapula de neu esquimal en una barra de bar modular amb un disseny elegant i polit. Fabricada en polietil\u00e8 mitjan\u00e7ant l&#8217;emmotllament rotacional, \u00e9s resistent i dissenyada per a adaptar-se a qualsevol espai, ja sigui interior o exterior. Ideal per a locals i serveis de caterings. Igloo combina funcionalitat i estil modern, oferint solucions vers\u00e0tils que es complementen entre si.<\/div>\n<h6>Models:<\/h6>\n<ul>\n<li><a href=\"https:\/\/cdn-assets.pedrali.com\/media\/pedrali\/media\/assets\/originals\/documenti\/st\/st-igloo-workstation.pdf\"><strong>Igloo Workstation<\/strong>:<\/a> Estaci\u00f3 definitiva per a la preparaci\u00f3 de c\u00f2ctels, ideal per a bars i servei d&#8217;\u00e0pats. Inclou una placa d&#8217;acer inoxidable amb contenidors per a gel i fruita seca, taula de tall de polietil\u00e8, dip\u00f2sit amb kit de drenatge i ampoller d&#8217;acer evernissat. Fabricada en polietil\u00e8 amb protecci\u00f3 anti raigs UV.<\/li>\n<li><a href=\"https:\/\/cdn-assets.pedrali.com\/media\/pedrali\/media\/assets\/originals\/documenti\/t-i\/t-igloo-corner.pdf\"><strong>Igloo\u00a0Corner:<\/strong> <\/a>M\u00f2dul que complementa al\u00a0Workstation\u00a0i al m\u00f2dul lineal. Fabricat en polietil\u00e8 amb protecci\u00f3 anti raigs UV, inclou un pla de treball en xapa d&#8217;acer pintada amb poli\u00e8ster blanc.<\/li>\n<li><a href=\"https:\/\/cdn-assets.pedrali.com\/media\/pedrali\/media\/assets\/originals\/documenti\/st\/st-igloo-consolle.pdf\"><strong>Igloo\u00a0Consolle<\/strong>:<\/a> Barra modular composta per dos m\u00f2duls de polietil\u00e8 amb sobre de treball en acer blanc. Inclou un sobre de treball en acer envernissat blanc, prestatgeries de xapa pintada per a emmagatzematge i tacs de tecnopol\u00edmer per a estabilitat.<\/li>\n<li><a href=\"https:\/\/cdn-assets.pedrali.com\/media\/pedrali\/media\/assets\/originals\/documenti\/st\/st-igloo-igl-bi-rip-bi.pdf\"><strong>Igloo\u00a0Lineal<\/strong>:<\/a> M\u00f2dul de polietil\u00e8 amb refor\u00e7 anti raigs UV. Disposa d&#8217;un sobre de treball d&#8217;acer galvanitzat blanc i prestatgeries de xapa pintada, la qual cosa garanteix una superf\u00edcie resistent i de f\u00e0cil manteniment. Personalitzable amb sobres en metacrilat, sobres interns en acer.<\/li>\n<\/ul>\n<p>Les barres de bar modulars disposen d&#8217;un set d&#8217;il\u00b7luminaci\u00f3 addicional que modernitzen l&#8217;entorn en el qual es troben. Amb Igloo, tindr\u00e0s una barra modular que no sols s&#8217;adapta a les teves necessitats, sin\u00f3 que tamb\u00e9 afegeix un toc d&#8217;innovador i de sofisticaci\u00f3 a qualsevol espai, ja sigui en interiors o exteriors.<\/p>\n","protected":false},"excerpt":{"rendered":"<p>gloo: La Barra Modular que Revoluciona el Servei de Begudes La col\u00b7lecci\u00f3 Igloo transforma la tradicional c\u00fapula de neu esquimal en una barra de bar modular amb un disseny elegant i polit. Fabricada en polietil\u00e8 mitjan\u00e7ant l&#8217;emmotllament rotacional, \u00e9s resistent i dissenyada per a adaptar-se a qualsevol espai, ja sigui interior o exterior. Ideal per&hellip;<\/p>\n","protected":false},"featured_media":37753,"template":"","meta":{"_acf_changed":false},"product_brand":[],"product_cat":[1296,1693,518,1274],"product_tag":[1263,1300,1301,640,1304,664,729],"class_list":{"0":"post-37755","1":"product","2":"type-product","3":"status-publish","4":"has-post-thumbnail","6":"product_cat-barres-de-bar","7":"product_cat-chill-out-2-ca","8":"product_cat-accessoris","9":"product_cat-illuminacio","10":"product_tag-anti-rayos-uv-ca","11":"product_tag-barra-de-bar-ca","12":"product_tag-barra-modular-ca","13":"product_tag-exterior-ca","14":"product_tag-igloo-ca","15":"product_tag-interior-ca","16":"product_tag-pedrali-ca","17":"description-off","19":"first","20":"instock","21":"shipping-taxable","22":"product-type-simple"},"acf":[],"yoast_head":"<!-- This site is optimized with the Yoast SEO plugin v27.0 - https:\/\/yoast.com\/product\/yoast-seo-wordpress\/ -->\n<title>Igloo, barra modular de Pedrali- Navarro Aubanell<\/title>\n<meta name=\"description\" content=\"Igloo \u00e9s una barra modular de polietil\u00e8 vers\u00e0til i resistent, ideal per a locals i servei d&#039;\u00e0pats, amb disseny modern i funcional.\" \/>\n<meta name=\"robots\" content=\"index, follow, max-snippet:-1, max-image-preview:large, max-video-preview:-1\" \/>\n<link rel=\"canonical\" href=\"https:\/\/www.navarroaubanell.com\/ca\/producte\/igloo-barra-modular-pedrali-navarroaubanell\/\" \/>\n<meta property=\"og:locale\" content=\"ca_ES\" \/>\n<meta property=\"og:type\" content=\"article\" \/>\n<meta property=\"og:title\" content=\"Igloo, barra modular de Pedrali- Navarro Aubanell\" \/>\n<meta property=\"og:description\" content=\"Igloo \u00e9s una barra modular de polietil\u00e8 vers\u00e0til i resistent, ideal per a locals i servei d&#039;\u00e0pats, amb disseny modern i funcional.\" \/>\n<meta property=\"og:url\" content=\"https:\/\/www.navarroaubanell.com\/ca\/producte\/igloo-barra-modular-pedrali-navarroaubanell\/\" \/>\n<meta property=\"og:site_name\" content=\"Navarro Aubanell\" \/>\n<meta property=\"article:modified_time\" content=\"2024-09-12T09:01:55+00:00\" \/>\n<meta property=\"og:image\" content=\"https:\/\/www.navarroaubanell.com\/wp-content\/uploads\/2024\/09\/Sin-nombre-2.png\" \/>\n\t<meta property=\"og:image:width\" content=\"800\" \/>\n\t<meta property=\"og:image:height\" content=\"650\" \/>\n\t<meta property=\"og:image:type\" content=\"image\/png\" \/>\n<meta name=\"twitter:label1\" content=\"Est. reading time\" \/>\n\t<meta name=\"twitter:data1\" content=\"2 minutes\" \/>\n<script type=\"application\/ld+json\" class=\"yoast-schema-graph\">{\"@context\":\"https:\/\/schema.org\",\"@graph\":[{\"@type\":\"WebPage\",\"@id\":\"https:\/\/www.navarroaubanell.com\/ca\/producte\/igloo-barra-modular-pedrali-navarroaubanell\/\",\"url\":\"https:\/\/www.navarroaubanell.com\/ca\/producte\/igloo-barra-modular-pedrali-navarroaubanell\/\",\"name\":\"Igloo, barra modular de Pedrali- Navarro Aubanell\",\"isPartOf\":{\"@id\":\"https:\/\/www.navarroaubanell.com\/ca\/#website\"},\"primaryImageOfPage\":{\"@id\":\"https:\/\/www.navarroaubanell.com\/ca\/producte\/igloo-barra-modular-pedrali-navarroaubanell\/#primaryimage\"},\"image\":{\"@id\":\"https:\/\/www.navarroaubanell.com\/ca\/producte\/igloo-barra-modular-pedrali-navarroaubanell\/#primaryimage\"},\"thumbnailUrl\":\"https:\/\/www.navarroaubanell.com\/wp-content\/uploads\/2024\/09\/Sin-nombre-2.png\",\"datePublished\":\"2024-09-12T08:29:07+00:00\",\"dateModified\":\"2024-09-12T09:01:55+00:00\",\"description\":\"Igloo \u00e9s una barra modular de polietil\u00e8 vers\u00e0til i resistent, ideal per a locals i servei d'\u00e0pats, amb disseny modern i funcional.\",\"breadcrumb\":{\"@id\":\"https:\/\/www.navarroaubanell.com\/ca\/producte\/igloo-barra-modular-pedrali-navarroaubanell\/#breadcrumb\"},\"inLanguage\":\"ca\",\"potentialAction\":[{\"@type\":\"ReadAction\",\"target\":[\"https:\/\/www.navarroaubanell.com\/ca\/producte\/igloo-barra-modular-pedrali-navarroaubanell\/\"]}]},{\"@type\":\"ImageObject\",\"inLanguage\":\"ca\",\"@id\":\"https:\/\/www.navarroaubanell.com\/ca\/producte\/igloo-barra-modular-pedrali-navarroaubanell\/#primaryimage\",\"url\":\"https:\/\/www.navarroaubanell.com\/wp-content\/uploads\/2024\/09\/Sin-nombre-2.png\",\"contentUrl\":\"https:\/\/www.navarroaubanell.com\/wp-content\/uploads\/2024\/09\/Sin-nombre-2.png\",\"width\":800,\"height\":650,\"caption\":\"Barra de bar modular Igoo en ambiente\"},{\"@type\":\"BreadcrumbList\",\"@id\":\"https:\/\/www.navarroaubanell.com\/ca\/producte\/igloo-barra-modular-pedrali-navarroaubanell\/#breadcrumb\",\"itemListElement\":[{\"@type\":\"ListItem\",\"position\":1,\"name\":\"Portada\",\"item\":\"https:\/\/www.navarroaubanell.com\/ca\/\"},{\"@type\":\"ListItem\",\"position\":2,\"name\":\"Productes\",\"item\":\"https:\/\/www.navarroaubanell.com\/productos\/\"},{\"@type\":\"ListItem\",\"position\":3,\"name\":\"Igloo\"}]},{\"@type\":\"WebSite\",\"@id\":\"https:\/\/www.navarroaubanell.com\/ca\/#website\",\"url\":\"https:\/\/www.navarroaubanell.com\/ca\/\",\"name\":\"Navarro Aubanell\",\"description\":\"Mobiliario para hoteler\u00eda, colectividades y oficinas\",\"publisher\":{\"@id\":\"https:\/\/www.navarroaubanell.com\/ca\/#organization\"},\"potentialAction\":[{\"@type\":\"SearchAction\",\"target\":{\"@type\":\"EntryPoint\",\"urlTemplate\":\"https:\/\/www.navarroaubanell.com\/ca\/?s={search_term_string}\"},\"query-input\":{\"@type\":\"PropertyValueSpecification\",\"valueRequired\":true,\"valueName\":\"search_term_string\"}}],\"inLanguage\":\"ca\"},{\"@type\":\"Organization\",\"@id\":\"https:\/\/www.navarroaubanell.com\/ca\/#organization\",\"name\":\"COMERCIAL NAVARRO AUBANELL, S.A\",\"url\":\"https:\/\/www.navarroaubanell.com\/ca\/\",\"logo\":{\"@type\":\"ImageObject\",\"inLanguage\":\"ca\",\"@id\":\"https:\/\/www.navarroaubanell.com\/ca\/#\/schema\/logo\/image\/\",\"url\":\"https:\/\/www.navarroaubanell.com\/wp-content\/uploads\/2017\/07\/logo-navarro-aubuanell.png\",\"contentUrl\":\"https:\/\/www.navarroaubanell.com\/wp-content\/uploads\/2017\/07\/logo-navarro-aubuanell.png\",\"width\":6304,\"height\":1154,\"caption\":\"COMERCIAL NAVARRO AUBANELL, S.A\"},\"image\":{\"@id\":\"https:\/\/www.navarroaubanell.com\/ca\/#\/schema\/logo\/image\/\"}}]}<\/script>\n<!-- \/ Yoast SEO plugin. -->","yoast_head_json":{"title":"Igloo, barra modular de Pedrali- Navarro Aubanell","description":"Igloo \u00e9s una barra modular de polietil\u00e8 vers\u00e0til i resistent, ideal per a locals i servei d'\u00e0pats, amb disseny modern i funcional.","robots":{"index":"index","follow":"follow","max-snippet":"max-snippet:-1","max-image-preview":"max-image-preview:large","max-video-preview":"max-video-preview:-1"},"canonical":"https:\/\/www.navarroaubanell.com\/ca\/producte\/igloo-barra-modular-pedrali-navarroaubanell\/","og_locale":"ca_ES","og_type":"article","og_title":"Igloo, barra modular de Pedrali- Navarro Aubanell","og_description":"Igloo \u00e9s una barra modular de polietil\u00e8 vers\u00e0til i resistent, ideal per a locals i servei d'\u00e0pats, amb disseny modern i funcional.","og_url":"https:\/\/www.navarroaubanell.com\/ca\/producte\/igloo-barra-modular-pedrali-navarroaubanell\/","og_site_name":"Navarro Aubanell","article_modified_time":"2024-09-12T09:01:55+00:00","og_image":[{"width":800,"height":650,"url":"https:\/\/www.navarroaubanell.com\/wp-content\/uploads\/2024\/09\/Sin-nombre-2.png","type":"image\/png"}],"twitter_misc":{"Est. reading time":"2 minutes"},"schema":{"@context":"https:\/\/schema.org","@graph":[{"@type":"WebPage","@id":"https:\/\/www.navarroaubanell.com\/ca\/producte\/igloo-barra-modular-pedrali-navarroaubanell\/","url":"https:\/\/www.navarroaubanell.com\/ca\/producte\/igloo-barra-modular-pedrali-navarroaubanell\/","name":"Igloo, barra modular de Pedrali- Navarro Aubanell","isPartOf":{"@id":"https:\/\/www.navarroaubanell.com\/ca\/#website"},"primaryImageOfPage":{"@id":"https:\/\/www.navarroaubanell.com\/ca\/producte\/igloo-barra-modular-pedrali-navarroaubanell\/#primaryimage"},"image":{"@id":"https:\/\/www.navarroaubanell.com\/ca\/producte\/igloo-barra-modular-pedrali-navarroaubanell\/#primaryimage"},"thumbnailUrl":"https:\/\/www.navarroaubanell.com\/wp-content\/uploads\/2024\/09\/Sin-nombre-2.png","datePublished":"2024-09-12T08:29:07+00:00","dateModified":"2024-09-12T09:01:55+00:00","description":"Igloo \u00e9s una barra modular de polietil\u00e8 vers\u00e0til i resistent, ideal per a locals i servei d'\u00e0pats, amb disseny modern i funcional.","breadcrumb":{"@id":"https:\/\/www.navarroaubanell.com\/ca\/producte\/igloo-barra-modular-pedrali-navarroaubanell\/#breadcrumb"},"inLanguage":"ca","potentialAction":[{"@type":"ReadAction","target":["https:\/\/www.navarroaubanell.com\/ca\/producte\/igloo-barra-modular-pedrali-navarroaubanell\/"]}]},{"@type":"ImageObject","inLanguage":"ca","@id":"https:\/\/www.navarroaubanell.com\/ca\/producte\/igloo-barra-modular-pedrali-navarroaubanell\/#primaryimage","url":"https:\/\/www.navarroaubanell.com\/wp-content\/uploads\/2024\/09\/Sin-nombre-2.png","contentUrl":"https:\/\/www.navarroaubanell.com\/wp-content\/uploads\/2024\/09\/Sin-nombre-2.png","width":800,"height":650,"caption":"Barra de bar modular Igoo en ambiente"},{"@type":"BreadcrumbList","@id":"https:\/\/www.navarroaubanell.com\/ca\/producte\/igloo-barra-modular-pedrali-navarroaubanell\/#breadcrumb","itemListElement":[{"@type":"ListItem","position":1,"name":"Portada","item":"https:\/\/www.navarroaubanell.com\/ca\/"},{"@type":"ListItem","position":2,"name":"Productes","item":"https:\/\/www.navarroaubanell.com\/productos\/"},{"@type":"ListItem","position":3,"name":"Igloo"}]},{"@type":"WebSite","@id":"https:\/\/www.navarroaubanell.com\/ca\/#website","url":"https:\/\/www.navarroaubanell.com\/ca\/","name":"Navarro Aubanell","description":"Mobiliario para hoteler\u00eda, colectividades y oficinas","publisher":{"@id":"https:\/\/www.navarroaubanell.com\/ca\/#organization"},"potentialAction":[{"@type":"SearchAction","target":{"@type":"EntryPoint","urlTemplate":"https:\/\/www.navarroaubanell.com\/ca\/?s={search_term_string}"},"query-input":{"@type":"PropertyValueSpecification","valueRequired":true,"valueName":"search_term_string"}}],"inLanguage":"ca"},{"@type":"Organization","@id":"https:\/\/www.navarroaubanell.com\/ca\/#organization","name":"COMERCIAL NAVARRO AUBANELL, S.A","url":"https:\/\/www.navarroaubanell.com\/ca\/","logo":{"@type":"ImageObject","inLanguage":"ca","@id":"https:\/\/www.navarroaubanell.com\/ca\/#\/schema\/logo\/image\/","url":"https:\/\/www.navarroaubanell.com\/wp-content\/uploads\/2017\/07\/logo-navarro-aubuanell.png","contentUrl":"https:\/\/www.navarroaubanell.com\/wp-content\/uploads\/2017\/07\/logo-navarro-aubuanell.png","width":6304,"height":1154,"caption":"COMERCIAL NAVARRO AUBANELL, S.A"},"image":{"@id":"https:\/\/www.navarroaubanell.com\/ca\/#\/schema\/logo\/image\/"}}]}},"_links":{"self":[{"href":"https:\/\/www.navarroaubanell.com\/ca\/wp-json\/wp\/v2\/product\/37755","targetHints":{"allow":["GET"]}}],"collection":[{"href":"https:\/\/www.navarroaubanell.com\/ca\/wp-json\/wp\/v2\/product"}],"about":[{"href":"https:\/\/www.navarroaubanell.com\/ca\/wp-json\/wp\/v2\/types\/product"}],"wp:featuredmedia":[{"embeddable":true,"href":"https:\/\/www.navarroaubanell.com\/ca\/wp-json\/wp\/v2\/media\/37753"}],"wp:attachment":[{"href":"https:\/\/www.navarroaubanell.com\/ca\/wp-json\/wp\/v2\/media?parent=37755"}],"wp:term":[{"taxonomy":"product_brand","embeddable":true,"href":"https:\/\/www.navarroaubanell.com\/ca\/wp-json\/wp\/v2\/product_brand?post=37755"},{"taxonomy":"product_cat","embeddable":true,"href":"https:\/\/www.navarroaubanell.com\/ca\/wp-json\/wp\/v2\/product_cat?post=37755"},{"taxonomy":"product_tag","embeddable":true,"href":"https:\/\/www.navarroaubanell.com\/ca\/wp-json\/wp\/v2\/product_tag?post=37755"}],"curies":[{"name":"wp","href":"https:\/\/api.w.org\/{rel}","templated":true}]}}