{"id":37207,"date":"2024-09-05T08:59:08","date_gmt":"2024-09-05T06:59:08","guid":{"rendered":"https:\/\/www.navarroaubanell.com\/producto\/mesa-blume-pedrali-navarroaubanell\/"},"modified":"2024-09-05T09:31:12","modified_gmt":"2024-09-05T07:31:12","slug":"taula-blume-pedrali-navarroaubanell","status":"publish","type":"product","link":"https:\/\/www.navarroaubanell.com\/ca\/producte\/taula-blume-pedrali-navarroaubanell\/","title":{"rendered":"Taula Blume"},"content":{"rendered":"<div>\n<p>Descobreix l&#8217;eleg\u00e0ncia i versatilitat de la taula Blume, una obra mestra del disseny contemporani. Inspirada en l\u00ednies refinades, la seva ess\u00e8ncia es destaca en l&#8217;exclusiva columna d&#8217;alumini extruit amb una distintiva silueta floral, que li confereix un estil \u00fanic. Aquesta pe\u00e7a no sols \u00e9s un gust visual, sin\u00f3 que s&#8217;adapta a qualsevol ambient gr\u00e0cies a les seves m\u00faltiples opcions d&#8217;anoditzat i colors en vern\u00eds, que combinen a la perfecci\u00f3 amb sobres d&#8217;aglomerat de marbre o altres materials innovadors.<\/p>\n<p>La taula Blume no \u00e9s sol disseny; la seva base en ferro colat sorrejat o en acer garanteix resist\u00e8ncia i durabilitat. La columna d&#8217;alumini extruit t\u00e9 un acabat en vern\u00eds en pols disponible en una \u00e0mplia gamma de colors, mentre que per a uns acabats m\u00e9s sofisticats t\u00e9 disponible els acabats en llaut\u00f3 o bronze envellits. A m\u00e9s, la seva estructura es completa amb tacs de tecnopol\u00edmer o polietil\u00e8 regulables per a una protecci\u00f3 i estabilitat \u00f2ptimes.<\/p>\n<p>La creuera que subjecta el sobre, tamb\u00e9 est\u00e0 fabricada amb ferro colat sorrejat acabat amb un vern\u00eds en pols. Els sobres poden ser de marbre o d&#8217;altres materials innovadors.<\/p>\n<p>La taula Blume no sols ofereix una \u00e0mplia varietat de mides i estils per a adaptar-se a qualsevol espai, sin\u00f3 que gr\u00e0cies a les diferents mides, cadascun d&#8217;aquests models ofereix una opci\u00f3 de taula auxiliar.<\/p>\n<h6>Models disponibles:<\/h6>\n<ul>\n<li><a href=\"https:\/\/cdn-assets.pedrali.com\/media\/pedrali\/media\/assets\/originals\/documenti\/st\/st-blume-5510-5511-5520-5521.pdf\"><strong>5510-5511<\/strong>:<\/a> Taula amb base central rodona de \u00d8 400 mm, ideal per a sobres de fins a \u00d8 700 mm.<\/li>\n<li><a href=\"https:\/\/cdn-assets.pedrali.com\/media\/pedrali\/media\/assets\/originals\/documenti\/st\/st-blume-5510-5511-5520-5521.pdf\"><strong>5520-5521<\/strong>:<\/a> Taula amb base central rodona de \u00d8 450 mm, dissenyada per a suportar sobres de fins a \u00d8 900 mm.<\/li>\n<li><a href=\"https:\/\/cdn-assets.pedrali.com\/media\/pedrali\/media\/assets\/originals\/documenti\/st\/st-blume-5540-5541.pdf\"><strong>5540-5541<\/strong><\/a>: Taula amb base central quadrada de 400&#215;400 mm, suportant sobres de fins a 900&#215;900 mm.<\/li>\n<li><a href=\"https:\/\/cdn-assets.pedrali.com\/media\/pedrali\/media\/assets\/originals\/documenti\/st\/st-blume-5530-5531.pdf\"><strong>5530-5531<\/strong>:<\/a> Taula amb base rodona de \u00d8 600 mm, ideal per a sobres de fins a \u00d81100 mm.<\/li>\n<\/ul>\n<\/div>\n<div><\/div>\n<div><\/div>\n","protected":false},"excerpt":{"rendered":"<p>Descobreix l&#8217;eleg\u00e0ncia i versatilitat de la taula Blume, una obra mestra del disseny contemporani. Inspirada en l\u00ednies refinades, la seva ess\u00e8ncia es destaca en l&#8217;exclusiva columna d&#8217;alumini extruit amb una distintiva silueta floral, que li confereix un estil \u00fanic. Aquesta pe\u00e7a no sols \u00e9s un gust visual, sin\u00f3 que s&#8217;adapta a qualsevol ambient gr\u00e0cies a&hellip;<\/p>\n","protected":false},"featured_media":37182,"template":"","meta":{"_acf_changed":false},"product_brand":[],"product_cat":[529,530],"product_tag":[1266,664,729,695,696],"class_list":{"0":"post-37207","1":"product","2":"type-product","3":"status-publish","4":"has-post-thumbnail","6":"product_cat-taules","7":"product_cat-taules-auxiliars","8":"product_tag-blume-ca","9":"product_tag-interior-ca","10":"product_tag-pedrali-ca","11":"product_tag-taula","12":"product_tag-taula-auxiliar","13":"description-off","15":"first","16":"instock","17":"shipping-taxable","18":"product-type-simple"},"acf":[],"yoast_head":"<!-- This site is optimized with the Yoast SEO plugin v27.0 - https:\/\/yoast.com\/product\/yoast-seo-wordpress\/ -->\n<title>Taula Blume, Pedrali- Navarro Aubanell<\/title>\n<meta name=\"description\" content=\"La taula Blume combina disseny elegant i funcionalitat, amb acabats personalitzats i m\u00faltiples grand\u00e0ries, ideal per a qualsevol espai interior modern.\" \/>\n<meta name=\"robots\" content=\"index, follow, max-snippet:-1, max-image-preview:large, max-video-preview:-1\" \/>\n<link rel=\"canonical\" href=\"https:\/\/www.navarroaubanell.com\/ca\/producte\/taula-blume-pedrali-navarroaubanell\/\" \/>\n<meta property=\"og:locale\" content=\"ca_ES\" \/>\n<meta property=\"og:type\" content=\"article\" \/>\n<meta property=\"og:title\" content=\"Taula Blume, Pedrali- Navarro Aubanell\" \/>\n<meta property=\"og:description\" content=\"La taula Blume combina disseny elegant i funcionalitat, amb acabats personalitzats i m\u00faltiples grand\u00e0ries, ideal per a qualsevol espai interior modern.\" \/>\n<meta property=\"og:url\" content=\"https:\/\/www.navarroaubanell.com\/ca\/producte\/taula-blume-pedrali-navarroaubanell\/\" \/>\n<meta property=\"og:site_name\" content=\"Navarro Aubanell\" \/>\n<meta property=\"article:modified_time\" content=\"2024-09-05T07:31:12+00:00\" \/>\n<meta property=\"og:image\" content=\"https:\/\/www.navarroaubanell.com\/wp-content\/uploads\/2024\/09\/blume-5510-still-10-Photoroom.png\" \/>\n\t<meta property=\"og:image:width\" content=\"881\" \/>\n\t<meta property=\"og:image:height\" content=\"1181\" \/>\n\t<meta property=\"og:image:type\" content=\"image\/png\" \/>\n<meta name=\"twitter:label1\" content=\"Est. reading time\" \/>\n\t<meta name=\"twitter:data1\" content=\"2 minutes\" \/>\n<script type=\"application\/ld+json\" class=\"yoast-schema-graph\">{\"@context\":\"https:\/\/schema.org\",\"@graph\":[{\"@type\":\"WebPage\",\"@id\":\"https:\/\/www.navarroaubanell.com\/ca\/producte\/taula-blume-pedrali-navarroaubanell\/\",\"url\":\"https:\/\/www.navarroaubanell.com\/ca\/producte\/taula-blume-pedrali-navarroaubanell\/\",\"name\":\"Taula Blume, Pedrali- Navarro Aubanell\",\"isPartOf\":{\"@id\":\"https:\/\/www.navarroaubanell.com\/ca\/#website\"},\"primaryImageOfPage\":{\"@id\":\"https:\/\/www.navarroaubanell.com\/ca\/producte\/taula-blume-pedrali-navarroaubanell\/#primaryimage\"},\"image\":{\"@id\":\"https:\/\/www.navarroaubanell.com\/ca\/producte\/taula-blume-pedrali-navarroaubanell\/#primaryimage\"},\"thumbnailUrl\":\"https:\/\/www.navarroaubanell.com\/wp-content\/uploads\/2024\/09\/blume-5510-still-10-Photoroom.png\",\"datePublished\":\"2024-09-05T06:59:08+00:00\",\"dateModified\":\"2024-09-05T07:31:12+00:00\",\"description\":\"La taula Blume combina disseny elegant i funcionalitat, amb acabats personalitzats i m\u00faltiples grand\u00e0ries, ideal per a qualsevol espai interior modern.\",\"breadcrumb\":{\"@id\":\"https:\/\/www.navarroaubanell.com\/ca\/producte\/taula-blume-pedrali-navarroaubanell\/#breadcrumb\"},\"inLanguage\":\"ca\",\"potentialAction\":[{\"@type\":\"ReadAction\",\"target\":[\"https:\/\/www.navarroaubanell.com\/ca\/producte\/taula-blume-pedrali-navarroaubanell\/\"]}]},{\"@type\":\"ImageObject\",\"inLanguage\":\"ca\",\"@id\":\"https:\/\/www.navarroaubanell.com\/ca\/producte\/taula-blume-pedrali-navarroaubanell\/#primaryimage\",\"url\":\"https:\/\/www.navarroaubanell.com\/wp-content\/uploads\/2024\/09\/blume-5510-still-10-Photoroom.png\",\"contentUrl\":\"https:\/\/www.navarroaubanell.com\/wp-content\/uploads\/2024\/09\/blume-5510-still-10-Photoroom.png\",\"width\":881,\"height\":1181,\"caption\":\"Mesa Blume 5510\"},{\"@type\":\"BreadcrumbList\",\"@id\":\"https:\/\/www.navarroaubanell.com\/ca\/producte\/taula-blume-pedrali-navarroaubanell\/#breadcrumb\",\"itemListElement\":[{\"@type\":\"ListItem\",\"position\":1,\"name\":\"Portada\",\"item\":\"https:\/\/www.navarroaubanell.com\/ca\/\"},{\"@type\":\"ListItem\",\"position\":2,\"name\":\"Productes\",\"item\":\"https:\/\/www.navarroaubanell.com\/productos\/\"},{\"@type\":\"ListItem\",\"position\":3,\"name\":\"Taula Blume\"}]},{\"@type\":\"WebSite\",\"@id\":\"https:\/\/www.navarroaubanell.com\/ca\/#website\",\"url\":\"https:\/\/www.navarroaubanell.com\/ca\/\",\"name\":\"Navarro Aubanell\",\"description\":\"Mobiliario para hoteler\u00eda, colectividades y oficinas\",\"publisher\":{\"@id\":\"https:\/\/www.navarroaubanell.com\/ca\/#organization\"},\"potentialAction\":[{\"@type\":\"SearchAction\",\"target\":{\"@type\":\"EntryPoint\",\"urlTemplate\":\"https:\/\/www.navarroaubanell.com\/ca\/?s={search_term_string}\"},\"query-input\":{\"@type\":\"PropertyValueSpecification\",\"valueRequired\":true,\"valueName\":\"search_term_string\"}}],\"inLanguage\":\"ca\"},{\"@type\":\"Organization\",\"@id\":\"https:\/\/www.navarroaubanell.com\/ca\/#organization\",\"name\":\"COMERCIAL NAVARRO AUBANELL, S.A\",\"url\":\"https:\/\/www.navarroaubanell.com\/ca\/\",\"logo\":{\"@type\":\"ImageObject\",\"inLanguage\":\"ca\",\"@id\":\"https:\/\/www.navarroaubanell.com\/ca\/#\/schema\/logo\/image\/\",\"url\":\"https:\/\/www.navarroaubanell.com\/wp-content\/uploads\/2017\/07\/logo-navarro-aubuanell.png\",\"contentUrl\":\"https:\/\/www.navarroaubanell.com\/wp-content\/uploads\/2017\/07\/logo-navarro-aubuanell.png\",\"width\":6304,\"height\":1154,\"caption\":\"COMERCIAL NAVARRO AUBANELL, S.A\"},\"image\":{\"@id\":\"https:\/\/www.navarroaubanell.com\/ca\/#\/schema\/logo\/image\/\"}}]}<\/script>\n<!-- \/ Yoast SEO plugin. -->","yoast_head_json":{"title":"Taula Blume, Pedrali- Navarro Aubanell","description":"La taula Blume combina disseny elegant i funcionalitat, amb acabats personalitzats i m\u00faltiples grand\u00e0ries, ideal per a qualsevol espai interior modern.","robots":{"index":"index","follow":"follow","max-snippet":"max-snippet:-1","max-image-preview":"max-image-preview:large","max-video-preview":"max-video-preview:-1"},"canonical":"https:\/\/www.navarroaubanell.com\/ca\/producte\/taula-blume-pedrali-navarroaubanell\/","og_locale":"ca_ES","og_type":"article","og_title":"Taula Blume, Pedrali- Navarro Aubanell","og_description":"La taula Blume combina disseny elegant i funcionalitat, amb acabats personalitzats i m\u00faltiples grand\u00e0ries, ideal per a qualsevol espai interior modern.","og_url":"https:\/\/www.navarroaubanell.com\/ca\/producte\/taula-blume-pedrali-navarroaubanell\/","og_site_name":"Navarro Aubanell","article_modified_time":"2024-09-05T07:31:12+00:00","og_image":[{"width":881,"height":1181,"url":"https:\/\/www.navarroaubanell.com\/wp-content\/uploads\/2024\/09\/blume-5510-still-10-Photoroom.png","type":"image\/png"}],"twitter_misc":{"Est. reading time":"2 minutes"},"schema":{"@context":"https:\/\/schema.org","@graph":[{"@type":"WebPage","@id":"https:\/\/www.navarroaubanell.com\/ca\/producte\/taula-blume-pedrali-navarroaubanell\/","url":"https:\/\/www.navarroaubanell.com\/ca\/producte\/taula-blume-pedrali-navarroaubanell\/","name":"Taula Blume, Pedrali- Navarro Aubanell","isPartOf":{"@id":"https:\/\/www.navarroaubanell.com\/ca\/#website"},"primaryImageOfPage":{"@id":"https:\/\/www.navarroaubanell.com\/ca\/producte\/taula-blume-pedrali-navarroaubanell\/#primaryimage"},"image":{"@id":"https:\/\/www.navarroaubanell.com\/ca\/producte\/taula-blume-pedrali-navarroaubanell\/#primaryimage"},"thumbnailUrl":"https:\/\/www.navarroaubanell.com\/wp-content\/uploads\/2024\/09\/blume-5510-still-10-Photoroom.png","datePublished":"2024-09-05T06:59:08+00:00","dateModified":"2024-09-05T07:31:12+00:00","description":"La taula Blume combina disseny elegant i funcionalitat, amb acabats personalitzats i m\u00faltiples grand\u00e0ries, ideal per a qualsevol espai interior modern.","breadcrumb":{"@id":"https:\/\/www.navarroaubanell.com\/ca\/producte\/taula-blume-pedrali-navarroaubanell\/#breadcrumb"},"inLanguage":"ca","potentialAction":[{"@type":"ReadAction","target":["https:\/\/www.navarroaubanell.com\/ca\/producte\/taula-blume-pedrali-navarroaubanell\/"]}]},{"@type":"ImageObject","inLanguage":"ca","@id":"https:\/\/www.navarroaubanell.com\/ca\/producte\/taula-blume-pedrali-navarroaubanell\/#primaryimage","url":"https:\/\/www.navarroaubanell.com\/wp-content\/uploads\/2024\/09\/blume-5510-still-10-Photoroom.png","contentUrl":"https:\/\/www.navarroaubanell.com\/wp-content\/uploads\/2024\/09\/blume-5510-still-10-Photoroom.png","width":881,"height":1181,"caption":"Mesa Blume 5510"},{"@type":"BreadcrumbList","@id":"https:\/\/www.navarroaubanell.com\/ca\/producte\/taula-blume-pedrali-navarroaubanell\/#breadcrumb","itemListElement":[{"@type":"ListItem","position":1,"name":"Portada","item":"https:\/\/www.navarroaubanell.com\/ca\/"},{"@type":"ListItem","position":2,"name":"Productes","item":"https:\/\/www.navarroaubanell.com\/productos\/"},{"@type":"ListItem","position":3,"name":"Taula Blume"}]},{"@type":"WebSite","@id":"https:\/\/www.navarroaubanell.com\/ca\/#website","url":"https:\/\/www.navarroaubanell.com\/ca\/","name":"Navarro Aubanell","description":"Mobiliario para hoteler\u00eda, colectividades y oficinas","publisher":{"@id":"https:\/\/www.navarroaubanell.com\/ca\/#organization"},"potentialAction":[{"@type":"SearchAction","target":{"@type":"EntryPoint","urlTemplate":"https:\/\/www.navarroaubanell.com\/ca\/?s={search_term_string}"},"query-input":{"@type":"PropertyValueSpecification","valueRequired":true,"valueName":"search_term_string"}}],"inLanguage":"ca"},{"@type":"Organization","@id":"https:\/\/www.navarroaubanell.com\/ca\/#organization","name":"COMERCIAL NAVARRO AUBANELL, S.A","url":"https:\/\/www.navarroaubanell.com\/ca\/","logo":{"@type":"ImageObject","inLanguage":"ca","@id":"https:\/\/www.navarroaubanell.com\/ca\/#\/schema\/logo\/image\/","url":"https:\/\/www.navarroaubanell.com\/wp-content\/uploads\/2017\/07\/logo-navarro-aubuanell.png","contentUrl":"https:\/\/www.navarroaubanell.com\/wp-content\/uploads\/2017\/07\/logo-navarro-aubuanell.png","width":6304,"height":1154,"caption":"COMERCIAL NAVARRO AUBANELL, S.A"},"image":{"@id":"https:\/\/www.navarroaubanell.com\/ca\/#\/schema\/logo\/image\/"}}]}},"_links":{"self":[{"href":"https:\/\/www.navarroaubanell.com\/ca\/wp-json\/wp\/v2\/product\/37207","targetHints":{"allow":["GET"]}}],"collection":[{"href":"https:\/\/www.navarroaubanell.com\/ca\/wp-json\/wp\/v2\/product"}],"about":[{"href":"https:\/\/www.navarroaubanell.com\/ca\/wp-json\/wp\/v2\/types\/product"}],"wp:featuredmedia":[{"embeddable":true,"href":"https:\/\/www.navarroaubanell.com\/ca\/wp-json\/wp\/v2\/media\/37182"}],"wp:attachment":[{"href":"https:\/\/www.navarroaubanell.com\/ca\/wp-json\/wp\/v2\/media?parent=37207"}],"wp:term":[{"taxonomy":"product_brand","embeddable":true,"href":"https:\/\/www.navarroaubanell.com\/ca\/wp-json\/wp\/v2\/product_brand?post=37207"},{"taxonomy":"product_cat","embeddable":true,"href":"https:\/\/www.navarroaubanell.com\/ca\/wp-json\/wp\/v2\/product_cat?post=37207"},{"taxonomy":"product_tag","embeddable":true,"href":"https:\/\/www.navarroaubanell.com\/ca\/wp-json\/wp\/v2\/product_tag?post=37207"}],"curies":[{"name":"wp","href":"https:\/\/api.w.org\/{rel}","templated":true}]}}