{"id":35545,"date":"2024-07-22T09:06:44","date_gmt":"2024-07-22T08:28:20","guid":{"rendered":"https:\/\/www.navarroaubanell.com\/?post_type=product&#038;p=35545"},"modified":"2024-07-22T10:30:15","modified_gmt":"2024-07-22T08:30:15","slug":"sofa-tribeca-pedrali-navarroaubanell","status":"publish","type":"product","link":"https:\/\/www.navarroaubanell.com\/ca\/producte\/sofa-tribeca-pedrali-navarroaubanell\/","title":{"rendered":"Sof\u00e0 Tribeca"},"content":{"rendered":"<h5>Sof\u00e0\u00a0Tribeca: Eleg\u00e0ncia i Confort per als teus Espais a l&#8217;aire lliure<\/h5>\n<p>El <strong>sof\u00e0 Tribeca<\/strong>, igual que tota la seva <a href=\"https:\/\/www.navarroaubanell.com\/ca\/?post_type=product&amp;p=35543&amp;preview=true\">fam\u00edlia<\/a>, sorgeix dels reconfortants records del passat. \u00c9s una reinterpretaci\u00f3 moderna de les cl\u00e0ssiques cadires de terrassa dels anys seixanta, fabricades en acer amb un elegant trenat. Aquest sof\u00e0 lounge de dues places \u00e9s la combinaci\u00f3 perfecta d&#8217;estil retro i funcionalitat contempor\u00e0nia.<\/p>\n<h6>Disseny Excepcional per a Exteriors<\/h6>\n<p>El <strong>sof\u00e0 Tribeca<\/strong> est\u00e0 dissenyat espec\u00edficament per al seu \u00fas a l&#8217;aire lliure, amb una estructura de tub d&#8217;acer d&#8217;alta resist\u00e8ncia de \u00d820 mm. Aquest acer est\u00e0 electrogalvanitzat i vernissat amb pols espec\u00edfic per a exteriors, la qual cosa garanteix la seva durabilitat i resist\u00e8ncia als elements exteriors. Disponible en 8 colors vibrants, <strong>Tribeca<\/strong> afegeix un toc de color i sofisticaci\u00f3 a qualsevol espai a l&#8217;aire lliure.<\/p>\n<h6>Comoditat i Resist\u00e8ncia<\/h6>\n<p>El respatller i el seient del <strong>sof\u00e0<\/strong> estan trenats verticalment amb PVC extruit, refor\u00e7at amb un nucli de nylon. Aquesta combinaci\u00f3 no sols assegura una gran flexibilitat i confort, sin\u00f3 tamb\u00e9 una notable resist\u00e8ncia i durabilitat, permetent-te gaudir de moments de relax a l&#8217;aire lliure amb total tranquil\u00b7litat.<\/p>\n<h6>Pr\u00e0ctic i Vers\u00e0til<\/h6>\n<p>El <strong>sof\u00e0 Tribeca<\/strong> inclou tacs de polipropil\u00e8 en blanc o negre, que protegeixen tant el sof\u00e0 com la superf\u00edcie en la qual es col\u00b7loca, assegurant la seva longevitat. A m\u00e9s, el seu disseny <strong>apilable<\/strong> el converteix en una opci\u00f3 ideal per als qui necessiten optimitzar l&#8217;espai i facilitar l&#8217;emmagatzematge, sense comprometre la comoditat ni l&#8217;estil.<\/p>\n<h6>Gaudeix de l&#8217;Aire Lliure amb Estil<\/h6>\n<p>El <strong>sof\u00e0 Tribeca<\/strong> \u00e9s m\u00e9s que un simple moble: \u00e9s una declaraci\u00f3 d&#8217;estil i confort per als teus espais a l&#8217;aire lliure. Perfecte per a xerrades al capvespre, relaxaci\u00f3 sota el sol o qualsevol moment de descans, el <strong>sof\u00e0 Tribeca<\/strong> \u00e9s el teu company ideal per a gaudir de la vida a l&#8217;aire lliure amb eleg\u00e0ncia i funcionalitat.<\/p>\n<p><a href=\"https:\/\/cdn-assets.pedrali.com\/media\/pedrali\/media\/assets\/originals\/documenti\/st\/st-tribeca-3666.pdf\">Fitxa t\u00e8cnica<\/a><\/p>\n","protected":false},"excerpt":{"rendered":"<p>Sof\u00e0\u00a0Tribeca: Eleg\u00e0ncia i Confort per als teus Espais a l&#8217;aire lliure El sof\u00e0 Tribeca, igual que tota la seva fam\u00edlia, sorgeix dels reconfortants records del passat. \u00c9s una reinterpretaci\u00f3 moderna de les cl\u00e0ssiques cadires de terrassa dels anys seixanta, fabricades en acer amb un elegant trenat. Aquest sof\u00e0 lounge de dues places \u00e9s la combinaci\u00f3&hellip;<\/p>\n","protected":false},"featured_media":35494,"template":"","meta":{"_acf_changed":false},"product_brand":[],"product_cat":[929],"product_tag":[587,640,720,729,754,1217],"class_list":{"0":"post-35545","1":"product","2":"type-product","3":"status-publish","4":"has-post-thumbnail","6":"product_cat-sofas-exterior-ca","7":"product_tag-apilable-ca","8":"product_tag-exterior-ca","9":"product_tag-outdoor-ca","10":"product_tag-pedrali-ca","11":"product_tag-sofa-ca","12":"product_tag-tribeca-ca","13":"description-off","15":"first","16":"instock","17":"shipping-taxable","18":"product-type-simple"},"acf":[],"yoast_head":"<!-- This site is optimized with the Yoast SEO plugin v27.0 - https:\/\/yoast.com\/product\/yoast-seo-wordpress\/ -->\n<title>Sof\u00e0 Tribeca, Pedrali- Navarro Aubanell<\/title>\n<meta name=\"description\" content=\"Sof\u00e0 Tribeca: disseny retro dels anys 60&#039;, ideal per a exteriors, amb estructura d&#039;acer i trenat de PVC. Apilable, resistent i c\u00f2mode.\" \/>\n<meta name=\"robots\" content=\"index, follow, max-snippet:-1, max-image-preview:large, max-video-preview:-1\" \/>\n<link rel=\"canonical\" href=\"https:\/\/www.navarroaubanell.com\/ca\/producte\/sofa-tribeca-pedrali-navarroaubanell\/\" \/>\n<meta property=\"og:locale\" content=\"ca_ES\" \/>\n<meta property=\"og:type\" content=\"article\" \/>\n<meta property=\"og:title\" content=\"Sof\u00e0 Tribeca, Pedrali- Navarro Aubanell\" \/>\n<meta property=\"og:description\" content=\"Sof\u00e0 Tribeca: disseny retro dels anys 60&#039;, ideal per a exteriors, amb estructura d&#039;acer i trenat de PVC. Apilable, resistent i c\u00f2mode.\" \/>\n<meta property=\"og:url\" content=\"https:\/\/www.navarroaubanell.com\/ca\/producte\/sofa-tribeca-pedrali-navarroaubanell\/\" \/>\n<meta property=\"og:site_name\" content=\"Navarro Aubanell\" \/>\n<meta property=\"article:modified_time\" content=\"2024-07-22T08:30:15+00:00\" \/>\n<meta property=\"og:image\" content=\"https:\/\/www.navarroaubanell.com\/wp-content\/uploads\/2024\/07\/Sofa-Tribeca-3666-5.png\" \/>\n\t<meta property=\"og:image:width\" content=\"881\" \/>\n\t<meta property=\"og:image:height\" content=\"1181\" \/>\n\t<meta property=\"og:image:type\" content=\"image\/png\" \/>\n<meta name=\"twitter:label1\" content=\"Est. reading time\" \/>\n\t<meta name=\"twitter:data1\" content=\"2 minutes\" \/>\n<script type=\"application\/ld+json\" class=\"yoast-schema-graph\">{\"@context\":\"https:\/\/schema.org\",\"@graph\":[{\"@type\":\"WebPage\",\"@id\":\"https:\/\/www.navarroaubanell.com\/ca\/producte\/sofa-tribeca-pedrali-navarroaubanell\/\",\"url\":\"https:\/\/www.navarroaubanell.com\/ca\/producte\/sofa-tribeca-pedrali-navarroaubanell\/\",\"name\":\"Sof\u00e0 Tribeca, Pedrali- Navarro Aubanell\",\"isPartOf\":{\"@id\":\"https:\/\/www.navarroaubanell.com\/ca\/#website\"},\"primaryImageOfPage\":{\"@id\":\"https:\/\/www.navarroaubanell.com\/ca\/producte\/sofa-tribeca-pedrali-navarroaubanell\/#primaryimage\"},\"image\":{\"@id\":\"https:\/\/www.navarroaubanell.com\/ca\/producte\/sofa-tribeca-pedrali-navarroaubanell\/#primaryimage\"},\"thumbnailUrl\":\"https:\/\/www.navarroaubanell.com\/wp-content\/uploads\/2024\/07\/Sofa-Tribeca-3666-5.png\",\"datePublished\":\"2024-07-22T08:28:20+00:00\",\"dateModified\":\"2024-07-22T08:30:15+00:00\",\"description\":\"Sof\u00e0 Tribeca: disseny retro dels anys 60', ideal per a exteriors, amb estructura d'acer i trenat de PVC. Apilable, resistent i c\u00f2mode.\",\"breadcrumb\":{\"@id\":\"https:\/\/www.navarroaubanell.com\/ca\/producte\/sofa-tribeca-pedrali-navarroaubanell\/#breadcrumb\"},\"inLanguage\":\"ca\",\"potentialAction\":[{\"@type\":\"ReadAction\",\"target\":[\"https:\/\/www.navarroaubanell.com\/ca\/producte\/sofa-tribeca-pedrali-navarroaubanell\/\"]}]},{\"@type\":\"ImageObject\",\"inLanguage\":\"ca\",\"@id\":\"https:\/\/www.navarroaubanell.com\/ca\/producte\/sofa-tribeca-pedrali-navarroaubanell\/#primaryimage\",\"url\":\"https:\/\/www.navarroaubanell.com\/wp-content\/uploads\/2024\/07\/Sofa-Tribeca-3666-5.png\",\"contentUrl\":\"https:\/\/www.navarroaubanell.com\/wp-content\/uploads\/2024\/07\/Sofa-Tribeca-3666-5.png\",\"width\":881,\"height\":1181,\"caption\":\"Sof\u00e0 Tribeca 3666\"},{\"@type\":\"BreadcrumbList\",\"@id\":\"https:\/\/www.navarroaubanell.com\/ca\/producte\/sofa-tribeca-pedrali-navarroaubanell\/#breadcrumb\",\"itemListElement\":[{\"@type\":\"ListItem\",\"position\":1,\"name\":\"Portada\",\"item\":\"https:\/\/www.navarroaubanell.com\/ca\/\"},{\"@type\":\"ListItem\",\"position\":2,\"name\":\"Productes\",\"item\":\"https:\/\/www.navarroaubanell.com\/productos\/\"},{\"@type\":\"ListItem\",\"position\":3,\"name\":\"Sof\u00e0 Tribeca\"}]},{\"@type\":\"WebSite\",\"@id\":\"https:\/\/www.navarroaubanell.com\/ca\/#website\",\"url\":\"https:\/\/www.navarroaubanell.com\/ca\/\",\"name\":\"Navarro Aubanell\",\"description\":\"Mobiliario para hoteler\u00eda, colectividades y oficinas\",\"publisher\":{\"@id\":\"https:\/\/www.navarroaubanell.com\/ca\/#organization\"},\"potentialAction\":[{\"@type\":\"SearchAction\",\"target\":{\"@type\":\"EntryPoint\",\"urlTemplate\":\"https:\/\/www.navarroaubanell.com\/ca\/?s={search_term_string}\"},\"query-input\":{\"@type\":\"PropertyValueSpecification\",\"valueRequired\":true,\"valueName\":\"search_term_string\"}}],\"inLanguage\":\"ca\"},{\"@type\":\"Organization\",\"@id\":\"https:\/\/www.navarroaubanell.com\/ca\/#organization\",\"name\":\"COMERCIAL NAVARRO AUBANELL, S.A\",\"url\":\"https:\/\/www.navarroaubanell.com\/ca\/\",\"logo\":{\"@type\":\"ImageObject\",\"inLanguage\":\"ca\",\"@id\":\"https:\/\/www.navarroaubanell.com\/ca\/#\/schema\/logo\/image\/\",\"url\":\"https:\/\/www.navarroaubanell.com\/wp-content\/uploads\/2017\/07\/logo-navarro-aubuanell.png\",\"contentUrl\":\"https:\/\/www.navarroaubanell.com\/wp-content\/uploads\/2017\/07\/logo-navarro-aubuanell.png\",\"width\":6304,\"height\":1154,\"caption\":\"COMERCIAL NAVARRO AUBANELL, S.A\"},\"image\":{\"@id\":\"https:\/\/www.navarroaubanell.com\/ca\/#\/schema\/logo\/image\/\"}}]}<\/script>\n<!-- \/ Yoast SEO plugin. -->","yoast_head_json":{"title":"Sof\u00e0 Tribeca, Pedrali- Navarro Aubanell","description":"Sof\u00e0 Tribeca: disseny retro dels anys 60', ideal per a exteriors, amb estructura d'acer i trenat de PVC. Apilable, resistent i c\u00f2mode.","robots":{"index":"index","follow":"follow","max-snippet":"max-snippet:-1","max-image-preview":"max-image-preview:large","max-video-preview":"max-video-preview:-1"},"canonical":"https:\/\/www.navarroaubanell.com\/ca\/producte\/sofa-tribeca-pedrali-navarroaubanell\/","og_locale":"ca_ES","og_type":"article","og_title":"Sof\u00e0 Tribeca, Pedrali- Navarro Aubanell","og_description":"Sof\u00e0 Tribeca: disseny retro dels anys 60', ideal per a exteriors, amb estructura d'acer i trenat de PVC. Apilable, resistent i c\u00f2mode.","og_url":"https:\/\/www.navarroaubanell.com\/ca\/producte\/sofa-tribeca-pedrali-navarroaubanell\/","og_site_name":"Navarro Aubanell","article_modified_time":"2024-07-22T08:30:15+00:00","og_image":[{"width":881,"height":1181,"url":"https:\/\/www.navarroaubanell.com\/wp-content\/uploads\/2024\/07\/Sofa-Tribeca-3666-5.png","type":"image\/png"}],"twitter_misc":{"Est. reading time":"2 minutes"},"schema":{"@context":"https:\/\/schema.org","@graph":[{"@type":"WebPage","@id":"https:\/\/www.navarroaubanell.com\/ca\/producte\/sofa-tribeca-pedrali-navarroaubanell\/","url":"https:\/\/www.navarroaubanell.com\/ca\/producte\/sofa-tribeca-pedrali-navarroaubanell\/","name":"Sof\u00e0 Tribeca, Pedrali- Navarro Aubanell","isPartOf":{"@id":"https:\/\/www.navarroaubanell.com\/ca\/#website"},"primaryImageOfPage":{"@id":"https:\/\/www.navarroaubanell.com\/ca\/producte\/sofa-tribeca-pedrali-navarroaubanell\/#primaryimage"},"image":{"@id":"https:\/\/www.navarroaubanell.com\/ca\/producte\/sofa-tribeca-pedrali-navarroaubanell\/#primaryimage"},"thumbnailUrl":"https:\/\/www.navarroaubanell.com\/wp-content\/uploads\/2024\/07\/Sofa-Tribeca-3666-5.png","datePublished":"2024-07-22T08:28:20+00:00","dateModified":"2024-07-22T08:30:15+00:00","description":"Sof\u00e0 Tribeca: disseny retro dels anys 60', ideal per a exteriors, amb estructura d'acer i trenat de PVC. Apilable, resistent i c\u00f2mode.","breadcrumb":{"@id":"https:\/\/www.navarroaubanell.com\/ca\/producte\/sofa-tribeca-pedrali-navarroaubanell\/#breadcrumb"},"inLanguage":"ca","potentialAction":[{"@type":"ReadAction","target":["https:\/\/www.navarroaubanell.com\/ca\/producte\/sofa-tribeca-pedrali-navarroaubanell\/"]}]},{"@type":"ImageObject","inLanguage":"ca","@id":"https:\/\/www.navarroaubanell.com\/ca\/producte\/sofa-tribeca-pedrali-navarroaubanell\/#primaryimage","url":"https:\/\/www.navarroaubanell.com\/wp-content\/uploads\/2024\/07\/Sofa-Tribeca-3666-5.png","contentUrl":"https:\/\/www.navarroaubanell.com\/wp-content\/uploads\/2024\/07\/Sofa-Tribeca-3666-5.png","width":881,"height":1181,"caption":"Sof\u00e0 Tribeca 3666"},{"@type":"BreadcrumbList","@id":"https:\/\/www.navarroaubanell.com\/ca\/producte\/sofa-tribeca-pedrali-navarroaubanell\/#breadcrumb","itemListElement":[{"@type":"ListItem","position":1,"name":"Portada","item":"https:\/\/www.navarroaubanell.com\/ca\/"},{"@type":"ListItem","position":2,"name":"Productes","item":"https:\/\/www.navarroaubanell.com\/productos\/"},{"@type":"ListItem","position":3,"name":"Sof\u00e0 Tribeca"}]},{"@type":"WebSite","@id":"https:\/\/www.navarroaubanell.com\/ca\/#website","url":"https:\/\/www.navarroaubanell.com\/ca\/","name":"Navarro Aubanell","description":"Mobiliario para hoteler\u00eda, colectividades y oficinas","publisher":{"@id":"https:\/\/www.navarroaubanell.com\/ca\/#organization"},"potentialAction":[{"@type":"SearchAction","target":{"@type":"EntryPoint","urlTemplate":"https:\/\/www.navarroaubanell.com\/ca\/?s={search_term_string}"},"query-input":{"@type":"PropertyValueSpecification","valueRequired":true,"valueName":"search_term_string"}}],"inLanguage":"ca"},{"@type":"Organization","@id":"https:\/\/www.navarroaubanell.com\/ca\/#organization","name":"COMERCIAL NAVARRO AUBANELL, S.A","url":"https:\/\/www.navarroaubanell.com\/ca\/","logo":{"@type":"ImageObject","inLanguage":"ca","@id":"https:\/\/www.navarroaubanell.com\/ca\/#\/schema\/logo\/image\/","url":"https:\/\/www.navarroaubanell.com\/wp-content\/uploads\/2017\/07\/logo-navarro-aubuanell.png","contentUrl":"https:\/\/www.navarroaubanell.com\/wp-content\/uploads\/2017\/07\/logo-navarro-aubuanell.png","width":6304,"height":1154,"caption":"COMERCIAL NAVARRO AUBANELL, S.A"},"image":{"@id":"https:\/\/www.navarroaubanell.com\/ca\/#\/schema\/logo\/image\/"}}]}},"_links":{"self":[{"href":"https:\/\/www.navarroaubanell.com\/ca\/wp-json\/wp\/v2\/product\/35545","targetHints":{"allow":["GET"]}}],"collection":[{"href":"https:\/\/www.navarroaubanell.com\/ca\/wp-json\/wp\/v2\/product"}],"about":[{"href":"https:\/\/www.navarroaubanell.com\/ca\/wp-json\/wp\/v2\/types\/product"}],"wp:featuredmedia":[{"embeddable":true,"href":"https:\/\/www.navarroaubanell.com\/ca\/wp-json\/wp\/v2\/media\/35494"}],"wp:attachment":[{"href":"https:\/\/www.navarroaubanell.com\/ca\/wp-json\/wp\/v2\/media?parent=35545"}],"wp:term":[{"taxonomy":"product_brand","embeddable":true,"href":"https:\/\/www.navarroaubanell.com\/ca\/wp-json\/wp\/v2\/product_brand?post=35545"},{"taxonomy":"product_cat","embeddable":true,"href":"https:\/\/www.navarroaubanell.com\/ca\/wp-json\/wp\/v2\/product_cat?post=35545"},{"taxonomy":"product_tag","embeddable":true,"href":"https:\/\/www.navarroaubanell.com\/ca\/wp-json\/wp\/v2\/product_tag?post=35545"}],"curies":[{"name":"wp","href":"https:\/\/api.w.org\/{rel}","templated":true}]}}