{"id":35112,"date":"2024-07-17T17:04:51","date_gmt":"2024-07-17T15:20:51","guid":{"rendered":"https:\/\/www.navarroaubanell.com\/?post_type=product&#038;p=35112"},"modified":"2024-07-22T12:32:21","modified_gmt":"2024-07-22T10:32:21","slug":"cadira-remind-pedrali-navarroaubanell","status":"publish","type":"product","link":"https:\/\/www.navarroaubanell.com\/ca\/producte\/cadira-remind-pedrali-navarroaubanell\/","title":{"rendered":"Cadira Remind"},"content":{"rendered":"<h5>Descobreix la Cadira Remind: On Tradici\u00f3 i Modernitat es Troben<\/h5>\n<p>La<strong> Cadira Remind<\/strong> \u00e9s una creaci\u00f3 que fusiona ment i cor, unint la passi\u00f3 en el seu disseny amb la precisi\u00f3 en la seva producci\u00f3. Inspirat en les corbes suaus i sinuoses de les cadires de fusta de la segona meitat del segle XIX, Remind reinterpreta el passat amb una visi\u00f3 contempor\u00e0nia.<\/p>\n<h6>Disseny i Materials d&#8217;Avantguarda<\/h6>\n<p>Fabricat en polipropil\u00e8 mitjan\u00e7ant emmotllament per injecci\u00f3, la <strong>cadira Remind<\/strong> \u00e9s un monobloc que destaca per la seva lleugeresa i comoditat. El seu seient i respatller presenten una textura transpirable, fent que sigui encara m\u00e9s air\u00f3s. El suport perforat de Remind pot decorar-se amb petits p\u00edxels de colors fets de polipropil\u00e8, oferint a tots la possibilitat de convertir-se en artistes, creant infinits motius: un n\u00famero, una lletra de l&#8217;alfabet, un objecte o simplement un toc de color en contrast.<\/p>\n<h6>Durabilitat i Resist\u00e8ncia<\/h6>\n<p>L&#8217;estructura de la<strong> cadira Remind<\/strong> est\u00e0 refor\u00e7ada amb fibra de vidre i compta amb dos tractaments essencials:<\/p>\n<ul>\n<li><strong>Tractament Anti-UV:<\/strong> Protegeix la cadira dels danys causats per l&#8217;exposici\u00f3 solar.<\/li>\n<li><strong>Tractament Antiest\u00e0tic:<\/strong> Evita l&#8217;acumulaci\u00f3 d&#8217;electricitat est\u00e0tica, proporcionant una experi\u00e8ncia m\u00e9s c\u00f2moda.<\/li>\n<\/ul>\n<p>Aquestes caracter\u00edstiques fan que sigui ideal per a exteriors, garantint durabilitat i resist\u00e8ncia enfront de les inclem\u00e8ncies del temps. Tot i tenir tractaments que la fan ideal per a exteriors, \u00e9s una cadira tan vers\u00e0til que queda perfecte en interiors tamb\u00e9.<\/p>\n<h6>Tecnologia de Fabricaci\u00f3 i Protecci\u00f3<\/h6>\n<p>Gr\u00e0cies a la tecnologia d&#8217;emmotllament per injecci\u00f3, aquesta cadira \u00e9s una opci\u00f3 compacta i robusta. A m\u00e9s, inclou tacs de polietil\u00e8 que protegeixen tant la superf\u00edcie sobre la qual es col\u00b7loca com la pr\u00f2pia cadira, evitant danys i prolongant la seva vida \u00fatil.<\/p>\n<h6>Estil Personalitzat i Versatilitat<\/h6>\n<p>La<strong> Cadira Remind<\/strong> est\u00e0 disponible en sis colors, amb una superf\u00edcie microtexturada que permet triar l&#8217;opci\u00f3 que millor s&#8217;adapti a les teves necessitats i prefer\u00e8ncies. Aquesta versatilitat de colors i el seu disseny apilable el converteixen en l&#8217;opci\u00f3 perfecta per a l&#8217;hostaleria, facilitant un emmagatzematge r\u00e0pid i senzill i ajudant a optimitzar l&#8217;espai.<\/p>\n<p>* Est\u00e0 tamb\u00e9 disponible una versi\u00f3 \u00a0<em>&#8220;recycled grey&#8221;\u00a0<\/em> fet de material reciclat per a contribuir a la sostenibilitat. La versi\u00f3 reciclada \u00e9s un monobloc realitzat en polipropil\u00e8 reciclat: 50% de residus pl\u00e0stics postconsum i 50% de residus pl\u00e0stics industrials.<\/p>\n<h6>Per Qu\u00e8 Triar la Cadira Remind<\/h6>\n<ul>\n<li><strong>Disseny Atemporal<\/strong>: Inspirat en el segle XIX, amb un toc modern i personalitzable.<\/li>\n<li><strong>Materials Duradors:<\/strong> Polipropil\u00e8 refor\u00e7at amb fibra de vidre i tractaments anti-UV i antiest\u00e0tic.<\/li>\n<li><strong>Lleuger i C\u00f2mode<\/strong>: Textura transpirable i estructura envolupant per a una comoditat superior.<\/li>\n<li><strong>Personalitzaci\u00f3 \u00danica:<\/strong> Possibilitat de decorar el suport amb p\u00edxels de colors, creant infinits dissenys.<\/li>\n<li><strong>Versatilitat i Funcionalitat:<\/strong> Ideal per a interiors i exteriors, apilable per a un f\u00e0cil magatzematge.<\/li>\n<\/ul>\n<h6>Remind: Una Obra d&#8217;Art en Cada Cadira<\/h6>\n<p>La <strong>Cadira Remind<\/strong> no \u00e9s nom\u00e9s un seient, \u00e9s una experi\u00e8ncia que uneix tradici\u00f3 i modernitat, proporcionant estil, comoditat i durabilitat. Perfecte per a qualsevol entorn, ja sigui un jard\u00ed, una terrassa o un espai interior.<\/p>\n<p><strong>Descobreix la Cadira Remind i deixa que la tradici\u00f3 i la innovaci\u00f3 transformin el teu espai<\/strong><\/p>\n<p><a href=\"https:\/\/cdn-assets.pedrali.com\/media\/pedrali\/media\/assets\/originals\/documenti\/st\/st-remind-3730.pdf\">Fitxa t\u00e8cnica<\/a><\/p>\n","protected":false},"excerpt":{"rendered":"<p>Descobreix la Cadira Remind: On Tradici\u00f3 i Modernitat es Troben La Cadira Remind \u00e9s una creaci\u00f3 que fusiona ment i cor, unint la passi\u00f3 en el seu disseny amb la precisi\u00f3 en la seva producci\u00f3. Inspirat en les corbes suaus i sinuoses de les cadires de fusta de la segona meitat del segle XIX, Remind&hellip;<\/p>\n","protected":false},"featured_media":35095,"template":"","meta":{"_acf_changed":false},"product_brand":[],"product_cat":[572,563,1519],"product_tag":[1263,587,863,640,664,729,915,1180],"class_list":{"0":"post-35112","1":"product","2":"type-product","3":"status-publish","4":"has-post-thumbnail","6":"product_cat-cadires-exterior","7":"product_cat-exterior-ca","8":"product_cat-reciclat","9":"product_tag-anti-rayos-uv-ca","10":"product_tag-apilable-ca","11":"product_tag-cadira","12":"product_tag-exterior-ca","13":"product_tag-interior-ca","14":"product_tag-pedrali-ca","15":"product_tag-remind-ca","16":"product_tag-sostenible","17":"description-off","19":"first","20":"instock","21":"shipping-taxable","22":"product-type-simple"},"acf":[],"yoast_head":"<!-- This site is optimized with the Yoast SEO plugin v27.0 - https:\/\/yoast.com\/product\/yoast-seo-wordpress\/ -->\n<title>Cadira Remind, Pedrali- Navarro Aubanell<\/title>\n<meta name=\"description\" content=\"Cadira Remind: qualitat, comoditat i sentiment s&#039;uneixen per a crear-la. Apta per a exteriors i interiors, apilable. Versi\u00f3 reciclada disponible.\" \/>\n<meta name=\"robots\" content=\"index, follow, max-snippet:-1, max-image-preview:large, max-video-preview:-1\" \/>\n<link rel=\"canonical\" href=\"https:\/\/www.navarroaubanell.com\/ca\/producte\/cadira-remind-pedrali-navarroaubanell\/\" \/>\n<meta property=\"og:locale\" content=\"ca_ES\" \/>\n<meta property=\"og:type\" content=\"article\" \/>\n<meta property=\"og:title\" content=\"Cadira Remind, Pedrali- Navarro Aubanell\" \/>\n<meta property=\"og:description\" content=\"Cadira Remind: qualitat, comoditat i sentiment s&#039;uneixen per a crear-la. Apta per a exteriors i interiors, apilable. Versi\u00f3 reciclada disponible.\" \/>\n<meta property=\"og:url\" content=\"https:\/\/www.navarroaubanell.com\/ca\/producte\/cadira-remind-pedrali-navarroaubanell\/\" \/>\n<meta property=\"og:site_name\" content=\"Navarro Aubanell\" \/>\n<meta property=\"article:modified_time\" content=\"2024-07-22T10:32:21+00:00\" \/>\n<meta property=\"og:image\" content=\"https:\/\/www.navarroaubanell.com\/wp-content\/uploads\/2024\/07\/Remind-3730.png\" \/>\n\t<meta property=\"og:image:width\" content=\"881\" \/>\n\t<meta property=\"og:image:height\" content=\"1181\" \/>\n\t<meta property=\"og:image:type\" content=\"image\/png\" \/>\n<meta name=\"twitter:label1\" content=\"Est. reading time\" \/>\n\t<meta name=\"twitter:data1\" content=\"3 minutes\" \/>\n<script type=\"application\/ld+json\" class=\"yoast-schema-graph\">{\"@context\":\"https:\/\/schema.org\",\"@graph\":[{\"@type\":\"WebPage\",\"@id\":\"https:\/\/www.navarroaubanell.com\/ca\/producte\/cadira-remind-pedrali-navarroaubanell\/\",\"url\":\"https:\/\/www.navarroaubanell.com\/ca\/producte\/cadira-remind-pedrali-navarroaubanell\/\",\"name\":\"Cadira Remind, Pedrali- Navarro Aubanell\",\"isPartOf\":{\"@id\":\"https:\/\/www.navarroaubanell.com\/ca\/#website\"},\"primaryImageOfPage\":{\"@id\":\"https:\/\/www.navarroaubanell.com\/ca\/producte\/cadira-remind-pedrali-navarroaubanell\/#primaryimage\"},\"image\":{\"@id\":\"https:\/\/www.navarroaubanell.com\/ca\/producte\/cadira-remind-pedrali-navarroaubanell\/#primaryimage\"},\"thumbnailUrl\":\"https:\/\/www.navarroaubanell.com\/wp-content\/uploads\/2024\/07\/Remind-3730.png\",\"datePublished\":\"2024-07-17T15:20:51+00:00\",\"dateModified\":\"2024-07-22T10:32:21+00:00\",\"description\":\"Cadira Remind: qualitat, comoditat i sentiment s'uneixen per a crear-la. Apta per a exteriors i interiors, apilable. Versi\u00f3 reciclada disponible.\",\"breadcrumb\":{\"@id\":\"https:\/\/www.navarroaubanell.com\/ca\/producte\/cadira-remind-pedrali-navarroaubanell\/#breadcrumb\"},\"inLanguage\":\"ca\",\"potentialAction\":[{\"@type\":\"ReadAction\",\"target\":[\"https:\/\/www.navarroaubanell.com\/ca\/producte\/cadira-remind-pedrali-navarroaubanell\/\"]}]},{\"@type\":\"ImageObject\",\"inLanguage\":\"ca\",\"@id\":\"https:\/\/www.navarroaubanell.com\/ca\/producte\/cadira-remind-pedrali-navarroaubanell\/#primaryimage\",\"url\":\"https:\/\/www.navarroaubanell.com\/wp-content\/uploads\/2024\/07\/Remind-3730.png\",\"contentUrl\":\"https:\/\/www.navarroaubanell.com\/wp-content\/uploads\/2024\/07\/Remind-3730.png\",\"width\":881,\"height\":1181,\"caption\":\"Cadira Remind 3730\"},{\"@type\":\"BreadcrumbList\",\"@id\":\"https:\/\/www.navarroaubanell.com\/ca\/producte\/cadira-remind-pedrali-navarroaubanell\/#breadcrumb\",\"itemListElement\":[{\"@type\":\"ListItem\",\"position\":1,\"name\":\"Portada\",\"item\":\"https:\/\/www.navarroaubanell.com\/ca\/\"},{\"@type\":\"ListItem\",\"position\":2,\"name\":\"Productes\",\"item\":\"https:\/\/www.navarroaubanell.com\/productos\/\"},{\"@type\":\"ListItem\",\"position\":3,\"name\":\"Cadira Remind\"}]},{\"@type\":\"WebSite\",\"@id\":\"https:\/\/www.navarroaubanell.com\/ca\/#website\",\"url\":\"https:\/\/www.navarroaubanell.com\/ca\/\",\"name\":\"Navarro Aubanell\",\"description\":\"Mobiliario para hoteler\u00eda, colectividades y oficinas\",\"publisher\":{\"@id\":\"https:\/\/www.navarroaubanell.com\/ca\/#organization\"},\"potentialAction\":[{\"@type\":\"SearchAction\",\"target\":{\"@type\":\"EntryPoint\",\"urlTemplate\":\"https:\/\/www.navarroaubanell.com\/ca\/?s={search_term_string}\"},\"query-input\":{\"@type\":\"PropertyValueSpecification\",\"valueRequired\":true,\"valueName\":\"search_term_string\"}}],\"inLanguage\":\"ca\"},{\"@type\":\"Organization\",\"@id\":\"https:\/\/www.navarroaubanell.com\/ca\/#organization\",\"name\":\"COMERCIAL NAVARRO AUBANELL, S.A\",\"url\":\"https:\/\/www.navarroaubanell.com\/ca\/\",\"logo\":{\"@type\":\"ImageObject\",\"inLanguage\":\"ca\",\"@id\":\"https:\/\/www.navarroaubanell.com\/ca\/#\/schema\/logo\/image\/\",\"url\":\"https:\/\/www.navarroaubanell.com\/wp-content\/uploads\/2017\/07\/logo-navarro-aubuanell.png\",\"contentUrl\":\"https:\/\/www.navarroaubanell.com\/wp-content\/uploads\/2017\/07\/logo-navarro-aubuanell.png\",\"width\":6304,\"height\":1154,\"caption\":\"COMERCIAL NAVARRO AUBANELL, S.A\"},\"image\":{\"@id\":\"https:\/\/www.navarroaubanell.com\/ca\/#\/schema\/logo\/image\/\"}}]}<\/script>\n<!-- \/ Yoast SEO plugin. -->","yoast_head_json":{"title":"Cadira Remind, Pedrali- Navarro Aubanell","description":"Cadira Remind: qualitat, comoditat i sentiment s'uneixen per a crear-la. Apta per a exteriors i interiors, apilable. Versi\u00f3 reciclada disponible.","robots":{"index":"index","follow":"follow","max-snippet":"max-snippet:-1","max-image-preview":"max-image-preview:large","max-video-preview":"max-video-preview:-1"},"canonical":"https:\/\/www.navarroaubanell.com\/ca\/producte\/cadira-remind-pedrali-navarroaubanell\/","og_locale":"ca_ES","og_type":"article","og_title":"Cadira Remind, Pedrali- Navarro Aubanell","og_description":"Cadira Remind: qualitat, comoditat i sentiment s'uneixen per a crear-la. Apta per a exteriors i interiors, apilable. Versi\u00f3 reciclada disponible.","og_url":"https:\/\/www.navarroaubanell.com\/ca\/producte\/cadira-remind-pedrali-navarroaubanell\/","og_site_name":"Navarro Aubanell","article_modified_time":"2024-07-22T10:32:21+00:00","og_image":[{"width":881,"height":1181,"url":"https:\/\/www.navarroaubanell.com\/wp-content\/uploads\/2024\/07\/Remind-3730.png","type":"image\/png"}],"twitter_misc":{"Est. reading time":"3 minutes"},"schema":{"@context":"https:\/\/schema.org","@graph":[{"@type":"WebPage","@id":"https:\/\/www.navarroaubanell.com\/ca\/producte\/cadira-remind-pedrali-navarroaubanell\/","url":"https:\/\/www.navarroaubanell.com\/ca\/producte\/cadira-remind-pedrali-navarroaubanell\/","name":"Cadira Remind, Pedrali- Navarro Aubanell","isPartOf":{"@id":"https:\/\/www.navarroaubanell.com\/ca\/#website"},"primaryImageOfPage":{"@id":"https:\/\/www.navarroaubanell.com\/ca\/producte\/cadira-remind-pedrali-navarroaubanell\/#primaryimage"},"image":{"@id":"https:\/\/www.navarroaubanell.com\/ca\/producte\/cadira-remind-pedrali-navarroaubanell\/#primaryimage"},"thumbnailUrl":"https:\/\/www.navarroaubanell.com\/wp-content\/uploads\/2024\/07\/Remind-3730.png","datePublished":"2024-07-17T15:20:51+00:00","dateModified":"2024-07-22T10:32:21+00:00","description":"Cadira Remind: qualitat, comoditat i sentiment s'uneixen per a crear-la. Apta per a exteriors i interiors, apilable. Versi\u00f3 reciclada disponible.","breadcrumb":{"@id":"https:\/\/www.navarroaubanell.com\/ca\/producte\/cadira-remind-pedrali-navarroaubanell\/#breadcrumb"},"inLanguage":"ca","potentialAction":[{"@type":"ReadAction","target":["https:\/\/www.navarroaubanell.com\/ca\/producte\/cadira-remind-pedrali-navarroaubanell\/"]}]},{"@type":"ImageObject","inLanguage":"ca","@id":"https:\/\/www.navarroaubanell.com\/ca\/producte\/cadira-remind-pedrali-navarroaubanell\/#primaryimage","url":"https:\/\/www.navarroaubanell.com\/wp-content\/uploads\/2024\/07\/Remind-3730.png","contentUrl":"https:\/\/www.navarroaubanell.com\/wp-content\/uploads\/2024\/07\/Remind-3730.png","width":881,"height":1181,"caption":"Cadira Remind 3730"},{"@type":"BreadcrumbList","@id":"https:\/\/www.navarroaubanell.com\/ca\/producte\/cadira-remind-pedrali-navarroaubanell\/#breadcrumb","itemListElement":[{"@type":"ListItem","position":1,"name":"Portada","item":"https:\/\/www.navarroaubanell.com\/ca\/"},{"@type":"ListItem","position":2,"name":"Productes","item":"https:\/\/www.navarroaubanell.com\/productos\/"},{"@type":"ListItem","position":3,"name":"Cadira Remind"}]},{"@type":"WebSite","@id":"https:\/\/www.navarroaubanell.com\/ca\/#website","url":"https:\/\/www.navarroaubanell.com\/ca\/","name":"Navarro Aubanell","description":"Mobiliario para hoteler\u00eda, colectividades y oficinas","publisher":{"@id":"https:\/\/www.navarroaubanell.com\/ca\/#organization"},"potentialAction":[{"@type":"SearchAction","target":{"@type":"EntryPoint","urlTemplate":"https:\/\/www.navarroaubanell.com\/ca\/?s={search_term_string}"},"query-input":{"@type":"PropertyValueSpecification","valueRequired":true,"valueName":"search_term_string"}}],"inLanguage":"ca"},{"@type":"Organization","@id":"https:\/\/www.navarroaubanell.com\/ca\/#organization","name":"COMERCIAL NAVARRO AUBANELL, S.A","url":"https:\/\/www.navarroaubanell.com\/ca\/","logo":{"@type":"ImageObject","inLanguage":"ca","@id":"https:\/\/www.navarroaubanell.com\/ca\/#\/schema\/logo\/image\/","url":"https:\/\/www.navarroaubanell.com\/wp-content\/uploads\/2017\/07\/logo-navarro-aubuanell.png","contentUrl":"https:\/\/www.navarroaubanell.com\/wp-content\/uploads\/2017\/07\/logo-navarro-aubuanell.png","width":6304,"height":1154,"caption":"COMERCIAL NAVARRO AUBANELL, S.A"},"image":{"@id":"https:\/\/www.navarroaubanell.com\/ca\/#\/schema\/logo\/image\/"}}]}},"_links":{"self":[{"href":"https:\/\/www.navarroaubanell.com\/ca\/wp-json\/wp\/v2\/product\/35112","targetHints":{"allow":["GET"]}}],"collection":[{"href":"https:\/\/www.navarroaubanell.com\/ca\/wp-json\/wp\/v2\/product"}],"about":[{"href":"https:\/\/www.navarroaubanell.com\/ca\/wp-json\/wp\/v2\/types\/product"}],"wp:featuredmedia":[{"embeddable":true,"href":"https:\/\/www.navarroaubanell.com\/ca\/wp-json\/wp\/v2\/media\/35095"}],"wp:attachment":[{"href":"https:\/\/www.navarroaubanell.com\/ca\/wp-json\/wp\/v2\/media?parent=35112"}],"wp:term":[{"taxonomy":"product_brand","embeddable":true,"href":"https:\/\/www.navarroaubanell.com\/ca\/wp-json\/wp\/v2\/product_brand?post=35112"},{"taxonomy":"product_cat","embeddable":true,"href":"https:\/\/www.navarroaubanell.com\/ca\/wp-json\/wp\/v2\/product_cat?post=35112"},{"taxonomy":"product_tag","embeddable":true,"href":"https:\/\/www.navarroaubanell.com\/ca\/wp-json\/wp\/v2\/product_tag?post=35112"}],"curies":[{"name":"wp","href":"https:\/\/api.w.org\/{rel}","templated":true}]}}