{"id":34652,"date":"2024-07-11T09:53:31","date_gmt":"2024-07-11T14:33:36","guid":{"rendered":"https:\/\/www.navarroaubanell.com\/?post_type=product&#038;p=34652"},"modified":"2024-10-01T09:12:28","modified_gmt":"2024-10-01T07:12:28","slug":"familia-ester-pedrali-navarro-aubanell","status":"publish","type":"product","link":"https:\/\/www.navarroaubanell.com\/ca\/producte\/familia-ester-pedrali-navarro-aubanell\/","title":{"rendered":"Fam\u00edlia Ester"},"content":{"rendered":"<h5>Descobreix l&#8217;eleg\u00e0ncia i versatilitat de la fam\u00edlia Ester de\u00a0Pedrali<\/h5>\n<p><em>Pedrali <\/em>ens presenta la <strong>fam\u00edlia Este<\/strong>r, una col\u00b7lecci\u00f3 que simbolitza la s\u00edntesi perfecta d&#8217;eleg\u00e0ncia, ergonomia i funcionalitat. Amb les seves formes sinuoses i suaus i el confort absolut del seu seient, Ester transforma els espais interiors de restaurants i hotels en llocs representatius del panorama internacional.<\/p>\n<p>La riquesa de la <strong>fam\u00edlia Ester<\/strong> resideix en la seva versatilitat, tant de models com d&#8217;acabats, ja que est\u00e0 formada per cadires, butaques, butaques, tamborets i un puf.<\/p>\n<p>Les estructures d&#8217;aquests mobles estan fabricades amb <strong>alumini fos<\/strong> o <strong>tub d&#8217;acer<\/strong>, garantint resist\u00e8ncia i durabilitat. Per a aquells models sense rodes, s&#8217;incorporen <strong>tacs de polietil\u00e8<\/strong> que protegeixen tant el producte com la superf\u00edcie sobre la qual es troben.<\/p>\n<p>A m\u00e9s, els acabats de les estructures estan disponibles en una \u00e0mplia <strong>gamma de materials<\/strong> i <strong>colors<\/strong>, oferint combinacions que produeixen experi\u00e8ncies visuals i sensorials \u00faniques. Les carcasses, elaborades amb <strong>escuma de poliuret\u00e0<\/strong> entapissades amb<strong> cintes el\u00e0stiques<\/strong>, estan disponibles en acabats com a <strong>pell<\/strong>, <strong>pell sint\u00e8tica<\/strong>, <strong>vellut<\/strong> o <strong>tela<\/strong>. Per a aquells espais que requereixen un extra de seguretat, alguns acabats tamb\u00e9 estan disponibles en<strong> versions ign\u00edfugues.<\/strong><\/p>\n<p>La versatilitat d&#8217;Ester garanteix que sempre hi hagi un article ideal per a cada ocasi\u00f3, estil i gust. Ja sigui per a decorar l&#8217;hall del teu hotel, el teu restaurant o qualsevol sala on busquis estil, eleg\u00e0ncia i comoditat, Ester \u00e9s l&#8217;elecci\u00f3 perfecta.<\/p>\n<p><strong>Opta per Ester i porta la sofisticaci\u00f3 i el confort a cada rac\u00f3 dels teus espais.<\/strong><\/p>\n","protected":false},"excerpt":{"rendered":"<p>Descobreix l&#8217;eleg\u00e0ncia i versatilitat de la fam\u00edlia Ester de\u00a0Pedrali Pedrali ens presenta la fam\u00edlia Ester, una col\u00b7lecci\u00f3 que simbolitza la s\u00edntesi perfecta d&#8217;eleg\u00e0ncia, ergonomia i funcionalitat. Amb les seves formes sinuoses i suaus i el confort absolut del seu seient, Ester transforma els espais interiors de restaurants i hotels en llocs representatius del panorama internacional.&hellip;<\/p>\n","protected":false},"featured_media":34523,"template":"","meta":{"_acf_changed":false},"product_brand":[],"product_cat":[1186,1467],"product_tag":[605,863,749,637,1445,664,729,1196,769],"class_list":{"0":"post-34652","1":"product","2":"type-product","3":"status-publish","4":"has-post-thumbnail","6":"product_cat-conjunts-interiors","7":"product_cat-families-ca","8":"product_tag-butaca-ca","9":"product_tag-cadira","10":"product_tag-cadira-de-barcos","11":"product_tag-ester-ca","12":"product_tag-ignifugo-ca","13":"product_tag-interior-ca","14":"product_tag-pedrali-ca","15":"product_tag-puf-ca","16":"product_tag-tamboret","17":"description-off","19":"first","20":"instock","21":"shipping-taxable","22":"product-type-simple"},"acf":[],"yoast_head":"<!-- This site is optimized with the Yoast SEO plugin v27.0 - https:\/\/yoast.com\/product\/yoast-seo-wordpress\/ -->\n<title>Fam\u00edlia Ester, Pedrali- Navarro Aubanell<\/title>\n<meta name=\"description\" content=\"Fam\u00edlia Ester: eleg\u00e0ncia i versatilitat. Cadires, cadires de bra\u00e7os, butaques, tamborets, puf. Estructures d&#039;alumini o acer, carcasses en diferents acabats.\" \/>\n<meta name=\"robots\" content=\"index, follow, max-snippet:-1, max-image-preview:large, max-video-preview:-1\" \/>\n<link rel=\"canonical\" href=\"https:\/\/www.navarroaubanell.com\/ca\/producte\/familia-ester-pedrali-navarro-aubanell\/\" \/>\n<meta property=\"og:locale\" content=\"ca_ES\" \/>\n<meta property=\"og:type\" content=\"article\" \/>\n<meta property=\"og:title\" content=\"Fam\u00edlia Ester, Pedrali- Navarro Aubanell\" \/>\n<meta property=\"og:description\" content=\"Fam\u00edlia Ester: eleg\u00e0ncia i versatilitat. Cadires, cadires de bra\u00e7os, butaques, tamborets, puf. Estructures d&#039;alumini o acer, carcasses en diferents acabats.\" \/>\n<meta property=\"og:url\" content=\"https:\/\/www.navarroaubanell.com\/ca\/producte\/familia-ester-pedrali-navarro-aubanell\/\" \/>\n<meta property=\"og:site_name\" content=\"Navarro Aubanell\" \/>\n<meta property=\"article:modified_time\" content=\"2024-10-01T07:12:28+00:00\" \/>\n<meta property=\"og:image\" content=\"https:\/\/www.navarroaubanell.com\/wp-content\/uploads\/2024\/07\/bbcdae8e-8027-45ba-bcce-5918a27d8274.jpg\" \/>\n\t<meta property=\"og:image:width\" content=\"1358\" \/>\n\t<meta property=\"og:image:height\" content=\"874\" \/>\n\t<meta property=\"og:image:type\" content=\"image\/jpeg\" \/>\n<meta name=\"twitter:label1\" content=\"Est. reading time\" \/>\n\t<meta name=\"twitter:data1\" content=\"2 minutes\" \/>\n<script type=\"application\/ld+json\" class=\"yoast-schema-graph\">{\"@context\":\"https:\/\/schema.org\",\"@graph\":[{\"@type\":\"WebPage\",\"@id\":\"https:\/\/www.navarroaubanell.com\/ca\/producte\/familia-ester-pedrali-navarro-aubanell\/\",\"url\":\"https:\/\/www.navarroaubanell.com\/ca\/producte\/familia-ester-pedrali-navarro-aubanell\/\",\"name\":\"Fam\u00edlia Ester, Pedrali- Navarro Aubanell\",\"isPartOf\":{\"@id\":\"https:\/\/www.navarroaubanell.com\/ca\/#website\"},\"primaryImageOfPage\":{\"@id\":\"https:\/\/www.navarroaubanell.com\/ca\/producte\/familia-ester-pedrali-navarro-aubanell\/#primaryimage\"},\"image\":{\"@id\":\"https:\/\/www.navarroaubanell.com\/ca\/producte\/familia-ester-pedrali-navarro-aubanell\/#primaryimage\"},\"thumbnailUrl\":\"https:\/\/www.navarroaubanell.com\/wp-content\/uploads\/2024\/07\/bbcdae8e-8027-45ba-bcce-5918a27d8274.jpg\",\"datePublished\":\"2024-07-11T14:33:36+00:00\",\"dateModified\":\"2024-10-01T07:12:28+00:00\",\"description\":\"Fam\u00edlia Ester: eleg\u00e0ncia i versatilitat. Cadires, cadires de bra\u00e7os, butaques, tamborets, puf. Estructures d'alumini o acer, carcasses en diferents acabats.\",\"breadcrumb\":{\"@id\":\"https:\/\/www.navarroaubanell.com\/ca\/producte\/familia-ester-pedrali-navarro-aubanell\/#breadcrumb\"},\"inLanguage\":\"ca\",\"potentialAction\":[{\"@type\":\"ReadAction\",\"target\":[\"https:\/\/www.navarroaubanell.com\/ca\/producte\/familia-ester-pedrali-navarro-aubanell\/\"]}]},{\"@type\":\"ImageObject\",\"inLanguage\":\"ca\",\"@id\":\"https:\/\/www.navarroaubanell.com\/ca\/producte\/familia-ester-pedrali-navarro-aubanell\/#primaryimage\",\"url\":\"https:\/\/www.navarroaubanell.com\/wp-content\/uploads\/2024\/07\/bbcdae8e-8027-45ba-bcce-5918a27d8274.jpg\",\"contentUrl\":\"https:\/\/www.navarroaubanell.com\/wp-content\/uploads\/2024\/07\/bbcdae8e-8027-45ba-bcce-5918a27d8274.jpg\",\"width\":1358,\"height\":874,\"caption\":\"Fam\u00edlia Ester\"},{\"@type\":\"BreadcrumbList\",\"@id\":\"https:\/\/www.navarroaubanell.com\/ca\/producte\/familia-ester-pedrali-navarro-aubanell\/#breadcrumb\",\"itemListElement\":[{\"@type\":\"ListItem\",\"position\":1,\"name\":\"Portada\",\"item\":\"https:\/\/www.navarroaubanell.com\/ca\/\"},{\"@type\":\"ListItem\",\"position\":2,\"name\":\"Productes\",\"item\":\"https:\/\/www.navarroaubanell.com\/productos\/\"},{\"@type\":\"ListItem\",\"position\":3,\"name\":\"Fam\u00edlia Ester\"}]},{\"@type\":\"WebSite\",\"@id\":\"https:\/\/www.navarroaubanell.com\/ca\/#website\",\"url\":\"https:\/\/www.navarroaubanell.com\/ca\/\",\"name\":\"Navarro Aubanell\",\"description\":\"Mobiliario para hoteler\u00eda, colectividades y oficinas\",\"publisher\":{\"@id\":\"https:\/\/www.navarroaubanell.com\/ca\/#organization\"},\"potentialAction\":[{\"@type\":\"SearchAction\",\"target\":{\"@type\":\"EntryPoint\",\"urlTemplate\":\"https:\/\/www.navarroaubanell.com\/ca\/?s={search_term_string}\"},\"query-input\":{\"@type\":\"PropertyValueSpecification\",\"valueRequired\":true,\"valueName\":\"search_term_string\"}}],\"inLanguage\":\"ca\"},{\"@type\":\"Organization\",\"@id\":\"https:\/\/www.navarroaubanell.com\/ca\/#organization\",\"name\":\"COMERCIAL NAVARRO AUBANELL, S.A\",\"url\":\"https:\/\/www.navarroaubanell.com\/ca\/\",\"logo\":{\"@type\":\"ImageObject\",\"inLanguage\":\"ca\",\"@id\":\"https:\/\/www.navarroaubanell.com\/ca\/#\/schema\/logo\/image\/\",\"url\":\"https:\/\/www.navarroaubanell.com\/wp-content\/uploads\/2017\/07\/logo-navarro-aubuanell.png\",\"contentUrl\":\"https:\/\/www.navarroaubanell.com\/wp-content\/uploads\/2017\/07\/logo-navarro-aubuanell.png\",\"width\":6304,\"height\":1154,\"caption\":\"COMERCIAL NAVARRO AUBANELL, S.A\"},\"image\":{\"@id\":\"https:\/\/www.navarroaubanell.com\/ca\/#\/schema\/logo\/image\/\"}}]}<\/script>\n<!-- \/ Yoast SEO plugin. -->","yoast_head_json":{"title":"Fam\u00edlia Ester, Pedrali- Navarro Aubanell","description":"Fam\u00edlia Ester: eleg\u00e0ncia i versatilitat. Cadires, cadires de bra\u00e7os, butaques, tamborets, puf. Estructures d'alumini o acer, carcasses en diferents acabats.","robots":{"index":"index","follow":"follow","max-snippet":"max-snippet:-1","max-image-preview":"max-image-preview:large","max-video-preview":"max-video-preview:-1"},"canonical":"https:\/\/www.navarroaubanell.com\/ca\/producte\/familia-ester-pedrali-navarro-aubanell\/","og_locale":"ca_ES","og_type":"article","og_title":"Fam\u00edlia Ester, Pedrali- Navarro Aubanell","og_description":"Fam\u00edlia Ester: eleg\u00e0ncia i versatilitat. Cadires, cadires de bra\u00e7os, butaques, tamborets, puf. Estructures d'alumini o acer, carcasses en diferents acabats.","og_url":"https:\/\/www.navarroaubanell.com\/ca\/producte\/familia-ester-pedrali-navarro-aubanell\/","og_site_name":"Navarro Aubanell","article_modified_time":"2024-10-01T07:12:28+00:00","og_image":[{"width":1358,"height":874,"url":"https:\/\/www.navarroaubanell.com\/wp-content\/uploads\/2024\/07\/bbcdae8e-8027-45ba-bcce-5918a27d8274.jpg","type":"image\/jpeg"}],"twitter_misc":{"Est. reading time":"2 minutes"},"schema":{"@context":"https:\/\/schema.org","@graph":[{"@type":"WebPage","@id":"https:\/\/www.navarroaubanell.com\/ca\/producte\/familia-ester-pedrali-navarro-aubanell\/","url":"https:\/\/www.navarroaubanell.com\/ca\/producte\/familia-ester-pedrali-navarro-aubanell\/","name":"Fam\u00edlia Ester, Pedrali- Navarro Aubanell","isPartOf":{"@id":"https:\/\/www.navarroaubanell.com\/ca\/#website"},"primaryImageOfPage":{"@id":"https:\/\/www.navarroaubanell.com\/ca\/producte\/familia-ester-pedrali-navarro-aubanell\/#primaryimage"},"image":{"@id":"https:\/\/www.navarroaubanell.com\/ca\/producte\/familia-ester-pedrali-navarro-aubanell\/#primaryimage"},"thumbnailUrl":"https:\/\/www.navarroaubanell.com\/wp-content\/uploads\/2024\/07\/bbcdae8e-8027-45ba-bcce-5918a27d8274.jpg","datePublished":"2024-07-11T14:33:36+00:00","dateModified":"2024-10-01T07:12:28+00:00","description":"Fam\u00edlia Ester: eleg\u00e0ncia i versatilitat. Cadires, cadires de bra\u00e7os, butaques, tamborets, puf. Estructures d'alumini o acer, carcasses en diferents acabats.","breadcrumb":{"@id":"https:\/\/www.navarroaubanell.com\/ca\/producte\/familia-ester-pedrali-navarro-aubanell\/#breadcrumb"},"inLanguage":"ca","potentialAction":[{"@type":"ReadAction","target":["https:\/\/www.navarroaubanell.com\/ca\/producte\/familia-ester-pedrali-navarro-aubanell\/"]}]},{"@type":"ImageObject","inLanguage":"ca","@id":"https:\/\/www.navarroaubanell.com\/ca\/producte\/familia-ester-pedrali-navarro-aubanell\/#primaryimage","url":"https:\/\/www.navarroaubanell.com\/wp-content\/uploads\/2024\/07\/bbcdae8e-8027-45ba-bcce-5918a27d8274.jpg","contentUrl":"https:\/\/www.navarroaubanell.com\/wp-content\/uploads\/2024\/07\/bbcdae8e-8027-45ba-bcce-5918a27d8274.jpg","width":1358,"height":874,"caption":"Fam\u00edlia Ester"},{"@type":"BreadcrumbList","@id":"https:\/\/www.navarroaubanell.com\/ca\/producte\/familia-ester-pedrali-navarro-aubanell\/#breadcrumb","itemListElement":[{"@type":"ListItem","position":1,"name":"Portada","item":"https:\/\/www.navarroaubanell.com\/ca\/"},{"@type":"ListItem","position":2,"name":"Productes","item":"https:\/\/www.navarroaubanell.com\/productos\/"},{"@type":"ListItem","position":3,"name":"Fam\u00edlia Ester"}]},{"@type":"WebSite","@id":"https:\/\/www.navarroaubanell.com\/ca\/#website","url":"https:\/\/www.navarroaubanell.com\/ca\/","name":"Navarro Aubanell","description":"Mobiliario para hoteler\u00eda, colectividades y oficinas","publisher":{"@id":"https:\/\/www.navarroaubanell.com\/ca\/#organization"},"potentialAction":[{"@type":"SearchAction","target":{"@type":"EntryPoint","urlTemplate":"https:\/\/www.navarroaubanell.com\/ca\/?s={search_term_string}"},"query-input":{"@type":"PropertyValueSpecification","valueRequired":true,"valueName":"search_term_string"}}],"inLanguage":"ca"},{"@type":"Organization","@id":"https:\/\/www.navarroaubanell.com\/ca\/#organization","name":"COMERCIAL NAVARRO AUBANELL, S.A","url":"https:\/\/www.navarroaubanell.com\/ca\/","logo":{"@type":"ImageObject","inLanguage":"ca","@id":"https:\/\/www.navarroaubanell.com\/ca\/#\/schema\/logo\/image\/","url":"https:\/\/www.navarroaubanell.com\/wp-content\/uploads\/2017\/07\/logo-navarro-aubuanell.png","contentUrl":"https:\/\/www.navarroaubanell.com\/wp-content\/uploads\/2017\/07\/logo-navarro-aubuanell.png","width":6304,"height":1154,"caption":"COMERCIAL NAVARRO AUBANELL, S.A"},"image":{"@id":"https:\/\/www.navarroaubanell.com\/ca\/#\/schema\/logo\/image\/"}}]}},"_links":{"self":[{"href":"https:\/\/www.navarroaubanell.com\/ca\/wp-json\/wp\/v2\/product\/34652","targetHints":{"allow":["GET"]}}],"collection":[{"href":"https:\/\/www.navarroaubanell.com\/ca\/wp-json\/wp\/v2\/product"}],"about":[{"href":"https:\/\/www.navarroaubanell.com\/ca\/wp-json\/wp\/v2\/types\/product"}],"wp:featuredmedia":[{"embeddable":true,"href":"https:\/\/www.navarroaubanell.com\/ca\/wp-json\/wp\/v2\/media\/34523"}],"wp:attachment":[{"href":"https:\/\/www.navarroaubanell.com\/ca\/wp-json\/wp\/v2\/media?parent=34652"}],"wp:term":[{"taxonomy":"product_brand","embeddable":true,"href":"https:\/\/www.navarroaubanell.com\/ca\/wp-json\/wp\/v2\/product_brand?post=34652"},{"taxonomy":"product_cat","embeddable":true,"href":"https:\/\/www.navarroaubanell.com\/ca\/wp-json\/wp\/v2\/product_cat?post=34652"},{"taxonomy":"product_tag","embeddable":true,"href":"https:\/\/www.navarroaubanell.com\/ca\/wp-json\/wp\/v2\/product_tag?post=34652"}],"curies":[{"name":"wp","href":"https:\/\/api.w.org\/{rel}","templated":true}]}}