{"id":34298,"date":"2024-07-09T09:33:20","date_gmt":"2024-07-09T09:12:28","guid":{"rendered":"https:\/\/www.navarroaubanell.com\/?post_type=product&#038;p=34298"},"modified":"2024-10-01T10:12:48","modified_gmt":"2024-10-01T08:12:48","slug":"familia-ara-pedrali-navarroaubanell","status":"publish","type":"product","link":"https:\/\/www.navarroaubanell.com\/ca\/producte\/familia-ara-pedrali-navarroaubanell\/","title":{"rendered":"Fam\u00edlia Ara"},"content":{"rendered":"<p><strong>Descobreix l&#8217;Eleg\u00e0ncia i Funcionalitat de la Fam\u00edlia Ara de <em>Pedrali<\/em><\/strong><\/p>\n<p>Dona-li un toc de sofisticaci\u00f3 als teus espais amb la fam\u00edlia Ara! El seu disseny formal, equilibrat i elegant es distingeix per una caracter\u00edstica \u00fanica: una <strong>maneta<\/strong> situada en la part final del suport, que no sols afegeix estil sin\u00f3 tamb\u00e9 funcionalitat.<\/p>\n<p>La <strong>fam\u00edlia Ara<\/strong> inclou cadires, cadires de bra\u00e7os i una versi\u00f3 Lounge per a oferir-te una comoditat inigualable.<\/p>\n<h6><\/h6>\n<p>Estan fabricades amb la tecnologia de <strong>motlle per injecci\u00f3<\/strong>; aquest m\u00e8tode s&#8217;utilitza per a produir peces d&#8217;alta qualitat i precisi\u00f3, aix\u00ed que \u00e9s una cadira forta i compacta. El material principal \u00e9s el <strong>polipropil\u00e8<\/strong> refor\u00e7at amb <strong>fibra de vidre<\/strong>, per la qual cosa aquestes peces s\u00f3n sin\u00f2nim de durabilitat i qualitat. Per a rematar l&#8217;estructura, estan envernissades amb<strong> pintura\u00a0microtexturada<\/strong>, convertint a aquesta fam\u00edlia en la ideal tant per a <strong>interiors<\/strong> com per a <strong>exteriors<\/strong>.<\/p>\n<p>Pensades per a l&#8217;exterior, aquestes peces compten amb una<strong> formulaci\u00f3 antiest\u00e0tica<\/strong> i <strong>resistent als raigs UV<\/strong>, mantenint la seva bellesa i funcionalitat sota qualsevol clima. A m\u00e9s, per a aquelles situacions que requereixin d&#8217;un extra de seguretat, cada model ofereix una <strong>versi\u00f3 ign\u00edfuga<\/strong> en color blanc.<\/p>\n<p>Necessites optimitzar l&#8217;espai? Els models Ara s\u00f3n <strong>apilables<\/strong>, ideals per a llocs amb gran aflu\u00e8ncia de gent que requereixen solucions d&#8217;emmagatzematge r\u00e0pid i senzill, sense sacrificar est\u00e8tica ni comoditat. I per a cuidar cada detall, tots els models inclouen <strong>tacs de polipropil\u00e8<\/strong> que protegeixen tant la superf\u00edcie com el propi producte. Aquesta fam\u00edlia \u00e9s perfecta per a llars, oficines, hotels i qualsevol lloc que necessiti un toc d&#8217;eleg\u00e0ncia pr\u00e0ctica. La <strong>fam\u00edlia Ara<\/strong> \u00e9s la teva elecci\u00f3 ideal per a un entorn <strong>modern<\/strong> i distingit. Amb la seva resist\u00e8ncia i disseny modern, cada pe\u00e7a d&#8217;Ara es converteix en una declaraci\u00f3 d&#8217;<strong>estil i funcionalitat<\/strong>.<\/p>\n<p>Transforma els teus espais amb la <strong>fam\u00edlia Ara<\/strong>, on disseny i funcionalitat s&#8217;uneixen en perfecta harmonia.<\/p>\n","protected":false},"excerpt":{"rendered":"<p>Descobreix l&#8217;Eleg\u00e0ncia i Funcionalitat de la Fam\u00edlia Ara de Pedrali Dona-li un toc de sofisticaci\u00f3 als teus espais amb la fam\u00edlia Ara! El seu disseny formal, equilibrat i elegant es distingeix per una caracter\u00edstica \u00fanica: una maneta situada en la part final del suport, que no sols afegeix estil sin\u00f3 tamb\u00e9 funcionalitat. La fam\u00edlia Ara&hellip;<\/p>\n","protected":false},"featured_media":34286,"template":"","meta":{"_acf_changed":false},"product_brand":[],"product_cat":[1467,1465],"product_tag":[1263,587,863,749,640,1216,729],"class_list":{"0":"post-34298","1":"product","2":"type-product","3":"status-publish","4":"has-post-thumbnail","6":"product_cat-families-ca","7":"product_cat-families","8":"product_tag-anti-rayos-uv-ca","9":"product_tag-apilable-ca","10":"product_tag-cadira","11":"product_tag-cadira-de-barcos","12":"product_tag-exterior-ca","13":"product_tag-lounge-ca","14":"product_tag-pedrali-ca","15":"description-off","17":"first","18":"instock","19":"shipping-taxable","20":"product-type-simple"},"acf":[],"yoast_head":"<!-- This site is optimized with the Yoast SEO plugin v27.0 - https:\/\/yoast.com\/product\/yoast-seo-wordpress\/ -->\n<title>Fam\u00edlia Ara, Pedrali- Navarro Aubanell<\/title>\n<meta name=\"description\" content=\"Fam\u00edlia Ara: cadira, cadira de bra\u00e7os i versi\u00f3 Lounge. Sofisticat, apilable, antiraig UV i antiest\u00e0tic. Perfecta per a qualsevol entorn modern i exigent.\" \/>\n<meta name=\"robots\" content=\"index, follow, max-snippet:-1, max-image-preview:large, max-video-preview:-1\" \/>\n<link rel=\"canonical\" href=\"https:\/\/www.navarroaubanell.com\/ca\/producte\/familia-ara-pedrali-navarroaubanell\/\" \/>\n<meta property=\"og:locale\" content=\"ca_ES\" \/>\n<meta property=\"og:type\" content=\"article\" \/>\n<meta property=\"og:title\" content=\"Fam\u00edlia Ara, Pedrali- Navarro Aubanell\" \/>\n<meta property=\"og:description\" content=\"Fam\u00edlia Ara: cadira, cadira de bra\u00e7os i versi\u00f3 Lounge. Sofisticat, apilable, antiraig UV i antiest\u00e0tic. Perfecta per a qualsevol entorn modern i exigent.\" \/>\n<meta property=\"og:url\" content=\"https:\/\/www.navarroaubanell.com\/ca\/producte\/familia-ara-pedrali-navarroaubanell\/\" \/>\n<meta property=\"og:site_name\" content=\"Navarro Aubanell\" \/>\n<meta property=\"article:modified_time\" content=\"2024-10-01T08:12:48+00:00\" \/>\n<meta property=\"og:image\" content=\"https:\/\/www.navarroaubanell.com\/wp-content\/uploads\/2024\/07\/ARA-familia.jpg\" \/>\n\t<meta property=\"og:image:width\" content=\"800\" \/>\n\t<meta property=\"og:image:height\" content=\"650\" \/>\n\t<meta property=\"og:image:type\" content=\"image\/jpeg\" \/>\n<meta name=\"twitter:label1\" content=\"Est. reading time\" \/>\n\t<meta name=\"twitter:data1\" content=\"2 minutes\" \/>\n<script type=\"application\/ld+json\" class=\"yoast-schema-graph\">{\"@context\":\"https:\/\/schema.org\",\"@graph\":[{\"@type\":\"WebPage\",\"@id\":\"https:\/\/www.navarroaubanell.com\/ca\/producte\/familia-ara-pedrali-navarroaubanell\/\",\"url\":\"https:\/\/www.navarroaubanell.com\/ca\/producte\/familia-ara-pedrali-navarroaubanell\/\",\"name\":\"Fam\u00edlia Ara, Pedrali- Navarro Aubanell\",\"isPartOf\":{\"@id\":\"https:\/\/www.navarroaubanell.com\/ca\/#website\"},\"primaryImageOfPage\":{\"@id\":\"https:\/\/www.navarroaubanell.com\/ca\/producte\/familia-ara-pedrali-navarroaubanell\/#primaryimage\"},\"image\":{\"@id\":\"https:\/\/www.navarroaubanell.com\/ca\/producte\/familia-ara-pedrali-navarroaubanell\/#primaryimage\"},\"thumbnailUrl\":\"https:\/\/www.navarroaubanell.com\/wp-content\/uploads\/2024\/07\/ARA-familia.jpg\",\"datePublished\":\"2024-07-09T09:12:28+00:00\",\"dateModified\":\"2024-10-01T08:12:48+00:00\",\"description\":\"Fam\u00edlia Ara: cadira, cadira de bra\u00e7os i versi\u00f3 Lounge. Sofisticat, apilable, antiraig UV i antiest\u00e0tic. Perfecta per a qualsevol entorn modern i exigent.\",\"breadcrumb\":{\"@id\":\"https:\/\/www.navarroaubanell.com\/ca\/producte\/familia-ara-pedrali-navarroaubanell\/#breadcrumb\"},\"inLanguage\":\"ca\",\"potentialAction\":[{\"@type\":\"ReadAction\",\"target\":[\"https:\/\/www.navarroaubanell.com\/ca\/producte\/familia-ara-pedrali-navarroaubanell\/\"]}]},{\"@type\":\"ImageObject\",\"inLanguage\":\"ca\",\"@id\":\"https:\/\/www.navarroaubanell.com\/ca\/producte\/familia-ara-pedrali-navarroaubanell\/#primaryimage\",\"url\":\"https:\/\/www.navarroaubanell.com\/wp-content\/uploads\/2024\/07\/ARA-familia.jpg\",\"contentUrl\":\"https:\/\/www.navarroaubanell.com\/wp-content\/uploads\/2024\/07\/ARA-familia.jpg\",\"width\":800,\"height\":650,\"caption\":\"Fam\u00edlia Ara\"},{\"@type\":\"BreadcrumbList\",\"@id\":\"https:\/\/www.navarroaubanell.com\/ca\/producte\/familia-ara-pedrali-navarroaubanell\/#breadcrumb\",\"itemListElement\":[{\"@type\":\"ListItem\",\"position\":1,\"name\":\"Portada\",\"item\":\"https:\/\/www.navarroaubanell.com\/ca\/\"},{\"@type\":\"ListItem\",\"position\":2,\"name\":\"Productes\",\"item\":\"https:\/\/www.navarroaubanell.com\/productos\/\"},{\"@type\":\"ListItem\",\"position\":3,\"name\":\"Fam\u00edlia Ara\"}]},{\"@type\":\"WebSite\",\"@id\":\"https:\/\/www.navarroaubanell.com\/ca\/#website\",\"url\":\"https:\/\/www.navarroaubanell.com\/ca\/\",\"name\":\"Navarro Aubanell\",\"description\":\"Mobiliario para hoteler\u00eda, colectividades y oficinas\",\"publisher\":{\"@id\":\"https:\/\/www.navarroaubanell.com\/ca\/#organization\"},\"potentialAction\":[{\"@type\":\"SearchAction\",\"target\":{\"@type\":\"EntryPoint\",\"urlTemplate\":\"https:\/\/www.navarroaubanell.com\/ca\/?s={search_term_string}\"},\"query-input\":{\"@type\":\"PropertyValueSpecification\",\"valueRequired\":true,\"valueName\":\"search_term_string\"}}],\"inLanguage\":\"ca\"},{\"@type\":\"Organization\",\"@id\":\"https:\/\/www.navarroaubanell.com\/ca\/#organization\",\"name\":\"COMERCIAL NAVARRO AUBANELL, S.A\",\"url\":\"https:\/\/www.navarroaubanell.com\/ca\/\",\"logo\":{\"@type\":\"ImageObject\",\"inLanguage\":\"ca\",\"@id\":\"https:\/\/www.navarroaubanell.com\/ca\/#\/schema\/logo\/image\/\",\"url\":\"https:\/\/www.navarroaubanell.com\/wp-content\/uploads\/2017\/07\/logo-navarro-aubuanell.png\",\"contentUrl\":\"https:\/\/www.navarroaubanell.com\/wp-content\/uploads\/2017\/07\/logo-navarro-aubuanell.png\",\"width\":6304,\"height\":1154,\"caption\":\"COMERCIAL NAVARRO AUBANELL, S.A\"},\"image\":{\"@id\":\"https:\/\/www.navarroaubanell.com\/ca\/#\/schema\/logo\/image\/\"}}]}<\/script>\n<!-- \/ Yoast SEO plugin. -->","yoast_head_json":{"title":"Fam\u00edlia Ara, Pedrali- Navarro Aubanell","description":"Fam\u00edlia Ara: cadira, cadira de bra\u00e7os i versi\u00f3 Lounge. Sofisticat, apilable, antiraig UV i antiest\u00e0tic. Perfecta per a qualsevol entorn modern i exigent.","robots":{"index":"index","follow":"follow","max-snippet":"max-snippet:-1","max-image-preview":"max-image-preview:large","max-video-preview":"max-video-preview:-1"},"canonical":"https:\/\/www.navarroaubanell.com\/ca\/producte\/familia-ara-pedrali-navarroaubanell\/","og_locale":"ca_ES","og_type":"article","og_title":"Fam\u00edlia Ara, Pedrali- Navarro Aubanell","og_description":"Fam\u00edlia Ara: cadira, cadira de bra\u00e7os i versi\u00f3 Lounge. Sofisticat, apilable, antiraig UV i antiest\u00e0tic. Perfecta per a qualsevol entorn modern i exigent.","og_url":"https:\/\/www.navarroaubanell.com\/ca\/producte\/familia-ara-pedrali-navarroaubanell\/","og_site_name":"Navarro Aubanell","article_modified_time":"2024-10-01T08:12:48+00:00","og_image":[{"width":800,"height":650,"url":"https:\/\/www.navarroaubanell.com\/wp-content\/uploads\/2024\/07\/ARA-familia.jpg","type":"image\/jpeg"}],"twitter_misc":{"Est. reading time":"2 minutes"},"schema":{"@context":"https:\/\/schema.org","@graph":[{"@type":"WebPage","@id":"https:\/\/www.navarroaubanell.com\/ca\/producte\/familia-ara-pedrali-navarroaubanell\/","url":"https:\/\/www.navarroaubanell.com\/ca\/producte\/familia-ara-pedrali-navarroaubanell\/","name":"Fam\u00edlia Ara, Pedrali- Navarro Aubanell","isPartOf":{"@id":"https:\/\/www.navarroaubanell.com\/ca\/#website"},"primaryImageOfPage":{"@id":"https:\/\/www.navarroaubanell.com\/ca\/producte\/familia-ara-pedrali-navarroaubanell\/#primaryimage"},"image":{"@id":"https:\/\/www.navarroaubanell.com\/ca\/producte\/familia-ara-pedrali-navarroaubanell\/#primaryimage"},"thumbnailUrl":"https:\/\/www.navarroaubanell.com\/wp-content\/uploads\/2024\/07\/ARA-familia.jpg","datePublished":"2024-07-09T09:12:28+00:00","dateModified":"2024-10-01T08:12:48+00:00","description":"Fam\u00edlia Ara: cadira, cadira de bra\u00e7os i versi\u00f3 Lounge. Sofisticat, apilable, antiraig UV i antiest\u00e0tic. Perfecta per a qualsevol entorn modern i exigent.","breadcrumb":{"@id":"https:\/\/www.navarroaubanell.com\/ca\/producte\/familia-ara-pedrali-navarroaubanell\/#breadcrumb"},"inLanguage":"ca","potentialAction":[{"@type":"ReadAction","target":["https:\/\/www.navarroaubanell.com\/ca\/producte\/familia-ara-pedrali-navarroaubanell\/"]}]},{"@type":"ImageObject","inLanguage":"ca","@id":"https:\/\/www.navarroaubanell.com\/ca\/producte\/familia-ara-pedrali-navarroaubanell\/#primaryimage","url":"https:\/\/www.navarroaubanell.com\/wp-content\/uploads\/2024\/07\/ARA-familia.jpg","contentUrl":"https:\/\/www.navarroaubanell.com\/wp-content\/uploads\/2024\/07\/ARA-familia.jpg","width":800,"height":650,"caption":"Fam\u00edlia Ara"},{"@type":"BreadcrumbList","@id":"https:\/\/www.navarroaubanell.com\/ca\/producte\/familia-ara-pedrali-navarroaubanell\/#breadcrumb","itemListElement":[{"@type":"ListItem","position":1,"name":"Portada","item":"https:\/\/www.navarroaubanell.com\/ca\/"},{"@type":"ListItem","position":2,"name":"Productes","item":"https:\/\/www.navarroaubanell.com\/productos\/"},{"@type":"ListItem","position":3,"name":"Fam\u00edlia Ara"}]},{"@type":"WebSite","@id":"https:\/\/www.navarroaubanell.com\/ca\/#website","url":"https:\/\/www.navarroaubanell.com\/ca\/","name":"Navarro Aubanell","description":"Mobiliario para hoteler\u00eda, colectividades y oficinas","publisher":{"@id":"https:\/\/www.navarroaubanell.com\/ca\/#organization"},"potentialAction":[{"@type":"SearchAction","target":{"@type":"EntryPoint","urlTemplate":"https:\/\/www.navarroaubanell.com\/ca\/?s={search_term_string}"},"query-input":{"@type":"PropertyValueSpecification","valueRequired":true,"valueName":"search_term_string"}}],"inLanguage":"ca"},{"@type":"Organization","@id":"https:\/\/www.navarroaubanell.com\/ca\/#organization","name":"COMERCIAL NAVARRO AUBANELL, S.A","url":"https:\/\/www.navarroaubanell.com\/ca\/","logo":{"@type":"ImageObject","inLanguage":"ca","@id":"https:\/\/www.navarroaubanell.com\/ca\/#\/schema\/logo\/image\/","url":"https:\/\/www.navarroaubanell.com\/wp-content\/uploads\/2017\/07\/logo-navarro-aubuanell.png","contentUrl":"https:\/\/www.navarroaubanell.com\/wp-content\/uploads\/2017\/07\/logo-navarro-aubuanell.png","width":6304,"height":1154,"caption":"COMERCIAL NAVARRO AUBANELL, S.A"},"image":{"@id":"https:\/\/www.navarroaubanell.com\/ca\/#\/schema\/logo\/image\/"}}]}},"_links":{"self":[{"href":"https:\/\/www.navarroaubanell.com\/ca\/wp-json\/wp\/v2\/product\/34298","targetHints":{"allow":["GET"]}}],"collection":[{"href":"https:\/\/www.navarroaubanell.com\/ca\/wp-json\/wp\/v2\/product"}],"about":[{"href":"https:\/\/www.navarroaubanell.com\/ca\/wp-json\/wp\/v2\/types\/product"}],"wp:featuredmedia":[{"embeddable":true,"href":"https:\/\/www.navarroaubanell.com\/ca\/wp-json\/wp\/v2\/media\/34286"}],"wp:attachment":[{"href":"https:\/\/www.navarroaubanell.com\/ca\/wp-json\/wp\/v2\/media?parent=34298"}],"wp:term":[{"taxonomy":"product_brand","embeddable":true,"href":"https:\/\/www.navarroaubanell.com\/ca\/wp-json\/wp\/v2\/product_brand?post=34298"},{"taxonomy":"product_cat","embeddable":true,"href":"https:\/\/www.navarroaubanell.com\/ca\/wp-json\/wp\/v2\/product_cat?post=34298"},{"taxonomy":"product_tag","embeddable":true,"href":"https:\/\/www.navarroaubanell.com\/ca\/wp-json\/wp\/v2\/product_tag?post=34298"}],"curies":[{"name":"wp","href":"https:\/\/api.w.org\/{rel}","templated":true}]}}