{"id":33426,"date":"2024-06-21T17:59:32","date_gmt":"2024-06-28T07:15:07","guid":{"rendered":"https:\/\/www.navarroaubanell.com\/?post_type=product&#038;p=33426"},"modified":"2025-07-02T09:01:32","modified_gmt":"2025-07-02T07:01:32","slug":"taula-auxiliar-eva-pro","status":"publish","type":"product","link":"https:\/\/www.navarroaubanell.com\/ca\/producte\/taula-auxiliar-eva-pro\/","title":{"rendered":"Taula auxiliar Eva Pro"},"content":{"rendered":"<div class=\"markdown prose w-full break-words dark:prose-invert light\">\n<p>La\u00a0<strong>taula auxiliar Eva\u00a0Pro<\/strong>\u00a0est\u00e0 fabricada amb <strong>resina de polipropil\u00e8<\/strong>, i refor\u00e7ada amb una formulaci\u00f3 especial anti raigs UVA, la qual cosa garanteix la seva durabilitat i resist\u00e8ncia a la intemp\u00e8rie. El seu disseny <strong>apilable<\/strong> permet reduir l\u2019espai d\u2019emmagatzematge, fent d\u2019aquesta taula una opci\u00f3 pr\u00e0ctica i eficient, a m\u00e9s de ser 100% reciclable.<\/p>\n<p>Aquesta taula auxiliar est\u00e0 disponible en <strong>diversos colors<\/strong>, inclosos els\u00a0<em>Prestige (t\u00f3rtora, bronze, gris fosc).<\/em><\/p>\n<p><strong>La taula auxiliar Eva Pro\u00a0<\/strong>\u00e9s el complement ideal per a la gandula\u00a0<a href=\"https:\/\/www.navarroaubanell.com\/ca\/producte\/eva-pro\/\">Eva Pro<\/a>, creant un conjunt perfecte per a qualsevol espai exterior.<\/p>\n<\/div>\n<p>No dubti a configurar la taula Eva Pro que m\u00e9s li agradi entrant en el seg\u00fcent <a href=\"https:\/\/viewer.ienhance.co\/v\/app\/ee985bbb-6958-4e66-97cd-35ba81e48434\">enlla\u00e7<\/a>.<\/p>\n<p><a href=\"https:\/\/balliuexport.com\/wp-content\/uploads\/2020\/02\/Eva-Pro-Mini-mesa-comprimido.pdf\">Fitxa t\u00e8cnica.<\/a><\/p>\n<p><a href=\"https:\/\/balliuexport.com\/wp-content\/uploads\/2020\/02\/Eva-Pro-Mini-Prestige-mesa-comprimido.pdf\">Colors Prestige.<\/a><\/p>\n","protected":false},"excerpt":{"rendered":"<p>La\u00a0taula auxiliar Eva\u00a0Pro\u00a0est\u00e0 fabricada amb resina de polipropil\u00e8, i refor\u00e7ada amb una formulaci\u00f3 especial anti raigs UVA, la qual cosa garanteix la seva durabilitat i resist\u00e8ncia a la intemp\u00e8rie. El seu disseny apilable permet reduir l\u2019espai d\u2019emmagatzematge, fent d\u2019aquesta taula una opci\u00f3 pr\u00e0ctica i eficient, a m\u00e9s de ser 100% reciclable. Aquesta taula auxiliar est\u00e0&hellip;<\/p>\n","protected":false},"featured_media":33002,"template":"","meta":{"_acf_changed":false},"product_brand":[],"product_cat":[566],"product_tag":[587,593,909,640],"class_list":{"0":"post-33426","1":"product","2":"type-product","3":"status-publish","4":"has-post-thumbnail","6":"product_cat-taules-auxiliars-exterior","7":"product_tag-apilable-ca","8":"product_tag-balliu-ca","9":"product_tag-eva-pro-ca","10":"product_tag-exterior-ca","11":"description-off","13":"first","14":"instock","15":"shipping-taxable","16":"product-type-simple"},"acf":[],"yoast_head":"<!-- This site is optimized with the Yoast SEO plugin v27.0 - https:\/\/yoast.com\/product\/yoast-seo-wordpress\/ -->\n<title>Taula auxiliar Eva Pro-balliu-navarroaubanell<\/title>\n<meta name=\"description\" content=\"Taula auxiliar Eva Pro: duradora, apilable, pr\u00e0ctica, antiraigs UVA, 100% reciclable. Perfecte complement per a la gandula Eva Pro.\" \/>\n<meta name=\"robots\" content=\"index, follow, max-snippet:-1, max-image-preview:large, max-video-preview:-1\" \/>\n<link rel=\"canonical\" href=\"https:\/\/www.navarroaubanell.com\/ca\/producte\/taula-auxiliar-eva-pro\/\" \/>\n<meta property=\"og:locale\" content=\"ca_ES\" \/>\n<meta property=\"og:type\" content=\"article\" \/>\n<meta property=\"og:title\" content=\"Taula auxiliar Eva Pro-balliu-navarroaubanell\" \/>\n<meta property=\"og:description\" content=\"Taula auxiliar Eva Pro: duradora, apilable, pr\u00e0ctica, antiraigs UVA, 100% reciclable. Perfecte complement per a la gandula Eva Pro.\" \/>\n<meta property=\"og:url\" content=\"https:\/\/www.navarroaubanell.com\/ca\/producte\/taula-auxiliar-eva-pro\/\" \/>\n<meta property=\"og:site_name\" content=\"Navarro Aubanell\" \/>\n<meta property=\"article:modified_time\" content=\"2025-07-02T07:01:32+00:00\" \/>\n<meta property=\"og:image\" content=\"https:\/\/www.navarroaubanell.com\/wp-content\/uploads\/2024\/06\/eva-pro-mini-prestige-mesa-tortola-800x614-1.jpg.webp\" \/>\n\t<meta property=\"og:image:width\" content=\"800\" \/>\n\t<meta property=\"og:image:height\" content=\"614\" \/>\n\t<meta property=\"og:image:type\" content=\"image\/webp\" \/>\n<meta name=\"twitter:label1\" content=\"Est. reading time\" \/>\n\t<meta name=\"twitter:data1\" content=\"1 minute\" \/>\n<script type=\"application\/ld+json\" class=\"yoast-schema-graph\">{\"@context\":\"https:\/\/schema.org\",\"@graph\":[{\"@type\":\"WebPage\",\"@id\":\"https:\/\/www.navarroaubanell.com\/ca\/producte\/taula-auxiliar-eva-pro\/\",\"url\":\"https:\/\/www.navarroaubanell.com\/ca\/producte\/taula-auxiliar-eva-pro\/\",\"name\":\"Taula auxiliar Eva Pro-balliu-navarroaubanell\",\"isPartOf\":{\"@id\":\"https:\/\/www.navarroaubanell.com\/ca\/#website\"},\"primaryImageOfPage\":{\"@id\":\"https:\/\/www.navarroaubanell.com\/ca\/producte\/taula-auxiliar-eva-pro\/#primaryimage\"},\"image\":{\"@id\":\"https:\/\/www.navarroaubanell.com\/ca\/producte\/taula-auxiliar-eva-pro\/#primaryimage\"},\"thumbnailUrl\":\"https:\/\/www.navarroaubanell.com\/wp-content\/uploads\/2024\/06\/eva-pro-mini-prestige-mesa-tortola-800x614-1.jpg.webp\",\"datePublished\":\"2024-06-28T07:15:07+00:00\",\"dateModified\":\"2025-07-02T07:01:32+00:00\",\"description\":\"Taula auxiliar Eva Pro: duradora, apilable, pr\u00e0ctica, antiraigs UVA, 100% reciclable. Perfecte complement per a la gandula Eva Pro.\",\"breadcrumb\":{\"@id\":\"https:\/\/www.navarroaubanell.com\/ca\/producte\/taula-auxiliar-eva-pro\/#breadcrumb\"},\"inLanguage\":\"ca\",\"potentialAction\":[{\"@type\":\"ReadAction\",\"target\":[\"https:\/\/www.navarroaubanell.com\/ca\/producte\/taula-auxiliar-eva-pro\/\"]}]},{\"@type\":\"ImageObject\",\"inLanguage\":\"ca\",\"@id\":\"https:\/\/www.navarroaubanell.com\/ca\/producte\/taula-auxiliar-eva-pro\/#primaryimage\",\"url\":\"https:\/\/www.navarroaubanell.com\/wp-content\/uploads\/2024\/06\/eva-pro-mini-prestige-mesa-tortola-800x614-1.jpg.webp\",\"contentUrl\":\"https:\/\/www.navarroaubanell.com\/wp-content\/uploads\/2024\/06\/eva-pro-mini-prestige-mesa-tortola-800x614-1.jpg.webp\",\"width\":800,\"height\":614,\"caption\":\"Taula auxiliar Eva Pro Prestige en color t\u00f3rtola\"},{\"@type\":\"BreadcrumbList\",\"@id\":\"https:\/\/www.navarroaubanell.com\/ca\/producte\/taula-auxiliar-eva-pro\/#breadcrumb\",\"itemListElement\":[{\"@type\":\"ListItem\",\"position\":1,\"name\":\"Portada\",\"item\":\"https:\/\/www.navarroaubanell.com\/ca\/\"},{\"@type\":\"ListItem\",\"position\":2,\"name\":\"Productes\",\"item\":\"https:\/\/www.navarroaubanell.com\/productos\/\"},{\"@type\":\"ListItem\",\"position\":3,\"name\":\"Taula auxiliar Eva Pro\"}]},{\"@type\":\"WebSite\",\"@id\":\"https:\/\/www.navarroaubanell.com\/ca\/#website\",\"url\":\"https:\/\/www.navarroaubanell.com\/ca\/\",\"name\":\"Navarro Aubanell\",\"description\":\"Mobiliario para hoteler\u00eda, colectividades y oficinas\",\"publisher\":{\"@id\":\"https:\/\/www.navarroaubanell.com\/ca\/#organization\"},\"potentialAction\":[{\"@type\":\"SearchAction\",\"target\":{\"@type\":\"EntryPoint\",\"urlTemplate\":\"https:\/\/www.navarroaubanell.com\/ca\/?s={search_term_string}\"},\"query-input\":{\"@type\":\"PropertyValueSpecification\",\"valueRequired\":true,\"valueName\":\"search_term_string\"}}],\"inLanguage\":\"ca\"},{\"@type\":\"Organization\",\"@id\":\"https:\/\/www.navarroaubanell.com\/ca\/#organization\",\"name\":\"COMERCIAL NAVARRO AUBANELL, S.A\",\"url\":\"https:\/\/www.navarroaubanell.com\/ca\/\",\"logo\":{\"@type\":\"ImageObject\",\"inLanguage\":\"ca\",\"@id\":\"https:\/\/www.navarroaubanell.com\/ca\/#\/schema\/logo\/image\/\",\"url\":\"https:\/\/www.navarroaubanell.com\/wp-content\/uploads\/2017\/07\/logo-navarro-aubuanell.png\",\"contentUrl\":\"https:\/\/www.navarroaubanell.com\/wp-content\/uploads\/2017\/07\/logo-navarro-aubuanell.png\",\"width\":6304,\"height\":1154,\"caption\":\"COMERCIAL NAVARRO AUBANELL, S.A\"},\"image\":{\"@id\":\"https:\/\/www.navarroaubanell.com\/ca\/#\/schema\/logo\/image\/\"}}]}<\/script>\n<!-- \/ Yoast SEO plugin. -->","yoast_head_json":{"title":"Taula auxiliar Eva Pro-balliu-navarroaubanell","description":"Taula auxiliar Eva Pro: duradora, apilable, pr\u00e0ctica, antiraigs UVA, 100% reciclable. Perfecte complement per a la gandula Eva Pro.","robots":{"index":"index","follow":"follow","max-snippet":"max-snippet:-1","max-image-preview":"max-image-preview:large","max-video-preview":"max-video-preview:-1"},"canonical":"https:\/\/www.navarroaubanell.com\/ca\/producte\/taula-auxiliar-eva-pro\/","og_locale":"ca_ES","og_type":"article","og_title":"Taula auxiliar Eva Pro-balliu-navarroaubanell","og_description":"Taula auxiliar Eva Pro: duradora, apilable, pr\u00e0ctica, antiraigs UVA, 100% reciclable. Perfecte complement per a la gandula Eva Pro.","og_url":"https:\/\/www.navarroaubanell.com\/ca\/producte\/taula-auxiliar-eva-pro\/","og_site_name":"Navarro Aubanell","article_modified_time":"2025-07-02T07:01:32+00:00","og_image":[{"width":800,"height":614,"url":"https:\/\/www.navarroaubanell.com\/wp-content\/uploads\/2024\/06\/eva-pro-mini-prestige-mesa-tortola-800x614-1.jpg.webp","type":"image\/webp"}],"twitter_misc":{"Est. reading time":"1 minute"},"schema":{"@context":"https:\/\/schema.org","@graph":[{"@type":"WebPage","@id":"https:\/\/www.navarroaubanell.com\/ca\/producte\/taula-auxiliar-eva-pro\/","url":"https:\/\/www.navarroaubanell.com\/ca\/producte\/taula-auxiliar-eva-pro\/","name":"Taula auxiliar Eva Pro-balliu-navarroaubanell","isPartOf":{"@id":"https:\/\/www.navarroaubanell.com\/ca\/#website"},"primaryImageOfPage":{"@id":"https:\/\/www.navarroaubanell.com\/ca\/producte\/taula-auxiliar-eva-pro\/#primaryimage"},"image":{"@id":"https:\/\/www.navarroaubanell.com\/ca\/producte\/taula-auxiliar-eva-pro\/#primaryimage"},"thumbnailUrl":"https:\/\/www.navarroaubanell.com\/wp-content\/uploads\/2024\/06\/eva-pro-mini-prestige-mesa-tortola-800x614-1.jpg.webp","datePublished":"2024-06-28T07:15:07+00:00","dateModified":"2025-07-02T07:01:32+00:00","description":"Taula auxiliar Eva Pro: duradora, apilable, pr\u00e0ctica, antiraigs UVA, 100% reciclable. Perfecte complement per a la gandula Eva Pro.","breadcrumb":{"@id":"https:\/\/www.navarroaubanell.com\/ca\/producte\/taula-auxiliar-eva-pro\/#breadcrumb"},"inLanguage":"ca","potentialAction":[{"@type":"ReadAction","target":["https:\/\/www.navarroaubanell.com\/ca\/producte\/taula-auxiliar-eva-pro\/"]}]},{"@type":"ImageObject","inLanguage":"ca","@id":"https:\/\/www.navarroaubanell.com\/ca\/producte\/taula-auxiliar-eva-pro\/#primaryimage","url":"https:\/\/www.navarroaubanell.com\/wp-content\/uploads\/2024\/06\/eva-pro-mini-prestige-mesa-tortola-800x614-1.jpg.webp","contentUrl":"https:\/\/www.navarroaubanell.com\/wp-content\/uploads\/2024\/06\/eva-pro-mini-prestige-mesa-tortola-800x614-1.jpg.webp","width":800,"height":614,"caption":"Taula auxiliar Eva Pro Prestige en color t\u00f3rtola"},{"@type":"BreadcrumbList","@id":"https:\/\/www.navarroaubanell.com\/ca\/producte\/taula-auxiliar-eva-pro\/#breadcrumb","itemListElement":[{"@type":"ListItem","position":1,"name":"Portada","item":"https:\/\/www.navarroaubanell.com\/ca\/"},{"@type":"ListItem","position":2,"name":"Productes","item":"https:\/\/www.navarroaubanell.com\/productos\/"},{"@type":"ListItem","position":3,"name":"Taula auxiliar Eva Pro"}]},{"@type":"WebSite","@id":"https:\/\/www.navarroaubanell.com\/ca\/#website","url":"https:\/\/www.navarroaubanell.com\/ca\/","name":"Navarro Aubanell","description":"Mobiliario para hoteler\u00eda, colectividades y oficinas","publisher":{"@id":"https:\/\/www.navarroaubanell.com\/ca\/#organization"},"potentialAction":[{"@type":"SearchAction","target":{"@type":"EntryPoint","urlTemplate":"https:\/\/www.navarroaubanell.com\/ca\/?s={search_term_string}"},"query-input":{"@type":"PropertyValueSpecification","valueRequired":true,"valueName":"search_term_string"}}],"inLanguage":"ca"},{"@type":"Organization","@id":"https:\/\/www.navarroaubanell.com\/ca\/#organization","name":"COMERCIAL NAVARRO AUBANELL, S.A","url":"https:\/\/www.navarroaubanell.com\/ca\/","logo":{"@type":"ImageObject","inLanguage":"ca","@id":"https:\/\/www.navarroaubanell.com\/ca\/#\/schema\/logo\/image\/","url":"https:\/\/www.navarroaubanell.com\/wp-content\/uploads\/2017\/07\/logo-navarro-aubuanell.png","contentUrl":"https:\/\/www.navarroaubanell.com\/wp-content\/uploads\/2017\/07\/logo-navarro-aubuanell.png","width":6304,"height":1154,"caption":"COMERCIAL NAVARRO AUBANELL, S.A"},"image":{"@id":"https:\/\/www.navarroaubanell.com\/ca\/#\/schema\/logo\/image\/"}}]}},"_links":{"self":[{"href":"https:\/\/www.navarroaubanell.com\/ca\/wp-json\/wp\/v2\/product\/33426","targetHints":{"allow":["GET"]}}],"collection":[{"href":"https:\/\/www.navarroaubanell.com\/ca\/wp-json\/wp\/v2\/product"}],"about":[{"href":"https:\/\/www.navarroaubanell.com\/ca\/wp-json\/wp\/v2\/types\/product"}],"wp:featuredmedia":[{"embeddable":true,"href":"https:\/\/www.navarroaubanell.com\/ca\/wp-json\/wp\/v2\/media\/33002"}],"wp:attachment":[{"href":"https:\/\/www.navarroaubanell.com\/ca\/wp-json\/wp\/v2\/media?parent=33426"}],"wp:term":[{"taxonomy":"product_brand","embeddable":true,"href":"https:\/\/www.navarroaubanell.com\/ca\/wp-json\/wp\/v2\/product_brand?post=33426"},{"taxonomy":"product_cat","embeddable":true,"href":"https:\/\/www.navarroaubanell.com\/ca\/wp-json\/wp\/v2\/product_cat?post=33426"},{"taxonomy":"product_tag","embeddable":true,"href":"https:\/\/www.navarroaubanell.com\/ca\/wp-json\/wp\/v2\/product_tag?post=33426"}],"curies":[{"name":"wp","href":"https:\/\/api.w.org\/{rel}","templated":true}]}}