{"id":31665,"date":"2021-03-03T13:19:48","date_gmt":"2021-03-03T12:19:48","guid":{"rendered":"https:\/\/www.navarroaubanell.com\/producto\/colchon-gran-paris-top-visco\/"},"modified":"2021-03-03T13:22:38","modified_gmt":"2021-03-03T12:22:38","slug":"colchon-gran-paris-top-visco","status":"publish","type":"product","link":"https:\/\/www.navarroaubanell.com\/ca\/producte\/colchon-gran-paris-top-visco\/","title":{"rendered":"Matal\u00e0s Gran Par\u00eds Top Visco"},"content":{"rendered":"<p><span class=\"VIiyi\" lang=\"ca\"><span class=\"JLqJ4b\" data-language-for-alternatives=\"ca\" data-language-to-translate-into=\"es\" data-phrase-index=\"0\">El matal\u00e0s Gran Par\u00eds Top Visco \u00e9s un matal\u00e0s modern amb materials tecnol\u00f2gics d&#8217;\u00faltima generaci\u00f3, combinant viscoel\u00e0stica de carboni anti-estr\u00e8s, viscoel\u00e0stica de gel, goma hipersoft per a una sensaci\u00f3 de confort i al seu torn goma ferm per a una bona fermesa. <\/span><\/span><\/p>\n<p><span class=\"VIiyi\" lang=\"ca\"><span class=\"JLqJ4b\" data-language-for-alternatives=\"ca\" data-language-to-translate-into=\"es\" data-phrase-index=\"0\">Els components d&#8217;aquest matal\u00e0s s\u00f3n de primera qualitat, i pot donar una garantia de 5 anys. Amb un teixit stretch ign\u00edfug, encoixinat a la part superior amb 20mm de viscoel\u00e0stica de carboni anti-estr\u00e8s m\u00e9s fibres at\u00e8rmiques de 130gr. La viscoel\u00e0stica carboni allibera els ions negatius proporcionant una major relaxaci\u00f3 en el son.<\/span><\/span><\/p>\n<p><span class=\"VIiyi\" lang=\"ca\"><span class=\"JLqJ4b\" data-language-for-alternatives=\"ca\" data-language-to-translate-into=\"es\" data-phrase-index=\"0\"> El nucli d&#8217;aquest matal\u00e0s est\u00e0 compost al seu interior per una goma de 28kg super ferma, envoltat per 30mm per cada costat amb goma super suau, proporcionant una perfecta combinaci\u00f3 de confort i fermesa. <\/span><\/span><\/p>\n<p><span class=\"VIiyi\" lang=\"ca\"><span class=\"JLqJ4b\" data-language-for-alternatives=\"ca\" data-language-to-translate-into=\"es\" data-phrase-index=\"0\">En la seva part inferior amb 20mm de viscoel\u00e0stica amb part\u00edcules de gel m\u00e9s fibres at\u00e8rmiques de 130gr. <\/span><\/span><\/p>\n<p><span class=\"VIiyi\" lang=\"ca\"><span class=\"JLqJ4b\" data-language-for-alternatives=\"ca\" data-language-to-translate-into=\"es\" data-phrase-index=\"0\">La viscoel\u00e0stica de gel dissipa la calor produ\u00efda pel contacte entre les capes superior del matal\u00e0s i el nostre cos. <\/span><\/span><\/p>\n<p><span class=\"VIiyi\" lang=\"ca\"><span class=\"JLqJ4b\" data-language-for-alternatives=\"ca\" data-language-to-translate-into=\"es\" data-phrase-index=\"0\">La platabanda va a joc de el teixit del matal\u00e0s, encoixinada amb fibra at\u00e8rmiques de 150gr. <\/span><\/span><\/p>\n<p><span class=\"VIiyi\" lang=\"ca\"><span class=\"JLqJ4b\" data-language-for-alternatives=\"ca\" data-language-to-translate-into=\"es\" data-phrase-index=\"0\">Amb 4 airejadors de ventilaci\u00f3 <\/span><\/span><\/p>\n<p><span class=\"VIiyi\" lang=\"ca\"><span class=\"JLqJ4b\" data-language-for-alternatives=\"ca\" data-language-to-translate-into=\"es\" data-phrase-index=\"0\">Al\u00e7ada total 28-29cm.<\/span><\/span><\/p>\n","protected":false},"excerpt":{"rendered":"<p>El matal\u00e0s Gran Par\u00eds Top Visco \u00e9s un matal\u00e0s modern amb materials tecnol\u00f2gics d&#8217;\u00faltima generaci\u00f3, combinant viscoel\u00e0stica de carboni anti-estr\u00e8s, viscoel\u00e0stica de gel, goma hipersoft per a una sensaci\u00f3 de confort i al seu torn goma ferm per a una bona fermesa. Els components d&#8217;aquest matal\u00e0s s\u00f3n de primera qualitat, i pot donar una garantia&hellip;<\/p>\n","protected":false},"featured_media":31664,"template":"","meta":{"_acf_changed":false},"product_brand":[],"product_cat":[541,545],"product_tag":[618,826,1062,818,1050],"class_list":{"0":"post-31665","1":"product","2":"type-product","3":"status-publish","4":"has-post-thumbnail","6":"product_cat-descans","7":"product_cat-matalassos","8":"product_tag-contract-ca","9":"product_tag-descans","10":"product_tag-gran-paris-top-visco-ca","11":"product_tag-matalassos","12":"product_tag-nucleo-hr-ca","13":"description-off","15":"first","16":"instock","17":"shipping-taxable","18":"product-type-simple"},"acf":[],"yoast_head":"<!-- This site is optimized with the Yoast SEO plugin v27.0 - https:\/\/yoast.com\/product\/yoast-seo-wordpress\/ -->\n<title>Matal\u00e0s Gran Par\u00eds Top Visco - Navarro Aubanell<\/title>\n<meta name=\"description\" content=\"El matal\u00e0s Gran Par\u00eds Top Visco \u00e9s un matal\u00e0s modern amb materials tecnol\u00f2gics d&#039;\u00faltima generaci\u00f3, combinant viscoel\u00e0stica de carboni anti-estr\u00e8s.\" \/>\n<meta name=\"robots\" content=\"index, follow, max-snippet:-1, max-image-preview:large, max-video-preview:-1\" \/>\n<link rel=\"canonical\" href=\"https:\/\/www.navarroaubanell.com\/ca\/producte\/colchon-gran-paris-top-visco\/\" \/>\n<meta property=\"og:locale\" content=\"ca_ES\" \/>\n<meta property=\"og:type\" content=\"article\" \/>\n<meta property=\"og:title\" content=\"Matal\u00e0s Gran Par\u00eds Top Visco - Navarro Aubanell\" \/>\n<meta property=\"og:description\" content=\"El matal\u00e0s Gran Par\u00eds Top Visco \u00e9s un matal\u00e0s modern amb materials tecnol\u00f2gics d&#039;\u00faltima generaci\u00f3, combinant viscoel\u00e0stica de carboni anti-estr\u00e8s.\" \/>\n<meta property=\"og:url\" content=\"https:\/\/www.navarroaubanell.com\/ca\/producte\/colchon-gran-paris-top-visco\/\" \/>\n<meta property=\"og:site_name\" content=\"Navarro Aubanell\" \/>\n<meta property=\"article:modified_time\" content=\"2021-03-03T12:22:38+00:00\" \/>\n<meta property=\"og:image\" content=\"https:\/\/www.navarroaubanell.com\/wp-content\/uploads\/2021\/03\/GRAN-PARIS-TOP-VISCO.jpg\" \/>\n\t<meta property=\"og:image:width\" content=\"800\" \/>\n\t<meta property=\"og:image:height\" content=\"650\" \/>\n\t<meta property=\"og:image:type\" content=\"image\/jpeg\" \/>\n<meta name=\"twitter:label1\" content=\"Est. reading time\" \/>\n\t<meta name=\"twitter:data1\" content=\"1 minute\" \/>\n<script type=\"application\/ld+json\" class=\"yoast-schema-graph\">{\"@context\":\"https:\/\/schema.org\",\"@graph\":[{\"@type\":\"WebPage\",\"@id\":\"https:\/\/www.navarroaubanell.com\/ca\/producte\/colchon-gran-paris-top-visco\/\",\"url\":\"https:\/\/www.navarroaubanell.com\/ca\/producte\/colchon-gran-paris-top-visco\/\",\"name\":\"Matal\u00e0s Gran Par\u00eds Top Visco - Navarro Aubanell\",\"isPartOf\":{\"@id\":\"https:\/\/www.navarroaubanell.com\/ca\/#website\"},\"primaryImageOfPage\":{\"@id\":\"https:\/\/www.navarroaubanell.com\/ca\/producte\/colchon-gran-paris-top-visco\/#primaryimage\"},\"image\":{\"@id\":\"https:\/\/www.navarroaubanell.com\/ca\/producte\/colchon-gran-paris-top-visco\/#primaryimage\"},\"thumbnailUrl\":\"https:\/\/www.navarroaubanell.com\/wp-content\/uploads\/2021\/03\/GRAN-PARIS-TOP-VISCO.jpg\",\"datePublished\":\"2021-03-03T12:19:48+00:00\",\"dateModified\":\"2021-03-03T12:22:38+00:00\",\"description\":\"El matal\u00e0s Gran Par\u00eds Top Visco \u00e9s un matal\u00e0s modern amb materials tecnol\u00f2gics d'\u00faltima generaci\u00f3, combinant viscoel\u00e0stica de carboni anti-estr\u00e8s.\",\"breadcrumb\":{\"@id\":\"https:\/\/www.navarroaubanell.com\/ca\/producte\/colchon-gran-paris-top-visco\/#breadcrumb\"},\"inLanguage\":\"ca\",\"potentialAction\":[{\"@type\":\"ReadAction\",\"target\":[\"https:\/\/www.navarroaubanell.com\/ca\/producte\/colchon-gran-paris-top-visco\/\"]}]},{\"@type\":\"ImageObject\",\"inLanguage\":\"ca\",\"@id\":\"https:\/\/www.navarroaubanell.com\/ca\/producte\/colchon-gran-paris-top-visco\/#primaryimage\",\"url\":\"https:\/\/www.navarroaubanell.com\/wp-content\/uploads\/2021\/03\/GRAN-PARIS-TOP-VISCO.jpg\",\"contentUrl\":\"https:\/\/www.navarroaubanell.com\/wp-content\/uploads\/2021\/03\/GRAN-PARIS-TOP-VISCO.jpg\",\"width\":800,\"height\":650},{\"@type\":\"BreadcrumbList\",\"@id\":\"https:\/\/www.navarroaubanell.com\/ca\/producte\/colchon-gran-paris-top-visco\/#breadcrumb\",\"itemListElement\":[{\"@type\":\"ListItem\",\"position\":1,\"name\":\"Portada\",\"item\":\"https:\/\/www.navarroaubanell.com\/ca\/\"},{\"@type\":\"ListItem\",\"position\":2,\"name\":\"Productes\",\"item\":\"https:\/\/www.navarroaubanell.com\/productos\/\"},{\"@type\":\"ListItem\",\"position\":3,\"name\":\"Matal\u00e0s Gran Par\u00eds Top Visco\"}]},{\"@type\":\"WebSite\",\"@id\":\"https:\/\/www.navarroaubanell.com\/ca\/#website\",\"url\":\"https:\/\/www.navarroaubanell.com\/ca\/\",\"name\":\"Navarro Aubanell\",\"description\":\"Mobiliario para hoteler\u00eda, colectividades y oficinas\",\"publisher\":{\"@id\":\"https:\/\/www.navarroaubanell.com\/ca\/#organization\"},\"potentialAction\":[{\"@type\":\"SearchAction\",\"target\":{\"@type\":\"EntryPoint\",\"urlTemplate\":\"https:\/\/www.navarroaubanell.com\/ca\/?s={search_term_string}\"},\"query-input\":{\"@type\":\"PropertyValueSpecification\",\"valueRequired\":true,\"valueName\":\"search_term_string\"}}],\"inLanguage\":\"ca\"},{\"@type\":\"Organization\",\"@id\":\"https:\/\/www.navarroaubanell.com\/ca\/#organization\",\"name\":\"COMERCIAL NAVARRO AUBANELL, S.A\",\"url\":\"https:\/\/www.navarroaubanell.com\/ca\/\",\"logo\":{\"@type\":\"ImageObject\",\"inLanguage\":\"ca\",\"@id\":\"https:\/\/www.navarroaubanell.com\/ca\/#\/schema\/logo\/image\/\",\"url\":\"https:\/\/www.navarroaubanell.com\/wp-content\/uploads\/2017\/07\/logo-navarro-aubuanell.png\",\"contentUrl\":\"https:\/\/www.navarroaubanell.com\/wp-content\/uploads\/2017\/07\/logo-navarro-aubuanell.png\",\"width\":6304,\"height\":1154,\"caption\":\"COMERCIAL NAVARRO AUBANELL, S.A\"},\"image\":{\"@id\":\"https:\/\/www.navarroaubanell.com\/ca\/#\/schema\/logo\/image\/\"}}]}<\/script>\n<!-- \/ Yoast SEO plugin. -->","yoast_head_json":{"title":"Matal\u00e0s Gran Par\u00eds Top Visco - Navarro Aubanell","description":"El matal\u00e0s Gran Par\u00eds Top Visco \u00e9s un matal\u00e0s modern amb materials tecnol\u00f2gics d'\u00faltima generaci\u00f3, combinant viscoel\u00e0stica de carboni anti-estr\u00e8s.","robots":{"index":"index","follow":"follow","max-snippet":"max-snippet:-1","max-image-preview":"max-image-preview:large","max-video-preview":"max-video-preview:-1"},"canonical":"https:\/\/www.navarroaubanell.com\/ca\/producte\/colchon-gran-paris-top-visco\/","og_locale":"ca_ES","og_type":"article","og_title":"Matal\u00e0s Gran Par\u00eds Top Visco - Navarro Aubanell","og_description":"El matal\u00e0s Gran Par\u00eds Top Visco \u00e9s un matal\u00e0s modern amb materials tecnol\u00f2gics d'\u00faltima generaci\u00f3, combinant viscoel\u00e0stica de carboni anti-estr\u00e8s.","og_url":"https:\/\/www.navarroaubanell.com\/ca\/producte\/colchon-gran-paris-top-visco\/","og_site_name":"Navarro Aubanell","article_modified_time":"2021-03-03T12:22:38+00:00","og_image":[{"width":800,"height":650,"url":"https:\/\/www.navarroaubanell.com\/wp-content\/uploads\/2021\/03\/GRAN-PARIS-TOP-VISCO.jpg","type":"image\/jpeg"}],"twitter_misc":{"Est. reading time":"1 minute"},"schema":{"@context":"https:\/\/schema.org","@graph":[{"@type":"WebPage","@id":"https:\/\/www.navarroaubanell.com\/ca\/producte\/colchon-gran-paris-top-visco\/","url":"https:\/\/www.navarroaubanell.com\/ca\/producte\/colchon-gran-paris-top-visco\/","name":"Matal\u00e0s Gran Par\u00eds Top Visco - Navarro Aubanell","isPartOf":{"@id":"https:\/\/www.navarroaubanell.com\/ca\/#website"},"primaryImageOfPage":{"@id":"https:\/\/www.navarroaubanell.com\/ca\/producte\/colchon-gran-paris-top-visco\/#primaryimage"},"image":{"@id":"https:\/\/www.navarroaubanell.com\/ca\/producte\/colchon-gran-paris-top-visco\/#primaryimage"},"thumbnailUrl":"https:\/\/www.navarroaubanell.com\/wp-content\/uploads\/2021\/03\/GRAN-PARIS-TOP-VISCO.jpg","datePublished":"2021-03-03T12:19:48+00:00","dateModified":"2021-03-03T12:22:38+00:00","description":"El matal\u00e0s Gran Par\u00eds Top Visco \u00e9s un matal\u00e0s modern amb materials tecnol\u00f2gics d'\u00faltima generaci\u00f3, combinant viscoel\u00e0stica de carboni anti-estr\u00e8s.","breadcrumb":{"@id":"https:\/\/www.navarroaubanell.com\/ca\/producte\/colchon-gran-paris-top-visco\/#breadcrumb"},"inLanguage":"ca","potentialAction":[{"@type":"ReadAction","target":["https:\/\/www.navarroaubanell.com\/ca\/producte\/colchon-gran-paris-top-visco\/"]}]},{"@type":"ImageObject","inLanguage":"ca","@id":"https:\/\/www.navarroaubanell.com\/ca\/producte\/colchon-gran-paris-top-visco\/#primaryimage","url":"https:\/\/www.navarroaubanell.com\/wp-content\/uploads\/2021\/03\/GRAN-PARIS-TOP-VISCO.jpg","contentUrl":"https:\/\/www.navarroaubanell.com\/wp-content\/uploads\/2021\/03\/GRAN-PARIS-TOP-VISCO.jpg","width":800,"height":650},{"@type":"BreadcrumbList","@id":"https:\/\/www.navarroaubanell.com\/ca\/producte\/colchon-gran-paris-top-visco\/#breadcrumb","itemListElement":[{"@type":"ListItem","position":1,"name":"Portada","item":"https:\/\/www.navarroaubanell.com\/ca\/"},{"@type":"ListItem","position":2,"name":"Productes","item":"https:\/\/www.navarroaubanell.com\/productos\/"},{"@type":"ListItem","position":3,"name":"Matal\u00e0s Gran Par\u00eds Top Visco"}]},{"@type":"WebSite","@id":"https:\/\/www.navarroaubanell.com\/ca\/#website","url":"https:\/\/www.navarroaubanell.com\/ca\/","name":"Navarro Aubanell","description":"Mobiliario para hoteler\u00eda, colectividades y oficinas","publisher":{"@id":"https:\/\/www.navarroaubanell.com\/ca\/#organization"},"potentialAction":[{"@type":"SearchAction","target":{"@type":"EntryPoint","urlTemplate":"https:\/\/www.navarroaubanell.com\/ca\/?s={search_term_string}"},"query-input":{"@type":"PropertyValueSpecification","valueRequired":true,"valueName":"search_term_string"}}],"inLanguage":"ca"},{"@type":"Organization","@id":"https:\/\/www.navarroaubanell.com\/ca\/#organization","name":"COMERCIAL NAVARRO AUBANELL, S.A","url":"https:\/\/www.navarroaubanell.com\/ca\/","logo":{"@type":"ImageObject","inLanguage":"ca","@id":"https:\/\/www.navarroaubanell.com\/ca\/#\/schema\/logo\/image\/","url":"https:\/\/www.navarroaubanell.com\/wp-content\/uploads\/2017\/07\/logo-navarro-aubuanell.png","contentUrl":"https:\/\/www.navarroaubanell.com\/wp-content\/uploads\/2017\/07\/logo-navarro-aubuanell.png","width":6304,"height":1154,"caption":"COMERCIAL NAVARRO AUBANELL, S.A"},"image":{"@id":"https:\/\/www.navarroaubanell.com\/ca\/#\/schema\/logo\/image\/"}}]}},"_links":{"self":[{"href":"https:\/\/www.navarroaubanell.com\/ca\/wp-json\/wp\/v2\/product\/31665","targetHints":{"allow":["GET"]}}],"collection":[{"href":"https:\/\/www.navarroaubanell.com\/ca\/wp-json\/wp\/v2\/product"}],"about":[{"href":"https:\/\/www.navarroaubanell.com\/ca\/wp-json\/wp\/v2\/types\/product"}],"wp:featuredmedia":[{"embeddable":true,"href":"https:\/\/www.navarroaubanell.com\/ca\/wp-json\/wp\/v2\/media\/31664"}],"wp:attachment":[{"href":"https:\/\/www.navarroaubanell.com\/ca\/wp-json\/wp\/v2\/media?parent=31665"}],"wp:term":[{"taxonomy":"product_brand","embeddable":true,"href":"https:\/\/www.navarroaubanell.com\/ca\/wp-json\/wp\/v2\/product_brand?post=31665"},{"taxonomy":"product_cat","embeddable":true,"href":"https:\/\/www.navarroaubanell.com\/ca\/wp-json\/wp\/v2\/product_cat?post=31665"},{"taxonomy":"product_tag","embeddable":true,"href":"https:\/\/www.navarroaubanell.com\/ca\/wp-json\/wp\/v2\/product_tag?post=31665"}],"curies":[{"name":"wp","href":"https:\/\/api.w.org\/{rel}","templated":true}]}}