{"id":31342,"date":"2021-01-26T13:23:57","date_gmt":"2021-01-26T12:23:57","guid":{"rendered":"https:\/\/www.navarroaubanell.com\/producto\/alfombra-alpatio\/"},"modified":"2021-01-26T13:29:49","modified_gmt":"2021-01-26T12:29:49","slug":"alfombra-alpatio","status":"publish","type":"product","link":"https:\/\/www.navarroaubanell.com\/ca\/producte\/alfombra-alpatio\/","title":{"rendered":"Catifa Alpatio"},"content":{"rendered":"<p><span class=\"VIiyi\" lang=\"ca\"><span class=\"JLqJ4b\" data-language-for-alternatives=\"ca\" data-language-to-translate-into=\"es\" data-phrase-index=\"0\">Dels creadors de les catifes a mida i moquetes ALFRESKO arriba ara &#8230; ALPATIO. Catifes per a Interior i Exterior, resistent a les taques, a la llum solar, a l&#8217;aigua dol\u00e7a i salada i catifes aptes per a al\u00b7l\u00e8rgics. <\/span><\/span><\/p>\n<p><span class=\"VIiyi\" lang=\"ca\"><span class=\"JLqJ4b\" data-language-for-alternatives=\"ca\" data-language-to-translate-into=\"es\" data-phrase-index=\"0\">Agafem aire i continuem. ALPATIO t\u00e9 a m\u00e9s el que cal tenir per a projectes de contract. Classificaci\u00f3 a l&#8217;\u00fas comercial intens i classificaci\u00f3 a el foc CFLs1 i per tranquil\u00b7litzar els incr\u00e8duls, ALPATIO pot netejar-se amb Lleixiu. Ara vas i ho cascas. <\/span><\/span><\/p>\n<p><span class=\"VIiyi\" lang=\"ca\"><span class=\"JLqJ4b\" data-language-for-alternatives=\"ca\" data-language-to-translate-into=\"es\" data-phrase-index=\"0\">Que les catifes o moquetes ALPATIO tenen l&#8217;aspecte de les fibres naturals, s\u00ed, que \u00e9s disseny per a tots els p\u00fablics, tamb\u00e9 i que \u00e9s ecol\u00f2gica, \u00e9s clar, per\u00f2 ALPATIO \u00e9s sobre tot l&#8217;encant d&#8217;aquests eterns i joiosos patis andalusos que van inspirar a poetes, patis trinxeres de pau i laboratoris de colors on el temps ni passa ni vol passar, com a tracte sagrat i mil\u00b7lenari de respecte mutu. <\/span><\/span><\/p>\n<p><span class=\"VIiyi\" lang=\"ca\"><span class=\"JLqJ4b\" data-language-for-alternatives=\"ca\" data-language-to-translate-into=\"es\" data-phrase-index=\"0\">Com a catifa a mida ALPATIO deu rematar. Possibilitats moltes, opcions recomanades, acabat BANDA STRONG, BANDA NATUR, BANDA MICROFIBRA, Pelle o KUERO i per descomptat BANDA THE END. <\/span><\/span><\/p>\n<p><span class=\"VIiyi\" lang=\"ca\"><span class=\"JLqJ4b\" data-language-for-alternatives=\"ca\" data-language-to-translate-into=\"es\" data-phrase-index=\"0\">Com va dir el mestre &#8220;La meva inf\u00e0ncia s\u00f3n records d&#8217;un pati de Sevilla&#8221;. Fem-li cas i formem els nostres.<\/span><\/span><\/p>\n","protected":false},"excerpt":{"rendered":"<p>Dels creadors de les catifes a mida i moquetes ALFRESKO arriba ara &#8230; ALPATIO. Catifes per a Interior i Exterior, resistent a les taques, a la llum solar, a l&#8217;aigua dol\u00e7a i salada i catifes aptes per a al\u00b7l\u00e8rgics. Agafem aire i continuem. ALPATIO t\u00e9 a m\u00e9s el que cal tenir per a projectes de&hellip;<\/p>\n","protected":false},"featured_media":31327,"template":"","meta":{"_acf_changed":false},"product_brand":[885],"product_cat":[990],"product_tag":[1006,799,618,640,664,669],"class_list":{"0":"post-31342","1":"product","2":"type-product","3":"status-publish","4":"has-post-thumbnail","6":"product_brand-kp-ca","7":"product_cat-catifes-ca","8":"product_tag-alpatio-ca","9":"product_tag-catifes-ca","10":"product_tag-contract-ca","11":"product_tag-exterior-ca","12":"product_tag-interior-ca","13":"product_tag-kp-ca","14":"description-off","16":"first","17":"instock","18":"shipping-taxable","19":"product-type-simple"},"acf":[],"yoast_head":"<!-- This site is optimized with the Yoast SEO plugin v27.0 - https:\/\/yoast.com\/product\/yoast-seo-wordpress\/ -->\n<title>Catifa Alpatio - Navarro Aubanell<\/title>\n<meta name=\"description\" content=\"Dels creadors de les catifes a mida i moquetes ALFRESKO arriba ara ... ALPATIO. Catifes per a Interior i Exterior.\" \/>\n<meta name=\"robots\" content=\"index, follow, max-snippet:-1, max-image-preview:large, max-video-preview:-1\" \/>\n<link rel=\"canonical\" href=\"https:\/\/www.navarroaubanell.com\/ca\/producte\/alfombra-alpatio\/\" \/>\n<meta property=\"og:locale\" content=\"ca_ES\" \/>\n<meta property=\"og:type\" content=\"article\" \/>\n<meta property=\"og:title\" content=\"Catifa Alpatio - Navarro Aubanell\" \/>\n<meta property=\"og:description\" content=\"Dels creadors de les catifes a mida i moquetes ALFRESKO arriba ara ... ALPATIO. Catifes per a Interior i Exterior.\" \/>\n<meta property=\"og:url\" content=\"https:\/\/www.navarroaubanell.com\/ca\/producte\/alfombra-alpatio\/\" \/>\n<meta property=\"og:site_name\" content=\"Navarro Aubanell\" \/>\n<meta property=\"article:modified_time\" content=\"2021-01-26T12:29:49+00:00\" \/>\n<meta property=\"og:image\" content=\"https:\/\/www.navarroaubanell.com\/wp-content\/uploads\/2021\/01\/AL-PATIO-3.jpg\" \/>\n\t<meta property=\"og:image:width\" content=\"800\" \/>\n\t<meta property=\"og:image:height\" content=\"650\" \/>\n\t<meta property=\"og:image:type\" content=\"image\/jpeg\" \/>\n<meta name=\"twitter:label1\" content=\"Est. reading time\" \/>\n\t<meta name=\"twitter:data1\" content=\"1 minute\" \/>\n<script type=\"application\/ld+json\" class=\"yoast-schema-graph\">{\"@context\":\"https:\/\/schema.org\",\"@graph\":[{\"@type\":\"WebPage\",\"@id\":\"https:\/\/www.navarroaubanell.com\/ca\/producte\/alfombra-alpatio\/\",\"url\":\"https:\/\/www.navarroaubanell.com\/ca\/producte\/alfombra-alpatio\/\",\"name\":\"Catifa Alpatio - Navarro Aubanell\",\"isPartOf\":{\"@id\":\"https:\/\/www.navarroaubanell.com\/ca\/#website\"},\"primaryImageOfPage\":{\"@id\":\"https:\/\/www.navarroaubanell.com\/ca\/producte\/alfombra-alpatio\/#primaryimage\"},\"image\":{\"@id\":\"https:\/\/www.navarroaubanell.com\/ca\/producte\/alfombra-alpatio\/#primaryimage\"},\"thumbnailUrl\":\"https:\/\/www.navarroaubanell.com\/wp-content\/uploads\/2021\/01\/AL-PATIO-3.jpg\",\"datePublished\":\"2021-01-26T12:23:57+00:00\",\"dateModified\":\"2021-01-26T12:29:49+00:00\",\"description\":\"Dels creadors de les catifes a mida i moquetes ALFRESKO arriba ara ... ALPATIO. Catifes per a Interior i Exterior.\",\"breadcrumb\":{\"@id\":\"https:\/\/www.navarroaubanell.com\/ca\/producte\/alfombra-alpatio\/#breadcrumb\"},\"inLanguage\":\"ca\",\"potentialAction\":[{\"@type\":\"ReadAction\",\"target\":[\"https:\/\/www.navarroaubanell.com\/ca\/producte\/alfombra-alpatio\/\"]}]},{\"@type\":\"ImageObject\",\"inLanguage\":\"ca\",\"@id\":\"https:\/\/www.navarroaubanell.com\/ca\/producte\/alfombra-alpatio\/#primaryimage\",\"url\":\"https:\/\/www.navarroaubanell.com\/wp-content\/uploads\/2021\/01\/AL-PATIO-3.jpg\",\"contentUrl\":\"https:\/\/www.navarroaubanell.com\/wp-content\/uploads\/2021\/01\/AL-PATIO-3.jpg\",\"width\":800,\"height\":650},{\"@type\":\"BreadcrumbList\",\"@id\":\"https:\/\/www.navarroaubanell.com\/ca\/producte\/alfombra-alpatio\/#breadcrumb\",\"itemListElement\":[{\"@type\":\"ListItem\",\"position\":1,\"name\":\"Portada\",\"item\":\"https:\/\/www.navarroaubanell.com\/ca\/\"},{\"@type\":\"ListItem\",\"position\":2,\"name\":\"Productes\",\"item\":\"https:\/\/www.navarroaubanell.com\/productos\/\"},{\"@type\":\"ListItem\",\"position\":3,\"name\":\"Catifa Alpatio\"}]},{\"@type\":\"WebSite\",\"@id\":\"https:\/\/www.navarroaubanell.com\/ca\/#website\",\"url\":\"https:\/\/www.navarroaubanell.com\/ca\/\",\"name\":\"Navarro Aubanell\",\"description\":\"Mobiliario para hoteler\u00eda, colectividades y oficinas\",\"publisher\":{\"@id\":\"https:\/\/www.navarroaubanell.com\/ca\/#organization\"},\"potentialAction\":[{\"@type\":\"SearchAction\",\"target\":{\"@type\":\"EntryPoint\",\"urlTemplate\":\"https:\/\/www.navarroaubanell.com\/ca\/?s={search_term_string}\"},\"query-input\":{\"@type\":\"PropertyValueSpecification\",\"valueRequired\":true,\"valueName\":\"search_term_string\"}}],\"inLanguage\":\"ca\"},{\"@type\":\"Organization\",\"@id\":\"https:\/\/www.navarroaubanell.com\/ca\/#organization\",\"name\":\"COMERCIAL NAVARRO AUBANELL, S.A\",\"url\":\"https:\/\/www.navarroaubanell.com\/ca\/\",\"logo\":{\"@type\":\"ImageObject\",\"inLanguage\":\"ca\",\"@id\":\"https:\/\/www.navarroaubanell.com\/ca\/#\/schema\/logo\/image\/\",\"url\":\"https:\/\/www.navarroaubanell.com\/wp-content\/uploads\/2017\/07\/logo-navarro-aubuanell.png\",\"contentUrl\":\"https:\/\/www.navarroaubanell.com\/wp-content\/uploads\/2017\/07\/logo-navarro-aubuanell.png\",\"width\":6304,\"height\":1154,\"caption\":\"COMERCIAL NAVARRO AUBANELL, S.A\"},\"image\":{\"@id\":\"https:\/\/www.navarroaubanell.com\/ca\/#\/schema\/logo\/image\/\"}}]}<\/script>\n<!-- \/ Yoast SEO plugin. -->","yoast_head_json":{"title":"Catifa Alpatio - Navarro Aubanell","description":"Dels creadors de les catifes a mida i moquetes ALFRESKO arriba ara ... ALPATIO. Catifes per a Interior i Exterior.","robots":{"index":"index","follow":"follow","max-snippet":"max-snippet:-1","max-image-preview":"max-image-preview:large","max-video-preview":"max-video-preview:-1"},"canonical":"https:\/\/www.navarroaubanell.com\/ca\/producte\/alfombra-alpatio\/","og_locale":"ca_ES","og_type":"article","og_title":"Catifa Alpatio - Navarro Aubanell","og_description":"Dels creadors de les catifes a mida i moquetes ALFRESKO arriba ara ... ALPATIO. Catifes per a Interior i Exterior.","og_url":"https:\/\/www.navarroaubanell.com\/ca\/producte\/alfombra-alpatio\/","og_site_name":"Navarro Aubanell","article_modified_time":"2021-01-26T12:29:49+00:00","og_image":[{"width":800,"height":650,"url":"https:\/\/www.navarroaubanell.com\/wp-content\/uploads\/2021\/01\/AL-PATIO-3.jpg","type":"image\/jpeg"}],"twitter_misc":{"Est. reading time":"1 minute"},"schema":{"@context":"https:\/\/schema.org","@graph":[{"@type":"WebPage","@id":"https:\/\/www.navarroaubanell.com\/ca\/producte\/alfombra-alpatio\/","url":"https:\/\/www.navarroaubanell.com\/ca\/producte\/alfombra-alpatio\/","name":"Catifa Alpatio - Navarro Aubanell","isPartOf":{"@id":"https:\/\/www.navarroaubanell.com\/ca\/#website"},"primaryImageOfPage":{"@id":"https:\/\/www.navarroaubanell.com\/ca\/producte\/alfombra-alpatio\/#primaryimage"},"image":{"@id":"https:\/\/www.navarroaubanell.com\/ca\/producte\/alfombra-alpatio\/#primaryimage"},"thumbnailUrl":"https:\/\/www.navarroaubanell.com\/wp-content\/uploads\/2021\/01\/AL-PATIO-3.jpg","datePublished":"2021-01-26T12:23:57+00:00","dateModified":"2021-01-26T12:29:49+00:00","description":"Dels creadors de les catifes a mida i moquetes ALFRESKO arriba ara ... ALPATIO. Catifes per a Interior i Exterior.","breadcrumb":{"@id":"https:\/\/www.navarroaubanell.com\/ca\/producte\/alfombra-alpatio\/#breadcrumb"},"inLanguage":"ca","potentialAction":[{"@type":"ReadAction","target":["https:\/\/www.navarroaubanell.com\/ca\/producte\/alfombra-alpatio\/"]}]},{"@type":"ImageObject","inLanguage":"ca","@id":"https:\/\/www.navarroaubanell.com\/ca\/producte\/alfombra-alpatio\/#primaryimage","url":"https:\/\/www.navarroaubanell.com\/wp-content\/uploads\/2021\/01\/AL-PATIO-3.jpg","contentUrl":"https:\/\/www.navarroaubanell.com\/wp-content\/uploads\/2021\/01\/AL-PATIO-3.jpg","width":800,"height":650},{"@type":"BreadcrumbList","@id":"https:\/\/www.navarroaubanell.com\/ca\/producte\/alfombra-alpatio\/#breadcrumb","itemListElement":[{"@type":"ListItem","position":1,"name":"Portada","item":"https:\/\/www.navarroaubanell.com\/ca\/"},{"@type":"ListItem","position":2,"name":"Productes","item":"https:\/\/www.navarroaubanell.com\/productos\/"},{"@type":"ListItem","position":3,"name":"Catifa Alpatio"}]},{"@type":"WebSite","@id":"https:\/\/www.navarroaubanell.com\/ca\/#website","url":"https:\/\/www.navarroaubanell.com\/ca\/","name":"Navarro Aubanell","description":"Mobiliario para hoteler\u00eda, colectividades y oficinas","publisher":{"@id":"https:\/\/www.navarroaubanell.com\/ca\/#organization"},"potentialAction":[{"@type":"SearchAction","target":{"@type":"EntryPoint","urlTemplate":"https:\/\/www.navarroaubanell.com\/ca\/?s={search_term_string}"},"query-input":{"@type":"PropertyValueSpecification","valueRequired":true,"valueName":"search_term_string"}}],"inLanguage":"ca"},{"@type":"Organization","@id":"https:\/\/www.navarroaubanell.com\/ca\/#organization","name":"COMERCIAL NAVARRO AUBANELL, S.A","url":"https:\/\/www.navarroaubanell.com\/ca\/","logo":{"@type":"ImageObject","inLanguage":"ca","@id":"https:\/\/www.navarroaubanell.com\/ca\/#\/schema\/logo\/image\/","url":"https:\/\/www.navarroaubanell.com\/wp-content\/uploads\/2017\/07\/logo-navarro-aubuanell.png","contentUrl":"https:\/\/www.navarroaubanell.com\/wp-content\/uploads\/2017\/07\/logo-navarro-aubuanell.png","width":6304,"height":1154,"caption":"COMERCIAL NAVARRO AUBANELL, S.A"},"image":{"@id":"https:\/\/www.navarroaubanell.com\/ca\/#\/schema\/logo\/image\/"}}]}},"_links":{"self":[{"href":"https:\/\/www.navarroaubanell.com\/ca\/wp-json\/wp\/v2\/product\/31342","targetHints":{"allow":["GET"]}}],"collection":[{"href":"https:\/\/www.navarroaubanell.com\/ca\/wp-json\/wp\/v2\/product"}],"about":[{"href":"https:\/\/www.navarroaubanell.com\/ca\/wp-json\/wp\/v2\/types\/product"}],"wp:featuredmedia":[{"embeddable":true,"href":"https:\/\/www.navarroaubanell.com\/ca\/wp-json\/wp\/v2\/media\/31327"}],"wp:attachment":[{"href":"https:\/\/www.navarroaubanell.com\/ca\/wp-json\/wp\/v2\/media?parent=31342"}],"wp:term":[{"taxonomy":"product_brand","embeddable":true,"href":"https:\/\/www.navarroaubanell.com\/ca\/wp-json\/wp\/v2\/product_brand?post=31342"},{"taxonomy":"product_cat","embeddable":true,"href":"https:\/\/www.navarroaubanell.com\/ca\/wp-json\/wp\/v2\/product_cat?post=31342"},{"taxonomy":"product_tag","embeddable":true,"href":"https:\/\/www.navarroaubanell.com\/ca\/wp-json\/wp\/v2\/product_tag?post=31342"}],"curies":[{"name":"wp","href":"https:\/\/api.w.org\/{rel}","templated":true}]}}