{"id":29444,"date":"2020-10-20T13:33:32","date_gmt":"2020-10-20T11:33:32","guid":{"rendered":"https:\/\/www.navarroaubanell.com\/producto\/butaca-a54-033\/"},"modified":"2024-11-05T16:13:04","modified_gmt":"2024-11-05T15:13:04","slug":"butaca-a54-033-navarroaubanell","status":"publish","type":"product","link":"https:\/\/www.navarroaubanell.com\/ca\/producte\/butaca-a54-033-navarroaubanell\/","title":{"rendered":"Butaca A54-033"},"content":{"rendered":"<div class=\"flex max-w-full flex-col flex-grow\">\n<div class=\"min-h-8 text-message flex w-full flex-col items-end gap-2 whitespace-normal break-words [.text-message+&amp;]:mt-5\" dir=\"auto\" data-message-author-role=\"assistant\" data-message-id=\"5d8cde30-d77f-4423-96df-7fca9f423192\" data-message-model-slug=\"gpt-4o\">\n<div class=\"flex w-full flex-col gap-1 empty:hidden first:pt-[3px]\">\n<div class=\"markdown prose w-full break-words dark:prose-invert light\">\n<h5><strong>L&#8217;equilibri entre la contemporane\u00eftat i el minimalisme<\/strong><\/h5>\n<div class=\"traductor-textarea form-group\">\n<div class=\"textarea-desti col-xs-12 col-sm-6\">\n<div class=\"form-control second-textarea\">La butaca A54-033 \u00e9s la fusi\u00f3 perfecta entre el disseny contemporani i l&#8217;estil minimalista. Les seves l\u00ednies netes i angulars, combinades amb la suavitat del seu entapissat, fan d&#8217;aquesta butaca una pe\u00e7a que no sols convida a la relaxaci\u00f3, sin\u00f3 que tamb\u00e9 destaca pel seu estil elegant i modern.<\/div>\n<\/div>\n<\/div>\n<h6><strong>Confort i ergonomia en la seva m\u00e0xima expressi\u00f3<\/strong><\/h6>\n<div class=\"traductor-textarea form-group\">\n<div class=\"textarea-desti col-xs-12 col-sm-6\">\n<div class=\"form-control second-textarea\">El disseny ergon\u00f2mic de la butaca A54-033 est\u00e0 pensat per a oferir un confort \u00f2ptim. A m\u00e9s, les seves formes ben definides i les seves superf\u00edcies llises aporten una sensaci\u00f3 d&#8217;ordre\u00a0visual. Les potes a penes visibles creen un efecte de lleugeresa, elevant l&#8217;est\u00e8tica minimalista de la butaca.<\/div>\n<\/div>\n<\/div>\n<h6><strong>Versatilitat que s&#8217;adapta a qualsevol ambient<\/strong><\/h6>\n<div class=\"traductor-textarea form-group\">\n<div class=\"textarea-desti col-xs-12 col-sm-6\">\n<div class=\"form-control second-textarea\">L&#8217;A54-033 pot fabricar-se en una \u00e0mplia varietat d&#8217;entapissats i acabats, amb opcions que van des dels teixits m\u00e9s innovadors fins als m\u00e9s tradicionals, sempre mantenint un alt est\u00e0ndard que garenteix qualitat. Aquesta versatilitat permet que la butaca s&#8217;integri f\u00e0cilment en qualsevol entorn decoratiu.<\/div>\n<\/div>\n<\/div>\n<h6><strong>Durabilitat i menteniment senzill<\/strong><\/h6>\n<div class=\"traductor-textarea form-group\">\n<div class=\"textarea-desti col-xs-12 col-sm-6\">\n<div class=\"form-control second-textarea\">Equipada amb tacs protectors en les seves potes, la butaca A54-033 no sols assegura una major durabilitat, sin\u00f3 que tamb\u00e9 facilita el seu manteniment diari, convertint-la en una opci\u00f3 pr\u00e0ctica i resistent per a qualsevol espai.<\/div>\n<\/div>\n<\/div>\n<\/div>\n<\/div>\n<\/div>\n<\/div>\n","protected":false},"excerpt":{"rendered":"<p>L&#8217;equilibri entre la contemporane\u00eftat i el minimalisme La butaca A54-033 \u00e9s la fusi\u00f3 perfecta entre el disseny contemporani i l&#8217;estil minimalista. Les seves l\u00ednies netes i angulars, combinades amb la suavitat del seu entapissat, fan d&#8217;aquesta butaca una pe\u00e7a que no sols convida a la relaxaci\u00f3, sin\u00f3 que tamb\u00e9 destaca pel seu estil elegant i&hellip;<\/p>\n","protected":false},"featured_media":41418,"template":"","meta":{"_acf_changed":false},"product_brand":[],"product_cat":[528,525],"product_tag":[605,618,664],"class_list":{"0":"post-29444","1":"product","2":"type-product","3":"status-publish","4":"has-post-thumbnail","6":"product_cat-butaques","7":"product_cat-interior","8":"product_tag-butaca-ca","9":"product_tag-contract-ca","10":"product_tag-interior-ca","11":"description-off","13":"first","14":"instock","15":"shipping-taxable","16":"product-type-simple"},"acf":[],"yoast_head":"<!-- This site is optimized with the Yoast SEO plugin v27.0 - https:\/\/yoast.com\/product\/yoast-seo-wordpress\/ -->\n<title>La butaca A54-033- Navarro Aubanell<\/title>\n<meta name=\"description\" content=\"La butaca A54-033 es la fusi\u00f3n perfecta entre el dise\u00f1o contempor\u00e1neo y el estilo minimalista. Disponible en una amplia gama de tejidos.\" \/>\n<meta name=\"robots\" content=\"index, follow, max-snippet:-1, max-image-preview:large, max-video-preview:-1\" \/>\n<link rel=\"canonical\" href=\"https:\/\/www.navarroaubanell.com\/ca\/producte\/butaca-a54-033-navarroaubanell\/\" \/>\n<meta property=\"og:locale\" content=\"ca_ES\" \/>\n<meta property=\"og:type\" content=\"article\" \/>\n<meta property=\"og:title\" content=\"La butaca A54-033- Navarro Aubanell\" \/>\n<meta property=\"og:description\" content=\"La butaca A54-033 es la fusi\u00f3n perfecta entre el dise\u00f1o contempor\u00e1neo y el estilo minimalista. Disponible en una amplia gama de tejidos.\" \/>\n<meta property=\"og:url\" content=\"https:\/\/www.navarroaubanell.com\/ca\/producte\/butaca-a54-033-navarroaubanell\/\" \/>\n<meta property=\"og:site_name\" content=\"Navarro Aubanell\" \/>\n<meta property=\"article:modified_time\" content=\"2024-11-05T15:13:04+00:00\" \/>\n<meta property=\"og:image\" content=\"https:\/\/www.navarroaubanell.com\/wp-content\/uploads\/2020\/10\/Catalogo-2023-punto-064-Photoroom-13.png\" \/>\n\t<meta property=\"og:image:width\" content=\"800\" \/>\n\t<meta property=\"og:image:height\" content=\"650\" \/>\n\t<meta property=\"og:image:type\" content=\"image\/png\" \/>\n<meta name=\"twitter:label1\" content=\"Est. reading time\" \/>\n\t<meta name=\"twitter:data1\" content=\"2 minutes\" \/>\n<script type=\"application\/ld+json\" class=\"yoast-schema-graph\">{\"@context\":\"https:\/\/schema.org\",\"@graph\":[{\"@type\":\"WebPage\",\"@id\":\"https:\/\/www.navarroaubanell.com\/ca\/producte\/butaca-a54-033-navarroaubanell\/\",\"url\":\"https:\/\/www.navarroaubanell.com\/ca\/producte\/butaca-a54-033-navarroaubanell\/\",\"name\":\"La butaca A54-033- Navarro Aubanell\",\"isPartOf\":{\"@id\":\"https:\/\/www.navarroaubanell.com\/ca\/#website\"},\"primaryImageOfPage\":{\"@id\":\"https:\/\/www.navarroaubanell.com\/ca\/producte\/butaca-a54-033-navarroaubanell\/#primaryimage\"},\"image\":{\"@id\":\"https:\/\/www.navarroaubanell.com\/ca\/producte\/butaca-a54-033-navarroaubanell\/#primaryimage\"},\"thumbnailUrl\":\"https:\/\/www.navarroaubanell.com\/wp-content\/uploads\/2020\/10\/Catalogo-2023-punto-064-Photoroom-13.png\",\"datePublished\":\"2020-10-20T11:33:32+00:00\",\"dateModified\":\"2024-11-05T15:13:04+00:00\",\"description\":\"La butaca A54-033 es la fusi\u00f3n perfecta entre el dise\u00f1o contempor\u00e1neo y el estilo minimalista. Disponible en una amplia gama de tejidos.\",\"breadcrumb\":{\"@id\":\"https:\/\/www.navarroaubanell.com\/ca\/producte\/butaca-a54-033-navarroaubanell\/#breadcrumb\"},\"inLanguage\":\"ca\",\"potentialAction\":[{\"@type\":\"ReadAction\",\"target\":[\"https:\/\/www.navarroaubanell.com\/ca\/producte\/butaca-a54-033-navarroaubanell\/\"]}]},{\"@type\":\"ImageObject\",\"inLanguage\":\"ca\",\"@id\":\"https:\/\/www.navarroaubanell.com\/ca\/producte\/butaca-a54-033-navarroaubanell\/#primaryimage\",\"url\":\"https:\/\/www.navarroaubanell.com\/wp-content\/uploads\/2020\/10\/Catalogo-2023-punto-064-Photoroom-13.png\",\"contentUrl\":\"https:\/\/www.navarroaubanell.com\/wp-content\/uploads\/2020\/10\/Catalogo-2023-punto-064-Photoroom-13.png\",\"width\":800,\"height\":650,\"caption\":\"Butaca A54-033\"},{\"@type\":\"BreadcrumbList\",\"@id\":\"https:\/\/www.navarroaubanell.com\/ca\/producte\/butaca-a54-033-navarroaubanell\/#breadcrumb\",\"itemListElement\":[{\"@type\":\"ListItem\",\"position\":1,\"name\":\"Portada\",\"item\":\"https:\/\/www.navarroaubanell.com\/ca\/\"},{\"@type\":\"ListItem\",\"position\":2,\"name\":\"Productes\",\"item\":\"https:\/\/www.navarroaubanell.com\/productos\/\"},{\"@type\":\"ListItem\",\"position\":3,\"name\":\"Butaca A54-033\"}]},{\"@type\":\"WebSite\",\"@id\":\"https:\/\/www.navarroaubanell.com\/ca\/#website\",\"url\":\"https:\/\/www.navarroaubanell.com\/ca\/\",\"name\":\"Navarro Aubanell\",\"description\":\"Mobiliario para hoteler\u00eda, colectividades y oficinas\",\"publisher\":{\"@id\":\"https:\/\/www.navarroaubanell.com\/ca\/#organization\"},\"potentialAction\":[{\"@type\":\"SearchAction\",\"target\":{\"@type\":\"EntryPoint\",\"urlTemplate\":\"https:\/\/www.navarroaubanell.com\/ca\/?s={search_term_string}\"},\"query-input\":{\"@type\":\"PropertyValueSpecification\",\"valueRequired\":true,\"valueName\":\"search_term_string\"}}],\"inLanguage\":\"ca\"},{\"@type\":\"Organization\",\"@id\":\"https:\/\/www.navarroaubanell.com\/ca\/#organization\",\"name\":\"COMERCIAL NAVARRO AUBANELL, S.A\",\"url\":\"https:\/\/www.navarroaubanell.com\/ca\/\",\"logo\":{\"@type\":\"ImageObject\",\"inLanguage\":\"ca\",\"@id\":\"https:\/\/www.navarroaubanell.com\/ca\/#\/schema\/logo\/image\/\",\"url\":\"https:\/\/www.navarroaubanell.com\/wp-content\/uploads\/2017\/07\/logo-navarro-aubuanell.png\",\"contentUrl\":\"https:\/\/www.navarroaubanell.com\/wp-content\/uploads\/2017\/07\/logo-navarro-aubuanell.png\",\"width\":6304,\"height\":1154,\"caption\":\"COMERCIAL NAVARRO AUBANELL, S.A\"},\"image\":{\"@id\":\"https:\/\/www.navarroaubanell.com\/ca\/#\/schema\/logo\/image\/\"}}]}<\/script>\n<!-- \/ Yoast SEO plugin. -->","yoast_head_json":{"title":"La butaca A54-033- Navarro Aubanell","description":"La butaca A54-033 es la fusi\u00f3n perfecta entre el dise\u00f1o contempor\u00e1neo y el estilo minimalista. Disponible en una amplia gama de tejidos.","robots":{"index":"index","follow":"follow","max-snippet":"max-snippet:-1","max-image-preview":"max-image-preview:large","max-video-preview":"max-video-preview:-1"},"canonical":"https:\/\/www.navarroaubanell.com\/ca\/producte\/butaca-a54-033-navarroaubanell\/","og_locale":"ca_ES","og_type":"article","og_title":"La butaca A54-033- Navarro Aubanell","og_description":"La butaca A54-033 es la fusi\u00f3n perfecta entre el dise\u00f1o contempor\u00e1neo y el estilo minimalista. Disponible en una amplia gama de tejidos.","og_url":"https:\/\/www.navarroaubanell.com\/ca\/producte\/butaca-a54-033-navarroaubanell\/","og_site_name":"Navarro Aubanell","article_modified_time":"2024-11-05T15:13:04+00:00","og_image":[{"width":800,"height":650,"url":"https:\/\/www.navarroaubanell.com\/wp-content\/uploads\/2020\/10\/Catalogo-2023-punto-064-Photoroom-13.png","type":"image\/png"}],"twitter_misc":{"Est. reading time":"2 minutes"},"schema":{"@context":"https:\/\/schema.org","@graph":[{"@type":"WebPage","@id":"https:\/\/www.navarroaubanell.com\/ca\/producte\/butaca-a54-033-navarroaubanell\/","url":"https:\/\/www.navarroaubanell.com\/ca\/producte\/butaca-a54-033-navarroaubanell\/","name":"La butaca A54-033- Navarro Aubanell","isPartOf":{"@id":"https:\/\/www.navarroaubanell.com\/ca\/#website"},"primaryImageOfPage":{"@id":"https:\/\/www.navarroaubanell.com\/ca\/producte\/butaca-a54-033-navarroaubanell\/#primaryimage"},"image":{"@id":"https:\/\/www.navarroaubanell.com\/ca\/producte\/butaca-a54-033-navarroaubanell\/#primaryimage"},"thumbnailUrl":"https:\/\/www.navarroaubanell.com\/wp-content\/uploads\/2020\/10\/Catalogo-2023-punto-064-Photoroom-13.png","datePublished":"2020-10-20T11:33:32+00:00","dateModified":"2024-11-05T15:13:04+00:00","description":"La butaca A54-033 es la fusi\u00f3n perfecta entre el dise\u00f1o contempor\u00e1neo y el estilo minimalista. Disponible en una amplia gama de tejidos.","breadcrumb":{"@id":"https:\/\/www.navarroaubanell.com\/ca\/producte\/butaca-a54-033-navarroaubanell\/#breadcrumb"},"inLanguage":"ca","potentialAction":[{"@type":"ReadAction","target":["https:\/\/www.navarroaubanell.com\/ca\/producte\/butaca-a54-033-navarroaubanell\/"]}]},{"@type":"ImageObject","inLanguage":"ca","@id":"https:\/\/www.navarroaubanell.com\/ca\/producte\/butaca-a54-033-navarroaubanell\/#primaryimage","url":"https:\/\/www.navarroaubanell.com\/wp-content\/uploads\/2020\/10\/Catalogo-2023-punto-064-Photoroom-13.png","contentUrl":"https:\/\/www.navarroaubanell.com\/wp-content\/uploads\/2020\/10\/Catalogo-2023-punto-064-Photoroom-13.png","width":800,"height":650,"caption":"Butaca A54-033"},{"@type":"BreadcrumbList","@id":"https:\/\/www.navarroaubanell.com\/ca\/producte\/butaca-a54-033-navarroaubanell\/#breadcrumb","itemListElement":[{"@type":"ListItem","position":1,"name":"Portada","item":"https:\/\/www.navarroaubanell.com\/ca\/"},{"@type":"ListItem","position":2,"name":"Productes","item":"https:\/\/www.navarroaubanell.com\/productos\/"},{"@type":"ListItem","position":3,"name":"Butaca A54-033"}]},{"@type":"WebSite","@id":"https:\/\/www.navarroaubanell.com\/ca\/#website","url":"https:\/\/www.navarroaubanell.com\/ca\/","name":"Navarro Aubanell","description":"Mobiliario para hoteler\u00eda, colectividades y oficinas","publisher":{"@id":"https:\/\/www.navarroaubanell.com\/ca\/#organization"},"potentialAction":[{"@type":"SearchAction","target":{"@type":"EntryPoint","urlTemplate":"https:\/\/www.navarroaubanell.com\/ca\/?s={search_term_string}"},"query-input":{"@type":"PropertyValueSpecification","valueRequired":true,"valueName":"search_term_string"}}],"inLanguage":"ca"},{"@type":"Organization","@id":"https:\/\/www.navarroaubanell.com\/ca\/#organization","name":"COMERCIAL NAVARRO AUBANELL, S.A","url":"https:\/\/www.navarroaubanell.com\/ca\/","logo":{"@type":"ImageObject","inLanguage":"ca","@id":"https:\/\/www.navarroaubanell.com\/ca\/#\/schema\/logo\/image\/","url":"https:\/\/www.navarroaubanell.com\/wp-content\/uploads\/2017\/07\/logo-navarro-aubuanell.png","contentUrl":"https:\/\/www.navarroaubanell.com\/wp-content\/uploads\/2017\/07\/logo-navarro-aubuanell.png","width":6304,"height":1154,"caption":"COMERCIAL NAVARRO AUBANELL, S.A"},"image":{"@id":"https:\/\/www.navarroaubanell.com\/ca\/#\/schema\/logo\/image\/"}}]}},"_links":{"self":[{"href":"https:\/\/www.navarroaubanell.com\/ca\/wp-json\/wp\/v2\/product\/29444","targetHints":{"allow":["GET"]}}],"collection":[{"href":"https:\/\/www.navarroaubanell.com\/ca\/wp-json\/wp\/v2\/product"}],"about":[{"href":"https:\/\/www.navarroaubanell.com\/ca\/wp-json\/wp\/v2\/types\/product"}],"wp:featuredmedia":[{"embeddable":true,"href":"https:\/\/www.navarroaubanell.com\/ca\/wp-json\/wp\/v2\/media\/41418"}],"wp:attachment":[{"href":"https:\/\/www.navarroaubanell.com\/ca\/wp-json\/wp\/v2\/media?parent=29444"}],"wp:term":[{"taxonomy":"product_brand","embeddable":true,"href":"https:\/\/www.navarroaubanell.com\/ca\/wp-json\/wp\/v2\/product_brand?post=29444"},{"taxonomy":"product_cat","embeddable":true,"href":"https:\/\/www.navarroaubanell.com\/ca\/wp-json\/wp\/v2\/product_cat?post=29444"},{"taxonomy":"product_tag","embeddable":true,"href":"https:\/\/www.navarroaubanell.com\/ca\/wp-json\/wp\/v2\/product_tag?post=29444"}],"curies":[{"name":"wp","href":"https:\/\/api.w.org\/{rel}","templated":true}]}}