{"id":29187,"date":"2020-10-06T10:54:05","date_gmt":"2020-10-06T08:54:05","guid":{"rendered":"https:\/\/www.navarroaubanell.com\/producto\/butaca-a54-022\/"},"modified":"2024-11-06T10:20:29","modified_gmt":"2024-11-06T09:20:29","slug":"butaca-a54-022-navarroaubanell","status":"publish","type":"product","link":"https:\/\/www.navarroaubanell.com\/ca\/producte\/butaca-a54-022-navarroaubanell\/","title":{"rendered":"Butaca A54-022"},"content":{"rendered":"<div class=\"flex max-w-full flex-col flex-grow\">\n<div class=\"min-h-8 text-message flex w-full flex-col items-end gap-2 whitespace-normal break-words [.text-message+&amp;]:mt-5\" dir=\"auto\" data-message-author-role=\"assistant\" data-message-id=\"13a409d7-b948-4d65-b301-b90654469211\" data-message-model-slug=\"gpt-4o\">\n<div class=\"flex w-full flex-col gap-1 empty:hidden first:pt-[3px]\">\n<div class=\"markdown prose w-full break-words dark:prose-invert light\">\n<h5>Butaca A54-022: Tradici\u00f3 i Versatilitat en una Pe\u00e7a \u00danica<\/h5>\n<div class=\"traductor-textarea form-group\">\n<div class=\"textarea-desti col-xs-12 col-sm-6\">\n<div class=\"form-control second-textarea\">La Butaca A54-022 combina un aspecte cl\u00e0ssic amb una versatilitat \u00fanica que li permet integrar-se en qualsevol espai decoratiu, des d&#8217;ambients tradicionals fins m\u00e9s moderns. El seu respatller, que tamb\u00e9 actua com a bra\u00e7os, t&#8217;embolica en asseure&#8217;t, creant una experi\u00e8ncia de relax que et convida a gaudir cada moment.<\/div>\n<\/div>\n<\/div>\n<h6>Estructura robusta i acabats personalitzables<\/h6>\n<div class=\"traductor-textarea form-group\">\n<div class=\"textarea-desti col-xs-12 col-sm-6\">\n<div class=\"form-control second-textarea\">Fabricada amb una estructura de fusta de faig, la butaca destaca per la seva durabilitat i solidesa. La possibilitat de triar entre diferents colors de vern\u00eds permet adaptar-la a diverses paletes de colors i estils. Les potes posteriors corbades afegeixen un toc distintiu i elegant, fent que la butaca sigui un element decoratiu i funcional alhora.<\/div>\n<\/div>\n<\/div>\n<h6>Versatilitat en entapissats<\/h6>\n<div class=\"traductor-textarea form-group\">\n<div class=\"textarea-desti col-xs-12 col-sm-6\">\n<div class=\"form-control second-textarea\">Aquest model pot personalitzar-se en una varietat d&#8217;entapissats d&#8217;alta qualitat, la qual cosa el converteix en una opci\u00f3 vers\u00e0til per a qualsevol entorn. Ja sigui en tons neutres per a un aspecte minimalista o en colors vibrants per a destacar, la Butaca A54-022 s&#8217;adapta a qualsevol estil.<\/div>\n<\/div>\n<\/div>\n<h6>Protecci\u00f3 i durabilitat assegurada<\/h6>\n<div class=\"traductor-textarea form-group\">\n<div class=\"textarea-desti col-xs-12 col-sm-6\">\n<div class=\"form-control second-textarea\">Inclou tacs integrats que no sols protegeixen el s\u00f2l, sin\u00f3 que tamb\u00e9 preserven l&#8217;estructura de la butaca, assegurant la seva durabilitat i mantenint la seva bellesa al llarg del temps.<\/div>\n<\/div>\n<\/div>\n<\/div>\n<\/div>\n<\/div>\n<\/div>\n","protected":false},"excerpt":{"rendered":"<p>Butaca A54-022: Tradici\u00f3 i Versatilitat en una Pe\u00e7a \u00danica La Butaca A54-022 combina un aspecte cl\u00e0ssic amb una versatilitat \u00fanica que li permet integrar-se en qualsevol espai decoratiu, des d&#8217;ambients tradicionals fins m\u00e9s moderns. El seu respatller, que tamb\u00e9 actua com a bra\u00e7os, t&#8217;embolica en asseure&#8217;t, creant una experi\u00e8ncia de relax que et convida a&hellip;<\/p>\n","protected":false},"featured_media":41438,"template":"","meta":{"_acf_changed":false},"product_brand":[],"product_cat":[528,525],"product_tag":[605,618,945,664],"class_list":{"0":"post-29187","1":"product","2":"type-product","3":"status-publish","4":"has-post-thumbnail","6":"product_cat-butaques","7":"product_cat-interior","8":"product_tag-butaca-ca","9":"product_tag-contract-ca","10":"product_tag-madera-ca","11":"product_tag-interior-ca","12":"description-off","14":"first","15":"instock","16":"shipping-taxable","17":"product-type-simple"},"acf":[],"yoast_head":"<!-- This site is optimized with the Yoast SEO plugin v27.0 - https:\/\/yoast.com\/product\/yoast-seo-wordpress\/ -->\n<title>La Butaca A54-022 - Navarro Aubanell<\/title>\n<meta name=\"description\" content=\"Butaca A54-022 con estructura de madera de haya, patas traseras curvadas, varios tapizados y acabados, tacos protectores integrados.\" \/>\n<meta name=\"robots\" content=\"index, follow, max-snippet:-1, max-image-preview:large, max-video-preview:-1\" \/>\n<link rel=\"canonical\" href=\"https:\/\/www.navarroaubanell.com\/ca\/producte\/butaca-a54-022-navarroaubanell\/\" \/>\n<meta property=\"og:locale\" content=\"ca_ES\" \/>\n<meta property=\"og:type\" content=\"article\" \/>\n<meta property=\"og:title\" content=\"La Butaca A54-022 - Navarro Aubanell\" \/>\n<meta property=\"og:description\" content=\"Butaca A54-022 con estructura de madera de haya, patas traseras curvadas, varios tapizados y acabados, tacos protectores integrados.\" \/>\n<meta property=\"og:url\" content=\"https:\/\/www.navarroaubanell.com\/ca\/producte\/butaca-a54-022-navarroaubanell\/\" \/>\n<meta property=\"og:site_name\" content=\"Navarro Aubanell\" \/>\n<meta property=\"article:modified_time\" content=\"2024-11-06T09:20:29+00:00\" \/>\n<meta property=\"og:image\" content=\"https:\/\/www.navarroaubanell.com\/wp-content\/uploads\/2020\/10\/Butaca-A54-022.png\" \/>\n\t<meta property=\"og:image:width\" content=\"1280\" \/>\n\t<meta property=\"og:image:height\" content=\"1040\" \/>\n\t<meta property=\"og:image:type\" content=\"image\/png\" \/>\n<meta name=\"twitter:label1\" content=\"Est. reading time\" \/>\n\t<meta name=\"twitter:data1\" content=\"2 minutes\" \/>\n<script type=\"application\/ld+json\" class=\"yoast-schema-graph\">{\"@context\":\"https:\/\/schema.org\",\"@graph\":[{\"@type\":\"WebPage\",\"@id\":\"https:\/\/www.navarroaubanell.com\/ca\/producte\/butaca-a54-022-navarroaubanell\/\",\"url\":\"https:\/\/www.navarroaubanell.com\/ca\/producte\/butaca-a54-022-navarroaubanell\/\",\"name\":\"La Butaca A54-022 - Navarro Aubanell\",\"isPartOf\":{\"@id\":\"https:\/\/www.navarroaubanell.com\/ca\/#website\"},\"primaryImageOfPage\":{\"@id\":\"https:\/\/www.navarroaubanell.com\/ca\/producte\/butaca-a54-022-navarroaubanell\/#primaryimage\"},\"image\":{\"@id\":\"https:\/\/www.navarroaubanell.com\/ca\/producte\/butaca-a54-022-navarroaubanell\/#primaryimage\"},\"thumbnailUrl\":\"https:\/\/www.navarroaubanell.com\/wp-content\/uploads\/2020\/10\/Butaca-A54-022.png\",\"datePublished\":\"2020-10-06T08:54:05+00:00\",\"dateModified\":\"2024-11-06T09:20:29+00:00\",\"description\":\"Butaca A54-022 con estructura de madera de haya, patas traseras curvadas, varios tapizados y acabados, tacos protectores integrados.\",\"breadcrumb\":{\"@id\":\"https:\/\/www.navarroaubanell.com\/ca\/producte\/butaca-a54-022-navarroaubanell\/#breadcrumb\"},\"inLanguage\":\"ca\",\"potentialAction\":[{\"@type\":\"ReadAction\",\"target\":[\"https:\/\/www.navarroaubanell.com\/ca\/producte\/butaca-a54-022-navarroaubanell\/\"]}]},{\"@type\":\"ImageObject\",\"inLanguage\":\"ca\",\"@id\":\"https:\/\/www.navarroaubanell.com\/ca\/producte\/butaca-a54-022-navarroaubanell\/#primaryimage\",\"url\":\"https:\/\/www.navarroaubanell.com\/wp-content\/uploads\/2020\/10\/Butaca-A54-022.png\",\"contentUrl\":\"https:\/\/www.navarroaubanell.com\/wp-content\/uploads\/2020\/10\/Butaca-A54-022.png\",\"width\":1280,\"height\":1040,\"caption\":\"Butaca A54-022\"},{\"@type\":\"BreadcrumbList\",\"@id\":\"https:\/\/www.navarroaubanell.com\/ca\/producte\/butaca-a54-022-navarroaubanell\/#breadcrumb\",\"itemListElement\":[{\"@type\":\"ListItem\",\"position\":1,\"name\":\"Portada\",\"item\":\"https:\/\/www.navarroaubanell.com\/ca\/\"},{\"@type\":\"ListItem\",\"position\":2,\"name\":\"Productes\",\"item\":\"https:\/\/www.navarroaubanell.com\/productos\/\"},{\"@type\":\"ListItem\",\"position\":3,\"name\":\"Butaca A54-022\"}]},{\"@type\":\"WebSite\",\"@id\":\"https:\/\/www.navarroaubanell.com\/ca\/#website\",\"url\":\"https:\/\/www.navarroaubanell.com\/ca\/\",\"name\":\"Navarro Aubanell\",\"description\":\"Mobiliario para hoteler\u00eda, colectividades y oficinas\",\"publisher\":{\"@id\":\"https:\/\/www.navarroaubanell.com\/ca\/#organization\"},\"potentialAction\":[{\"@type\":\"SearchAction\",\"target\":{\"@type\":\"EntryPoint\",\"urlTemplate\":\"https:\/\/www.navarroaubanell.com\/ca\/?s={search_term_string}\"},\"query-input\":{\"@type\":\"PropertyValueSpecification\",\"valueRequired\":true,\"valueName\":\"search_term_string\"}}],\"inLanguage\":\"ca\"},{\"@type\":\"Organization\",\"@id\":\"https:\/\/www.navarroaubanell.com\/ca\/#organization\",\"name\":\"COMERCIAL NAVARRO AUBANELL, S.A\",\"url\":\"https:\/\/www.navarroaubanell.com\/ca\/\",\"logo\":{\"@type\":\"ImageObject\",\"inLanguage\":\"ca\",\"@id\":\"https:\/\/www.navarroaubanell.com\/ca\/#\/schema\/logo\/image\/\",\"url\":\"https:\/\/www.navarroaubanell.com\/wp-content\/uploads\/2017\/07\/logo-navarro-aubuanell.png\",\"contentUrl\":\"https:\/\/www.navarroaubanell.com\/wp-content\/uploads\/2017\/07\/logo-navarro-aubuanell.png\",\"width\":6304,\"height\":1154,\"caption\":\"COMERCIAL NAVARRO AUBANELL, S.A\"},\"image\":{\"@id\":\"https:\/\/www.navarroaubanell.com\/ca\/#\/schema\/logo\/image\/\"}}]}<\/script>\n<!-- \/ Yoast SEO plugin. -->","yoast_head_json":{"title":"La Butaca A54-022 - Navarro Aubanell","description":"Butaca A54-022 con estructura de madera de haya, patas traseras curvadas, varios tapizados y acabados, tacos protectores integrados.","robots":{"index":"index","follow":"follow","max-snippet":"max-snippet:-1","max-image-preview":"max-image-preview:large","max-video-preview":"max-video-preview:-1"},"canonical":"https:\/\/www.navarroaubanell.com\/ca\/producte\/butaca-a54-022-navarroaubanell\/","og_locale":"ca_ES","og_type":"article","og_title":"La Butaca A54-022 - Navarro Aubanell","og_description":"Butaca A54-022 con estructura de madera de haya, patas traseras curvadas, varios tapizados y acabados, tacos protectores integrados.","og_url":"https:\/\/www.navarroaubanell.com\/ca\/producte\/butaca-a54-022-navarroaubanell\/","og_site_name":"Navarro Aubanell","article_modified_time":"2024-11-06T09:20:29+00:00","og_image":[{"width":1280,"height":1040,"url":"https:\/\/www.navarroaubanell.com\/wp-content\/uploads\/2020\/10\/Butaca-A54-022.png","type":"image\/png"}],"twitter_misc":{"Est. reading time":"2 minutes"},"schema":{"@context":"https:\/\/schema.org","@graph":[{"@type":"WebPage","@id":"https:\/\/www.navarroaubanell.com\/ca\/producte\/butaca-a54-022-navarroaubanell\/","url":"https:\/\/www.navarroaubanell.com\/ca\/producte\/butaca-a54-022-navarroaubanell\/","name":"La Butaca A54-022 - Navarro Aubanell","isPartOf":{"@id":"https:\/\/www.navarroaubanell.com\/ca\/#website"},"primaryImageOfPage":{"@id":"https:\/\/www.navarroaubanell.com\/ca\/producte\/butaca-a54-022-navarroaubanell\/#primaryimage"},"image":{"@id":"https:\/\/www.navarroaubanell.com\/ca\/producte\/butaca-a54-022-navarroaubanell\/#primaryimage"},"thumbnailUrl":"https:\/\/www.navarroaubanell.com\/wp-content\/uploads\/2020\/10\/Butaca-A54-022.png","datePublished":"2020-10-06T08:54:05+00:00","dateModified":"2024-11-06T09:20:29+00:00","description":"Butaca A54-022 con estructura de madera de haya, patas traseras curvadas, varios tapizados y acabados, tacos protectores integrados.","breadcrumb":{"@id":"https:\/\/www.navarroaubanell.com\/ca\/producte\/butaca-a54-022-navarroaubanell\/#breadcrumb"},"inLanguage":"ca","potentialAction":[{"@type":"ReadAction","target":["https:\/\/www.navarroaubanell.com\/ca\/producte\/butaca-a54-022-navarroaubanell\/"]}]},{"@type":"ImageObject","inLanguage":"ca","@id":"https:\/\/www.navarroaubanell.com\/ca\/producte\/butaca-a54-022-navarroaubanell\/#primaryimage","url":"https:\/\/www.navarroaubanell.com\/wp-content\/uploads\/2020\/10\/Butaca-A54-022.png","contentUrl":"https:\/\/www.navarroaubanell.com\/wp-content\/uploads\/2020\/10\/Butaca-A54-022.png","width":1280,"height":1040,"caption":"Butaca A54-022"},{"@type":"BreadcrumbList","@id":"https:\/\/www.navarroaubanell.com\/ca\/producte\/butaca-a54-022-navarroaubanell\/#breadcrumb","itemListElement":[{"@type":"ListItem","position":1,"name":"Portada","item":"https:\/\/www.navarroaubanell.com\/ca\/"},{"@type":"ListItem","position":2,"name":"Productes","item":"https:\/\/www.navarroaubanell.com\/productos\/"},{"@type":"ListItem","position":3,"name":"Butaca A54-022"}]},{"@type":"WebSite","@id":"https:\/\/www.navarroaubanell.com\/ca\/#website","url":"https:\/\/www.navarroaubanell.com\/ca\/","name":"Navarro Aubanell","description":"Mobiliario para hoteler\u00eda, colectividades y oficinas","publisher":{"@id":"https:\/\/www.navarroaubanell.com\/ca\/#organization"},"potentialAction":[{"@type":"SearchAction","target":{"@type":"EntryPoint","urlTemplate":"https:\/\/www.navarroaubanell.com\/ca\/?s={search_term_string}"},"query-input":{"@type":"PropertyValueSpecification","valueRequired":true,"valueName":"search_term_string"}}],"inLanguage":"ca"},{"@type":"Organization","@id":"https:\/\/www.navarroaubanell.com\/ca\/#organization","name":"COMERCIAL NAVARRO AUBANELL, S.A","url":"https:\/\/www.navarroaubanell.com\/ca\/","logo":{"@type":"ImageObject","inLanguage":"ca","@id":"https:\/\/www.navarroaubanell.com\/ca\/#\/schema\/logo\/image\/","url":"https:\/\/www.navarroaubanell.com\/wp-content\/uploads\/2017\/07\/logo-navarro-aubuanell.png","contentUrl":"https:\/\/www.navarroaubanell.com\/wp-content\/uploads\/2017\/07\/logo-navarro-aubuanell.png","width":6304,"height":1154,"caption":"COMERCIAL NAVARRO AUBANELL, S.A"},"image":{"@id":"https:\/\/www.navarroaubanell.com\/ca\/#\/schema\/logo\/image\/"}}]}},"_links":{"self":[{"href":"https:\/\/www.navarroaubanell.com\/ca\/wp-json\/wp\/v2\/product\/29187","targetHints":{"allow":["GET"]}}],"collection":[{"href":"https:\/\/www.navarroaubanell.com\/ca\/wp-json\/wp\/v2\/product"}],"about":[{"href":"https:\/\/www.navarroaubanell.com\/ca\/wp-json\/wp\/v2\/types\/product"}],"wp:featuredmedia":[{"embeddable":true,"href":"https:\/\/www.navarroaubanell.com\/ca\/wp-json\/wp\/v2\/media\/41438"}],"wp:attachment":[{"href":"https:\/\/www.navarroaubanell.com\/ca\/wp-json\/wp\/v2\/media?parent=29187"}],"wp:term":[{"taxonomy":"product_brand","embeddable":true,"href":"https:\/\/www.navarroaubanell.com\/ca\/wp-json\/wp\/v2\/product_brand?post=29187"},{"taxonomy":"product_cat","embeddable":true,"href":"https:\/\/www.navarroaubanell.com\/ca\/wp-json\/wp\/v2\/product_cat?post=29187"},{"taxonomy":"product_tag","embeddable":true,"href":"https:\/\/www.navarroaubanell.com\/ca\/wp-json\/wp\/v2\/product_tag?post=29187"}],"curies":[{"name":"wp","href":"https:\/\/api.w.org\/{rel}","templated":true}]}}