{"id":20262,"date":"2017-09-26T14:41:58","date_gmt":"2017-09-26T14:41:58","guid":{"rendered":"https:\/\/www.navarroaubanell.com\/producto\/pamela\/"},"modified":"2025-07-01T17:24:34","modified_gmt":"2025-07-01T15:24:34","slug":"para-sol-pamela-balliu-navarro-aubanell","status":"publish","type":"product","link":"https:\/\/www.navarroaubanell.com\/ca\/producte\/para-sol-pamela-balliu-navarro-aubanell\/","title":{"rendered":"Para-sol Pamela"},"content":{"rendered":"<h4>Para-sol Pamela<\/h4>\n<p>Fabricat amb teixits <strong>acr\u00edlics<\/strong> i l&#8217;exclusiva <strong>tela Balliu<\/strong>, oferint caracter\u00edstiques excepcionals per a un \u00fas intensiu en entorns hotelers, jardins i col\u00b7lectivitats. Aquest producte es destaca pel seu:<\/p>\n<ul>\n<li><strong>Teixit transpirable<\/strong> que permet una excel\u00b7lent circulaci\u00f3 de l&#8217;aire.<\/li>\n<li><strong>Resist\u00e8ncia als raigs UV<\/strong>, protegint tant el material com als usuaris dels efectes nocius del sol.<\/li>\n<li><strong>Protecci\u00f3 antimicrobiana<\/strong>, evitant la proliferaci\u00f3 de males olors i l&#8217;acumulaci\u00f3 d&#8217;humitat.<\/li>\n<\/ul>\n<h6><strong>Materials i Construcci\u00f3 Duradors<\/strong><\/h6>\n<p>Els components utilitzats en la fabricaci\u00f3 d&#8217;aquest para-sol s\u00f3n de gran qualitat i inalterables davant els fen\u00f2mens meteorol\u00f2gics, assegurant una durabilitat superior. El para-sol est\u00e0 dissenyat per a suportar l&#8217;\u00fas continu i exigent en instal\u00b7lacions professionals.<\/p>\n<h6><strong>Opcions de Puntes<\/strong><\/h6>\n<p>Dos tipus de puntes per a adaptar-se a diverses superf\u00edcies:<\/p>\n<ul>\n<li><strong>Punta c\u00f2nica:<\/strong> Tub d&#8217;acer inoxidable, poliment brillant i extrem de poliamida. Ideal per al seu \u00fas amb una base.<\/li>\n<li><strong>Punta plana:<\/strong> Tub d&#8217;acer inoxidable i poliment brillant, perfecta per al seu \u00fas a la platja.<\/li>\n<\/ul>\n<h6><strong>Caracter\u00edstiques T\u00e8cniques<\/strong><\/h6>\n<ul>\n<li><strong>Di\u00e0metre rod\u00f3 de 200 cm.<\/strong><\/li>\n<li><strong>Empunyadura i corona:<\/strong> De poliamida refor\u00e7ades amb c\u00e0rrega mineral<\/li>\n<li><strong>Tancament fix de gallet<\/strong>: Per a un maneig segur i f\u00e0cil.<\/li>\n<li><strong>Varetes de pultrusi\u00f3n:<\/strong> Fetes de resina i fibra de poli\u00e8ster.<\/li>\n<\/ul>\n<h6><strong>Innovaci\u00f3 i Funcionalitat<\/strong><\/h6>\n<p>El para-sol incorpora una <strong>v\u00e0lvula d&#8217;escapamen<\/strong>t que permet alliberar l&#8217;acumulaci\u00f3 d&#8217;aire, protegint-ho de les r\u00e0fegues de vent. A m\u00e9s, existeix la possibilitat de personalitzar el para-sol amb la impressi\u00f3 d&#8217;un logotip o anagrama a un baix cost, afegint un toc distintiu i professional al seu espai.<\/p>\n<p>*Est\u00e0 disponible en <strong>dues versions<\/strong>, amb fald\u00f3 o sense faldon.<\/p>\n<p>No dubti a configurar el seu propi <strong>para-sol Pamela<\/strong>:<\/p>\n<ul>\n<li><a href=\"https:\/\/viewer.ienhance.co\/v\/app\/8e305bc7-4c8c-4bd7-8cd9-ecb9042adcb9\">Amb fald\u00f3<\/a><\/li>\n<li><a href=\"https:\/\/viewer.ienhance.co\/v\/app\/cbc6b015-b538-4dd3-89a6-e1495a178af3\">Sense fald\u00f3<\/a><\/li>\n<\/ul>\n<p><a href=\"https:\/\/www.balliuexport.com\/wp-content\/uploads\/2018\/12\/Pamela-parasol-Balliu-comprimido-4.pdf\">Fitxa t\u00e8cnica<\/a><\/p>\n","protected":false},"excerpt":{"rendered":"<p>&nbsp;<\/p>\n<p>&nbsp;<\/p>\n","protected":false},"featured_media":33288,"template":"","meta":{"_acf_changed":false},"product_brand":[887],"product_cat":[563,569],"product_tag":[1428,593,640,720,725,851,1183],"class_list":{"0":"post-20262","1":"product","2":"type-product","3":"status-publish","4":"has-post-thumbnail","6":"product_brand-balliu-ca","7":"product_cat-exterior-ca","8":"product_cat-parasols","9":"product_tag-antimicrobiano-ca","10":"product_tag-balliu-ca","11":"product_tag-exterior-ca","12":"product_tag-outdoor-ca","13":"product_tag-pamela-ca","14":"product_tag-parasols","15":"product_tag-transpirable-ca","16":"description-off","18":"first","19":"instock","20":"shipping-taxable","21":"product-type-simple"},"acf":[],"yoast_head":"<!-- This site is optimized with the Yoast SEO plugin v27.0 - https:\/\/yoast.com\/product\/yoast-seo-wordpress\/ -->\n<title>Para-sol Pamela, disseny de la firma Balliu - Navarro Aubanell<\/title>\n<meta name=\"description\" content=\"Para-sol Pamela: xass\u00eds d&#039;acer inoxidable, pal central graduable, i 8 varetes de fibra de vidre de 9mm de gruix, anti raigs UVA i antimicrobi\u00e0.\" \/>\n<meta name=\"robots\" content=\"index, follow, max-snippet:-1, max-image-preview:large, max-video-preview:-1\" \/>\n<link rel=\"canonical\" href=\"https:\/\/www.navarroaubanell.com\/ca\/producte\/para-sol-pamela-balliu-navarro-aubanell\/\" \/>\n<meta property=\"og:locale\" content=\"ca_ES\" \/>\n<meta property=\"og:type\" content=\"article\" \/>\n<meta property=\"og:title\" content=\"Para-sol Pamela, disseny de la firma Balliu - Navarro Aubanell\" \/>\n<meta property=\"og:description\" content=\"Para-sol Pamela: xass\u00eds d&#039;acer inoxidable, pal central graduable, i 8 varetes de fibra de vidre de 9mm de gruix, anti raigs UVA i antimicrobi\u00e0.\" \/>\n<meta property=\"og:url\" content=\"https:\/\/www.navarroaubanell.com\/ca\/producte\/para-sol-pamela-balliu-navarro-aubanell\/\" \/>\n<meta property=\"og:site_name\" content=\"Navarro Aubanell\" \/>\n<meta property=\"article:modified_time\" content=\"2025-07-01T15:24:34+00:00\" \/>\n<meta property=\"og:image\" content=\"https:\/\/www.navarroaubanell.com\/wp-content\/uploads\/2017\/09\/pamela-ceniza.jpg\" \/>\n\t<meta property=\"og:image:width\" content=\"800\" \/>\n\t<meta property=\"og:image:height\" content=\"650\" \/>\n\t<meta property=\"og:image:type\" content=\"image\/jpeg\" \/>\n<meta name=\"twitter:label1\" content=\"Est. reading time\" \/>\n\t<meta name=\"twitter:data1\" content=\"2 minutes\" \/>\n<script type=\"application\/ld+json\" class=\"yoast-schema-graph\">{\"@context\":\"https:\/\/schema.org\",\"@graph\":[{\"@type\":\"WebPage\",\"@id\":\"https:\/\/www.navarroaubanell.com\/ca\/producte\/para-sol-pamela-balliu-navarro-aubanell\/\",\"url\":\"https:\/\/www.navarroaubanell.com\/ca\/producte\/para-sol-pamela-balliu-navarro-aubanell\/\",\"name\":\"Para-sol Pamela, disseny de la firma Balliu - Navarro Aubanell\",\"isPartOf\":{\"@id\":\"https:\/\/www.navarroaubanell.com\/ca\/#website\"},\"primaryImageOfPage\":{\"@id\":\"https:\/\/www.navarroaubanell.com\/ca\/producte\/para-sol-pamela-balliu-navarro-aubanell\/#primaryimage\"},\"image\":{\"@id\":\"https:\/\/www.navarroaubanell.com\/ca\/producte\/para-sol-pamela-balliu-navarro-aubanell\/#primaryimage\"},\"thumbnailUrl\":\"https:\/\/www.navarroaubanell.com\/wp-content\/uploads\/2017\/09\/pamela-ceniza.jpg\",\"datePublished\":\"2017-09-26T14:41:58+00:00\",\"dateModified\":\"2025-07-01T15:24:34+00:00\",\"description\":\"Para-sol Pamela: xass\u00eds d'acer inoxidable, pal central graduable, i 8 varetes de fibra de vidre de 9mm de gruix, anti raigs UVA i antimicrobi\u00e0.\",\"breadcrumb\":{\"@id\":\"https:\/\/www.navarroaubanell.com\/ca\/producte\/para-sol-pamela-balliu-navarro-aubanell\/#breadcrumb\"},\"inLanguage\":\"ca\",\"potentialAction\":[{\"@type\":\"ReadAction\",\"target\":[\"https:\/\/www.navarroaubanell.com\/ca\/producte\/para-sol-pamela-balliu-navarro-aubanell\/\"]}]},{\"@type\":\"ImageObject\",\"inLanguage\":\"ca\",\"@id\":\"https:\/\/www.navarroaubanell.com\/ca\/producte\/para-sol-pamela-balliu-navarro-aubanell\/#primaryimage\",\"url\":\"https:\/\/www.navarroaubanell.com\/wp-content\/uploads\/2017\/09\/pamela-ceniza.jpg\",\"contentUrl\":\"https:\/\/www.navarroaubanell.com\/wp-content\/uploads\/2017\/09\/pamela-ceniza.jpg\",\"width\":800,\"height\":650,\"caption\":\"Parasol Pamela color ceniza\"},{\"@type\":\"BreadcrumbList\",\"@id\":\"https:\/\/www.navarroaubanell.com\/ca\/producte\/para-sol-pamela-balliu-navarro-aubanell\/#breadcrumb\",\"itemListElement\":[{\"@type\":\"ListItem\",\"position\":1,\"name\":\"Portada\",\"item\":\"https:\/\/www.navarroaubanell.com\/ca\/\"},{\"@type\":\"ListItem\",\"position\":2,\"name\":\"Productes\",\"item\":\"https:\/\/www.navarroaubanell.com\/productos\/\"},{\"@type\":\"ListItem\",\"position\":3,\"name\":\"Para-sol Pamela\"}]},{\"@type\":\"WebSite\",\"@id\":\"https:\/\/www.navarroaubanell.com\/ca\/#website\",\"url\":\"https:\/\/www.navarroaubanell.com\/ca\/\",\"name\":\"Navarro Aubanell\",\"description\":\"Mobiliario para hoteler\u00eda, colectividades y oficinas\",\"publisher\":{\"@id\":\"https:\/\/www.navarroaubanell.com\/ca\/#organization\"},\"potentialAction\":[{\"@type\":\"SearchAction\",\"target\":{\"@type\":\"EntryPoint\",\"urlTemplate\":\"https:\/\/www.navarroaubanell.com\/ca\/?s={search_term_string}\"},\"query-input\":{\"@type\":\"PropertyValueSpecification\",\"valueRequired\":true,\"valueName\":\"search_term_string\"}}],\"inLanguage\":\"ca\"},{\"@type\":\"Organization\",\"@id\":\"https:\/\/www.navarroaubanell.com\/ca\/#organization\",\"name\":\"COMERCIAL NAVARRO AUBANELL, S.A\",\"url\":\"https:\/\/www.navarroaubanell.com\/ca\/\",\"logo\":{\"@type\":\"ImageObject\",\"inLanguage\":\"ca\",\"@id\":\"https:\/\/www.navarroaubanell.com\/ca\/#\/schema\/logo\/image\/\",\"url\":\"https:\/\/www.navarroaubanell.com\/wp-content\/uploads\/2017\/07\/logo-navarro-aubuanell.png\",\"contentUrl\":\"https:\/\/www.navarroaubanell.com\/wp-content\/uploads\/2017\/07\/logo-navarro-aubuanell.png\",\"width\":6304,\"height\":1154,\"caption\":\"COMERCIAL NAVARRO AUBANELL, S.A\"},\"image\":{\"@id\":\"https:\/\/www.navarroaubanell.com\/ca\/#\/schema\/logo\/image\/\"}}]}<\/script>\n<!-- \/ Yoast SEO plugin. -->","yoast_head_json":{"title":"Para-sol Pamela, disseny de la firma Balliu - Navarro Aubanell","description":"Para-sol Pamela: xass\u00eds d'acer inoxidable, pal central graduable, i 8 varetes de fibra de vidre de 9mm de gruix, anti raigs UVA i antimicrobi\u00e0.","robots":{"index":"index","follow":"follow","max-snippet":"max-snippet:-1","max-image-preview":"max-image-preview:large","max-video-preview":"max-video-preview:-1"},"canonical":"https:\/\/www.navarroaubanell.com\/ca\/producte\/para-sol-pamela-balliu-navarro-aubanell\/","og_locale":"ca_ES","og_type":"article","og_title":"Para-sol Pamela, disseny de la firma Balliu - Navarro Aubanell","og_description":"Para-sol Pamela: xass\u00eds d'acer inoxidable, pal central graduable, i 8 varetes de fibra de vidre de 9mm de gruix, anti raigs UVA i antimicrobi\u00e0.","og_url":"https:\/\/www.navarroaubanell.com\/ca\/producte\/para-sol-pamela-balliu-navarro-aubanell\/","og_site_name":"Navarro Aubanell","article_modified_time":"2025-07-01T15:24:34+00:00","og_image":[{"width":800,"height":650,"url":"https:\/\/www.navarroaubanell.com\/wp-content\/uploads\/2017\/09\/pamela-ceniza.jpg","type":"image\/jpeg"}],"twitter_misc":{"Est. reading time":"2 minutes"},"schema":{"@context":"https:\/\/schema.org","@graph":[{"@type":"WebPage","@id":"https:\/\/www.navarroaubanell.com\/ca\/producte\/para-sol-pamela-balliu-navarro-aubanell\/","url":"https:\/\/www.navarroaubanell.com\/ca\/producte\/para-sol-pamela-balliu-navarro-aubanell\/","name":"Para-sol Pamela, disseny de la firma Balliu - Navarro Aubanell","isPartOf":{"@id":"https:\/\/www.navarroaubanell.com\/ca\/#website"},"primaryImageOfPage":{"@id":"https:\/\/www.navarroaubanell.com\/ca\/producte\/para-sol-pamela-balliu-navarro-aubanell\/#primaryimage"},"image":{"@id":"https:\/\/www.navarroaubanell.com\/ca\/producte\/para-sol-pamela-balliu-navarro-aubanell\/#primaryimage"},"thumbnailUrl":"https:\/\/www.navarroaubanell.com\/wp-content\/uploads\/2017\/09\/pamela-ceniza.jpg","datePublished":"2017-09-26T14:41:58+00:00","dateModified":"2025-07-01T15:24:34+00:00","description":"Para-sol Pamela: xass\u00eds d'acer inoxidable, pal central graduable, i 8 varetes de fibra de vidre de 9mm de gruix, anti raigs UVA i antimicrobi\u00e0.","breadcrumb":{"@id":"https:\/\/www.navarroaubanell.com\/ca\/producte\/para-sol-pamela-balliu-navarro-aubanell\/#breadcrumb"},"inLanguage":"ca","potentialAction":[{"@type":"ReadAction","target":["https:\/\/www.navarroaubanell.com\/ca\/producte\/para-sol-pamela-balliu-navarro-aubanell\/"]}]},{"@type":"ImageObject","inLanguage":"ca","@id":"https:\/\/www.navarroaubanell.com\/ca\/producte\/para-sol-pamela-balliu-navarro-aubanell\/#primaryimage","url":"https:\/\/www.navarroaubanell.com\/wp-content\/uploads\/2017\/09\/pamela-ceniza.jpg","contentUrl":"https:\/\/www.navarroaubanell.com\/wp-content\/uploads\/2017\/09\/pamela-ceniza.jpg","width":800,"height":650,"caption":"Parasol Pamela color ceniza"},{"@type":"BreadcrumbList","@id":"https:\/\/www.navarroaubanell.com\/ca\/producte\/para-sol-pamela-balliu-navarro-aubanell\/#breadcrumb","itemListElement":[{"@type":"ListItem","position":1,"name":"Portada","item":"https:\/\/www.navarroaubanell.com\/ca\/"},{"@type":"ListItem","position":2,"name":"Productes","item":"https:\/\/www.navarroaubanell.com\/productos\/"},{"@type":"ListItem","position":3,"name":"Para-sol Pamela"}]},{"@type":"WebSite","@id":"https:\/\/www.navarroaubanell.com\/ca\/#website","url":"https:\/\/www.navarroaubanell.com\/ca\/","name":"Navarro Aubanell","description":"Mobiliario para hoteler\u00eda, colectividades y oficinas","publisher":{"@id":"https:\/\/www.navarroaubanell.com\/ca\/#organization"},"potentialAction":[{"@type":"SearchAction","target":{"@type":"EntryPoint","urlTemplate":"https:\/\/www.navarroaubanell.com\/ca\/?s={search_term_string}"},"query-input":{"@type":"PropertyValueSpecification","valueRequired":true,"valueName":"search_term_string"}}],"inLanguage":"ca"},{"@type":"Organization","@id":"https:\/\/www.navarroaubanell.com\/ca\/#organization","name":"COMERCIAL NAVARRO AUBANELL, S.A","url":"https:\/\/www.navarroaubanell.com\/ca\/","logo":{"@type":"ImageObject","inLanguage":"ca","@id":"https:\/\/www.navarroaubanell.com\/ca\/#\/schema\/logo\/image\/","url":"https:\/\/www.navarroaubanell.com\/wp-content\/uploads\/2017\/07\/logo-navarro-aubuanell.png","contentUrl":"https:\/\/www.navarroaubanell.com\/wp-content\/uploads\/2017\/07\/logo-navarro-aubuanell.png","width":6304,"height":1154,"caption":"COMERCIAL NAVARRO AUBANELL, S.A"},"image":{"@id":"https:\/\/www.navarroaubanell.com\/ca\/#\/schema\/logo\/image\/"}}]}},"_links":{"self":[{"href":"https:\/\/www.navarroaubanell.com\/ca\/wp-json\/wp\/v2\/product\/20262","targetHints":{"allow":["GET"]}}],"collection":[{"href":"https:\/\/www.navarroaubanell.com\/ca\/wp-json\/wp\/v2\/product"}],"about":[{"href":"https:\/\/www.navarroaubanell.com\/ca\/wp-json\/wp\/v2\/types\/product"}],"wp:featuredmedia":[{"embeddable":true,"href":"https:\/\/www.navarroaubanell.com\/ca\/wp-json\/wp\/v2\/media\/33288"}],"wp:attachment":[{"href":"https:\/\/www.navarroaubanell.com\/ca\/wp-json\/wp\/v2\/media?parent=20262"}],"wp:term":[{"taxonomy":"product_brand","embeddable":true,"href":"https:\/\/www.navarroaubanell.com\/ca\/wp-json\/wp\/v2\/product_brand?post=20262"},{"taxonomy":"product_cat","embeddable":true,"href":"https:\/\/www.navarroaubanell.com\/ca\/wp-json\/wp\/v2\/product_cat?post=20262"},{"taxonomy":"product_tag","embeddable":true,"href":"https:\/\/www.navarroaubanell.com\/ca\/wp-json\/wp\/v2\/product_tag?post=20262"}],"curies":[{"name":"wp","href":"https:\/\/api.w.org\/{rel}","templated":true}]}}