{"id":20207,"date":"2017-10-01T06:46:38","date_gmt":"2017-10-01T06:46:38","guid":{"rendered":"https:\/\/www.navarroaubanell.com\/producto\/ikon\/"},"modified":"2024-08-01T16:09:10","modified_gmt":"2024-08-01T14:09:10","slug":"taula-ikon-pedrali-navarroaubanell","status":"publish","type":"product","link":"https:\/\/www.navarroaubanell.com\/ca\/producte\/taula-ikon-pedrali-navarroaubanell\/","title":{"rendered":"Taula Ikon"},"content":{"rendered":"<h6 class=\"relative p-1 rounded-sm flex items-center justify-center bg-token-main-surface-primary text-token-text-primary h-8 w-8\"><strong>Descobreix l&#8217;eleg\u00e0ncia atemporal de la Taula Ikon<\/strong><\/h6>\n<p>La <strong>Taula Ikon<\/strong>, com tota la seva <a href=\"https:\/\/www.navarroaubanell.com\/ca\/producte\/familia-ikon-pedrali-navarroaubanell\/\">fam\u00edlia<\/a>, \u00e9s una oda a la simplicitat sofisticada i a la bellesa atemporal. Inspirades en el llenguatge pur de l&#8217;arquitectura, aquestes taules fusionen tradici\u00f3 i modernitat, creant peces que resisteixen al pas del temps i embelleixen qualsevol espai.<\/p>\n<h6>Versatilitat per a Qualsevol Espai<\/h6>\n<p>La Taula Ikon ofereix una diversitat de models per a satisfer qualsevol necessitat i estil. Ja sigui que busquis una taula per a interiors acollidors o exteriors vibrants, una pe\u00e7a alta per a un ambient sofisticat o una taula baixa per a un rac\u00f3 \u00edntim, Ikon t\u00e9 una opci\u00f3 perfecta per a tu. Fins i tot disposem de versions il\u00b7luminades, que afegeixen un toc de m\u00e0gia i funcionalitat.<\/p>\n<h6>Models Disponibles<\/h6>\n<ul>\n<li><strong><a href=\"https:\/\/cdn-assets.pedrali.com\/media\/pedrali\/media\/assets\/originals\/documenti\/st\/st-ikon-863v-865v.pdf\">Ikon 865V:<\/a><\/strong> Potes de base c\u00f2nica en polipropil\u00e8 antiest\u00e0tic i anti-UV modelat per injecci\u00f3. Pot combinar-se amb sobres rodons de cristall en variades grand\u00e0ries i acabats. Interior.<\/li>\n<li><strong><a href=\"https:\/\/cdn-assets.pedrali.com\/media\/pedrali\/media\/assets\/originals\/documenti\/st\/st-ikon-867.pdf\">Ikon\u00a0867<\/a><\/strong>: Taula alta amb base c\u00f2nica en polietil\u00e8 modelat de manera rotacional. Disponible amb sobres de diferents grand\u00e0ries i acabats. Interior i exterior.<\/li>\n<li><a href=\"https:\/\/cdn-assets.pedrali.com\/media\/pedrali\/media\/assets\/originals\/documenti\/st\/st-ikon-866.pdf\"><strong>Ikon\u00a0866:<\/strong><\/a> Base c\u00f2nica en polipropil\u00e8 modelat per injecci\u00f3, anti-UV i amb llast de formig\u00f3 i ciment. Pot combinar-se amb sobres de diferents grand\u00e0ries i acabats, oferint estabilitat i disseny modern. Interior i exterior.<\/li>\n<li><a href=\"https:\/\/cdn-assets.pedrali.com\/media\/pedrali\/media\/assets\/originals\/documenti\/st\/st-ikon-869.pdf\"><strong>Ikon\u00a0869:<\/strong><\/a> Base c\u00f2nica en polietil\u00e8 per llastrar. Pot combinar-se amb sobres laminats de diferents grand\u00e0ries i acabats. Interior i exterior.<\/li>\n<li><a href=\"https:\/\/cdn-assets.pedrali.com\/media\/pedrali\/media\/assets\/originals\/documenti\/st\/st-ikon-table-ikt.pdf\"><strong>Ikon\u00a0IKT:<\/strong><\/a> Base doble de polietil\u00e8 anti-UV i antipetjades amb o sense llast i un tauler laminat amb marc d&#8217;alumini extruit. Interior.<\/li>\n<li><a href=\"https:\/\/cdn-assets.pedrali.com\/media\/pedrali\/media\/assets\/originals\/documenti\/st\/st-ikon-table-ikt-cc-cco.pdf\"><strong>Ikon\u00a0IKT_CC:<\/strong><\/a> Similar al model IKT, per\u00f2 amb l&#8217;addici\u00f3 d&#8217;un canal per a l&#8217;entrada de cables,ideal per a entorns de treball moderns. Interior<\/li>\n<li><a href=\"https:\/\/cdn-assets.pedrali.com\/media\/pedrali\/media\/assets\/originals\/documenti\/st\/st-ikon-863-865.pdf\"><strong>Ikon\u00a0865<\/strong><\/a>: Peu de taula amb base c\u00f2nica de polipropil\u00e8 antiest\u00e0tic i anti-UV modelat per injecci\u00f3, combinable amb prestatges rodons de diferents grand\u00e0ries i acabats. Interior i exterior.<\/li>\n<li><a href=\"https:\/\/cdn-assets.pedrali.com\/media\/pedrali\/media\/assets\/originals\/documenti\/st\/st-ikon-869-2.pdf\"><strong>Ikon\u00a0869\/2<\/strong><\/a>: Base de polietil\u00e8 c\u00f2nica anti-UV per a llastrar, que es pot combinar amb prestatges rodons de diferents grand\u00e0ries i acabats. Interior i exterior.<\/li>\n<li><a href=\"https:\/\/cdn-assets.pedrali.com\/media\/pedrali\/media\/assets\/originals\/documenti\/st\/st-ikon-869-3.pdf\"><strong>Ikon\u00a0869-3:<\/strong> <\/a>Base de polietil\u00e8 c\u00f2nica anti-UV amb llast, adaptable a sobres de diferents grand\u00e0ries i acabats. Interior.<\/li>\n<li><a href=\"https:\/\/cdn-assets.pedrali.com\/media\/pedrali\/media\/assets\/originals\/documenti\/st\/st-ikon-868.pdf\"><strong>Ikon\u00a0868:<\/strong><\/a> Mesa alta amb base c\u00f2nica lluminosa en polietil\u00e8 anti-UV, perfecta per a crear ambients \u00fanics amb un toc de llum i modernitat. Interior i exterior.<\/li>\n<li><strong>Ikon\u00a0869\/2:<\/strong> Mesa amb base c\u00f2nica en polietil\u00e8 per llastrar, que pot combinar-se amb sobres de diferents grand\u00e0ries i acabats, combinant durabilitat amb un disseny elegant. Interior i exterior.<\/li>\n<\/ul>\n<p><strong>Tria Ikon i porta al teu espai la perfecta uni\u00f3 de tradici\u00f3, modernitat, i disseny atemporal.<\/strong><\/p>\n","protected":false},"excerpt":{"rendered":"<p>&nbsp;<\/p>\n<p>&nbsp;<\/p>\n","protected":false},"featured_media":36378,"template":"","meta":{"_acf_changed":false},"product_brand":[882],"product_cat":[563,529,567],"product_tag":[618,640,658,664,1238,720,729,843],"class_list":{"0":"post-20207","1":"product","2":"type-product","3":"status-publish","4":"has-post-thumbnail","6":"product_brand-pedrali-ca","7":"product_cat-exterior-ca","8":"product_cat-taules","9":"product_cat-taules-exterior","10":"product_tag-contract-ca","11":"product_tag-exterior-ca","12":"product_tag-ikon-ca","13":"product_tag-interior-ca","14":"product_tag-oficina-ca","15":"product_tag-outdoor-ca","16":"product_tag-pedrali-ca","17":"product_tag-taules","18":"description-off","20":"first","21":"instock","22":"shipping-taxable","23":"product-type-simple"},"acf":[],"yoast_head":"<!-- This site is optimized with the Yoast SEO plugin v27.0 - https:\/\/yoast.com\/product\/yoast-seo-wordpress\/ -->\n<title>Taula Ikon, Pedrali- Navarro Aubanell<\/title>\n<meta name=\"description\" content=\"Taules Ikon: disseny minimalista, bellesa atemporal i funcionalitat per a qualsevol espai. Elegant i vers\u00e0til, preparades per a interior i per a exterior.\" \/>\n<meta name=\"robots\" content=\"index, follow, max-snippet:-1, max-image-preview:large, max-video-preview:-1\" \/>\n<link rel=\"canonical\" href=\"https:\/\/www.navarroaubanell.com\/ca\/producte\/taula-ikon-pedrali-navarroaubanell\/\" \/>\n<meta property=\"og:locale\" content=\"ca_ES\" \/>\n<meta property=\"og:type\" content=\"article\" \/>\n<meta property=\"og:title\" content=\"Taula Ikon, Pedrali- Navarro Aubanell\" \/>\n<meta property=\"og:description\" content=\"Taules Ikon: disseny minimalista, bellesa atemporal i funcionalitat per a qualsevol espai. Elegant i vers\u00e0til, preparades per a interior i per a exterior.\" \/>\n<meta property=\"og:url\" content=\"https:\/\/www.navarroaubanell.com\/ca\/producte\/taula-ikon-pedrali-navarroaubanell\/\" \/>\n<meta property=\"og:site_name\" content=\"Navarro Aubanell\" \/>\n<meta property=\"article:modified_time\" content=\"2024-08-01T14:09:10+00:00\" \/>\n<meta property=\"og:image\" content=\"https:\/\/www.navarroaubanell.com\/wp-content\/uploads\/2024\/07\/Ikon-865-2.png\" \/>\n\t<meta property=\"og:image:width\" content=\"800\" \/>\n\t<meta property=\"og:image:height\" content=\"650\" \/>\n\t<meta property=\"og:image:type\" content=\"image\/png\" \/>\n<meta name=\"twitter:label1\" content=\"Est. reading time\" \/>\n\t<meta name=\"twitter:data1\" content=\"3 minutes\" \/>\n<script type=\"application\/ld+json\" class=\"yoast-schema-graph\">{\"@context\":\"https:\/\/schema.org\",\"@graph\":[{\"@type\":\"WebPage\",\"@id\":\"https:\/\/www.navarroaubanell.com\/ca\/producte\/taula-ikon-pedrali-navarroaubanell\/\",\"url\":\"https:\/\/www.navarroaubanell.com\/ca\/producte\/taula-ikon-pedrali-navarroaubanell\/\",\"name\":\"Taula Ikon, Pedrali- Navarro Aubanell\",\"isPartOf\":{\"@id\":\"https:\/\/www.navarroaubanell.com\/ca\/#website\"},\"primaryImageOfPage\":{\"@id\":\"https:\/\/www.navarroaubanell.com\/ca\/producte\/taula-ikon-pedrali-navarroaubanell\/#primaryimage\"},\"image\":{\"@id\":\"https:\/\/www.navarroaubanell.com\/ca\/producte\/taula-ikon-pedrali-navarroaubanell\/#primaryimage\"},\"thumbnailUrl\":\"https:\/\/www.navarroaubanell.com\/wp-content\/uploads\/2024\/07\/Ikon-865-2.png\",\"datePublished\":\"2017-10-01T06:46:38+00:00\",\"dateModified\":\"2024-08-01T14:09:10+00:00\",\"description\":\"Taules Ikon: disseny minimalista, bellesa atemporal i funcionalitat per a qualsevol espai. Elegant i vers\u00e0til, preparades per a interior i per a exterior.\",\"breadcrumb\":{\"@id\":\"https:\/\/www.navarroaubanell.com\/ca\/producte\/taula-ikon-pedrali-navarroaubanell\/#breadcrumb\"},\"inLanguage\":\"ca\",\"potentialAction\":[{\"@type\":\"ReadAction\",\"target\":[\"https:\/\/www.navarroaubanell.com\/ca\/producte\/taula-ikon-pedrali-navarroaubanell\/\"]}]},{\"@type\":\"ImageObject\",\"inLanguage\":\"ca\",\"@id\":\"https:\/\/www.navarroaubanell.com\/ca\/producte\/taula-ikon-pedrali-navarroaubanell\/#primaryimage\",\"url\":\"https:\/\/www.navarroaubanell.com\/wp-content\/uploads\/2024\/07\/Ikon-865-2.png\",\"contentUrl\":\"https:\/\/www.navarroaubanell.com\/wp-content\/uploads\/2024\/07\/Ikon-865-2.png\",\"width\":800,\"height\":650,\"caption\":\"Taula Ikon 865\"},{\"@type\":\"BreadcrumbList\",\"@id\":\"https:\/\/www.navarroaubanell.com\/ca\/producte\/taula-ikon-pedrali-navarroaubanell\/#breadcrumb\",\"itemListElement\":[{\"@type\":\"ListItem\",\"position\":1,\"name\":\"Portada\",\"item\":\"https:\/\/www.navarroaubanell.com\/ca\/\"},{\"@type\":\"ListItem\",\"position\":2,\"name\":\"Productes\",\"item\":\"https:\/\/www.navarroaubanell.com\/productos\/\"},{\"@type\":\"ListItem\",\"position\":3,\"name\":\"Taula Ikon\"}]},{\"@type\":\"WebSite\",\"@id\":\"https:\/\/www.navarroaubanell.com\/ca\/#website\",\"url\":\"https:\/\/www.navarroaubanell.com\/ca\/\",\"name\":\"Navarro Aubanell\",\"description\":\"Mobiliario para hoteler\u00eda, colectividades y oficinas\",\"publisher\":{\"@id\":\"https:\/\/www.navarroaubanell.com\/ca\/#organization\"},\"potentialAction\":[{\"@type\":\"SearchAction\",\"target\":{\"@type\":\"EntryPoint\",\"urlTemplate\":\"https:\/\/www.navarroaubanell.com\/ca\/?s={search_term_string}\"},\"query-input\":{\"@type\":\"PropertyValueSpecification\",\"valueRequired\":true,\"valueName\":\"search_term_string\"}}],\"inLanguage\":\"ca\"},{\"@type\":\"Organization\",\"@id\":\"https:\/\/www.navarroaubanell.com\/ca\/#organization\",\"name\":\"COMERCIAL NAVARRO AUBANELL, S.A\",\"url\":\"https:\/\/www.navarroaubanell.com\/ca\/\",\"logo\":{\"@type\":\"ImageObject\",\"inLanguage\":\"ca\",\"@id\":\"https:\/\/www.navarroaubanell.com\/ca\/#\/schema\/logo\/image\/\",\"url\":\"https:\/\/www.navarroaubanell.com\/wp-content\/uploads\/2017\/07\/logo-navarro-aubuanell.png\",\"contentUrl\":\"https:\/\/www.navarroaubanell.com\/wp-content\/uploads\/2017\/07\/logo-navarro-aubuanell.png\",\"width\":6304,\"height\":1154,\"caption\":\"COMERCIAL NAVARRO AUBANELL, S.A\"},\"image\":{\"@id\":\"https:\/\/www.navarroaubanell.com\/ca\/#\/schema\/logo\/image\/\"}}]}<\/script>\n<!-- \/ Yoast SEO plugin. -->","yoast_head_json":{"title":"Taula Ikon, Pedrali- Navarro Aubanell","description":"Taules Ikon: disseny minimalista, bellesa atemporal i funcionalitat per a qualsevol espai. Elegant i vers\u00e0til, preparades per a interior i per a exterior.","robots":{"index":"index","follow":"follow","max-snippet":"max-snippet:-1","max-image-preview":"max-image-preview:large","max-video-preview":"max-video-preview:-1"},"canonical":"https:\/\/www.navarroaubanell.com\/ca\/producte\/taula-ikon-pedrali-navarroaubanell\/","og_locale":"ca_ES","og_type":"article","og_title":"Taula Ikon, Pedrali- Navarro Aubanell","og_description":"Taules Ikon: disseny minimalista, bellesa atemporal i funcionalitat per a qualsevol espai. Elegant i vers\u00e0til, preparades per a interior i per a exterior.","og_url":"https:\/\/www.navarroaubanell.com\/ca\/producte\/taula-ikon-pedrali-navarroaubanell\/","og_site_name":"Navarro Aubanell","article_modified_time":"2024-08-01T14:09:10+00:00","og_image":[{"width":800,"height":650,"url":"https:\/\/www.navarroaubanell.com\/wp-content\/uploads\/2024\/07\/Ikon-865-2.png","type":"image\/png"}],"twitter_misc":{"Est. reading time":"3 minutes"},"schema":{"@context":"https:\/\/schema.org","@graph":[{"@type":"WebPage","@id":"https:\/\/www.navarroaubanell.com\/ca\/producte\/taula-ikon-pedrali-navarroaubanell\/","url":"https:\/\/www.navarroaubanell.com\/ca\/producte\/taula-ikon-pedrali-navarroaubanell\/","name":"Taula Ikon, Pedrali- Navarro Aubanell","isPartOf":{"@id":"https:\/\/www.navarroaubanell.com\/ca\/#website"},"primaryImageOfPage":{"@id":"https:\/\/www.navarroaubanell.com\/ca\/producte\/taula-ikon-pedrali-navarroaubanell\/#primaryimage"},"image":{"@id":"https:\/\/www.navarroaubanell.com\/ca\/producte\/taula-ikon-pedrali-navarroaubanell\/#primaryimage"},"thumbnailUrl":"https:\/\/www.navarroaubanell.com\/wp-content\/uploads\/2024\/07\/Ikon-865-2.png","datePublished":"2017-10-01T06:46:38+00:00","dateModified":"2024-08-01T14:09:10+00:00","description":"Taules Ikon: disseny minimalista, bellesa atemporal i funcionalitat per a qualsevol espai. Elegant i vers\u00e0til, preparades per a interior i per a exterior.","breadcrumb":{"@id":"https:\/\/www.navarroaubanell.com\/ca\/producte\/taula-ikon-pedrali-navarroaubanell\/#breadcrumb"},"inLanguage":"ca","potentialAction":[{"@type":"ReadAction","target":["https:\/\/www.navarroaubanell.com\/ca\/producte\/taula-ikon-pedrali-navarroaubanell\/"]}]},{"@type":"ImageObject","inLanguage":"ca","@id":"https:\/\/www.navarroaubanell.com\/ca\/producte\/taula-ikon-pedrali-navarroaubanell\/#primaryimage","url":"https:\/\/www.navarroaubanell.com\/wp-content\/uploads\/2024\/07\/Ikon-865-2.png","contentUrl":"https:\/\/www.navarroaubanell.com\/wp-content\/uploads\/2024\/07\/Ikon-865-2.png","width":800,"height":650,"caption":"Taula Ikon 865"},{"@type":"BreadcrumbList","@id":"https:\/\/www.navarroaubanell.com\/ca\/producte\/taula-ikon-pedrali-navarroaubanell\/#breadcrumb","itemListElement":[{"@type":"ListItem","position":1,"name":"Portada","item":"https:\/\/www.navarroaubanell.com\/ca\/"},{"@type":"ListItem","position":2,"name":"Productes","item":"https:\/\/www.navarroaubanell.com\/productos\/"},{"@type":"ListItem","position":3,"name":"Taula Ikon"}]},{"@type":"WebSite","@id":"https:\/\/www.navarroaubanell.com\/ca\/#website","url":"https:\/\/www.navarroaubanell.com\/ca\/","name":"Navarro Aubanell","description":"Mobiliario para hoteler\u00eda, colectividades y oficinas","publisher":{"@id":"https:\/\/www.navarroaubanell.com\/ca\/#organization"},"potentialAction":[{"@type":"SearchAction","target":{"@type":"EntryPoint","urlTemplate":"https:\/\/www.navarroaubanell.com\/ca\/?s={search_term_string}"},"query-input":{"@type":"PropertyValueSpecification","valueRequired":true,"valueName":"search_term_string"}}],"inLanguage":"ca"},{"@type":"Organization","@id":"https:\/\/www.navarroaubanell.com\/ca\/#organization","name":"COMERCIAL NAVARRO AUBANELL, S.A","url":"https:\/\/www.navarroaubanell.com\/ca\/","logo":{"@type":"ImageObject","inLanguage":"ca","@id":"https:\/\/www.navarroaubanell.com\/ca\/#\/schema\/logo\/image\/","url":"https:\/\/www.navarroaubanell.com\/wp-content\/uploads\/2017\/07\/logo-navarro-aubuanell.png","contentUrl":"https:\/\/www.navarroaubanell.com\/wp-content\/uploads\/2017\/07\/logo-navarro-aubuanell.png","width":6304,"height":1154,"caption":"COMERCIAL NAVARRO AUBANELL, S.A"},"image":{"@id":"https:\/\/www.navarroaubanell.com\/ca\/#\/schema\/logo\/image\/"}}]}},"_links":{"self":[{"href":"https:\/\/www.navarroaubanell.com\/ca\/wp-json\/wp\/v2\/product\/20207","targetHints":{"allow":["GET"]}}],"collection":[{"href":"https:\/\/www.navarroaubanell.com\/ca\/wp-json\/wp\/v2\/product"}],"about":[{"href":"https:\/\/www.navarroaubanell.com\/ca\/wp-json\/wp\/v2\/types\/product"}],"wp:featuredmedia":[{"embeddable":true,"href":"https:\/\/www.navarroaubanell.com\/ca\/wp-json\/wp\/v2\/media\/36378"}],"wp:attachment":[{"href":"https:\/\/www.navarroaubanell.com\/ca\/wp-json\/wp\/v2\/media?parent=20207"}],"wp:term":[{"taxonomy":"product_brand","embeddable":true,"href":"https:\/\/www.navarroaubanell.com\/ca\/wp-json\/wp\/v2\/product_brand?post=20207"},{"taxonomy":"product_cat","embeddable":true,"href":"https:\/\/www.navarroaubanell.com\/ca\/wp-json\/wp\/v2\/product_cat?post=20207"},{"taxonomy":"product_tag","embeddable":true,"href":"https:\/\/www.navarroaubanell.com\/ca\/wp-json\/wp\/v2\/product_tag?post=20207"}],"curies":[{"name":"wp","href":"https:\/\/api.w.org\/{rel}","templated":true}]}}