{"id":20186,"date":"2017-10-04T15:25:34","date_gmt":"2017-10-04T15:25:34","guid":{"rendered":"https:\/\/www.navarroaubanell.com\/producto\/volt\/"},"modified":"2024-10-01T17:24:26","modified_gmt":"2024-10-01T15:24:26","slug":"cadira-volt-pedrali-navraroaubanell","status":"publish","type":"product","link":"https:\/\/www.navarroaubanell.com\/ca\/producte\/cadira-volt-pedrali-navraroaubanell\/","title":{"rendered":"Cadira Volt"},"content":{"rendered":"<h5>Silla Volt: Eleg\u00e0ncia i Versatilitat<\/h5>\n<p>La <strong>Silla Volt<\/strong>, part de la sofisticada <a href=\"https:\/\/www.navarroaubanell.com\/ca\/producte\/familia-volt-pedrali-navarroaubanell\/\">fam\u00edlia Volt<\/a>, destaca per la seva eleg\u00e0ncia subtil, disseny ergon\u00f2mic i proporcions agradables. Disponible en versions per a interiors i exteriors, ofereix una soluci\u00f3 perfecta per a cada ambient.<\/p>\n<h6><strong>Per a Exteriors<\/strong><\/h6>\n<ul>\n<li><strong>Volt 670:<a href=\"https:\/\/cdn-assets.pedrali.com\/media\/pedrali\/media\/assets\/originals\/documenti\/st\/st-volt-670-670-cl1.pdf\"> fitxa t\u00e8cnica<\/a><\/strong>\n<ul>\n<li><strong>Material<\/strong>: Polipropil\u00e8 amb fibra de vidre.<\/li>\n<li><strong>Tecnologia<\/strong>: Modelat per injecci\u00f3.<\/li>\n<li><strong>Tractaments<\/strong>: Antiest\u00e0tic i anti-UV.<\/li>\n<li><strong>Acabat<\/strong>: Superf\u00edcie\u00a0microtexturada\u00a0en 9 colors, incloent-hi una opci\u00f3 ign\u00edfuga en blanc.<\/li>\n<li><strong>Protecci\u00f3<\/strong>: Tacs de polietil\u00e8 en blanc o negre.<\/li>\n<\/ul>\n<\/li>\n<\/ul>\n<ul>\n<li><strong>Volt\u00a0HB\u00a0673: <a href=\"https:\/\/cdn-assets.pedrali.com\/media\/pedrali\/media\/assets\/originals\/documenti\/st\/st-volt-hb-673.pdf\">fitxa t\u00e8cnica<\/a><\/strong>\n<ul>\n<li><strong>Disseny<\/strong>: Suport alt.<\/li>\n<li><strong>Material<\/strong>: Polipropil\u00e8 amb fibra de vidre.<\/li>\n<li><strong>Tecnologia<\/strong>: Modelat per injecci\u00f3.<\/li>\n<li><strong>Tractaments<\/strong>: Antiest\u00e0tic i anti-UV.<\/li>\n<li><strong>Acabat:<\/strong> Superf\u00edcie\u00a0microtexturada\u00a0en 9 colors.<\/li>\n<li><strong>Protecci\u00f3<\/strong>: Tacs de polietil\u00e8 en opal\u00ed\u00a0o negre.<\/li>\n<\/ul>\n<\/li>\n<\/ul>\n<h6><strong>Per a Interiors<\/strong><\/h6>\n<ul>\n<li><strong>Volt HB 673\/2: <a href=\"https:\/\/cdn-assets.pedrali.com\/media\/pedrali\/media\/assets\/originals\/documenti\/st\/st-volt-hb-673-2.pdf\">fitxa t\u00e8cnica<\/a><\/strong>\n<ul>\n<li><strong>Disseny:<\/strong> Suport alt.<\/li>\n<li><strong>Material<\/strong>: Polipropil\u00e8 amb fibra de vidre.<\/li>\n<li><strong>Tecnologia<\/strong>: Modelat per injecci\u00f3.<\/li>\n<li><strong>Tractaments<\/strong>: Antiest\u00e0tic i anti-UV.<\/li>\n<li><strong>Acabat<\/strong>: Superf\u00edcie\u00a0microtexturada\u00a0en 9 colors.<\/li>\n<li><strong>Seient<\/strong>: Estructura interna de polietil\u00e8 folrat en tela, entapissat en escuma de poliuret\u00e0 flexible i ign\u00edfuga.<\/li>\n<li><strong>Opcions<\/strong> <strong>d&#8217;Entapissat<\/strong>: Teles ign\u00edfugues, vellut, vellut ign\u00edfug, pell sint\u00e8tica, pell sint\u00e8tica ign\u00edfuga.<\/li>\n<li><strong>Protecci\u00f3<\/strong>: Tacs de polietil\u00e8 en opal\u00ed o negre.<\/li>\n<\/ul>\n<\/li>\n<\/ul>\n<ul>\n<li><strong>Volt 671: <a href=\"https:\/\/cdn-assets.pedrali.com\/media\/pedrali\/media\/assets\/originals\/documenti\/st\/st-volt-671.pdf\">fitxa t\u00e8cnica<\/a><\/strong>\n<ul>\n<li><strong>Material<\/strong>: Polipropil\u00e8 amb fibra de vidre.<\/li>\n<li><strong>Tecnologia<\/strong>: Modelat per injecci\u00f3.<\/li>\n<li><strong>Tractaments<\/strong>: Antiest\u00e0tic i anti-UV.<\/li>\n<li><strong>Acabat<\/strong>: Superf\u00edcie\u00a0microtexturada\u00a0en 9 colors.<\/li>\n<li><strong>Seient<\/strong>: Estructura interna de polietil\u00e8 folrat en tela, entapissat en escuma de poliuret\u00e0 flexible i ign\u00edfuga.<\/li>\n<li><strong>Opcions<\/strong> <strong>d&#8217;Entapissat<\/strong>: Teles ign\u00edfugues, pell sint\u00e8tica ign\u00edfuga.<\/li>\n<li><strong>Protecci\u00f3<\/strong>: Tacs de polietil\u00e8 en opal\u00ed o negre.<\/li>\n<\/ul>\n<\/li>\n<\/ul>\n<ul>\n<li><strong>Volt 671\/2: <a href=\"https:\/\/cdn-assets.pedrali.com\/media\/pedrali\/media\/assets\/originals\/documenti\/st\/st-volt-671-2.pdf\">fitxa t\u00e8cnica<\/a><\/strong>\n<ul>\n<li><strong>Material<\/strong>: Polipropil\u00e8 amb fibra de vidre.<\/li>\n<li><strong>Tecnologia<\/strong>: Modelat per injecci\u00f3.<\/li>\n<li><strong>Tractaments<\/strong>: Antiest\u00e0tic i anti-UV.<\/li>\n<li><strong>Acabat<\/strong>: Superf\u00edcie\u00a0microtexturada\u00a0en 9 colors.<\/li>\n<li><strong>Seient<\/strong>: Estructura interna de polietil\u00e8 folrat en tela, entapissat en escuma de poliuret\u00e0 flexible i ign\u00edfuga.<\/li>\n<li><strong>Opcions<\/strong> <strong>d&#8217;Entapissat<\/strong>: Teles ign\u00edfugues, vellut, vellut ign\u00edfug, pell sint\u00e8tica, pell sint\u00e8tica ign\u00edfuga.<\/li>\n<li><strong>Protecci\u00f3<\/strong>: Tacs de polietil\u00e8 en opal\u00ed o negre.<\/li>\n<\/ul>\n<\/li>\n<\/ul>\n<h6><strong>Beneficis Clau<\/strong><\/h6>\n<ul>\n<li><strong>Materials d&#8217;Alta Qualitat:<\/strong> Durabilitat i resist\u00e8ncia garantides.<\/li>\n<li><strong>Tecnologia Avan\u00e7ada:<\/strong> Modelat per injecci\u00f3 per a productes compactes i forts.<\/li>\n<li><strong>Varietat d&#8217;Opcions<\/strong>: Disponibilitat en exteriors i interiors.<\/li>\n<li><strong>Personalitzaci\u00f3:<\/strong> \u00c0mplia gamma de colors i acabats.<\/li>\n<li><strong>Protecci\u00f3 i Durabilitat:<\/strong> Tractaments antiest\u00e0tic i anti-UV.<\/li>\n<\/ul>\n<p>Transforma els teus espais amb la <strong>Silla Volt<\/strong>, on l&#8217;eleg\u00e0ncia i funcionalitat es troben en cada detall. Tria Volt per a una experi\u00e8ncia \u00fanica de confort i estil!<\/p>\n","protected":false},"excerpt":{"rendered":"<p>&nbsp;<\/p>\n<p>&nbsp;<\/p>\n","protected":false},"featured_media":35779,"template":"","meta":{"_acf_changed":false},"product_brand":[882],"product_cat":[533,572,563,525],"product_tag":[587,866,618,720,729,790],"class_list":{"0":"post-20186","1":"product","2":"type-product","3":"status-publish","4":"has-post-thumbnail","6":"product_brand-pedrali-ca","7":"product_cat-cadires","8":"product_cat-cadires-exterior","9":"product_cat-exterior-ca","10":"product_cat-interior","11":"product_tag-apilable-ca","12":"product_tag-cadires","13":"product_tag-contract-ca","14":"product_tag-outdoor-ca","15":"product_tag-pedrali-ca","16":"product_tag-volt-ca","17":"description-off","19":"first","20":"instock","21":"shipping-taxable","22":"product-type-simple"},"acf":[],"yoast_head":"<!-- This site is optimized with the Yoast SEO plugin v27.0 - https:\/\/yoast.com\/product\/yoast-seo-wordpress\/ -->\n<title>Cadira Volt, Pedrali- Navarro Aubanell<\/title>\n<meta name=\"description\" content=\"Cadira Volt: tracte subtil i lineal. \u00c9s en polipropil\u00e8 a emmotllament d&#039;injecci\u00f3 i fibria vidre. Versi\u00f3 per a interiors i exteriors, apilable.\" \/>\n<meta name=\"robots\" content=\"index, follow, max-snippet:-1, max-image-preview:large, max-video-preview:-1\" \/>\n<link rel=\"canonical\" href=\"https:\/\/www.navarroaubanell.com\/ca\/producte\/cadira-volt-pedrali-navraroaubanell\/\" \/>\n<meta property=\"og:locale\" content=\"ca_ES\" \/>\n<meta property=\"og:type\" content=\"article\" \/>\n<meta property=\"og:title\" content=\"Cadira Volt, Pedrali- Navarro Aubanell\" \/>\n<meta property=\"og:description\" content=\"Cadira Volt: tracte subtil i lineal. \u00c9s en polipropil\u00e8 a emmotllament d&#039;injecci\u00f3 i fibria vidre. Versi\u00f3 per a interiors i exteriors, apilable.\" \/>\n<meta property=\"og:url\" content=\"https:\/\/www.navarroaubanell.com\/ca\/producte\/cadira-volt-pedrali-navraroaubanell\/\" \/>\n<meta property=\"og:site_name\" content=\"Navarro Aubanell\" \/>\n<meta property=\"article:modified_time\" content=\"2024-10-01T15:24:26+00:00\" \/>\n<meta property=\"og:image\" content=\"https:\/\/www.navarroaubanell.com\/wp-content\/uploads\/2017\/10\/Silla-Volt-670-1.png\" \/>\n\t<meta property=\"og:image:width\" content=\"862\" \/>\n\t<meta property=\"og:image:height\" content=\"1156\" \/>\n\t<meta property=\"og:image:type\" content=\"image\/png\" \/>\n<meta name=\"twitter:label1\" content=\"Est. reading time\" \/>\n\t<meta name=\"twitter:data1\" content=\"2 minutes\" \/>\n<script type=\"application\/ld+json\" class=\"yoast-schema-graph\">{\"@context\":\"https:\/\/schema.org\",\"@graph\":[{\"@type\":\"WebPage\",\"@id\":\"https:\/\/www.navarroaubanell.com\/ca\/producte\/cadira-volt-pedrali-navraroaubanell\/\",\"url\":\"https:\/\/www.navarroaubanell.com\/ca\/producte\/cadira-volt-pedrali-navraroaubanell\/\",\"name\":\"Cadira Volt, Pedrali- Navarro Aubanell\",\"isPartOf\":{\"@id\":\"https:\/\/www.navarroaubanell.com\/ca\/#website\"},\"primaryImageOfPage\":{\"@id\":\"https:\/\/www.navarroaubanell.com\/ca\/producte\/cadira-volt-pedrali-navraroaubanell\/#primaryimage\"},\"image\":{\"@id\":\"https:\/\/www.navarroaubanell.com\/ca\/producte\/cadira-volt-pedrali-navraroaubanell\/#primaryimage\"},\"thumbnailUrl\":\"https:\/\/www.navarroaubanell.com\/wp-content\/uploads\/2017\/10\/Silla-Volt-670-1.png\",\"datePublished\":\"2017-10-04T15:25:34+00:00\",\"dateModified\":\"2024-10-01T15:24:26+00:00\",\"description\":\"Cadira Volt: tracte subtil i lineal. \u00c9s en polipropil\u00e8 a emmotllament d'injecci\u00f3 i fibria vidre. Versi\u00f3 per a interiors i exteriors, apilable.\",\"breadcrumb\":{\"@id\":\"https:\/\/www.navarroaubanell.com\/ca\/producte\/cadira-volt-pedrali-navraroaubanell\/#breadcrumb\"},\"inLanguage\":\"ca\",\"potentialAction\":[{\"@type\":\"ReadAction\",\"target\":[\"https:\/\/www.navarroaubanell.com\/ca\/producte\/cadira-volt-pedrali-navraroaubanell\/\"]}]},{\"@type\":\"ImageObject\",\"inLanguage\":\"ca\",\"@id\":\"https:\/\/www.navarroaubanell.com\/ca\/producte\/cadira-volt-pedrali-navraroaubanell\/#primaryimage\",\"url\":\"https:\/\/www.navarroaubanell.com\/wp-content\/uploads\/2017\/10\/Silla-Volt-670-1.png\",\"contentUrl\":\"https:\/\/www.navarroaubanell.com\/wp-content\/uploads\/2017\/10\/Silla-Volt-670-1.png\",\"width\":862,\"height\":1156,\"caption\":\"Cadira Volt 670\"},{\"@type\":\"BreadcrumbList\",\"@id\":\"https:\/\/www.navarroaubanell.com\/ca\/producte\/cadira-volt-pedrali-navraroaubanell\/#breadcrumb\",\"itemListElement\":[{\"@type\":\"ListItem\",\"position\":1,\"name\":\"Portada\",\"item\":\"https:\/\/www.navarroaubanell.com\/ca\/\"},{\"@type\":\"ListItem\",\"position\":2,\"name\":\"Productes\",\"item\":\"https:\/\/www.navarroaubanell.com\/productos\/\"},{\"@type\":\"ListItem\",\"position\":3,\"name\":\"Cadira Volt\"}]},{\"@type\":\"WebSite\",\"@id\":\"https:\/\/www.navarroaubanell.com\/ca\/#website\",\"url\":\"https:\/\/www.navarroaubanell.com\/ca\/\",\"name\":\"Navarro Aubanell\",\"description\":\"Mobiliario para hoteler\u00eda, colectividades y oficinas\",\"publisher\":{\"@id\":\"https:\/\/www.navarroaubanell.com\/ca\/#organization\"},\"potentialAction\":[{\"@type\":\"SearchAction\",\"target\":{\"@type\":\"EntryPoint\",\"urlTemplate\":\"https:\/\/www.navarroaubanell.com\/ca\/?s={search_term_string}\"},\"query-input\":{\"@type\":\"PropertyValueSpecification\",\"valueRequired\":true,\"valueName\":\"search_term_string\"}}],\"inLanguage\":\"ca\"},{\"@type\":\"Organization\",\"@id\":\"https:\/\/www.navarroaubanell.com\/ca\/#organization\",\"name\":\"COMERCIAL NAVARRO AUBANELL, S.A\",\"url\":\"https:\/\/www.navarroaubanell.com\/ca\/\",\"logo\":{\"@type\":\"ImageObject\",\"inLanguage\":\"ca\",\"@id\":\"https:\/\/www.navarroaubanell.com\/ca\/#\/schema\/logo\/image\/\",\"url\":\"https:\/\/www.navarroaubanell.com\/wp-content\/uploads\/2017\/07\/logo-navarro-aubuanell.png\",\"contentUrl\":\"https:\/\/www.navarroaubanell.com\/wp-content\/uploads\/2017\/07\/logo-navarro-aubuanell.png\",\"width\":6304,\"height\":1154,\"caption\":\"COMERCIAL NAVARRO AUBANELL, S.A\"},\"image\":{\"@id\":\"https:\/\/www.navarroaubanell.com\/ca\/#\/schema\/logo\/image\/\"}}]}<\/script>\n<!-- \/ Yoast SEO plugin. -->","yoast_head_json":{"title":"Cadira Volt, Pedrali- Navarro Aubanell","description":"Cadira Volt: tracte subtil i lineal. \u00c9s en polipropil\u00e8 a emmotllament d'injecci\u00f3 i fibria vidre. Versi\u00f3 per a interiors i exteriors, apilable.","robots":{"index":"index","follow":"follow","max-snippet":"max-snippet:-1","max-image-preview":"max-image-preview:large","max-video-preview":"max-video-preview:-1"},"canonical":"https:\/\/www.navarroaubanell.com\/ca\/producte\/cadira-volt-pedrali-navraroaubanell\/","og_locale":"ca_ES","og_type":"article","og_title":"Cadira Volt, Pedrali- Navarro Aubanell","og_description":"Cadira Volt: tracte subtil i lineal. \u00c9s en polipropil\u00e8 a emmotllament d'injecci\u00f3 i fibria vidre. Versi\u00f3 per a interiors i exteriors, apilable.","og_url":"https:\/\/www.navarroaubanell.com\/ca\/producte\/cadira-volt-pedrali-navraroaubanell\/","og_site_name":"Navarro Aubanell","article_modified_time":"2024-10-01T15:24:26+00:00","og_image":[{"width":862,"height":1156,"url":"https:\/\/www.navarroaubanell.com\/wp-content\/uploads\/2017\/10\/Silla-Volt-670-1.png","type":"image\/png"}],"twitter_misc":{"Est. reading time":"2 minutes"},"schema":{"@context":"https:\/\/schema.org","@graph":[{"@type":"WebPage","@id":"https:\/\/www.navarroaubanell.com\/ca\/producte\/cadira-volt-pedrali-navraroaubanell\/","url":"https:\/\/www.navarroaubanell.com\/ca\/producte\/cadira-volt-pedrali-navraroaubanell\/","name":"Cadira Volt, Pedrali- Navarro Aubanell","isPartOf":{"@id":"https:\/\/www.navarroaubanell.com\/ca\/#website"},"primaryImageOfPage":{"@id":"https:\/\/www.navarroaubanell.com\/ca\/producte\/cadira-volt-pedrali-navraroaubanell\/#primaryimage"},"image":{"@id":"https:\/\/www.navarroaubanell.com\/ca\/producte\/cadira-volt-pedrali-navraroaubanell\/#primaryimage"},"thumbnailUrl":"https:\/\/www.navarroaubanell.com\/wp-content\/uploads\/2017\/10\/Silla-Volt-670-1.png","datePublished":"2017-10-04T15:25:34+00:00","dateModified":"2024-10-01T15:24:26+00:00","description":"Cadira Volt: tracte subtil i lineal. \u00c9s en polipropil\u00e8 a emmotllament d'injecci\u00f3 i fibria vidre. Versi\u00f3 per a interiors i exteriors, apilable.","breadcrumb":{"@id":"https:\/\/www.navarroaubanell.com\/ca\/producte\/cadira-volt-pedrali-navraroaubanell\/#breadcrumb"},"inLanguage":"ca","potentialAction":[{"@type":"ReadAction","target":["https:\/\/www.navarroaubanell.com\/ca\/producte\/cadira-volt-pedrali-navraroaubanell\/"]}]},{"@type":"ImageObject","inLanguage":"ca","@id":"https:\/\/www.navarroaubanell.com\/ca\/producte\/cadira-volt-pedrali-navraroaubanell\/#primaryimage","url":"https:\/\/www.navarroaubanell.com\/wp-content\/uploads\/2017\/10\/Silla-Volt-670-1.png","contentUrl":"https:\/\/www.navarroaubanell.com\/wp-content\/uploads\/2017\/10\/Silla-Volt-670-1.png","width":862,"height":1156,"caption":"Cadira Volt 670"},{"@type":"BreadcrumbList","@id":"https:\/\/www.navarroaubanell.com\/ca\/producte\/cadira-volt-pedrali-navraroaubanell\/#breadcrumb","itemListElement":[{"@type":"ListItem","position":1,"name":"Portada","item":"https:\/\/www.navarroaubanell.com\/ca\/"},{"@type":"ListItem","position":2,"name":"Productes","item":"https:\/\/www.navarroaubanell.com\/productos\/"},{"@type":"ListItem","position":3,"name":"Cadira Volt"}]},{"@type":"WebSite","@id":"https:\/\/www.navarroaubanell.com\/ca\/#website","url":"https:\/\/www.navarroaubanell.com\/ca\/","name":"Navarro Aubanell","description":"Mobiliario para hoteler\u00eda, colectividades y oficinas","publisher":{"@id":"https:\/\/www.navarroaubanell.com\/ca\/#organization"},"potentialAction":[{"@type":"SearchAction","target":{"@type":"EntryPoint","urlTemplate":"https:\/\/www.navarroaubanell.com\/ca\/?s={search_term_string}"},"query-input":{"@type":"PropertyValueSpecification","valueRequired":true,"valueName":"search_term_string"}}],"inLanguage":"ca"},{"@type":"Organization","@id":"https:\/\/www.navarroaubanell.com\/ca\/#organization","name":"COMERCIAL NAVARRO AUBANELL, S.A","url":"https:\/\/www.navarroaubanell.com\/ca\/","logo":{"@type":"ImageObject","inLanguage":"ca","@id":"https:\/\/www.navarroaubanell.com\/ca\/#\/schema\/logo\/image\/","url":"https:\/\/www.navarroaubanell.com\/wp-content\/uploads\/2017\/07\/logo-navarro-aubuanell.png","contentUrl":"https:\/\/www.navarroaubanell.com\/wp-content\/uploads\/2017\/07\/logo-navarro-aubuanell.png","width":6304,"height":1154,"caption":"COMERCIAL NAVARRO AUBANELL, S.A"},"image":{"@id":"https:\/\/www.navarroaubanell.com\/ca\/#\/schema\/logo\/image\/"}}]}},"_links":{"self":[{"href":"https:\/\/www.navarroaubanell.com\/ca\/wp-json\/wp\/v2\/product\/20186","targetHints":{"allow":["GET"]}}],"collection":[{"href":"https:\/\/www.navarroaubanell.com\/ca\/wp-json\/wp\/v2\/product"}],"about":[{"href":"https:\/\/www.navarroaubanell.com\/ca\/wp-json\/wp\/v2\/types\/product"}],"wp:featuredmedia":[{"embeddable":true,"href":"https:\/\/www.navarroaubanell.com\/ca\/wp-json\/wp\/v2\/media\/35779"}],"wp:attachment":[{"href":"https:\/\/www.navarroaubanell.com\/ca\/wp-json\/wp\/v2\/media?parent=20186"}],"wp:term":[{"taxonomy":"product_brand","embeddable":true,"href":"https:\/\/www.navarroaubanell.com\/ca\/wp-json\/wp\/v2\/product_brand?post=20186"},{"taxonomy":"product_cat","embeddable":true,"href":"https:\/\/www.navarroaubanell.com\/ca\/wp-json\/wp\/v2\/product_cat?post=20186"},{"taxonomy":"product_tag","embeddable":true,"href":"https:\/\/www.navarroaubanell.com\/ca\/wp-json\/wp\/v2\/product_tag?post=20186"}],"curies":[{"name":"wp","href":"https:\/\/api.w.org\/{rel}","templated":true}]}}