{"id":20183,"date":"2017-10-04T16:04:16","date_gmt":"2017-10-04T16:04:16","guid":{"rendered":"https:\/\/www.navarroaubanell.com\/producto\/ester-sillon\/"},"modified":"2024-10-01T17:12:10","modified_gmt":"2024-10-01T15:12:10","slug":"cadira-de-bracos-ester-pedrali-navarroaubanell","status":"publish","type":"product","link":"https:\/\/www.navarroaubanell.com\/ca\/producte\/cadira-de-bracos-ester-pedrali-navarroaubanell\/","title":{"rendered":"Cadira de bra\u00e7os Ester"},"content":{"rendered":"<h4>Elevant el Confort i l&#8217;Eleg\u00e0ncia amb la Cadira de Bra\u00e7os Ester<\/h4>\n<p>La cadira de bra\u00e7os Ester, membre estrella\u00a0de la<a href=\"https:\/\/www.navarroaubanell.com\/ca\/producte\/familia-ester-pedrali-navarro-aubanell\/\"> fam\u00edlia Este<\/a>r, \u00e9s una combinaci\u00f3 perfecta d&#8217;eleg\u00e0ncia, ergonomia i funcionalitat. Amb una atenci\u00f3 al detall que \u00e9s omnipresent, aquesta cadira de bra\u00e7os es presenta com un mon\u00f2lit de pell preci\u00f3s, complementat amb potes d&#8217;alumini fos a pressi\u00f3. El seient, fet d&#8217;escuma de poliuret\u00e0 amb cingles el\u00e0stiques sobre una estructura d&#8217;acer, ofereix un confort inigualable i una durabilitat excepcional.<\/p>\n<h5>Materials d&#8217;Alta Qualitat i Varietat d&#8217;Acabats<\/h5>\n<p>L&#8217;estructura interna de la<strong> cadira de bra\u00e7os Ester<\/strong> est\u00e0 composta d&#8217;<strong>acer inoxidable<\/strong> amb un <strong>cintur\u00f3 el\u00e0stic<\/strong> i motlle de <strong>poliuret\u00e0 flexible<\/strong>, folrat en <strong>tela ign\u00edfuga<\/strong> per a major seguretat. Les potes, tamb\u00e9 d<strong>&#8216;alumini fos a pressi\u00f3<\/strong>, afegeixen un toc de sofisticaci\u00f3 i resist\u00e8ncia. Els acabats disponibles inclouen <strong>teles<\/strong>, <strong>vellut<\/strong>,<strong> pell sint\u00e8tica<\/strong> i <strong>pell<\/strong>, amb <strong>opcions ign\u00edfugues<\/strong> per a entorns que requereixen major seguretat.<\/p>\n<h5>Models per a Cada Necessitat<\/h5>\n<p>Per a adaptar-se a les diverses necessitats i gustos, la butaca Ester est\u00e0 disponible en diversos models:<\/p>\n<ul>\n<li><strong>Ester 695F-696F<\/strong>:\u00a0 <strong>Cadira de bra\u00e7os girat\u00f2ria<\/strong> amb elevador de gas, base central de quatre radis en alumini fos a pressi\u00f3. La columna de <span class=\"hiddenSpellError\">\u00d860<\/span>\u00a0amb elevador de gas es connecta a una base de\u00a0<span class=\"hiddenSpellError\">\u00d8720<\/span>\u00a0mm en alumini fos. Disponible en alumini pintat de negre o alumini polit.<\/li>\n<li><strong>Ester 695-696:<\/strong> <strong>Cadira de bra\u00e7os girat\u00f2ria<\/strong> amb elevador de gas i <strong>rodes<\/strong>. Base central de quatre radis en alumini fos a pressi\u00f3. Les rodes girat\u00f2ries de\u00a0<span class=\"hiddenSpellError\">\u00d860<\/span>\u00a0mm tenen discos laterals cromats o negres, amb suports pneum\u00e0tics negres. Disponible en alumini pintat de negre o alumini polit.<\/li>\n<li><strong>Ester 690:<\/strong> <strong>Cadira de bra\u00e7os<\/strong> amb carcassa entapissada en escuma de poliuret\u00e0 amb cingles el\u00e0stiques i potes d&#8217;alumini fos a pressi\u00f3. Equipat amb tacs de polipropil\u00e8 platejat i opcions de peus amb feltre per a s\u00f2ls delicats o peus per a catifes i moquetes. Acabat en titani, n\u00edquel setinat, bronze setinat o llaut\u00f3 antic.<\/li>\n<\/ul>\n<h5>Perfecte per a Qualsevol Espai<\/h5>\n<p>Decora els teus interiors amb les <strong>cadires de bra\u00e7os Ester<\/strong> i porta a les persones a un nivell superior de confort i estil amb nom\u00e9s asseure&#8217;s. Aquestes butaques s\u00f3n ideals per a qualsevol entorn que busqui combinar sofisticaci\u00f3, durabilitat i confort, des d&#8217;hotels i restaurants fins a oficines i llars elegants.<\/p>\n<p>Transforma els teus espais amb l&#8217;eleg\u00e0ncia i versatilitat de la butaca Ester, on cada detall est\u00e0 dissenyat per a impressionar i proporcionar una experi\u00e8ncia de seient excepcional.<\/p>\n<p>Fitxes t\u00e8cniques:<\/p>\n<ul>\n<li>Ester 695-696: <a href=\"https:\/\/cdn-assets.pedrali.com\/media\/pedrali\/media\/assets\/originals\/documenti\/st\/st-ester-695-696.pdf\">https:\/\/cdn-assets.pedrali.com\/media\/pedrali\/media\/assets\/originals\/documenti\/st\/st-ester-695-696.pdf<\/a><\/li>\n<li>Ester 695F-696F: <a href=\"https:\/\/cdn-assets.pedrali.com\/media\/pedrali\/media\/assets\/originals\/documenti\/st\/st-ester-695f-696f.pdf\">https:\/\/cdn-assets.pedrali.com\/media\/pedrali\/media\/assets\/originals\/documenti\/st\/st-ester-695f-696f.pdf<\/a><\/li>\n<li>Ester 690: <a href=\"https:\/\/cdn-assets.pedrali.com\/media\/pedrali\/media\/assets\/originals\/documenti\/st\/st-ester-690.pdf\">https:\/\/cdn-assets.pedrali.com\/media\/pedrali\/media\/assets\/originals\/documenti\/st\/st-ester-690.pdf<\/a><\/li>\n<\/ul>\n","protected":false},"excerpt":{"rendered":"<p>&nbsp;<\/p>\n<p>&nbsp;<\/p>\n","protected":false},"featured_media":34585,"template":"","meta":{"_acf_changed":false},"product_brand":[882],"product_cat":[534,525],"product_tag":[749,867,618,637,729],"class_list":{"0":"post-20183","1":"product","2":"type-product","3":"status-publish","4":"has-post-thumbnail","6":"product_brand-pedrali-ca","7":"product_cat-cadires-de-bracos","8":"product_cat-interior","9":"product_tag-cadira-de-barcos","10":"product_tag-cadires-de-bracos","11":"product_tag-contract-ca","12":"product_tag-ester-ca","13":"product_tag-pedrali-ca","14":"description-off","16":"first","17":"instock","18":"shipping-taxable","19":"product-type-simple"},"acf":[],"yoast_head":"<!-- This site is optimized with the Yoast SEO plugin v27.0 - https:\/\/yoast.com\/product\/yoast-seo-wordpress\/ -->\n<title>Cadira de bra\u00e7os Ester, Pedrali - Navarro Aubanell<\/title>\n<meta name=\"description\" content=\"Cadira de bra\u00e7os Ester: eleg\u00e0ncia, ergonomia i funcionalitat amb diferents acabats. Ideal per a hotels, restaurants i espais sofisticats. Diversos models.\" \/>\n<meta name=\"robots\" content=\"index, follow, max-snippet:-1, max-image-preview:large, max-video-preview:-1\" \/>\n<link rel=\"canonical\" href=\"https:\/\/www.navarroaubanell.com\/ca\/producte\/cadira-de-bracos-ester-pedrali-navarroaubanell\/\" \/>\n<meta property=\"og:locale\" content=\"ca_ES\" \/>\n<meta property=\"og:type\" content=\"article\" \/>\n<meta property=\"og:title\" content=\"Cadira de bra\u00e7os Ester, Pedrali - Navarro Aubanell\" \/>\n<meta property=\"og:description\" content=\"Cadira de bra\u00e7os Ester: eleg\u00e0ncia, ergonomia i funcionalitat amb diferents acabats. Ideal per a hotels, restaurants i espais sofisticats. Diversos models.\" \/>\n<meta property=\"og:url\" content=\"https:\/\/www.navarroaubanell.com\/ca\/producte\/cadira-de-bracos-ester-pedrali-navarroaubanell\/\" \/>\n<meta property=\"og:site_name\" content=\"Navarro Aubanell\" \/>\n<meta property=\"article:modified_time\" content=\"2024-10-01T15:12:10+00:00\" \/>\n<meta property=\"og:image\" content=\"https:\/\/www.navarroaubanell.com\/wp-content\/uploads\/2017\/10\/Ester-690-2-1.png\" \/>\n\t<meta property=\"og:image:width\" content=\"881\" \/>\n\t<meta property=\"og:image:height\" content=\"1181\" \/>\n\t<meta property=\"og:image:type\" content=\"image\/png\" \/>\n<meta name=\"twitter:label1\" content=\"Est. reading time\" \/>\n\t<meta name=\"twitter:data1\" content=\"3 minutes\" \/>\n<script type=\"application\/ld+json\" class=\"yoast-schema-graph\">{\"@context\":\"https:\/\/schema.org\",\"@graph\":[{\"@type\":\"WebPage\",\"@id\":\"https:\/\/www.navarroaubanell.com\/ca\/producte\/cadira-de-bracos-ester-pedrali-navarroaubanell\/\",\"url\":\"https:\/\/www.navarroaubanell.com\/ca\/producte\/cadira-de-bracos-ester-pedrali-navarroaubanell\/\",\"name\":\"Cadira de bra\u00e7os Ester, Pedrali - Navarro Aubanell\",\"isPartOf\":{\"@id\":\"https:\/\/www.navarroaubanell.com\/ca\/#website\"},\"primaryImageOfPage\":{\"@id\":\"https:\/\/www.navarroaubanell.com\/ca\/producte\/cadira-de-bracos-ester-pedrali-navarroaubanell\/#primaryimage\"},\"image\":{\"@id\":\"https:\/\/www.navarroaubanell.com\/ca\/producte\/cadira-de-bracos-ester-pedrali-navarroaubanell\/#primaryimage\"},\"thumbnailUrl\":\"https:\/\/www.navarroaubanell.com\/wp-content\/uploads\/2017\/10\/Ester-690-2-1.png\",\"datePublished\":\"2017-10-04T16:04:16+00:00\",\"dateModified\":\"2024-10-01T15:12:10+00:00\",\"description\":\"Cadira de bra\u00e7os Ester: eleg\u00e0ncia, ergonomia i funcionalitat amb diferents acabats. Ideal per a hotels, restaurants i espais sofisticats. Diversos models.\",\"breadcrumb\":{\"@id\":\"https:\/\/www.navarroaubanell.com\/ca\/producte\/cadira-de-bracos-ester-pedrali-navarroaubanell\/#breadcrumb\"},\"inLanguage\":\"ca\",\"potentialAction\":[{\"@type\":\"ReadAction\",\"target\":[\"https:\/\/www.navarroaubanell.com\/ca\/producte\/cadira-de-bracos-ester-pedrali-navarroaubanell\/\"]}]},{\"@type\":\"ImageObject\",\"inLanguage\":\"ca\",\"@id\":\"https:\/\/www.navarroaubanell.com\/ca\/producte\/cadira-de-bracos-ester-pedrali-navarroaubanell\/#primaryimage\",\"url\":\"https:\/\/www.navarroaubanell.com\/wp-content\/uploads\/2017\/10\/Ester-690-2-1.png\",\"contentUrl\":\"https:\/\/www.navarroaubanell.com\/wp-content\/uploads\/2017\/10\/Ester-690-2-1.png\",\"width\":881,\"height\":1181,\"caption\":\"Sill\u00f3n Ester 690\"},{\"@type\":\"BreadcrumbList\",\"@id\":\"https:\/\/www.navarroaubanell.com\/ca\/producte\/cadira-de-bracos-ester-pedrali-navarroaubanell\/#breadcrumb\",\"itemListElement\":[{\"@type\":\"ListItem\",\"position\":1,\"name\":\"Portada\",\"item\":\"https:\/\/www.navarroaubanell.com\/ca\/\"},{\"@type\":\"ListItem\",\"position\":2,\"name\":\"Productes\",\"item\":\"https:\/\/www.navarroaubanell.com\/productos\/\"},{\"@type\":\"ListItem\",\"position\":3,\"name\":\"Cadira de bra\u00e7os Ester\"}]},{\"@type\":\"WebSite\",\"@id\":\"https:\/\/www.navarroaubanell.com\/ca\/#website\",\"url\":\"https:\/\/www.navarroaubanell.com\/ca\/\",\"name\":\"Navarro Aubanell\",\"description\":\"Mobiliario para hoteler\u00eda, colectividades y oficinas\",\"publisher\":{\"@id\":\"https:\/\/www.navarroaubanell.com\/ca\/#organization\"},\"potentialAction\":[{\"@type\":\"SearchAction\",\"target\":{\"@type\":\"EntryPoint\",\"urlTemplate\":\"https:\/\/www.navarroaubanell.com\/ca\/?s={search_term_string}\"},\"query-input\":{\"@type\":\"PropertyValueSpecification\",\"valueRequired\":true,\"valueName\":\"search_term_string\"}}],\"inLanguage\":\"ca\"},{\"@type\":\"Organization\",\"@id\":\"https:\/\/www.navarroaubanell.com\/ca\/#organization\",\"name\":\"COMERCIAL NAVARRO AUBANELL, S.A\",\"url\":\"https:\/\/www.navarroaubanell.com\/ca\/\",\"logo\":{\"@type\":\"ImageObject\",\"inLanguage\":\"ca\",\"@id\":\"https:\/\/www.navarroaubanell.com\/ca\/#\/schema\/logo\/image\/\",\"url\":\"https:\/\/www.navarroaubanell.com\/wp-content\/uploads\/2017\/07\/logo-navarro-aubuanell.png\",\"contentUrl\":\"https:\/\/www.navarroaubanell.com\/wp-content\/uploads\/2017\/07\/logo-navarro-aubuanell.png\",\"width\":6304,\"height\":1154,\"caption\":\"COMERCIAL NAVARRO AUBANELL, S.A\"},\"image\":{\"@id\":\"https:\/\/www.navarroaubanell.com\/ca\/#\/schema\/logo\/image\/\"}}]}<\/script>\n<!-- \/ Yoast SEO plugin. -->","yoast_head_json":{"title":"Cadira de bra\u00e7os Ester, Pedrali - Navarro Aubanell","description":"Cadira de bra\u00e7os Ester: eleg\u00e0ncia, ergonomia i funcionalitat amb diferents acabats. Ideal per a hotels, restaurants i espais sofisticats. Diversos models.","robots":{"index":"index","follow":"follow","max-snippet":"max-snippet:-1","max-image-preview":"max-image-preview:large","max-video-preview":"max-video-preview:-1"},"canonical":"https:\/\/www.navarroaubanell.com\/ca\/producte\/cadira-de-bracos-ester-pedrali-navarroaubanell\/","og_locale":"ca_ES","og_type":"article","og_title":"Cadira de bra\u00e7os Ester, Pedrali - Navarro Aubanell","og_description":"Cadira de bra\u00e7os Ester: eleg\u00e0ncia, ergonomia i funcionalitat amb diferents acabats. Ideal per a hotels, restaurants i espais sofisticats. Diversos models.","og_url":"https:\/\/www.navarroaubanell.com\/ca\/producte\/cadira-de-bracos-ester-pedrali-navarroaubanell\/","og_site_name":"Navarro Aubanell","article_modified_time":"2024-10-01T15:12:10+00:00","og_image":[{"width":881,"height":1181,"url":"https:\/\/www.navarroaubanell.com\/wp-content\/uploads\/2017\/10\/Ester-690-2-1.png","type":"image\/png"}],"twitter_misc":{"Est. reading time":"3 minutes"},"schema":{"@context":"https:\/\/schema.org","@graph":[{"@type":"WebPage","@id":"https:\/\/www.navarroaubanell.com\/ca\/producte\/cadira-de-bracos-ester-pedrali-navarroaubanell\/","url":"https:\/\/www.navarroaubanell.com\/ca\/producte\/cadira-de-bracos-ester-pedrali-navarroaubanell\/","name":"Cadira de bra\u00e7os Ester, Pedrali - Navarro Aubanell","isPartOf":{"@id":"https:\/\/www.navarroaubanell.com\/ca\/#website"},"primaryImageOfPage":{"@id":"https:\/\/www.navarroaubanell.com\/ca\/producte\/cadira-de-bracos-ester-pedrali-navarroaubanell\/#primaryimage"},"image":{"@id":"https:\/\/www.navarroaubanell.com\/ca\/producte\/cadira-de-bracos-ester-pedrali-navarroaubanell\/#primaryimage"},"thumbnailUrl":"https:\/\/www.navarroaubanell.com\/wp-content\/uploads\/2017\/10\/Ester-690-2-1.png","datePublished":"2017-10-04T16:04:16+00:00","dateModified":"2024-10-01T15:12:10+00:00","description":"Cadira de bra\u00e7os Ester: eleg\u00e0ncia, ergonomia i funcionalitat amb diferents acabats. Ideal per a hotels, restaurants i espais sofisticats. Diversos models.","breadcrumb":{"@id":"https:\/\/www.navarroaubanell.com\/ca\/producte\/cadira-de-bracos-ester-pedrali-navarroaubanell\/#breadcrumb"},"inLanguage":"ca","potentialAction":[{"@type":"ReadAction","target":["https:\/\/www.navarroaubanell.com\/ca\/producte\/cadira-de-bracos-ester-pedrali-navarroaubanell\/"]}]},{"@type":"ImageObject","inLanguage":"ca","@id":"https:\/\/www.navarroaubanell.com\/ca\/producte\/cadira-de-bracos-ester-pedrali-navarroaubanell\/#primaryimage","url":"https:\/\/www.navarroaubanell.com\/wp-content\/uploads\/2017\/10\/Ester-690-2-1.png","contentUrl":"https:\/\/www.navarroaubanell.com\/wp-content\/uploads\/2017\/10\/Ester-690-2-1.png","width":881,"height":1181,"caption":"Sill\u00f3n Ester 690"},{"@type":"BreadcrumbList","@id":"https:\/\/www.navarroaubanell.com\/ca\/producte\/cadira-de-bracos-ester-pedrali-navarroaubanell\/#breadcrumb","itemListElement":[{"@type":"ListItem","position":1,"name":"Portada","item":"https:\/\/www.navarroaubanell.com\/ca\/"},{"@type":"ListItem","position":2,"name":"Productes","item":"https:\/\/www.navarroaubanell.com\/productos\/"},{"@type":"ListItem","position":3,"name":"Cadira de bra\u00e7os Ester"}]},{"@type":"WebSite","@id":"https:\/\/www.navarroaubanell.com\/ca\/#website","url":"https:\/\/www.navarroaubanell.com\/ca\/","name":"Navarro Aubanell","description":"Mobiliario para hoteler\u00eda, colectividades y oficinas","publisher":{"@id":"https:\/\/www.navarroaubanell.com\/ca\/#organization"},"potentialAction":[{"@type":"SearchAction","target":{"@type":"EntryPoint","urlTemplate":"https:\/\/www.navarroaubanell.com\/ca\/?s={search_term_string}"},"query-input":{"@type":"PropertyValueSpecification","valueRequired":true,"valueName":"search_term_string"}}],"inLanguage":"ca"},{"@type":"Organization","@id":"https:\/\/www.navarroaubanell.com\/ca\/#organization","name":"COMERCIAL NAVARRO AUBANELL, S.A","url":"https:\/\/www.navarroaubanell.com\/ca\/","logo":{"@type":"ImageObject","inLanguage":"ca","@id":"https:\/\/www.navarroaubanell.com\/ca\/#\/schema\/logo\/image\/","url":"https:\/\/www.navarroaubanell.com\/wp-content\/uploads\/2017\/07\/logo-navarro-aubuanell.png","contentUrl":"https:\/\/www.navarroaubanell.com\/wp-content\/uploads\/2017\/07\/logo-navarro-aubuanell.png","width":6304,"height":1154,"caption":"COMERCIAL NAVARRO AUBANELL, S.A"},"image":{"@id":"https:\/\/www.navarroaubanell.com\/ca\/#\/schema\/logo\/image\/"}}]}},"_links":{"self":[{"href":"https:\/\/www.navarroaubanell.com\/ca\/wp-json\/wp\/v2\/product\/20183","targetHints":{"allow":["GET"]}}],"collection":[{"href":"https:\/\/www.navarroaubanell.com\/ca\/wp-json\/wp\/v2\/product"}],"about":[{"href":"https:\/\/www.navarroaubanell.com\/ca\/wp-json\/wp\/v2\/types\/product"}],"wp:featuredmedia":[{"embeddable":true,"href":"https:\/\/www.navarroaubanell.com\/ca\/wp-json\/wp\/v2\/media\/34585"}],"wp:attachment":[{"href":"https:\/\/www.navarroaubanell.com\/ca\/wp-json\/wp\/v2\/media?parent=20183"}],"wp:term":[{"taxonomy":"product_brand","embeddable":true,"href":"https:\/\/www.navarroaubanell.com\/ca\/wp-json\/wp\/v2\/product_brand?post=20183"},{"taxonomy":"product_cat","embeddable":true,"href":"https:\/\/www.navarroaubanell.com\/ca\/wp-json\/wp\/v2\/product_cat?post=20183"},{"taxonomy":"product_tag","embeddable":true,"href":"https:\/\/www.navarroaubanell.com\/ca\/wp-json\/wp\/v2\/product_tag?post=20183"}],"curies":[{"name":"wp","href":"https:\/\/api.w.org\/{rel}","templated":true}]}}