{"id":20107,"date":"2017-10-25T10:43:12","date_gmt":"2017-10-25T08:43:12","guid":{"rendered":"https:\/\/www.navarroaubanell.com\/producto\/v30\/"},"modified":"2025-04-14T16:22:58","modified_gmt":"2025-04-14T14:22:58","slug":"taula-operativa-v-30-forma5-navarroaubanell","status":"publish","type":"product","link":"https:\/\/www.navarroaubanell.com\/ca\/producte\/taula-operativa-v-30-forma5-navarroaubanell\/","title":{"rendered":"Taula operativa V30"},"content":{"rendered":"<h5 data-start=\"219\" data-end=\"279\">V-30: disseny equilibrat i funcionalitat intel\u00b7ligent<\/h5>\n<p data-start=\"281\" data-end=\"525\">La taula operativa V-30 destaca pel seu disseny net i contemporani, que combina una est\u00e8tica elegant amb solucions t\u00e8cniques eficients. \u00c9s una opci\u00f3 ideal per a oficines modernes que busquen versatilitat, resist\u00e8ncia i una imatge cuidada.<\/p>\n<h6 data-start=\"532\" data-end=\"584\">Estructura resistent amb un disseny refinat<\/h6>\n<p data-start=\"586\" data-end=\"878\">L&#8217;estructura de la V-30 est\u00e0 fabricada en un tub d&#8217;acer tallat i soldat a biaix, format un marc rectangular. L&#8217;acabat en pintura epoxi garanteix una alta resist\u00e8ncia a l&#8217;\u00fas diari i durabilitat en el temps.<\/p>\n<p class=\"\" data-start=\"880\" data-end=\"966\">Disponible en tres tipus d&#8217;estructura:<\/p>\n<ul data-start=\"968\" data-end=\"1205\">\n<li class=\"\" data-start=\"968\" data-end=\"1016\">\n<p class=\"\" data-start=\"970\" data-end=\"1016\"><strong>Simple<\/strong>: Ideal per a llocs individuals.<\/p>\n<\/li>\n<li class=\"\" data-start=\"1017\" data-end=\"1075\">\n<p class=\"\" data-start=\"1019\" data-end=\"1075\"><strong>Doble<\/strong>: Soluci\u00f3 bench per a espais col\u00b7laboratius.<\/p>\n<\/li>\n<li class=\"\" data-start=\"1076\" data-end=\"1205\">\n<p class=\"\" data-start=\"1078\" data-end=\"1205\"><strong>Continuitat<\/strong>: Sistema modular que permet cr\u00e9ixer f\u00e0cilment i reorganitzar la distribuci\u00f3 segons les necessitats de l&#8217;espai.<\/p>\n<\/li>\n<\/ul>\n<h6 data-start=\"1212\" data-end=\"1262\">Tauler: fermesa i qualitat a cada detall<\/h6>\n<p class=\"\" data-start=\"1264\" data-end=\"1437\">El tauler est\u00e0 fabricat amb part\u00edcules amb un recobriment melam\u00ednic. T\u00e9 les cantonades termofusionades, assegurant aix\u00ed una superf\u00edcie s\u00f2lida, estable i resistent al desgast diari.<\/p>\n<h6 data-start=\"1444\" data-end=\"1498\">Accessoris que optimitzen el teu espai de treball<\/h6>\n<p class=\"\" data-start=\"1500\" data-end=\"1608\">\u00a0La taula operativa V-30 pot complementar-se amb m\u00faltiples accessoris per a millorar la funcionalitat i l&#8217;organitzaci\u00f3:<\/p>\n<ul data-start=\"1610\" data-end=\"1837\">\n<li class=\"\" data-start=\"1610\" data-end=\"1642\">\n<p class=\"\" data-start=\"1612\" data-end=\"1642\">Fald\u00f3 bilaminat o met\u00e0l\u00b7lic<\/p>\n<\/li>\n<li class=\"\" data-start=\"1643\" data-end=\"1701\">\n<p class=\"\" data-start=\"1645\" data-end=\"1701\">Separadors en bilaminat, vidre, entapissat o ac\u00fastic<\/p>\n<\/li>\n<li class=\"\" data-start=\"1702\" data-end=\"1737\">\n<p class=\"\" data-start=\"1704\" data-end=\"1737\">Reixetes<\/p>\n<\/li>\n<li class=\"\" data-start=\"1738\" data-end=\"1776\">\n<p class=\"\" data-start=\"1740\" data-end=\"1776\">Top access en poliamida o aluminio<\/p>\n<\/li>\n<li class=\"\" data-start=\"1777\" data-end=\"1791\">\n<p class=\"\" data-start=\"1779\" data-end=\"1791\">Passacables<\/p>\n<\/li>\n<li class=\"\" data-start=\"1792\" data-end=\"1837\">\n<p class=\"\" data-start=\"1794\" data-end=\"1837\">Kit de tapa lliscant per a major comoditat.<\/p>\n<\/li>\n<\/ul>\n","protected":false},"excerpt":{"rendered":"<p>&nbsp;<\/p>\n<p>&nbsp;<\/p>\n","protected":false},"featured_media":45889,"template":"","meta":{"_acf_changed":false},"product_brand":[886],"product_cat":[555,559],"product_tag":[647,701,1238,1683,695,845,785],"class_list":{"0":"post-20107","1":"product","2":"type-product","3":"status-publish","4":"has-post-thumbnail","6":"product_brand-forma-5-ca","7":"product_cat-oficina","8":"product_cat-taules-ca","9":"product_tag-forma5-ca","10":"product_tag-mobiliari-oficina","11":"product_tag-oficina-ca","12":"product_tag-operativa-ca","13":"product_tag-taula","14":"product_tag-taules-oficina","15":"product_tag-v30-ca","16":"description-off","18":"first","19":"instock","20":"shipping-taxable","21":"product-type-simple"},"acf":[],"yoast_head":"<!-- This site is optimized with the Yoast SEO plugin v27.0 - https:\/\/yoast.com\/product\/yoast-seo-wordpress\/ -->\n<title>Taula Operativa V-30, Forma 5 - Navarro Aubanell<\/title>\n<meta name=\"description\" content=\"Taula operativa V-30 con estructura de acero, tablero melam\u00ednico y accesorios funcionales, ideal para oficinas modernas y modulares.4o mini\" \/>\n<meta name=\"robots\" content=\"index, follow, max-snippet:-1, max-image-preview:large, max-video-preview:-1\" \/>\n<link rel=\"canonical\" href=\"https:\/\/www.navarroaubanell.com\/ca\/producte\/taula-operativa-v-30-forma5-navarroaubanell\/\" \/>\n<meta property=\"og:locale\" content=\"ca_ES\" \/>\n<meta property=\"og:type\" content=\"article\" \/>\n<meta property=\"og:title\" content=\"Taula Operativa V-30, Forma 5 - Navarro Aubanell\" \/>\n<meta property=\"og:description\" content=\"Taula operativa V-30 con estructura de acero, tablero melam\u00ednico y accesorios funcionales, ideal para oficinas modernas y modulares.4o mini\" \/>\n<meta property=\"og:url\" content=\"https:\/\/www.navarroaubanell.com\/ca\/producte\/taula-operativa-v-30-forma5-navarroaubanell\/\" \/>\n<meta property=\"og:site_name\" content=\"Navarro Aubanell\" \/>\n<meta property=\"article:modified_time\" content=\"2025-04-14T14:22:58+00:00\" \/>\n<meta property=\"og:image\" content=\"https:\/\/www.navarroaubanell.com\/wp-content\/uploads\/2017\/10\/Mesa-operativa-V-30-Photoroom-1-1.png\" \/>\n\t<meta property=\"og:image:width\" content=\"1280\" \/>\n\t<meta property=\"og:image:height\" content=\"1040\" \/>\n\t<meta property=\"og:image:type\" content=\"image\/png\" \/>\n<meta name=\"twitter:label1\" content=\"Est. reading time\" \/>\n\t<meta name=\"twitter:data1\" content=\"2 minutes\" \/>\n<script type=\"application\/ld+json\" class=\"yoast-schema-graph\">{\"@context\":\"https:\/\/schema.org\",\"@graph\":[{\"@type\":\"WebPage\",\"@id\":\"https:\/\/www.navarroaubanell.com\/ca\/producte\/taula-operativa-v-30-forma5-navarroaubanell\/\",\"url\":\"https:\/\/www.navarroaubanell.com\/ca\/producte\/taula-operativa-v-30-forma5-navarroaubanell\/\",\"name\":\"Taula Operativa V-30, Forma 5 - Navarro Aubanell\",\"isPartOf\":{\"@id\":\"https:\/\/www.navarroaubanell.com\/ca\/#website\"},\"primaryImageOfPage\":{\"@id\":\"https:\/\/www.navarroaubanell.com\/ca\/producte\/taula-operativa-v-30-forma5-navarroaubanell\/#primaryimage\"},\"image\":{\"@id\":\"https:\/\/www.navarroaubanell.com\/ca\/producte\/taula-operativa-v-30-forma5-navarroaubanell\/#primaryimage\"},\"thumbnailUrl\":\"https:\/\/www.navarroaubanell.com\/wp-content\/uploads\/2017\/10\/Mesa-operativa-V-30-Photoroom-1-1.png\",\"datePublished\":\"2017-10-25T08:43:12+00:00\",\"dateModified\":\"2025-04-14T14:22:58+00:00\",\"description\":\"Taula operativa V-30 con estructura de acero, tablero melam\u00ednico y accesorios funcionales, ideal para oficinas modernas y modulares.4o mini\",\"breadcrumb\":{\"@id\":\"https:\/\/www.navarroaubanell.com\/ca\/producte\/taula-operativa-v-30-forma5-navarroaubanell\/#breadcrumb\"},\"inLanguage\":\"ca\",\"potentialAction\":[{\"@type\":\"ReadAction\",\"target\":[\"https:\/\/www.navarroaubanell.com\/ca\/producte\/taula-operativa-v-30-forma5-navarroaubanell\/\"]}]},{\"@type\":\"ImageObject\",\"inLanguage\":\"ca\",\"@id\":\"https:\/\/www.navarroaubanell.com\/ca\/producte\/taula-operativa-v-30-forma5-navarroaubanell\/#primaryimage\",\"url\":\"https:\/\/www.navarroaubanell.com\/wp-content\/uploads\/2017\/10\/Mesa-operativa-V-30-Photoroom-1-1.png\",\"contentUrl\":\"https:\/\/www.navarroaubanell.com\/wp-content\/uploads\/2017\/10\/Mesa-operativa-V-30-Photoroom-1-1.png\",\"width\":1280,\"height\":1040,\"caption\":\"Mesa operativa V-30\"},{\"@type\":\"BreadcrumbList\",\"@id\":\"https:\/\/www.navarroaubanell.com\/ca\/producte\/taula-operativa-v-30-forma5-navarroaubanell\/#breadcrumb\",\"itemListElement\":[{\"@type\":\"ListItem\",\"position\":1,\"name\":\"Portada\",\"item\":\"https:\/\/www.navarroaubanell.com\/ca\/\"},{\"@type\":\"ListItem\",\"position\":2,\"name\":\"Productes\",\"item\":\"https:\/\/www.navarroaubanell.com\/productos\/\"},{\"@type\":\"ListItem\",\"position\":3,\"name\":\"Taula operativa V30\"}]},{\"@type\":\"WebSite\",\"@id\":\"https:\/\/www.navarroaubanell.com\/ca\/#website\",\"url\":\"https:\/\/www.navarroaubanell.com\/ca\/\",\"name\":\"Navarro Aubanell\",\"description\":\"Mobiliario para hoteler\u00eda, colectividades y oficinas\",\"publisher\":{\"@id\":\"https:\/\/www.navarroaubanell.com\/ca\/#organization\"},\"potentialAction\":[{\"@type\":\"SearchAction\",\"target\":{\"@type\":\"EntryPoint\",\"urlTemplate\":\"https:\/\/www.navarroaubanell.com\/ca\/?s={search_term_string}\"},\"query-input\":{\"@type\":\"PropertyValueSpecification\",\"valueRequired\":true,\"valueName\":\"search_term_string\"}}],\"inLanguage\":\"ca\"},{\"@type\":\"Organization\",\"@id\":\"https:\/\/www.navarroaubanell.com\/ca\/#organization\",\"name\":\"COMERCIAL NAVARRO AUBANELL, S.A\",\"url\":\"https:\/\/www.navarroaubanell.com\/ca\/\",\"logo\":{\"@type\":\"ImageObject\",\"inLanguage\":\"ca\",\"@id\":\"https:\/\/www.navarroaubanell.com\/ca\/#\/schema\/logo\/image\/\",\"url\":\"https:\/\/www.navarroaubanell.com\/wp-content\/uploads\/2017\/07\/logo-navarro-aubuanell.png\",\"contentUrl\":\"https:\/\/www.navarroaubanell.com\/wp-content\/uploads\/2017\/07\/logo-navarro-aubuanell.png\",\"width\":6304,\"height\":1154,\"caption\":\"COMERCIAL NAVARRO AUBANELL, S.A\"},\"image\":{\"@id\":\"https:\/\/www.navarroaubanell.com\/ca\/#\/schema\/logo\/image\/\"}}]}<\/script>\n<!-- \/ Yoast SEO plugin. -->","yoast_head_json":{"title":"Taula Operativa V-30, Forma 5 - Navarro Aubanell","description":"Taula operativa V-30 con estructura de acero, tablero melam\u00ednico y accesorios funcionales, ideal para oficinas modernas y modulares.4o mini","robots":{"index":"index","follow":"follow","max-snippet":"max-snippet:-1","max-image-preview":"max-image-preview:large","max-video-preview":"max-video-preview:-1"},"canonical":"https:\/\/www.navarroaubanell.com\/ca\/producte\/taula-operativa-v-30-forma5-navarroaubanell\/","og_locale":"ca_ES","og_type":"article","og_title":"Taula Operativa V-30, Forma 5 - Navarro Aubanell","og_description":"Taula operativa V-30 con estructura de acero, tablero melam\u00ednico y accesorios funcionales, ideal para oficinas modernas y modulares.4o mini","og_url":"https:\/\/www.navarroaubanell.com\/ca\/producte\/taula-operativa-v-30-forma5-navarroaubanell\/","og_site_name":"Navarro Aubanell","article_modified_time":"2025-04-14T14:22:58+00:00","og_image":[{"width":1280,"height":1040,"url":"https:\/\/www.navarroaubanell.com\/wp-content\/uploads\/2017\/10\/Mesa-operativa-V-30-Photoroom-1-1.png","type":"image\/png"}],"twitter_misc":{"Est. reading time":"2 minutes"},"schema":{"@context":"https:\/\/schema.org","@graph":[{"@type":"WebPage","@id":"https:\/\/www.navarroaubanell.com\/ca\/producte\/taula-operativa-v-30-forma5-navarroaubanell\/","url":"https:\/\/www.navarroaubanell.com\/ca\/producte\/taula-operativa-v-30-forma5-navarroaubanell\/","name":"Taula Operativa V-30, Forma 5 - Navarro Aubanell","isPartOf":{"@id":"https:\/\/www.navarroaubanell.com\/ca\/#website"},"primaryImageOfPage":{"@id":"https:\/\/www.navarroaubanell.com\/ca\/producte\/taula-operativa-v-30-forma5-navarroaubanell\/#primaryimage"},"image":{"@id":"https:\/\/www.navarroaubanell.com\/ca\/producte\/taula-operativa-v-30-forma5-navarroaubanell\/#primaryimage"},"thumbnailUrl":"https:\/\/www.navarroaubanell.com\/wp-content\/uploads\/2017\/10\/Mesa-operativa-V-30-Photoroom-1-1.png","datePublished":"2017-10-25T08:43:12+00:00","dateModified":"2025-04-14T14:22:58+00:00","description":"Taula operativa V-30 con estructura de acero, tablero melam\u00ednico y accesorios funcionales, ideal para oficinas modernas y modulares.4o mini","breadcrumb":{"@id":"https:\/\/www.navarroaubanell.com\/ca\/producte\/taula-operativa-v-30-forma5-navarroaubanell\/#breadcrumb"},"inLanguage":"ca","potentialAction":[{"@type":"ReadAction","target":["https:\/\/www.navarroaubanell.com\/ca\/producte\/taula-operativa-v-30-forma5-navarroaubanell\/"]}]},{"@type":"ImageObject","inLanguage":"ca","@id":"https:\/\/www.navarroaubanell.com\/ca\/producte\/taula-operativa-v-30-forma5-navarroaubanell\/#primaryimage","url":"https:\/\/www.navarroaubanell.com\/wp-content\/uploads\/2017\/10\/Mesa-operativa-V-30-Photoroom-1-1.png","contentUrl":"https:\/\/www.navarroaubanell.com\/wp-content\/uploads\/2017\/10\/Mesa-operativa-V-30-Photoroom-1-1.png","width":1280,"height":1040,"caption":"Mesa operativa V-30"},{"@type":"BreadcrumbList","@id":"https:\/\/www.navarroaubanell.com\/ca\/producte\/taula-operativa-v-30-forma5-navarroaubanell\/#breadcrumb","itemListElement":[{"@type":"ListItem","position":1,"name":"Portada","item":"https:\/\/www.navarroaubanell.com\/ca\/"},{"@type":"ListItem","position":2,"name":"Productes","item":"https:\/\/www.navarroaubanell.com\/productos\/"},{"@type":"ListItem","position":3,"name":"Taula operativa V30"}]},{"@type":"WebSite","@id":"https:\/\/www.navarroaubanell.com\/ca\/#website","url":"https:\/\/www.navarroaubanell.com\/ca\/","name":"Navarro Aubanell","description":"Mobiliario para hoteler\u00eda, colectividades y oficinas","publisher":{"@id":"https:\/\/www.navarroaubanell.com\/ca\/#organization"},"potentialAction":[{"@type":"SearchAction","target":{"@type":"EntryPoint","urlTemplate":"https:\/\/www.navarroaubanell.com\/ca\/?s={search_term_string}"},"query-input":{"@type":"PropertyValueSpecification","valueRequired":true,"valueName":"search_term_string"}}],"inLanguage":"ca"},{"@type":"Organization","@id":"https:\/\/www.navarroaubanell.com\/ca\/#organization","name":"COMERCIAL NAVARRO AUBANELL, S.A","url":"https:\/\/www.navarroaubanell.com\/ca\/","logo":{"@type":"ImageObject","inLanguage":"ca","@id":"https:\/\/www.navarroaubanell.com\/ca\/#\/schema\/logo\/image\/","url":"https:\/\/www.navarroaubanell.com\/wp-content\/uploads\/2017\/07\/logo-navarro-aubuanell.png","contentUrl":"https:\/\/www.navarroaubanell.com\/wp-content\/uploads\/2017\/07\/logo-navarro-aubuanell.png","width":6304,"height":1154,"caption":"COMERCIAL NAVARRO AUBANELL, S.A"},"image":{"@id":"https:\/\/www.navarroaubanell.com\/ca\/#\/schema\/logo\/image\/"}}]}},"_links":{"self":[{"href":"https:\/\/www.navarroaubanell.com\/ca\/wp-json\/wp\/v2\/product\/20107","targetHints":{"allow":["GET"]}}],"collection":[{"href":"https:\/\/www.navarroaubanell.com\/ca\/wp-json\/wp\/v2\/product"}],"about":[{"href":"https:\/\/www.navarroaubanell.com\/ca\/wp-json\/wp\/v2\/types\/product"}],"wp:featuredmedia":[{"embeddable":true,"href":"https:\/\/www.navarroaubanell.com\/ca\/wp-json\/wp\/v2\/media\/45889"}],"wp:attachment":[{"href":"https:\/\/www.navarroaubanell.com\/ca\/wp-json\/wp\/v2\/media?parent=20107"}],"wp:term":[{"taxonomy":"product_brand","embeddable":true,"href":"https:\/\/www.navarroaubanell.com\/ca\/wp-json\/wp\/v2\/product_brand?post=20107"},{"taxonomy":"product_cat","embeddable":true,"href":"https:\/\/www.navarroaubanell.com\/ca\/wp-json\/wp\/v2\/product_cat?post=20107"},{"taxonomy":"product_tag","embeddable":true,"href":"https:\/\/www.navarroaubanell.com\/ca\/wp-json\/wp\/v2\/product_tag?post=20107"}],"curies":[{"name":"wp","href":"https:\/\/api.w.org\/{rel}","templated":true}]}}