{"id":20098,"date":"2017-10-26T09:22:47","date_gmt":"2017-10-26T07:22:47","guid":{"rendered":"https:\/\/www.navarroaubanell.com\/producto\/garbo\/"},"modified":"2025-03-26T15:25:37","modified_gmt":"2025-03-26T14:25:37","slug":"cadira-directiva-garbo-forma5-navarroaubanell","status":"publish","type":"product","link":"https:\/\/www.navarroaubanell.com\/ca\/producte\/cadira-directiva-garbo-forma5-navarroaubanell\/","title":{"rendered":"Cadira directiva Garbo"},"content":{"rendered":"<h5 data-start=\"0\" data-end=\"62\">Cadira Directiva Garbo: Eleg\u00e0ncia i Ergonomia a la teva Oficina<\/h5>\n<p class=\"\" data-start=\"107\" data-end=\"321\">\u00a0La cadira directiva Garbo combina la calidesa de la llar amb la sofisticaci\u00f3 de l&#8217;oficina. Inspirada en un estil vintage amb tocs de modernitat, ofereix ergonomia i benestar per a llargues jornades de treball.<\/p>\n<h6 data-start=\"323\" data-end=\"363\">Respatller anat\u00f2mic: Suport Adequat<\/h6>\n<p class=\"\" data-start=\"365\" data-end=\"757\">El respatller, alt o baix, est\u00e0 dissenyat ergon\u00f2micament per a adaptar-se a la forma del cos. La seva estructura interior de polilaminat de faig premsada serveix de suport per a l&#8217;escuma de poliuret\u00e0, garantint comoditat. A m\u00e9s, est\u00e0 refor\u00e7ada amb escuma de major densitat pels per\u00edmetres, el que real\u00e7a l&#8217;entapissat i la comoditat.<\/p>\n<h6 data-start=\"759\" data-end=\"797\">Seient Ergon\u00f2mic: M\u00e0xim Confort<\/h6>\n<p class=\"\" data-start=\"799\" data-end=\"1011\">El seient, amb un alleugera forma de &#8220;U&#8221; que maximitza la comoditat, tamb\u00e9 est\u00e0 fabricat amb estructura de faig premsada i coberta amb escuma injectada de poliuret\u00e0 entapissada.<\/p>\n<h6 data-start=\"1013\" data-end=\"1059\">Base i Bra\u00e7os: Estabilitat i Funcionalitat<\/h6>\n<p data-start=\"1061\" data-end=\"1325\">La base de la cadira directiva Garbo compta amb 5 bra\u00e7os trapezoidals en poliamida negra o alumini polit i amb rodes de doble rodada. Els bra\u00e7os, fabricats en polipropil\u00e8 injectat es poden entapissar o cobrir amb polilaminat de faig.<\/p>\n<h6 data-start=\"1327\" data-end=\"1380\">Opcions de Mecanisme, ambd\u00f2s amb regulaci\u00f3 d&#8217;al\u00e7ada<\/h6>\n<ul data-start=\"1382\" data-end=\"1666\">\n<li class=\"\" data-start=\"1382\" data-end=\"1505\">\n<p class=\"\" data-start=\"1384\" data-end=\"1505\"><strong>Mecanisme basculant:<\/strong> Permet ajustar la inclinaci\u00f3 del respatller i el seient, aix\u00ed com la duresa del moviment.<\/p>\n<\/li>\n<li class=\"\" data-start=\"1506\" data-end=\"1666\">\n<p class=\"\" data-start=\"1508\" data-end=\"1666\"><strong>Mecanisme basculant oscilo: <\/strong>Permet ajusta la inclinaci\u00f3 del respatller i la duresa del moviment.<\/p>\n<\/li>\n<\/ul>\n","protected":false},"excerpt":{"rendered":"<p>&nbsp;<\/p>\n<p>&nbsp;<\/p>\n","protected":false},"featured_media":45494,"template":"","meta":{"_acf_changed":false},"product_brand":[886],"product_cat":[561,555],"product_tag":[863,864,1678,646,651,1679,701,1238,860],"class_list":{"0":"post-20098","1":"product","2":"type-product","3":"status-publish","4":"has-post-thumbnail","6":"product_brand-forma-5-ca","7":"product_cat-cadires-direccio","8":"product_cat-oficina","9":"product_tag-cadira","10":"product_tag-cadira-direccio","11":"product_tag-ergonomica-ca","12":"product_tag-forma-5-ca","13":"product_tag-garbo-ca","14":"product_tag-giratoria-ca","15":"product_tag-mobiliari-oficina","16":"product_tag-oficina-ca","17":"product_tag-regulable-ca","18":"description-off","20":"first","21":"instock","22":"shipping-taxable","23":"product-type-simple"},"acf":[],"yoast_head":"<!-- This site is optimized with the Yoast SEO plugin v27.0 - https:\/\/yoast.com\/product\/yoast-seo-wordpress\/ -->\n<title>Cadira directiva Garbo, Forma 5- Navarro Aubanell<\/title>\n<meta name=\"description\" content=\"Cadira directiva Garbo: disseny ergon\u00f2mic, respatller anat\u00f2mic, base estable i opcions de mecanisme ajustables per a un m\u00e0xim confort i estil.\" \/>\n<meta name=\"robots\" content=\"index, follow, max-snippet:-1, max-image-preview:large, max-video-preview:-1\" \/>\n<link rel=\"canonical\" href=\"https:\/\/www.navarroaubanell.com\/ca\/producte\/cadira-directiva-garbo-forma5-navarroaubanell\/\" \/>\n<meta property=\"og:locale\" content=\"ca_ES\" \/>\n<meta property=\"og:type\" content=\"article\" \/>\n<meta property=\"og:title\" content=\"Cadira directiva Garbo, Forma 5- Navarro Aubanell\" \/>\n<meta property=\"og:description\" content=\"Cadira directiva Garbo: disseny ergon\u00f2mic, respatller anat\u00f2mic, base estable i opcions de mecanisme ajustables per a un m\u00e0xim confort i estil.\" \/>\n<meta property=\"og:url\" content=\"https:\/\/www.navarroaubanell.com\/ca\/producte\/cadira-directiva-garbo-forma5-navarroaubanell\/\" \/>\n<meta property=\"og:site_name\" content=\"Navarro Aubanell\" \/>\n<meta property=\"article:modified_time\" content=\"2025-03-26T14:25:37+00:00\" \/>\n<meta property=\"og:image\" content=\"https:\/\/www.navarroaubanell.com\/wp-content\/uploads\/2017\/10\/silla-directiva-garbo-Photoroom.png\" \/>\n\t<meta property=\"og:image:width\" content=\"800\" \/>\n\t<meta property=\"og:image:height\" content=\"650\" \/>\n\t<meta property=\"og:image:type\" content=\"image\/png\" \/>\n<meta name=\"twitter:label1\" content=\"Est. reading time\" \/>\n\t<meta name=\"twitter:data1\" content=\"2 minutes\" \/>\n<script type=\"application\/ld+json\" class=\"yoast-schema-graph\">{\"@context\":\"https:\/\/schema.org\",\"@graph\":[{\"@type\":\"WebPage\",\"@id\":\"https:\/\/www.navarroaubanell.com\/ca\/producte\/cadira-directiva-garbo-forma5-navarroaubanell\/\",\"url\":\"https:\/\/www.navarroaubanell.com\/ca\/producte\/cadira-directiva-garbo-forma5-navarroaubanell\/\",\"name\":\"Cadira directiva Garbo, Forma 5- Navarro Aubanell\",\"isPartOf\":{\"@id\":\"https:\/\/www.navarroaubanell.com\/ca\/#website\"},\"primaryImageOfPage\":{\"@id\":\"https:\/\/www.navarroaubanell.com\/ca\/producte\/cadira-directiva-garbo-forma5-navarroaubanell\/#primaryimage\"},\"image\":{\"@id\":\"https:\/\/www.navarroaubanell.com\/ca\/producte\/cadira-directiva-garbo-forma5-navarroaubanell\/#primaryimage\"},\"thumbnailUrl\":\"https:\/\/www.navarroaubanell.com\/wp-content\/uploads\/2017\/10\/silla-directiva-garbo-Photoroom.png\",\"datePublished\":\"2017-10-26T07:22:47+00:00\",\"dateModified\":\"2025-03-26T14:25:37+00:00\",\"description\":\"Cadira directiva Garbo: disseny ergon\u00f2mic, respatller anat\u00f2mic, base estable i opcions de mecanisme ajustables per a un m\u00e0xim confort i estil.\",\"breadcrumb\":{\"@id\":\"https:\/\/www.navarroaubanell.com\/ca\/producte\/cadira-directiva-garbo-forma5-navarroaubanell\/#breadcrumb\"},\"inLanguage\":\"ca\",\"potentialAction\":[{\"@type\":\"ReadAction\",\"target\":[\"https:\/\/www.navarroaubanell.com\/ca\/producte\/cadira-directiva-garbo-forma5-navarroaubanell\/\"]}]},{\"@type\":\"ImageObject\",\"inLanguage\":\"ca\",\"@id\":\"https:\/\/www.navarroaubanell.com\/ca\/producte\/cadira-directiva-garbo-forma5-navarroaubanell\/#primaryimage\",\"url\":\"https:\/\/www.navarroaubanell.com\/wp-content\/uploads\/2017\/10\/silla-directiva-garbo-Photoroom.png\",\"contentUrl\":\"https:\/\/www.navarroaubanell.com\/wp-content\/uploads\/2017\/10\/silla-directiva-garbo-Photoroom.png\",\"width\":800,\"height\":650,\"caption\":\"Silla directiva Garbo\"},{\"@type\":\"BreadcrumbList\",\"@id\":\"https:\/\/www.navarroaubanell.com\/ca\/producte\/cadira-directiva-garbo-forma5-navarroaubanell\/#breadcrumb\",\"itemListElement\":[{\"@type\":\"ListItem\",\"position\":1,\"name\":\"Portada\",\"item\":\"https:\/\/www.navarroaubanell.com\/ca\/\"},{\"@type\":\"ListItem\",\"position\":2,\"name\":\"Productes\",\"item\":\"https:\/\/www.navarroaubanell.com\/productos\/\"},{\"@type\":\"ListItem\",\"position\":3,\"name\":\"Cadira directiva Garbo\"}]},{\"@type\":\"WebSite\",\"@id\":\"https:\/\/www.navarroaubanell.com\/ca\/#website\",\"url\":\"https:\/\/www.navarroaubanell.com\/ca\/\",\"name\":\"Navarro Aubanell\",\"description\":\"Mobiliario para hoteler\u00eda, colectividades y oficinas\",\"publisher\":{\"@id\":\"https:\/\/www.navarroaubanell.com\/ca\/#organization\"},\"potentialAction\":[{\"@type\":\"SearchAction\",\"target\":{\"@type\":\"EntryPoint\",\"urlTemplate\":\"https:\/\/www.navarroaubanell.com\/ca\/?s={search_term_string}\"},\"query-input\":{\"@type\":\"PropertyValueSpecification\",\"valueRequired\":true,\"valueName\":\"search_term_string\"}}],\"inLanguage\":\"ca\"},{\"@type\":\"Organization\",\"@id\":\"https:\/\/www.navarroaubanell.com\/ca\/#organization\",\"name\":\"COMERCIAL NAVARRO AUBANELL, S.A\",\"url\":\"https:\/\/www.navarroaubanell.com\/ca\/\",\"logo\":{\"@type\":\"ImageObject\",\"inLanguage\":\"ca\",\"@id\":\"https:\/\/www.navarroaubanell.com\/ca\/#\/schema\/logo\/image\/\",\"url\":\"https:\/\/www.navarroaubanell.com\/wp-content\/uploads\/2017\/07\/logo-navarro-aubuanell.png\",\"contentUrl\":\"https:\/\/www.navarroaubanell.com\/wp-content\/uploads\/2017\/07\/logo-navarro-aubuanell.png\",\"width\":6304,\"height\":1154,\"caption\":\"COMERCIAL NAVARRO AUBANELL, S.A\"},\"image\":{\"@id\":\"https:\/\/www.navarroaubanell.com\/ca\/#\/schema\/logo\/image\/\"}}]}<\/script>\n<!-- \/ Yoast SEO plugin. -->","yoast_head_json":{"title":"Cadira directiva Garbo, Forma 5- Navarro Aubanell","description":"Cadira directiva Garbo: disseny ergon\u00f2mic, respatller anat\u00f2mic, base estable i opcions de mecanisme ajustables per a un m\u00e0xim confort i estil.","robots":{"index":"index","follow":"follow","max-snippet":"max-snippet:-1","max-image-preview":"max-image-preview:large","max-video-preview":"max-video-preview:-1"},"canonical":"https:\/\/www.navarroaubanell.com\/ca\/producte\/cadira-directiva-garbo-forma5-navarroaubanell\/","og_locale":"ca_ES","og_type":"article","og_title":"Cadira directiva Garbo, Forma 5- Navarro Aubanell","og_description":"Cadira directiva Garbo: disseny ergon\u00f2mic, respatller anat\u00f2mic, base estable i opcions de mecanisme ajustables per a un m\u00e0xim confort i estil.","og_url":"https:\/\/www.navarroaubanell.com\/ca\/producte\/cadira-directiva-garbo-forma5-navarroaubanell\/","og_site_name":"Navarro Aubanell","article_modified_time":"2025-03-26T14:25:37+00:00","og_image":[{"width":800,"height":650,"url":"https:\/\/www.navarroaubanell.com\/wp-content\/uploads\/2017\/10\/silla-directiva-garbo-Photoroom.png","type":"image\/png"}],"twitter_misc":{"Est. reading time":"2 minutes"},"schema":{"@context":"https:\/\/schema.org","@graph":[{"@type":"WebPage","@id":"https:\/\/www.navarroaubanell.com\/ca\/producte\/cadira-directiva-garbo-forma5-navarroaubanell\/","url":"https:\/\/www.navarroaubanell.com\/ca\/producte\/cadira-directiva-garbo-forma5-navarroaubanell\/","name":"Cadira directiva Garbo, Forma 5- Navarro Aubanell","isPartOf":{"@id":"https:\/\/www.navarroaubanell.com\/ca\/#website"},"primaryImageOfPage":{"@id":"https:\/\/www.navarroaubanell.com\/ca\/producte\/cadira-directiva-garbo-forma5-navarroaubanell\/#primaryimage"},"image":{"@id":"https:\/\/www.navarroaubanell.com\/ca\/producte\/cadira-directiva-garbo-forma5-navarroaubanell\/#primaryimage"},"thumbnailUrl":"https:\/\/www.navarroaubanell.com\/wp-content\/uploads\/2017\/10\/silla-directiva-garbo-Photoroom.png","datePublished":"2017-10-26T07:22:47+00:00","dateModified":"2025-03-26T14:25:37+00:00","description":"Cadira directiva Garbo: disseny ergon\u00f2mic, respatller anat\u00f2mic, base estable i opcions de mecanisme ajustables per a un m\u00e0xim confort i estil.","breadcrumb":{"@id":"https:\/\/www.navarroaubanell.com\/ca\/producte\/cadira-directiva-garbo-forma5-navarroaubanell\/#breadcrumb"},"inLanguage":"ca","potentialAction":[{"@type":"ReadAction","target":["https:\/\/www.navarroaubanell.com\/ca\/producte\/cadira-directiva-garbo-forma5-navarroaubanell\/"]}]},{"@type":"ImageObject","inLanguage":"ca","@id":"https:\/\/www.navarroaubanell.com\/ca\/producte\/cadira-directiva-garbo-forma5-navarroaubanell\/#primaryimage","url":"https:\/\/www.navarroaubanell.com\/wp-content\/uploads\/2017\/10\/silla-directiva-garbo-Photoroom.png","contentUrl":"https:\/\/www.navarroaubanell.com\/wp-content\/uploads\/2017\/10\/silla-directiva-garbo-Photoroom.png","width":800,"height":650,"caption":"Silla directiva Garbo"},{"@type":"BreadcrumbList","@id":"https:\/\/www.navarroaubanell.com\/ca\/producte\/cadira-directiva-garbo-forma5-navarroaubanell\/#breadcrumb","itemListElement":[{"@type":"ListItem","position":1,"name":"Portada","item":"https:\/\/www.navarroaubanell.com\/ca\/"},{"@type":"ListItem","position":2,"name":"Productes","item":"https:\/\/www.navarroaubanell.com\/productos\/"},{"@type":"ListItem","position":3,"name":"Cadira directiva Garbo"}]},{"@type":"WebSite","@id":"https:\/\/www.navarroaubanell.com\/ca\/#website","url":"https:\/\/www.navarroaubanell.com\/ca\/","name":"Navarro Aubanell","description":"Mobiliario para hoteler\u00eda, colectividades y oficinas","publisher":{"@id":"https:\/\/www.navarroaubanell.com\/ca\/#organization"},"potentialAction":[{"@type":"SearchAction","target":{"@type":"EntryPoint","urlTemplate":"https:\/\/www.navarroaubanell.com\/ca\/?s={search_term_string}"},"query-input":{"@type":"PropertyValueSpecification","valueRequired":true,"valueName":"search_term_string"}}],"inLanguage":"ca"},{"@type":"Organization","@id":"https:\/\/www.navarroaubanell.com\/ca\/#organization","name":"COMERCIAL NAVARRO AUBANELL, S.A","url":"https:\/\/www.navarroaubanell.com\/ca\/","logo":{"@type":"ImageObject","inLanguage":"ca","@id":"https:\/\/www.navarroaubanell.com\/ca\/#\/schema\/logo\/image\/","url":"https:\/\/www.navarroaubanell.com\/wp-content\/uploads\/2017\/07\/logo-navarro-aubuanell.png","contentUrl":"https:\/\/www.navarroaubanell.com\/wp-content\/uploads\/2017\/07\/logo-navarro-aubuanell.png","width":6304,"height":1154,"caption":"COMERCIAL NAVARRO AUBANELL, S.A"},"image":{"@id":"https:\/\/www.navarroaubanell.com\/ca\/#\/schema\/logo\/image\/"}}]}},"_links":{"self":[{"href":"https:\/\/www.navarroaubanell.com\/ca\/wp-json\/wp\/v2\/product\/20098","targetHints":{"allow":["GET"]}}],"collection":[{"href":"https:\/\/www.navarroaubanell.com\/ca\/wp-json\/wp\/v2\/product"}],"about":[{"href":"https:\/\/www.navarroaubanell.com\/ca\/wp-json\/wp\/v2\/types\/product"}],"wp:featuredmedia":[{"embeddable":true,"href":"https:\/\/www.navarroaubanell.com\/ca\/wp-json\/wp\/v2\/media\/45494"}],"wp:attachment":[{"href":"https:\/\/www.navarroaubanell.com\/ca\/wp-json\/wp\/v2\/media?parent=20098"}],"wp:term":[{"taxonomy":"product_brand","embeddable":true,"href":"https:\/\/www.navarroaubanell.com\/ca\/wp-json\/wp\/v2\/product_brand?post=20098"},{"taxonomy":"product_cat","embeddable":true,"href":"https:\/\/www.navarroaubanell.com\/ca\/wp-json\/wp\/v2\/product_cat?post=20098"},{"taxonomy":"product_tag","embeddable":true,"href":"https:\/\/www.navarroaubanell.com\/ca\/wp-json\/wp\/v2\/product_tag?post=20098"}],"curies":[{"name":"wp","href":"https:\/\/api.w.org\/{rel}","templated":true}]}}