{"id":20003,"date":"2014-03-18T09:49:29","date_gmt":"2014-03-18T09:49:29","guid":{"rendered":"https:\/\/www.navarroaubanell.com\/home\/"},"modified":"2024-07-16T12:42:56","modified_gmt":"2024-07-16T10:42:56","slug":"inici","status":"publish","type":"page","link":"https:\/\/www.navarroaubanell.com\/ca\/","title":{"rendered":"Inici"},"content":{"rendered":"<div class=\"wpb-content-wrapper\"><p>[vc_row type=&#8221;vc_default&#8221; full_width=&#8221;stretch_row&#8221; margin_top=&#8221;35&#8243; margin_bottom=&#8221;30&#8243; css=&#8221;.vc_custom_1505484312942{margin-bottom: 30px !important;padding-top: 20px !important;padding-bottom: 30px !important;background-color: #fffbf4 !important;}&#8221; kswr_row_top_decor_enabled=&#8221;false&#8221; kswr_row_bottom_decor_enabled=&#8221;false&#8221;][vc_column css=&#8221;.vc_custom_1505484209364{border-top-width: 2px !important;padding-top: 20px !important;border-top-color: #eeeeee !important;}&#8221;][vc_column_text]<\/p>\n<h3><span style=\"color: #f9a82f;\"><strong>Navarro Aubanell<\/strong>\u00a0ofereix m\u00e9s que productes,<\/span><\/h3>\n<h2>T&#8217;OFERIM ASSESSORAMENT, PROFESSIONALITAT, COL\u00b7LABORACI\u00d3, SERVEI I DISSENY<\/h2>\n<h5>Creiem en la capacitat del mobiliari per crear ambients harm\u00f2nics que estiguin al servei de la inspiraci\u00f3 de qualsevol empresa.<\/h5>\n<p>[\/vc_column_text][\/vc_column][\/vc_row][vc_row type=&#8221;vc_default&#8221; margin_top=&#8221;55&#8243; margin_bottom=&#8221;25&#8243; css=&#8221;.vc_custom_1721126571465{padding-top: 30px !important;padding-bottom: 40px !important;}&#8221; kswr_row_top_decor_enabled=&#8221;false&#8221; kswr_row_bottom_decor_enabled=&#8221;false&#8221;][vc_column offset=&#8221;vc_col-lg-3 vc_col-md-3 vc_col-xs-12&#8243; css=&#8221;.vc_custom_1506679288258{padding-top: 35px !important;padding-bottom: 15px !important;}&#8221;]<div id=\"ultimate-heading-119869f507e38908e\" class=\"uvc-heading ult-adjust-bottom-margin ultimate-heading-119869f507e38908e uvc-9106 \" data-hspacer=\"no_spacer\"  data-halign=\"left\" style=\"text-align:left\"><div class=\"uvc-heading-spacer no_spacer\" style=\"top\"><\/div><div class=\"uvc-main-heading ult-responsive\"  data-ultimate-target='.uvc-heading.ultimate-heading-119869f507e38908e h2'  data-responsive-json-new='{\"font-size\":\"desktop:25px;\",\"line-height\":\"desktop:30px;\"}' ><h2 style=\"font-weight:bold;margin-top:0px;margin-bottom:20px;\">Productes Destacats<\/h2><\/div><\/div>[vc_column_text css=&#8221;.vc_custom_1510328918223{padding-bottom: 20px !important;}&#8221;]<\/p>\n<h4>Novetats<\/h4>\n<p><span style=\"font-weight: 400;\">Fes una ullada a les nostres novetats i productes m\u00e9s destacats, amb segell de qualitat Navarro Aubanell que concilien els espais de la teva empresa.<\/span>[\/vc_column_text]<div class=\" vc_custom_1511170421732 ubtn-ctn-left color-title\"><a class=\"ubtn-link ult-adjust-bottom-margin ubtn-left ubtn-small color-title\" href=\"https:\/\/www.navarroaubanell.com\/ca\/categoria-producte\/productes-destacats\/\" ><button type=\"button\" id=\"ubtn-7629\"  class=\"ubtn ult-adjust-bottom-margin ult-responsive ubtn-small ubtn-no-hover-bg  none  ubtn-left   tooltip-69f507e389182\"  data-hover=\"#f9a82f\" data-border-color=\"#f9a82f\" data-bg=\"\" data-hover-bg=\"\" data-border-hover=\"\" data-shadow-hover=\"\" data-shadow-click=\"none\" data-shadow=\"\" data-shd-shadow=\"\"  data-ultimate-target='#ubtn-7629'  data-responsive-json-new='{\"font-size\":\"desktop:14px;\",\"line-height\":\"desktop:24px;\"}'  style=\"font-family:&#039;Raleway&#039;;font-weight:700;border-radius:0px;border-width:1px;border-color:#f9a82f;border-style:solid;color: #000000;\"><span class=\"ubtn-data ubtn-icon\"><i class=\"none\" style=\"font-size:28px;color:;\"><\/i><\/span><span class=\"ubtn-hover\" style=\"background-color:\"><\/span><span class=\"ubtn-data ubtn-text \" >Ver m\u00e1s<\/span><\/button><\/a><\/div>[\/vc_column][vc_column offset=&#8221;vc_col-lg-9 vc_col-md-9 vc_col-xs-12&#8243; css=&#8221;.vc_custom_1495813122457{padding-top: 30px !important;padding-bottom: 15px !important;}&#8221;]<div class=\"woocommerce columns-4 \"><div class=\"wf-container dt-products  woo-hover products loading-effect-fade-in description-on-hover cart-btn-on-img hide-description wc-grid\" data-padding=\"0px\" data-cur-page=\"1\" data-desktop-columns-num=\"5\" data-v-tablet-columns-num=\"2\" data-h-tablet-columns-num=\"3\" data-phone-columns-num=\"2\">\n\n<article class=\"post visible description-off product type-product post-33434 status-publish first instock product_cat-novetats product_cat-reciclat product_cat-tumbones-exterior product_tag-apilable-ca product_tag-balliu-ca product_tag-exterior-ca product_tag-tumbona-ca product_tag-noa product_tag-outdoor-ca product_tag-regulable-ca product_tag-sostenible has-post-thumbnail featured shipping-taxable product-type-simple\">\n\n\t<figure class=\"woocom-project\">\n\t<div class=\"woo-buttons-on-img\">\n\n\t\t<a href=\"https:\/\/www.navarroaubanell.com\/ca\/producte\/gandula-noa-navarro-aubanell\/\" class=\"alignnone\"><img loading=\"lazy\" decoding=\"async\" width=\"300\" height=\"300\" src=\"https:\/\/www.navarroaubanell.com\/wp-content\/uploads\/2024\/06\/tumbonas-noa-con-mesita-1-300x300.jpeg\" class=\"attachment-woocommerce_thumbnail size-woocommerce_thumbnail preload-me\" alt=\"tumbonas noa con mesita\" srcset=\"https:\/\/www.navarroaubanell.com\/wp-content\/uploads\/2024\/06\/tumbonas-noa-con-mesita-1-300x300.jpeg 300w, https:\/\/www.navarroaubanell.com\/wp-content\/uploads\/2024\/06\/tumbonas-noa-con-mesita-1-150x150.jpeg 150w, https:\/\/www.navarroaubanell.com\/wp-content\/uploads\/2024\/06\/tumbonas-noa-con-mesita-1-200x200.jpeg 200w\" sizes=\"auto, (max-width: 300px) 100vw, 300px\" \/><\/a>\n\t<\/div>\n\t<figcaption class=\"woocom-list-content\">\n\n\t\t<div class=\"woocommerce-product-details__short-description\">\n    <div class=\"flex max-w-full flex-col flex-grow\">\n<div class=\"min-h-8 text-message flex w-full flex-col items-end gap-2 whitespace-normal break-words [.text-message+&amp;]:mt-5\" dir=\"auto\" data-message-author-role=\"assistant\" data-message-id=\"7aadd419-4837-49a8-aceb-a1e05b0ab5c5\" data-message-model-slug=\"gpt-4o\">\n<div class=\"flex w-full flex-col gap-1 empty:hidden first:pt-[3px]\">\n<div class=\"markdown prose w-full break-words dark:prose-invert light\">\n<div class=\"traductor-textarea form-group\">\n<div class=\"textarea-desti col-xs-12 col-sm-6\">\n<div class=\"form-control second-textarea\">Presentem la gandula Noa, una innovadora pe\u00e7a que redefineix els conceptes de durabilitat i confort. Dissenyada per a convertir-se en un referent, combina comoditat i eleg\u00e0ncia amb materials d&#8217;alta qualitat.<\/div>\n<\/div>\n<\/div>\n<h6>Materials Resistents i Refor\u00e7 Met\u00e0l\u00b7lic<\/h6>\n<div class=\"traductor-textarea form-group\">\n<div class=\"textarea-desti col-xs-12 col-sm-6\">\n<div class=\"form-control second-textarea\">Fabricada amb resina de polipropil\u00e8 i fibra de vidre, la gandula Noa \u00e9s la soluci\u00f3 ideal per als entorns m\u00e9s exigents. Est\u00e0 refor\u00e7ada amb un sistema anti-UV, la qual cosa garanteix resist\u00e8ncia davant la llum solar i els canvis bruscos de temperatura. A m\u00e9s, compta amb un refor\u00e7 met\u00e0l\u00b7lic en l&#8217;estructura lateral, afegint un extra de resist\u00e8ncia per a major durabilitat.<\/div>\n<\/div>\n<\/div>\n<h6>Funcionalitat i Practicitat<\/h6>\n<div class=\"traductor-textarea form-group\">\n<div class=\"textarea-desti col-xs-12 col-sm-6\">\n<div class=\"form-control second-textarea\">Noa \u00e9s apilable i lleugera, amb rodes integrades per a facilitar la seva mobilitat. El seu suport \u00e9s regulable en cinc posicions, permetent-te ajustar la gandula garantint un confort individualitzat. L&#8217;estructura incorpora un sistema anti-atrapa dits, la qual cosa fa el seu \u00fas segur i f\u00e0cil.<\/div>\n<\/div>\n<\/div>\n<h6>Varietat d&#8217;Acabats i Sostenibilitat<\/h6>\n<div class=\"traductor-textarea form-group\">\n<div class=\"textarea-desti col-xs-12 col-sm-6\">\n<div class=\"form-control second-textarea\">Disponible en una \u00e0mplia gamma de colors, incloent-hi els exclusius tons Prestige, que aporten un toc d&#8217;eleg\u00e0ncia especial. La gandula Noa \u00e9s una opci\u00f3 sostenible: la seva estructura \u00e9s completament reciclable i el teixit \u00e9s f\u00e0cilment substitu\u00efble, promovent el respecte pel medi ambient.<\/div>\n<\/div>\n<\/div>\n<\/div>\n<h6><span style=\"font-size: 14px; font-weight: normal;\">No dubtis a experimentar amb la seva gamma de colors entrant en aquest <\/span><a style=\"font-size: 14px; font-weight: normal;\" href=\"https:\/\/viewer.ienhance.co\/v\/app\/b80f6be5-739c-4525-872b-4d80bbddd6b4\">enlla\u00e7<\/a><span style=\"font-size: 14px; font-weight: normal;\">!<\/span><\/h6>\n<\/div>\n<\/div>\n<\/div>\n<div class=\"traductor-textarea form-group\">\n<div class=\"textarea-desti col-xs-12 col-sm-6\">\n<div class=\"form-control second-textarea\">Per a ampliar informaci\u00f3, et deixem el <a href=\"https:\/\/www.navarroaubanell.com\/wp-content\/uploads\/2024\/10\/Noa-nueva-tumbona.pdf\">cat\u00e0leg de la gandula Noa<\/a><\/div>\n<\/div>\n<\/div>\n<\/div>\n\n\t<\/figcaption>\n<\/figure>\n\n<\/article>\n\n\n\n<article class=\"post visible description-off product type-product post-39283 status-publish instock product_cat-interior product_cat-novetats product_cat-sofas-ca product_tag-anaric-ca product_tag-dubbo-ca product_tag-interior-ca product_tag-sofa-ca has-post-thumbnail featured shipping-taxable product-type-simple\">\n\n\t<figure class=\"woocom-project\">\n\t<div class=\"woo-buttons-on-img\">\n\n\t\t<a href=\"https:\/\/www.navarroaubanell.com\/ca\/producte\/sofa-dubbo-anaric-navarroaubanell\/\" class=\"alignnone\"><img loading=\"lazy\" decoding=\"async\" width=\"300\" height=\"300\" src=\"https:\/\/www.navarroaubanell.com\/wp-content\/uploads\/2024\/10\/Sofa-Dubbo-300x300.jpg\" class=\"attachment-woocommerce_thumbnail size-woocommerce_thumbnail preload-me\" alt=\"Sof\u00e0 Dubbo\" srcset=\"https:\/\/www.navarroaubanell.com\/wp-content\/uploads\/2024\/10\/Sofa-Dubbo-300x300.jpg 300w, https:\/\/www.navarroaubanell.com\/wp-content\/uploads\/2024\/10\/Sofa-Dubbo-150x150.jpg 150w, https:\/\/www.navarroaubanell.com\/wp-content\/uploads\/2024\/10\/Sofa-Dubbo-200x200.jpg 200w\" sizes=\"auto, (max-width: 300px) 100vw, 300px\" \/><\/a>\n\t<\/div>\n\t<figcaption class=\"woocom-list-content\">\n\n\t\t<div class=\"woocommerce-product-details__short-description\">\n    <div class=\"flex-shrink-0 flex flex-col relative items-end\">\n<div>\n<div class=\"pt-0\">\n<div class=\"gizmo-bot-avatar flex h-8 w-8 items-center justify-center overflow-hidden rounded-full\">\n<h5 class=\"relative p-1 rounded-sm flex items-center justify-center bg-token-main-surface-primary text-token-text-primary h-8 w-8\">Sof\u00e1 Dubbo: Versatilitat i Estil en un Disseny Modular<\/h5>\n<\/div>\n<\/div>\n<\/div>\n<\/div>\n<div class=\"group\/conversation-turn relative flex w-full min-w-0 flex-col agent-turn\">\n<div class=\"flex-col gap-1 md:gap-3\">\n<div class=\"flex max-w-full flex-col flex-grow\">\n<div class=\"min-h-8 text-message flex w-full flex-col items-end gap-2 whitespace-normal break-words [.text-message+&amp;]:mt-5\" dir=\"auto\" data-message-author-role=\"assistant\" data-message-id=\"a0fb8f3a-3e13-45d0-b9ce-abd38b6edb92\">\n<div class=\"flex w-full flex-col gap-1 empty:hidden first:pt-[3px]\">\n<div class=\"markdown prose w-full break-words dark:prose-invert light\">\n<div class=\"traductor-textarea form-group\">\n<div class=\"textarea-desti col-xs-12 col-sm-6\">\n<div class=\"form-control second-textarea\">El Sof\u00e0 Dubbo \u00e9s un sof\u00e0 que combina versatilitat, comoditat i un disseny modern. Amb la seva aparen\u00e7a minimalista i l\u00ednies arrodonides, aquest sof\u00e0 sembla estar inspirat en la forma d&#8217;un n\u00favol, convidant a relaxar-se i gaudir de moments de confort i tranquilitat.<\/div>\n<\/div>\n<\/div>\n<h6>Estructura<\/h6>\n<div class=\"traductor-textarea form-group\">\n<div class=\"textarea-desti col-xs-12 col-sm-6\">\n<div class=\"form-control second-textarea\">L&#8217;estructura del Sof\u00e0 Dubbo est\u00e0 fabricada en fusta de freixe, la qual cosa garanteix una llarga durabilitat. A m\u00e9s, l&#8217;estructura est\u00e0 disponible en diferents colors per a adaptar-se a l&#8217;est\u00e8tica de qualsevol espai. L&#8217;estructura tamb\u00e9 est\u00e0 disponible en potes d&#8217;alta brillantor, que intensifiquen la seva pres\u00e8ncia a la sala i aporten un acabat refinat.<\/div>\n<\/div>\n<\/div>\n<h6>Acabats<\/h6>\n<div class=\"traductor-textarea form-group\">\n<div class=\"textarea-desti col-xs-12 col-sm-6\">\n<div class=\"form-control second-textarea\">El sof\u00e0 Dubbo t\u00e9 diferents acabats de teixit: pots triar entre tela, pell sint\u00e8tica o pell natural, amb diferents acabats cadascuna. Totes les opcions que ofereix Dubbo,permeten personalitzar el sof\u00e0 perqu\u00e8 encaixi perfectament en l&#8217;entorn en el qual vagi a col\u00b7locar-se.<\/div>\n<\/div>\n<\/div>\n<h6>Combinacions Modulars Infinites<\/h6>\n<div class=\"traductor-textarea form-group\">\n<div class=\"textarea-desti col-xs-12 col-sm-6\">\n<div class=\"form-control second-textarea\">Dubbo est\u00e0 disponible en configuracions de 3 places, 2.5 places i 2 places, amb l&#8217;opci\u00f3 d&#8217;afegir una chaislongue per a major comoditat. A m\u00e9s, pots crear combinacions personalitzades mitjan\u00e7ant les peces modulars independents, la qual cosa et permet dissenyar un sof\u00e0 \u00fanic que s&#8217;ajusti a la perfecci\u00f3 al teu espai i estil.<\/div>\n<\/div>\n<\/div>\n<\/div>\n<\/div>\n<\/div>\n<\/div>\n<\/div>\n<\/div>\n<\/div>\n\n\t<\/figcaption>\n<\/figure>\n\n<\/article>\n\n\n\n<article class=\"post visible description-off product type-product post-20193 status-publish instock product_cat-cadires product_cat-interior product_tag-babila-ca product_tag-cadires product_tag-contract-ca product_tag-pedrali-ca has-post-thumbnail featured shipping-taxable product-type-simple\">\n\n\t<figure class=\"woocom-project\">\n\t<div class=\"woo-buttons-on-img\">\n\n\t\t<a href=\"https:\/\/www.navarroaubanell.com\/ca\/producte\/cadira-babila-pedrali-navarro-aubanell\/\" class=\"alignnone\"><img loading=\"lazy\" decoding=\"async\" width=\"300\" height=\"300\" src=\"https:\/\/www.navarroaubanell.com\/wp-content\/uploads\/2017\/10\/Babila-2750-A-300x300.png\" class=\"attachment-woocommerce_thumbnail size-woocommerce_thumbnail preload-me\" alt=\"Cadira Babila 2750 A\" srcset=\"https:\/\/www.navarroaubanell.com\/wp-content\/uploads\/2017\/10\/Babila-2750-A-300x300.png 300w, https:\/\/www.navarroaubanell.com\/wp-content\/uploads\/2017\/10\/Babila-2750-A-150x150.png 150w, https:\/\/www.navarroaubanell.com\/wp-content\/uploads\/2017\/10\/Babila-2750-A-200x200.png 200w\" sizes=\"auto, (max-width: 300px) 100vw, 300px\" \/><\/a>\n\t<\/div>\n\t<figcaption class=\"woocom-list-content\">\n\n\t\t<div class=\"woocommerce-product-details__short-description\">\n    <p>Descobreix les <strong>cadires\u00a0Babila<\/strong>, una joia dins de la <a href=\"https:\/\/www.navarroaubanell.com\/ca\/producte\/familia-babila-pedrali-navarroaubanell\/\">fam\u00edlia\u00a0Babila<\/a>, dissenyades per a fusionar estil, funcionalitat, tradici\u00f3 i innovaci\u00f3. Cada cadira\u00a0Babila\u00a0est\u00e0 meticulosament elaborada amb una <strong>varietat de materials<\/strong> en la seva estructura, com el resistent <strong>contraxapat de freixe<\/strong>, el <strong>pat\u00ed d&#8217;acer<\/strong>, <strong>tub d&#8217;acer<\/strong> o la <strong>fosa d&#8217;alumini<\/strong>, garantint durabilitat i un disseny modern i elegant.<\/p>\n<p>Tamb\u00e9 es presenten en una <strong>diversitat d&#8217;acabats<\/strong> que inclouen fusta de <strong>freixe<\/strong>, <strong>vellut<\/strong>, <strong>pell sint\u00e8tica<\/strong>, <strong>tecnopol\u00edmer<\/strong>, <strong>pell<\/strong> i <strong>tela<\/strong>. Aquesta \u00e0mplia gamma permet personalitzar cada cadira segons els teus gustos i necessitats espec\u00edfiques. A m\u00e9s, alguns materials ofereixen versions <strong>ign\u00edfugues<\/strong>, proporcionant una capa addicional de seguretat sense sacrificar l&#8217;estil.<\/p>\n<p>Per a adaptar-se a diferents entorns i usos, ualguns models d&#8217;aquestes cadires estan disponibles en<strong> versions per a exterior. <\/strong>Aix\u00f2 els converteix en perfectes per a terrasses, jardins o qualsevol espai a l&#8217;aire lliure. Tamb\u00e9 pensant en la practicitat, alguns models s\u00f3n <strong>apilables<\/strong>, facilitant el seu emmagatzematge i optimitzant l&#8217;\u00fas de l&#8217;espai.<\/p>\n<p>Amb les <strong>cadires\u00a0Babila<\/strong>, cada detall \u00e9s acuradament considerat per a oferir un producte que no sols compleix amb les expectatives de disseny i funcionalitat, sin\u00f3 que tamb\u00e9 aporta una ess\u00e8ncia de tradici\u00f3 i modernitat a qualsevol espai. Eleva el teu ambient amb l&#8217;eleg\u00e0ncia i versatilitat de les cadires\u00a0Babila.<\/p>\n<p>&nbsp;<\/p>\n<p>Enlla\u00e7 a la p\u00e0gina per a m\u00e9s informaci\u00f3:<a href=\"https:\/\/www.pedrali.com\/es-es\/productos\/sillas-design\/babila-2730?search=silla%20babila&amp;section=products&amp;page=1\"> https:\/\/www.pedrali.com\/es-es\/productos\/sillas-design\/babila-2730?search=silla%20babila&amp;section=products&amp;page=1<\/a><\/p>\n<\/div>\n\n\t<\/figcaption>\n<\/figure>\n\n<\/article>\n\n\n\n<article class=\"post visible description-off product type-product post-20051 status-publish last instock product_cat-exterior-ca product_cat-parasols product_tag-frou-frou-ca product_tag-outdoor-ca product_tag-parasols product_tag-sywawa-ca has-post-thumbnail featured shipping-taxable product-type-simple\">\n\n\t<figure class=\"woocom-project\">\n\t<div class=\"woo-buttons-on-img\">\n\n\t\t<a href=\"https:\/\/www.navarroaubanell.com\/ca\/producte\/frou-frou\/\" class=\"alignnone\"><img loading=\"lazy\" decoding=\"async\" width=\"300\" height=\"300\" src=\"https:\/\/www.navarroaubanell.com\/wp-content\/uploads\/2017\/10\/img-destacada-frou-frou-negro-300x300.jpg\" class=\"attachment-woocommerce_thumbnail size-woocommerce_thumbnail preload-me\" alt=\"Para-sol Frou-frou\" srcset=\"https:\/\/www.navarroaubanell.com\/wp-content\/uploads\/2017\/10\/img-destacada-frou-frou-negro-300x300.jpg 300w, https:\/\/www.navarroaubanell.com\/wp-content\/uploads\/2017\/10\/img-destacada-frou-frou-negro-200x200.jpg 200w, https:\/\/www.navarroaubanell.com\/wp-content\/uploads\/2017\/10\/img-destacada-frou-frou-negro-150x150.jpg 150w, https:\/\/www.navarroaubanell.com\/wp-content\/uploads\/2017\/10\/img-destacada-frou-frou-negro.jpg 512w\" sizes=\"auto, (max-width: 300px) 100vw, 300px\" \/><\/a>\n\t<\/div>\n\t<figcaption class=\"woocom-list-content\">\n\n\t\t<div class=\"woocommerce-product-details__short-description\">\n    <p>Frizzle, sizzle, \u201cFROU FROU\u201d&#8230; El para-sol m\u00e9s divertit que mai ha vist. El disseny \u00e9s una resposta als kitsch para-sols usats a les platges ex\u00f2tiques. Amb els seus ulls tancats, sota d&#8217;aquest exclusiu para-sol a la platja, s&#8217;escolta el murmuri de la Mediterr\u00e0nia entre els serrells. Tamb\u00e9 a la terrassa d&#8217;un hotel, restaurant o taverna, o al costat d&#8217;una gandula a la piscina durant les vacances, el para-sol Frou Frou li brinda la sensaci\u00f3 de luxe alliberador!<\/p>\n<p>El para-sol per a terrasses Frou Frou \u00e9s un para-sol amb pal central. En aquest tipus de para-sol, el pal es col\u00b7loca en el centre d&#8217;una base per a para-sols a la terrassa. El para-sol Frou Frou \u00e9s rod\u00f3. El pal ha estat confeccionat en acer inoxidable. La base del para-sol \u00e9s una planxa d&#8217;acer. Un para-sol amb pal central es pot obrir amb la m\u00e0, amb un sistema d&#8217;elevaci\u00f3 autom\u00e0tic, amb un sistema de politges o amb un sistema telesc\u00f2pic. El para-sol Frou Frou s&#8217;obre amb una sistema amb ressort, i per aix\u00f2, \u00e9s molt f\u00e0cil d&#8217;obrir.<\/p>\n<\/div>\n\n\t<\/figcaption>\n<\/figure>\n\n<\/article>\n\n\n\n<article class=\"post visible description-off product type-product post-20138 status-publish first instock product_cat-interior product_cat-sofas-ca product_tag-contract-ca product_tag-costura-ca product_tag-sofas-ca product_tag-stua-ca has-post-thumbnail featured shipping-taxable product-type-simple\">\n\n\t<figure class=\"woocom-project\">\n\t<div class=\"woo-buttons-on-img\">\n\n\t\t<a href=\"https:\/\/www.navarroaubanell.com\/ca\/producte\/costura-sofa\/\" class=\"alignnone\"><img loading=\"lazy\" decoding=\"async\" width=\"300\" height=\"300\" src=\"https:\/\/www.navarroaubanell.com\/wp-content\/uploads\/2017\/10\/img-destacada-sotura-300x300.jpg\" class=\"attachment-woocommerce_thumbnail size-woocommerce_thumbnail preload-me\" alt=\"Sof\u00e0 Costura\" srcset=\"https:\/\/www.navarroaubanell.com\/wp-content\/uploads\/2017\/10\/img-destacada-sotura-300x300.jpg 300w, https:\/\/www.navarroaubanell.com\/wp-content\/uploads\/2017\/10\/img-destacada-sotura-200x200.jpg 200w, https:\/\/www.navarroaubanell.com\/wp-content\/uploads\/2017\/10\/img-destacada-sotura-150x150.jpg 150w, https:\/\/www.navarroaubanell.com\/wp-content\/uploads\/2017\/10\/img-destacada-sotura.jpg 512w\" sizes=\"auto, (max-width: 300px) 100vw, 300px\" \/><\/a>\n\t<\/div>\n\t<figcaption class=\"woocom-list-content\">\n\n\t\t<div class=\"woocommerce-product-details__short-description\">\n    <p>Costura \u00e9s una col\u00b7lecci\u00f3 de sof\u00e0 de disseny contemporani, creat per Jon Gasca per STUA, que compr\u00e8n sof\u00e0, butaca, gandula \/ chaiselongue i ottoman.<\/p>\n<p>El sof\u00e0 COSTURA ret homenatge a la noble tradici\u00f3 de sastreria a mida que ha guiat el seu proc\u00e9s de disseny. A Sant Sebasti\u00e0, bressol de grans modistes com Balenciaga, ha estat costum durant d\u00e8cades que els petits tallers de costura vesteixin amb vestits de tall perfecte als vianants de la ciutat.<\/p>\n<p>STUA ha volgut recuperar aquesta tradici\u00f3, col\u00b7laborant amb experts artesans, per elaborar una tapisseria que \u00e9s el vestit a mida que cobreix una innovadora estructura interior.<\/p>\n<p>Un cop m\u00e9s STUA sorpr\u00e8n amb un disseny que remet a all\u00f2 intemporal sense perdre el seu esperit innovador.<\/p>\n<\/div>\n\n\t<\/figcaption>\n<\/figure>\n\n<\/article>\n\n<\/div><\/div>[\/vc_column][\/vc_row][vc_row type=&#8221;vc_default&#8221; margin_bottom=&#8221;20&#8243; bg_type=&#8221;bg_color&#8221; bg_override=&#8221;full&#8221; css=&#8221;.vc_custom_1505389542310{margin-bottom: 0px !important;border-bottom-width: 0px !important;padding-top: 35px !important;padding-right: 20px !important;padding-bottom: 0px !important;padding-left: 20px !important;}&#8221; bg_color_value=&#8221;#e8fafa&#8221; kswr_row_top_decor_enabled=&#8221;false&#8221; kswr_row_bottom_decor_enabled=&#8221;false&#8221;][vc_column width=&#8221;1\/4&#8243; css=&#8221;.vc_custom_1499931548330{padding-right: 35px !important;padding-left: 35px !important;}&#8221;]<div class=\"aio-icon-component  vc_custom_1510328982312  accent-icon-bg style_2\"><div id=\"Info-box-wrap-2114\" class=\"aio-icon-box top-icon\" style=\"\"  ><div class=\"aio-icon-top\"><div class=\"ult-just-icon-wrapper  \"><div class=\"align-icon\" style=\"text-align:center;\">\n<div class=\"aio-icon-img \" style=\"font-size:130px;display:inline-block;\" >\n\t<img decoding=\"async\" class=\"img-icon\" alt=\"null\" src=\"https:\/\/www.navarroaubanell.com\/wp-content\/uploads\/2017\/09\/iconos-web-navarro-aubanell-transporte-montaje.png\"\/>\n<\/div><\/div><\/div><\/div><div class=\"aio-icon-header\" ><h3 class=\"aio-icon-title ult-responsive\"  data-ultimate-target='#Info-box-wrap-2114 .aio-icon-title'  data-responsive-json-new='{\"font-size\":\"desktop:16px;\",\"line-height\":\"desktop:26px;\"}'  style=\"font-weight:bold;\">DISTRIBUCI\u00d3, MONTATGE I TRANSPORT<\/h3><\/div> <!-- header --><div class=\"aio-icon-description ult-responsive\"  data-ultimate-target='#Info-box-wrap-2114 .aio-icon-description'  data-responsive-json-new='{\"font-size\":\"\",\"line-height\":\"\"}'  style=\"\"><\/p>\n<p style=\"text-align: justify;\">Consulta les possibilitats de distribuci\u00f3 muntatge i transport que t&#8217;oferim a Navarro Aubanell amb totes les nostres garanties com a experts en el transport de mobles.<\/p>\n<p><\/div> <!-- description --><\/div> <!-- aio-icon-box --><\/div> <!-- aio-icon-component -->[\/vc_column][vc_column width=&#8221;1\/4&#8243; css=&#8221;.vc_custom_1499932028284{padding-right: 40px !important;}&#8221;]<div class=\"aio-icon-component  vc_custom_1510329071754  accent-icon-bg style_2\"><div id=\"Info-box-wrap-8621\" class=\"aio-icon-box top-icon\" style=\"\"  ><div class=\"aio-icon-top\"><div class=\"ult-just-icon-wrapper  \"><div class=\"align-icon\" style=\"text-align:center;\">\n<div class=\"aio-icon-img \" style=\"font-size:130px;display:inline-block;\" >\n\t<img decoding=\"async\" class=\"img-icon\" alt=\"null\" src=\"https:\/\/www.navarroaubanell.com\/wp-content\/uploads\/2017\/09\/iconos-web-navarro-aubanell-distribuicion-oficial.png\"\/>\n<\/div><\/div><\/div><\/div><div class=\"aio-icon-header\" ><h3 class=\"aio-icon-title ult-responsive\"  data-ultimate-target='#Info-box-wrap-8621 .aio-icon-title'  data-responsive-json-new='{\"font-size\":\"desktop:16px;\",\"line-height\":\"desktop:26px;\"}'  style=\"font-weight:bold;\">DISTRIBU\u00cfDOR OFICIAL DE BALLIU EXPORT<\/h3><\/div> <!-- header --><div class=\"aio-icon-description ult-responsive\"  data-ultimate-target='#Info-box-wrap-8621 .aio-icon-description'  data-responsive-json-new='{\"font-size\":\"\",\"line-height\":\"\"}'  style=\"\"><\/p>\n<p style=\"text-align: justify;\">Navarro Aubanell es caracteritza per vendre productes de qualitat i amb garantia, com la que ens ofereix la prestigiosa marca Balliu. Ens enorgulleix ser els seus distribu\u00efdors oficials a Catalunya.<\/p>\n<p><\/div> <!-- description --><\/div> <!-- aio-icon-box --><\/div> <!-- aio-icon-component -->[\/vc_column][vc_column width=&#8221;1\/4&#8243;]<div class=\"aio-icon-component  vc_custom_1510329180471  accent-icon-bg style_2\"><div id=\"Info-box-wrap-9351\" class=\"aio-icon-box top-icon\" style=\"\"  ><div class=\"aio-icon-top\"><div class=\"ult-just-icon-wrapper  \"><div class=\"align-icon\" style=\"text-align:center;\">\n<div class=\"aio-icon-img \" style=\"font-size:130px;display:inline-block;\" >\n\t<img decoding=\"async\" class=\"img-icon\" alt=\"null\" src=\"https:\/\/www.navarroaubanell.com\/wp-content\/uploads\/2017\/09\/iconos-web-navarro-aubanell-hoteleria.png\"\/>\n<\/div><\/div><\/div><\/div><div class=\"aio-icon-header\" ><h3 class=\"aio-icon-title ult-responsive\"  data-ultimate-target='#Info-box-wrap-9351 .aio-icon-title'  data-responsive-json-new='{\"font-size\":\"desktop:16px;\",\"line-height\":\"desktop:26px;\"}'  style=\"font-weight:bold;\">HOTELERIA I COL\u00b7LECTIVITATS<\/h3><\/div> <!-- header --><div class=\"aio-icon-description ult-responsive\"  data-ultimate-target='#Info-box-wrap-9351 .aio-icon-description'  data-responsive-json-new='{\"font-size\":\"\",\"line-height\":\"\"}'  style=\"\"><\/p>\n<p style=\"text-align: justify;\">Som els especialistes en la venda de mobiliari per Hoteleria i diferents Col\u00b7lectivitats. Disposem de gran varietat de productes de la mateixa manera que treballem amb les millors marques del sector.<\/p>\n<p><\/div> <!-- description --><\/div> <!-- aio-icon-box --><\/div> <!-- aio-icon-component -->[\/vc_column][vc_column width=&#8221;1\/4&#8243; css=&#8221;.vc_custom_1499932065625{padding-right: 35px !important;padding-left: 35px !important;}&#8221;]<div class=\"aio-icon-component  vc_custom_1679588561420  accent-icon-bg style_2\"><div id=\"Info-box-wrap-2153\" class=\"aio-icon-box top-icon\" style=\"\"  ><div class=\"aio-icon-top\"><div class=\"ult-just-icon-wrapper  \"><div class=\"align-icon\" style=\"text-align:center;\">\n<div class=\"aio-icon-img \" style=\"font-size:130px;display:inline-block;\" >\n\t<img decoding=\"async\" class=\"img-icon\" alt=\"null\" src=\"https:\/\/www.navarroaubanell.com\/wp-content\/uploads\/2017\/09\/iconos-web-navarro-aubanell-entrega-directa.png\"\/>\n<\/div><\/div><\/div><\/div><div class=\"aio-icon-header\" ><h3 class=\"aio-icon-title ult-responsive\"  data-ultimate-target='#Info-box-wrap-2153 .aio-icon-title'  data-responsive-json-new='{\"font-size\":\"desktop:16px;\",\"line-height\":\"desktop:26px;\"}'  style=\"font-weight:bold;\">ENTREGA DIRECTA ALS CLIENTS<\/h3><\/div> <!-- header --><\/div> <!-- aio-icon-box --><\/div> <!-- aio-icon-component -->[\/vc_column][\/vc_row][vc_row type=&#8221;vc_default&#8221; margin_bottom=&#8221;20&#8243; bg_type=&#8221;grad&#8221; bg_override=&#8221;full&#8221; css=&#8221;.vc_custom_1505389080204{padding-top: 20px !important;padding-right: 20px !important;padding-bottom: 20px !important;padding-left: 20px !important;}&#8221; bg_grad=&#8221;background: -webkit-gradient(linear, left top, left bottom, color-stop(5%, #E8FAFA), color-stop(100%, #FCF3DD));background: -moz-linear-gradient(top,#E8FAFA 5%,#FCF3DD 100%);background: -webkit-linear-gradient(top,#E8FAFA 5%,#FCF3DD 100%);background: -o-linear-gradient(top,#E8FAFA 5%,#FCF3DD 100%);background: -ms-linear-gradient(top,#E8FAFA 5%,#FCF3DD 100%);background: linear-gradient(top,#E8FAFA 5%,#FCF3DD 100%);&#8221; kswr_row_top_decor_enabled=&#8221;false&#8221; kswr_row_bottom_decor_enabled=&#8221;false&#8221;][vc_column width=&#8221;1\/4&#8243;]<div class=\"aio-icon-component  vc_custom_1510329285142  accent-icon-bg style_2\"><div id=\"Info-box-wrap-9347\" class=\"aio-icon-box top-icon\" style=\"\"  ><div class=\"aio-icon-top\"><div class=\"ult-just-icon-wrapper  \"><div class=\"align-icon\" style=\"text-align:center;\">\n<div class=\"aio-icon-img \" style=\"font-size:130px;display:inline-block;\" >\n\t<img decoding=\"async\" class=\"img-icon\" alt=\"null\" src=\"https:\/\/www.navarroaubanell.com\/wp-content\/uploads\/2014\/03\/iconos-web-navarro-aubanell-asesoramiento2.png\"\/>\n<\/div><\/div><\/div><\/div><div class=\"aio-icon-header\" ><h3 class=\"aio-icon-title ult-responsive\"  data-ultimate-target='#Info-box-wrap-9347 .aio-icon-title'  data-responsive-json-new='{\"font-size\":\"desktop:16px;\",\"line-height\":\"desktop:26px;\"}'  style=\"font-weight:bold;\">ASSESSORAMENT<\/h3><\/div> <!-- header --><div class=\"aio-icon-description ult-responsive\"  data-ultimate-target='#Info-box-wrap-9347 .aio-icon-description'  data-responsive-json-new='{\"font-size\":\"\",\"line-height\":\"\"}'  style=\"\"><\/p>\n<p style=\"text-align: justify;\">L&#8217;experi\u00e8ncia acumulada despr\u00e9s d&#8217;una llarga traject\u00f2ria d&#8217;\u00e8xit en el nostre \u00e0mbit, ens permet assessorar-te en les millors condicions. Sempre tenint en compte el teu propi punt de vista i les necessitats de la teva empresa.<\/p>\n<p><\/div> <!-- description --><\/div> <!-- aio-icon-box --><\/div> <!-- aio-icon-component -->[\/vc_column][vc_column width=&#8221;1\/4&#8243; css=&#8221;.vc_custom_1499931974320{padding-right: 35px !important;padding-left: 35px !important;}&#8221;]<div class=\"aio-icon-component  vc_custom_1679589065034  accent-icon-bg style_2\"><div id=\"Info-box-wrap-3648\" class=\"aio-icon-box top-icon\" style=\"\"  ><div class=\"aio-icon-top\"><div class=\"ult-just-icon-wrapper  \"><div class=\"align-icon\" style=\"text-align:center;\">\n<div class=\"aio-icon-img \" style=\"font-size:130px;display:inline-block;\" >\n\t<img decoding=\"async\" class=\"img-icon\" alt=\"null\" src=\"https:\/\/www.navarroaubanell.com\/wp-content\/uploads\/2017\/09\/iconos-web-navarro-aubanell-interiorismo-disen\u0303o.png\"\/>\n<\/div><\/div><\/div><\/div><div class=\"aio-icon-header\" ><h3 class=\"aio-icon-title ult-responsive\"  data-ultimate-target='#Info-box-wrap-3648 .aio-icon-title'  data-responsive-json-new='{\"font-size\":\"desktop:16px;\",\"line-height\":\"desktop:26px;\"}'  style=\"font-weight:bold;\">DISSENY I INTERIORISME<\/h3><\/div> <!-- header --><div class=\"aio-icon-description ult-responsive\"  data-ultimate-target='#Info-box-wrap-3648 .aio-icon-description'  data-responsive-json-new='{\"font-size\":\"\",\"line-height\":\"\"}'  style=\"\"><\/p>\n<p style=\"text-align: justify;\">Navarro Aubanell treballem de la m\u00e0 d&#8217;arquitectes i interioristes, per garantir el millor disseny pel teu establiment.<\/p>\n<p><\/div> <!-- description --><\/div> <!-- aio-icon-box --><\/div> <!-- aio-icon-component -->[\/vc_column][vc_column width=&#8221;1\/4&#8243; css=&#8221;.vc_custom_1499931989355{padding-right: 35px !important;padding-left: 35px !important;}&#8221;]<div class=\"aio-icon-component  vc_custom_1510329434025  accent-icon-bg style_2\"><div id=\"Info-box-wrap-5209\" class=\"aio-icon-box top-icon\" style=\"\"  ><div class=\"aio-icon-top\"><div class=\"ult-just-icon-wrapper  \"><div class=\"align-icon\" style=\"text-align:center;\">\n<div class=\"aio-icon-img \" style=\"font-size:130px;display:inline-block;\" >\n\t<img decoding=\"async\" class=\"img-icon\" alt=\"null\" src=\"https:\/\/www.navarroaubanell.com\/wp-content\/uploads\/2017\/09\/iconos-web-navarro-aubanell-mobiliario-medida.png\"\/>\n<\/div><\/div><\/div><\/div><div class=\"aio-icon-header\" ><h3 class=\"aio-icon-title ult-responsive\"  data-ultimate-target='#Info-box-wrap-5209 .aio-icon-title'  data-responsive-json-new='{\"font-size\":\"desktop:16px;\",\"line-height\":\"desktop:26px;\"}'  style=\"font-weight:bold;\">MOBILIARI A MIDA<\/h3><\/div> <!-- header --><div class=\"aio-icon-description ult-responsive\"  data-ultimate-target='#Info-box-wrap-5209 .aio-icon-description'  data-responsive-json-new='{\"font-size\":\"\",\"line-height\":\"\"}'  style=\"\"><\/p>\n<p style=\"text-align: justify;\">Realitzem projectes de mobiliari a mida, per poder adaptar-nos a les teves necessitats m\u00e9s enll\u00e0 del producte en s\u00ed, utilitzant materials de gran qualitat i treballant amb personal altament qualificat per a la seva manipulaci\u00f3 i transformaci\u00f3.<\/p>\n<p><\/div> <!-- description --><\/div> <!-- aio-icon-box --><\/div> <!-- aio-icon-component -->[\/vc_column][vc_column width=&#8221;1\/4&#8243; css=&#8221;.vc_custom_1499932090174{padding-right: 35px !important;padding-left: 35px !important;}&#8221;]<div class=\"aio-icon-component  vc_custom_1511264229907  accent-icon-bg style_2\"><div id=\"Info-box-wrap-2138\" class=\"aio-icon-box top-icon\" style=\"\"  ><div class=\"aio-icon-top\"><div class=\"ult-just-icon-wrapper  \"><div class=\"align-icon\" style=\"text-align:center;\">\n<div class=\"aio-icon-img \" style=\"font-size:130px;display:inline-block;\" >\n\t<img decoding=\"async\" class=\"img-icon\" alt=\"null\" src=\"https:\/\/www.navarroaubanell.com\/wp-content\/uploads\/2017\/09\/iconos-web-navarro-aubanell-tapiceria.png\"\/>\n<\/div><\/div><\/div><\/div><div class=\"aio-icon-header\" ><h3 class=\"aio-icon-title ult-responsive\"  data-ultimate-target='#Info-box-wrap-2138 .aio-icon-title'  data-responsive-json-new='{\"font-size\":\"desktop:16px;\",\"line-height\":\"desktop:26px;\"}'  style=\"font-weight:bold;\">TAPISSERIA<\/h3><\/div> <!-- header --><div class=\"aio-icon-description ult-responsive\"  data-ultimate-target='#Info-box-wrap-2138 .aio-icon-description'  data-responsive-json-new='{\"font-size\":\"\",\"line-height\":\"\"}'  style=\"\"><\/p>\n<p style=\"text-align: justify;\">A\u00a0Navarro Aubanell retapissem tot tipus de mobiliari b\u00e9 per deteriorament o per desig de canvi. Li oferim un gran ventall de teles i acabats a elegir. Treball realitzat sempre pels nostres tapissers d&#8217;ofici.<\/p>\n<p><\/div> <!-- description --><\/div> <!-- aio-icon-box --><\/div> <!-- aio-icon-component -->[\/vc_column][\/vc_row][vc_row type=&#8221;vc_default&#8221; disable_element=&#8221;yes&#8221; margin_top=&#8221;55&#8243; margin_bottom=&#8221;25&#8243; css=&#8221;.vc_custom_1511260407063{padding-top: 70px !important;padding-bottom: 50px !important;}&#8221; kswr_row_top_decor_enabled=&#8221;false&#8221; kswr_row_bottom_decor_enabled=&#8221;false&#8221;][vc_column offset=&#8221;vc_col-lg-3 vc_col-md-3 vc_col-xs-12&#8243; css=&#8221;.vc_custom_1495812838515{padding-top: 15px !important;padding-bottom: 15px !important;}&#8221;]<div id=\"ultimate-heading-383569f507e3acf7b\" class=\"uvc-heading ult-adjust-bottom-margin ultimate-heading-383569f507e3acf7b uvc-211 \" data-hspacer=\"no_spacer\"  data-halign=\"left\" style=\"text-align:left\"><div class=\"uvc-heading-spacer no_spacer\" style=\"top\"><\/div><div class=\"uvc-main-heading ult-responsive\"  data-ultimate-target='.uvc-heading.ultimate-heading-383569f507e3acf7b h2'  data-responsive-json-new='{\"font-size\":\"desktop:24px;\",\"line-height\":\"desktop:30px;\"}' ><h2 style=\"font-weight:bold;margin-top:0px;margin-bottom:20px;\">Promocions<\/h2><\/div><\/div>[vc_column_text css=&#8221;.vc_custom_1510330399036{padding-bottom: 20px !important;}&#8221;]<\/p>\n<p style=\"text-align: justify; background: white;\"><span lang=\"ES\">Fes un cop d&#8217;ull als productes que actualment tenim en promoci\u00f3. Consulta&#8217;ns per a m\u00e9s informaci\u00f3.<\/span>.<\/p>\n<p>[\/vc_column_text]<div class=\" vc_custom_1510330424332 ubtn-ctn-left color-title\"><a class=\"ubtn-link ult-adjust-bottom-margin ubtn-left ubtn-small color-title\" href=\"http:\/\/navarroaubanell.com\/catalogo\/\" ><button type=\"button\" id=\"ubtn-3509\"  class=\"ubtn ult-adjust-bottom-margin ult-responsive ubtn-small ubtn-no-hover-bg  none  ubtn-left   tooltip-69f507e3ad069\"  data-hover=\"#f9a82f\" data-border-color=\"#f9a82f\" data-bg=\"\" data-hover-bg=\"\" data-border-hover=\"\" data-shadow-hover=\"\" data-shadow-click=\"none\" data-shadow=\"\" data-shd-shadow=\"\"  data-ultimate-target='#ubtn-3509'  data-responsive-json-new='{\"font-size\":\"desktop:14px;\",\"line-height\":\"desktop:24px;\"}'  style=\"font-family:&#039;Raleway&#039;;font-weight:700;border-radius:0px;border-width:1px;border-color:#f9a82f;border-style:solid;color: #000000;\"><span class=\"ubtn-data ubtn-icon\"><i class=\"none\" style=\"font-size:28px;color:;\"><\/i><\/span><span class=\"ubtn-hover\" style=\"background-color:\"><\/span><span class=\"ubtn-data ubtn-text \" >Veure m\u00e9s detalls<\/span><\/button><\/a><\/div>[\/vc_column][vc_column offset=&#8221;vc_col-lg-9 vc_col-md-9 vc_col-xs-12&#8243; css=&#8221;.vc_custom_1495813122457{padding-top: 30px !important;padding-bottom: 15px !important;}&#8221;]<style type=\"text\/css\" data-type=\"the7_shortcodes-inline-css\">.products-carousel-shortcode.products-carousel-shortcode-id-70ca27a221d64a73fdd604ed1b47e1a5.owl-carousel .owl-nav div {\n  width: 36px;\n  height: 36px;\n  border-radius: 500px;\n}\n.dt-arrow-border-on.products-carousel-shortcode.products-carousel-shortcode-id-70ca27a221d64a73fdd604ed1b47e1a5.owl-carousel .owl-nav div:not(:hover):before {\n  border-width: 0px;\n}\n.dt-arrow-hover-border-on.products-carousel-shortcode.products-carousel-shortcode-id-70ca27a221d64a73fdd604ed1b47e1a5.owl-carousel .owl-nav div:hover:after {\n  border-width: 0px;\n}\n.products-carousel-shortcode.products-carousel-shortcode-id-70ca27a221d64a73fdd604ed1b47e1a5.owl-carousel .owl-nav div.owl-prev {\n  top: 50%;\n  transform: translateY(calc(-50% + 0px));\n  left: -43px;\n}\n@media all and (-ms-high-contrast: none) {\n  .products-carousel-shortcode.products-carousel-shortcode-id-70ca27a221d64a73fdd604ed1b47e1a5.owl-carousel .owl-nav div.owl-prev {\n    transform: translateY(-50%);\n    margin-top: 0px;\n  }\n}\n.products-carousel-shortcode.products-carousel-shortcode-id-70ca27a221d64a73fdd604ed1b47e1a5.owl-carousel .owl-nav div.owl-prev i {\n  padding: 0px 0px 0px 0px;\n}\n.products-carousel-shortcode.products-carousel-shortcode-id-70ca27a221d64a73fdd604ed1b47e1a5.owl-carousel .owl-nav div.owl-next {\n  top: 50%;\n  transform: translateY(calc(-50% + 0px));\n  right: -43px;\n}\n@media all and (-ms-high-contrast: none) {\n  .products-carousel-shortcode.products-carousel-shortcode-id-70ca27a221d64a73fdd604ed1b47e1a5.owl-carousel .owl-nav div.owl-next {\n    transform: translateY(-50%);\n    margin-top: 0px;\n  }\n}\n.products-carousel-shortcode.products-carousel-shortcode-id-70ca27a221d64a73fdd604ed1b47e1a5.owl-carousel .owl-nav div.owl-next i {\n  padding: 0px 0px 0px 0px;\n}\n.products-carousel-shortcode.products-carousel-shortcode-id-70ca27a221d64a73fdd604ed1b47e1a5.owl-carousel .owl-nav i {\n  font-size: 18px;\n}\n.products-carousel-shortcode.products-carousel-shortcode-id-70ca27a221d64a73fdd604ed1b47e1a5.owl-carousel .owl-nav div:not(:hover) i,\n.products-carousel-shortcode.products-carousel-shortcode-id-70ca27a221d64a73fdd604ed1b47e1a5.owl-carousel .owl-nav div:not(:hover) i:before {\n  color: #26282c;\n  background: none;\n}\n.products-carousel-shortcode.products-carousel-shortcode-id-70ca27a221d64a73fdd604ed1b47e1a5.owl-carousel .owl-nav div:hover i,\n.products-carousel-shortcode.products-carousel-shortcode-id-70ca27a221d64a73fdd604ed1b47e1a5.owl-carousel .owl-nav div:hover i:before {\n  color: #f9a82f;\n  background: none;\n}\n.products-carousel-shortcode.products-carousel-shortcode-id-70ca27a221d64a73fdd604ed1b47e1a5 .owl-dots {\n  top: calc(100% + 20px);\n  left: 50%;\n  transform: translateX(calc(-50% + 0px));\n}\n@media all and (-ms-high-contrast: none) {\n  .products-carousel-shortcode.products-carousel-shortcode-id-70ca27a221d64a73fdd604ed1b47e1a5 .owl-dots {\n    transform: translateX(-50%);\n    margin-left: 0px;\n  }\n}\n.products-carousel-shortcode.products-carousel-shortcode-id-70ca27a221d64a73fdd604ed1b47e1a5 .owl-dot {\n  width: 10px;\n  height: 10px;\n  margin: 0 8px;\n}\n@media screen and (max-width: 778px) {\n  .products-carousel-shortcode.products-carousel-shortcode-id-70ca27a221d64a73fdd604ed1b47e1a5.hide-arrows .owl-nav a {\n    display: none;\n  }\n}\n@media screen and (max-width: 778px) {\n  .products-carousel-shortcode.products-carousel-shortcode-id-70ca27a221d64a73fdd604ed1b47e1a5.reposition-arrows .owl-nav .owl-prev {\n    top: 50%;\n    transform: translateY(calc(-50% + 0px));\n    left: 10px;\n  }\n  .products-carousel-shortcode.products-carousel-shortcode-id-70ca27a221d64a73fdd604ed1b47e1a5.reposition-arrows .owl-nav .owl-next {\n    top: 50%;\n    transform: translateY(calc(-50% + 0px));\n    right: 10px;\n  }\n}\n@media screen and (max-width: 778px) and all and (-ms-high-contrast: none) {\n  .products-carousel-shortcode.products-carousel-shortcode-id-70ca27a221d64a73fdd604ed1b47e1a5.reposition-arrows .owl-nav .owl-prev {\n    transform: translateY(-50%);\n    margin-top: 0px;\n  }\n}\n@media screen and (max-width: 778px) and all and (-ms-high-contrast: none) {\n  .products-carousel-shortcode.products-carousel-shortcode-id-70ca27a221d64a73fdd604ed1b47e1a5.reposition-arrows .owl-nav .owl-next {\n    transform: translateY(-50%);\n    margin-top: 0px;\n  }\n}<\/style><div class=\"owl-carousel products-carousel-shortcode dt-owl-carousel-call products-carousel-shortcode-id-70ca27a221d64a73fdd604ed1b47e1a5 cart-btn-below-img bullets-small-dot-stroke reposition-arrows arrows-bg-off dt-arrow-border-on dt-arrow-hover-border-on disable-arrows-hover-bg arrows-hover-bg-off  hide-description carousel_home\" data-scroll-mode=\"1\" data-wide-col-num=\"3\" data-col-num=\"3\" data-laptop-col=\"3\" data-h-tablet-columns-num=\"3\" data-v-tablet-columns-num=\"2\" data-phone-columns-num=\"1\" data-auto-height=\"true\" data-col-gap=\"30\" data-stage-padding=\"0\" data-speed=\"600\" data-autoplay=\"false\" data-autoplay_speed=\"6000\" data-arrows=\"true\" data-bullet=\"false\" data-next-icon=\"icon-ar-017-r\" data-prev-icon=\"icon-ar-017-l\"><article class=\"post post-47033 product type-product status-publish has-post-thumbnail product_cat-cadires-de-bracos product_cat-interior product_tag-cadira-de-barcos product_tag-madera-ca product_tag-interior-ca description-off first instock shipping-taxable product-type-simple\" ><figure class=\"woocom-project\">\n\t<div class=\"woo-buttons-on-img\">\n\n\t\t<a href=\"https:\/\/www.navarroaubanell.com\/ca\/producte\/cadira-de-bracos-opale-pedrali-navarroaubanell\/\" class=\"alignnone\"><img loading=\"lazy\" decoding=\"async\" width=\"300\" height=\"300\" src=\"https:\/\/www.navarroaubanell.com\/wp-content\/uploads\/2025\/07\/Sillon-Opale-1-300x300.png\" class=\"attachment-woocommerce_thumbnail size-woocommerce_thumbnail preload-me\" alt=\"Sill\u00f3n Opale\" srcset=\"https:\/\/www.navarroaubanell.com\/wp-content\/uploads\/2025\/07\/Sillon-Opale-1-300x300.png 300w, https:\/\/www.navarroaubanell.com\/wp-content\/uploads\/2025\/07\/Sillon-Opale-1-150x150.png 150w, https:\/\/www.navarroaubanell.com\/wp-content\/uploads\/2025\/07\/Sillon-Opale-1-200x200.png 200w\" sizes=\"auto, (max-width: 300px) 100vw, 300px\" \/><\/a>\n\t<\/div>\n\t<figcaption class=\"woocom-list-content\">\n\n\t\t<div class=\"woocommerce-product-details__short-description\">\n    <\/div>\n<div class=\"woo-buttons\"><a href=\"https:\/\/www.navarroaubanell.com\/ca\/producte\/cadira-de-bracos-opale-pedrali-navarroaubanell\/\" aria-describedby=\"woocommerce_loop_add_to_cart_link_describedby_47033\" data-quantity=\"1\" class=\"product_type_simple ajax_add_to_cart\" data-product_id=\"47033\" data-product_sku=\"\" aria-label=\"M\u00e9s informaci\u00f3 sobre &ldquo;Cadira de bra\u00e7os Opale&rdquo;\" rel=\"nofollow\" data-success_message=\"\">Llegeix m\u00e9s<\/a>\t<span id=\"woocommerce_loop_add_to_cart_link_describedby_47033\" class=\"screen-reader-text\">\n\t\t\t<\/span>\n<\/div>\n\t<\/figcaption>\n<\/figure>\n<\/article><article class=\"post post-47009 product type-product status-publish has-post-thumbnail product_cat-butaques product_cat-interior product_tag-fresno-ca product_tag-interior-ca product_tag-lounge-ca product_tag-reciclable description-off  instock shipping-taxable product-type-simple\" ><figure class=\"woocom-project\">\n\t<div class=\"woo-buttons-on-img\">\n\n\t\t<a href=\"https:\/\/www.navarroaubanell.com\/ca\/producte\/lounge-griante-pedrali-navarro-aubanell\/\" class=\"alignnone\"><img loading=\"lazy\" decoding=\"async\" width=\"300\" height=\"300\" src=\"https:\/\/www.navarroaubanell.com\/wp-content\/uploads\/2025\/07\/Griante-3795_FR-BE2_low-Photoroom-300x300.png\" class=\"attachment-woocommerce_thumbnail size-woocommerce_thumbnail preload-me\" alt=\"Lounge Griante\" srcset=\"https:\/\/www.navarroaubanell.com\/wp-content\/uploads\/2025\/07\/Griante-3795_FR-BE2_low-Photoroom-300x300.png 300w, https:\/\/www.navarroaubanell.com\/wp-content\/uploads\/2025\/07\/Griante-3795_FR-BE2_low-Photoroom-150x150.png 150w, https:\/\/www.navarroaubanell.com\/wp-content\/uploads\/2025\/07\/Griante-3795_FR-BE2_low-Photoroom-200x200.png 200w\" sizes=\"auto, (max-width: 300px) 100vw, 300px\" \/><\/a>\n\t<\/div>\n\t<figcaption class=\"woocom-list-content\">\n\n\t\t<div class=\"woocommerce-product-details__short-description\">\n    <\/div>\n<div class=\"woo-buttons\"><a href=\"https:\/\/www.navarroaubanell.com\/ca\/producte\/lounge-griante-pedrali-navarro-aubanell\/\" aria-describedby=\"woocommerce_loop_add_to_cart_link_describedby_47009\" data-quantity=\"1\" class=\"product_type_simple ajax_add_to_cart\" data-product_id=\"47009\" data-product_sku=\"\" aria-label=\"M\u00e9s informaci\u00f3 sobre &ldquo;Lounge Griante&rdquo;\" rel=\"nofollow\" data-success_message=\"\">Llegeix m\u00e9s<\/a>\t<span id=\"woocommerce_loop_add_to_cart_link_describedby_47009\" class=\"screen-reader-text\">\n\t\t\t<\/span>\n<\/div>\n\t<\/figcaption>\n<\/figure>\n<\/article><article class=\"post post-46995 product type-product status-publish has-post-thumbnail product_cat-cadires-de-bracos product_cat-interior product_tag-cadira-de-barcos product_tag-fresno-ca product_tag-interior-ca product_tag-reciclable description-off  instock shipping-taxable product-type-simple\" ><figure class=\"woocom-project\">\n\t<div class=\"woo-buttons-on-img\">\n\n\t\t<a href=\"https:\/\/www.navarroaubanell.com\/ca\/producte\/cadira-de-bracos-griante-pedrali-navarroaubanell\/\" class=\"alignnone\"><img loading=\"lazy\" decoding=\"async\" width=\"300\" height=\"300\" src=\"https:\/\/www.navarroaubanell.com\/wp-content\/uploads\/2025\/07\/Griante-3805_TEAK-AZ_low-Photoroom-300x300.png\" class=\"attachment-woocommerce_thumbnail size-woocommerce_thumbnail preload-me\" alt=\"Sill\u00f3n Griante\" srcset=\"https:\/\/www.navarroaubanell.com\/wp-content\/uploads\/2025\/07\/Griante-3805_TEAK-AZ_low-Photoroom-300x300.png 300w, https:\/\/www.navarroaubanell.com\/wp-content\/uploads\/2025\/07\/Griante-3805_TEAK-AZ_low-Photoroom-150x150.png 150w, https:\/\/www.navarroaubanell.com\/wp-content\/uploads\/2025\/07\/Griante-3805_TEAK-AZ_low-Photoroom-200x200.png 200w\" sizes=\"auto, (max-width: 300px) 100vw, 300px\" \/><\/a>\n\t<\/div>\n\t<figcaption class=\"woocom-list-content\">\n\n\t\t<div class=\"woocommerce-product-details__short-description\">\n    <\/div>\n<div class=\"woo-buttons\"><a href=\"https:\/\/www.navarroaubanell.com\/ca\/producte\/cadira-de-bracos-griante-pedrali-navarroaubanell\/\" aria-describedby=\"woocommerce_loop_add_to_cart_link_describedby_46995\" data-quantity=\"1\" class=\"product_type_simple ajax_add_to_cart\" data-product_id=\"46995\" data-product_sku=\"\" aria-label=\"M\u00e9s informaci\u00f3 sobre &ldquo;Cadira de bra\u00e7os Griante&rdquo;\" rel=\"nofollow\" data-success_message=\"\">Llegeix m\u00e9s<\/a>\t<span id=\"woocommerce_loop_add_to_cart_link_describedby_46995\" class=\"screen-reader-text\">\n\t\t\t<\/span>\n<\/div>\n\t<\/figcaption>\n<\/figure>\n<\/article><article class=\"post post-46976 product type-product status-publish has-post-thumbnail product_cat-cadires product_cat-interior product_tag-cadira product_tag-exterior-ca product_tag-fresno-ca description-off  instock shipping-taxable product-type-simple\" ><figure class=\"woocom-project\">\n\t<div class=\"woo-buttons-on-img\">\n\n\t\t<a href=\"https:\/\/www.navarroaubanell.com\/ca\/producte\/cadira-griante-pedrali-navarroaubanell\/\" class=\"alignnone\"><img loading=\"lazy\" decoding=\"async\" width=\"300\" height=\"300\" src=\"https:\/\/www.navarroaubanell.com\/wp-content\/uploads\/2025\/07\/Griante-3790_FR-GA2_low-Photoroom-300x300.png\" class=\"attachment-woocommerce_thumbnail size-woocommerce_thumbnail preload-me\" alt=\"Silla Griante\" srcset=\"https:\/\/www.navarroaubanell.com\/wp-content\/uploads\/2025\/07\/Griante-3790_FR-GA2_low-Photoroom-300x300.png 300w, https:\/\/www.navarroaubanell.com\/wp-content\/uploads\/2025\/07\/Griante-3790_FR-GA2_low-Photoroom-150x150.png 150w, https:\/\/www.navarroaubanell.com\/wp-content\/uploads\/2025\/07\/Griante-3790_FR-GA2_low-Photoroom-200x200.png 200w\" sizes=\"auto, (max-width: 300px) 100vw, 300px\" \/><\/a>\n\t<\/div>\n\t<figcaption class=\"woocom-list-content\">\n\n\t\t<div class=\"woocommerce-product-details__short-description\">\n    <\/div>\n<div class=\"woo-buttons\"><a href=\"https:\/\/www.navarroaubanell.com\/ca\/producte\/cadira-griante-pedrali-navarroaubanell\/\" aria-describedby=\"woocommerce_loop_add_to_cart_link_describedby_46976\" data-quantity=\"1\" class=\"product_type_simple ajax_add_to_cart\" data-product_id=\"46976\" data-product_sku=\"\" aria-label=\"M\u00e9s informaci\u00f3 sobre &ldquo;Cadira Griante&rdquo;\" rel=\"nofollow\" data-success_message=\"\">Llegeix m\u00e9s<\/a>\t<span id=\"woocommerce_loop_add_to_cart_link_describedby_46976\" class=\"screen-reader-text\">\n\t\t\t<\/span>\n<\/div>\n\t<\/figcaption>\n<\/figure>\n<\/article><article class=\"post post-46960 product type-product status-publish has-post-thumbnail product_cat-butaques-ca-2 product_cat-exterior-ca product_tag-acero-ca product_tag-apilable-ca product_tag-exterior-ca product_tag-lounge-ca product_tag-relax-ca description-off last instock shipping-taxable product-type-simple\" ><figure class=\"woocom-project\">\n\t<div class=\"woo-buttons-on-img\">\n\n\t\t<a href=\"https:\/\/www.navarroaubanell.com\/ca\/producte\/lounge-coney-pedrali-navarroaubanell\/\" class=\"alignnone\"><img loading=\"lazy\" decoding=\"async\" width=\"300\" height=\"300\" src=\"https:\/\/www.navarroaubanell.com\/wp-content\/uploads\/2025\/07\/Coney-36493649.3_MI100E-TC1163_low-Photoroom-300x300.png\" class=\"attachment-woocommerce_thumbnail size-woocommerce_thumbnail preload-me\" alt=\"Lounge Coney\" srcset=\"https:\/\/www.navarroaubanell.com\/wp-content\/uploads\/2025\/07\/Coney-36493649.3_MI100E-TC1163_low-Photoroom-300x300.png 300w, https:\/\/www.navarroaubanell.com\/wp-content\/uploads\/2025\/07\/Coney-36493649.3_MI100E-TC1163_low-Photoroom-150x150.png 150w, https:\/\/www.navarroaubanell.com\/wp-content\/uploads\/2025\/07\/Coney-36493649.3_MI100E-TC1163_low-Photoroom-200x200.png 200w\" sizes=\"auto, (max-width: 300px) 100vw, 300px\" \/><\/a>\n\t<\/div>\n\t<figcaption class=\"woocom-list-content\">\n\n\t\t<div class=\"woocommerce-product-details__short-description\">\n    <\/div>\n<div class=\"woo-buttons\"><a href=\"https:\/\/www.navarroaubanell.com\/ca\/producte\/lounge-coney-pedrali-navarroaubanell\/\" aria-describedby=\"woocommerce_loop_add_to_cart_link_describedby_46960\" data-quantity=\"1\" class=\"product_type_simple ajax_add_to_cart\" data-product_id=\"46960\" data-product_sku=\"\" aria-label=\"M\u00e9s informaci\u00f3 sobre &ldquo;Lounge Coney&rdquo;\" rel=\"nofollow\" data-success_message=\"\">Llegeix m\u00e9s<\/a>\t<span id=\"woocommerce_loop_add_to_cart_link_describedby_46960\" class=\"screen-reader-text\">\n\t\t\t<\/span>\n<\/div>\n\t<\/figcaption>\n<\/figure>\n<\/article><article class=\"post post-46944 product type-product status-publish has-post-thumbnail product_cat-cadires-exterior product_cat-exterior-ca product_tag-acero-ca product_tag-apilable-ca product_tag-cadira product_tag-exterior-ca description-off first instock shipping-taxable product-type-simple\" ><figure class=\"woocom-project\">\n\t<div class=\"woo-buttons-on-img\">\n\n\t\t<a href=\"https:\/\/www.navarroaubanell.com\/ca\/producte\/cadira-coney-pedrali-navarroaubanell\/\" class=\"alignnone\"><img loading=\"lazy\" decoding=\"async\" width=\"300\" height=\"300\" src=\"https:\/\/www.navarroaubanell.com\/wp-content\/uploads\/2025\/07\/Coney-3640_TE200E_low-Photoroom-300x300.png\" class=\"attachment-woocommerce_thumbnail size-woocommerce_thumbnail preload-me\" alt=\"Silla Coney\" srcset=\"https:\/\/www.navarroaubanell.com\/wp-content\/uploads\/2025\/07\/Coney-3640_TE200E_low-Photoroom-300x300.png 300w, https:\/\/www.navarroaubanell.com\/wp-content\/uploads\/2025\/07\/Coney-3640_TE200E_low-Photoroom-150x150.png 150w, https:\/\/www.navarroaubanell.com\/wp-content\/uploads\/2025\/07\/Coney-3640_TE200E_low-Photoroom-200x200.png 200w\" sizes=\"auto, (max-width: 300px) 100vw, 300px\" \/><\/a>\n\t<\/div>\n\t<figcaption class=\"woocom-list-content\">\n\n\t\t<div class=\"woocommerce-product-details__short-description\">\n    <\/div>\n<div class=\"woo-buttons\"><a href=\"https:\/\/www.navarroaubanell.com\/ca\/producte\/cadira-coney-pedrali-navarroaubanell\/\" aria-describedby=\"woocommerce_loop_add_to_cart_link_describedby_46944\" data-quantity=\"1\" class=\"product_type_simple ajax_add_to_cart\" data-product_id=\"46944\" data-product_sku=\"\" aria-label=\"M\u00e9s informaci\u00f3 sobre &ldquo;Cadira Coney&rdquo;\" rel=\"nofollow\" data-success_message=\"\">Llegeix m\u00e9s<\/a>\t<span id=\"woocommerce_loop_add_to_cart_link_describedby_46944\" class=\"screen-reader-text\">\n\t\t\t<\/span>\n<\/div>\n\t<\/figcaption>\n<\/figure>\n<\/article><article class=\"post post-46928 product type-product status-publish has-post-thumbnail product_cat-cadires-de-bracos-exterior product_cat-exterior-ca product_tag-acero-ca product_tag-apilable-ca product_tag-cadira-de-barcos product_tag-exterior-ca product_tag-pedrali-ca description-off  instock shipping-taxable product-type-simple\" ><figure class=\"woocom-project\">\n\t<div class=\"woo-buttons-on-img\">\n\n\t\t<a href=\"https:\/\/www.navarroaubanell.com\/ca\/producte\/cadira-de-bracos-coney-pedrali-navarroaubanell\/\" class=\"alignnone\"><img loading=\"lazy\" decoding=\"async\" width=\"300\" height=\"300\" src=\"https:\/\/www.navarroaubanell.com\/wp-content\/uploads\/2025\/07\/Coney-3645_VE700E2_low-Photoroom-300x300.png\" class=\"attachment-woocommerce_thumbnail size-woocommerce_thumbnail preload-me\" alt=\"Sill\u00f3n Coney\" srcset=\"https:\/\/www.navarroaubanell.com\/wp-content\/uploads\/2025\/07\/Coney-3645_VE700E2_low-Photoroom-300x300.png 300w, https:\/\/www.navarroaubanell.com\/wp-content\/uploads\/2025\/07\/Coney-3645_VE700E2_low-Photoroom-150x150.png 150w, https:\/\/www.navarroaubanell.com\/wp-content\/uploads\/2025\/07\/Coney-3645_VE700E2_low-Photoroom-200x200.png 200w\" sizes=\"auto, (max-width: 300px) 100vw, 300px\" \/><\/a>\n\t<\/div>\n\t<figcaption class=\"woocom-list-content\">\n\n\t\t<div class=\"woocommerce-product-details__short-description\">\n    <\/div>\n<div class=\"woo-buttons\"><a href=\"https:\/\/www.navarroaubanell.com\/ca\/producte\/cadira-de-bracos-coney-pedrali-navarroaubanell\/\" aria-describedby=\"woocommerce_loop_add_to_cart_link_describedby_46928\" data-quantity=\"1\" class=\"product_type_simple ajax_add_to_cart\" data-product_id=\"46928\" data-product_sku=\"\" aria-label=\"M\u00e9s informaci\u00f3 sobre &ldquo;Cadira de bra\u00e7os Coney&rdquo;\" rel=\"nofollow\" data-success_message=\"\">Llegeix m\u00e9s<\/a>\t<span id=\"woocommerce_loop_add_to_cart_link_describedby_46928\" class=\"screen-reader-text\">\n\t\t\t<\/span>\n<\/div>\n\t<\/figcaption>\n<\/figure>\n<\/article><article class=\"post post-46897 product type-product status-publish has-post-thumbnail product_cat-asientos-ca product_cat-chill-out-2-ca product_tag-asiento-ca product_tag-chill-out-ca product_tag-exterior-ca product_tag-iluminacion-ca product_tag-noche-ca product_tag-set-terraza-ca description-off  instock shipping-taxable product-type-simple\" ><figure class=\"woocom-project\">\n\t<div class=\"woo-buttons-on-img\">\n\n\t\t<a href=\"https:\/\/www.navarroaubanell.com\/ca\/producte\/seient-eran-navarroaubanell\/\" class=\"alignnone\"><img loading=\"lazy\" decoding=\"async\" width=\"300\" height=\"300\" src=\"https:\/\/www.navarroaubanell.com\/wp-content\/uploads\/2025\/07\/Asiento-Eran-13-300x300.png\" class=\"attachment-woocommerce_thumbnail size-woocommerce_thumbnail preload-me\" alt=\"Asiento Eran \" srcset=\"https:\/\/www.navarroaubanell.com\/wp-content\/uploads\/2025\/07\/Asiento-Eran-13-300x300.png 300w, https:\/\/www.navarroaubanell.com\/wp-content\/uploads\/2025\/07\/Asiento-Eran-13-150x150.png 150w, https:\/\/www.navarroaubanell.com\/wp-content\/uploads\/2025\/07\/Asiento-Eran-13-200x200.png 200w\" sizes=\"auto, (max-width: 300px) 100vw, 300px\" \/><\/a>\n\t<\/div>\n\t<figcaption class=\"woocom-list-content\">\n\n\t\t<div class=\"woocommerce-product-details__short-description\">\n    <\/div>\n<div class=\"woo-buttons\"><a href=\"https:\/\/www.navarroaubanell.com\/ca\/producte\/seient-eran-navarroaubanell\/\" aria-describedby=\"woocommerce_loop_add_to_cart_link_describedby_46897\" data-quantity=\"1\" class=\"product_type_simple ajax_add_to_cart\" data-product_id=\"46897\" data-product_sku=\"\" aria-label=\"M\u00e9s informaci\u00f3 sobre &ldquo;Seient Eran&rdquo;\" rel=\"nofollow\" data-success_message=\"\">Llegeix m\u00e9s<\/a>\t<span id=\"woocommerce_loop_add_to_cart_link_describedby_46897\" class=\"screen-reader-text\">\n\t\t\t<\/span>\n<\/div>\n\t<\/figcaption>\n<\/figure>\n<\/article><article class=\"post post-46861 product type-product status-publish has-post-thumbnail product_cat-asientos-ca product_cat-chill-out-2-ca product_tag-asiento-ca product_tag-chill-out-ca product_tag-exterior-ca product_tag-set-de-terraza-ca description-off  instock shipping-taxable product-type-simple\" ><figure class=\"woocom-project\">\n\t<div class=\"woo-buttons-on-img\">\n\n\t\t<a href=\"https:\/\/www.navarroaubanell.com\/ca\/producte\/cadira-de-bracos-cutty-navarroaubanell\/\" class=\"alignnone\"><img loading=\"lazy\" decoding=\"async\" width=\"300\" height=\"300\" src=\"https:\/\/www.navarroaubanell.com\/wp-content\/uploads\/2025\/07\/Cutty-2-300x300.png\" class=\"attachment-woocommerce_thumbnail size-woocommerce_thumbnail preload-me\" alt=\"Cutty \" srcset=\"https:\/\/www.navarroaubanell.com\/wp-content\/uploads\/2025\/07\/Cutty-2-300x300.png 300w, https:\/\/www.navarroaubanell.com\/wp-content\/uploads\/2025\/07\/Cutty-2-150x150.png 150w, https:\/\/www.navarroaubanell.com\/wp-content\/uploads\/2025\/07\/Cutty-2-200x200.png 200w\" sizes=\"auto, (max-width: 300px) 100vw, 300px\" \/><\/a>\n\t<\/div>\n\t<figcaption class=\"woocom-list-content\">\n\n\t\t<div class=\"woocommerce-product-details__short-description\">\n    <\/div>\n<div class=\"woo-buttons\"><a href=\"https:\/\/www.navarroaubanell.com\/ca\/producte\/cadira-de-bracos-cutty-navarroaubanell\/\" aria-describedby=\"woocommerce_loop_add_to_cart_link_describedby_46861\" data-quantity=\"1\" class=\"product_type_simple ajax_add_to_cart\" data-product_id=\"46861\" data-product_sku=\"\" aria-label=\"M\u00e9s informaci\u00f3 sobre &ldquo;Cadira de bra\u00e7os Cutty&rdquo;\" rel=\"nofollow\" data-success_message=\"\">Llegeix m\u00e9s<\/a>\t<span id=\"woocommerce_loop_add_to_cart_link_describedby_46861\" class=\"screen-reader-text\">\n\t\t\t<\/span>\n<\/div>\n\t<\/figcaption>\n<\/figure>\n<\/article><article class=\"post post-46836 product type-product status-publish has-post-thumbnail product_cat-asientos-ca product_cat-chill-out-2-ca product_tag-asiento-ca product_tag-cadira-de-barcos product_tag-chill-out-ca product_tag-exterior-ca product_tag-iluminacion-ca product_tag-sofa-ca description-off last instock shipping-taxable product-type-simple\" ><figure class=\"woocom-project\">\n\t<div class=\"woo-buttons-on-img\">\n\n\t\t<a href=\"https:\/\/www.navarroaubanell.com\/ca\/producte\/seient-ballira-navarroaubanell\/\" class=\"alignnone\"><img loading=\"lazy\" decoding=\"async\" width=\"300\" height=\"300\" src=\"https:\/\/www.navarroaubanell.com\/wp-content\/uploads\/2025\/07\/Ballira-1-300x300.png\" class=\"attachment-woocommerce_thumbnail size-woocommerce_thumbnail preload-me\" alt=\"Ballira \" srcset=\"https:\/\/www.navarroaubanell.com\/wp-content\/uploads\/2025\/07\/Ballira-1-300x300.png 300w, https:\/\/www.navarroaubanell.com\/wp-content\/uploads\/2025\/07\/Ballira-1-150x150.png 150w, https:\/\/www.navarroaubanell.com\/wp-content\/uploads\/2025\/07\/Ballira-1-200x200.png 200w\" sizes=\"auto, (max-width: 300px) 100vw, 300px\" \/><\/a>\n\t<\/div>\n\t<figcaption class=\"woocom-list-content\">\n\n\t\t<div class=\"woocommerce-product-details__short-description\">\n    <\/div>\n<div class=\"woo-buttons\"><a href=\"https:\/\/www.navarroaubanell.com\/ca\/producte\/seient-ballira-navarroaubanell\/\" aria-describedby=\"woocommerce_loop_add_to_cart_link_describedby_46836\" data-quantity=\"1\" class=\"product_type_simple ajax_add_to_cart\" data-product_id=\"46836\" data-product_sku=\"\" aria-label=\"M\u00e9s informaci\u00f3 sobre &ldquo;Seient Ballira&rdquo;\" rel=\"nofollow\" data-success_message=\"\">Llegeix m\u00e9s<\/a>\t<span id=\"woocommerce_loop_add_to_cart_link_describedby_46836\" class=\"screen-reader-text\">\n\t\t\t<\/span>\n<\/div>\n\t<\/figcaption>\n<\/figure>\n<\/article><article class=\"post post-46809 product type-product status-publish has-post-thumbnail product_cat-chill-out-2-ca product_cat-conjunts-exterior product_cat-exterior-ca product_tag-chill-out-ca product_tag-exterior-ca product_tag-tumbona-ca product_tag-lounge-ca product_tag-puff-ca description-off first instock shipping-taxable product-type-simple\" ><figure class=\"woocom-project\">\n\t<div class=\"woo-buttons-on-img\">\n\n\t\t<a href=\"https:\/\/www.navarroaubanell.com\/ca\/producte\/col%c2%b7leccio-puffy-navarroaubanell\/\" class=\"alignnone\"><img loading=\"lazy\" decoding=\"async\" width=\"300\" height=\"300\" src=\"https:\/\/www.navarroaubanell.com\/wp-content\/uploads\/2025\/07\/Coleccion-Puffy-300x300.png\" class=\"attachment-woocommerce_thumbnail size-woocommerce_thumbnail preload-me\" alt=\"Colecci\u00f3n Puffy\" srcset=\"https:\/\/www.navarroaubanell.com\/wp-content\/uploads\/2025\/07\/Coleccion-Puffy-300x300.png 300w, https:\/\/www.navarroaubanell.com\/wp-content\/uploads\/2025\/07\/Coleccion-Puffy-150x150.png 150w, https:\/\/www.navarroaubanell.com\/wp-content\/uploads\/2025\/07\/Coleccion-Puffy-200x200.png 200w\" sizes=\"auto, (max-width: 300px) 100vw, 300px\" \/><\/a>\n\t<\/div>\n\t<figcaption class=\"woocom-list-content\">\n\n\t\t<div class=\"woocommerce-product-details__short-description\">\n    <\/div>\n<div class=\"woo-buttons\"><a href=\"https:\/\/www.navarroaubanell.com\/ca\/producte\/col%c2%b7leccio-puffy-navarroaubanell\/\" aria-describedby=\"woocommerce_loop_add_to_cart_link_describedby_46809\" data-quantity=\"1\" class=\"product_type_simple ajax_add_to_cart\" data-product_id=\"46809\" data-product_sku=\"\" aria-label=\"M\u00e9s informaci\u00f3 sobre &ldquo;Col\u00b7lecci\u00f3 Puffy&rdquo;\" rel=\"nofollow\" data-success_message=\"\">Llegeix m\u00e9s<\/a>\t<span id=\"woocommerce_loop_add_to_cart_link_describedby_46809\" class=\"screen-reader-text\">\n\t\t\t<\/span>\n<\/div>\n\t<\/figcaption>\n<\/figure>\n<\/article><article class=\"post post-46762 product type-product status-publish has-post-thumbnail product_cat-asientos-ca product_cat-chill-out-2-ca product_tag-chill-out-ca product_tag-exterior-ca product_tag-iluminacion-ca product_tag-noche-ca product_tag-sofa-ca description-off  instock shipping-taxable product-type-simple\" ><figure class=\"woocom-project\">\n\t<div class=\"woo-buttons-on-img\">\n\n\t\t<a href=\"https:\/\/www.navarroaubanell.com\/ca\/producte\/sofa-marley-navarroaubanell\/\" class=\"alignnone\"><img loading=\"lazy\" decoding=\"async\" width=\"300\" height=\"300\" src=\"https:\/\/www.navarroaubanell.com\/wp-content\/uploads\/2025\/07\/Sofa-Marley-1-300x300.png\" class=\"attachment-woocommerce_thumbnail size-woocommerce_thumbnail preload-me\" alt=\"Sof\u00e1 Marley \" srcset=\"https:\/\/www.navarroaubanell.com\/wp-content\/uploads\/2025\/07\/Sofa-Marley-1-300x300.png 300w, https:\/\/www.navarroaubanell.com\/wp-content\/uploads\/2025\/07\/Sofa-Marley-1-150x150.png 150w, https:\/\/www.navarroaubanell.com\/wp-content\/uploads\/2025\/07\/Sofa-Marley-1-200x200.png 200w\" sizes=\"auto, (max-width: 300px) 100vw, 300px\" \/><\/a>\n\t<\/div>\n\t<figcaption class=\"woocom-list-content\">\n\n\t\t<div class=\"woocommerce-product-details__short-description\">\n    <\/div>\n<div class=\"woo-buttons\"><a href=\"https:\/\/www.navarroaubanell.com\/ca\/producte\/sofa-marley-navarroaubanell\/\" aria-describedby=\"woocommerce_loop_add_to_cart_link_describedby_46762\" data-quantity=\"1\" class=\"product_type_simple ajax_add_to_cart\" data-product_id=\"46762\" data-product_sku=\"\" aria-label=\"M\u00e9s informaci\u00f3 sobre &ldquo;Sof\u00e0 Marley&rdquo;\" rel=\"nofollow\" data-success_message=\"\">Llegeix m\u00e9s<\/a>\t<span id=\"woocommerce_loop_add_to_cart_link_describedby_46762\" class=\"screen-reader-text\">\n\t\t\t<\/span>\n<\/div>\n\t<\/figcaption>\n<\/figure>\n<\/article><\/div>[\/vc_column][\/vc_row][vc_row type=&#8221;vc_default&#8221; full_width=&#8221;stretch_row&#8221; bg_type=&#8221;bg_color&#8221; css=&#8221;.vc_custom_1506679223733{padding-top: 50px !important;padding-bottom: 0px !important;background-color: #f6f6f6 !important;}&#8221; kswr_row_top_decor_enabled=&#8221;false&#8221; kswr_row_bottom_decor_enabled=&#8221;false&#8221; bg_color_value=&#8221;#ffffff&#8221;][vc_column]<div id=\"ultimate-heading-417469f507e405f3e\" class=\"uvc-heading ult-adjust-bottom-margin ultimate-heading-417469f507e405f3e uvc-8257 \" data-hspacer=\"no_spacer\"  data-halign=\"left\" style=\"text-align:left\"><div class=\"uvc-heading-spacer no_spacer\" style=\"top\"><\/div><div class=\"uvc-main-heading ult-responsive\"  data-ultimate-target='.uvc-heading.ultimate-heading-417469f507e405f3e h2'  data-responsive-json-new='{\"font-size\":\"desktop:20px;\",\"line-height\":\"desktop:30px;\"}' ><h2 style=\"font-weight:bold;margin-bottom:20px;\">Marques<\/h2><\/div><\/div><style type=\"text\/css\" data-type=\"the7_shortcodes-inline-css\">.gallery-carousel-shortcode.gallery-carousel-shortcode-id-234781c19f51e96d8c2ff2fa5ffffa90.owl-carousel .owl-nav div {\n  width: 36px;\n  height: 36px;\n  border-radius: 500px;\n}\n.dt-arrow-border-on.gallery-carousel-shortcode.gallery-carousel-shortcode-id-234781c19f51e96d8c2ff2fa5ffffa90.owl-carousel .owl-nav div:not(:hover):before {\n  border-width: 0px;\n}\n.dt-arrow-hover-border-on.gallery-carousel-shortcode.gallery-carousel-shortcode-id-234781c19f51e96d8c2ff2fa5ffffa90.owl-carousel .owl-nav div:hover:after {\n  border-width: 0px;\n}\n.gallery-carousel-shortcode.gallery-carousel-shortcode-id-234781c19f51e96d8c2ff2fa5ffffa90.owl-carousel .owl-nav div.owl-prev {\n  top: 50%;\n  transform: translateY(calc(-50% + 0px));\n  left: -43px;\n}\n@media all and (-ms-high-contrast: none) {\n  .gallery-carousel-shortcode.gallery-carousel-shortcode-id-234781c19f51e96d8c2ff2fa5ffffa90.owl-carousel .owl-nav div.owl-prev {\n    transform: translateY(-50%);\n    margin-top: 0px;\n  }\n}\n.gallery-carousel-shortcode.gallery-carousel-shortcode-id-234781c19f51e96d8c2ff2fa5ffffa90.owl-carousel .owl-nav div.owl-prev i {\n  padding: 0px 0px 0px 0px;\n}\n.gallery-carousel-shortcode.gallery-carousel-shortcode-id-234781c19f51e96d8c2ff2fa5ffffa90.owl-carousel .owl-nav div.owl-next {\n  top: 50%;\n  transform: translateY(calc(-50% + 0px));\n  right: -43px;\n}\n@media all and (-ms-high-contrast: none) {\n  .gallery-carousel-shortcode.gallery-carousel-shortcode-id-234781c19f51e96d8c2ff2fa5ffffa90.owl-carousel .owl-nav div.owl-next {\n    transform: translateY(-50%);\n    margin-top: 0px;\n  }\n}\n.gallery-carousel-shortcode.gallery-carousel-shortcode-id-234781c19f51e96d8c2ff2fa5ffffa90.owl-carousel .owl-nav div.owl-next i {\n  padding: 0px 0px 0px 0px;\n}\n.gallery-carousel-shortcode.gallery-carousel-shortcode-id-234781c19f51e96d8c2ff2fa5ffffa90.owl-carousel .owl-nav i {\n  font-size: 18px;\n}\n.gallery-carousel-shortcode.gallery-carousel-shortcode-id-234781c19f51e96d8c2ff2fa5ffffa90.owl-carousel .owl-nav div:not(:hover) i,\n.gallery-carousel-shortcode.gallery-carousel-shortcode-id-234781c19f51e96d8c2ff2fa5ffffa90.owl-carousel .owl-nav div:not(:hover) i:before {\n  color: #ffffff;\n  background: none;\n}\n.gallery-carousel-shortcode.gallery-carousel-shortcode-id-234781c19f51e96d8c2ff2fa5ffffa90.owl-carousel .owl-nav div:hover i,\n.gallery-carousel-shortcode.gallery-carousel-shortcode-id-234781c19f51e96d8c2ff2fa5ffffa90.owl-carousel .owl-nav div:hover i:before {\n  color: rgba(255,255,255,0.75);\n  background: none;\n}\n.gallery-carousel-shortcode.gallery-carousel-shortcode-id-234781c19f51e96d8c2ff2fa5ffffa90 .owl-dots {\n  top: calc(100% + 20px);\n  left: 50%;\n  transform: translateX(calc(-50% + 0px));\n}\n@media all and (-ms-high-contrast: none) {\n  .gallery-carousel-shortcode.gallery-carousel-shortcode-id-234781c19f51e96d8c2ff2fa5ffffa90 .owl-dots {\n    transform: translateX(-50%);\n    margin-left: 0px;\n  }\n}\n.gallery-carousel-shortcode.gallery-carousel-shortcode-id-234781c19f51e96d8c2ff2fa5ffffa90 .owl-dot {\n  width: 10px;\n  height: 10px;\n  margin: 0 8px;\n}\n@media screen and (max-width: 778px) {\n  .gallery-carousel-shortcode.gallery-carousel-shortcode-id-234781c19f51e96d8c2ff2fa5ffffa90.hide-arrows .owl-nav a {\n    display: none;\n  }\n}\n@media screen and (max-width: 778px) {\n  .gallery-carousel-shortcode.gallery-carousel-shortcode-id-234781c19f51e96d8c2ff2fa5ffffa90.reposition-arrows .owl-nav .owl-prev {\n    top: 50%;\n    transform: translateY(calc(-50% + 0px));\n    left: 10px;\n  }\n  .gallery-carousel-shortcode.gallery-carousel-shortcode-id-234781c19f51e96d8c2ff2fa5ffffa90.reposition-arrows .owl-nav .owl-next {\n    top: 50%;\n    transform: translateY(calc(-50% + 0px));\n    right: 10px;\n  }\n}\n@media screen and (max-width: 778px) and all and (-ms-high-contrast: none) {\n  .gallery-carousel-shortcode.gallery-carousel-shortcode-id-234781c19f51e96d8c2ff2fa5ffffa90.reposition-arrows .owl-nav .owl-prev {\n    transform: translateY(-50%);\n    margin-top: 0px;\n  }\n}\n@media screen and (max-width: 778px) and all and (-ms-high-contrast: none) {\n  .gallery-carousel-shortcode.gallery-carousel-shortcode-id-234781c19f51e96d8c2ff2fa5ffffa90.reposition-arrows .owl-nav .owl-next {\n    transform: translateY(-50%);\n    margin-top: 0px;\n  }\n}\n.gallery-carousel-shortcode.gallery-carousel-shortcode-id-234781c19f51e96d8c2ff2fa5ffffa90 figure,\n.gallery-carousel-shortcode.gallery-carousel-shortcode-id-234781c19f51e96d8c2ff2fa5ffffa90 .rollover,\n.gallery-carousel-shortcode.gallery-carousel-shortcode-id-234781c19f51e96d8c2ff2fa5ffffa90 img,\n.gallery-carousel-shortcode.gallery-carousel-shortcode-id-234781c19f51e96d8c2ff2fa5ffffa90 .gallery-rollover {\n  border-radius: 0px;\n}\n.gallery-carousel-shortcode.gallery-carousel-shortcode-id-234781c19f51e96d8c2ff2fa5ffffa90.enable-bg-rollover .gallery-rollover {\n  background: -webkit-linear-gradient();\n  background: linear-gradient();\n}\n.gallery-carousel-shortcode.gallery-carousel-shortcode-id-234781c19f51e96d8c2ff2fa5ffffa90.enable-img-shadow .owl-stage-outer {\n  padding: 14px 0;\n}\n.gallery-carousel-shortcode.gallery-carousel-shortcode-id-234781c19f51e96d8c2ff2fa5ffffa90.enable-bg-rollover.hover-scale figure .rollover:after {\n  background: -webkit-linear-gradient();\n  background: linear-gradient();\n}\n.gallery-carousel-shortcode.gallery-carousel-shortcode-id-234781c19f51e96d8c2ff2fa5ffffa90.gallery-shortcode .gallery-zoom-ico {\n  width: 44px;\n  height: 44px;\n  line-height: 44px;\n  border-radius: 100px;\n  margin: -22px 0 0 -22px;\n  border-width: 0px;\n}\n.dt-icon-bg-on.gallery-carousel-shortcode.gallery-carousel-shortcode-id-234781c19f51e96d8c2ff2fa5ffffa90.gallery-shortcode .gallery-zoom-ico {\n  background: rgba(255,255,255,0.3);\n  box-shadow: none;\n}\n.gallery-carousel-shortcode.gallery-carousel-shortcode-id-234781c19f51e96d8c2ff2fa5ffffa90.gallery-shortcode .gallery-zoom-ico:before,\n.gallery-carousel-shortcode.gallery-carousel-shortcode-id-234781c19f51e96d8c2ff2fa5ffffa90.gallery-shortcode .gallery-zoom-ico span {\n  font-size: 32px;\n  line-height: 44px;\n  color: #ffffff;\n  background: none;\n}<\/style><div class=\"owl-carousel gallery-carousel-shortcode gallery-shortcode  dt-gallery-container dt-owl-carousel-call gallery-carousel-shortcode-id-234781c19f51e96d8c2ff2fa5ffffa90 meta-info-off dt-arrow-border-on dt-arrow-hover-border-on bullets-small-dot-stroke reposition-arrows dt-icon-bg-off arrows-bg-on disable-arrows-hover-bg arrows-hover-bg-on  hover-fade eg-media-gallery\" data-scroll-mode=\"1\" data-col-num=\"6\" data-wide-col-num=\"6\" data-laptop-col=\"5\" data-h-tablet-columns-num=\"4\" data-v-tablet-columns-num=\"3\" data-phone-columns-num=\"1\" data-col-gap=\"10\" data-stage-padding=\"0\" data-speed=\"600\" data-autoplay=\"true\" data-autoplay_speed=\"6000\" data-arrows=\"true\" data-bullet=\"false\" data-next-icon=\"icon-ar-017-r\" data-prev-icon=\"icon-ar-017-l\" data-img-shadow-size=\"12px\" data-img-shadow-spread=\"3px\"><div data-post-id=\"24907\" data-date=\"2019-10-17T15:53:31+02:00\" data-name=\"anaric\"><figure class=\"post\"><a href=\"https:\/\/www.navarroaubanell.com\/wp-content\/uploads\/2019\/10\/anaric-1.jpg\" class=\"rollover dt-pswp-item\" data-large_image_width=\"300\" data-large_image_height=\"300\" data-dt-img-description=\"\" title=\"anaric\"><img loading=\"lazy\" decoding=\"async\" class=\"preload-me aspect\" src=\"https:\/\/www.navarroaubanell.com\/wp-content\/uploads\/2019\/10\/anaric-1.jpg\" srcset=\"https:\/\/www.navarroaubanell.com\/wp-content\/uploads\/2019\/10\/anaric-1.jpg 300w\" style=\"--ratio: 300 \/ 300\" sizes=\"auto, (max-width: 300px) 100vw, 300px\" alt=\"\" width=\"300\" height=\"300\"  \/><span class=\"gallery-rollover\"><\/span><\/a><\/figure><\/div><div data-post-id=\"32387\" data-date=\"2023-09-08T11:31:22+02:00\" data-name=\"carousel-balliu\"><figure class=\"post\"><a href=\"https:\/\/www.navarroaubanell.com\/wp-content\/uploads\/2023\/09\/carousel-balliu-1.jpg\" class=\"rollover dt-pswp-item\" data-large_image_width=\"300\" data-large_image_height=\"300\" data-dt-img-description=\"\" title=\"carousel-balliu\"><img loading=\"lazy\" decoding=\"async\" class=\"preload-me aspect\" src=\"https:\/\/www.navarroaubanell.com\/wp-content\/uploads\/2023\/09\/carousel-balliu-1.jpg\" srcset=\"https:\/\/www.navarroaubanell.com\/wp-content\/uploads\/2023\/09\/carousel-balliu-1.jpg 300w\" style=\"--ratio: 300 \/ 300\" sizes=\"auto, (max-width: 300px) 100vw, 300px\" alt=\"\" width=\"300\" height=\"300\"  \/><span class=\"gallery-rollover\"><\/span><\/a><\/figure><\/div><div data-post-id=\"18471\" data-date=\"2017-09-18T08:58:40+02:00\" data-name=\"carousel-capdell\"><figure class=\"post\"><a href=\"https:\/\/www.navarroaubanell.com\/wp-content\/uploads\/2017\/09\/carousel-capdell.jpg\" class=\"rollover dt-pswp-item\" data-large_image_width=\"300\" data-large_image_height=\"300\" data-dt-img-description=\"\" title=\"carousel-capdell\"><img loading=\"lazy\" decoding=\"async\" class=\"preload-me aspect\" src=\"https:\/\/www.navarroaubanell.com\/wp-content\/uploads\/2017\/09\/carousel-capdell.jpg\" srcset=\"https:\/\/www.navarroaubanell.com\/wp-content\/uploads\/2017\/09\/carousel-capdell.jpg 300w\" style=\"--ratio: 300 \/ 300\" sizes=\"auto, (max-width: 300px) 100vw, 300px\" alt=\"\" width=\"300\" height=\"300\"  \/><span class=\"gallery-rollover\"><\/span><\/a><\/figure><\/div><div data-post-id=\"18472\" data-date=\"2017-09-18T08:59:59+02:00\" data-name=\"carousel-colos\"><figure class=\"post\"><a href=\"https:\/\/www.navarroaubanell.com\/wp-content\/uploads\/2017\/09\/carousel-colos.jpg\" class=\"rollover dt-pswp-item\" data-large_image_width=\"300\" data-large_image_height=\"300\" data-dt-img-description=\"\" title=\"carousel-colos\"><img loading=\"lazy\" decoding=\"async\" class=\"preload-me aspect\" src=\"https:\/\/www.navarroaubanell.com\/wp-content\/uploads\/2017\/09\/carousel-colos.jpg\" srcset=\"https:\/\/www.navarroaubanell.com\/wp-content\/uploads\/2017\/09\/carousel-colos.jpg 300w\" style=\"--ratio: 300 \/ 300\" sizes=\"auto, (max-width: 300px) 100vw, 300px\" alt=\"\" width=\"300\" height=\"300\"  \/><span class=\"gallery-rollover\"><\/span><\/a><\/figure><\/div><div data-post-id=\"18473\" data-date=\"2017-09-18T09:02:19+02:00\" data-name=\"carousel-emu\"><figure class=\"post\"><a href=\"https:\/\/www.navarroaubanell.com\/wp-content\/uploads\/2017\/09\/carousel-emu.jpg\" class=\"rollover dt-pswp-item\" data-large_image_width=\"300\" data-large_image_height=\"300\" data-dt-img-description=\"\" title=\"carousel-emu\"><img loading=\"lazy\" decoding=\"async\" class=\"preload-me aspect\" src=\"https:\/\/www.navarroaubanell.com\/wp-content\/uploads\/2017\/09\/carousel-emu.jpg\" srcset=\"https:\/\/www.navarroaubanell.com\/wp-content\/uploads\/2017\/09\/carousel-emu.jpg 300w\" style=\"--ratio: 300 \/ 300\" sizes=\"auto, (max-width: 300px) 100vw, 300px\" alt=\"\" width=\"300\" height=\"300\"  \/><span class=\"gallery-rollover\"><\/span><\/a><\/figure><\/div><div data-post-id=\"18474\" data-date=\"2017-09-18T09:03:29+02:00\" data-name=\"carousel-enea\"><figure class=\"post\"><a href=\"https:\/\/www.navarroaubanell.com\/wp-content\/uploads\/2017\/09\/carousel-enea.jpg\" class=\"rollover dt-pswp-item\" data-large_image_width=\"300\" data-large_image_height=\"300\" data-dt-img-description=\"\" title=\"carousel-enea\"><img loading=\"lazy\" decoding=\"async\" class=\"preload-me aspect\" src=\"https:\/\/www.navarroaubanell.com\/wp-content\/uploads\/2017\/09\/carousel-enea.jpg\" srcset=\"https:\/\/www.navarroaubanell.com\/wp-content\/uploads\/2017\/09\/carousel-enea.jpg 300w\" style=\"--ratio: 300 \/ 300\" sizes=\"auto, (max-width: 300px) 100vw, 300px\" alt=\"\" width=\"300\" height=\"300\"  \/><span class=\"gallery-rollover\"><\/span><\/a><\/figure><\/div><div data-post-id=\"22751\" data-date=\"2019-07-29T13:56:18+02:00\" data-name=\"logo-et-al\"><figure class=\"post\"><a href=\"https:\/\/www.navarroaubanell.com\/wp-content\/uploads\/2019\/07\/logo-et-al.jpg\" class=\"rollover dt-pswp-item\" data-large_image_width=\"600\" data-large_image_height=\"290\" data-dt-img-description=\"\" title=\"logo-et-al\"><img loading=\"lazy\" decoding=\"async\" class=\"preload-me aspect\" src=\"https:\/\/www.navarroaubanell.com\/wp-content\/uploads\/2019\/07\/logo-et-al.jpg\" srcset=\"https:\/\/www.navarroaubanell.com\/wp-content\/uploads\/2019\/07\/logo-et-al.jpg 600w\" style=\"--ratio: 600 \/ 290\" sizes=\"auto, (max-width: 600px) 100vw, 600px\" alt=\"\" width=\"600\" height=\"290\"  \/><span class=\"gallery-rollover\"><\/span><\/a><\/figure><\/div><div data-post-id=\"18475\" data-date=\"2017-09-18T09:06:46+02:00\" data-name=\"carousel-forma5\"><figure class=\"post\"><a href=\"https:\/\/www.navarroaubanell.com\/wp-content\/uploads\/2017\/09\/carousel-forma5.jpg\" class=\"rollover dt-pswp-item\" data-large_image_width=\"300\" data-large_image_height=\"300\" data-dt-img-description=\"\" title=\"carousel-forma5\"><img loading=\"lazy\" decoding=\"async\" class=\"preload-me aspect\" src=\"https:\/\/www.navarroaubanell.com\/wp-content\/uploads\/2017\/09\/carousel-forma5.jpg\" srcset=\"https:\/\/www.navarroaubanell.com\/wp-content\/uploads\/2017\/09\/carousel-forma5.jpg 300w\" style=\"--ratio: 300 \/ 300\" sizes=\"auto, (max-width: 300px) 100vw, 300px\" alt=\"\" width=\"300\" height=\"300\"  \/><span class=\"gallery-rollover\"><\/span><\/a><\/figure><\/div><div data-post-id=\"18476\" data-date=\"2017-09-18T09:08:11+02:00\" data-name=\"carousel-isimar\"><figure class=\"post\"><a href=\"https:\/\/www.navarroaubanell.com\/wp-content\/uploads\/2017\/09\/carousel-isimar.jpg\" class=\"rollover dt-pswp-item\" data-large_image_width=\"300\" data-large_image_height=\"300\" data-dt-img-description=\"\" title=\"carousel-isimar\"><img loading=\"lazy\" decoding=\"async\" class=\"preload-me aspect\" src=\"https:\/\/www.navarroaubanell.com\/wp-content\/uploads\/2017\/09\/carousel-isimar.jpg\" srcset=\"https:\/\/www.navarroaubanell.com\/wp-content\/uploads\/2017\/09\/carousel-isimar.jpg 300w\" style=\"--ratio: 300 \/ 300\" sizes=\"auto, (max-width: 300px) 100vw, 300px\" alt=\"\" width=\"300\" height=\"300\"  \/><span class=\"gallery-rollover\"><\/span><\/a><\/figure><\/div><div data-post-id=\"18477\" data-date=\"2017-09-18T09:09:01+02:00\" data-name=\"carousel-kp\"><figure class=\"post\"><a href=\"https:\/\/www.navarroaubanell.com\/wp-content\/uploads\/2017\/09\/carousel-kp.jpg\" class=\"rollover dt-pswp-item\" data-large_image_width=\"300\" data-large_image_height=\"300\" data-dt-img-description=\"\" title=\"carousel-kp\"><img loading=\"lazy\" decoding=\"async\" class=\"preload-me aspect\" src=\"https:\/\/www.navarroaubanell.com\/wp-content\/uploads\/2017\/09\/carousel-kp.jpg\" srcset=\"https:\/\/www.navarroaubanell.com\/wp-content\/uploads\/2017\/09\/carousel-kp.jpg 300w\" style=\"--ratio: 300 \/ 300\" sizes=\"auto, (max-width: 300px) 100vw, 300px\" alt=\"\" width=\"300\" height=\"300\"  \/><span class=\"gallery-rollover\"><\/span><\/a><\/figure><\/div><div data-post-id=\"18479\" data-date=\"2017-09-18T09:11:52+02:00\" data-name=\"marcas-ondarreta\"><figure class=\"post\"><a href=\"https:\/\/www.navarroaubanell.com\/wp-content\/uploads\/2017\/09\/marcas-ondarreta.jpg\" class=\"rollover dt-pswp-item\" data-large_image_width=\"600\" data-large_image_height=\"290\" data-dt-img-description=\"\" title=\"marcas-ondarreta\"><img loading=\"lazy\" decoding=\"async\" class=\"preload-me aspect\" src=\"https:\/\/www.navarroaubanell.com\/wp-content\/uploads\/2017\/09\/marcas-ondarreta.jpg\" srcset=\"https:\/\/www.navarroaubanell.com\/wp-content\/uploads\/2017\/09\/marcas-ondarreta.jpg 600w\" style=\"--ratio: 600 \/ 290\" sizes=\"auto, (max-width: 600px) 100vw, 600px\" alt=\"\" width=\"600\" height=\"290\"  \/><span class=\"gallery-rollover\"><\/span><\/a><\/figure><\/div><div data-post-id=\"18485\" data-date=\"2017-09-18T09:19:42+02:00\" data-name=\"carousel-pedrali\"><figure class=\"post\"><a href=\"https:\/\/www.navarroaubanell.com\/wp-content\/uploads\/2017\/09\/carousel-pedrali.jpg\" class=\"rollover dt-pswp-item\" data-large_image_width=\"300\" data-large_image_height=\"300\" data-dt-img-description=\"\" title=\"carousel-pedrali\"><img loading=\"lazy\" decoding=\"async\" class=\"preload-me aspect\" src=\"https:\/\/www.navarroaubanell.com\/wp-content\/uploads\/2017\/09\/carousel-pedrali.jpg\" srcset=\"https:\/\/www.navarroaubanell.com\/wp-content\/uploads\/2017\/09\/carousel-pedrali.jpg 300w\" style=\"--ratio: 300 \/ 300\" sizes=\"auto, (max-width: 300px) 100vw, 300px\" alt=\"\" width=\"300\" height=\"300\"  \/><span class=\"gallery-rollover\"><\/span><\/a><\/figure><\/div><div data-post-id=\"18719\" data-date=\"2017-09-29T09:00:00+02:00\" data-name=\"marca-caousel-punt\"><figure class=\"post\"><a href=\"https:\/\/www.navarroaubanell.com\/wp-content\/uploads\/2017\/09\/marca-caousel-punt.jpg\" class=\"rollover dt-pswp-item\" data-large_image_width=\"300\" data-large_image_height=\"300\" data-dt-img-description=\"\" title=\"marca-caousel-punt\"><img loading=\"lazy\" decoding=\"async\" class=\"preload-me aspect\" src=\"https:\/\/www.navarroaubanell.com\/wp-content\/uploads\/2017\/09\/marca-caousel-punt.jpg\" srcset=\"https:\/\/www.navarroaubanell.com\/wp-content\/uploads\/2017\/09\/marca-caousel-punt.jpg 300w\" style=\"--ratio: 300 \/ 300\" sizes=\"auto, (max-width: 300px) 100vw, 300px\" alt=\"\" width=\"300\" height=\"300\"  \/><span class=\"gallery-rollover\"><\/span><\/a><\/figure><\/div><div data-post-id=\"18481\" data-date=\"2017-09-18T09:14:43+02:00\" data-name=\"carousel-sovet\"><figure class=\"post\"><a href=\"https:\/\/www.navarroaubanell.com\/wp-content\/uploads\/2017\/09\/carousel-sovet.jpg\" class=\"rollover dt-pswp-item\" data-large_image_width=\"300\" data-large_image_height=\"300\" data-dt-img-description=\"\" title=\"carousel-sovet\"><img loading=\"lazy\" decoding=\"async\" class=\"preload-me aspect\" src=\"https:\/\/www.navarroaubanell.com\/wp-content\/uploads\/2017\/09\/carousel-sovet.jpg\" srcset=\"https:\/\/www.navarroaubanell.com\/wp-content\/uploads\/2017\/09\/carousel-sovet.jpg 300w\" style=\"--ratio: 300 \/ 300\" sizes=\"auto, (max-width: 300px) 100vw, 300px\" alt=\"\" width=\"300\" height=\"300\"  \/><span class=\"gallery-rollover\"><\/span><\/a><\/figure><\/div><div data-post-id=\"18483\" data-date=\"2017-09-18T09:17:38+02:00\" data-name=\"carousel-stua\"><figure class=\"post\"><a href=\"https:\/\/www.navarroaubanell.com\/wp-content\/uploads\/2017\/09\/carousel-stua.jpg\" class=\"rollover dt-pswp-item\" data-large_image_width=\"300\" data-large_image_height=\"300\" data-dt-img-description=\"\" title=\"carousel-stua\"><img loading=\"lazy\" decoding=\"async\" class=\"preload-me aspect\" src=\"https:\/\/www.navarroaubanell.com\/wp-content\/uploads\/2017\/09\/carousel-stua.jpg\" srcset=\"https:\/\/www.navarroaubanell.com\/wp-content\/uploads\/2017\/09\/carousel-stua.jpg 300w\" style=\"--ratio: 300 \/ 300\" sizes=\"auto, (max-width: 300px) 100vw, 300px\" alt=\"\" width=\"300\" height=\"300\"  \/><span class=\"gallery-rollover\"><\/span><\/a><\/figure><\/div><div data-post-id=\"18484\" data-date=\"2017-09-18T09:18:31+02:00\" data-name=\"carousel-ton\"><figure class=\"post\"><a href=\"https:\/\/www.navarroaubanell.com\/wp-content\/uploads\/2017\/09\/carousel-ton.jpg\" class=\"rollover dt-pswp-item\" data-large_image_width=\"300\" data-large_image_height=\"300\" data-dt-img-description=\"\" title=\"carousel-ton\"><img loading=\"lazy\" decoding=\"async\" class=\"preload-me aspect\" src=\"https:\/\/www.navarroaubanell.com\/wp-content\/uploads\/2017\/09\/carousel-ton.jpg\" srcset=\"https:\/\/www.navarroaubanell.com\/wp-content\/uploads\/2017\/09\/carousel-ton.jpg 300w\" style=\"--ratio: 300 \/ 300\" sizes=\"auto, (max-width: 300px) 100vw, 300px\" alt=\"\" width=\"300\" height=\"300\"  \/><span class=\"gallery-rollover\"><\/span><\/a><\/figure><\/div><div data-post-id=\"19723\" data-date=\"2017-11-02T17:24:40+01:00\" data-name=\"marca-caousel-sywawa\"><figure class=\"post\"><a href=\"https:\/\/www.navarroaubanell.com\/wp-content\/uploads\/2017\/11\/marca-caousel-sywawa.jpg\" class=\"rollover dt-pswp-item\" data-large_image_width=\"300\" data-large_image_height=\"300\" data-dt-img-description=\"\" title=\"marca-caousel-sywawa\"><img loading=\"lazy\" decoding=\"async\" class=\"preload-me aspect\" src=\"https:\/\/www.navarroaubanell.com\/wp-content\/uploads\/2017\/11\/marca-caousel-sywawa.jpg\" srcset=\"https:\/\/www.navarroaubanell.com\/wp-content\/uploads\/2017\/11\/marca-caousel-sywawa.jpg 300w\" style=\"--ratio: 300 \/ 300\" sizes=\"auto, (max-width: 300px) 100vw, 300px\" alt=\"\" width=\"300\" height=\"300\"  \/><span class=\"gallery-rollover\"><\/span><\/a><\/figure><\/div><\/div>[vc_empty_space height=&#8221;60px&#8221;][\/vc_column][\/vc_row][vc_row type=&#8221;vc_default&#8221; full_width=&#8221;stretch_row&#8221; disable_element=&#8221;yes&#8221; bg_type=&#8221;bg_color&#8221; css=&#8221;.vc_custom_1564745344666{padding-top: 50px !important;padding-bottom: 0px !important;background-color: #f6f6f6 !important;}&#8221; kswr_row_top_decor_enabled=&#8221;false&#8221; kswr_row_bottom_decor_enabled=&#8221;false&#8221; bg_color_value=&#8221;#ffffff&#8221;][vc_column]<div id=\"ultimate-heading-393669f507e41172f\" class=\"uvc-heading ult-adjust-bottom-margin ultimate-heading-393669f507e41172f uvc-4444 \" data-hspacer=\"no_spacer\"  data-halign=\"left\" style=\"text-align:left\"><div class=\"uvc-heading-spacer no_spacer\" style=\"top\"><\/div><div class=\"uvc-main-heading ult-responsive\"  data-ultimate-target='.uvc-heading.ultimate-heading-393669f507e41172f h2'  data-responsive-json-new='{\"font-size\":\"desktop:20px;\",\"line-height\":\"desktop:30px;\"}' ><h2 style=\"font-weight:bold;margin-bottom:20px;\">Marques<\/h2><\/div><\/div>[\/vc_column][\/vc_row]<\/p>\n<\/div>","protected":false},"excerpt":{"rendered":"<p>[vc_row type=&#8221;vc_default&#8221; full_width=&#8221;stretch_row&#8221; margin_top=&#8221;35&#8243; margin_bottom=&#8221;30&#8243; css=&#8221;.vc_custom_1505484312942{margin-bottom: 30px !important;padding-top: 20px !important;padding-bottom: 30px !important;background-color: #fffbf4 !important;}&#8221; kswr_row_top_decor_enabled=&#8221;false&#8221; kswr_row_bottom_decor_enabled=&#8221;false&#8221;][vc_column css=&#8221;.vc_custom_1505484209364{border-top-width: 2px !important;padding-top: 20px !important;border-top-color: #eeeeee !important;}&#8221;][vc_column_text] Navarro Aubanell\u00a0ofereix m\u00e9s que productes, T&#8217;OFERIM ASSESSORAMENT, PROFESSIONALITAT, COL\u00b7LABORACI\u00d3, SERVEI I DISSENY Creiem en la capacitat del mobiliari per crear ambients harm\u00f2nics que estiguin al servei de la inspiraci\u00f3 de qualsevol empresa.&hellip;<\/p>\n","protected":false},"author":1,"featured_media":0,"parent":0,"menu_order":0,"comment_status":"closed","ping_status":"closed","template":"","meta":{"_acf_changed":false,"footnotes":""},"class_list":["post-20003","page","type-page","status-publish","hentry","description-off"],"acf":[],"yoast_head":"<!-- This site is optimized with the Yoast SEO plugin v27.0 - https:\/\/yoast.com\/product\/yoast-seo-wordpress\/ -->\n<title>Navarro Aubanell, Mobiliari: Disseny i Interiorisme Professional<\/title>\n<meta name=\"description\" content=\"A Navarro Aubanell t&#039;oferim mobiliari per a hoteleria, col\u00b7lectivitats i oficines. Assessorament d&#039;experts professionals en disseny i interiorisme.\" \/>\n<meta name=\"robots\" content=\"index, follow, max-snippet:-1, max-image-preview:large, max-video-preview:-1\" \/>\n<link rel=\"canonical\" href=\"https:\/\/www.navarroaubanell.com\/ca\/\" \/>\n<meta property=\"og:locale\" content=\"ca_ES\" \/>\n<meta property=\"og:type\" content=\"article\" \/>\n<meta property=\"og:title\" content=\"Navarro Aubanell, Mobiliari: Disseny i Interiorisme Professional\" \/>\n<meta property=\"og:description\" content=\"A Navarro Aubanell t&#039;oferim mobiliari per a hoteleria, col\u00b7lectivitats i oficines. Assessorament d&#039;experts professionals en disseny i interiorisme.\" \/>\n<meta property=\"og:url\" content=\"https:\/\/www.navarroaubanell.com\/ca\/\" \/>\n<meta property=\"og:site_name\" content=\"Navarro Aubanell\" \/>\n<meta property=\"article:modified_time\" content=\"2024-07-16T10:42:56+00:00\" \/>\n<meta name=\"twitter:label1\" content=\"Est. reading time\" \/>\n\t<meta name=\"twitter:data1\" content=\"4 minutes\" \/>\n<script type=\"application\/ld+json\" class=\"yoast-schema-graph\">{\"@context\":\"https:\/\/schema.org\",\"@graph\":[{\"@type\":\"WebPage\",\"@id\":\"https:\/\/www.navarroaubanell.com\/ca\/\",\"url\":\"https:\/\/www.navarroaubanell.com\/ca\/\",\"name\":\"Navarro Aubanell, Mobiliari: Disseny i Interiorisme Professional\",\"isPartOf\":{\"@id\":\"https:\/\/www.navarroaubanell.com\/ca\/#website\"},\"datePublished\":\"2014-03-18T09:49:29+00:00\",\"dateModified\":\"2024-07-16T10:42:56+00:00\",\"description\":\"A Navarro Aubanell t'oferim mobiliari per a hoteleria, col\u00b7lectivitats i oficines. Assessorament d'experts professionals en disseny i interiorisme.\",\"breadcrumb\":{\"@id\":\"https:\/\/www.navarroaubanell.com\/ca\/#breadcrumb\"},\"inLanguage\":\"ca\",\"potentialAction\":[{\"@type\":\"ReadAction\",\"target\":[\"https:\/\/www.navarroaubanell.com\/ca\/\"]}]},{\"@type\":\"BreadcrumbList\",\"@id\":\"https:\/\/www.navarroaubanell.com\/ca\/#breadcrumb\",\"itemListElement\":[{\"@type\":\"ListItem\",\"position\":1,\"name\":\"Portada\",\"item\":\"https:\/\/www.navarroaubanell.com\/ca\/\"},{\"@type\":\"ListItem\",\"position\":2,\"name\":\"Inici\"}]},{\"@type\":\"WebSite\",\"@id\":\"https:\/\/www.navarroaubanell.com\/ca\/#website\",\"url\":\"https:\/\/www.navarroaubanell.com\/ca\/\",\"name\":\"Navarro Aubanell\",\"description\":\"Mobiliario para hoteler\u00eda, colectividades y oficinas\",\"publisher\":{\"@id\":\"https:\/\/www.navarroaubanell.com\/ca\/#organization\"},\"potentialAction\":[{\"@type\":\"SearchAction\",\"target\":{\"@type\":\"EntryPoint\",\"urlTemplate\":\"https:\/\/www.navarroaubanell.com\/ca\/?s={search_term_string}\"},\"query-input\":{\"@type\":\"PropertyValueSpecification\",\"valueRequired\":true,\"valueName\":\"search_term_string\"}}],\"inLanguage\":\"ca\"},{\"@type\":\"Organization\",\"@id\":\"https:\/\/www.navarroaubanell.com\/ca\/#organization\",\"name\":\"COMERCIAL NAVARRO AUBANELL, S.A\",\"url\":\"https:\/\/www.navarroaubanell.com\/ca\/\",\"logo\":{\"@type\":\"ImageObject\",\"inLanguage\":\"ca\",\"@id\":\"https:\/\/www.navarroaubanell.com\/ca\/#\/schema\/logo\/image\/\",\"url\":\"https:\/\/www.navarroaubanell.com\/wp-content\/uploads\/2017\/07\/logo-navarro-aubuanell.png\",\"contentUrl\":\"https:\/\/www.navarroaubanell.com\/wp-content\/uploads\/2017\/07\/logo-navarro-aubuanell.png\",\"width\":6304,\"height\":1154,\"caption\":\"COMERCIAL NAVARRO AUBANELL, S.A\"},\"image\":{\"@id\":\"https:\/\/www.navarroaubanell.com\/ca\/#\/schema\/logo\/image\/\"}}]}<\/script>\n<!-- \/ Yoast SEO plugin. -->","yoast_head_json":{"title":"Navarro Aubanell, Mobiliari: Disseny i Interiorisme Professional","description":"A Navarro Aubanell t'oferim mobiliari per a hoteleria, col\u00b7lectivitats i oficines. Assessorament d'experts professionals en disseny i interiorisme.","robots":{"index":"index","follow":"follow","max-snippet":"max-snippet:-1","max-image-preview":"max-image-preview:large","max-video-preview":"max-video-preview:-1"},"canonical":"https:\/\/www.navarroaubanell.com\/ca\/","og_locale":"ca_ES","og_type":"article","og_title":"Navarro Aubanell, Mobiliari: Disseny i Interiorisme Professional","og_description":"A Navarro Aubanell t'oferim mobiliari per a hoteleria, col\u00b7lectivitats i oficines. Assessorament d'experts professionals en disseny i interiorisme.","og_url":"https:\/\/www.navarroaubanell.com\/ca\/","og_site_name":"Navarro Aubanell","article_modified_time":"2024-07-16T10:42:56+00:00","twitter_misc":{"Est. reading time":"4 minutes"},"schema":{"@context":"https:\/\/schema.org","@graph":[{"@type":"WebPage","@id":"https:\/\/www.navarroaubanell.com\/ca\/","url":"https:\/\/www.navarroaubanell.com\/ca\/","name":"Navarro Aubanell, Mobiliari: Disseny i Interiorisme Professional","isPartOf":{"@id":"https:\/\/www.navarroaubanell.com\/ca\/#website"},"datePublished":"2014-03-18T09:49:29+00:00","dateModified":"2024-07-16T10:42:56+00:00","description":"A Navarro Aubanell t'oferim mobiliari per a hoteleria, col\u00b7lectivitats i oficines. Assessorament d'experts professionals en disseny i interiorisme.","breadcrumb":{"@id":"https:\/\/www.navarroaubanell.com\/ca\/#breadcrumb"},"inLanguage":"ca","potentialAction":[{"@type":"ReadAction","target":["https:\/\/www.navarroaubanell.com\/ca\/"]}]},{"@type":"BreadcrumbList","@id":"https:\/\/www.navarroaubanell.com\/ca\/#breadcrumb","itemListElement":[{"@type":"ListItem","position":1,"name":"Portada","item":"https:\/\/www.navarroaubanell.com\/ca\/"},{"@type":"ListItem","position":2,"name":"Inici"}]},{"@type":"WebSite","@id":"https:\/\/www.navarroaubanell.com\/ca\/#website","url":"https:\/\/www.navarroaubanell.com\/ca\/","name":"Navarro Aubanell","description":"Mobiliario para hoteler\u00eda, colectividades y oficinas","publisher":{"@id":"https:\/\/www.navarroaubanell.com\/ca\/#organization"},"potentialAction":[{"@type":"SearchAction","target":{"@type":"EntryPoint","urlTemplate":"https:\/\/www.navarroaubanell.com\/ca\/?s={search_term_string}"},"query-input":{"@type":"PropertyValueSpecification","valueRequired":true,"valueName":"search_term_string"}}],"inLanguage":"ca"},{"@type":"Organization","@id":"https:\/\/www.navarroaubanell.com\/ca\/#organization","name":"COMERCIAL NAVARRO AUBANELL, S.A","url":"https:\/\/www.navarroaubanell.com\/ca\/","logo":{"@type":"ImageObject","inLanguage":"ca","@id":"https:\/\/www.navarroaubanell.com\/ca\/#\/schema\/logo\/image\/","url":"https:\/\/www.navarroaubanell.com\/wp-content\/uploads\/2017\/07\/logo-navarro-aubuanell.png","contentUrl":"https:\/\/www.navarroaubanell.com\/wp-content\/uploads\/2017\/07\/logo-navarro-aubuanell.png","width":6304,"height":1154,"caption":"COMERCIAL NAVARRO AUBANELL, S.A"},"image":{"@id":"https:\/\/www.navarroaubanell.com\/ca\/#\/schema\/logo\/image\/"}}]}},"_links":{"self":[{"href":"https:\/\/www.navarroaubanell.com\/ca\/wp-json\/wp\/v2\/pages\/20003","targetHints":{"allow":["GET"]}}],"collection":[{"href":"https:\/\/www.navarroaubanell.com\/ca\/wp-json\/wp\/v2\/pages"}],"about":[{"href":"https:\/\/www.navarroaubanell.com\/ca\/wp-json\/wp\/v2\/types\/page"}],"author":[{"embeddable":true,"href":"https:\/\/www.navarroaubanell.com\/ca\/wp-json\/wp\/v2\/users\/1"}],"replies":[{"embeddable":true,"href":"https:\/\/www.navarroaubanell.com\/ca\/wp-json\/wp\/v2\/comments?post=20003"}],"version-history":[{"count":1,"href":"https:\/\/www.navarroaubanell.com\/ca\/wp-json\/wp\/v2\/pages\/20003\/revisions"}],"predecessor-version":[{"id":34887,"href":"https:\/\/www.navarroaubanell.com\/ca\/wp-json\/wp\/v2\/pages\/20003\/revisions\/34887"}],"wp:attachment":[{"href":"https:\/\/www.navarroaubanell.com\/ca\/wp-json\/wp\/v2\/media?parent=20003"}],"curies":[{"name":"wp","href":"https:\/\/api.w.org\/{rel}","templated":true}]}}